{"id":44424,"date":"2022-09-06T14:40:00","date_gmt":"2022-09-06T12:40:00","guid":{"rendered":"https:\/\/prim.cz\/aktualita\/prim-dakar-2022-pribeh-pokracuje\/"},"modified":"2026-03-16T13:07:13","modified_gmt":"2026-03-16T12:07:13","slug":"prim-dakar-2022-pribeh-pokracuje","status":"publish","type":"aktualita","link":"https:\/\/prim.cz\/sk\/aktualita\/prim-dakar-2022-pribeh-pokracuje\/","title":{"rendered":"PRIM Dakar 2022 pr\u00edbeh pokra\u010duje"},"content":{"rendered":"\n<p>Piatu medailu za \u00faspe\u0161n\u00e9 zvl\u00e1dnutie naj\u0165a\u017e\u0161ieho motoristick\u00e9ho podujatia na plan\u00e9te si zo saudskoarabskej Rally Dakar prin\u00e1\u0161a navig\u00e1tor t\u00edmu ULTIMATE DAKAR David K\u0159\u00edpal. Hoci chcel tohtoro\u010dn\u00fd ro\u010dn\u00edk absolvova\u0165 v pokojnej\u0161om tempe v sprievodnom voze, nakoniec sa op\u00e4\u0165 ocitol v ostrom z\u00e1vodnom rytme. \u201eStalo sa to priamo uprostred silvestrovsk\u00e9ho prol\u00f3gu. Preteky u\u017e boli v plnom pr\u00fade, ke\u010f sa franc\u00fazsky t\u00edm Offroad Concept za\u010dal zh\u00e1\u0148a\u0165 po navig\u00e1torovi s platnou licenciou. Netrvalo to sn\u00e1\u010f ani hodinu a u\u017e som sedel v ostrej z\u00e1vodnej bugine ved\u013ea Franc\u00faza, ktor\u00e9ho som v\u00f4bec nepoznal,&#8220; popisuje \u0161tyridsa\u0165ro\u010dn\u00fd navig\u00e1tor.<\/p>\n\n\n\n<p>Na Arabsk\u00fd polostrov tento rok David K\u0159\u00edpal vyrazil v sprievodnej Toyote Land Cruiser po boku \u201esvojho&#8220; pilota Tom\u00e1\u0161a Ou\u0159edn\u00ed\u010dka. Hlavn\u00fdm \u00fa\u010delom bolo spozna\u0165 z\u00e1zemie tov\u00e1rensk\u00e9ho t\u00edmu Toyota Gazoo Racing a Overdrive Racing, ktor\u00e9ho s\u00fa\u010das\u0165ou sa \u010doskoro stan\u00fa. Ako alternat\u00edvna varianta prich\u00e1dzal do \u00favahy aj r\u00fdchly z\u00e1skok. A k tomu aj do\u0161lo. \u201eNavig\u00e1tor franc\u00fazskeho t\u00edmu mal probl\u00e9m s licenciou, a tak sa stalo, \u017ee som nar\u00fdchlo vybavil administrat\u00edvnu prehliadku a za p\u00e1r min\u00fat som mal na sebe jeho prilbu, kombin\u00e9zu a dokonca aj pono\u017eky. Len \u0161tyridsa\u0165sedmi\u010dky top\u00e1nky som si musel nar\u00fdchlo po\u017ei\u010da\u0165 od pos\u00e1dky, ktor\u00e1 u\u017e mala prol\u00f3g za sebou,&#8220; op\u00edsal K\u0159\u00edpal.<\/p>\n\n\n\n<p><a href=\"https:\/\/prim.cz\/wp-content\/uploads\/2022\/09\/1.png\"><\/a><\/p>\n\n\n\n<p><a href=\"https:\/\/prim.cz\/wp-content\/uploads\/2022\/09\/3.png\"><\/a><\/p>\n\n\n\n<p>Po boku jazdca Antoine Gallanda obsadili v bugine triedy T1.2 hne\u010f v prvej etape dev\u00e4tn\u00e1ste miesto. \u201eJe neuverite\u013en\u00e9, ako to zvl\u00e1dli. Antony takmer nehovor\u00ed anglicky, David zas franc\u00fazsky. Keby spolu hovorili \u010desky, vy\u0161lo by to nastejno,&#8220; komentoval Ou\u0159edn\u00ed\u010dek. \u201eNesk\u00f4r som sa nau\u010dil niektor\u00e9 z\u00e1kladn\u00e9 veci o zmene smeru a vzdialenostiach po franc\u00fazsky, zvy\u0161ok bol v angli\u010dtine,&#8220; doplnil s \u00fasmevom K\u0159\u00edpal.<\/p>\n\n\n\n<p>Zatia\u013e \u010do na za\u010diatku auto fungovalo bezchybne, v \u010fal\u0161\u00edch ve\u013emi \u0165a\u017ek\u00fdch etap\u00e1ch dostal K\u0159\u00edpal mo\u017enos\u0165 potvrdi\u0165 poves\u0165 zru\u010dn\u00e9ho mechanika a tie\u017e to, \u017ee pre neho st\u00e1le plat\u00ed t\u00edmov\u00e9 motto \u201enikdy to nevzd\u00e1m&#8220;. \u201eMali sme tak\u00e9 technick\u00e9 probl\u00e9my, \u017ee to nieko\u013ekokr\u00e1t znamenalo takmer koniec v s\u00fa\u0165a\u017ei. Na p\u00fa\u0161ti n\u00e1m napr\u00edklad praskla hadica na dofukovanie kolies, inokedy zas vytiekol v\u0161etok olej z motora. V\u017edy sme to v\u0161ak s vyp\u00e4t\u00edm v\u0161etk\u00fdch s\u00edl nejako zvl\u00e1dli,&#8220; op\u00edsal navig\u00e1tor.<\/p>\n\n\n\n<p><a href=\"https:\/\/prim.cz\/wp-content\/uploads\/2022\/09\/4.png\"><\/a><\/p>\n\n\n\n<p><a href=\"https:\/\/prim.cz\/wp-content\/uploads\/2022\/09\/2.png\"><\/a><\/p>\n\n\n\n<p>Najv\u00e4\u010d\u0161\u00ed probl\u00e9m v\u0161ak franc\u00fazsko-\u010desk\u00fa pos\u00e1dku postihol v poslednej etape. \u201ePo\u010das jazdy sa odtrhlo zavesenie kolesa. Na\u0161\u0165astie sa n\u00e1m ni\u010d nestalo, ale auto nemalo brzdy ani funk\u010dn\u00e9 riadenie. Dve hodiny sme stratili opravou, potom sme e\u0161te zapadli a sp\u00e1lili spojku. Absol\u00fatna bezn\u00e1dej,&#8220; op\u00edsal navig\u00e1tor.<\/p>\n\n\n\n<p>Aj v tejto situ\u00e1cii v\u0161ak pos\u00e1dka dok\u00e1zala auto dosta\u0165 do pojazdn\u00e9ho stavu a do cie\u013ea poslednej etapy cel\u00e9ho Dakaru dojala ako \u00faplne posledn\u00fd stroj z celej s\u00fa\u0165a\u017enej karav\u00e1ny. \u201eNa Davida som ve\u013emi hrd\u00fd. Dosiahol neuverite\u013en\u00e9 sk\u00f3re piatich \u0161tartov a piatich dojazden\u00ed Dakarov,&#8220; vyzdvihuje Tom\u00e1\u0161 Ou\u0159edn\u00ed\u010dek.<\/p>\n\n\n\n<p><strong>\u010eakujeme, \u017ee n\u00e1m fand\u00edte<\/strong><\/p>\n\n\n\n<p><strong>Stredo\u0161kol\u00e1k p\u00f4jde na Dakar<\/strong><\/p>\n\n\n\n<p>21. decembra 2022 16:55<br>Aktu\u00e1lne spr\u00e1vy zo v\u0161etk\u00fdch regi\u00f3nov \u010ceskej republiky. Udalosti, zauj\u00edmav\u00e9 pr\u00edbehy, t\u00e9my v\u00e1\u0161ho kraja\u2026<\/p>\n\n\n\n<p>Videoreport\u00e1\u017e:&nbsp;<a href=\"https:\/\/cnn.iprima.cz\/porady\/zpravy-z-regionu\/stredoskolak-pojede-dakar\">https:\/\/cnn.iprima.cz\/porady\/zpravy-z-regionu\/stredoskolak-pojede-dakar<\/a><\/p>\n\n\n\n<p>Breaking news:&nbsp;<a href=\"https:\/\/rouckova.cz\/novinky\/\">https:\/\/rouckova.cz<\/a><\/p>\n\n\n\n<p><strong>Trasa 2023 len pre otrl\u00fdch chlapov<\/strong><\/p>\n\n\n\n<p>Dnes n\u00e1m organiz\u00e1tori odtajnili trasu 2023. Bude dlh\u0161ia, n\u00e1ro\u010dnej\u0161ia a ako s\u00e1m organiz\u00e1tor avizuje \u2013 len pre otrl\u00fdch!&nbsp;Po\u010dn\u00fac Sea Campom na brehu \u010cerven\u00e9ho mora a kon\u010diac na opa\u010dnej strane Arabsk\u00e9ho polostrova, kde pretek\u00e1ri po \u0161tvordennom dobrodru\u017estve Empty Quarter, vr\u00e1tane marat\u00f3nskej etapy, objavia pobre\u017eie Arabsk\u00e9ho z\u00e1livu. 45. ro\u010dn\u00edk Dakaru je naj\u0165a\u017e\u0161\u00ed od \u010dias, kedy rally dorazila do Saudskej Ar\u00e1bie.<\/p>\n\n\n\n<p>Odkaz:<\/p>\n\n\n\n<p><strong>Dakarsk\u00ed bojovn\u00edci Ou\u0159edn\u00ed\u010dek s K\u0159\u00edpalom osedlaj\u00fa tov\u00e1rensk\u00fd \u0161peci\u00e1l Toyota Hilux Gazoo Racing<\/strong><\/p>\n\n\n\n<p>Svoj \u010fal\u0161\u00ed z\u00e1vodn\u00fd sen si splnia sk\u00fasen\u00ed dakarsk\u00ed matadori \u010desk\u00e9ho t\u00edmu ULTIMATE DAKAR Tom\u00e1\u0161 Ou\u0159edn\u00ed\u010dek a David K\u0159\u00edpal. Od sez\u00f3ny 2023 bud\u00fa ma\u0165 k dispoz\u00edcii najnov\u0161iu \u0161pecifik\u00e1ciu tov\u00e1rensk\u00e9ho z\u00e1vodn\u00e9ho \u0161peci\u00e1lu Toyota Hilux GR T1+. \u201eSom nesmierne \u0161\u0165astn\u00fd. Dosta\u0165 sa do tov\u00e1rensk\u00e9ho vozu je snom ka\u017ed\u00e9ho jazdca,&#8220; hovor\u00ed pilot Tom\u00e1\u0161 Ou\u0159edn\u00ed\u010dek.<\/p>\n\n\n\n<p>V\u010faka podpore Toyoty \u010cesk\u00e1 republika sa po n\u00e1ro\u010dnom schva\u013eovacom procese dostane do r\u00fak \u010desk\u00fdch pretek\u00e1rov \u0161pi\u010dkov\u00fd stroj, ktor\u00fd je koncep\u010dne zhodn\u00fd s v\u00ed\u0165azn\u00fdm vozom z tohtoro\u010dn\u00e9ho Dakaru. \u201eNa tom, aby sme z\u00edskali mo\u017enos\u0165 sadn\u00fa\u0165 si do tov\u00e1rensk\u00e9ho auta, sme tvrdo pracovali dlh\u00fa dobu. Je to pre n\u00e1s ve\u013ek\u00e1 odmena za na\u0161e v\u00fdkony i vytrvalos\u0165. Ur\u010dite n\u00e1m pomohlo aj na\u0161e t\u00edmov\u00e9 motto &#8218;nikdy to nevzd\u00e1m&#8216;, ktor\u00e9 st\u00e1le odhodlane pln\u00edme,&#8220; doplnil pilot.<\/p>\n\n\n\n<p><a href=\"https:\/\/prim.cz\/wp-content\/uploads\/2022\/09\/rivb3918-1024x615.jpg\"><\/a><\/p>\n\n\n\n<p><a href=\"https:\/\/prim.cz\/wp-content\/uploads\/2022\/09\/tomas-ourednicek-vpravo-david-kripal-1024x683.jpg\"><\/a><\/p>\n\n\n\n<p>Dakarsk\u00fd \u0161peci\u00e1l kateg\u00f3rie T1+ putuje z juhoafrick\u00fdch dieln\u00ed tov\u00e1rensk\u00e9ho t\u00edmu Toyota Gazoo Racing. \u010cesk\u00ed mechanici u\u017e absolvovali prv\u00e9 t\u00fd\u017edenn\u00e9 praktick\u00e9 \u0161kolenie, aby vyhoveli pr\u00edsnym servisn\u00fdm procesom. \u201eChv\u00ed\u013eu to dokonca vyzeralo, \u017ee by sme mohli stihn\u00fa\u0165 aj \u0161tart Rally Dakar 2023. Rokovania a cel\u00fd schva\u013eovac\u00ed proces sa v\u0161ak nato\u013eko pretiahli, \u017ee to nakoniec nie je z logistick\u00fdch d\u00f4vodov mo\u017en\u00e9,&#8220; hovor\u00ed Ou\u0159edn\u00ed\u010dek s t\u00fdm, \u017ee spolu s Davidom K\u0159\u00edpalom bud\u00fa na Dakare 23 zbl\u00edzka sledova\u0165 chod tov\u00e1rensk\u00e9ho t\u00edmu a pripravova\u0165 sa na \u010fal\u0161iu z\u00e1vodn\u00fa sez\u00f3nu.<\/p>\n\n\n\n<p>T\u00e1 za\u010dne pre \u010desk\u00fa pos\u00e1dku na jar intenz\u00edvnymi tr\u00e9ningmi v \u0160panielsku a v africk\u00fdch dun\u00e1ch. Prvou ve\u013ekou ostrou sk\u00fa\u0161kou bude koncom apr\u00edla najv\u00e4\u010d\u0161\u00ed africk\u00fd z\u00e1vod Morocco Desert Challenge, kde by t\u00edm r\u00e1d nadviazal na svoje sl\u00e1vne v\u00ed\u0165azstvo z roku 2017. \u010ealej s\u00fa v predbe\u017enom harmonograme vybran\u00e9 podujatia FIA Majstrovstv\u00e1 sveta, FIA Svetov\u00e9ho poh\u00e1ra a FIA Majstrovstv\u00e1 Eur\u00f3py. V\u0161etky sk\u00fasenosti chce pos\u00e1dka z\u00faro\u010di\u0165 na Rally Dakar 2024, v nasleduj\u00facej sez\u00f3ne sa potom pok\u00fasi bodova\u0165 v celom n\u00e1ro\u010dnom seri\u00e1li Majstrovstiev sveta (FIA WRRC). \u201eTo, \u017ee budeme ma\u0165 \u0161ancu hrdo reprezentova\u0165 \u010cesk\u00fa republiku a bojova\u0165 o \u010do najlep\u0161ie v\u00fdsledky vo svetovej konkurencii, je pre n\u00e1s ve\u013ek\u00e1 \u010des\u0165 a s\u00fa\u010dasne z\u00e1v\u00e4zok,&#8220; uzavrel pilot Tom\u00e1\u0161 Ou\u0159edn\u00ed\u010dek.<\/p>\n\n\n\n<p>Odkaz na web:&nbsp;<a href=\"http:\/\/ultimatedakar.cz\/novinky\/dakarsti-bojovnici-ourednicek-s-kripalem-osedlaji-tovarni-special-toyota-hilux-gazoo-racing\/?utm_source=newsletter&amp;utm_medium=email&amp;utm_campaign=campaign&amp;utm_content=campaign\">http:\/\/ultimatedakar.cz\/novinky\/<\/a><\/p>\n\n\n\n<p><strong>Olga Rou\u010dkov\u00e1 sa pripravuje na Dakar 2023.<\/strong><\/p>\n\n\n\n<p><a href=\"https:\/\/prim.cz\/wp-content\/uploads\/2022\/09\/image-1024x681.png\"><\/a><\/p>\n\n\n\n<p>Odkazy:<\/p>\n\n\n\n<p><strong>CZECH SAMURAIS SPRAVODAJ<\/strong><\/p>\n\n\n\n<p>V tohtoro\u010dnej sez\u00f3ne m\u00f4\u017eeme sledova\u0165 jeden z historick\u00fdch m\u00ed\u013enikov, ke\u010f sa do najextr\u00e9mnej\u0161ieho z\u00e1vodu plan\u00e9ty prv\u00fdkr\u00e1t zap\u00ed\u0161e \u00faplne novo poskladan\u00e1 \u010desk\u00e1 pos\u00e1dka. Je \u0148ou Czech Samurais \u2013 Lostav racing team, ktor\u00fd sa predstav\u00ed 10. 10. 2022. N\u00e1\u0161 rodinn\u00fd t\u00edm tak priv\u00edta nov\u00e9 z\u00e1vodn\u00e9 auto, nov\u00fd sprievodn\u00fd kami\u00f3n, ale hlavne pos\u00e1dku s mechanikmi.<\/p>\n\n\n\n<p>Oproti minul\u00e9mu roku sa t\u00edm rozrastie o 4 \u010dlenov. V roku 2022 t\u00edm \u010d\u00edtal 4 osoby \u2013 jazdec, navig\u00e1tor a dvaja mechanici.<\/p>\n\n\n\n<p>Ne\u017e sa budeme venova\u0165 celej prezent\u00e1cii t\u00edmu, prin\u00e1\u0161ame v\u00e1m mal\u00fa ochutn\u00e1vku z roudnick\u00fdch dieln\u00ed, kde in\u017einieri zostavuj\u00fa Toyotu Land Cruiser 90 a op\u00e4\u0165 vdychuj\u00fa \u017eivot n\u00e1\u0161mu Suzuki Samurai. Paralelne pripravujeme t\u00edmov\u00e9 oble\u010denie, merch pre fan\u00fa\u0161ikov, ale aj \u00faplne nov\u00fa vizualiz\u00e1ciu v\u0161etk\u00fdch troch vozidiel, \u010di u\u017e oboch z\u00e1vo\u010f\u00e1kov, alebo sprievodky.<\/p>\n\n\n\n<p><strong><br>K\u013e\u00fa\u010dov\u00e9 d\u00e1tumy:<\/strong><\/p>\n\n\n\n<ul class=\"wp-block-list\">\n<li>Ofici\u00e1lne odhalenie t\u00edmu 10. 10. 2022, potom spolo\u010dne napl\u00e1nujeme jazdu pre v\u00fdherky\u0148u s\u00fa\u0165a\u017ee<\/li>\n\n\n\n<li>Ofici\u00e1lne t\u00edmov\u00e9 preteky, kde zverejn\u00edme dizajn z\u00e1vodn\u00fdch \u00e1ut, kami\u00f3na, ale aj oble\u010denia: 28. 10. \u2013 30. 10.<\/li>\n\n\n\n<li>Do 14 dn\u00ed po 28. 10. prebehne ofici\u00e1lna tla\u010dovka t\u00edmu v OC Stromovka v Prahe<\/li>\n\n\n\n<li>Odjazd techniky do Franc\u00fazska \u2013 25. \u2013 30. 11. 2022<\/li>\n\n\n\n<li>Odlet t\u00edmu \u2013 28. 12. 2022<\/li>\n\n\n\n<li>28. \u2013 29. 12. 2022 \u2013 Preberanie techniky na Dakare<\/li>\n\n\n\n<li>29. \u2013 30. 12. 2022 \u2013 Fin\u00e1lne technick\u00e9 prehliadky<\/li>\n\n\n\n<li>31. 12. 2022 \u2013 Prol\u00f3g<\/li>\n\n\n\n<li>1. \u2013 15. 1. 2023 \u2013 DAKAR<\/li>\n\n\n\n<li>15. 1. 2023 \u2013 Ceremoni\u00e1l, vyhl\u00e1senie<\/li>\n<\/ul>\n\n\n\n<p><strong>\u010co vy na to?<\/strong><\/p>\n\n\n\n<figure class=\"wp-block-gallery has-nested-images columns-default is-cropped wp-block-gallery-1 is-layout-flex wp-block-gallery-is-layout-flex\">\n<figure class=\"wp-block-image size-large\"><img loading=\"lazy\" decoding=\"async\" width=\"1024\" height=\"712\" data-id=\"26233\" src=\"https:\/\/new.prim-hodinky.cz\/wp-content\/uploads\/2022\/09\/image_komp-1024x712-1.webp\" alt=\"\" class=\"wp-image-26233\" srcset=\"https:\/\/prim.cz\/wp-content\/uploads\/2022\/09\/image_komp-1024x712-1.webp 1024w, https:\/\/prim.cz\/wp-content\/uploads\/2022\/09\/image_komp-1024x712-1-300x209.webp 300w, https:\/\/prim.cz\/wp-content\/uploads\/2022\/09\/image_komp-1024x712-1-768x534.webp 768w\" sizes=\"auto, (max-width: 1024px) 100vw, 1024px\" \/><\/figure>\n\n\n\n<figure class=\"wp-block-image size-large\"><img loading=\"lazy\" decoding=\"async\" width=\"1000\" height=\"666\" data-id=\"26235\" src=\"https:\/\/new.prim-hodinky.cz\/wp-content\/uploads\/2022\/09\/IMG_2231.webp\" alt=\"\" class=\"wp-image-26235\" srcset=\"https:\/\/prim.cz\/wp-content\/uploads\/2022\/09\/IMG_2231.webp 1000w, https:\/\/prim.cz\/wp-content\/uploads\/2022\/09\/IMG_2231-300x200.webp 300w, https:\/\/prim.cz\/wp-content\/uploads\/2022\/09\/IMG_2231-768x511.webp 768w\" sizes=\"auto, (max-width: 1000px) 100vw, 1000px\" \/><\/figure>\n\n\n\n<figure class=\"wp-block-image size-large\"><img loading=\"lazy\" decoding=\"async\" width=\"1000\" height=\"665\" data-id=\"26234\" src=\"https:\/\/new.prim-hodinky.cz\/wp-content\/uploads\/2022\/09\/Sedivy_Photography_0278.webp\" alt=\"\" class=\"wp-image-26234\" srcset=\"https:\/\/prim.cz\/wp-content\/uploads\/2022\/09\/Sedivy_Photography_0278.webp 1000w, https:\/\/prim.cz\/wp-content\/uploads\/2022\/09\/Sedivy_Photography_0278-300x200.webp 300w, https:\/\/prim.cz\/wp-content\/uploads\/2022\/09\/Sedivy_Photography_0278-768x511.webp 768w\" sizes=\"auto, (max-width: 1000px) 100vw, 1000px\" \/><\/figure>\n<\/figure>\n\n\n\n<p>Fotograf: Petr \u0160ediv\u00fd, IG \u2013&nbsp;@sedivyphotography, web \u2013&nbsp;<a href=\"http:\/\/www.sedivyphotography.com\/\" target=\"_blank\" rel=\"noreferrer noopener\">www.sedivyphotography.com<\/a><\/p>\n\n\n\n<p>Zdroj:&nbsp;<a href=\"https:\/\/rouckova.cz\/\">https:\/\/rouckova.cz\/<\/a><\/p>\n\n\n\n<p><strong>Inform\u00e1cie z predch\u00e1dzaj\u00facich ro\u010dn\u00edkov Rally Dakar n\u00e1jdete v \u010dl\u00e1nku<\/strong><\/p>\n\n\n\n<h4 class=\"wp-block-heading\"><a href=\"https:\/\/prim.cz\/dakar-pribeh-od-roku-2009\/\"><strong>PRIM Dakar \u2013 pr\u00edbeh od roku 2009<\/strong><\/a><\/h4>\n\n\n\n<p><\/p>\n","protected":false},"featured_media":0,"template":"","meta":{"_acf_changed":false,"_link_to_original":""},"class_list":["post-44424","aktualita","type-aktualita","status-publish","hentry"],"acf":[],"yoast_head":"<!-- This site is optimized with the Yoast SEO plugin v26.9 - https:\/\/yoast.com\/product\/yoast-seo-wordpress\/ -->\n<title>PRIM Dakar 2022 pr\u00edbeh pokra\u010duje - PRIM - origin\u00e1ln\u00ed \u010desk\u00e9 p\u00e1nsk\u00e9, d\u00e1msk\u00e9, d\u011btsk\u00e9 hodinky a hodiny<\/title>\n<meta name=\"robots\" content=\"index, follow, max-snippet:-1, max-image-preview:large, max-video-preview:-1\" \/>\n<link rel=\"canonical\" href=\"https:\/\/prim.cz\/sk\/aktualita\/prim-dakar-2022-pribeh-pokracuje\/\" \/>\n<meta property=\"og:locale\" content=\"sk_SK\" \/>\n<meta property=\"og:type\" content=\"article\" \/>\n<meta property=\"og:title\" content=\"PRIM Dakar 2022 pr\u00edbeh pokra\u010duje - PRIM - origin\u00e1ln\u00ed \u010desk\u00e9 p\u00e1nsk\u00e9, d\u00e1msk\u00e9, d\u011btsk\u00e9 hodinky a hodiny\" \/>\n<meta property=\"og:description\" content=\"Piatu medailu za \u00faspe\u0161n\u00e9 zvl\u00e1dnutie naj\u0165a\u017e\u0161ieho motoristick\u00e9ho podujatia na plan\u00e9te si zo saudskoarabskej Rally Dakar prin\u00e1\u0161a navig\u00e1tor t\u00edmu ULTIMATE DAKAR David K\u0159\u00edpal. Hoci chcel tohtoro\u010dn\u00fd ro\u010dn\u00edk absolvova\u0165 v pokojnej\u0161om tempe v sprievodnom voze, nakoniec sa op\u00e4\u0165 ocitol v ostrom z\u00e1vodnom rytme. \u201eStalo sa to priamo uprostred silvestrovsk\u00e9ho prol\u00f3gu. Preteky u\u017e boli v plnom pr\u00fade, ke\u010f [&hellip;]\" \/>\n<meta property=\"og:url\" content=\"https:\/\/prim.cz\/sk\/aktualita\/prim-dakar-2022-pribeh-pokracuje\/\" \/>\n<meta property=\"og:site_name\" content=\"PRIM - origin\u00e1ln\u00ed \u010desk\u00e9 p\u00e1nsk\u00e9, d\u00e1msk\u00e9, d\u011btsk\u00e9 hodinky a hodiny\" \/>\n<meta property=\"article:modified_time\" content=\"2026-03-16T12:07:13+00:00\" \/>\n<meta property=\"og:image\" content=\"https:\/\/prim.cz\/wp-content\/uploads\/2022\/09\/image_komp-1024x712-1.webp\" \/>\n\t<meta property=\"og:image:width\" content=\"1024\" \/>\n\t<meta property=\"og:image:height\" content=\"712\" \/>\n\t<meta property=\"og:image:type\" content=\"image\/webp\" \/>\n<meta name=\"twitter:card\" content=\"summary_large_image\" \/>\n<meta name=\"twitter:label1\" content=\"Predpokladan\u00fd \u010das \u010d\u00edtania\" \/>\n\t<meta name=\"twitter:data1\" content=\"7 min\u00fat\" \/>\n<script type=\"application\/ld+json\" class=\"yoast-schema-graph\">{\"@context\":\"https:\/\/schema.org\",\"@graph\":[{\"@type\":\"WebPage\",\"@id\":\"https:\/\/prim.cz\/sk\/aktualita\/prim-dakar-2022-pribeh-pokracuje\/\",\"url\":\"https:\/\/prim.cz\/sk\/aktualita\/prim-dakar-2022-pribeh-pokracuje\/\",\"name\":\"PRIM Dakar 2022 pr\u00edbeh pokra\u010duje - PRIM - origin\u00e1ln\u00ed \u010desk\u00e9 p\u00e1nsk\u00e9, d\u00e1msk\u00e9, d\u011btsk\u00e9 hodinky a hodiny\",\"isPartOf\":{\"@id\":\"https:\/\/prim.cz\/en\/#website\"},\"primaryImageOfPage\":{\"@id\":\"https:\/\/prim.cz\/sk\/aktualita\/prim-dakar-2022-pribeh-pokracuje\/#primaryimage\"},\"image\":{\"@id\":\"https:\/\/prim.cz\/sk\/aktualita\/prim-dakar-2022-pribeh-pokracuje\/#primaryimage\"},\"thumbnailUrl\":\"https:\/\/new.prim-hodinky.cz\/wp-content\/uploads\/2022\/09\/image_komp-1024x712-1.webp\",\"datePublished\":\"2022-09-06T12:40:00+00:00\",\"dateModified\":\"2026-03-16T12:07:13+00:00\",\"breadcrumb\":{\"@id\":\"https:\/\/prim.cz\/sk\/aktualita\/prim-dakar-2022-pribeh-pokracuje\/#breadcrumb\"},\"inLanguage\":\"sk-SK\",\"potentialAction\":[{\"@type\":\"ReadAction\",\"target\":[\"https:\/\/prim.cz\/sk\/aktualita\/prim-dakar-2022-pribeh-pokracuje\/\"]}]},{\"@type\":\"ImageObject\",\"inLanguage\":\"sk-SK\",\"@id\":\"https:\/\/prim.cz\/sk\/aktualita\/prim-dakar-2022-pribeh-pokracuje\/#primaryimage\",\"url\":\"https:\/\/new.prim-hodinky.cz\/wp-content\/uploads\/2022\/09\/image_komp-1024x712-1.webp\",\"contentUrl\":\"https:\/\/new.prim-hodinky.cz\/wp-content\/uploads\/2022\/09\/image_komp-1024x712-1.webp\"},{\"@type\":\"BreadcrumbList\",\"@id\":\"https:\/\/prim.cz\/sk\/aktualita\/prim-dakar-2022-pribeh-pokracuje\/#breadcrumb\",\"itemListElement\":[{\"@type\":\"ListItem\",\"position\":1,\"name\":\"Dom\u016f\",\"item\":\"https:\/\/prim.cz\/sk\/\"},{\"@type\":\"ListItem\",\"position\":2,\"name\":\"PRIM Dakar 2022 pr\u00edbeh pokra\u010duje\"}]},{\"@type\":\"WebSite\",\"@id\":\"https:\/\/prim.cz\/en\/#website\",\"url\":\"https:\/\/prim.cz\/en\/\",\"name\":\"PRIM - origin\u00e1ln\u00ed \u010desk\u00e9 p\u00e1nsk\u00e9, d\u00e1msk\u00e9, d\u011btsk\u00e9 hodinky a hodiny\",\"description\":\"Nakupujte p\u0159\u00edmo u v\u00fdrobce! Origin\u00e1ln\u00ed eshop s kompletn\u00edm sortimentem \u010desk\u00fdch hodinek PRIM.\",\"alternateName\":\"prim.cz\",\"potentialAction\":[{\"@type\":\"SearchAction\",\"target\":{\"@type\":\"EntryPoint\",\"urlTemplate\":\"https:\/\/prim.cz\/en\/?s={search_term_string}\"},\"query-input\":{\"@type\":\"PropertyValueSpecification\",\"valueRequired\":true,\"valueName\":\"search_term_string\"}}],\"inLanguage\":\"sk-SK\"}]}<\/script>\n<!-- \/ Yoast SEO plugin. -->","yoast_head_json":{"title":"PRIM Dakar 2022 pr\u00edbeh pokra\u010duje - PRIM - origin\u00e1ln\u00ed \u010desk\u00e9 p\u00e1nsk\u00e9, d\u00e1msk\u00e9, d\u011btsk\u00e9 hodinky a hodiny","robots":{"index":"index","follow":"follow","max-snippet":"max-snippet:-1","max-image-preview":"max-image-preview:large","max-video-preview":"max-video-preview:-1"},"canonical":"https:\/\/prim.cz\/sk\/aktualita\/prim-dakar-2022-pribeh-pokracuje\/","og_locale":"sk_SK","og_type":"article","og_title":"PRIM Dakar 2022 pr\u00edbeh pokra\u010duje - PRIM - origin\u00e1ln\u00ed \u010desk\u00e9 p\u00e1nsk\u00e9, d\u00e1msk\u00e9, d\u011btsk\u00e9 hodinky a hodiny","og_description":"Piatu medailu za \u00faspe\u0161n\u00e9 zvl\u00e1dnutie naj\u0165a\u017e\u0161ieho motoristick\u00e9ho podujatia na plan\u00e9te si zo saudskoarabskej Rally Dakar prin\u00e1\u0161a navig\u00e1tor t\u00edmu ULTIMATE DAKAR David K\u0159\u00edpal. Hoci chcel tohtoro\u010dn\u00fd ro\u010dn\u00edk absolvova\u0165 v pokojnej\u0161om tempe v sprievodnom voze, nakoniec sa op\u00e4\u0165 ocitol v ostrom z\u00e1vodnom rytme. \u201eStalo sa to priamo uprostred silvestrovsk\u00e9ho prol\u00f3gu. Preteky u\u017e boli v plnom pr\u00fade, ke\u010f [&hellip;]","og_url":"https:\/\/prim.cz\/sk\/aktualita\/prim-dakar-2022-pribeh-pokracuje\/","og_site_name":"PRIM - origin\u00e1ln\u00ed \u010desk\u00e9 p\u00e1nsk\u00e9, d\u00e1msk\u00e9, d\u011btsk\u00e9 hodinky a hodiny","article_modified_time":"2026-03-16T12:07:13+00:00","og_image":[{"width":1024,"height":712,"url":"https:\/\/prim.cz\/wp-content\/uploads\/2022\/09\/image_komp-1024x712-1.webp","type":"image\/webp"}],"twitter_card":"summary_large_image","twitter_misc":{"Predpokladan\u00fd \u010das \u010d\u00edtania":"7 min\u00fat"},"schema":{"@context":"https:\/\/schema.org","@graph":[{"@type":"WebPage","@id":"https:\/\/prim.cz\/sk\/aktualita\/prim-dakar-2022-pribeh-pokracuje\/","url":"https:\/\/prim.cz\/sk\/aktualita\/prim-dakar-2022-pribeh-pokracuje\/","name":"PRIM Dakar 2022 pr\u00edbeh pokra\u010duje - PRIM - origin\u00e1ln\u00ed \u010desk\u00e9 p\u00e1nsk\u00e9, d\u00e1msk\u00e9, d\u011btsk\u00e9 hodinky a hodiny","isPartOf":{"@id":"https:\/\/prim.cz\/en\/#website"},"primaryImageOfPage":{"@id":"https:\/\/prim.cz\/sk\/aktualita\/prim-dakar-2022-pribeh-pokracuje\/#primaryimage"},"image":{"@id":"https:\/\/prim.cz\/sk\/aktualita\/prim-dakar-2022-pribeh-pokracuje\/#primaryimage"},"thumbnailUrl":"https:\/\/new.prim-hodinky.cz\/wp-content\/uploads\/2022\/09\/image_komp-1024x712-1.webp","datePublished":"2022-09-06T12:40:00+00:00","dateModified":"2026-03-16T12:07:13+00:00","breadcrumb":{"@id":"https:\/\/prim.cz\/sk\/aktualita\/prim-dakar-2022-pribeh-pokracuje\/#breadcrumb"},"inLanguage":"sk-SK","potentialAction":[{"@type":"ReadAction","target":["https:\/\/prim.cz\/sk\/aktualita\/prim-dakar-2022-pribeh-pokracuje\/"]}]},{"@type":"ImageObject","inLanguage":"sk-SK","@id":"https:\/\/prim.cz\/sk\/aktualita\/prim-dakar-2022-pribeh-pokracuje\/#primaryimage","url":"https:\/\/new.prim-hodinky.cz\/wp-content\/uploads\/2022\/09\/image_komp-1024x712-1.webp","contentUrl":"https:\/\/new.prim-hodinky.cz\/wp-content\/uploads\/2022\/09\/image_komp-1024x712-1.webp"},{"@type":"BreadcrumbList","@id":"https:\/\/prim.cz\/sk\/aktualita\/prim-dakar-2022-pribeh-pokracuje\/#breadcrumb","itemListElement":[{"@type":"ListItem","position":1,"name":"Dom\u016f","item":"https:\/\/prim.cz\/sk\/"},{"@type":"ListItem","position":2,"name":"PRIM Dakar 2022 pr\u00edbeh pokra\u010duje"}]},{"@type":"WebSite","@id":"https:\/\/prim.cz\/en\/#website","url":"https:\/\/prim.cz\/en\/","name":"PRIM - origin\u00e1ln\u00ed \u010desk\u00e9 p\u00e1nsk\u00e9, d\u00e1msk\u00e9, d\u011btsk\u00e9 hodinky a hodiny","description":"Nakupujte p\u0159\u00edmo u v\u00fdrobce! Origin\u00e1ln\u00ed eshop s kompletn\u00edm sortimentem \u010desk\u00fdch hodinek PRIM.","alternateName":"prim.cz","potentialAction":[{"@type":"SearchAction","target":{"@type":"EntryPoint","urlTemplate":"https:\/\/prim.cz\/en\/?s={search_term_string}"},"query-input":{"@type":"PropertyValueSpecification","valueRequired":true,"valueName":"search_term_string"}}],"inLanguage":"sk-SK"}]}},"wpml_current_locale":"sk_SK","wpml_translations":{"cs_CZ":{"locale":"cs_CZ","id":26227,"slug":"prim-dakar-2022-pribeh-pokracuje","post_title":"PRIM Dakar 2022 p\u0159\u00edb\u011bh pokra\u010duje","href":"https:\/\/prim.cz\/aktualita\/prim-dakar-2022-pribeh-pokracuje\/"},"sk_SK":{"locale":"sk_SK","translation":"current"},"pl_PL":{"locale":"pl_PL","id":44426,"slug":"prim-dakar-2022-historia-trwa","post_title":"PRIM Dakar 2022 historia trwa","href":"https:\/\/prim.cz\/pl\/aktualita\/prim-dakar-2022-historia-trwa\/"},"en_US":{"locale":"en_US","id":44423,"slug":"prim-dakar-2022-the-story-continues","post_title":"PRIM Dakar 2022 the story continues","href":"https:\/\/prim.cz\/en\/aktualita\/prim-dakar-2022-the-story-continues\/"}},"_links":{"self":[{"href":"https:\/\/prim.cz\/sk\/wp-json\/wp\/v2\/aktualita\/44424","targetHints":{"allow":["GET"]}}],"collection":[{"href":"https:\/\/prim.cz\/sk\/wp-json\/wp\/v2\/aktualita"}],"about":[{"href":"https:\/\/prim.cz\/sk\/wp-json\/wp\/v2\/types\/aktualita"}],"wp:attachment":[{"href":"https:\/\/prim.cz\/sk\/wp-json\/wp\/v2\/media?parent=44424"}],"curies":[{"name":"wp","href":"https:\/\/api.w.org\/{rel}","templated":true}]}}