{"id":44420,"date":"2025-01-23T08:23:40","date_gmt":"2025-01-23T07:23:40","guid":{"rendered":"https:\/\/prim.cz\/aktualita\/cas-v-sporte-najhorsie-boli-vecery-pred-pretekmi-spominaju-olympijski-vitazi\/"},"modified":"2026-03-16T13:07:07","modified_gmt":"2026-03-16T12:07:07","slug":"cas-v-sporte-najhorsie-boli-vecery-pred-pretekmi-spominaju-olympijski-vitazi","status":"publish","type":"aktualita","link":"https:\/\/prim.cz\/sk\/aktualita\/cas-v-sporte-najhorsie-boli-vecery-pred-pretekmi-spominaju-olympijski-vitazi\/","title":{"rendered":"\u010cas v \u0161porte. Najhor\u0161ie boli ve\u010dery pred pretekmi, spom\u00ednaj\u00fa olympijsk\u00ed v\u00ed\u0165azi"},"content":{"rendered":"\n<p>Tri, dva, jedna\u2026 Posledn\u00e9 sekundy utekaj\u00face do \u0161tartu pretekov s\u00fa ne\u00faprosn\u00e9. \u010co sa ale deje predt\u00fdm? \u201eV\u0161etko sme mali napl\u00e1novan\u00e9 na min\u00faty,&#8220; spom\u00ednali olympijsk\u00ed v\u00ed\u0165azi Kate\u0159ina Neumannov\u00e1 s Martinom Doktorom po n\u00e1v\u0161teve v tov\u00e1rni hodin\u00e1rskej zna\u010dky Prim, ktor\u00e1 patr\u00ed k dod\u00e1vate\u013eom \u010cesk\u00e9ho olympijsk\u00e9ho v\u00fdboru.<\/p>\n\n\n\n<p>\u201eKe\u010f som ukon\u010dila kari\u00e9ru, jedno z mojich prv\u00fdch predsavzat\u00ed bolo, \u017ee u\u017e nikdy nechcem ma\u0165 na ruke sporttester. Merala som si ka\u017ed\u00fd tr\u00e9ning. Ostatne organizovanos\u0165ou a dochv\u00ed\u013enos\u0165ou \u013eu\u010fom protiv\u00edm dodnes, bola som na to vycvi\u010den\u00e1 od detstva,&#8220; s \u00fasmevom l\u00ed\u010dila legend\u00e1rna ly\u017eiarka <a href=\"https:\/\/www.olympijskytym.cz\/athlete\/katerina-neumannova\">Kate\u0159ina Neumannov\u00e1<\/a>, olympijsk\u00e1 \u0161ampi\u00f3nka z <a href=\"https:\/\/www.olympijskytym.cz\/olympic\/turin-2006\">Tur\u00edna 2006<\/a>.<\/p>\n\n\n\n<p>Ako profesion\u00e1lna \u0161portovky\u0148a sa riadila pod\u013ea presne dan\u00e9ho \u010dasov\u00e9ho rozvrhu: napr\u00edklad na ra\u0148ajky i\u0161la tri a pol hodiny pred \u0161tartom. \u201ePretekali sme dopoludnia alebo najnesk\u00f4r okolo obeda, ve\u010der m\u00e1lokedy. Pred\u0161tartov\u00e9 \u00fakony boli pevne dan\u00e9, ka\u017ed\u00fd mal svoj \u010das a d\u013a\u017eku,&#8220; na\u010drtla Neumannov\u00e1. \u201eV mojom \u0161porte je nepredv\u00eddate\u013enou premennou testovanie ly\u017e\u00ed. Niekedy vysk\u00fa\u0161ate dva p\u00e1ry ly\u017e\u00ed, a ke\u010f s\u00fa na tratiach napr\u00edklad t\u00fd\u017ede\u0148 rovnak\u00e9 podmienky, trv\u00e1 to 20 min\u00fat. Zato niekedy sa do poslednej chv\u00edle \u010daruje s ly\u017eami, \u010do sa vopred ned\u00e1 napl\u00e1nova\u0165. Z\u00e1rove\u0148 v\u017edy viete, ako dlho pred \u0161tartom chcete by\u0165 na \u0161tadi\u00f3ne, aby ste mali svoj k\u013eud.&#8220;<\/p>\n\n\n\n<h4 class=\"wp-block-heading\">Kazeta vo walkmane<\/h4>\n\n\n\n<p>\u201eMal som to dos\u0165 podobn\u00e9 ako Katka,&#8220; poznamenal kanojista <a href=\"https:\/\/www.olympijskytym.cz\/athlete\/martin-doktor\">Martin Doktor<\/a>, dvojn\u00e1sobn\u00fd zlat\u00fd olympijsk\u00fd medailista z <a href=\"https:\/\/www.olympijskytym.cz\/olympic\/atlanta-1996\">Atlanty 1996<\/a> a \u0161portov\u00fd riadite\u013e \u010cesk\u00e9ho olympijsk\u00e9ho v\u00fdboru. \u201eZa tie roky som presne vedel, ako dlho pred \u0161tartom si m\u00e1m vo walkmane pusti\u0165 kazetu. Prv\u00e1 strana sa v jednej pesni\u010dke zastavila a potom sa prehadzovala na druh\u00fa. Rovnako som si to potom urobil nesk\u00f4r na minidisku, nahral som si tam pesni\u010dky rovnako,&#8220; rozpr\u00e1val Doktor. \u201eJa som tak\u00e1 bl\u00e1zniv\u00e1 nebola,&#8220; reagovala rozosmiata Neumannov\u00e1.<\/p>\n\n\n\n<p>Doktor vysvet\u013eoval. \u201eAkon\u00e1hle ti to raz vyjde, tak sa pod\u013ea toho riadi\u0161 st\u00e1le. Pred pretekmi som na to bol a\u017e magor, pritom mi to ob\u010das aj \u0161kodilo. Av\u0161ak ke\u010f mi preteky vy\u0161li, myslel som si, \u017ee mi to stra\u0161ne pom\u00e1ha,&#8220; hovoril. \u201e\u010casovanie so sebou nesie v\u00fdsledok: najem sa, ke\u010f potrebujem, rozcvi\u010d\u00edm sa a doraz\u00edm na \u0161tart presne v \u010dase, ke\u010f chcem. Bol som zvyknut\u00fd, \u017ee pr\u00eddem 500 metrov nad \u0161tart, oto\u010d\u00edm sa a vr\u00e1tim sa. Takto ide\u00e1lne mi to vy\u0161lo napr\u00edklad v Atlante, zato \u0161tyri roky nato v Sydney sme namiesto obvykl\u00e9ho \u0161tartu o deviatej r\u00e1no za\u010d\u00ednali o tretej popoludn\u00ed. Rozhodilo ma to.&#8220;<\/p>\n\n\n\n<h4 class=\"wp-block-heading\">Tras\u00face sa ruky<\/h4>\n\n\n\n<p>Olympijsk\u00ed \u0161ampi\u00f3ni si vysk\u00fa\u0161ali aj v\u00fdrobu kultov\u00fdch <a href=\"https:\/\/www.olympijskytym.cz\/partner\/prim\">primiek<\/a> vo Fr\u00fddku-M\u00edstku, teda skuto\u010dn\u00fa hodin\u00e1rsku pr\u00e1cu. Ste trpezliv\u00ed? \u201eNie. Bolo to vidie\u0165, ke\u010f sme si sk\u00fasili zostavi\u0165 hodinky,&#8220; pobavene poznamenal Doktor po s\u00e9rii pokusov a omylov. Neumannov\u00e1 dod\u00e1vala: \u201eNemysl\u00edm, \u017ee by som bola \u00faplne netrpezliv\u00e1, prisudzujem to sk\u00f4r zru\u010dnosti. T\u00fato pr\u00e1cu a jemn\u00fa mechaniku obdivujem, sama by som na \u0148u nebola \u0161ikovn\u00e1. Bolo mi tr\u00e1pne pred profesion\u00e1lmi uk\u00e1za\u0165 svoju neschopnos\u0165, \u017ee ani nedok\u00e1\u017eem nasadi\u0165 ru\u010di\u010dku. Hovorila som, \u017ee tam budem zdr\u017eiava\u0165.&#8220;<\/p>\n\n\n\n<p>Doktor mal e\u0161te in\u00fd d\u00f4vod: \u201eVlastne som na to ani poriadne nevidel, dali mi lupu. Musel som presne vychyta\u0165 ohnisko, kedy to bolo lupou vidie\u0165,&#8220; opisoval. \u201eKe\u010f mi navliekli gumi\u010dky na prsty, zdalo sa mi, \u017ee mi v\u0161etko k\u013a\u017ee. Potom chceli, aby som str\u010dil osi\u010dku do takej dierky, len\u017ee sa mi tras\u00fa ruky\u2026&#8220;<\/p>\n\n\n\n<p>V tov\u00e1rni vznikaj\u00fa aj hodinky, ktor\u00e9 bud\u00fa sprev\u00e1dza\u0165 olympionikov na ich ceste do Par\u00ed\u017ea. Pr\u00e1ve Neumannov\u00e1 s Doktorom s\u00fa patr\u00f3nmi limitovanej ed\u00edcie hodiniek <a href=\"https:\/\/www.olympijskytym.cz\/partner\/prim\">PRIM<\/a> Czech Team Par\u00ed\u017e. Zlat\u00e1 farba na nich reprezentuje symboliku v\u00fdro\u010dia 100 rokov od prvej zlatej olympijskej medaily pre \u010ceskoslovensko, ktor\u00fa z\u00edskal <a href=\"https:\/\/www.olympijskytym.cz\/athlete\/bedrich-supcik\">Bed\u0159ich \u0160up\u010d\u00edk<\/a> v roku 1924 v \u0161plhu na lane. A pripom\u00edna aj celkov\u00fd v\u00fdznam \u0161portu pre na\u0161u krajinu. Na cifern\u00edku je aj dominantn\u00fd prvok siluety \u010deskej vlajky s n\u00e1pisom CZE, ktor\u00fd zdob\u00ed aj olympijsk\u00e9 oble\u010denie.<\/p>\n\n\n\n<h2 class=\"wp-block-heading\">\u0160\u0165astie verzus presnos\u0165<\/h2>\n\n\n\n<p>A ako vych\u00e1dza porovnanie prec\u00edznej hodin\u00e1rskej pr\u00e1ce so \u0161portom? \u201eK \u0161portov\u00e9mu v\u00fdkonu tie\u017e potrebujete posklada\u0165 viac vec\u00ed dohromady. Formu, vonkaj\u0161ie podmienky, trochu \u0161\u0165astia\u2026&#8220; vypo\u010d\u00edtavala Neumannov\u00e1. Doktor podotkol: \u201eU majstrov hodin\u00e1rov to nie je to\u013eko o \u0161\u0165ast\u00ed, musia \u00eds\u0165 na presnos\u0165. A na rozdiel od \u0161portovcov nemaj\u00fa denn\u00fd pl\u00e1n, aby neboli v strese, \u017ee musia nie\u010do stihn\u00fa\u0165.&#8220;<\/p>\n\n\n\n<p>Potom sa re\u010d znovu sto\u010dila k \u010dasu v \u0161porte. \u201eNajhor\u0161ie bolo \u010dakanie pred pretekmi, to by som najrad\u0161ej vymazala zo svojho \u017eivota,&#8220; zd\u00f4raznila Neumannov\u00e1. \u201eHovor\u00edm napr\u00edklad o popoludniach a ve\u010deroch pred ve\u013ek\u00fdmi pretekmi, ke\u010f sa nebav\u00edte a ste zatvoren\u00ed vo svojej bubline. U\u017e nem\u00f4\u017eete tr\u00e9nova\u0165 a mus\u00edte oddychova\u0165. So mnou nebola \u017eiadna sranda, bola som uzavret\u00e1 sama v sebe.&#8220;<\/p>\n\n\n\n<p>Ke\u010f o tom hovorila, Doktor ch\u00e1pavo prikyvoval. S\u00e1m za\u017e\u00edval podobn\u00e9 stavy: \u201eVe\u010der pred pretekmi som m\u00edval dan\u00e9, \u010do rob\u00edm. Rad\u0161ej som sa hodinu venoval stre\u010dingu, ne\u017e aby som nad nie\u010d\u00edm prem\u00fd\u0161\u013eal. Tie\u017e sa boj\u00edte, \u010di sa v\u00e1m podar\u00ed zaspa\u0165. Viete, \u017ee ke\u010f nezasp\u00edte, preteky bud\u00fa v h\u00e1ji. A druh\u00fd de\u0148 bolo najhor\u0161ie odkladanie pretekov, ke\u010f sa ne\u0161tartovalo v p\u00f4vodne ur\u010den\u00fd term\u00edn, na ktor\u00fd som bol pripraven\u00fd. Zrazu to nefungovalo, ako malo, a musel som improvizova\u0165, preto\u017ee \u010dasov\u00fd pl\u00e1n sa zr\u00fatil.&#8220;<\/p>\n\n\n\n<p><\/p>\n\n\n\n<figure class=\"wp-block-gallery has-nested-images columns-4 is-cropped wp-block-gallery-1 is-layout-flex wp-block-gallery-is-layout-flex\">\n<figure class=\"wp-block-image size-large\"><img loading=\"lazy\" decoding=\"async\" width=\"1024\" height=\"1024\" data-id=\"25950\" src=\"https:\/\/new.prim-hodinky.cz\/wp-content\/uploads\/2025\/01\/COV-NEUMANNOVA-DOKTOR-15_1000x1000_66846287c9835-1024x1024.webp\" alt=\"\" class=\"wp-image-25950\" srcset=\"https:\/\/prim.cz\/wp-content\/uploads\/2025\/01\/COV-NEUMANNOVA-DOKTOR-15_1000x1000_66846287c9835-1024x1024.webp 1024w, https:\/\/prim.cz\/wp-content\/uploads\/2025\/01\/COV-NEUMANNOVA-DOKTOR-15_1000x1000_66846287c9835-300x300.webp 300w, https:\/\/prim.cz\/wp-content\/uploads\/2025\/01\/COV-NEUMANNOVA-DOKTOR-15_1000x1000_66846287c9835-150x150.webp 150w, https:\/\/prim.cz\/wp-content\/uploads\/2025\/01\/COV-NEUMANNOVA-DOKTOR-15_1000x1000_66846287c9835-768x768.webp 768w, https:\/\/prim.cz\/wp-content\/uploads\/2025\/01\/COV-NEUMANNOVA-DOKTOR-15_1000x1000_66846287c9835-1536x1536.webp 1536w, https:\/\/prim.cz\/wp-content\/uploads\/2025\/01\/COV-NEUMANNOVA-DOKTOR-15_1000x1000_66846287c9835.webp 1920w\" sizes=\"auto, (max-width: 1024px) 100vw, 1024px\" \/><\/figure>\n\n\n\n<figure class=\"wp-block-image size-large\"><img loading=\"lazy\" decoding=\"async\" width=\"1024\" height=\"1024\" data-id=\"25956\" src=\"https:\/\/new.prim-hodinky.cz\/wp-content\/uploads\/2025\/01\/COV-NEUMANNOVA-DOKTOR-21_1000x1000_6684628a4bb3b-1-1024x1024.webp\" alt=\"\" class=\"wp-image-25956\" srcset=\"https:\/\/prim.cz\/wp-content\/uploads\/2025\/01\/COV-NEUMANNOVA-DOKTOR-21_1000x1000_6684628a4bb3b-1-1024x1024.webp 1024w, https:\/\/prim.cz\/wp-content\/uploads\/2025\/01\/COV-NEUMANNOVA-DOKTOR-21_1000x1000_6684628a4bb3b-1-300x300.webp 300w, https:\/\/prim.cz\/wp-content\/uploads\/2025\/01\/COV-NEUMANNOVA-DOKTOR-21_1000x1000_6684628a4bb3b-1-150x150.webp 150w, https:\/\/prim.cz\/wp-content\/uploads\/2025\/01\/COV-NEUMANNOVA-DOKTOR-21_1000x1000_6684628a4bb3b-1-768x768.webp 768w, https:\/\/prim.cz\/wp-content\/uploads\/2025\/01\/COV-NEUMANNOVA-DOKTOR-21_1000x1000_6684628a4bb3b-1-1536x1536.webp 1536w, https:\/\/prim.cz\/wp-content\/uploads\/2025\/01\/COV-NEUMANNOVA-DOKTOR-21_1000x1000_6684628a4bb3b-1.webp 1920w\" sizes=\"auto, (max-width: 1024px) 100vw, 1024px\" \/><\/figure>\n\n\n\n<figure class=\"wp-block-image size-large\"><img loading=\"lazy\" decoding=\"async\" width=\"1024\" height=\"1024\" data-id=\"25954\" src=\"https:\/\/new.prim-hodinky.cz\/wp-content\/uploads\/2025\/01\/COV-NEUMANNOVA-DOKTOR-19_1000x1000_6684628add6cc-1024x1024.webp\" alt=\"\" class=\"wp-image-25954\" srcset=\"https:\/\/prim.cz\/wp-content\/uploads\/2025\/01\/COV-NEUMANNOVA-DOKTOR-19_1000x1000_6684628add6cc-1024x1024.webp 1024w, https:\/\/prim.cz\/wp-content\/uploads\/2025\/01\/COV-NEUMANNOVA-DOKTOR-19_1000x1000_6684628add6cc-300x300.webp 300w, https:\/\/prim.cz\/wp-content\/uploads\/2025\/01\/COV-NEUMANNOVA-DOKTOR-19_1000x1000_6684628add6cc-150x150.webp 150w, https:\/\/prim.cz\/wp-content\/uploads\/2025\/01\/COV-NEUMANNOVA-DOKTOR-19_1000x1000_6684628add6cc-768x768.webp 768w, https:\/\/prim.cz\/wp-content\/uploads\/2025\/01\/COV-NEUMANNOVA-DOKTOR-19_1000x1000_6684628add6cc-1536x1536.webp 1536w, https:\/\/prim.cz\/wp-content\/uploads\/2025\/01\/COV-NEUMANNOVA-DOKTOR-19_1000x1000_6684628add6cc.webp 1920w\" sizes=\"auto, (max-width: 1024px) 100vw, 1024px\" \/><\/figure>\n\n\n\n<figure class=\"wp-block-image size-large\"><img loading=\"lazy\" decoding=\"async\" width=\"1024\" height=\"1024\" data-id=\"25951\" src=\"https:\/\/new.prim-hodinky.cz\/wp-content\/uploads\/2025\/01\/COV-NEUMANNOVA-DOKTOR-06_1000x1000_66846284f3ea9-1024x1024.webp\" alt=\"\" class=\"wp-image-25951\" srcset=\"https:\/\/prim.cz\/wp-content\/uploads\/2025\/01\/COV-NEUMANNOVA-DOKTOR-06_1000x1000_66846284f3ea9-1024x1024.webp 1024w, https:\/\/prim.cz\/wp-content\/uploads\/2025\/01\/COV-NEUMANNOVA-DOKTOR-06_1000x1000_66846284f3ea9-300x300.webp 300w, https:\/\/prim.cz\/wp-content\/uploads\/2025\/01\/COV-NEUMANNOVA-DOKTOR-06_1000x1000_66846284f3ea9-150x150.webp 150w, https:\/\/prim.cz\/wp-content\/uploads\/2025\/01\/COV-NEUMANNOVA-DOKTOR-06_1000x1000_66846284f3ea9-768x768.webp 768w, https:\/\/prim.cz\/wp-content\/uploads\/2025\/01\/COV-NEUMANNOVA-DOKTOR-06_1000x1000_66846284f3ea9-1536x1536.webp 1536w, https:\/\/prim.cz\/wp-content\/uploads\/2025\/01\/COV-NEUMANNOVA-DOKTOR-06_1000x1000_66846284f3ea9.webp 1920w\" sizes=\"auto, (max-width: 1024px) 100vw, 1024px\" \/><\/figure>\n\n\n\n<figure class=\"wp-block-image size-large\"><img loading=\"lazy\" decoding=\"async\" width=\"1024\" height=\"1024\" data-id=\"25955\" src=\"https:\/\/new.prim-hodinky.cz\/wp-content\/uploads\/2025\/01\/COV-NEUMANNOVA-DOKTOR-07_1000x1000_66846284108ef-1024x1024.webp\" alt=\"\" class=\"wp-image-25955\" srcset=\"https:\/\/prim.cz\/wp-content\/uploads\/2025\/01\/COV-NEUMANNOVA-DOKTOR-07_1000x1000_66846284108ef-1024x1024.webp 1024w, https:\/\/prim.cz\/wp-content\/uploads\/2025\/01\/COV-NEUMANNOVA-DOKTOR-07_1000x1000_66846284108ef-300x300.webp 300w, https:\/\/prim.cz\/wp-content\/uploads\/2025\/01\/COV-NEUMANNOVA-DOKTOR-07_1000x1000_66846284108ef-150x150.webp 150w, https:\/\/prim.cz\/wp-content\/uploads\/2025\/01\/COV-NEUMANNOVA-DOKTOR-07_1000x1000_66846284108ef-768x768.webp 768w, https:\/\/prim.cz\/wp-content\/uploads\/2025\/01\/COV-NEUMANNOVA-DOKTOR-07_1000x1000_66846284108ef-1536x1536.webp 1536w, https:\/\/prim.cz\/wp-content\/uploads\/2025\/01\/COV-NEUMANNOVA-DOKTOR-07_1000x1000_66846284108ef.webp 1920w\" sizes=\"auto, (max-width: 1024px) 100vw, 1024px\" \/><\/figure>\n\n\n\n<figure class=\"wp-block-image size-large\"><img loading=\"lazy\" decoding=\"async\" width=\"1024\" height=\"1024\" data-id=\"25952\" src=\"https:\/\/new.prim-hodinky.cz\/wp-content\/uploads\/2025\/01\/COV-NEUMANNOVA-DOKTOR-12_1000x1000_6684628589227-1024x1024.webp\" alt=\"\" class=\"wp-image-25952\" srcset=\"https:\/\/prim.cz\/wp-content\/uploads\/2025\/01\/COV-NEUMANNOVA-DOKTOR-12_1000x1000_6684628589227-1024x1024.webp 1024w, https:\/\/prim.cz\/wp-content\/uploads\/2025\/01\/COV-NEUMANNOVA-DOKTOR-12_1000x1000_6684628589227-300x300.webp 300w, https:\/\/prim.cz\/wp-content\/uploads\/2025\/01\/COV-NEUMANNOVA-DOKTOR-12_1000x1000_6684628589227-150x150.webp 150w, https:\/\/prim.cz\/wp-content\/uploads\/2025\/01\/COV-NEUMANNOVA-DOKTOR-12_1000x1000_6684628589227-768x768.webp 768w, https:\/\/prim.cz\/wp-content\/uploads\/2025\/01\/COV-NEUMANNOVA-DOKTOR-12_1000x1000_6684628589227-1536x1536.webp 1536w, https:\/\/prim.cz\/wp-content\/uploads\/2025\/01\/COV-NEUMANNOVA-DOKTOR-12_1000x1000_6684628589227.webp 1920w\" sizes=\"auto, (max-width: 1024px) 100vw, 1024px\" \/><\/figure>\n\n\n\n<figure class=\"wp-block-image size-large\"><img loading=\"lazy\" decoding=\"async\" width=\"1024\" height=\"1024\" data-id=\"25953\" src=\"https:\/\/new.prim-hodinky.cz\/wp-content\/uploads\/2025\/01\/COV-NEUMANNOVA-DOKTOR-04_1000x1000_668462876fb2a-1024x1024.webp\" alt=\"\" class=\"wp-image-25953\" srcset=\"https:\/\/prim.cz\/wp-content\/uploads\/2025\/01\/COV-NEUMANNOVA-DOKTOR-04_1000x1000_668462876fb2a-1024x1024.webp 1024w, https:\/\/prim.cz\/wp-content\/uploads\/2025\/01\/COV-NEUMANNOVA-DOKTOR-04_1000x1000_668462876fb2a-300x300.webp 300w, https:\/\/prim.cz\/wp-content\/uploads\/2025\/01\/COV-NEUMANNOVA-DOKTOR-04_1000x1000_668462876fb2a-150x150.webp 150w, https:\/\/prim.cz\/wp-content\/uploads\/2025\/01\/COV-NEUMANNOVA-DOKTOR-04_1000x1000_668462876fb2a-768x768.webp 768w, https:\/\/prim.cz\/wp-content\/uploads\/2025\/01\/COV-NEUMANNOVA-DOKTOR-04_1000x1000_668462876fb2a-1536x1536.webp 1536w, https:\/\/prim.cz\/wp-content\/uploads\/2025\/01\/COV-NEUMANNOVA-DOKTOR-04_1000x1000_668462876fb2a.webp 1920w\" sizes=\"auto, (max-width: 1024px) 100vw, 1024px\" \/><\/figure>\n<\/figure>\n","protected":false},"featured_media":0,"template":"","meta":{"_acf_changed":false,"_link_to_original":""},"class_list":["post-44420","aktualita","type-aktualita","status-publish","hentry"],"acf":[],"yoast_head":"<!-- This site is optimized with the Yoast SEO plugin v26.9 - https:\/\/yoast.com\/product\/yoast-seo-wordpress\/ -->\n<title>\u010cas v \u0161porte. Najhor\u0161ie boli ve\u010dery pred pretekmi, spom\u00ednaj\u00fa olympijsk\u00ed v\u00ed\u0165azi - PRIM - origin\u00e1ln\u00ed \u010desk\u00e9 p\u00e1nsk\u00e9, d\u00e1msk\u00e9, d\u011btsk\u00e9 hodinky a hodiny<\/title>\n<meta name=\"robots\" content=\"index, follow, max-snippet:-1, max-image-preview:large, max-video-preview:-1\" \/>\n<link rel=\"canonical\" href=\"https:\/\/prim.cz\/sk\/aktualita\/cas-v-sporte-najhorsie-boli-vecery-pred-pretekmi-spominaju-olympijski-vitazi\/\" \/>\n<meta property=\"og:locale\" content=\"sk_SK\" \/>\n<meta property=\"og:type\" content=\"article\" \/>\n<meta property=\"og:title\" content=\"\u010cas v \u0161porte. Najhor\u0161ie boli ve\u010dery pred pretekmi, spom\u00ednaj\u00fa olympijsk\u00ed v\u00ed\u0165azi - PRIM - origin\u00e1ln\u00ed \u010desk\u00e9 p\u00e1nsk\u00e9, d\u00e1msk\u00e9, d\u011btsk\u00e9 hodinky a hodiny\" \/>\n<meta property=\"og:description\" content=\"Tri, dva, jedna\u2026 Posledn\u00e9 sekundy utekaj\u00face do \u0161tartu pretekov s\u00fa ne\u00faprosn\u00e9. \u010co sa ale deje predt\u00fdm? \u201eV\u0161etko sme mali napl\u00e1novan\u00e9 na min\u00faty,&#8220; spom\u00ednali olympijsk\u00ed v\u00ed\u0165azi Kate\u0159ina Neumannov\u00e1 s Martinom Doktorom po n\u00e1v\u0161teve v tov\u00e1rni hodin\u00e1rskej zna\u010dky Prim, ktor\u00e1 patr\u00ed k dod\u00e1vate\u013eom \u010cesk\u00e9ho olympijsk\u00e9ho v\u00fdboru. \u201eKe\u010f som ukon\u010dila kari\u00e9ru, jedno z mojich prv\u00fdch predsavzat\u00ed bolo, \u017ee [&hellip;]\" \/>\n<meta property=\"og:url\" content=\"https:\/\/prim.cz\/sk\/aktualita\/cas-v-sporte-najhorsie-boli-vecery-pred-pretekmi-spominaju-olympijski-vitazi\/\" \/>\n<meta property=\"og:site_name\" content=\"PRIM - origin\u00e1ln\u00ed \u010desk\u00e9 p\u00e1nsk\u00e9, d\u00e1msk\u00e9, d\u011btsk\u00e9 hodinky a hodiny\" \/>\n<meta property=\"article:modified_time\" content=\"2026-03-16T12:07:07+00:00\" \/>\n<meta property=\"og:image\" content=\"https:\/\/prim.cz\/wp-content\/uploads\/2025\/01\/COV-NEUMANNOVA-DOKTOR-15_1000x1000_66846287c9835.webp\" \/>\n\t<meta property=\"og:image:width\" content=\"1920\" \/>\n\t<meta property=\"og:image:height\" content=\"1920\" \/>\n\t<meta property=\"og:image:type\" content=\"image\/webp\" \/>\n<meta name=\"twitter:card\" content=\"summary_large_image\" \/>\n<meta name=\"twitter:label1\" content=\"Predpokladan\u00fd \u010das \u010d\u00edtania\" \/>\n\t<meta name=\"twitter:data1\" content=\"5 min\u00fat\" \/>\n<script type=\"application\/ld+json\" class=\"yoast-schema-graph\">{\"@context\":\"https:\/\/schema.org\",\"@graph\":[{\"@type\":\"WebPage\",\"@id\":\"https:\/\/prim.cz\/sk\/aktualita\/cas-v-sporte-najhorsie-boli-vecery-pred-pretekmi-spominaju-olympijski-vitazi\/\",\"url\":\"https:\/\/prim.cz\/sk\/aktualita\/cas-v-sporte-najhorsie-boli-vecery-pred-pretekmi-spominaju-olympijski-vitazi\/\",\"name\":\"\u010cas v \u0161porte. Najhor\u0161ie boli ve\u010dery pred pretekmi, spom\u00ednaj\u00fa olympijsk\u00ed v\u00ed\u0165azi - PRIM - origin\u00e1ln\u00ed \u010desk\u00e9 p\u00e1nsk\u00e9, d\u00e1msk\u00e9, d\u011btsk\u00e9 hodinky a hodiny\",\"isPartOf\":{\"@id\":\"https:\/\/prim.cz\/en\/#website\"},\"primaryImageOfPage\":{\"@id\":\"https:\/\/prim.cz\/sk\/aktualita\/cas-v-sporte-najhorsie-boli-vecery-pred-pretekmi-spominaju-olympijski-vitazi\/#primaryimage\"},\"image\":{\"@id\":\"https:\/\/prim.cz\/sk\/aktualita\/cas-v-sporte-najhorsie-boli-vecery-pred-pretekmi-spominaju-olympijski-vitazi\/#primaryimage\"},\"thumbnailUrl\":\"https:\/\/new.prim-hodinky.cz\/wp-content\/uploads\/2025\/01\/COV-NEUMANNOVA-DOKTOR-15_1000x1000_66846287c9835-1024x1024.webp\",\"datePublished\":\"2025-01-23T07:23:40+00:00\",\"dateModified\":\"2026-03-16T12:07:07+00:00\",\"breadcrumb\":{\"@id\":\"https:\/\/prim.cz\/sk\/aktualita\/cas-v-sporte-najhorsie-boli-vecery-pred-pretekmi-spominaju-olympijski-vitazi\/#breadcrumb\"},\"inLanguage\":\"sk-SK\",\"potentialAction\":[{\"@type\":\"ReadAction\",\"target\":[\"https:\/\/prim.cz\/sk\/aktualita\/cas-v-sporte-najhorsie-boli-vecery-pred-pretekmi-spominaju-olympijski-vitazi\/\"]}]},{\"@type\":\"ImageObject\",\"inLanguage\":\"sk-SK\",\"@id\":\"https:\/\/prim.cz\/sk\/aktualita\/cas-v-sporte-najhorsie-boli-vecery-pred-pretekmi-spominaju-olympijski-vitazi\/#primaryimage\",\"url\":\"https:\/\/new.prim-hodinky.cz\/wp-content\/uploads\/2025\/01\/COV-NEUMANNOVA-DOKTOR-15_1000x1000_66846287c9835-1024x1024.webp\",\"contentUrl\":\"https:\/\/new.prim-hodinky.cz\/wp-content\/uploads\/2025\/01\/COV-NEUMANNOVA-DOKTOR-15_1000x1000_66846287c9835-1024x1024.webp\"},{\"@type\":\"BreadcrumbList\",\"@id\":\"https:\/\/prim.cz\/sk\/aktualita\/cas-v-sporte-najhorsie-boli-vecery-pred-pretekmi-spominaju-olympijski-vitazi\/#breadcrumb\",\"itemListElement\":[{\"@type\":\"ListItem\",\"position\":1,\"name\":\"Dom\u016f\",\"item\":\"https:\/\/prim.cz\/sk\/\"},{\"@type\":\"ListItem\",\"position\":2,\"name\":\"\u010cas v \u0161porte. Najhor\u0161ie boli ve\u010dery pred pretekmi, spom\u00ednaj\u00fa olympijsk\u00ed v\u00ed\u0165azi\"}]},{\"@type\":\"WebSite\",\"@id\":\"https:\/\/prim.cz\/en\/#website\",\"url\":\"https:\/\/prim.cz\/en\/\",\"name\":\"PRIM - origin\u00e1ln\u00ed \u010desk\u00e9 p\u00e1nsk\u00e9, d\u00e1msk\u00e9, d\u011btsk\u00e9 hodinky a hodiny\",\"description\":\"Nakupujte p\u0159\u00edmo u v\u00fdrobce! Origin\u00e1ln\u00ed eshop s kompletn\u00edm sortimentem \u010desk\u00fdch hodinek PRIM.\",\"alternateName\":\"prim.cz\",\"potentialAction\":[{\"@type\":\"SearchAction\",\"target\":{\"@type\":\"EntryPoint\",\"urlTemplate\":\"https:\/\/prim.cz\/en\/?s={search_term_string}\"},\"query-input\":{\"@type\":\"PropertyValueSpecification\",\"valueRequired\":true,\"valueName\":\"search_term_string\"}}],\"inLanguage\":\"sk-SK\"}]}<\/script>\n<!-- \/ Yoast SEO plugin. -->","yoast_head_json":{"title":"\u010cas v \u0161porte. Najhor\u0161ie boli ve\u010dery pred pretekmi, spom\u00ednaj\u00fa olympijsk\u00ed v\u00ed\u0165azi - PRIM - origin\u00e1ln\u00ed \u010desk\u00e9 p\u00e1nsk\u00e9, d\u00e1msk\u00e9, d\u011btsk\u00e9 hodinky a hodiny","robots":{"index":"index","follow":"follow","max-snippet":"max-snippet:-1","max-image-preview":"max-image-preview:large","max-video-preview":"max-video-preview:-1"},"canonical":"https:\/\/prim.cz\/sk\/aktualita\/cas-v-sporte-najhorsie-boli-vecery-pred-pretekmi-spominaju-olympijski-vitazi\/","og_locale":"sk_SK","og_type":"article","og_title":"\u010cas v \u0161porte. Najhor\u0161ie boli ve\u010dery pred pretekmi, spom\u00ednaj\u00fa olympijsk\u00ed v\u00ed\u0165azi - PRIM - origin\u00e1ln\u00ed \u010desk\u00e9 p\u00e1nsk\u00e9, d\u00e1msk\u00e9, d\u011btsk\u00e9 hodinky a hodiny","og_description":"Tri, dva, jedna\u2026 Posledn\u00e9 sekundy utekaj\u00face do \u0161tartu pretekov s\u00fa ne\u00faprosn\u00e9. \u010co sa ale deje predt\u00fdm? \u201eV\u0161etko sme mali napl\u00e1novan\u00e9 na min\u00faty,&#8220; spom\u00ednali olympijsk\u00ed v\u00ed\u0165azi Kate\u0159ina Neumannov\u00e1 s Martinom Doktorom po n\u00e1v\u0161teve v tov\u00e1rni hodin\u00e1rskej zna\u010dky Prim, ktor\u00e1 patr\u00ed k dod\u00e1vate\u013eom \u010cesk\u00e9ho olympijsk\u00e9ho v\u00fdboru. \u201eKe\u010f som ukon\u010dila kari\u00e9ru, jedno z mojich prv\u00fdch predsavzat\u00ed bolo, \u017ee [&hellip;]","og_url":"https:\/\/prim.cz\/sk\/aktualita\/cas-v-sporte-najhorsie-boli-vecery-pred-pretekmi-spominaju-olympijski-vitazi\/","og_site_name":"PRIM - origin\u00e1ln\u00ed \u010desk\u00e9 p\u00e1nsk\u00e9, d\u00e1msk\u00e9, d\u011btsk\u00e9 hodinky a hodiny","article_modified_time":"2026-03-16T12:07:07+00:00","og_image":[{"width":1920,"height":1920,"url":"https:\/\/prim.cz\/wp-content\/uploads\/2025\/01\/COV-NEUMANNOVA-DOKTOR-15_1000x1000_66846287c9835.webp","type":"image\/webp"}],"twitter_card":"summary_large_image","twitter_misc":{"Predpokladan\u00fd \u010das \u010d\u00edtania":"5 min\u00fat"},"schema":{"@context":"https:\/\/schema.org","@graph":[{"@type":"WebPage","@id":"https:\/\/prim.cz\/sk\/aktualita\/cas-v-sporte-najhorsie-boli-vecery-pred-pretekmi-spominaju-olympijski-vitazi\/","url":"https:\/\/prim.cz\/sk\/aktualita\/cas-v-sporte-najhorsie-boli-vecery-pred-pretekmi-spominaju-olympijski-vitazi\/","name":"\u010cas v \u0161porte. Najhor\u0161ie boli ve\u010dery pred pretekmi, spom\u00ednaj\u00fa olympijsk\u00ed v\u00ed\u0165azi - PRIM - origin\u00e1ln\u00ed \u010desk\u00e9 p\u00e1nsk\u00e9, d\u00e1msk\u00e9, d\u011btsk\u00e9 hodinky a hodiny","isPartOf":{"@id":"https:\/\/prim.cz\/en\/#website"},"primaryImageOfPage":{"@id":"https:\/\/prim.cz\/sk\/aktualita\/cas-v-sporte-najhorsie-boli-vecery-pred-pretekmi-spominaju-olympijski-vitazi\/#primaryimage"},"image":{"@id":"https:\/\/prim.cz\/sk\/aktualita\/cas-v-sporte-najhorsie-boli-vecery-pred-pretekmi-spominaju-olympijski-vitazi\/#primaryimage"},"thumbnailUrl":"https:\/\/new.prim-hodinky.cz\/wp-content\/uploads\/2025\/01\/COV-NEUMANNOVA-DOKTOR-15_1000x1000_66846287c9835-1024x1024.webp","datePublished":"2025-01-23T07:23:40+00:00","dateModified":"2026-03-16T12:07:07+00:00","breadcrumb":{"@id":"https:\/\/prim.cz\/sk\/aktualita\/cas-v-sporte-najhorsie-boli-vecery-pred-pretekmi-spominaju-olympijski-vitazi\/#breadcrumb"},"inLanguage":"sk-SK","potentialAction":[{"@type":"ReadAction","target":["https:\/\/prim.cz\/sk\/aktualita\/cas-v-sporte-najhorsie-boli-vecery-pred-pretekmi-spominaju-olympijski-vitazi\/"]}]},{"@type":"ImageObject","inLanguage":"sk-SK","@id":"https:\/\/prim.cz\/sk\/aktualita\/cas-v-sporte-najhorsie-boli-vecery-pred-pretekmi-spominaju-olympijski-vitazi\/#primaryimage","url":"https:\/\/new.prim-hodinky.cz\/wp-content\/uploads\/2025\/01\/COV-NEUMANNOVA-DOKTOR-15_1000x1000_66846287c9835-1024x1024.webp","contentUrl":"https:\/\/new.prim-hodinky.cz\/wp-content\/uploads\/2025\/01\/COV-NEUMANNOVA-DOKTOR-15_1000x1000_66846287c9835-1024x1024.webp"},{"@type":"BreadcrumbList","@id":"https:\/\/prim.cz\/sk\/aktualita\/cas-v-sporte-najhorsie-boli-vecery-pred-pretekmi-spominaju-olympijski-vitazi\/#breadcrumb","itemListElement":[{"@type":"ListItem","position":1,"name":"Dom\u016f","item":"https:\/\/prim.cz\/sk\/"},{"@type":"ListItem","position":2,"name":"\u010cas v \u0161porte. Najhor\u0161ie boli ve\u010dery pred pretekmi, spom\u00ednaj\u00fa olympijsk\u00ed v\u00ed\u0165azi"}]},{"@type":"WebSite","@id":"https:\/\/prim.cz\/en\/#website","url":"https:\/\/prim.cz\/en\/","name":"PRIM - origin\u00e1ln\u00ed \u010desk\u00e9 p\u00e1nsk\u00e9, d\u00e1msk\u00e9, d\u011btsk\u00e9 hodinky a hodiny","description":"Nakupujte p\u0159\u00edmo u v\u00fdrobce! Origin\u00e1ln\u00ed eshop s kompletn\u00edm sortimentem \u010desk\u00fdch hodinek PRIM.","alternateName":"prim.cz","potentialAction":[{"@type":"SearchAction","target":{"@type":"EntryPoint","urlTemplate":"https:\/\/prim.cz\/en\/?s={search_term_string}"},"query-input":{"@type":"PropertyValueSpecification","valueRequired":true,"valueName":"search_term_string"}}],"inLanguage":"sk-SK"}]}},"wpml_current_locale":"sk_SK","wpml_translations":{"cs_CZ":{"locale":"cs_CZ","id":25948,"slug":"cas-ve-sportu-nejhorsi-byly-vecery-pred-zavody-vzpominaji-olympijsti-vitezove","post_title":"\u010cas ve sportu. Nejhor\u0161\u00ed byly ve\u010dery p\u0159ed z\u00e1vody, vzpom\u00ednaj\u00ed olympij\u0161t\u00ed v\u00edt\u011bzov\u00e9","href":"https:\/\/prim.cz\/aktualita\/cas-ve-sportu-nejhorsi-byly-vecery-pred-zavody-vzpominaji-olympijsti-vitezove\/"},"sk_SK":{"locale":"sk_SK","translation":"current"},"pl_PL":{"locale":"pl_PL","id":44421,"slug":"czas-w-sporcie-najgorsze-byly-wieczory-przed-zawodami-wspominaja-mistrzowie-olimpijscy","post_title":"Czas w sporcie. Najgorsze by\u0142y wieczory przed zawodami, wspominaj\u0105 mistrzowie olimpijscy","href":"https:\/\/prim.cz\/pl\/aktualita\/czas-w-sporcie-najgorsze-byly-wieczory-przed-zawodami-wspominaja-mistrzowie-olimpijscy\/"},"en_US":{"locale":"en_US","id":44405,"slug":"time-in-sport-the-worst-were-the-evenings-before-races-recall-olympic-champions","post_title":"Time in Sport. The Worst Were the Evenings Before Races, Recall Olympic Champions","href":"https:\/\/prim.cz\/en\/aktualita\/time-in-sport-the-worst-were-the-evenings-before-races-recall-olympic-champions\/"}},"_links":{"self":[{"href":"https:\/\/prim.cz\/sk\/wp-json\/wp\/v2\/aktualita\/44420","targetHints":{"allow":["GET"]}}],"collection":[{"href":"https:\/\/prim.cz\/sk\/wp-json\/wp\/v2\/aktualita"}],"about":[{"href":"https:\/\/prim.cz\/sk\/wp-json\/wp\/v2\/types\/aktualita"}],"wp:attachment":[{"href":"https:\/\/prim.cz\/sk\/wp-json\/wp\/v2\/media?parent=44420"}],"curies":[{"name":"wp","href":"https:\/\/api.w.org\/{rel}","templated":true}]}}