{"id":44416,"date":"2024-04-30T23:23:19","date_gmt":"2024-04-30T21:23:19","guid":{"rendered":"https:\/\/prim.cz\/aktualita\/tgr-czech-na-festivale-toyota-and-lexus\/"},"modified":"2026-03-16T13:07:05","modified_gmt":"2026-03-16T12:07:05","slug":"tgr-czech-na-festivale-toyota-and-lexus","status":"publish","type":"aktualita","link":"https:\/\/prim.cz\/sk\/aktualita\/tgr-czech-na-festivale-toyota-and-lexus\/","title":{"rendered":"TGR Czech na festivale Toyota and Lexus"},"content":{"rendered":"\n<p>Siln\u00e9 poryvy vetra, kr\u00fapy, slab\u00fd d\u00e1\u017e\u010f, siln\u00fd d\u00e1\u017e\u010f, bezvetrie, modr\u00e1 obloha zaliata slnkom \u2014 skr\u00e1tka typick\u00e9 apr\u00edlov\u00e9 po\u010dasie nepokazilo skvel\u00fa atmosf\u00e9ru prv\u00e9ho ro\u010dn\u00edka festivalu mobility Toyota Lexus.<\/p>\n\n\n\n<p>Polyg\u00f3n na letisku v Hradci Kr\u00e1lov\u00e9 hostil najv\u00e4\u010d\u0161iu akciu Toyoty \u010cesk\u00e1 republika s neuverite\u013enou uk\u00e1\u017ekou v\u0161etk\u00fdch modelov najv\u00e4\u010d\u0161ej svetovej automobilky. Perli\u010dkou na skvele pripravenej akcii pre firemn\u00fdch z\u00e1kazn\u00edkov bol dakarsk\u00fd \u0161peci\u00e1l t\u00edmu TGR Czech \u2014 Toyota Hilux GR T1+. Nieko\u013eko desiatok odv\u00e1\u017elivcov si mohlo sadn\u00fa\u0165 do tohto unik\u00e1tneho vozidla a za\u017ei\u0165 na vlastnej ko\u017ei mal\u00fa ochutn\u00e1vku jazdy v n\u00e1ro\u010dnom ter\u00e9ne s pilotom Tom\u00e1\u0161om Ou\u0159edn\u00ed\u010dkom.<\/p>\n\n\n\n<figure class=\"wp-block-gallery has-nested-images columns-default is-cropped wp-block-gallery-1 is-layout-flex wp-block-gallery-is-layout-flex\">\n<figure class=\"wp-block-image size-large\"><img loading=\"lazy\" decoding=\"async\" width=\"1000\" height=\"1000\" data-id=\"26004\" src=\"https:\/\/new.prim-hodinky.cz\/wp-content\/uploads\/2024\/04\/download-22-1000x1000-1.webp\" alt=\"\" class=\"wp-image-26004\" srcset=\"https:\/\/prim.cz\/wp-content\/uploads\/2024\/04\/download-22-1000x1000-1.webp 1000w, https:\/\/prim.cz\/wp-content\/uploads\/2024\/04\/download-22-1000x1000-1-300x300.webp 300w, https:\/\/prim.cz\/wp-content\/uploads\/2024\/04\/download-22-1000x1000-1-150x150.webp 150w, https:\/\/prim.cz\/wp-content\/uploads\/2024\/04\/download-22-1000x1000-1-768x768.webp 768w\" sizes=\"auto, (max-width: 1000px) 100vw, 1000px\" \/><\/figure>\n\n\n\n<figure class=\"wp-block-image size-large\"><img loading=\"lazy\" decoding=\"async\" width=\"1000\" height=\"1000\" data-id=\"26005\" src=\"https:\/\/new.prim-hodinky.cz\/wp-content\/uploads\/2024\/04\/download-12-1000x1000-1.webp\" alt=\"\" class=\"wp-image-26005\" srcset=\"https:\/\/prim.cz\/wp-content\/uploads\/2024\/04\/download-12-1000x1000-1.webp 1000w, https:\/\/prim.cz\/wp-content\/uploads\/2024\/04\/download-12-1000x1000-1-300x300.webp 300w, https:\/\/prim.cz\/wp-content\/uploads\/2024\/04\/download-12-1000x1000-1-150x150.webp 150w, https:\/\/prim.cz\/wp-content\/uploads\/2024\/04\/download-12-1000x1000-1-768x768.webp 768w\" sizes=\"auto, (max-width: 1000px) 100vw, 1000px\" \/><\/figure>\n\n\n\n<figure class=\"wp-block-image size-large\"><img loading=\"lazy\" decoding=\"async\" width=\"1000\" height=\"1000\" data-id=\"26006\" src=\"https:\/\/new.prim-hodinky.cz\/wp-content\/uploads\/2024\/04\/download-2-1000x1000-1.webp\" alt=\"\" class=\"wp-image-26006\" srcset=\"https:\/\/prim.cz\/wp-content\/uploads\/2024\/04\/download-2-1000x1000-1.webp 1000w, https:\/\/prim.cz\/wp-content\/uploads\/2024\/04\/download-2-1000x1000-1-300x300.webp 300w, https:\/\/prim.cz\/wp-content\/uploads\/2024\/04\/download-2-1000x1000-1-150x150.webp 150w, https:\/\/prim.cz\/wp-content\/uploads\/2024\/04\/download-2-1000x1000-1-768x768.webp 768w\" sizes=\"auto, (max-width: 1000px) 100vw, 1000px\" \/><\/figure>\n\n\n\n<figure class=\"wp-block-image size-large\"><img loading=\"lazy\" decoding=\"async\" width=\"1000\" height=\"1000\" data-id=\"26008\" src=\"https:\/\/new.prim-hodinky.cz\/wp-content\/uploads\/2024\/04\/download-3-1000x1000-1.webp\" alt=\"\" class=\"wp-image-26008\" srcset=\"https:\/\/prim.cz\/wp-content\/uploads\/2024\/04\/download-3-1000x1000-1.webp 1000w, https:\/\/prim.cz\/wp-content\/uploads\/2024\/04\/download-3-1000x1000-1-300x300.webp 300w, https:\/\/prim.cz\/wp-content\/uploads\/2024\/04\/download-3-1000x1000-1-150x150.webp 150w, https:\/\/prim.cz\/wp-content\/uploads\/2024\/04\/download-3-1000x1000-1-768x768.webp 768w\" sizes=\"auto, (max-width: 1000px) 100vw, 1000px\" \/><\/figure>\n\n\n\n<figure class=\"wp-block-image size-full\"><img loading=\"lazy\" decoding=\"async\" width=\"1000\" height=\"1000\" data-id=\"26007\" src=\"https:\/\/new.prim-hodinky.cz\/wp-content\/uploads\/2024\/04\/download-6-1000x1000-1.webp\" alt=\"\" class=\"wp-image-26007\" srcset=\"https:\/\/prim.cz\/wp-content\/uploads\/2024\/04\/download-6-1000x1000-1.webp 1000w, https:\/\/prim.cz\/wp-content\/uploads\/2024\/04\/download-6-1000x1000-1-300x300.webp 300w, https:\/\/prim.cz\/wp-content\/uploads\/2024\/04\/download-6-1000x1000-1-150x150.webp 150w, https:\/\/prim.cz\/wp-content\/uploads\/2024\/04\/download-6-1000x1000-1-768x768.webp 768w\" sizes=\"auto, (max-width: 1000px) 100vw, 1000px\" \/><\/figure>\n<\/figure>\n\n\n\n<p>\u201eZ radu mojich nov\u00fdch spolujazdcov som spo\u010diatku c\u00edtil ve\u013ek\u00fd re\u0161pekt a trochu obavy, ktor\u00e9 vystriedalo obrovsk\u00e9 nad\u0161enie po dojazde do cie\u013ea \u010dlenit\u00e9ho ter\u00e9nneho okruhu,&#8220; komentoval Tom\u00e1\u0161 Ou\u0159edn\u00ed\u010dek intenz\u00edvne tri dni v Hradci. Hostia si u\u017e\u00edvali kr\u00e1sny zvuk motora Lexus V8 a skoky aj efektn\u00e9 priejazdky z\u00e1krutami. N\u00e1v\u0161tevn\u00edci si mohli u\u017ei\u0165 d\u00f4kladn\u00fa prehliadku z\u00e1vodnej aj sprievodnej techniky a vypo\u010du\u0165 si \u010derstv\u00e9 z\u00e1\u017eitky z Rally Dakar. Z\u00e1ujem vzbudil aj star\u0161\u00ed dakarsk\u00fd t\u00edmov\u00fd voz Toyota Land Cruiser, ktor\u00fd dva dni pilotoval legend\u00e1rny Martin Kolom\u00fd, ktor\u00e9ho nesk\u00f4r vystriedal David K\u0159\u00edpal.<\/p>\n\n\n\n<figure class=\"wp-block-gallery has-nested-images columns-default is-cropped wp-block-gallery-2 is-layout-flex wp-block-gallery-is-layout-flex\">\n<figure class=\"wp-block-image size-large\"><img loading=\"lazy\" decoding=\"async\" width=\"1000\" height=\"1000\" data-id=\"26011\" src=\"https:\/\/new.prim-hodinky.cz\/wp-content\/uploads\/2024\/04\/download-9-1000x1000-1.webp\" alt=\"\" class=\"wp-image-26011\" srcset=\"https:\/\/prim.cz\/wp-content\/uploads\/2024\/04\/download-9-1000x1000-1.webp 1000w, https:\/\/prim.cz\/wp-content\/uploads\/2024\/04\/download-9-1000x1000-1-300x300.webp 300w, https:\/\/prim.cz\/wp-content\/uploads\/2024\/04\/download-9-1000x1000-1-150x150.webp 150w, https:\/\/prim.cz\/wp-content\/uploads\/2024\/04\/download-9-1000x1000-1-768x768.webp 768w\" sizes=\"auto, (max-width: 1000px) 100vw, 1000px\" \/><\/figure>\n\n\n\n<figure class=\"wp-block-image size-large\"><img loading=\"lazy\" decoding=\"async\" width=\"1000\" height=\"1000\" data-id=\"26012\" src=\"https:\/\/new.prim-hodinky.cz\/wp-content\/uploads\/2024\/04\/download-16-1000x1000-1.webp\" alt=\"\" class=\"wp-image-26012\" srcset=\"https:\/\/prim.cz\/wp-content\/uploads\/2024\/04\/download-16-1000x1000-1.webp 1000w, https:\/\/prim.cz\/wp-content\/uploads\/2024\/04\/download-16-1000x1000-1-300x300.webp 300w, https:\/\/prim.cz\/wp-content\/uploads\/2024\/04\/download-16-1000x1000-1-150x150.webp 150w, https:\/\/prim.cz\/wp-content\/uploads\/2024\/04\/download-16-1000x1000-1-768x768.webp 768w\" sizes=\"auto, (max-width: 1000px) 100vw, 1000px\" \/><\/figure>\n\n\n\n<figure class=\"wp-block-image size-large\"><img loading=\"lazy\" decoding=\"async\" width=\"1000\" height=\"1000\" data-id=\"26013\" src=\"https:\/\/new.prim-hodinky.cz\/wp-content\/uploads\/2024\/04\/download-17-1000x1000-1.webp\" alt=\"\" class=\"wp-image-26013\" srcset=\"https:\/\/prim.cz\/wp-content\/uploads\/2024\/04\/download-17-1000x1000-1.webp 1000w, https:\/\/prim.cz\/wp-content\/uploads\/2024\/04\/download-17-1000x1000-1-300x300.webp 300w, https:\/\/prim.cz\/wp-content\/uploads\/2024\/04\/download-17-1000x1000-1-150x150.webp 150w, https:\/\/prim.cz\/wp-content\/uploads\/2024\/04\/download-17-1000x1000-1-768x768.webp 768w\" sizes=\"auto, (max-width: 1000px) 100vw, 1000px\" \/><\/figure>\n\n\n\n<figure class=\"wp-block-image size-large\"><img loading=\"lazy\" decoding=\"async\" width=\"1000\" height=\"1000\" data-id=\"26014\" src=\"https:\/\/new.prim-hodinky.cz\/wp-content\/uploads\/2024\/04\/download-19-1000x1000-1.webp\" alt=\"\" class=\"wp-image-26014\" srcset=\"https:\/\/prim.cz\/wp-content\/uploads\/2024\/04\/download-19-1000x1000-1.webp 1000w, https:\/\/prim.cz\/wp-content\/uploads\/2024\/04\/download-19-1000x1000-1-300x300.webp 300w, https:\/\/prim.cz\/wp-content\/uploads\/2024\/04\/download-19-1000x1000-1-150x150.webp 150w, https:\/\/prim.cz\/wp-content\/uploads\/2024\/04\/download-19-1000x1000-1-768x768.webp 768w\" sizes=\"auto, (max-width: 1000px) 100vw, 1000px\" \/><\/figure>\n\n\n\n<figure class=\"wp-block-image size-large\"><img loading=\"lazy\" decoding=\"async\" width=\"1000\" height=\"1000\" data-id=\"26010\" src=\"https:\/\/new.prim-hodinky.cz\/wp-content\/uploads\/2024\/04\/download-1000x1000-1.webp\" alt=\"\" class=\"wp-image-26010\" srcset=\"https:\/\/prim.cz\/wp-content\/uploads\/2024\/04\/download-1000x1000-1.webp 1000w, https:\/\/prim.cz\/wp-content\/uploads\/2024\/04\/download-1000x1000-1-300x300.webp 300w, https:\/\/prim.cz\/wp-content\/uploads\/2024\/04\/download-1000x1000-1-150x150.webp 150w, https:\/\/prim.cz\/wp-content\/uploads\/2024\/04\/download-1000x1000-1-768x768.webp 768w\" sizes=\"auto, (max-width: 1000px) 100vw, 1000px\" \/><\/figure>\n<\/figure>\n\n\n\n<p>\u201e<em>Ke\u010f sme pri\u0161li a videl som viac ako 80 vystaven\u00fdch vozidiel Toyota a Lexus, doslova mi padla s\u00e1nka. Bola to absol\u00fatne jedine\u010dn\u00e1 akcia, kde bolo mo\u017en\u00e9 vysk\u00fa\u0161a\u0165 v\u0161etky vozidl\u00e1 so v\u0161etk\u00fdmi druhmi pohonu a prezrie\u0165 si r\u00f4zne druhy \u00faprav a prestavieb. Tie\u017e som si mohol sadn\u00fa\u0165 do najnov\u0161ej Toyoty Yaris Rally 2 od HS automobil. So zatajen\u00fdm dychom sme si u\u017eili odv\u00e1\u017enu akrobatick\u00fa \u0161ou fenomen\u00e1lneho pilota Petra Kopfsteina, ktor\u00fd sa aj nesk\u00f4r so mnou zviezol v z\u00e1vodnom Hiluxe. Stretli sme sa s radom olympijsk\u00fdch \u0161portovcov a v\u00fdznamn\u00fdch osobnost\u00ed. Som \u0161\u0165astn\u00fd, \u017ee sme s na\u0161\u00edm t\u00edmom mohli prispie\u0165 k pozit\u00edvnej n\u00e1lade celej akcie a navy\u0161e sme z\u00edskali mnoho nov\u00fdch fan\u00fa\u0161ikov Dakaru.<\/em>&#8220; S \u00fasmevom dodal pilot Tom\u00e1\u0161 Ou\u0159edn\u00ed\u010dek.<\/p>\n\n\n\n<p><strong>T\u00edm Toyota Gazoo Racing Czech sa teraz te\u0161\u00ed na \u010fal\u0161ie stretnutia s fan\u00fa\u0161ikmi:<\/strong><\/p>\n\n\n\n<ul class=\"wp-block-list\">\n<li>27. \u2013 28. 5. v Humpolci, M\u010cR v autokrose \u2014 <strong>je mo\u017en\u00e9 vyhra\u0165 spolujazdu<\/strong>.<\/li>\n\n\n\n<li>1. 5. Leteck\u00fd de\u0148 v N\u00e1m\u011b\u0161ti \u2014 o\u010dak\u00e1va sa 30 000 n\u00e1v\u0161tevn\u00edkov<\/li>\n\n\n\n<li>4. \u2013 6. 5. Z\u00e1meck\u00fd vrch, kde bude Toyota Hilux v akcii<br>!! je mo\u017en\u00e9 vyhra\u0165 spolujazdu !!<\/li>\n\n\n\n<li>11. 5. \u2014 Maj\u00e1les Brno<\/li>\n\n\n\n<li>31. 5. \u2013 2. 6. Motoristick\u00e1 sl\u00e1vnos\u0165 Legendy Praha<\/li>\n<\/ul>\n\n\n\n<figure class=\"wp-block-image size-full\"><img loading=\"lazy\" decoding=\"async\" width=\"1000\" height=\"1000\" src=\"https:\/\/new.prim-hodinky.cz\/wp-content\/uploads\/2024\/04\/download-27-1000x1000-1.jpg\" alt=\"\" class=\"wp-image-26015\" srcset=\"https:\/\/prim.cz\/wp-content\/uploads\/2024\/04\/download-27-1000x1000-1.jpg 1000w, https:\/\/prim.cz\/wp-content\/uploads\/2024\/04\/download-27-1000x1000-1-300x300.jpg 300w, https:\/\/prim.cz\/wp-content\/uploads\/2024\/04\/download-27-1000x1000-1-150x150.jpg 150w, https:\/\/prim.cz\/wp-content\/uploads\/2024\/04\/download-27-1000x1000-1-768x768.jpg 768w\" sizes=\"auto, (max-width: 1000px) 100vw, 1000px\" \/><\/figure>\n","protected":false},"featured_media":0,"template":"","meta":{"_acf_changed":false,"_link_to_original":""},"class_list":["post-44416","aktualita","type-aktualita","status-publish","hentry"],"acf":[],"yoast_head":"<!-- This site is optimized with the Yoast SEO plugin v26.9 - https:\/\/yoast.com\/product\/yoast-seo-wordpress\/ -->\n<title>TGR Czech na festivale Toyota and Lexus - PRIM - origin\u00e1ln\u00ed \u010desk\u00e9 p\u00e1nsk\u00e9, d\u00e1msk\u00e9, d\u011btsk\u00e9 hodinky a hodiny<\/title>\n<meta name=\"robots\" content=\"index, follow, max-snippet:-1, max-image-preview:large, max-video-preview:-1\" \/>\n<link rel=\"canonical\" href=\"https:\/\/prim.cz\/sk\/aktualita\/tgr-czech-na-festivale-toyota-and-lexus\/\" \/>\n<meta property=\"og:locale\" content=\"sk_SK\" \/>\n<meta property=\"og:type\" content=\"article\" \/>\n<meta property=\"og:title\" content=\"TGR Czech na festivale Toyota and Lexus - PRIM - origin\u00e1ln\u00ed \u010desk\u00e9 p\u00e1nsk\u00e9, d\u00e1msk\u00e9, d\u011btsk\u00e9 hodinky a hodiny\" \/>\n<meta property=\"og:description\" content=\"Siln\u00e9 poryvy vetra, kr\u00fapy, slab\u00fd d\u00e1\u017e\u010f, siln\u00fd d\u00e1\u017e\u010f, bezvetrie, modr\u00e1 obloha zaliata slnkom \u2014 skr\u00e1tka typick\u00e9 apr\u00edlov\u00e9 po\u010dasie nepokazilo skvel\u00fa atmosf\u00e9ru prv\u00e9ho ro\u010dn\u00edka festivalu mobility Toyota Lexus. Polyg\u00f3n na letisku v Hradci Kr\u00e1lov\u00e9 hostil najv\u00e4\u010d\u0161iu akciu Toyoty \u010cesk\u00e1 republika s neuverite\u013enou uk\u00e1\u017ekou v\u0161etk\u00fdch modelov najv\u00e4\u010d\u0161ej svetovej automobilky. Perli\u010dkou na skvele pripravenej akcii pre firemn\u00fdch z\u00e1kazn\u00edkov [&hellip;]\" \/>\n<meta property=\"og:url\" content=\"https:\/\/prim.cz\/sk\/aktualita\/tgr-czech-na-festivale-toyota-and-lexus\/\" \/>\n<meta property=\"og:site_name\" content=\"PRIM - origin\u00e1ln\u00ed \u010desk\u00e9 p\u00e1nsk\u00e9, d\u00e1msk\u00e9, d\u011btsk\u00e9 hodinky a hodiny\" \/>\n<meta property=\"article:modified_time\" content=\"2026-03-16T12:07:05+00:00\" \/>\n<meta property=\"og:image\" content=\"https:\/\/prim.cz\/wp-content\/uploads\/2024\/04\/download-22-1000x1000-1.webp\" \/>\n\t<meta property=\"og:image:width\" content=\"1000\" \/>\n\t<meta property=\"og:image:height\" content=\"1000\" \/>\n\t<meta property=\"og:image:type\" content=\"image\/webp\" \/>\n<meta name=\"twitter:card\" content=\"summary_large_image\" \/>\n<meta name=\"twitter:label1\" content=\"Predpokladan\u00fd \u010das \u010d\u00edtania\" \/>\n\t<meta name=\"twitter:data1\" content=\"2 min\u00faty\" \/>\n<script type=\"application\/ld+json\" class=\"yoast-schema-graph\">{\"@context\":\"https:\/\/schema.org\",\"@graph\":[{\"@type\":\"WebPage\",\"@id\":\"https:\/\/prim.cz\/sk\/aktualita\/tgr-czech-na-festivale-toyota-and-lexus\/\",\"url\":\"https:\/\/prim.cz\/sk\/aktualita\/tgr-czech-na-festivale-toyota-and-lexus\/\",\"name\":\"TGR Czech na festivale Toyota and Lexus - PRIM - origin\u00e1ln\u00ed \u010desk\u00e9 p\u00e1nsk\u00e9, d\u00e1msk\u00e9, d\u011btsk\u00e9 hodinky a hodiny\",\"isPartOf\":{\"@id\":\"https:\/\/prim.cz\/en\/#website\"},\"primaryImageOfPage\":{\"@id\":\"https:\/\/prim.cz\/sk\/aktualita\/tgr-czech-na-festivale-toyota-and-lexus\/#primaryimage\"},\"image\":{\"@id\":\"https:\/\/prim.cz\/sk\/aktualita\/tgr-czech-na-festivale-toyota-and-lexus\/#primaryimage\"},\"thumbnailUrl\":\"https:\/\/new.prim-hodinky.cz\/wp-content\/uploads\/2024\/04\/download-22-1000x1000-1.webp\",\"datePublished\":\"2024-04-30T21:23:19+00:00\",\"dateModified\":\"2026-03-16T12:07:05+00:00\",\"breadcrumb\":{\"@id\":\"https:\/\/prim.cz\/sk\/aktualita\/tgr-czech-na-festivale-toyota-and-lexus\/#breadcrumb\"},\"inLanguage\":\"sk-SK\",\"potentialAction\":[{\"@type\":\"ReadAction\",\"target\":[\"https:\/\/prim.cz\/sk\/aktualita\/tgr-czech-na-festivale-toyota-and-lexus\/\"]}]},{\"@type\":\"ImageObject\",\"inLanguage\":\"sk-SK\",\"@id\":\"https:\/\/prim.cz\/sk\/aktualita\/tgr-czech-na-festivale-toyota-and-lexus\/#primaryimage\",\"url\":\"https:\/\/new.prim-hodinky.cz\/wp-content\/uploads\/2024\/04\/download-22-1000x1000-1.webp\",\"contentUrl\":\"https:\/\/new.prim-hodinky.cz\/wp-content\/uploads\/2024\/04\/download-22-1000x1000-1.webp\"},{\"@type\":\"BreadcrumbList\",\"@id\":\"https:\/\/prim.cz\/sk\/aktualita\/tgr-czech-na-festivale-toyota-and-lexus\/#breadcrumb\",\"itemListElement\":[{\"@type\":\"ListItem\",\"position\":1,\"name\":\"Dom\u016f\",\"item\":\"https:\/\/prim.cz\/sk\/\"},{\"@type\":\"ListItem\",\"position\":2,\"name\":\"TGR Czech na festivale Toyota and Lexus\"}]},{\"@type\":\"WebSite\",\"@id\":\"https:\/\/prim.cz\/en\/#website\",\"url\":\"https:\/\/prim.cz\/en\/\",\"name\":\"PRIM - origin\u00e1ln\u00ed \u010desk\u00e9 p\u00e1nsk\u00e9, d\u00e1msk\u00e9, d\u011btsk\u00e9 hodinky a hodiny\",\"description\":\"Nakupujte p\u0159\u00edmo u v\u00fdrobce! Origin\u00e1ln\u00ed eshop s kompletn\u00edm sortimentem \u010desk\u00fdch hodinek PRIM.\",\"alternateName\":\"prim.cz\",\"potentialAction\":[{\"@type\":\"SearchAction\",\"target\":{\"@type\":\"EntryPoint\",\"urlTemplate\":\"https:\/\/prim.cz\/en\/?s={search_term_string}\"},\"query-input\":{\"@type\":\"PropertyValueSpecification\",\"valueRequired\":true,\"valueName\":\"search_term_string\"}}],\"inLanguage\":\"sk-SK\"}]}<\/script>\n<!-- \/ Yoast SEO plugin. -->","yoast_head_json":{"title":"TGR Czech na festivale Toyota and Lexus - PRIM - origin\u00e1ln\u00ed \u010desk\u00e9 p\u00e1nsk\u00e9, d\u00e1msk\u00e9, d\u011btsk\u00e9 hodinky a hodiny","robots":{"index":"index","follow":"follow","max-snippet":"max-snippet:-1","max-image-preview":"max-image-preview:large","max-video-preview":"max-video-preview:-1"},"canonical":"https:\/\/prim.cz\/sk\/aktualita\/tgr-czech-na-festivale-toyota-and-lexus\/","og_locale":"sk_SK","og_type":"article","og_title":"TGR Czech na festivale Toyota and Lexus - PRIM - origin\u00e1ln\u00ed \u010desk\u00e9 p\u00e1nsk\u00e9, d\u00e1msk\u00e9, d\u011btsk\u00e9 hodinky a hodiny","og_description":"Siln\u00e9 poryvy vetra, kr\u00fapy, slab\u00fd d\u00e1\u017e\u010f, siln\u00fd d\u00e1\u017e\u010f, bezvetrie, modr\u00e1 obloha zaliata slnkom \u2014 skr\u00e1tka typick\u00e9 apr\u00edlov\u00e9 po\u010dasie nepokazilo skvel\u00fa atmosf\u00e9ru prv\u00e9ho ro\u010dn\u00edka festivalu mobility Toyota Lexus. Polyg\u00f3n na letisku v Hradci Kr\u00e1lov\u00e9 hostil najv\u00e4\u010d\u0161iu akciu Toyoty \u010cesk\u00e1 republika s neuverite\u013enou uk\u00e1\u017ekou v\u0161etk\u00fdch modelov najv\u00e4\u010d\u0161ej svetovej automobilky. Perli\u010dkou na skvele pripravenej akcii pre firemn\u00fdch z\u00e1kazn\u00edkov [&hellip;]","og_url":"https:\/\/prim.cz\/sk\/aktualita\/tgr-czech-na-festivale-toyota-and-lexus\/","og_site_name":"PRIM - origin\u00e1ln\u00ed \u010desk\u00e9 p\u00e1nsk\u00e9, d\u00e1msk\u00e9, d\u011btsk\u00e9 hodinky a hodiny","article_modified_time":"2026-03-16T12:07:05+00:00","og_image":[{"width":1000,"height":1000,"url":"https:\/\/prim.cz\/wp-content\/uploads\/2024\/04\/download-22-1000x1000-1.webp","type":"image\/webp"}],"twitter_card":"summary_large_image","twitter_misc":{"Predpokladan\u00fd \u010das \u010d\u00edtania":"2 min\u00faty"},"schema":{"@context":"https:\/\/schema.org","@graph":[{"@type":"WebPage","@id":"https:\/\/prim.cz\/sk\/aktualita\/tgr-czech-na-festivale-toyota-and-lexus\/","url":"https:\/\/prim.cz\/sk\/aktualita\/tgr-czech-na-festivale-toyota-and-lexus\/","name":"TGR Czech na festivale Toyota and Lexus - PRIM - origin\u00e1ln\u00ed \u010desk\u00e9 p\u00e1nsk\u00e9, d\u00e1msk\u00e9, d\u011btsk\u00e9 hodinky a hodiny","isPartOf":{"@id":"https:\/\/prim.cz\/en\/#website"},"primaryImageOfPage":{"@id":"https:\/\/prim.cz\/sk\/aktualita\/tgr-czech-na-festivale-toyota-and-lexus\/#primaryimage"},"image":{"@id":"https:\/\/prim.cz\/sk\/aktualita\/tgr-czech-na-festivale-toyota-and-lexus\/#primaryimage"},"thumbnailUrl":"https:\/\/new.prim-hodinky.cz\/wp-content\/uploads\/2024\/04\/download-22-1000x1000-1.webp","datePublished":"2024-04-30T21:23:19+00:00","dateModified":"2026-03-16T12:07:05+00:00","breadcrumb":{"@id":"https:\/\/prim.cz\/sk\/aktualita\/tgr-czech-na-festivale-toyota-and-lexus\/#breadcrumb"},"inLanguage":"sk-SK","potentialAction":[{"@type":"ReadAction","target":["https:\/\/prim.cz\/sk\/aktualita\/tgr-czech-na-festivale-toyota-and-lexus\/"]}]},{"@type":"ImageObject","inLanguage":"sk-SK","@id":"https:\/\/prim.cz\/sk\/aktualita\/tgr-czech-na-festivale-toyota-and-lexus\/#primaryimage","url":"https:\/\/new.prim-hodinky.cz\/wp-content\/uploads\/2024\/04\/download-22-1000x1000-1.webp","contentUrl":"https:\/\/new.prim-hodinky.cz\/wp-content\/uploads\/2024\/04\/download-22-1000x1000-1.webp"},{"@type":"BreadcrumbList","@id":"https:\/\/prim.cz\/sk\/aktualita\/tgr-czech-na-festivale-toyota-and-lexus\/#breadcrumb","itemListElement":[{"@type":"ListItem","position":1,"name":"Dom\u016f","item":"https:\/\/prim.cz\/sk\/"},{"@type":"ListItem","position":2,"name":"TGR Czech na festivale Toyota and Lexus"}]},{"@type":"WebSite","@id":"https:\/\/prim.cz\/en\/#website","url":"https:\/\/prim.cz\/en\/","name":"PRIM - origin\u00e1ln\u00ed \u010desk\u00e9 p\u00e1nsk\u00e9, d\u00e1msk\u00e9, d\u011btsk\u00e9 hodinky a hodiny","description":"Nakupujte p\u0159\u00edmo u v\u00fdrobce! Origin\u00e1ln\u00ed eshop s kompletn\u00edm sortimentem \u010desk\u00fdch hodinek PRIM.","alternateName":"prim.cz","potentialAction":[{"@type":"SearchAction","target":{"@type":"EntryPoint","urlTemplate":"https:\/\/prim.cz\/en\/?s={search_term_string}"},"query-input":{"@type":"PropertyValueSpecification","valueRequired":true,"valueName":"search_term_string"}}],"inLanguage":"sk-SK"}]}},"wpml_current_locale":"sk_SK","wpml_translations":{"cs_CZ":{"locale":"cs_CZ","id":11500,"slug":"tgr-czech-na-festivalu-toyota-and-lexus","post_title":"TGR Czech na festivalu Toyota and Lexus","href":"https:\/\/prim.cz\/aktualita\/tgr-czech-na-festivalu-toyota-and-lexus\/"},"sk_SK":{"locale":"sk_SK","translation":"current"},"pl_PL":{"locale":"pl_PL","id":44419,"slug":"tgr-czech-na-festiwalu-toyota-and-lexus","post_title":"TGR Czech na festiwalu Toyota and Lexus","href":"https:\/\/prim.cz\/pl\/aktualita\/tgr-czech-na-festiwalu-toyota-and-lexus\/"},"en_US":{"locale":"en_US","id":44401,"slug":"tgr-czech-at-the-toyota-and-lexus-festival","post_title":"TGR Czech at the Toyota and Lexus Festival","href":"https:\/\/prim.cz\/en\/aktualita\/tgr-czech-at-the-toyota-and-lexus-festival\/"}},"_links":{"self":[{"href":"https:\/\/prim.cz\/sk\/wp-json\/wp\/v2\/aktualita\/44416","targetHints":{"allow":["GET"]}}],"collection":[{"href":"https:\/\/prim.cz\/sk\/wp-json\/wp\/v2\/aktualita"}],"about":[{"href":"https:\/\/prim.cz\/sk\/wp-json\/wp\/v2\/types\/aktualita"}],"wp:attachment":[{"href":"https:\/\/prim.cz\/sk\/wp-json\/wp\/v2\/media?parent=44416"}],"curies":[{"name":"wp","href":"https:\/\/api.w.org\/{rel}","templated":true}]}}