{"id":44410,"date":"2024-03-04T23:19:00","date_gmt":"2024-03-04T22:19:00","guid":{"rendered":"https:\/\/prim.cz\/aktualita\/motosalon-2024-sk\/"},"modified":"2026-03-16T13:06:51","modified_gmt":"2026-03-16T12:06:51","slug":"motosalon-2024-sk","status":"publish","type":"aktualita","link":"https:\/\/prim.cz\/sk\/aktualita\/motosalon-2024-sk\/","title":{"rendered":"Motosalon 2024"},"content":{"rendered":"\n<p>Dva pavil\u00f3ny&nbsp;P&nbsp;a&nbsp;F&nbsp;boli zaplnen\u00e9 expoz\u00edciami s&nbsp;vystaven\u00fdmi motocyklami, \u0161tvorkolkami a&nbsp;pr\u00edslu\u0161enstvom. V&nbsp;tretej z\u00e1\u017eitkovej hale&nbsp;G1 s&nbsp;podtitulom \u201ePr\u00ed\u010fte sa&nbsp;previez\u0165&#8220; si mohli n\u00e1v\u0161tevn\u00edci zajazdi\u0165 na&nbsp;nov\u00fdch modeloch&nbsp;BMW. V&nbsp;poslednej \u0161tvrtej hale Z&nbsp;pod&nbsp;n\u00e1zvom&nbsp;Burger&nbsp;Festival&nbsp;ARENA&nbsp;v\u0161etk\u00fdch \u010dakalo chutn\u00e9 \u201emotork\u00e1rske&#8220; ob\u010derstvenie. A&nbsp;poriadna z\u00e1bava bola aj&nbsp;vonku, namiesto jednej jazdnej plochy tu boli v&nbsp;ob\u013eahnut\u00ed n\u00e1v\u0161tevn\u00edkov hne\u010f dve&nbsp;stuntridersk\u00e9&nbsp;ar\u00e9ny so&nbsp;sprievodn\u00fdm programom pln\u00fdm divok\u00fdch k\u00faskov na&nbsp;motork\u00e1ch.<\/p>\n\n\n\n<p class=\"has-text-align-left\"><strong>Spanil\u00e1 jazda a&nbsp;zah\u00e1jenie za&nbsp;\u00fa\u010dasti v\u00fdznamn\u00fdch host\u00ed&nbsp;<\/strong><\/p>\n\n\n\n<p>Za zvukov klaks\u00f3nu a&nbsp;bur\u00e1cania motora pri\u0161li do&nbsp;pavil\u00f3nu&nbsp;F&nbsp;\u00fa\u010dastn\u00edci spanilej jazdy z&nbsp;radov v\u00fdznamn\u00fdch host\u00ed, zn\u00e1mych osobnost\u00ed, pretek\u00e1rov aj&nbsp;kaskad\u00e9rov. Davy n\u00e1v\u0161tevn\u00edkov priv\u00edtali gener\u00e1lny riadite\u013e Ve\u013etrhov Brno Jan Kubata, prim\u00e1torka \u0161tatut\u00e1rneho mesta Brna Mark\u00e9ta Va\u0148kov\u00e1, n\u00e1mestn\u00edk ministra dopravy \u010ceskej republiky V\u00e1clav Bernard, hajtman Juhomoravsk\u00e9ho kraja Jan&nbsp;Grolich, prv\u00fd n\u00e1mestn\u00edk policajn\u00e9ho prezidenta Tom\u00e1\u0161&nbsp;Lerch, riadite\u013e Krajsk\u00e9ho riadite\u013estva Pol\u00edcie Juhomoravsk\u00e9ho kraja Leo\u0161 Tr\u017eil, predseda motocyklovej sekcie Zv\u00e4zu dovozcov automobilov Petr Kraj\u010da a&nbsp;ved\u00faci samostatn\u00e9ho oddelenia&nbsp;BESIP&nbsp;ministerstva dopravy Tom\u00e1\u0161&nbsp;Ne\u0159old.<\/p>\n\n\n\n<p>Po zdraviciach host\u00ed po\u017eehnali nov\u00fa motork\u00e1rsku sez\u00f3nu predstavitelia r\u00edmskokatol\u00edckej cirkvi, far\u00e1ri&nbsp;Romuald&nbsp;\u0160t\u011bp\u00e1n Rob a&nbsp;Pavel&nbsp;Laz\u00e1rek. Zaplnen\u00e9 h\u013eadisko tie\u017e pozdravili herci David Mat\u00e1sek, Pavel Li\u0161ka, spev\u00e1k Kamil St\u0159ihavka aj&nbsp;motork\u00e1rske ikony Pepa Sr\u0161e\u0148,&nbsp;<strong>Ollie&nbsp;Rou\u010dkov\u00e1 \u2013&nbsp;Czech&nbsp;Samurais&nbsp;t\u00edm<\/strong>, Veronika&nbsp;Hankocyov\u00e1, Katka Jandov\u00e1, M\u00edra Lis\u00fd, Adam&nbsp;Peschl, Karel Abraham a&nbsp;Igor&nbsp;Brezovar. \u201e<em>V\u010faka sk\u00fatru som sa&nbsp;zozn\u00e1mil so&nbsp;svojou \u017eenou. Nie je to&nbsp;pre m\u0148a len \u017eivotn\u00fd \u0161t\u00fdl, ale aj&nbsp;v\u00e1\u0161e\u0148. Bez motorky si u\u017e \u017eivot neviem predstavi\u0165,<\/em>&#8220; op\u00edsal svoj vz\u0165ah k&nbsp;motork\u00e1m David Mat\u00e1sek, ktor\u00fd&nbsp;bol aj&nbsp;hlavnou tv\u00e1rou tohtoro\u010dn\u00e9ho ro\u010dn\u00edka.<\/p>\n\n\n\n<p><strong>Video spanil\u00e1 jazda:<\/strong>&nbsp;<a href=\"https:\/\/youtu.be\/pk_EDaPwoOg?si=SVTac8MeFa1YB_0y\" target=\"_blank\" rel=\"noreferrer noopener\">https:\/\/youtu.be\/pk_EDaPwoOg?si=SVTac8MeFa1YB_0y<\/a><\/p>\n\n\n\n<p><strong>Martin P\u00edsa\u0159\u00edk,&nbsp;Ollie&nbsp;Rou\u010dkov\u00e1, M\u00edra Lis\u00fd, David&nbsp;Pabi\u0161ka&nbsp;a&nbsp;Milan&nbsp;Engel&nbsp;pretekali na&nbsp;veter\u00e1noch!<\/strong><\/p>\n\n\n\n<p>V\u0161etci \u00fa\u010dastn\u00edci veter\u00e1nskeho preteku&nbsp;VIP&nbsp;osobnost\u00ed za\u010dali v\u00fdberom motocyklov. Na&nbsp;Ollie&nbsp;\u010dakal kr\u00e1sny pretek\u00e1rsky \u0161peci\u00e1l&nbsp;RS&nbsp;Mustang, Milan&nbsp;Engel&nbsp;a&nbsp;David&nbsp;Pabi\u0161ka&nbsp;osedlali ikonick\u00e9&nbsp;fichtly, M\u00edra Lis\u00fd sa&nbsp;zamiloval do&nbsp;kr\u00e1snej \u010diernej&nbsp;\u010c\u00e9Zety&nbsp;a&nbsp;na&nbsp;Martina P\u00edsa\u0159\u00edka zostalo bledomodr\u00e9 \u201ePrasa&#8220;.&nbsp; Po&nbsp;r\u00fdchlom za\u0161kolen\u00ed na&nbsp;t\u00fdchto \u0161peci\u00e1loch vyrazili v\u0161etci na&nbsp;pretek\u00e1rsku tra\u0165 v&nbsp;Show ar\u00e9ne. Slalom bol trochu n\u00e1ro\u010dnej\u0161\u00ed, tak bola nutn\u00e1 asistencia predjezdcov chlapcov&nbsp;Ogarov.<\/p>\n\n\n\n<p class=\"has-text-align-left\">Ollie Rou\u010dkov\u00e1<br>Czech Samurais team<\/p>\n\n\n\n<p><a href=\"http:\/\/www.rouckova.cz\/\" target=\"_blank\" rel=\"noreferrer noopener\">www.rouckova.cz<\/a><br>+420774720519<\/p>\n","protected":false},"featured_media":0,"template":"","meta":{"_acf_changed":false,"_link_to_original":""},"class_list":["post-44410","aktualita","type-aktualita","status-publish","hentry"],"acf":[],"yoast_head":"<!-- This site is optimized with the Yoast SEO plugin v26.9 - https:\/\/yoast.com\/product\/yoast-seo-wordpress\/ -->\n<title>Motosalon 2024 - PRIM - origin\u00e1ln\u00ed \u010desk\u00e9 p\u00e1nsk\u00e9, d\u00e1msk\u00e9, d\u011btsk\u00e9 hodinky a hodiny<\/title>\n<meta name=\"robots\" content=\"index, follow, max-snippet:-1, max-image-preview:large, max-video-preview:-1\" \/>\n<link rel=\"canonical\" href=\"https:\/\/prim.cz\/sk\/aktualita\/motosalon-2024-sk\/\" \/>\n<meta property=\"og:locale\" content=\"sk_SK\" \/>\n<meta property=\"og:type\" content=\"article\" \/>\n<meta property=\"og:title\" content=\"Motosalon 2024 - PRIM - origin\u00e1ln\u00ed \u010desk\u00e9 p\u00e1nsk\u00e9, d\u00e1msk\u00e9, d\u011btsk\u00e9 hodinky a hodiny\" \/>\n<meta property=\"og:description\" content=\"Dva pavil\u00f3ny&nbsp;P&nbsp;a&nbsp;F&nbsp;boli zaplnen\u00e9 expoz\u00edciami s&nbsp;vystaven\u00fdmi motocyklami, \u0161tvorkolkami a&nbsp;pr\u00edslu\u0161enstvom. V&nbsp;tretej z\u00e1\u017eitkovej hale&nbsp;G1 s&nbsp;podtitulom \u201ePr\u00ed\u010fte sa&nbsp;previez\u0165&#8220; si mohli n\u00e1v\u0161tevn\u00edci zajazdi\u0165 na&nbsp;nov\u00fdch modeloch&nbsp;BMW. V&nbsp;poslednej \u0161tvrtej hale Z&nbsp;pod&nbsp;n\u00e1zvom&nbsp;Burger&nbsp;Festival&nbsp;ARENA&nbsp;v\u0161etk\u00fdch \u010dakalo chutn\u00e9 \u201emotork\u00e1rske&#8220; ob\u010derstvenie. A&nbsp;poriadna z\u00e1bava bola aj&nbsp;vonku, namiesto jednej jazdnej plochy tu boli v&nbsp;ob\u013eahnut\u00ed n\u00e1v\u0161tevn\u00edkov hne\u010f dve&nbsp;stuntridersk\u00e9&nbsp;ar\u00e9ny so&nbsp;sprievodn\u00fdm programom pln\u00fdm divok\u00fdch k\u00faskov na&nbsp;motork\u00e1ch. Spanil\u00e1 jazda a&nbsp;zah\u00e1jenie za&nbsp;\u00fa\u010dasti v\u00fdznamn\u00fdch host\u00ed&nbsp; Za [&hellip;]\" \/>\n<meta property=\"og:url\" content=\"https:\/\/prim.cz\/sk\/aktualita\/motosalon-2024-sk\/\" \/>\n<meta property=\"og:site_name\" content=\"PRIM - origin\u00e1ln\u00ed \u010desk\u00e9 p\u00e1nsk\u00e9, d\u00e1msk\u00e9, d\u011btsk\u00e9 hodinky a hodiny\" \/>\n<meta property=\"article:modified_time\" content=\"2026-03-16T12:06:51+00:00\" \/>\n<meta name=\"twitter:card\" content=\"summary_large_image\" \/>\n<meta name=\"twitter:label1\" content=\"Predpokladan\u00fd \u010das \u010d\u00edtania\" \/>\n\t<meta name=\"twitter:data1\" content=\"3 min\u00faty\" \/>\n<script type=\"application\/ld+json\" class=\"yoast-schema-graph\">{\"@context\":\"https:\/\/schema.org\",\"@graph\":[{\"@type\":\"WebPage\",\"@id\":\"https:\/\/prim.cz\/sk\/aktualita\/motosalon-2024-sk\/\",\"url\":\"https:\/\/prim.cz\/sk\/aktualita\/motosalon-2024-sk\/\",\"name\":\"Motosalon 2024 - PRIM - origin\u00e1ln\u00ed \u010desk\u00e9 p\u00e1nsk\u00e9, d\u00e1msk\u00e9, d\u011btsk\u00e9 hodinky a hodiny\",\"isPartOf\":{\"@id\":\"https:\/\/prim.cz\/en\/#website\"},\"datePublished\":\"2024-03-04T22:19:00+00:00\",\"dateModified\":\"2026-03-16T12:06:51+00:00\",\"breadcrumb\":{\"@id\":\"https:\/\/prim.cz\/sk\/aktualita\/motosalon-2024-sk\/#breadcrumb\"},\"inLanguage\":\"sk-SK\",\"potentialAction\":[{\"@type\":\"ReadAction\",\"target\":[\"https:\/\/prim.cz\/sk\/aktualita\/motosalon-2024-sk\/\"]}]},{\"@type\":\"BreadcrumbList\",\"@id\":\"https:\/\/prim.cz\/sk\/aktualita\/motosalon-2024-sk\/#breadcrumb\",\"itemListElement\":[{\"@type\":\"ListItem\",\"position\":1,\"name\":\"Dom\u016f\",\"item\":\"https:\/\/prim.cz\/sk\/\"},{\"@type\":\"ListItem\",\"position\":2,\"name\":\"Motosalon 2024\"}]},{\"@type\":\"WebSite\",\"@id\":\"https:\/\/prim.cz\/en\/#website\",\"url\":\"https:\/\/prim.cz\/en\/\",\"name\":\"PRIM - origin\u00e1ln\u00ed \u010desk\u00e9 p\u00e1nsk\u00e9, d\u00e1msk\u00e9, d\u011btsk\u00e9 hodinky a hodiny\",\"description\":\"Nakupujte p\u0159\u00edmo u v\u00fdrobce! Origin\u00e1ln\u00ed eshop s kompletn\u00edm sortimentem \u010desk\u00fdch hodinek PRIM.\",\"alternateName\":\"prim.cz\",\"potentialAction\":[{\"@type\":\"SearchAction\",\"target\":{\"@type\":\"EntryPoint\",\"urlTemplate\":\"https:\/\/prim.cz\/en\/?s={search_term_string}\"},\"query-input\":{\"@type\":\"PropertyValueSpecification\",\"valueRequired\":true,\"valueName\":\"search_term_string\"}}],\"inLanguage\":\"sk-SK\"}]}<\/script>\n<!-- \/ Yoast SEO plugin. -->","yoast_head_json":{"title":"Motosalon 2024 - PRIM - origin\u00e1ln\u00ed \u010desk\u00e9 p\u00e1nsk\u00e9, d\u00e1msk\u00e9, d\u011btsk\u00e9 hodinky a hodiny","robots":{"index":"index","follow":"follow","max-snippet":"max-snippet:-1","max-image-preview":"max-image-preview:large","max-video-preview":"max-video-preview:-1"},"canonical":"https:\/\/prim.cz\/sk\/aktualita\/motosalon-2024-sk\/","og_locale":"sk_SK","og_type":"article","og_title":"Motosalon 2024 - PRIM - origin\u00e1ln\u00ed \u010desk\u00e9 p\u00e1nsk\u00e9, d\u00e1msk\u00e9, d\u011btsk\u00e9 hodinky a hodiny","og_description":"Dva pavil\u00f3ny&nbsp;P&nbsp;a&nbsp;F&nbsp;boli zaplnen\u00e9 expoz\u00edciami s&nbsp;vystaven\u00fdmi motocyklami, \u0161tvorkolkami a&nbsp;pr\u00edslu\u0161enstvom. V&nbsp;tretej z\u00e1\u017eitkovej hale&nbsp;G1 s&nbsp;podtitulom \u201ePr\u00ed\u010fte sa&nbsp;previez\u0165&#8220; si mohli n\u00e1v\u0161tevn\u00edci zajazdi\u0165 na&nbsp;nov\u00fdch modeloch&nbsp;BMW. V&nbsp;poslednej \u0161tvrtej hale Z&nbsp;pod&nbsp;n\u00e1zvom&nbsp;Burger&nbsp;Festival&nbsp;ARENA&nbsp;v\u0161etk\u00fdch \u010dakalo chutn\u00e9 \u201emotork\u00e1rske&#8220; ob\u010derstvenie. A&nbsp;poriadna z\u00e1bava bola aj&nbsp;vonku, namiesto jednej jazdnej plochy tu boli v&nbsp;ob\u013eahnut\u00ed n\u00e1v\u0161tevn\u00edkov hne\u010f dve&nbsp;stuntridersk\u00e9&nbsp;ar\u00e9ny so&nbsp;sprievodn\u00fdm programom pln\u00fdm divok\u00fdch k\u00faskov na&nbsp;motork\u00e1ch. Spanil\u00e1 jazda a&nbsp;zah\u00e1jenie za&nbsp;\u00fa\u010dasti v\u00fdznamn\u00fdch host\u00ed&nbsp; Za [&hellip;]","og_url":"https:\/\/prim.cz\/sk\/aktualita\/motosalon-2024-sk\/","og_site_name":"PRIM - origin\u00e1ln\u00ed \u010desk\u00e9 p\u00e1nsk\u00e9, d\u00e1msk\u00e9, d\u011btsk\u00e9 hodinky a hodiny","article_modified_time":"2026-03-16T12:06:51+00:00","twitter_card":"summary_large_image","twitter_misc":{"Predpokladan\u00fd \u010das \u010d\u00edtania":"3 min\u00faty"},"schema":{"@context":"https:\/\/schema.org","@graph":[{"@type":"WebPage","@id":"https:\/\/prim.cz\/sk\/aktualita\/motosalon-2024-sk\/","url":"https:\/\/prim.cz\/sk\/aktualita\/motosalon-2024-sk\/","name":"Motosalon 2024 - PRIM - origin\u00e1ln\u00ed \u010desk\u00e9 p\u00e1nsk\u00e9, d\u00e1msk\u00e9, d\u011btsk\u00e9 hodinky a hodiny","isPartOf":{"@id":"https:\/\/prim.cz\/en\/#website"},"datePublished":"2024-03-04T22:19:00+00:00","dateModified":"2026-03-16T12:06:51+00:00","breadcrumb":{"@id":"https:\/\/prim.cz\/sk\/aktualita\/motosalon-2024-sk\/#breadcrumb"},"inLanguage":"sk-SK","potentialAction":[{"@type":"ReadAction","target":["https:\/\/prim.cz\/sk\/aktualita\/motosalon-2024-sk\/"]}]},{"@type":"BreadcrumbList","@id":"https:\/\/prim.cz\/sk\/aktualita\/motosalon-2024-sk\/#breadcrumb","itemListElement":[{"@type":"ListItem","position":1,"name":"Dom\u016f","item":"https:\/\/prim.cz\/sk\/"},{"@type":"ListItem","position":2,"name":"Motosalon 2024"}]},{"@type":"WebSite","@id":"https:\/\/prim.cz\/en\/#website","url":"https:\/\/prim.cz\/en\/","name":"PRIM - origin\u00e1ln\u00ed \u010desk\u00e9 p\u00e1nsk\u00e9, d\u00e1msk\u00e9, d\u011btsk\u00e9 hodinky a hodiny","description":"Nakupujte p\u0159\u00edmo u v\u00fdrobce! Origin\u00e1ln\u00ed eshop s kompletn\u00edm sortimentem \u010desk\u00fdch hodinek PRIM.","alternateName":"prim.cz","potentialAction":[{"@type":"SearchAction","target":{"@type":"EntryPoint","urlTemplate":"https:\/\/prim.cz\/en\/?s={search_term_string}"},"query-input":{"@type":"PropertyValueSpecification","valueRequired":true,"valueName":"search_term_string"}}],"inLanguage":"sk-SK"}]}},"wpml_current_locale":"sk_SK","wpml_translations":{"cs_CZ":{"locale":"cs_CZ","id":11490,"slug":"motosalon-2024","post_title":"Motosalon 2024","href":"https:\/\/prim.cz\/aktualita\/motosalon-2024\/"},"sk_SK":{"locale":"sk_SK","translation":"current"},"pl_PL":{"locale":"pl_PL","id":44415,"slug":"motosalon-2024-pl","post_title":"Motosalon 2024","href":"https:\/\/prim.cz\/pl\/aktualita\/motosalon-2024-pl\/"},"en_US":{"locale":"en_US","id":44397,"slug":"motosalon-2024-en","post_title":"Motosalon 2024","href":"https:\/\/prim.cz\/en\/aktualita\/motosalon-2024-en\/"}},"_links":{"self":[{"href":"https:\/\/prim.cz\/sk\/wp-json\/wp\/v2\/aktualita\/44410","targetHints":{"allow":["GET"]}}],"collection":[{"href":"https:\/\/prim.cz\/sk\/wp-json\/wp\/v2\/aktualita"}],"about":[{"href":"https:\/\/prim.cz\/sk\/wp-json\/wp\/v2\/types\/aktualita"}],"wp:attachment":[{"href":"https:\/\/prim.cz\/sk\/wp-json\/wp\/v2\/media?parent=44410"}],"curies":[{"name":"wp","href":"https:\/\/api.w.org\/{rel}","templated":true}]}}