{"id":44406,"date":"2023-09-25T23:15:00","date_gmt":"2023-09-25T21:15:00","guid":{"rendered":"https:\/\/prim.cz\/aktualita\/czech-tour-2023-sk\/"},"modified":"2026-03-16T13:06:53","modified_gmt":"2026-03-16T12:06:53","slug":"czech-tour-2023-sk","status":"publish","type":"aktualita","link":"https:\/\/prim.cz\/sk\/aktualita\/czech-tour-2023-sk\/","title":{"rendered":"Czech Tour 2023"},"content":{"rendered":"\n<p><strong>Senza\u010dn\u00e9 tretie miesto v absol\u00fatnom porad\u00ed v konkurencii troch t\u00edmov z World Tour a mnoh\u00fdch vynikaj\u00facich form\u00e1ci\u00ed kateg\u00f3rie UCI ProTeams vybojoval Jakub Otruba na Czech Tour 2023. Naposledy mala tuzemsk\u00e1 cyklistika zast\u00fapenie na stup\u0148och v\u00ed\u0165azov v kone\u010dnom \u00fa\u010dtovan\u00ed v roku 2019, ke\u010f rovnako bronzov\u00fa prie\u010dku obsadil Michael Kukrle. \u201eJe to perfektn\u00e9,&#8220; rozpl\u00fdval sa p\u00e4\u0165dvadsa\u0165ro\u010dn\u00fd rod\u00e1k z Olomouca patriaci do zostavy ATT Investments.<\/strong><\/p>\n\n\n\n<p>\u201ePosledn\u00fd mesiac je skuto\u010dne par\u00e1dny. D\u00fafam, \u017ee ma to posunie,&#8220; radoval sa Jakub Otruba po tom, \u010do fini\u0161oval deviaty v z\u00e1vere\u010dnej \u0161tvrtej etape.<\/p>\n\n\n\n<p>Pritom kr\u00e1tko pred cie\u013eom ok\u00fasil na vlastnej ko\u017ei drsnos\u0165 kociek na n\u00e1mest\u00ed v \u0160ternberku. \u201eJazdil som o \u0161tvrt\u00e9 miesto. Posledn\u00e9 okruhy som \u0161liapal naplno a sna\u017eil sa dobehn\u00fa\u0165 do cie\u013ea medzi prv\u00fdmi. Nerie\u0161il som, kto je na akej poz\u00edcii. Ale vlastnou chybou mi bicykel na kock\u00e1ch podk\u013azol v poslednej z\u00e1krute. Tak som sa zase vr\u00e1til na svoju poz\u00edciu na koniec desiatky. V s\u00fa\u010dte to nakoniec sta\u010dilo na p\u00f3dium,&#8220; rozpr\u00e1val Otruba.<\/p>\n\n\n\n<p><strong>Odkaz na cel\u00fd \u010dl\u00e1nok:&nbsp;<\/strong><a href=\"https:\/\/www.czechtour.com\/cs\/perfektni-vysledek-ve-skvele-atmosfere-rozplyval-se-bronzovy-jakub-otruba\">https:\/\/www.czechtour.com\/cs\/perfektni-vysledek-ve-skvele-atmosfere-rozplyval-se-bronzovy-jakub-otruba<\/a><\/p>\n\n\n\n<figure class=\"wp-block-gallery has-nested-images columns-default is-cropped wp-block-gallery-1 is-layout-flex wp-block-gallery-is-layout-flex\">\n<figure class=\"wp-block-image size-large\"><img loading=\"lazy\" decoding=\"async\" width=\"481\" height=\"321\" data-id=\"26019\" src=\"https:\/\/new.prim-hodinky.cz\/wp-content\/uploads\/2023\/09\/czech-tour-2023_2.webp\" alt=\"\" class=\"wp-image-26019\" srcset=\"https:\/\/prim.cz\/wp-content\/uploads\/2023\/09\/czech-tour-2023_2.webp 481w, https:\/\/prim.cz\/wp-content\/uploads\/2023\/09\/czech-tour-2023_2-300x200.webp 300w\" sizes=\"auto, (max-width: 481px) 100vw, 481px\" \/><\/figure>\n\n\n\n<figure class=\"wp-block-image size-large\"><img loading=\"lazy\" decoding=\"async\" width=\"408\" height=\"306\" data-id=\"26018\" src=\"https:\/\/new.prim-hodinky.cz\/wp-content\/uploads\/2023\/09\/Czech-tour-2023_1.webp\" alt=\"\" class=\"wp-image-26018\" srcset=\"https:\/\/prim.cz\/wp-content\/uploads\/2023\/09\/Czech-tour-2023_1.webp 408w, https:\/\/prim.cz\/wp-content\/uploads\/2023\/09\/Czech-tour-2023_1-300x225.webp 300w\" sizes=\"auto, (max-width: 408px) 100vw, 408px\" \/><\/figure>\n\n\n\n<figure class=\"wp-block-image size-large\"><img loading=\"lazy\" decoding=\"async\" width=\"819\" height=\"1024\" data-id=\"26020\" src=\"https:\/\/new.prim-hodinky.cz\/wp-content\/uploads\/2023\/09\/otruba-jakub-819x1024-1.webp\" alt=\"\" class=\"wp-image-26020\" srcset=\"https:\/\/prim.cz\/wp-content\/uploads\/2023\/09\/otruba-jakub-819x1024-1.webp 819w, https:\/\/prim.cz\/wp-content\/uploads\/2023\/09\/otruba-jakub-819x1024-1-240x300.webp 240w, https:\/\/prim.cz\/wp-content\/uploads\/2023\/09\/otruba-jakub-819x1024-1-768x960.webp 768w\" sizes=\"auto, (max-width: 819px) 100vw, 819px\" \/><\/figure>\n<\/figure>\n","protected":false},"featured_media":0,"template":"","meta":{"_acf_changed":false,"_link_to_original":""},"class_list":["post-44406","aktualita","type-aktualita","status-publish","hentry"],"acf":[],"yoast_head":"<!-- This site is optimized with the Yoast SEO plugin v26.9 - https:\/\/yoast.com\/product\/yoast-seo-wordpress\/ -->\n<title>Czech Tour 2023 - PRIM - origin\u00e1ln\u00ed \u010desk\u00e9 p\u00e1nsk\u00e9, d\u00e1msk\u00e9, d\u011btsk\u00e9 hodinky a hodiny<\/title>\n<meta name=\"robots\" content=\"index, follow, max-snippet:-1, max-image-preview:large, max-video-preview:-1\" \/>\n<link rel=\"canonical\" href=\"https:\/\/prim.cz\/sk\/aktualita\/czech-tour-2023-sk\/\" \/>\n<meta property=\"og:locale\" content=\"sk_SK\" \/>\n<meta property=\"og:type\" content=\"article\" \/>\n<meta property=\"og:title\" content=\"Czech Tour 2023 - PRIM - origin\u00e1ln\u00ed \u010desk\u00e9 p\u00e1nsk\u00e9, d\u00e1msk\u00e9, d\u011btsk\u00e9 hodinky a hodiny\" \/>\n<meta property=\"og:description\" content=\"Senza\u010dn\u00e9 tretie miesto v absol\u00fatnom porad\u00ed v konkurencii troch t\u00edmov z World Tour a mnoh\u00fdch vynikaj\u00facich form\u00e1ci\u00ed kateg\u00f3rie UCI ProTeams vybojoval Jakub Otruba na Czech Tour 2023. Naposledy mala tuzemsk\u00e1 cyklistika zast\u00fapenie na stup\u0148och v\u00ed\u0165azov v kone\u010dnom \u00fa\u010dtovan\u00ed v roku 2019, ke\u010f rovnako bronzov\u00fa prie\u010dku obsadil Michael Kukrle. \u201eJe to perfektn\u00e9,&#8220; rozpl\u00fdval sa p\u00e4\u0165dvadsa\u0165ro\u010dn\u00fd rod\u00e1k [&hellip;]\" \/>\n<meta property=\"og:url\" content=\"https:\/\/prim.cz\/sk\/aktualita\/czech-tour-2023-sk\/\" \/>\n<meta property=\"og:site_name\" content=\"PRIM - origin\u00e1ln\u00ed \u010desk\u00e9 p\u00e1nsk\u00e9, d\u00e1msk\u00e9, d\u011btsk\u00e9 hodinky a hodiny\" \/>\n<meta property=\"article:modified_time\" content=\"2026-03-16T12:06:53+00:00\" \/>\n<meta property=\"og:image\" content=\"https:\/\/prim.cz\/wp-content\/uploads\/2023\/09\/czech-tour-2023_2.webp\" \/>\n\t<meta property=\"og:image:width\" content=\"481\" \/>\n\t<meta property=\"og:image:height\" content=\"321\" \/>\n\t<meta property=\"og:image:type\" content=\"image\/webp\" \/>\n<meta name=\"twitter:card\" content=\"summary_large_image\" \/>\n<meta name=\"twitter:label1\" content=\"Predpokladan\u00fd \u010das \u010d\u00edtania\" \/>\n\t<meta name=\"twitter:data1\" content=\"1 min\u00fata\" \/>\n<script type=\"application\/ld+json\" class=\"yoast-schema-graph\">{\"@context\":\"https:\/\/schema.org\",\"@graph\":[{\"@type\":\"WebPage\",\"@id\":\"https:\/\/prim.cz\/sk\/aktualita\/czech-tour-2023-sk\/\",\"url\":\"https:\/\/prim.cz\/sk\/aktualita\/czech-tour-2023-sk\/\",\"name\":\"Czech Tour 2023 - PRIM - origin\u00e1ln\u00ed \u010desk\u00e9 p\u00e1nsk\u00e9, d\u00e1msk\u00e9, d\u011btsk\u00e9 hodinky a hodiny\",\"isPartOf\":{\"@id\":\"https:\/\/prim.cz\/en\/#website\"},\"primaryImageOfPage\":{\"@id\":\"https:\/\/prim.cz\/sk\/aktualita\/czech-tour-2023-sk\/#primaryimage\"},\"image\":{\"@id\":\"https:\/\/prim.cz\/sk\/aktualita\/czech-tour-2023-sk\/#primaryimage\"},\"thumbnailUrl\":\"https:\/\/new.prim-hodinky.cz\/wp-content\/uploads\/2023\/09\/czech-tour-2023_2.webp\",\"datePublished\":\"2023-09-25T21:15:00+00:00\",\"dateModified\":\"2026-03-16T12:06:53+00:00\",\"breadcrumb\":{\"@id\":\"https:\/\/prim.cz\/sk\/aktualita\/czech-tour-2023-sk\/#breadcrumb\"},\"inLanguage\":\"sk-SK\",\"potentialAction\":[{\"@type\":\"ReadAction\",\"target\":[\"https:\/\/prim.cz\/sk\/aktualita\/czech-tour-2023-sk\/\"]}]},{\"@type\":\"ImageObject\",\"inLanguage\":\"sk-SK\",\"@id\":\"https:\/\/prim.cz\/sk\/aktualita\/czech-tour-2023-sk\/#primaryimage\",\"url\":\"https:\/\/new.prim-hodinky.cz\/wp-content\/uploads\/2023\/09\/czech-tour-2023_2.webp\",\"contentUrl\":\"https:\/\/new.prim-hodinky.cz\/wp-content\/uploads\/2023\/09\/czech-tour-2023_2.webp\"},{\"@type\":\"BreadcrumbList\",\"@id\":\"https:\/\/prim.cz\/sk\/aktualita\/czech-tour-2023-sk\/#breadcrumb\",\"itemListElement\":[{\"@type\":\"ListItem\",\"position\":1,\"name\":\"Dom\u016f\",\"item\":\"https:\/\/prim.cz\/sk\/\"},{\"@type\":\"ListItem\",\"position\":2,\"name\":\"Czech Tour 2023\"}]},{\"@type\":\"WebSite\",\"@id\":\"https:\/\/prim.cz\/en\/#website\",\"url\":\"https:\/\/prim.cz\/en\/\",\"name\":\"PRIM - origin\u00e1ln\u00ed \u010desk\u00e9 p\u00e1nsk\u00e9, d\u00e1msk\u00e9, d\u011btsk\u00e9 hodinky a hodiny\",\"description\":\"Nakupujte p\u0159\u00edmo u v\u00fdrobce! Origin\u00e1ln\u00ed eshop s kompletn\u00edm sortimentem \u010desk\u00fdch hodinek PRIM.\",\"alternateName\":\"prim.cz\",\"potentialAction\":[{\"@type\":\"SearchAction\",\"target\":{\"@type\":\"EntryPoint\",\"urlTemplate\":\"https:\/\/prim.cz\/en\/?s={search_term_string}\"},\"query-input\":{\"@type\":\"PropertyValueSpecification\",\"valueRequired\":true,\"valueName\":\"search_term_string\"}}],\"inLanguage\":\"sk-SK\"}]}<\/script>\n<!-- \/ Yoast SEO plugin. -->","yoast_head_json":{"title":"Czech Tour 2023 - PRIM - origin\u00e1ln\u00ed \u010desk\u00e9 p\u00e1nsk\u00e9, d\u00e1msk\u00e9, d\u011btsk\u00e9 hodinky a hodiny","robots":{"index":"index","follow":"follow","max-snippet":"max-snippet:-1","max-image-preview":"max-image-preview:large","max-video-preview":"max-video-preview:-1"},"canonical":"https:\/\/prim.cz\/sk\/aktualita\/czech-tour-2023-sk\/","og_locale":"sk_SK","og_type":"article","og_title":"Czech Tour 2023 - PRIM - origin\u00e1ln\u00ed \u010desk\u00e9 p\u00e1nsk\u00e9, d\u00e1msk\u00e9, d\u011btsk\u00e9 hodinky a hodiny","og_description":"Senza\u010dn\u00e9 tretie miesto v absol\u00fatnom porad\u00ed v konkurencii troch t\u00edmov z World Tour a mnoh\u00fdch vynikaj\u00facich form\u00e1ci\u00ed kateg\u00f3rie UCI ProTeams vybojoval Jakub Otruba na Czech Tour 2023. Naposledy mala tuzemsk\u00e1 cyklistika zast\u00fapenie na stup\u0148och v\u00ed\u0165azov v kone\u010dnom \u00fa\u010dtovan\u00ed v roku 2019, ke\u010f rovnako bronzov\u00fa prie\u010dku obsadil Michael Kukrle. \u201eJe to perfektn\u00e9,&#8220; rozpl\u00fdval sa p\u00e4\u0165dvadsa\u0165ro\u010dn\u00fd rod\u00e1k [&hellip;]","og_url":"https:\/\/prim.cz\/sk\/aktualita\/czech-tour-2023-sk\/","og_site_name":"PRIM - origin\u00e1ln\u00ed \u010desk\u00e9 p\u00e1nsk\u00e9, d\u00e1msk\u00e9, d\u011btsk\u00e9 hodinky a hodiny","article_modified_time":"2026-03-16T12:06:53+00:00","og_image":[{"width":481,"height":321,"url":"https:\/\/prim.cz\/wp-content\/uploads\/2023\/09\/czech-tour-2023_2.webp","type":"image\/webp"}],"twitter_card":"summary_large_image","twitter_misc":{"Predpokladan\u00fd \u010das \u010d\u00edtania":"1 min\u00fata"},"schema":{"@context":"https:\/\/schema.org","@graph":[{"@type":"WebPage","@id":"https:\/\/prim.cz\/sk\/aktualita\/czech-tour-2023-sk\/","url":"https:\/\/prim.cz\/sk\/aktualita\/czech-tour-2023-sk\/","name":"Czech Tour 2023 - PRIM - origin\u00e1ln\u00ed \u010desk\u00e9 p\u00e1nsk\u00e9, d\u00e1msk\u00e9, d\u011btsk\u00e9 hodinky a hodiny","isPartOf":{"@id":"https:\/\/prim.cz\/en\/#website"},"primaryImageOfPage":{"@id":"https:\/\/prim.cz\/sk\/aktualita\/czech-tour-2023-sk\/#primaryimage"},"image":{"@id":"https:\/\/prim.cz\/sk\/aktualita\/czech-tour-2023-sk\/#primaryimage"},"thumbnailUrl":"https:\/\/new.prim-hodinky.cz\/wp-content\/uploads\/2023\/09\/czech-tour-2023_2.webp","datePublished":"2023-09-25T21:15:00+00:00","dateModified":"2026-03-16T12:06:53+00:00","breadcrumb":{"@id":"https:\/\/prim.cz\/sk\/aktualita\/czech-tour-2023-sk\/#breadcrumb"},"inLanguage":"sk-SK","potentialAction":[{"@type":"ReadAction","target":["https:\/\/prim.cz\/sk\/aktualita\/czech-tour-2023-sk\/"]}]},{"@type":"ImageObject","inLanguage":"sk-SK","@id":"https:\/\/prim.cz\/sk\/aktualita\/czech-tour-2023-sk\/#primaryimage","url":"https:\/\/new.prim-hodinky.cz\/wp-content\/uploads\/2023\/09\/czech-tour-2023_2.webp","contentUrl":"https:\/\/new.prim-hodinky.cz\/wp-content\/uploads\/2023\/09\/czech-tour-2023_2.webp"},{"@type":"BreadcrumbList","@id":"https:\/\/prim.cz\/sk\/aktualita\/czech-tour-2023-sk\/#breadcrumb","itemListElement":[{"@type":"ListItem","position":1,"name":"Dom\u016f","item":"https:\/\/prim.cz\/sk\/"},{"@type":"ListItem","position":2,"name":"Czech Tour 2023"}]},{"@type":"WebSite","@id":"https:\/\/prim.cz\/en\/#website","url":"https:\/\/prim.cz\/en\/","name":"PRIM - origin\u00e1ln\u00ed \u010desk\u00e9 p\u00e1nsk\u00e9, d\u00e1msk\u00e9, d\u011btsk\u00e9 hodinky a hodiny","description":"Nakupujte p\u0159\u00edmo u v\u00fdrobce! Origin\u00e1ln\u00ed eshop s kompletn\u00edm sortimentem \u010desk\u00fdch hodinek PRIM.","alternateName":"prim.cz","potentialAction":[{"@type":"SearchAction","target":{"@type":"EntryPoint","urlTemplate":"https:\/\/prim.cz\/en\/?s={search_term_string}"},"query-input":{"@type":"PropertyValueSpecification","valueRequired":true,"valueName":"search_term_string"}}],"inLanguage":"sk-SK"}]}},"wpml_current_locale":"sk_SK","wpml_translations":{"cs_CZ":{"locale":"cs_CZ","id":11473,"slug":"czech-tour-2023","post_title":"Czech tour 2023","href":"https:\/\/prim.cz\/aktualita\/czech-tour-2023\/"},"sk_SK":{"locale":"sk_SK","translation":"current"},"pl_PL":{"locale":"pl_PL","id":44412,"slug":"czech-tour-2023-pl","post_title":"Czech Tour 2023","href":"https:\/\/prim.cz\/pl\/aktualita\/czech-tour-2023-pl\/"},"en_US":{"locale":"en_US","id":44400,"slug":"czech-tour-2023-en","post_title":"Czech Tour 2023","href":"https:\/\/prim.cz\/en\/aktualita\/czech-tour-2023-en\/"}},"_links":{"self":[{"href":"https:\/\/prim.cz\/sk\/wp-json\/wp\/v2\/aktualita\/44406","targetHints":{"allow":["GET"]}}],"collection":[{"href":"https:\/\/prim.cz\/sk\/wp-json\/wp\/v2\/aktualita"}],"about":[{"href":"https:\/\/prim.cz\/sk\/wp-json\/wp\/v2\/types\/aktualita"}],"wp:attachment":[{"href":"https:\/\/prim.cz\/sk\/wp-json\/wp\/v2\/media?parent=44406"}],"curies":[{"name":"wp","href":"https:\/\/api.w.org\/{rel}","templated":true}]}}