{"id":44106,"date":"2025-11-04T11:36:38","date_gmt":"2025-11-04T10:36:38","guid":{"rendered":"https:\/\/prim.cz\/aktualita\/predstavenie-prim-dakar-liaz-1985\/"},"modified":"2026-03-16T11:52:01","modified_gmt":"2026-03-16T10:52:01","slug":"predstavenie-prim-dakar-liaz-1985","status":"publish","type":"aktualita","link":"https:\/\/prim.cz\/sk\/aktualita\/predstavenie-prim-dakar-liaz-1985\/","title":{"rendered":"Predstavenie hodiniek PRIM Dakar LIAZ 1985"},"content":{"rendered":"\n<h2 class=\"wp-block-heading has-text-align-center\"><strong>Limitovan\u00e1 ed\u00edcia PRIM Dakar LIAZ 1985 sl\u00e1vnostne predstaven\u00e1. Vypredala sa do 24 hod\u00edn!<\/strong><\/h2>\n\n\n<div id=\"b-napfly_mhkfrmpb\" class=\"brxe-div\"><div id=\"b-ayweor_mhkfrmpb\" class=\"brxe-div brx-grid\"><div id=\"b-elmhws_mhkfrmpb\" class=\"brxe-div\"><div id=\"b-fiwcpy_mhkfrmpb\" class=\"brxe-text text\"><p>V stredu 22. okt\u00f3bra 2025 sa v <b>Automoto Museum Lu\u010dany uskuto\u010dnilo sl\u00e1vnostn\u00e9 predstavenie<\/b> limitovanej ed\u00edcie hodiniek <b>PRIM Dakar LIAZ 1985<\/b>. Akcia priniesla siln\u00fa nostalgiu motoristick\u00e9ho \u0161portu aj hrd\u00fd moment \u010desk\u00e9ho hodin\u00e1rskeho remesla \u2014 model vzd\u00e1va hold \u00fa\u010dasti \u010deskoslovensk\u00fdch jazdcov na Rallye Dakar 1985.<\/p>\n<p>Medzi hos\u0165ami boli vtedaj\u0161\u00ed jazdci&nbsp;<b>Ji\u0159\u00ed Moskal<\/b>, <b>Jaroslav Jokl\u00edk<\/b>&nbsp;a \u010fal\u0161\u00ed akt\u00e9ri spjat\u00ed s touto kapitolou motoristickej hist\u00f3rie, \u010falej z\u00e1stupcovia m\u00e9di\u00ed a nad\u0161en\u00ed priaznivci zna\u010dky PRIM. Na mieste bol tie\u017e Josef Kakrda, ktor\u00fd sa v\u00fdrazne podie\u013eal na pr\u00edprave ed\u00edcie a pomohol vtisn\u00fa\u0165 hodink\u00e1m ich autentick\u00fd pr\u00edbeh a detaily.<\/p>\n<\/div><\/div><img loading=\"lazy\" decoding=\"async\" width=\"768\" height=\"768\" src=\"https:\/\/prim.cz\/wp-content\/uploads\/2025\/11\/DSC_0262-768x768.webp\" class=\"brxe-image css-filter size-medium_large\" alt=\"\" id=\"b-zjyjxo_mhkfrmpb\" srcset=\"https:\/\/prim.cz\/wp-content\/uploads\/2025\/11\/DSC_0262-768x768.webp 768w, https:\/\/prim.cz\/wp-content\/uploads\/2025\/11\/DSC_0262-300x300.webp 300w, https:\/\/prim.cz\/wp-content\/uploads\/2025\/11\/DSC_0262-150x150.webp 150w, https:\/\/prim.cz\/wp-content\/uploads\/2025\/11\/DSC_0262.webp 1000w\" sizes=\"auto, (max-width: 768px) 100vw, 768px\" \/><\/div><\/div>\n\n<div id=\"b-napfly_mhkftokn\" class=\"brxe-div\"><div id=\"b-eutllh_mhkftokn\" class=\"brxe-div brx-grid\"><div id=\"b-puqlks_mhkftokn\" class=\"brxe-div\"><div id=\"b-pmylor_mhkftokn\" class=\"brxe-text text\"><p>Priestor Automoto Museum Lu\u010dany poskytol ide\u00e1lnu kul\u00edsu \u2014 medzi veter\u00e1nmi a expon\u00e1tmi sa hodinky predstavili v kontexte, ktor\u00fd ich mot\u00edvom v\u00fdborne sed\u00ed. Hostia mohli zbl\u00edzka obdivova\u0165 starostliv\u00e9 spracovanie: detaily \u010d\u00edseln\u00edka in\u0161pirovan\u00e9 palubnou doskou, rytiny odkazuj\u00face na rok 1985 a limitovan\u00e9 ozna\u010denie ka\u017ed\u00e9ho kusu.<\/p>\n<\/div><\/div><img loading=\"lazy\" decoding=\"async\" width=\"1000\" height=\"1000\" src=\"https:\/\/prim.cz\/wp-content\/uploads\/2025\/11\/DSC_0258.webp\" class=\"brxe-image css-filter size-large\" alt=\"\" id=\"b-rsphyt_mhkftokn\" srcset=\"https:\/\/prim.cz\/wp-content\/uploads\/2025\/11\/DSC_0258.webp 1000w, https:\/\/prim.cz\/wp-content\/uploads\/2025\/11\/DSC_0258-300x300.webp 300w, https:\/\/prim.cz\/wp-content\/uploads\/2025\/11\/DSC_0258-150x150.webp 150w, https:\/\/prim.cz\/wp-content\/uploads\/2025\/11\/DSC_0258-768x768.webp 768w\" sizes=\"auto, (max-width: 1000px) 100vw, 1000px\" \/><\/div><\/div>\n\n<div id=\"b-napfly_mhkfumd8\" class=\"brxe-div\"><div id=\"b-ayweor_mhkfumd8\" class=\"brxe-div brx-grid\"><div id=\"b-elmhws_mhkfumd8\" class=\"brxe-div\"><div id=\"b-fiwcpy_mhkfumd8\" class=\"brxe-text text\"><p>Odozva bola okam\u017eit\u00e1 \u2014 v\u0161etk\u00fdch 40 kusov ed\u00edcie sa vypredalo do 24 hod\u00edn od spustenia predaja. Tento z\u00e1ujem potvrdzuje, \u017ee siln\u00fd pr\u00edbeh spojen\u00fd s kvalitou a autenticitou zna\u010dky PRIM silno rezonuje u zberate\u013eov aj fan\u00fa\u0161ikov motoristick\u00e9ho \u0161portu.<\/p>\n<p>\u010eakujeme v\u0161etk\u00fdm \u00fa\u010dastn\u00edkom akcie, jazdcom, p\u00e1novi Kakrdovi, m\u00fazeu i v\u0161etk\u00fdm, ktor\u00ed dali ed\u00edcii d\u00f4veru.<\/p>\n<p>A ako t\u00e1to limitovan\u00e1 ed\u00edcia vyzerala? <u><a href=\"https:\/\/prim.cz\/prim-dakar-liaz-1985\/\" target=\"_blank\">Pozrite sa tu.<\/a><\/u><\/p>\n<\/div><\/div><img loading=\"lazy\" decoding=\"async\" width=\"768\" height=\"768\" src=\"https:\/\/prim.cz\/wp-content\/uploads\/2025\/11\/DSC_0244-768x768.webp\" class=\"brxe-image css-filter size-medium_large\" alt=\"\" id=\"b-zjyjxo_mhkfumd8\" srcset=\"https:\/\/prim.cz\/wp-content\/uploads\/2025\/11\/DSC_0244-768x768.webp 768w, https:\/\/prim.cz\/wp-content\/uploads\/2025\/11\/DSC_0244-300x300.webp 300w, https:\/\/prim.cz\/wp-content\/uploads\/2025\/11\/DSC_0244-150x150.webp 150w, https:\/\/prim.cz\/wp-content\/uploads\/2025\/11\/DSC_0244.webp 1000w\" sizes=\"auto, (max-width: 768px) 100vw, 768px\" \/><\/div><\/div>\n\n<div id=\"b-qdovdx_mhkfoye1\" class=\"brxe-div\"><\/div>\n\n\n<figure class=\"wp-block-gallery has-nested-images columns-default is-cropped wp-block-gallery-1 is-layout-flex wp-block-gallery-is-layout-flex\">\n<figure class=\"wp-block-image size-large\"><img loading=\"lazy\" decoding=\"async\" width=\"1000\" height=\"1000\" data-id=\"39055\" src=\"https:\/\/prim.cz\/wp-content\/uploads\/2025\/11\/KHIR2313.webp\" alt=\"\" class=\"wp-image-39055\" srcset=\"https:\/\/prim.cz\/wp-content\/uploads\/2025\/11\/KHIR2313.webp 1000w, https:\/\/prim.cz\/wp-content\/uploads\/2025\/11\/KHIR2313-300x300.webp 300w, https:\/\/prim.cz\/wp-content\/uploads\/2025\/11\/KHIR2313-150x150.webp 150w, https:\/\/prim.cz\/wp-content\/uploads\/2025\/11\/KHIR2313-768x768.webp 768w\" sizes=\"auto, (max-width: 1000px) 100vw, 1000px\" \/><\/figure>\n\n\n\n<figure class=\"wp-block-image size-large\"><img loading=\"lazy\" decoding=\"async\" width=\"1000\" height=\"1000\" data-id=\"39052\" src=\"https:\/\/prim.cz\/wp-content\/uploads\/2025\/11\/DSC_0273.webp\" alt=\"\" class=\"wp-image-39052\" srcset=\"https:\/\/prim.cz\/wp-content\/uploads\/2025\/11\/DSC_0273.webp 1000w, https:\/\/prim.cz\/wp-content\/uploads\/2025\/11\/DSC_0273-300x300.webp 300w, https:\/\/prim.cz\/wp-content\/uploads\/2025\/11\/DSC_0273-150x150.webp 150w, https:\/\/prim.cz\/wp-content\/uploads\/2025\/11\/DSC_0273-768x768.webp 768w\" sizes=\"auto, (max-width: 1000px) 100vw, 1000px\" \/><\/figure>\n\n\n\n<figure class=\"wp-block-image size-large\"><img loading=\"lazy\" decoding=\"async\" width=\"1000\" height=\"1000\" data-id=\"39051\" src=\"https:\/\/prim.cz\/wp-content\/uploads\/2025\/11\/DSC_0264.webp\" alt=\"\" class=\"wp-image-39051\" srcset=\"https:\/\/prim.cz\/wp-content\/uploads\/2025\/11\/DSC_0264.webp 1000w, https:\/\/prim.cz\/wp-content\/uploads\/2025\/11\/DSC_0264-300x300.webp 300w, https:\/\/prim.cz\/wp-content\/uploads\/2025\/11\/DSC_0264-150x150.webp 150w, https:\/\/prim.cz\/wp-content\/uploads\/2025\/11\/DSC_0264-768x768.webp 768w\" sizes=\"auto, (max-width: 1000px) 100vw, 1000px\" \/><\/figure>\n\n\n\n<figure class=\"wp-block-image size-large\"><img loading=\"lazy\" decoding=\"async\" width=\"1000\" height=\"1000\" data-id=\"39050\" src=\"https:\/\/prim.cz\/wp-content\/uploads\/2025\/11\/DSC_0263.webp\" alt=\"\" class=\"wp-image-39050\" srcset=\"https:\/\/prim.cz\/wp-content\/uploads\/2025\/11\/DSC_0263.webp 1000w, https:\/\/prim.cz\/wp-content\/uploads\/2025\/11\/DSC_0263-300x300.webp 300w, https:\/\/prim.cz\/wp-content\/uploads\/2025\/11\/DSC_0263-150x150.webp 150w, https:\/\/prim.cz\/wp-content\/uploads\/2025\/11\/DSC_0263-768x768.webp 768w\" sizes=\"auto, (max-width: 1000px) 100vw, 1000px\" \/><\/figure>\n\n\n\n<figure class=\"wp-block-image size-large\"><img loading=\"lazy\" decoding=\"async\" width=\"1000\" height=\"1000\" data-id=\"39049\" src=\"https:\/\/prim.cz\/wp-content\/uploads\/2025\/11\/DSC_0262.webp\" alt=\"\" class=\"wp-image-39049\" srcset=\"https:\/\/prim.cz\/wp-content\/uploads\/2025\/11\/DSC_0262.webp 1000w, https:\/\/prim.cz\/wp-content\/uploads\/2025\/11\/DSC_0262-300x300.webp 300w, https:\/\/prim.cz\/wp-content\/uploads\/2025\/11\/DSC_0262-150x150.webp 150w, https:\/\/prim.cz\/wp-content\/uploads\/2025\/11\/DSC_0262-768x768.webp 768w\" sizes=\"auto, (max-width: 1000px) 100vw, 1000px\" \/><\/figure>\n\n\n\n<figure class=\"wp-block-image size-large\"><img loading=\"lazy\" decoding=\"async\" width=\"1000\" height=\"1000\" data-id=\"39047\" src=\"https:\/\/prim.cz\/wp-content\/uploads\/2025\/11\/DSC_0254.webp\" alt=\"\" class=\"wp-image-39047\" srcset=\"https:\/\/prim.cz\/wp-content\/uploads\/2025\/11\/DSC_0254.webp 1000w, https:\/\/prim.cz\/wp-content\/uploads\/2025\/11\/DSC_0254-300x300.webp 300w, https:\/\/prim.cz\/wp-content\/uploads\/2025\/11\/DSC_0254-150x150.webp 150w, https:\/\/prim.cz\/wp-content\/uploads\/2025\/11\/DSC_0254-768x768.webp 768w\" sizes=\"auto, (max-width: 1000px) 100vw, 1000px\" \/><\/figure>\n\n\n\n<figure class=\"wp-block-image size-large\"><img loading=\"lazy\" decoding=\"async\" width=\"1000\" height=\"1000\" data-id=\"39046\" src=\"https:\/\/prim.cz\/wp-content\/uploads\/2025\/11\/DSC_0248.webp\" alt=\"\" class=\"wp-image-39046\" srcset=\"https:\/\/prim.cz\/wp-content\/uploads\/2025\/11\/DSC_0248.webp 1000w, https:\/\/prim.cz\/wp-content\/uploads\/2025\/11\/DSC_0248-300x300.webp 300w, https:\/\/prim.cz\/wp-content\/uploads\/2025\/11\/DSC_0248-150x150.webp 150w, https:\/\/prim.cz\/wp-content\/uploads\/2025\/11\/DSC_0248-768x768.webp 768w\" sizes=\"auto, (max-width: 1000px) 100vw, 1000px\" \/><\/figure>\n\n\n\n<figure class=\"wp-block-image size-large\"><img loading=\"lazy\" decoding=\"async\" width=\"1000\" height=\"1000\" data-id=\"39044\" src=\"https:\/\/prim.cz\/wp-content\/uploads\/2025\/11\/DSC_0237.webp\" alt=\"\" class=\"wp-image-39044\" srcset=\"https:\/\/prim.cz\/wp-content\/uploads\/2025\/11\/DSC_0237.webp 1000w, https:\/\/prim.cz\/wp-content\/uploads\/2025\/11\/DSC_0237-300x300.webp 300w, https:\/\/prim.cz\/wp-content\/uploads\/2025\/11\/DSC_0237-150x150.webp 150w, https:\/\/prim.cz\/wp-content\/uploads\/2025\/11\/DSC_0237-768x768.webp 768w\" sizes=\"auto, (max-width: 1000px) 100vw, 1000px\" \/><\/figure>\n\n\n\n<figure class=\"wp-block-image size-large\"><img loading=\"lazy\" decoding=\"async\" width=\"1000\" height=\"1000\" data-id=\"39043\" src=\"https:\/\/prim.cz\/wp-content\/uploads\/2025\/11\/DSC_0222.webp\" alt=\"\" class=\"wp-image-39043\" srcset=\"https:\/\/prim.cz\/wp-content\/uploads\/2025\/11\/DSC_0222.webp 1000w, https:\/\/prim.cz\/wp-content\/uploads\/2025\/11\/DSC_0222-300x300.webp 300w, https:\/\/prim.cz\/wp-content\/uploads\/2025\/11\/DSC_0222-150x150.webp 150w, https:\/\/prim.cz\/wp-content\/uploads\/2025\/11\/DSC_0222-768x768.webp 768w\" sizes=\"auto, (max-width: 1000px) 100vw, 1000px\" \/><\/figure>\n<\/figure>\n\n\n<div id=\"b-qdovdx_mgf162z0\" class=\"brxe-div\"><\/div>\n\n\n<p><\/p>\n","protected":false},"featured_media":0,"template":"","meta":{"_acf_changed":false,"_link_to_original":""},"class_list":["post-44106","aktualita","type-aktualita","status-publish","hentry"],"acf":[],"yoast_head":"<!-- This site is optimized with the Yoast SEO plugin v26.9 - https:\/\/yoast.com\/product\/yoast-seo-wordpress\/ -->\n<title>Predstavenie hodiniek PRIM Dakar LIAZ 1985 - PRIM - origin\u00e1ln\u00ed \u010desk\u00e9 p\u00e1nsk\u00e9, d\u00e1msk\u00e9, d\u011btsk\u00e9 hodinky a hodiny<\/title>\n<meta name=\"robots\" content=\"index, follow, max-snippet:-1, max-image-preview:large, max-video-preview:-1\" \/>\n<link rel=\"canonical\" href=\"https:\/\/prim.cz\/sk\/aktualita\/predstavenie-prim-dakar-liaz-1985\/\" \/>\n<meta property=\"og:locale\" content=\"sk_SK\" \/>\n<meta property=\"og:type\" content=\"article\" \/>\n<meta property=\"og:title\" content=\"Predstavenie hodiniek PRIM Dakar LIAZ 1985 - PRIM - origin\u00e1ln\u00ed \u010desk\u00e9 p\u00e1nsk\u00e9, d\u00e1msk\u00e9, d\u011btsk\u00e9 hodinky a hodiny\" \/>\n<meta property=\"og:description\" content=\"Limitovan\u00e1 ed\u00edcia PRIM Dakar LIAZ 1985 sl\u00e1vnostne predstaven\u00e1. Vypredala sa do 24 hod\u00edn!\" \/>\n<meta property=\"og:url\" content=\"https:\/\/prim.cz\/sk\/aktualita\/predstavenie-prim-dakar-liaz-1985\/\" \/>\n<meta property=\"og:site_name\" content=\"PRIM - origin\u00e1ln\u00ed \u010desk\u00e9 p\u00e1nsk\u00e9, d\u00e1msk\u00e9, d\u011btsk\u00e9 hodinky a hodiny\" \/>\n<meta property=\"article:modified_time\" content=\"2026-03-16T10:52:01+00:00\" \/>\n<meta property=\"og:image\" content=\"https:\/\/prim.cz\/wp-content\/uploads\/2025\/11\/DSC_0262-768x768.webp\" \/>\n<meta name=\"twitter:card\" content=\"summary_large_image\" \/>\n<meta name=\"twitter:label1\" content=\"Predpokladan\u00fd \u010das \u010d\u00edtania\" \/>\n\t<meta name=\"twitter:data1\" content=\"1 min\u00fata\" \/>\n<script type=\"application\/ld+json\" class=\"yoast-schema-graph\">{\"@context\":\"https:\/\/schema.org\",\"@graph\":[{\"@type\":\"WebPage\",\"@id\":\"https:\/\/prim.cz\/sk\/aktualita\/predstavenie-prim-dakar-liaz-1985\/\",\"url\":\"https:\/\/prim.cz\/sk\/aktualita\/predstavenie-prim-dakar-liaz-1985\/\",\"name\":\"Predstavenie hodiniek PRIM Dakar LIAZ 1985 - PRIM - origin\u00e1ln\u00ed \u010desk\u00e9 p\u00e1nsk\u00e9, d\u00e1msk\u00e9, d\u011btsk\u00e9 hodinky a hodiny\",\"isPartOf\":{\"@id\":\"https:\/\/prim.cz\/en\/#website\"},\"primaryImageOfPage\":{\"@id\":\"https:\/\/prim.cz\/sk\/aktualita\/predstavenie-prim-dakar-liaz-1985\/#primaryimage\"},\"image\":{\"@id\":\"https:\/\/prim.cz\/sk\/aktualita\/predstavenie-prim-dakar-liaz-1985\/#primaryimage\"},\"thumbnailUrl\":\"https:\/\/prim.cz\/wp-content\/uploads\/2025\/11\/DSC_0262-768x768.webp\",\"datePublished\":\"2025-11-04T10:36:38+00:00\",\"dateModified\":\"2026-03-16T10:52:01+00:00\",\"breadcrumb\":{\"@id\":\"https:\/\/prim.cz\/sk\/aktualita\/predstavenie-prim-dakar-liaz-1985\/#breadcrumb\"},\"inLanguage\":\"sk-SK\",\"potentialAction\":[{\"@type\":\"ReadAction\",\"target\":[\"https:\/\/prim.cz\/sk\/aktualita\/predstavenie-prim-dakar-liaz-1985\/\"]}]},{\"@type\":\"ImageObject\",\"inLanguage\":\"sk-SK\",\"@id\":\"https:\/\/prim.cz\/sk\/aktualita\/predstavenie-prim-dakar-liaz-1985\/#primaryimage\",\"url\":\"https:\/\/prim.cz\/wp-content\/uploads\/2025\/11\/DSC_0262-768x768.webp\",\"contentUrl\":\"https:\/\/prim.cz\/wp-content\/uploads\/2025\/11\/DSC_0262-768x768.webp\"},{\"@type\":\"BreadcrumbList\",\"@id\":\"https:\/\/prim.cz\/sk\/aktualita\/predstavenie-prim-dakar-liaz-1985\/#breadcrumb\",\"itemListElement\":[{\"@type\":\"ListItem\",\"position\":1,\"name\":\"Dom\u016f\",\"item\":\"https:\/\/prim.cz\/sk\/\"},{\"@type\":\"ListItem\",\"position\":2,\"name\":\"Predstavenie hodiniek PRIM Dakar LIAZ 1985\"}]},{\"@type\":\"WebSite\",\"@id\":\"https:\/\/prim.cz\/en\/#website\",\"url\":\"https:\/\/prim.cz\/en\/\",\"name\":\"PRIM - origin\u00e1ln\u00ed \u010desk\u00e9 p\u00e1nsk\u00e9, d\u00e1msk\u00e9, d\u011btsk\u00e9 hodinky a hodiny\",\"description\":\"Nakupujte p\u0159\u00edmo u v\u00fdrobce! Origin\u00e1ln\u00ed eshop s kompletn\u00edm sortimentem \u010desk\u00fdch hodinek PRIM.\",\"alternateName\":\"prim.cz\",\"potentialAction\":[{\"@type\":\"SearchAction\",\"target\":{\"@type\":\"EntryPoint\",\"urlTemplate\":\"https:\/\/prim.cz\/en\/?s={search_term_string}\"},\"query-input\":{\"@type\":\"PropertyValueSpecification\",\"valueRequired\":true,\"valueName\":\"search_term_string\"}}],\"inLanguage\":\"sk-SK\"}]}<\/script>\n<!-- \/ Yoast SEO plugin. -->","yoast_head_json":{"title":"Predstavenie hodiniek PRIM Dakar LIAZ 1985 - PRIM - origin\u00e1ln\u00ed \u010desk\u00e9 p\u00e1nsk\u00e9, d\u00e1msk\u00e9, d\u011btsk\u00e9 hodinky a hodiny","robots":{"index":"index","follow":"follow","max-snippet":"max-snippet:-1","max-image-preview":"max-image-preview:large","max-video-preview":"max-video-preview:-1"},"canonical":"https:\/\/prim.cz\/sk\/aktualita\/predstavenie-prim-dakar-liaz-1985\/","og_locale":"sk_SK","og_type":"article","og_title":"Predstavenie hodiniek PRIM Dakar LIAZ 1985 - PRIM - origin\u00e1ln\u00ed \u010desk\u00e9 p\u00e1nsk\u00e9, d\u00e1msk\u00e9, d\u011btsk\u00e9 hodinky a hodiny","og_description":"Limitovan\u00e1 ed\u00edcia PRIM Dakar LIAZ 1985 sl\u00e1vnostne predstaven\u00e1. Vypredala sa do 24 hod\u00edn!","og_url":"https:\/\/prim.cz\/sk\/aktualita\/predstavenie-prim-dakar-liaz-1985\/","og_site_name":"PRIM - origin\u00e1ln\u00ed \u010desk\u00e9 p\u00e1nsk\u00e9, d\u00e1msk\u00e9, d\u011btsk\u00e9 hodinky a hodiny","article_modified_time":"2026-03-16T10:52:01+00:00","og_image":[{"url":"https:\/\/prim.cz\/wp-content\/uploads\/2025\/11\/DSC_0262-768x768.webp","type":"","width":"","height":""}],"twitter_card":"summary_large_image","twitter_misc":{"Predpokladan\u00fd \u010das \u010d\u00edtania":"1 min\u00fata"},"schema":{"@context":"https:\/\/schema.org","@graph":[{"@type":"WebPage","@id":"https:\/\/prim.cz\/sk\/aktualita\/predstavenie-prim-dakar-liaz-1985\/","url":"https:\/\/prim.cz\/sk\/aktualita\/predstavenie-prim-dakar-liaz-1985\/","name":"Predstavenie hodiniek PRIM Dakar LIAZ 1985 - PRIM - origin\u00e1ln\u00ed \u010desk\u00e9 p\u00e1nsk\u00e9, d\u00e1msk\u00e9, d\u011btsk\u00e9 hodinky a hodiny","isPartOf":{"@id":"https:\/\/prim.cz\/en\/#website"},"primaryImageOfPage":{"@id":"https:\/\/prim.cz\/sk\/aktualita\/predstavenie-prim-dakar-liaz-1985\/#primaryimage"},"image":{"@id":"https:\/\/prim.cz\/sk\/aktualita\/predstavenie-prim-dakar-liaz-1985\/#primaryimage"},"thumbnailUrl":"https:\/\/prim.cz\/wp-content\/uploads\/2025\/11\/DSC_0262-768x768.webp","datePublished":"2025-11-04T10:36:38+00:00","dateModified":"2026-03-16T10:52:01+00:00","breadcrumb":{"@id":"https:\/\/prim.cz\/sk\/aktualita\/predstavenie-prim-dakar-liaz-1985\/#breadcrumb"},"inLanguage":"sk-SK","potentialAction":[{"@type":"ReadAction","target":["https:\/\/prim.cz\/sk\/aktualita\/predstavenie-prim-dakar-liaz-1985\/"]}]},{"@type":"ImageObject","inLanguage":"sk-SK","@id":"https:\/\/prim.cz\/sk\/aktualita\/predstavenie-prim-dakar-liaz-1985\/#primaryimage","url":"https:\/\/prim.cz\/wp-content\/uploads\/2025\/11\/DSC_0262-768x768.webp","contentUrl":"https:\/\/prim.cz\/wp-content\/uploads\/2025\/11\/DSC_0262-768x768.webp"},{"@type":"BreadcrumbList","@id":"https:\/\/prim.cz\/sk\/aktualita\/predstavenie-prim-dakar-liaz-1985\/#breadcrumb","itemListElement":[{"@type":"ListItem","position":1,"name":"Dom\u016f","item":"https:\/\/prim.cz\/sk\/"},{"@type":"ListItem","position":2,"name":"Predstavenie hodiniek PRIM Dakar LIAZ 1985"}]},{"@type":"WebSite","@id":"https:\/\/prim.cz\/en\/#website","url":"https:\/\/prim.cz\/en\/","name":"PRIM - origin\u00e1ln\u00ed \u010desk\u00e9 p\u00e1nsk\u00e9, d\u00e1msk\u00e9, d\u011btsk\u00e9 hodinky a hodiny","description":"Nakupujte p\u0159\u00edmo u v\u00fdrobce! Origin\u00e1ln\u00ed eshop s kompletn\u00edm sortimentem \u010desk\u00fdch hodinek PRIM.","alternateName":"prim.cz","potentialAction":[{"@type":"SearchAction","target":{"@type":"EntryPoint","urlTemplate":"https:\/\/prim.cz\/en\/?s={search_term_string}"},"query-input":{"@type":"PropertyValueSpecification","valueRequired":true,"valueName":"search_term_string"}}],"inLanguage":"sk-SK"}]}},"wpml_current_locale":"sk_SK","wpml_translations":{"cs_CZ":{"locale":"cs_CZ","id":39040,"slug":"predstaveni-prim-dakar-liaz-1985","post_title":"P\u0159edstaven\u00ed hodinek PRIM Dakar LIAZ 1985","href":"https:\/\/prim.cz\/aktualita\/predstaveni-prim-dakar-liaz-1985\/"},"sk_SK":{"locale":"sk_SK","translation":"current"},"pl_PL":{"locale":"pl_PL","id":44114,"slug":"prezentacja-prim-dakar-liaz-1985","post_title":"Prezentacja zegarka PRIM Dakar LIAZ 1985","href":"https:\/\/prim.cz\/pl\/aktualita\/prezentacja-prim-dakar-liaz-1985\/"},"en_US":{"locale":"en_US","id":44095,"slug":"presentation-prim-dakar-liaz-1985","post_title":"Presentation of the PRIM Dakar LIAZ 1985 Watch","href":"https:\/\/prim.cz\/en\/aktualita\/presentation-prim-dakar-liaz-1985\/"}},"_links":{"self":[{"href":"https:\/\/prim.cz\/sk\/wp-json\/wp\/v2\/aktualita\/44106","targetHints":{"allow":["GET"]}}],"collection":[{"href":"https:\/\/prim.cz\/sk\/wp-json\/wp\/v2\/aktualita"}],"about":[{"href":"https:\/\/prim.cz\/sk\/wp-json\/wp\/v2\/types\/aktualita"}],"wp:attachment":[{"href":"https:\/\/prim.cz\/sk\/wp-json\/wp\/v2\/media?parent=44106"}],"curies":[{"name":"wp","href":"https:\/\/api.w.org\/{rel}","templated":true}]}}