{"id":44105,"date":"2025-03-20T08:06:56","date_gmt":"2025-03-20T07:06:56","guid":{"rendered":"https:\/\/prim.cz\/aktualita\/hodinky-prim-pre-najlepsieho-trenera-roka-2025\/"},"modified":"2026-03-16T11:51:19","modified_gmt":"2026-03-16T10:51:19","slug":"hodinky-prim-pre-najlepsieho-trenera-roka-2025","status":"publish","type":"aktualita","link":"https:\/\/prim.cz\/sk\/aktualita\/hodinky-prim-pre-najlepsieho-trenera-roka-2025\/","title":{"rendered":"Hodinky PRIM pre najlep\u0161ieho tr\u00e9nera roka 2025!"},"content":{"rendered":"\n<p>Sme hrd\u00ed, \u017ee m\u00f4\u017eeme ako partneri podpori\u0165 t\u00fdch, ktor\u00ed tr\u00e9nuj\u00fa srdcom. Najlep\u0161\u00ed tr\u00e9ner roka 2025 si okrem prest\u00ed\u017eneho ocenenia odn\u00e1\u0161a aj \u010desk\u00e9 hodinky PRIM \u2013 symbol prec\u00edznosti, trad\u00edcie a vytrvalosti. Gratulujeme v\u00ed\u0165azom, Pavlovi Dav\u00eddkovi a Radimovi Rul\u00edkovi! \u010eakujeme v\u0161etk\u00fdm tr\u00e9nerom, ktor\u00ed in\u0161piruj\u00fa \u010fal\u0161ie gener\u00e1cie \u0161portovcov!<\/p>\n\n\n\n<figure class=\"wp-block-gallery has-nested-images columns-default is-cropped wp-block-gallery-1 is-layout-flex wp-block-gallery-is-layout-flex\">\n<figure class=\"wp-block-image size-large\"><img loading=\"lazy\" decoding=\"async\" width=\"1024\" height=\"683\" data-id=\"30293\" src=\"https:\/\/new.prim-hodinky.cz\/wp-content\/uploads\/2025\/03\/COV_foto_009_id_sOH3fkC9ThAAAAAAAAT62g_67d7e584db7cd-1024x683.webp\" alt=\"\" class=\"wp-image-30293\" srcset=\"https:\/\/prim.cz\/wp-content\/uploads\/2025\/03\/COV_foto_009_id_sOH3fkC9ThAAAAAAAAT62g_67d7e584db7cd-1024x683.webp 1024w, https:\/\/prim.cz\/wp-content\/uploads\/2025\/03\/COV_foto_009_id_sOH3fkC9ThAAAAAAAAT62g_67d7e584db7cd-300x200.webp 300w, https:\/\/prim.cz\/wp-content\/uploads\/2025\/03\/COV_foto_009_id_sOH3fkC9ThAAAAAAAAT62g_67d7e584db7cd-768x512.webp 768w, https:\/\/prim.cz\/wp-content\/uploads\/2025\/03\/COV_foto_009_id_sOH3fkC9ThAAAAAAAAT62g_67d7e584db7cd-1536x1024.webp 1536w, https:\/\/prim.cz\/wp-content\/uploads\/2025\/03\/COV_foto_009_id_sOH3fkC9ThAAAAAAAAT62g_67d7e584db7cd.webp 1920w\" sizes=\"auto, (max-width: 1024px) 100vw, 1024px\" \/><\/figure>\n\n\n\n<figure class=\"wp-block-image size-large\"><img loading=\"lazy\" decoding=\"async\" width=\"1024\" height=\"683\" data-id=\"30291\" src=\"https:\/\/new.prim-hodinky.cz\/wp-content\/uploads\/2025\/03\/COV_foto_008_id_sOH3fkC9ThAAAAAAAAT65g_67d7e57fe2cc7-1024x683.webp\" alt=\"\" class=\"wp-image-30291\" srcset=\"https:\/\/prim.cz\/wp-content\/uploads\/2025\/03\/COV_foto_008_id_sOH3fkC9ThAAAAAAAAT65g_67d7e57fe2cc7-1024x683.webp 1024w, https:\/\/prim.cz\/wp-content\/uploads\/2025\/03\/COV_foto_008_id_sOH3fkC9ThAAAAAAAAT65g_67d7e57fe2cc7-300x200.webp 300w, https:\/\/prim.cz\/wp-content\/uploads\/2025\/03\/COV_foto_008_id_sOH3fkC9ThAAAAAAAAT65g_67d7e57fe2cc7-768x512.webp 768w, https:\/\/prim.cz\/wp-content\/uploads\/2025\/03\/COV_foto_008_id_sOH3fkC9ThAAAAAAAAT65g_67d7e57fe2cc7-1536x1024.webp 1536w, https:\/\/prim.cz\/wp-content\/uploads\/2025\/03\/COV_foto_008_id_sOH3fkC9ThAAAAAAAAT65g_67d7e57fe2cc7.webp 1920w\" sizes=\"auto, (max-width: 1024px) 100vw, 1024px\" \/><\/figure>\n\n\n\n<figure class=\"wp-block-image size-large\"><img loading=\"lazy\" decoding=\"async\" width=\"1024\" height=\"819\" data-id=\"30292\" src=\"https:\/\/new.prim-hodinky.cz\/wp-content\/uploads\/2025\/03\/COV_foto_013_id_sOH3fkC9ThAAAAAAAAT60Q_67d7e58beea46-1-1024x819.webp\" alt=\"\" class=\"wp-image-30292\" srcset=\"https:\/\/prim.cz\/wp-content\/uploads\/2025\/03\/COV_foto_013_id_sOH3fkC9ThAAAAAAAAT60Q_67d7e58beea46-1-1024x819.webp 1024w, https:\/\/prim.cz\/wp-content\/uploads\/2025\/03\/COV_foto_013_id_sOH3fkC9ThAAAAAAAAT60Q_67d7e58beea46-1-300x240.webp 300w, https:\/\/prim.cz\/wp-content\/uploads\/2025\/03\/COV_foto_013_id_sOH3fkC9ThAAAAAAAAT60Q_67d7e58beea46-1-768x614.webp 768w, https:\/\/prim.cz\/wp-content\/uploads\/2025\/03\/COV_foto_013_id_sOH3fkC9ThAAAAAAAAT60Q_67d7e58beea46-1-1536x1229.webp 1536w, https:\/\/prim.cz\/wp-content\/uploads\/2025\/03\/COV_foto_013_id_sOH3fkC9ThAAAAAAAAT60Q_67d7e58beea46-1.webp 1920w\" sizes=\"auto, (max-width: 1024px) 100vw, 1024px\" \/><\/figure>\n<\/figure>\n\n\n\n<p>Na tr\u00e1ve, vode \u010di ov\u00e1le s\u00fa ako doma, napriek tomu sa tr\u00e9neri nez\u013eakli ani toho, ke\u010f sa stali priamymi \u00fa\u010dastn\u00edkmi divadeln\u00e9ho predstavenia. Ude\u013eovanie cien Tr\u00e9ner roka toti\u017e prebiehalo v \u010cinohernom klube pri hre D\u00e1msky kraj\u010d\u00edr. Individu\u00e1lnu kateg\u00f3riu ovl\u00e1dol Pavel Dav\u00eddek. Tr\u00e9ner, s ktor\u00fdm kajak\u00e1r Josef Dost\u00e1l nadviazal na rad strieborn\u00fdch a bronzov\u00fdch medail\u00ed z olympijsk\u00fdch hier a v Par\u00ed\u017ei z\u00edskal vyt\u00fa\u017een\u00e9 zlato.<\/p>\n\n\n\n<p>V ankete \u010ceskej tr\u00e9nerskej akad\u00e9mie, ktor\u00e1 je s\u00fa\u010das\u0165ou \u010cesk\u00e9ho olympijsk\u00e9ho v\u00fdboru, kateg\u00f3riu kolekt\u00edvnych \u0161portov ovl\u00e1dol u\u017e po druh\u00fdkr\u00e1t Radim Rul\u00edk, ktor\u00fd st\u00e1l za zlat\u00fdmi hokejistami vlani na majstrovstv\u00e1ch sveta v Prahe. Tr\u00e9nerom objavite\u013eom sa stal Ji\u0159\u00ed \u0160usta, v\u010faka ktor\u00e9mu sa mnoho n\u00e1dejn\u00fdch mlad\u00fdch futbalistov dostalo a\u017e na vrcholn\u00fa \u00farove\u0148. Tr\u00e9nerom para\u0161portu bol ocenen\u00fd Petr Theil, ktor\u00fd pom\u00e1ha k \u00faspechom paraplavca Davida Kratochv\u00edla, paralympijsk\u00e9ho v\u00ed\u0165aza z Par\u00ed\u017ea. Do Siene sl\u00e1vy pribudlo sedem ve\u013ek\u00fdch mien, vr\u00e1tane tr\u00e9nera bronzov\u00fdch \u0161ermiarov z Par\u00ed\u017ea Old\u0159icha Kubi\u0161tu.<\/p>\n\n\n\n<p>\u201eVy m\u00e1te vz\u00e1cnu kombin\u00e1ciu dvoch nebezpe\u010dn\u00fdch v\u00edrusov, v\u00edrus \u0160usta a \u0160micer,&#8220; povedal jeden z hercov pri vtipnej sc\u00e9nke futbalov\u00e9ho tr\u00e9nera a jeho b\u00fdval\u00e9ho zverenca. \u201eV\u00edrus \u0160usta sa podp\u00edsal na de\u0165och a ml\u00e1de\u017ei vo v\u00edrusovej kol\u00f3nii Slavia. Jedn\u00fdm z jeho ve\u013ek\u00fdch objavov bolo vytvorenie v\u00edrusovej mut\u00e1cie \u0160micer. Ten potom na Britsk\u00fdch ostrovoch urobil poriadnu paseku. Ale \u010do by som v\u00e1m na to dal,&#8220; zam\u00fd\u0161\u013eal sa. \u201eNo predsa titul \u2013 tr\u00e9ner Objavite\u013e.&#8220;<\/p>\n\n\n\n<p><strong>Individu\u00e1lna kateg\u00f3ria<\/strong><\/p>\n\n\n\n<p>Pavel Dav\u00eddek za\u010dal tr\u00e9nersk\u00fa spolupr\u00e1cu s kajak\u00e1rom Josefom Dost\u00e1lom v roku 2022, v\u010faka svojmu vzdelaniu v odbore fyzioterapie priniesol do jeho tr\u00e9ningov\u00e9ho procesu nov\u00fd poh\u013ead. Zaviedol in\u00e9 tr\u00e9ningov\u00e9 met\u00f3dy, vr\u00e1tane \u0161pecifickej jazdy s gumicukom. Tento pr\u00edstup viedol k zlep\u0161eniu v\u00fdkonnosti, \u010do sa v\u00fdrazne prejavilo v sez\u00f3ne 2024. Dost\u00e1l triumfoval na olympijsk\u00fdch hr\u00e1ch v Par\u00ed\u017ei na trati 1000 metrov a z\u00edskal tie\u017e titul majstra sveta na neolympijskej p\u00e4\u0165stovke.<\/p>\n\n\n\n<p>\u201eChcel by som po\u010fakova\u0165 rodine, Pepovi, cel\u00e9mu t\u00edmu a Dukle,&#8220; povedal. \u201eMy tr\u00e9neri sme tie\u017e tak\u00ed re\u017eis\u00e9ri pri pretekoch. Ale len \u010do to vypukne, u\u017e sa s t\u00fdm d\u00e1 m\u00e1lo \u010do robi\u0165. Odkedy Pepa vyhral olympi\u00e1du, absolvovali sme mnoho vyhl\u00e1sen\u00ed. Tento form\u00e1t je ne\u0161tandardn\u00fd, ale kr\u00e1sny.&#8220;<\/p>\n\n\n\n<p><strong>Kolekt\u00edvne \u0161porty<\/strong><\/p>\n\n\n\n<p>Radim Rul\u00edk je podp\u00edsan\u00fd pod radom pozoruhodn\u00fdch v\u00fdsledkov. V roku 2022 prevzal ako hlavn\u00fd tr\u00e9ner reprezenta\u010dn\u00fd v\u00fdber do 20 rokov a na prelome roka s n\u00edm z\u00edskal na majstrovstv\u00e1ch sveta strieborn\u00fa medailu. V roku 2023 bol menovan\u00fd hlavn\u00fdm tr\u00e9nerom \u010deskej hokejovej reprezent\u00e1cie, s ktorou vlani po 14 rokoch vybojoval titul majstra sveta.<\/p>\n\n\n\n<p>\u201eOcenenie ma ve\u013emi te\u0161\u00ed, ale z\u010faleka to nie je len moja pr\u00e1ca. Zi\u0161la sa skvel\u00e1 partia hokejistov a cel\u00e9ho realiza\u010dn\u00e9ho t\u00edmu, ktor\u00e1 si \u0161la za v\u00ed\u0165azstvom. Pre \u00faspech urobila maximum. A samozrejme n\u00e1s hnala obrovsk\u00e1 podpora dom\u00e1cich fan\u00fa\u0161ikov.&#8220;<\/p>\n\n\n\n<p><strong>Tr\u00e9ner Objavite\u013e<\/strong><\/p>\n\n\n\n<p>Ji\u0159\u00ed \u0160usta patr\u00ed medzi v\u00fdznamn\u00fdch \u010desk\u00fdch futbalov\u00fdch tr\u00e9nerov, ktor\u00ed sa nezmazate\u013ene zap\u00edsali do hist\u00f3rie v\u00fdchovy mlad\u00fdch talentov. Jeho meno je najviac sp\u00e1jan\u00e9 s objavom Vladim\u00edra \u0160micera, neskor\u0161ieho reprezentanta a v\u00ed\u0165aza Ligy majstrov v roku 2005 s Liverpoolom. \u0160usta je zn\u00e1my svoj\u00edm citom pre talent, v\u010faka \u010domu sa mnoho n\u00e1dejn\u00fdch futbalistov dostalo a\u017e na vrcholn\u00fa \u00farove\u0148. Okrem \u0160micera pre\u0161li jeho veden\u00edm tie\u017e David Jarol\u00edm, Martin P\u011bni\u010dka, Radek Bejbl, Martin Hysk\u00fd, Ji\u0159\u00ed \u0160tajner alebo Luk\u00e1\u0161 Jarol\u00edm.<\/p>\n\n\n\n<p><strong>Tr\u00e9ner para\u0161portu<\/strong><\/p>\n\n\n\n<p>Petr Thiel sa venuje ako \u0161portovcom bez hendikepu, tak paraplavcom. Medzi jeho najv\u00e4\u010d\u0161ie \u00faspechy patr\u00ed spolupr\u00e1ca s Davidom Kratochv\u00edlom, ktor\u00e9ho doviedol a\u017e k titulu paralympijsk\u00e9ho v\u00ed\u0165aza, majstra sveta i majstra Eur\u00f3py. Popri Kratochv\u00edlovi sa venuje pr\u00edprave \u010fal\u0161\u00edch talentovan\u00fdch plavcov, medzi ktor\u00fdmi vynik\u00e1 Alex Borsk\u00e1 a Tade\u00e1\u0161 Stra\u0161\u00edk. Thiel je tie\u017e jedn\u00fdm zo zakladate\u013eov \u00dasteckej akad\u00e9mie plaveck\u00fdch \u0161portov, ktor\u00fa spoluzalo\u017eil v roku 2015 a kde dodnes p\u00f4sob\u00ed ako tr\u00e9ner.<\/p>\n\n\n\n<p><strong>Sie\u0148 sl\u00e1vy<\/strong><\/p>\n\n\n\n<p><strong>Old\u0159ich Kubi\u0161ta \u2013 \u0161erm<\/strong><br>Old\u0159ich Kubi\u0161ta je v\u00fdznamnou osobnos\u0165ou \u010desk\u00e9ho \u0161ermu, dlhoro\u010dn\u00fd reprezentant a \u00faspe\u0161n\u00fd tr\u00e9ner. Ako pretek\u00e1r sa \u0161pecializoval na \u0161erm kordom a v roku 1980 sa stal juniorsk\u00fdm majstrom sveta. Vrcholom jeho kari\u00e9ry bola \u00fa\u010das\u0165 na olympijsk\u00fdch hr\u00e1ch v Moskve 1980, kde sa v t\u00edmovej s\u00fa\u0165a\u017ei umiestnil na 6. mieste. Od roku 1993 p\u00f4sob\u00ed ako \u0161\u00e9ftr\u00e9ner klubu USK Praha a medzi rokmi 1999\u20132013 zast\u00e1val poz\u00edciu \u0161\u00e9ftr\u00e9nera \u010cesk\u00e9ho \u0161ermiarsk\u00e9ho zv\u00e4zu. Od roku 2021 vedie \u010desk\u00fd mu\u017esk\u00fd t\u00edm kordistov, s ktor\u00fdm z\u00edskal historick\u00fd bronz na olympijsk\u00fdch hr\u00e1ch v Par\u00ed\u017ei 2024.<\/p>\n\n\n\n<p><strong>Miroslav Ber\u00e1nek \u2013 futbal<\/strong><br>Futbalov\u00fd tr\u00e9ner a b\u00fdval\u00fd hr\u00e1\u010d Miroslav Ber\u00e1nek je zn\u00e1my svojou \u00faspe\u0161nou kari\u00e9rou na klubovej i reprezenta\u010dnej \u00farovni. Ako tr\u00e9ner viedol nieko\u013eko \u010desk\u00fdch i zahrani\u010dn\u00fdch klubov, vr\u00e1tane Slavie Praha, s ktorou v roku 2002 vyhral \u010cesk\u00fd poh\u00e1r. V\u00fdznamne sa podie\u013eal na \u00faspechu \u010deskej reprezent\u00e1cie do 21 rokov, ktor\u00fa v roku 2002 doviedol k titulu majstrov Eur\u00f3py. P\u00f4sobil tie\u017e ako asistent u seniorskej reprezent\u00e1cie a viedol n\u00e1rodn\u00fd t\u00edm Kazachstanu a p\u00f4sobil aj v Ma\u010farsku. Po\u010das svojej kari\u00e9ry presl\u00e1vil sa d\u00f4razom na discipl\u00ednu, taktick\u00fa pripravenos\u0165 a pr\u00e1cu s mlad\u00fdmi hr\u00e1\u010dmi.<\/p>\n\n\n\n<p><strong>Ji\u0159\u00ed Pultera \u2013 vodn\u00fd slalom<\/strong><br>Do hist\u00f3rie vodn\u00e9ho slalomu sa nezmazate\u013ene zap\u00edsal uzn\u00e1van\u00fd \u010desk\u00fd tr\u00e9ner Ji\u0159\u00ed Pultera. V roku 1989 prevzal rolu \u0161\u00e9ftr\u00e9nera \u010deskej reprezent\u00e1cie, ktor\u00fa viedol a\u017e do roku 2021. Po\u010das svojho p\u00f4sobenia doviedol \u010desk\u00fd t\u00edm k mnoh\u00fdm \u00faspechom na medzin\u00e1rodnej sc\u00e9ne, vr\u00e1tane medail\u00ed z olympijsk\u00fdch hier, majstrovstiev sveta a Eur\u00f3py. Jeho odborn\u00e9 vedenie a schopnos\u0165 motivova\u0165 pretek\u00e1rov boli k\u013e\u00fa\u010dov\u00e9 pre rozvoj \u010desk\u00e9ho vodn\u00e9ho slalomu. Po ukon\u010den\u00ed tr\u00e9nerskej kari\u00e9ry bol uveden\u00fd do Siene sl\u00e1vy \u010desk\u00e9ho vodn\u00e9ho slalomu.<\/p>\n\n\n\n<p><strong>Jaroslava Passerov\u00e1 \u2013 pl\u00e1vanie<\/strong><br>Jaroslava Passerov\u00e1 je vynikaj\u00faca vytrvalostn\u00e1 tr\u00e9nerka s celo\u017eivotnou sk\u00fasenos\u0165ou, pova\u017eovan\u00e1 za jednu z najlep\u0161\u00edch v \u010ceskej republike. \u0160pecializuje sa na individu\u00e1lne tr\u00e9ningov\u00e9 pl\u00e1ny pre plavcov v\u0161etk\u00fdch vekov\u00fdch kateg\u00f3ri\u00ed a v\u00fdkonnostn\u00fdch \u00farovn\u00ed. Od roku 1978 p\u00f4sob\u00ed ako hlavn\u00e1 tr\u00e9nerka v USK Praha, kde vychovala rad \u00faspe\u0161n\u00fdch plavcov, vr\u00e1tane reprezentantov. Jej veden\u00edm pre\u0161iel napr\u00edklad trojn\u00e1sobn\u00fd olympionik a majster Eur\u00f3py Jan Micka. Passerov\u00e1 paralelne tr\u00e9nuje plavcov na gymn\u00e1ziu P\u0159\u00edpoto\u010dn\u00ed so \u0161portovou pr\u00edpravou a medzi rokmi 2005\u20132009 viedla \u010desk\u00fa juniorsk\u00fa reprezent\u00e1ciu.<\/p>\n\n\n\n<p><strong>Karel Duspiva \u2013 vzpieranie<\/strong><br>Karel Duspiva je d\u00f4le\u017eitou osobnos\u0165ou \u010desk\u00e9ho vzpierania a \u0161portovej metodiky. Od roku 1965 je \u010dlenom oddielu vzpierania Bohemians Praha. V rokoch 1974\u20131988 p\u00f4sobil v oddelen\u00ed vrcholov\u00e9ho \u0161portu \u00daV \u010cSTV, kde sa podie\u013eal na tvorbe a riaden\u00ed \u0161portov\u00e9ho syst\u00e9mu a metodiky. Ako reprezenta\u010dn\u00fd tr\u00e9ner viedol \u010deskoslovensk\u00fd t\u00edm vzpierania mu\u017eov v rokoch 1990\u20131992, vr\u00e1tane olympijsk\u00fdch hier v Barcelone 1992. V rokoch 1993\u20132012 pracoval na Ministerstve \u0161kolstva, ml\u00e1de\u017ee a telov\u00fdchovy \u010cR. Viac ako dvadsa\u0165 rokov sa tie\u017e venuje vzdel\u00e1vaniu tr\u00e9nerov v r\u00e1mci \u010cesk\u00e9ho zv\u00e4zu vzpierania.<\/p>\n\n\n\n<p><strong>Vlastimil Jansa \u2013 \u0161ach<\/strong><br>\u010cesk\u00fd \u0161achov\u00fd ve\u013emajster, tr\u00e9ner a nieko\u013ekon\u00e1sobn\u00fd majster \u010ceskej republiky po\u010das svojej kari\u00e9ry reprezentoval \u010ceskoslovensko i \u010cesko na \u0161achov\u00fdch olympi\u00e1dach a v\u00fdznamn\u00fdch turnajoch. Okrem akt\u00edvneho hrania sa Vlastimil Jansa venuje tr\u00e9novaniu mlad\u00fdch talentov a je uzn\u00e1van\u00fdm \u0161achov\u00fdm pedag\u00f3gom. K jeho \u017eiakom patrila napr\u00edklad \u010desk\u00e1 \u0161achov\u00e1 jednotka David Navara, rovnako bol tr\u00e9nerom n\u00e1rodn\u00e9ho mu\u017estva Luxemburska. Nap\u00edsal nieko\u013eko \u0161achov\u00fdch kn\u00edh \u2013 napr\u00edklad Zahrajte si s ve\u013emajstrami alebo Dynamika strat\u00e9gie zah\u00e1jenia.<\/p>\n\n\n\n<p><strong>Viktor Znojil \u2013 atletika<\/strong><br>V Atletickom klube Olomouc je Viktor Znojil tr\u00e9nerom vrhu gu\u013eou a hodu diskom. Tr\u00e9novaniu sa venuje u\u017e viac ako 60 rokov a st\u00e1le vedie svoju skupinu. Pr\u00edstup k zverencom stavia na dobrovo\u013enosti a priate\u013esk\u00fdch vz\u0165ahoch, pri\u010dom kladie d\u00f4raz na techniku a individu\u00e1lny rozvoj \u0161portovcov. Pod jeho veden\u00edm vyr\u00e1stli \u00faspe\u0161n\u00ed atl\u00e9ti vr\u00e1tane Ladislava Pr\u00e1\u0161ila. S\u00e1m o sebe hovor\u00ed: \u201eNie som profesion\u00e1lny tr\u00e9ner, som sk\u00f4r d\u00f4chodca, ktor\u00fd sa na \u0161tadi\u00f3n chod\u00ed v prvom rade bavi\u0165. Syst\u00e9m, ktor\u00fd s de\u0165mi rob\u00edm, m\u00e1 ur\u010dit\u00e9 z\u00e1sady, napr\u00edklad ich nekarh\u00e1m a netrest\u00e1m.&#8220; Kedysi p\u00f4sobil v Dukle, kde bol v tom \u010dase \u0161\u00e9ftr\u00e9nerom Emil Z\u00e1topek.<\/p>\n\n\n\n<p><strong>\u010cTA usiluje o spolo\u010densk\u00e9 uznanie tr\u00e9nerov<\/strong><br>Hlavn\u00fdm poslan\u00edm a \u00fa\u010delom \u010ceskej tr\u00e9nerskej akad\u00e9mie (\u010cTA) je od roku 2012 odborn\u00e1 \u010dinnos\u0165, ktor\u00fa poskytuje tr\u00e9nerom v oblasti vzdel\u00e1vania. Neopomenute\u013en\u00e1 je tie\u017e snaha o pozdvihnutie prest\u00ed\u017ee tr\u00e9nerskej profesie, jej spolo\u010densk\u00e9 uznanie a ocenenie alebo odborn\u00e1 publika\u010dn\u00e1 \u010dinnos\u0165. Tr\u00e9nera roka volia \u010dlenovia \u00danie profesion\u00e1lnych tr\u00e9nerov, ktor\u00e1 je s\u00fa\u010das\u0165ou \u010ceskej tr\u00e9nerskej akad\u00e9mie.<\/p>\n\n\n\n<p>Aktu\u00e1lne v nej zasad\u00e1 140 odborn\u00edkov z takmer 40 r\u00f4znych \u0161portov\u00fdch zv\u00e4zov. Anketa je unik\u00e1tna aj t\u00fdm, \u017ee v nej volia iba tr\u00e9neri. Prv\u00fdm v\u00ed\u0165azom ankety a Tr\u00e9nerom roka 2013 sa stal Petr Nov\u00e1k, tr\u00e9ner r\u00fdchlokor\u010duliarky Martiny S\u00e1bl\u00edkovej. E\u0161te o rok sk\u00f4r sa v r\u00e1mci nult\u00e9ho ro\u010dn\u00edka otvorila tr\u00e9nersk\u00e1 Sie\u0148 sl\u00e1vy, do ktorej bola uveden\u00e1 desiatka tr\u00e9nersk\u00fdch osobnost\u00ed. Od roku 2017 sa ude\u013euje tie\u017e cena pre t\u00edmov\u00e9 \u0161porty.<\/p>\n\n\n\n<p><strong>Tr\u00e9ner roka \u2013 preh\u013ead v\u00ed\u0165azov:<\/strong><br>2013 \u2013 Petr Nov\u00e1k (r\u00fdchlokor\u010du\u013eovanie)<br>2014 \u2013 Ond\u0159ej Ryb\u00e1\u0159 (biatlon)<br>2015 \u2013 Ond\u0159ej Ryb\u00e1\u0159 (biatlon)<br>2016 \u2013 Petr Lacina (judo)<br>2017 \u2013 Ond\u0159ej Ryb\u00e1\u0159 (individu\u00e1lne \u0161porty, biatlon), Ji\u0159\u00ed Zach (kolekt\u00edvne \u0161porty, volejbal)<br>2018 \u2013 Tom\u00e1\u0161 Bank (individu\u00e1lne \u0161porty, alpsk\u00e9 ly\u017eovanie), Ronen Ginzburg (kolekt\u00edvne \u0161porty, basketbal)<br>2019 \u2013 Petr Lacina (individu\u00e1lne \u0161porty, judo), Ronen Ginzburg (kolekt\u00edvne \u0161porty, basketbal)<br>2020 \u2013 Nezlomn\u00ed tr\u00e9neri (ocenenie pre tr\u00e9nerov, ktor\u00ed aj v \u010dase pand\u00e9mie covid-19 dok\u00e1zali motivova\u0165 svojich zverencov k \u0161portu)<br>2021 \u2013 Petr Lacina (individu\u00e1lne \u0161porty, judo), Ronen Ginzburg (kolekt\u00edvne \u0161porty, basketbal)<br>2022 \u2013 Ji\u0159\u00ed Prskavec st. (individu\u00e1lne \u0161porty, vodn\u00fd slalom), Radim Rul\u00edk (kolekt\u00edvne \u0161porty, \u013eadov\u00fd hokej)<br>2023 \u2013 Jan \u017delezn\u00fd (individu\u00e1lne \u0161porty, atletika), Andrea Tomatis (kolekt\u00edvne \u0161porty, pl\u00e1\u017eov\u00fd volejbal)<br>2024 \u2013 Pavel Dav\u00eddek (individu\u00e1lne \u0161porty, kajak), Radim Rul\u00edk (kolekt\u00edvne \u0161porty, hokej)<\/p>\n\n\n\n<div class=\"wp-block-buttons is-layout-flex wp-block-buttons-is-layout-flex\">\n<div class=\"wp-block-button\"><a class=\"wp-block-button__link wp-element-button\" href=\"https:\/\/www.olympijskytym.cz\/article\/trenujte-srdcem-trenery-roku-jsou-davidek-a-rulik-\">Pre\u010d\u00edta\u0165 cel\u00fd \u010dl\u00e1nok<\/a><\/div>\n<\/div>\n","protected":false},"featured_media":0,"template":"","meta":{"_acf_changed":false,"_link_to_original":""},"class_list":["post-44105","aktualita","type-aktualita","status-publish","hentry"],"acf":[],"yoast_head":"<!-- This site is optimized with the Yoast SEO plugin v26.9 - https:\/\/yoast.com\/product\/yoast-seo-wordpress\/ -->\n<title>Hodinky PRIM pre najlep\u0161ieho tr\u00e9nera roka 2025! - PRIM - origin\u00e1ln\u00ed \u010desk\u00e9 p\u00e1nsk\u00e9, d\u00e1msk\u00e9, d\u011btsk\u00e9 hodinky a hodiny<\/title>\n<meta name=\"robots\" content=\"index, follow, max-snippet:-1, max-image-preview:large, max-video-preview:-1\" \/>\n<link rel=\"canonical\" href=\"https:\/\/prim.cz\/sk\/aktualita\/hodinky-prim-pre-najlepsieho-trenera-roka-2025\/\" \/>\n<meta property=\"og:locale\" content=\"sk_SK\" \/>\n<meta property=\"og:type\" content=\"article\" \/>\n<meta property=\"og:title\" content=\"Hodinky PRIM pre najlep\u0161ieho tr\u00e9nera roka 2025! - PRIM - origin\u00e1ln\u00ed \u010desk\u00e9 p\u00e1nsk\u00e9, d\u00e1msk\u00e9, d\u011btsk\u00e9 hodinky a hodiny\" \/>\n<meta property=\"og:description\" content=\"Sme hrd\u00ed, \u017ee m\u00f4\u017eeme ako partneri podpori\u0165 t\u00fdch, ktor\u00ed tr\u00e9nuj\u00fa srdcom. Najlep\u0161\u00ed tr\u00e9ner roka 2025 si okrem prest\u00ed\u017eneho ocenenia odn\u00e1\u0161a aj \u010desk\u00e9 hodinky PRIM \u2013 symbol prec\u00edznosti, trad\u00edcie a vytrvalosti. Gratulujeme v\u00ed\u0165azom, Pavlovi Dav\u00eddkovi a Radimovi Rul\u00edkovi! \u010eakujeme v\u0161etk\u00fdm tr\u00e9nerom, ktor\u00ed in\u0161piruj\u00fa \u010fal\u0161ie gener\u00e1cie \u0161portovcov! Na tr\u00e1ve, vode \u010di ov\u00e1le s\u00fa ako doma, napriek tomu [&hellip;]\" \/>\n<meta property=\"og:url\" content=\"https:\/\/prim.cz\/sk\/aktualita\/hodinky-prim-pre-najlepsieho-trenera-roka-2025\/\" \/>\n<meta property=\"og:site_name\" content=\"PRIM - origin\u00e1ln\u00ed \u010desk\u00e9 p\u00e1nsk\u00e9, d\u00e1msk\u00e9, d\u011btsk\u00e9 hodinky a hodiny\" \/>\n<meta property=\"article:modified_time\" content=\"2026-03-16T10:51:19+00:00\" \/>\n<meta property=\"og:image\" content=\"https:\/\/prim.cz\/wp-content\/uploads\/2025\/03\/COV_foto_009_id_sOH3fkC9ThAAAAAAAAT62g_67d7e584db7cd.webp\" \/>\n\t<meta property=\"og:image:width\" content=\"1920\" \/>\n\t<meta property=\"og:image:height\" content=\"1280\" \/>\n\t<meta property=\"og:image:type\" content=\"image\/webp\" \/>\n<meta name=\"twitter:card\" content=\"summary_large_image\" \/>\n<meta name=\"twitter:label1\" content=\"Predpokladan\u00fd \u010das \u010d\u00edtania\" \/>\n\t<meta name=\"twitter:data1\" content=\"10 min\u00fat\" \/>\n<script type=\"application\/ld+json\" class=\"yoast-schema-graph\">{\"@context\":\"https:\/\/schema.org\",\"@graph\":[{\"@type\":\"WebPage\",\"@id\":\"https:\/\/prim.cz\/sk\/aktualita\/hodinky-prim-pre-najlepsieho-trenera-roka-2025\/\",\"url\":\"https:\/\/prim.cz\/sk\/aktualita\/hodinky-prim-pre-najlepsieho-trenera-roka-2025\/\",\"name\":\"Hodinky PRIM pre najlep\u0161ieho tr\u00e9nera roka 2025! - PRIM - origin\u00e1ln\u00ed \u010desk\u00e9 p\u00e1nsk\u00e9, d\u00e1msk\u00e9, d\u011btsk\u00e9 hodinky a hodiny\",\"isPartOf\":{\"@id\":\"https:\/\/prim.cz\/en\/#website\"},\"primaryImageOfPage\":{\"@id\":\"https:\/\/prim.cz\/sk\/aktualita\/hodinky-prim-pre-najlepsieho-trenera-roka-2025\/#primaryimage\"},\"image\":{\"@id\":\"https:\/\/prim.cz\/sk\/aktualita\/hodinky-prim-pre-najlepsieho-trenera-roka-2025\/#primaryimage\"},\"thumbnailUrl\":\"https:\/\/new.prim-hodinky.cz\/wp-content\/uploads\/2025\/03\/COV_foto_009_id_sOH3fkC9ThAAAAAAAAT62g_67d7e584db7cd-1024x683.webp\",\"datePublished\":\"2025-03-20T07:06:56+00:00\",\"dateModified\":\"2026-03-16T10:51:19+00:00\",\"breadcrumb\":{\"@id\":\"https:\/\/prim.cz\/sk\/aktualita\/hodinky-prim-pre-najlepsieho-trenera-roka-2025\/#breadcrumb\"},\"inLanguage\":\"sk-SK\",\"potentialAction\":[{\"@type\":\"ReadAction\",\"target\":[\"https:\/\/prim.cz\/sk\/aktualita\/hodinky-prim-pre-najlepsieho-trenera-roka-2025\/\"]}]},{\"@type\":\"ImageObject\",\"inLanguage\":\"sk-SK\",\"@id\":\"https:\/\/prim.cz\/sk\/aktualita\/hodinky-prim-pre-najlepsieho-trenera-roka-2025\/#primaryimage\",\"url\":\"https:\/\/new.prim-hodinky.cz\/wp-content\/uploads\/2025\/03\/COV_foto_009_id_sOH3fkC9ThAAAAAAAAT62g_67d7e584db7cd-1024x683.webp\",\"contentUrl\":\"https:\/\/new.prim-hodinky.cz\/wp-content\/uploads\/2025\/03\/COV_foto_009_id_sOH3fkC9ThAAAAAAAAT62g_67d7e584db7cd-1024x683.webp\"},{\"@type\":\"BreadcrumbList\",\"@id\":\"https:\/\/prim.cz\/sk\/aktualita\/hodinky-prim-pre-najlepsieho-trenera-roka-2025\/#breadcrumb\",\"itemListElement\":[{\"@type\":\"ListItem\",\"position\":1,\"name\":\"Dom\u016f\",\"item\":\"https:\/\/prim.cz\/sk\/\"},{\"@type\":\"ListItem\",\"position\":2,\"name\":\"Hodinky PRIM pre najlep\u0161ieho tr\u00e9nera roka 2025!\"}]},{\"@type\":\"WebSite\",\"@id\":\"https:\/\/prim.cz\/en\/#website\",\"url\":\"https:\/\/prim.cz\/en\/\",\"name\":\"PRIM - origin\u00e1ln\u00ed \u010desk\u00e9 p\u00e1nsk\u00e9, d\u00e1msk\u00e9, d\u011btsk\u00e9 hodinky a hodiny\",\"description\":\"Nakupujte p\u0159\u00edmo u v\u00fdrobce! Origin\u00e1ln\u00ed eshop s kompletn\u00edm sortimentem \u010desk\u00fdch hodinek PRIM.\",\"alternateName\":\"prim.cz\",\"potentialAction\":[{\"@type\":\"SearchAction\",\"target\":{\"@type\":\"EntryPoint\",\"urlTemplate\":\"https:\/\/prim.cz\/en\/?s={search_term_string}\"},\"query-input\":{\"@type\":\"PropertyValueSpecification\",\"valueRequired\":true,\"valueName\":\"search_term_string\"}}],\"inLanguage\":\"sk-SK\"}]}<\/script>\n<!-- \/ Yoast SEO plugin. -->","yoast_head_json":{"title":"Hodinky PRIM pre najlep\u0161ieho tr\u00e9nera roka 2025! - PRIM - origin\u00e1ln\u00ed \u010desk\u00e9 p\u00e1nsk\u00e9, d\u00e1msk\u00e9, d\u011btsk\u00e9 hodinky a hodiny","robots":{"index":"index","follow":"follow","max-snippet":"max-snippet:-1","max-image-preview":"max-image-preview:large","max-video-preview":"max-video-preview:-1"},"canonical":"https:\/\/prim.cz\/sk\/aktualita\/hodinky-prim-pre-najlepsieho-trenera-roka-2025\/","og_locale":"sk_SK","og_type":"article","og_title":"Hodinky PRIM pre najlep\u0161ieho tr\u00e9nera roka 2025! - PRIM - origin\u00e1ln\u00ed \u010desk\u00e9 p\u00e1nsk\u00e9, d\u00e1msk\u00e9, d\u011btsk\u00e9 hodinky a hodiny","og_description":"Sme hrd\u00ed, \u017ee m\u00f4\u017eeme ako partneri podpori\u0165 t\u00fdch, ktor\u00ed tr\u00e9nuj\u00fa srdcom. Najlep\u0161\u00ed tr\u00e9ner roka 2025 si okrem prest\u00ed\u017eneho ocenenia odn\u00e1\u0161a aj \u010desk\u00e9 hodinky PRIM \u2013 symbol prec\u00edznosti, trad\u00edcie a vytrvalosti. Gratulujeme v\u00ed\u0165azom, Pavlovi Dav\u00eddkovi a Radimovi Rul\u00edkovi! \u010eakujeme v\u0161etk\u00fdm tr\u00e9nerom, ktor\u00ed in\u0161piruj\u00fa \u010fal\u0161ie gener\u00e1cie \u0161portovcov! Na tr\u00e1ve, vode \u010di ov\u00e1le s\u00fa ako doma, napriek tomu [&hellip;]","og_url":"https:\/\/prim.cz\/sk\/aktualita\/hodinky-prim-pre-najlepsieho-trenera-roka-2025\/","og_site_name":"PRIM - origin\u00e1ln\u00ed \u010desk\u00e9 p\u00e1nsk\u00e9, d\u00e1msk\u00e9, d\u011btsk\u00e9 hodinky a hodiny","article_modified_time":"2026-03-16T10:51:19+00:00","og_image":[{"width":1920,"height":1280,"url":"https:\/\/prim.cz\/wp-content\/uploads\/2025\/03\/COV_foto_009_id_sOH3fkC9ThAAAAAAAAT62g_67d7e584db7cd.webp","type":"image\/webp"}],"twitter_card":"summary_large_image","twitter_misc":{"Predpokladan\u00fd \u010das \u010d\u00edtania":"10 min\u00fat"},"schema":{"@context":"https:\/\/schema.org","@graph":[{"@type":"WebPage","@id":"https:\/\/prim.cz\/sk\/aktualita\/hodinky-prim-pre-najlepsieho-trenera-roka-2025\/","url":"https:\/\/prim.cz\/sk\/aktualita\/hodinky-prim-pre-najlepsieho-trenera-roka-2025\/","name":"Hodinky PRIM pre najlep\u0161ieho tr\u00e9nera roka 2025! - PRIM - origin\u00e1ln\u00ed \u010desk\u00e9 p\u00e1nsk\u00e9, d\u00e1msk\u00e9, d\u011btsk\u00e9 hodinky a hodiny","isPartOf":{"@id":"https:\/\/prim.cz\/en\/#website"},"primaryImageOfPage":{"@id":"https:\/\/prim.cz\/sk\/aktualita\/hodinky-prim-pre-najlepsieho-trenera-roka-2025\/#primaryimage"},"image":{"@id":"https:\/\/prim.cz\/sk\/aktualita\/hodinky-prim-pre-najlepsieho-trenera-roka-2025\/#primaryimage"},"thumbnailUrl":"https:\/\/new.prim-hodinky.cz\/wp-content\/uploads\/2025\/03\/COV_foto_009_id_sOH3fkC9ThAAAAAAAAT62g_67d7e584db7cd-1024x683.webp","datePublished":"2025-03-20T07:06:56+00:00","dateModified":"2026-03-16T10:51:19+00:00","breadcrumb":{"@id":"https:\/\/prim.cz\/sk\/aktualita\/hodinky-prim-pre-najlepsieho-trenera-roka-2025\/#breadcrumb"},"inLanguage":"sk-SK","potentialAction":[{"@type":"ReadAction","target":["https:\/\/prim.cz\/sk\/aktualita\/hodinky-prim-pre-najlepsieho-trenera-roka-2025\/"]}]},{"@type":"ImageObject","inLanguage":"sk-SK","@id":"https:\/\/prim.cz\/sk\/aktualita\/hodinky-prim-pre-najlepsieho-trenera-roka-2025\/#primaryimage","url":"https:\/\/new.prim-hodinky.cz\/wp-content\/uploads\/2025\/03\/COV_foto_009_id_sOH3fkC9ThAAAAAAAAT62g_67d7e584db7cd-1024x683.webp","contentUrl":"https:\/\/new.prim-hodinky.cz\/wp-content\/uploads\/2025\/03\/COV_foto_009_id_sOH3fkC9ThAAAAAAAAT62g_67d7e584db7cd-1024x683.webp"},{"@type":"BreadcrumbList","@id":"https:\/\/prim.cz\/sk\/aktualita\/hodinky-prim-pre-najlepsieho-trenera-roka-2025\/#breadcrumb","itemListElement":[{"@type":"ListItem","position":1,"name":"Dom\u016f","item":"https:\/\/prim.cz\/sk\/"},{"@type":"ListItem","position":2,"name":"Hodinky PRIM pre najlep\u0161ieho tr\u00e9nera roka 2025!"}]},{"@type":"WebSite","@id":"https:\/\/prim.cz\/en\/#website","url":"https:\/\/prim.cz\/en\/","name":"PRIM - origin\u00e1ln\u00ed \u010desk\u00e9 p\u00e1nsk\u00e9, d\u00e1msk\u00e9, d\u011btsk\u00e9 hodinky a hodiny","description":"Nakupujte p\u0159\u00edmo u v\u00fdrobce! Origin\u00e1ln\u00ed eshop s kompletn\u00edm sortimentem \u010desk\u00fdch hodinek PRIM.","alternateName":"prim.cz","potentialAction":[{"@type":"SearchAction","target":{"@type":"EntryPoint","urlTemplate":"https:\/\/prim.cz\/en\/?s={search_term_string}"},"query-input":{"@type":"PropertyValueSpecification","valueRequired":true,"valueName":"search_term_string"}}],"inLanguage":"sk-SK"}]}},"wpml_current_locale":"sk_SK","wpml_translations":{"cs_CZ":{"locale":"cs_CZ","id":30289,"slug":"hodinky-prim-pro-nejlepsiho-trenera-roku-2025","post_title":"Hodinky PRIM pro nejlep\u0161\u00edho tren\u00e9ra roku 2025!","href":"https:\/\/prim.cz\/aktualita\/hodinky-prim-pro-nejlepsiho-trenera-roku-2025\/"},"sk_SK":{"locale":"sk_SK","translation":"current"},"pl_PL":{"locale":"pl_PL","id":44110,"slug":"zegarki-prim-dla-najlepszego-trenera-roku-2025","post_title":"Zegarki PRIM dla najlepszego trenera roku 2025!","href":"https:\/\/prim.cz\/pl\/aktualita\/zegarki-prim-dla-najlepszego-trenera-roku-2025\/"},"en_US":{"locale":"en_US","id":44088,"slug":"prim-watches-for-the-best-coach-of-the-year-2025","post_title":"PRIM Watches for the Best Coach of the Year 2025!","href":"https:\/\/prim.cz\/en\/aktualita\/prim-watches-for-the-best-coach-of-the-year-2025\/"}},"_links":{"self":[{"href":"https:\/\/prim.cz\/sk\/wp-json\/wp\/v2\/aktualita\/44105","targetHints":{"allow":["GET"]}}],"collection":[{"href":"https:\/\/prim.cz\/sk\/wp-json\/wp\/v2\/aktualita"}],"about":[{"href":"https:\/\/prim.cz\/sk\/wp-json\/wp\/v2\/types\/aktualita"}],"wp:attachment":[{"href":"https:\/\/prim.cz\/sk\/wp-json\/wp\/v2\/media?parent=44105"}],"curies":[{"name":"wp","href":"https:\/\/api.w.org\/{rel}","templated":true}]}}