{"id":44092,"date":"2025-05-15T08:49:55","date_gmt":"2025-05-15T06:49:55","guid":{"rendered":"https:\/\/prim.cz\/aktualita\/prim-na-vlne-pohybu-cez-runtour-koprivnice-2025\/"},"modified":"2026-03-16T11:51:16","modified_gmt":"2026-03-16T10:51:16","slug":"prim-na-vlne-pohybu-cez-runtour-koprivnice-2025","status":"publish","type":"aktualita","link":"https:\/\/prim.cz\/sk\/aktualita\/prim-na-vlne-pohybu-cez-runtour-koprivnice-2025\/","title":{"rendered":"PRIM na vlne pohybu: \u010cEZ RunTour Kop\u0159ivnice 2025"},"content":{"rendered":"\n<p>Op\u00e4\u0165 sme sa stali s\u00fa\u010das\u0165ou mimoriadnej \u0161portovej udalosti, a to druh\u00e9ho tohtoro\u010dn\u00e9ho z\u00e1vodu zo s\u00e9rie \u010cEZ RunTour, ktor\u00fd zav\u00edtal 26. apr\u00edla 2025 do Kop\u0159ivnice a pon\u00fakol jedine\u010dn\u00fd z\u00e1\u017eitok nielen be\u017ecom, ale aj fan\u00fa\u0161ikom presnosti, \u0161t\u00fdlu a odhodlania \u2013 hodn\u00f4t, ktor\u00e9 zdie\u013eame aj my.<\/p>\n\n\n\n<p>Z\u00e1vod sa konal v ikonickom are\u00e1li spolo\u010dnosti Tatra Trucks, kde trasa viedla po inak verejnosti nepr\u00edstupnom testovacom polyg\u00f3ne. T\u00e1to atrakt\u00edvna lokalita pril\u00e1kala rekordn\u00fd po\u010det \u00fa\u010dastn\u00edkov \u2013 na \u0161tart sa postavilo vy\u0161e 1 600 be\u017ecov, z toho takmer 1 150 dospel\u00fdch a viac ako 450 det\u00ed.<\/p>\n\n\n\n<h3 class=\"wp-block-heading\">Beh pre dobr\u00fa vec<\/h3>\n\n\n\n<p>Be\u017eeck\u00fd sviatok v Kop\u0159ivnici mal nielen \u0161portov\u00fd, ale aj charitat\u00edvny rozmer. Prostredn\u00edctvom aplik\u00e1cie EPP \u2013 Pom\u00e1hej pohybem sa podarilo vyzbiera\u0165 111 111 K\u010d na podporu v\u00fdstavby detsk\u00e9ho ihriska v \u0160tramberku. A projekt \u201eB\u011b\u017e za \u0161kolu&#8220;, podporovan\u00fd spolo\u010dnos\u0165ou Lidl, motivoval mlad\u00fdch be\u017ecov z AKEZ Kop\u0159ivnice, ktor\u00ed z\u00edskali titul Z\u00e1\u0161kol\u00e1kov regi\u00f3nu aj finan\u010dn\u00fa pr\u00e9miu.<\/p>\n\n\n\n<h3 class=\"wp-block-heading\">Atmosf\u00e9ra a osobnosti<\/h3>\n\n\n\n<p>Z\u00e1vody boli sl\u00e1vnostne od\u0161tartovan\u00e9 za \u00fa\u010dasti osobnost\u00ed, ako s\u00fa z\u00e1stupca prim\u00e1tora Kop\u0159ivnice Mgr. David Monsport, be\u017eky\u0148a So\u0148a Hrabec Kotulkov\u00e1 alebo tr\u00e9ner HC V\u00edtkovice Ridera V\u00e1clav Vara\u010fa. Ten sa navy\u0161e spolu s hr\u00e1\u010dmi V\u00edtkovic postavil na tra\u0165 desa\u0165kilometrov\u00e9ho z\u00e1vodu \u2013 s odhodlan\u00edm, ktor\u00e9 je n\u00e1m bl\u00edzke.<\/p>\n\n\n\n<h3 class=\"wp-block-heading\">Te\u0161\u00edme sa na \u010fal\u0161ie stretnutie<\/h3>\n\n\n\n<p>\u010eakujeme organiz\u00e1torom \u010cEZ RunTour za vynikaj\u00faco zvl\u00e1dnut\u00fa akciu aj v\u0161etk\u00fdm be\u017ecom za in\u0161pirat\u00edvne v\u00fdkony. By\u0165 partnerom takejto udalosti je pre n\u00e1s c\u0165ou.<\/p>\n\n\n\n<figure class=\"wp-block-gallery has-nested-images columns-2 is-cropped wp-block-gallery-1 is-layout-flex wp-block-gallery-is-layout-flex\">\n<figure class=\"wp-block-image size-large\"><img loading=\"lazy\" decoding=\"async\" width=\"1024\" height=\"819\" data-id=\"32057\" src=\"https:\/\/prim.cz\/wp-content\/uploads\/2025\/05\/DSC_7174-1024x819.webp\" alt=\"\" class=\"wp-image-32057\" srcset=\"https:\/\/prim.cz\/wp-content\/uploads\/2025\/05\/DSC_7174-1024x819.webp 1024w, https:\/\/prim.cz\/wp-content\/uploads\/2025\/05\/DSC_7174-300x240.webp 300w, https:\/\/prim.cz\/wp-content\/uploads\/2025\/05\/DSC_7174-768x614.webp 768w, https:\/\/prim.cz\/wp-content\/uploads\/2025\/05\/DSC_7174-1536x1229.webp 1536w, https:\/\/prim.cz\/wp-content\/uploads\/2025\/05\/DSC_7174.webp 1920w\" sizes=\"auto, (max-width: 1024px) 100vw, 1024px\" \/><\/figure>\n\n\n\n<figure class=\"wp-block-image size-large\"><img loading=\"lazy\" decoding=\"async\" width=\"1024\" height=\"683\" data-id=\"32056\" src=\"https:\/\/prim.cz\/wp-content\/uploads\/2025\/05\/DSC_5873-1024x683.webp\" alt=\"\" class=\"wp-image-32056\" srcset=\"https:\/\/prim.cz\/wp-content\/uploads\/2025\/05\/DSC_5873-1024x683.webp 1024w, https:\/\/prim.cz\/wp-content\/uploads\/2025\/05\/DSC_5873-300x200.webp 300w, https:\/\/prim.cz\/wp-content\/uploads\/2025\/05\/DSC_5873-768x512.webp 768w, https:\/\/prim.cz\/wp-content\/uploads\/2025\/05\/DSC_5873-1536x1024.webp 1536w, https:\/\/prim.cz\/wp-content\/uploads\/2025\/05\/DSC_5873.webp 1920w\" sizes=\"auto, (max-width: 1024px) 100vw, 1024px\" \/><\/figure>\n\n\n\n<figure class=\"wp-block-image size-large\"><img loading=\"lazy\" decoding=\"async\" width=\"1024\" height=\"683\" data-id=\"32058\" src=\"https:\/\/prim.cz\/wp-content\/uploads\/2025\/05\/DSC_5884-1024x683.webp\" alt=\"\" class=\"wp-image-32058\" srcset=\"https:\/\/prim.cz\/wp-content\/uploads\/2025\/05\/DSC_5884-1024x683.webp 1024w, https:\/\/prim.cz\/wp-content\/uploads\/2025\/05\/DSC_5884-300x200.webp 300w, https:\/\/prim.cz\/wp-content\/uploads\/2025\/05\/DSC_5884-768x512.webp 768w, https:\/\/prim.cz\/wp-content\/uploads\/2025\/05\/DSC_5884-1536x1024.webp 1536w, https:\/\/prim.cz\/wp-content\/uploads\/2025\/05\/DSC_5884.webp 1920w\" sizes=\"auto, (max-width: 1024px) 100vw, 1024px\" \/><\/figure>\n\n\n\n<figure class=\"wp-block-image size-large\"><img loading=\"lazy\" decoding=\"async\" width=\"1024\" height=\"683\" data-id=\"32059\" src=\"https:\/\/prim.cz\/wp-content\/uploads\/2025\/05\/DSC_5885-1024x683.webp\" alt=\"\" class=\"wp-image-32059\" srcset=\"https:\/\/prim.cz\/wp-content\/uploads\/2025\/05\/DSC_5885-1024x683.webp 1024w, https:\/\/prim.cz\/wp-content\/uploads\/2025\/05\/DSC_5885-300x200.webp 300w, https:\/\/prim.cz\/wp-content\/uploads\/2025\/05\/DSC_5885-768x512.webp 768w, https:\/\/prim.cz\/wp-content\/uploads\/2025\/05\/DSC_5885-1536x1024.webp 1536w, https:\/\/prim.cz\/wp-content\/uploads\/2025\/05\/DSC_5885.webp 1920w\" sizes=\"auto, (max-width: 1024px) 100vw, 1024px\" \/><\/figure>\n<\/figure>\n\n\n<div id=\"b-htzupb_maozp34c\" class=\"brxe-div\"><div id=\"b-optnnh_maozp34c\" class=\"brxe-div\"><\/div><div id=\"b-dyglqb_maozp34c\" class=\"brxe-div brx-grid\"><div id=\"b-bjtiip_maozp34c\" class=\"brxe-div\"><a id=\"b-fayngp_maozp34c\" class=\"brxe-button bricks-button xl bricks-background-primary\" href=\"\/wp-content\/uploads\/2025\/05\/Vyhodnoceni-CEZ-RunTour-Koprivnice-2025.pdf\" target=\"_blank\"><span data-gbrx-id=\"gb-fayngp\" data-gbrx-subfield=\"text\" >Pre\u010d\u00edta\u0165 \u010dl\u00e1nok<\/span><\/a><\/div><div id=\"b-yanmfs_maozp34c\" class=\"brxe-div\"><a id=\"b-cczwgz_maozp34c\" class=\"brxe-button bricks-button xl bricks-background-secondary\" href=\"https:\/\/www.youtube.com\/watch?v=b9jSb4QDwd0\" target=\"_blank\"><span data-gbrx-id=\"gb-cczwgz\" data-gbrx-subfield=\"text\" >Pozrie\u0165 video<\/span><\/a><\/div><\/div><div id=\"b-vxscgo_maozp34c\" class=\"brxe-div\"><\/div><\/div>","protected":false},"featured_media":0,"template":"","meta":{"_acf_changed":false,"_link_to_original":""},"class_list":["post-44092","aktualita","type-aktualita","status-publish","hentry"],"acf":[],"yoast_head":"<!-- This site is optimized with the Yoast SEO plugin v26.9 - https:\/\/yoast.com\/product\/yoast-seo-wordpress\/ -->\n<title>PRIM na vlne pohybu: \u010cEZ RunTour Kop\u0159ivnice 2025 - PRIM - origin\u00e1ln\u00ed \u010desk\u00e9 p\u00e1nsk\u00e9, d\u00e1msk\u00e9, d\u011btsk\u00e9 hodinky a hodiny<\/title>\n<meta name=\"robots\" content=\"index, follow, max-snippet:-1, max-image-preview:large, max-video-preview:-1\" \/>\n<link rel=\"canonical\" href=\"https:\/\/prim.cz\/sk\/aktualita\/prim-na-vlne-pohybu-cez-runtour-koprivnice-2025\/\" \/>\n<meta property=\"og:locale\" content=\"sk_SK\" \/>\n<meta property=\"og:type\" content=\"article\" \/>\n<meta property=\"og:title\" content=\"PRIM na vlne pohybu: \u010cEZ RunTour Kop\u0159ivnice 2025 - PRIM - origin\u00e1ln\u00ed \u010desk\u00e9 p\u00e1nsk\u00e9, d\u00e1msk\u00e9, d\u011btsk\u00e9 hodinky a hodiny\" \/>\n<meta property=\"og:description\" content=\"Op\u00e4\u0165 sme sa stali s\u00fa\u010das\u0165ou mimoriadnej \u0161portovej udalosti, a to druh\u00e9ho tohtoro\u010dn\u00e9ho z\u00e1vodu zo s\u00e9rie \u010cEZ RunTour, ktor\u00fd zav\u00edtal 26. apr\u00edla 2025 do Kop\u0159ivnice a pon\u00fakol jedine\u010dn\u00fd z\u00e1\u017eitok nielen be\u017ecom, ale aj fan\u00fa\u0161ikom presnosti, \u0161t\u00fdlu a odhodlania \u2013 hodn\u00f4t, ktor\u00e9 zdie\u013eame aj my. Z\u00e1vod sa konal v ikonickom are\u00e1li spolo\u010dnosti Tatra Trucks, kde trasa viedla [&hellip;]\" \/>\n<meta property=\"og:url\" content=\"https:\/\/prim.cz\/sk\/aktualita\/prim-na-vlne-pohybu-cez-runtour-koprivnice-2025\/\" \/>\n<meta property=\"og:site_name\" content=\"PRIM - origin\u00e1ln\u00ed \u010desk\u00e9 p\u00e1nsk\u00e9, d\u00e1msk\u00e9, d\u011btsk\u00e9 hodinky a hodiny\" \/>\n<meta property=\"article:modified_time\" content=\"2026-03-16T10:51:16+00:00\" \/>\n<meta property=\"og:image\" content=\"https:\/\/prim.cz\/wp-content\/uploads\/2025\/05\/DSC_7174.webp\" \/>\n\t<meta property=\"og:image:width\" content=\"1920\" \/>\n\t<meta property=\"og:image:height\" content=\"1536\" \/>\n\t<meta property=\"og:image:type\" content=\"image\/webp\" \/>\n<meta name=\"twitter:card\" content=\"summary_large_image\" \/>\n<meta name=\"twitter:label1\" content=\"Predpokladan\u00fd \u010das \u010d\u00edtania\" \/>\n\t<meta name=\"twitter:data1\" content=\"1 min\u00fata\" \/>\n<script type=\"application\/ld+json\" class=\"yoast-schema-graph\">{\"@context\":\"https:\/\/schema.org\",\"@graph\":[{\"@type\":\"WebPage\",\"@id\":\"https:\/\/prim.cz\/sk\/aktualita\/prim-na-vlne-pohybu-cez-runtour-koprivnice-2025\/\",\"url\":\"https:\/\/prim.cz\/sk\/aktualita\/prim-na-vlne-pohybu-cez-runtour-koprivnice-2025\/\",\"name\":\"PRIM na vlne pohybu: \u010cEZ RunTour Kop\u0159ivnice 2025 - PRIM - origin\u00e1ln\u00ed \u010desk\u00e9 p\u00e1nsk\u00e9, d\u00e1msk\u00e9, d\u011btsk\u00e9 hodinky a hodiny\",\"isPartOf\":{\"@id\":\"https:\/\/prim.cz\/en\/#website\"},\"primaryImageOfPage\":{\"@id\":\"https:\/\/prim.cz\/sk\/aktualita\/prim-na-vlne-pohybu-cez-runtour-koprivnice-2025\/#primaryimage\"},\"image\":{\"@id\":\"https:\/\/prim.cz\/sk\/aktualita\/prim-na-vlne-pohybu-cez-runtour-koprivnice-2025\/#primaryimage\"},\"thumbnailUrl\":\"https:\/\/prim.cz\/wp-content\/uploads\/2025\/05\/DSC_7174-1024x819.webp\",\"datePublished\":\"2025-05-15T06:49:55+00:00\",\"dateModified\":\"2026-03-16T10:51:16+00:00\",\"breadcrumb\":{\"@id\":\"https:\/\/prim.cz\/sk\/aktualita\/prim-na-vlne-pohybu-cez-runtour-koprivnice-2025\/#breadcrumb\"},\"inLanguage\":\"sk-SK\",\"potentialAction\":[{\"@type\":\"ReadAction\",\"target\":[\"https:\/\/prim.cz\/sk\/aktualita\/prim-na-vlne-pohybu-cez-runtour-koprivnice-2025\/\"]}]},{\"@type\":\"ImageObject\",\"inLanguage\":\"sk-SK\",\"@id\":\"https:\/\/prim.cz\/sk\/aktualita\/prim-na-vlne-pohybu-cez-runtour-koprivnice-2025\/#primaryimage\",\"url\":\"https:\/\/prim.cz\/wp-content\/uploads\/2025\/05\/DSC_7174-1024x819.webp\",\"contentUrl\":\"https:\/\/prim.cz\/wp-content\/uploads\/2025\/05\/DSC_7174-1024x819.webp\"},{\"@type\":\"BreadcrumbList\",\"@id\":\"https:\/\/prim.cz\/sk\/aktualita\/prim-na-vlne-pohybu-cez-runtour-koprivnice-2025\/#breadcrumb\",\"itemListElement\":[{\"@type\":\"ListItem\",\"position\":1,\"name\":\"Dom\u016f\",\"item\":\"https:\/\/prim.cz\/sk\/\"},{\"@type\":\"ListItem\",\"position\":2,\"name\":\"PRIM na vlne pohybu: \u010cEZ RunTour Kop\u0159ivnice 2025\"}]},{\"@type\":\"WebSite\",\"@id\":\"https:\/\/prim.cz\/en\/#website\",\"url\":\"https:\/\/prim.cz\/en\/\",\"name\":\"PRIM - origin\u00e1ln\u00ed \u010desk\u00e9 p\u00e1nsk\u00e9, d\u00e1msk\u00e9, d\u011btsk\u00e9 hodinky a hodiny\",\"description\":\"Nakupujte p\u0159\u00edmo u v\u00fdrobce! Origin\u00e1ln\u00ed eshop s kompletn\u00edm sortimentem \u010desk\u00fdch hodinek PRIM.\",\"alternateName\":\"prim.cz\",\"potentialAction\":[{\"@type\":\"SearchAction\",\"target\":{\"@type\":\"EntryPoint\",\"urlTemplate\":\"https:\/\/prim.cz\/en\/?s={search_term_string}\"},\"query-input\":{\"@type\":\"PropertyValueSpecification\",\"valueRequired\":true,\"valueName\":\"search_term_string\"}}],\"inLanguage\":\"sk-SK\"}]}<\/script>\n<!-- \/ Yoast SEO plugin. -->","yoast_head_json":{"title":"PRIM na vlne pohybu: \u010cEZ RunTour Kop\u0159ivnice 2025 - PRIM - origin\u00e1ln\u00ed \u010desk\u00e9 p\u00e1nsk\u00e9, d\u00e1msk\u00e9, d\u011btsk\u00e9 hodinky a hodiny","robots":{"index":"index","follow":"follow","max-snippet":"max-snippet:-1","max-image-preview":"max-image-preview:large","max-video-preview":"max-video-preview:-1"},"canonical":"https:\/\/prim.cz\/sk\/aktualita\/prim-na-vlne-pohybu-cez-runtour-koprivnice-2025\/","og_locale":"sk_SK","og_type":"article","og_title":"PRIM na vlne pohybu: \u010cEZ RunTour Kop\u0159ivnice 2025 - PRIM - origin\u00e1ln\u00ed \u010desk\u00e9 p\u00e1nsk\u00e9, d\u00e1msk\u00e9, d\u011btsk\u00e9 hodinky a hodiny","og_description":"Op\u00e4\u0165 sme sa stali s\u00fa\u010das\u0165ou mimoriadnej \u0161portovej udalosti, a to druh\u00e9ho tohtoro\u010dn\u00e9ho z\u00e1vodu zo s\u00e9rie \u010cEZ RunTour, ktor\u00fd zav\u00edtal 26. apr\u00edla 2025 do Kop\u0159ivnice a pon\u00fakol jedine\u010dn\u00fd z\u00e1\u017eitok nielen be\u017ecom, ale aj fan\u00fa\u0161ikom presnosti, \u0161t\u00fdlu a odhodlania \u2013 hodn\u00f4t, ktor\u00e9 zdie\u013eame aj my. Z\u00e1vod sa konal v ikonickom are\u00e1li spolo\u010dnosti Tatra Trucks, kde trasa viedla [&hellip;]","og_url":"https:\/\/prim.cz\/sk\/aktualita\/prim-na-vlne-pohybu-cez-runtour-koprivnice-2025\/","og_site_name":"PRIM - origin\u00e1ln\u00ed \u010desk\u00e9 p\u00e1nsk\u00e9, d\u00e1msk\u00e9, d\u011btsk\u00e9 hodinky a hodiny","article_modified_time":"2026-03-16T10:51:16+00:00","og_image":[{"width":1920,"height":1536,"url":"https:\/\/prim.cz\/wp-content\/uploads\/2025\/05\/DSC_7174.webp","type":"image\/webp"}],"twitter_card":"summary_large_image","twitter_misc":{"Predpokladan\u00fd \u010das \u010d\u00edtania":"1 min\u00fata"},"schema":{"@context":"https:\/\/schema.org","@graph":[{"@type":"WebPage","@id":"https:\/\/prim.cz\/sk\/aktualita\/prim-na-vlne-pohybu-cez-runtour-koprivnice-2025\/","url":"https:\/\/prim.cz\/sk\/aktualita\/prim-na-vlne-pohybu-cez-runtour-koprivnice-2025\/","name":"PRIM na vlne pohybu: \u010cEZ RunTour Kop\u0159ivnice 2025 - PRIM - origin\u00e1ln\u00ed \u010desk\u00e9 p\u00e1nsk\u00e9, d\u00e1msk\u00e9, d\u011btsk\u00e9 hodinky a hodiny","isPartOf":{"@id":"https:\/\/prim.cz\/en\/#website"},"primaryImageOfPage":{"@id":"https:\/\/prim.cz\/sk\/aktualita\/prim-na-vlne-pohybu-cez-runtour-koprivnice-2025\/#primaryimage"},"image":{"@id":"https:\/\/prim.cz\/sk\/aktualita\/prim-na-vlne-pohybu-cez-runtour-koprivnice-2025\/#primaryimage"},"thumbnailUrl":"https:\/\/prim.cz\/wp-content\/uploads\/2025\/05\/DSC_7174-1024x819.webp","datePublished":"2025-05-15T06:49:55+00:00","dateModified":"2026-03-16T10:51:16+00:00","breadcrumb":{"@id":"https:\/\/prim.cz\/sk\/aktualita\/prim-na-vlne-pohybu-cez-runtour-koprivnice-2025\/#breadcrumb"},"inLanguage":"sk-SK","potentialAction":[{"@type":"ReadAction","target":["https:\/\/prim.cz\/sk\/aktualita\/prim-na-vlne-pohybu-cez-runtour-koprivnice-2025\/"]}]},{"@type":"ImageObject","inLanguage":"sk-SK","@id":"https:\/\/prim.cz\/sk\/aktualita\/prim-na-vlne-pohybu-cez-runtour-koprivnice-2025\/#primaryimage","url":"https:\/\/prim.cz\/wp-content\/uploads\/2025\/05\/DSC_7174-1024x819.webp","contentUrl":"https:\/\/prim.cz\/wp-content\/uploads\/2025\/05\/DSC_7174-1024x819.webp"},{"@type":"BreadcrumbList","@id":"https:\/\/prim.cz\/sk\/aktualita\/prim-na-vlne-pohybu-cez-runtour-koprivnice-2025\/#breadcrumb","itemListElement":[{"@type":"ListItem","position":1,"name":"Dom\u016f","item":"https:\/\/prim.cz\/sk\/"},{"@type":"ListItem","position":2,"name":"PRIM na vlne pohybu: \u010cEZ RunTour Kop\u0159ivnice 2025"}]},{"@type":"WebSite","@id":"https:\/\/prim.cz\/en\/#website","url":"https:\/\/prim.cz\/en\/","name":"PRIM - origin\u00e1ln\u00ed \u010desk\u00e9 p\u00e1nsk\u00e9, d\u00e1msk\u00e9, d\u011btsk\u00e9 hodinky a hodiny","description":"Nakupujte p\u0159\u00edmo u v\u00fdrobce! Origin\u00e1ln\u00ed eshop s kompletn\u00edm sortimentem \u010desk\u00fdch hodinek PRIM.","alternateName":"prim.cz","potentialAction":[{"@type":"SearchAction","target":{"@type":"EntryPoint","urlTemplate":"https:\/\/prim.cz\/en\/?s={search_term_string}"},"query-input":{"@type":"PropertyValueSpecification","valueRequired":true,"valueName":"search_term_string"}}],"inLanguage":"sk-SK"}]}},"wpml_current_locale":"sk_SK","wpml_translations":{"cs_CZ":{"locale":"cs_CZ","id":32055,"slug":"prim-na-vlne-pohybu-cez-runtour-koprivnice-2025","post_title":"PRIM na vln\u011b pohybu: \u010cEZ RunTour Kop\u0159ivnice 2025","href":"https:\/\/prim.cz\/aktualita\/prim-na-vlne-pohybu-cez-runtour-koprivnice-2025\/"},"sk_SK":{"locale":"sk_SK","translation":"current"},"pl_PL":{"locale":"pl_PL","id":44103,"slug":"prim-na-fali-ruchu-cez-runtour-koprivnice-2025","post_title":"PRIM na fali ruchu: \u010cEZ RunTour Kop\u0159ivnice 2025","href":"https:\/\/prim.cz\/pl\/aktualita\/prim-na-fali-ruchu-cez-runtour-koprivnice-2025\/"},"en_US":{"locale":"en_US","id":44078,"slug":"prim-riding-the-wave-of-movement-cez-runtour-koprivnice-2025","post_title":"PRIM Riding the Wave of Movement: \u010cEZ RunTour Kop\u0159ivnice 2025","href":"https:\/\/prim.cz\/en\/aktualita\/prim-riding-the-wave-of-movement-cez-runtour-koprivnice-2025\/"}},"_links":{"self":[{"href":"https:\/\/prim.cz\/sk\/wp-json\/wp\/v2\/aktualita\/44092","targetHints":{"allow":["GET"]}}],"collection":[{"href":"https:\/\/prim.cz\/sk\/wp-json\/wp\/v2\/aktualita"}],"about":[{"href":"https:\/\/prim.cz\/sk\/wp-json\/wp\/v2\/types\/aktualita"}],"wp:attachment":[{"href":"https:\/\/prim.cz\/sk\/wp-json\/wp\/v2\/media?parent=44092"}],"curies":[{"name":"wp","href":"https:\/\/api.w.org\/{rel}","templated":true}]}}