{"id":44091,"date":"2025-09-25T09:40:52","date_gmt":"2025-09-25T07:40:52","guid":{"rendered":"https:\/\/prim.cz\/aktualita\/city-triathlon-karlovy-vary-2025-sk\/"},"modified":"2026-03-16T11:52:19","modified_gmt":"2026-03-16T10:52:19","slug":"city-triathlon-karlovy-vary-2025-sk","status":"publish","type":"aktualita","link":"https:\/\/prim.cz\/sk\/aktualita\/city-triathlon-karlovy-vary-2025-sk\/","title":{"rendered":"City Triathlon &#8211; Karlovy Vary 2025"},"content":{"rendered":"\n<h2 class=\"wp-block-heading\"><strong>City Triathlon \u2013 Karlovy Vary 2025: Ke\u010f \u0161port stretne elitu a srdce<\/strong><\/h2>\n\n\n\n<p>V d\u0148och&nbsp;12.\u201314. septembra 2025&nbsp;sa Karlovy Vary premenili na centrum&nbsp;<strong>svetov\u00e9ho triatlonu \u2013&nbsp;City Triathlon&nbsp;<\/strong>sa tento rok prv\u00fdkr\u00e1t konal ako s\u00fa\u010das\u0165 prest\u00ed\u017enej&nbsp;World Triathlon Championship Series (WTCS) a my sme boli pri tom.&nbsp;<\/p>\n\n\n\n<h3 class=\"wp-block-heading\"><strong><strong>\u010co akcia pon\u00fakla:<\/strong><\/strong><\/h3>\n\n\n\n<ul class=\"wp-block-list\">\n<li>Tra\u0165 pre elitu: 1,5 km pl\u00e1vanie v pr\u00edrodnej vode Rolavy, potom technick\u00e1 cyklistika na 40 km a z\u00e1vere\u010dn\u00fd beh 10 km prech\u00e1dzaj\u00faci kolon\u00e1dami a k\u00fape\u013en\u00fdmi \u010das\u0165ami mesta.&nbsp;<\/li>\n\n\n\n<li>Na trati bola siln\u00e1 konkurencia, pri\u0161li olympijsk\u00ed medailisti, majstri sveta, l\u00eddri svetov\u00fdch rebr\u00ed\u010dkov \u2013 \u017eeny aj mu\u017ei. Do Karlov\u00fdch Varov dorazili napr\u00edklad Matthew Hauser, Hayden Wilde, Vasco Vilaca, Beth Potter, Leonie Periault \u010di Emma Lombardi.<\/li>\n\n\n\n<li>Okrem elitn\u00fdch pretekov bol pripraven\u00fd kompletn\u00fd sprievodn\u00fd program \u2013 detsk\u00e9 preteky, preteky amat\u00e9rskych skup\u00edn, vyj\u00e1\u017e\u010fky, kult\u00farne a hudobn\u00e9 akcie.<\/li>\n<\/ul>\n\n\n\n<h3 class=\"wp-block-heading\"><strong><strong><strong>V\u00fdsledky, ktor\u00e9 sa zap\u00ed\u0161u do hist\u00f3rie<\/strong><\/strong><\/strong><\/h3>\n\n\n\n<ul class=\"wp-block-list\">\n<li>\u017deny: Emot\u00edvne v\u00ed\u0165azstvo si odniesla&nbsp;Beth Potter \u2013 vo fin\u00e1le dok\u00e1zala dobehn\u00fa\u0165 viac ako min\u00fatov\u00fd odstup na Taylor Spivey a vyhra\u0165 v\u010faka skvelej be\u017eeckej \u010dasti. Tretie miesto brala&nbsp;Lisa Tertsch.&nbsp;<\/li>\n\n\n\n<li>Mu\u017ei: V\u00ed\u0165azstvo a prv\u00e9 miesto vo WTCS z\u00edskal&nbsp;Henry Graf, ke\u010f dok\u00e1zal na cyklistike vytvori\u0165 rozhoduj\u00faci n\u00e1skok, tesne za n\u00edm bol Miguel Hidalgo. Tret\u00ed skon\u010dil&nbsp;Csongor Lehmann.&nbsp;<\/li>\n<\/ul>\n\n\n\n<h3 class=\"wp-block-heading\"><strong><strong><strong><strong>Na\u0161a \u00faloha &amp; pre\u010do n\u00e1s to te\u0161\u00ed<\/strong><\/strong><\/strong><\/strong><\/h3>\n\n\n\n<p>Sme radi, \u017ee sme mohli by\u0165 s\u00fa\u010das\u0165ou! Dodali sme \u0161peci\u00e1lnu ed\u00edciu hodiniek vytvoren\u00fa pr\u00e1ve pre City Triathlon, ktor\u00e1 nielen zdobila \u00fa\u010dastn\u00edkov, ale stala sa aj symbolom&nbsp;<strong>spojenia \u0161portu, v\u00fdkonnosti a prec\u00edzneho remesla<\/strong>.<\/p>\n\n\n\n<p>Bolo pre n\u00e1s ve\u013ekou in\u0161pir\u00e1ciou vidie\u0165 t\u00fdch najlep\u0161\u00edch atl\u00e9tov sveta, ako bojuj\u00fa na trati, aj div\u00e1kov, ako podporuj\u00fa ka\u017ed\u00fd \u00fasek pretekov \u2013 od pl\u00e1vania v rolavskej hladine, cez technick\u00e9 v\u00fdjazdy a\u017e po fini\u0161 na behu pozd\u013a\u017e kolon\u00e1d. Atmosf\u00e9ra, kde adrenal\u00edn, vytrvalos\u0165 a nad\u0161enie pre \u0161port tvorili jeden celok, bola mimoriadna.<\/p>\n\n\n<div id=\"b-tyagzm_mfz3oxpy\" class=\"brxe-div\"><\/div>\n\n\n<figure class=\"wp-block-video\"><video height=\"1080\" style=\"aspect-ratio: 1920 \/ 1080;\" width=\"1920\" autoplay controls loop muted src=\"https:\/\/prim.cz\/wp-content\/uploads\/2024\/10\/city_triathlon_assembly.mp4\"><\/video><\/figure>\n\n\n<div id=\"b-tyagzm_mfz3rtgm\" class=\"brxe-div\"><\/div>\n\n\n<figure class=\"wp-block-gallery has-nested-images columns-4 is-cropped wp-block-gallery-1 is-layout-flex wp-block-gallery-is-layout-flex\">\n<figure class=\"wp-block-image size-large\"><img loading=\"lazy\" decoding=\"async\" width=\"1000\" height=\"1000\" data-id=\"37692\" src=\"https:\/\/prim.cz\/wp-content\/uploads\/2024\/10\/ALBE2073.webp\" alt=\"\" class=\"wp-image-37692\" srcset=\"https:\/\/prim.cz\/wp-content\/uploads\/2024\/10\/ALBE2073.webp 1000w, https:\/\/prim.cz\/wp-content\/uploads\/2024\/10\/ALBE2073-300x300.webp 300w, https:\/\/prim.cz\/wp-content\/uploads\/2024\/10\/ALBE2073-150x150.webp 150w, https:\/\/prim.cz\/wp-content\/uploads\/2024\/10\/ALBE2073-768x768.webp 768w\" sizes=\"auto, (max-width: 1000px) 100vw, 1000px\" \/><\/figure>\n\n\n\n<figure class=\"wp-block-image size-large\"><img loading=\"lazy\" decoding=\"async\" width=\"1000\" height=\"1000\" data-id=\"37693\" src=\"https:\/\/prim.cz\/wp-content\/uploads\/2024\/10\/Copy-of-048_20250913_JSvoboda_KVary.webp\" alt=\"\" class=\"wp-image-37693\" srcset=\"https:\/\/prim.cz\/wp-content\/uploads\/2024\/10\/Copy-of-048_20250913_JSvoboda_KVary.webp 1000w, https:\/\/prim.cz\/wp-content\/uploads\/2024\/10\/Copy-of-048_20250913_JSvoboda_KVary-300x300.webp 300w, https:\/\/prim.cz\/wp-content\/uploads\/2024\/10\/Copy-of-048_20250913_JSvoboda_KVary-150x150.webp 150w, https:\/\/prim.cz\/wp-content\/uploads\/2024\/10\/Copy-of-048_20250913_JSvoboda_KVary-768x768.webp 768w\" sizes=\"auto, (max-width: 1000px) 100vw, 1000px\" \/><\/figure>\n\n\n\n<figure class=\"wp-block-image size-large\"><img loading=\"lazy\" decoding=\"async\" width=\"1000\" height=\"1000\" data-id=\"37694\" src=\"https:\/\/prim.cz\/wp-content\/uploads\/2024\/10\/ALBE3010.webp\" alt=\"\" class=\"wp-image-37694\" srcset=\"https:\/\/prim.cz\/wp-content\/uploads\/2024\/10\/ALBE3010.webp 1000w, https:\/\/prim.cz\/wp-content\/uploads\/2024\/10\/ALBE3010-300x300.webp 300w, https:\/\/prim.cz\/wp-content\/uploads\/2024\/10\/ALBE3010-150x150.webp 150w, https:\/\/prim.cz\/wp-content\/uploads\/2024\/10\/ALBE3010-768x768.webp 768w\" sizes=\"auto, (max-width: 1000px) 100vw, 1000px\" \/><\/figure>\n\n\n\n<figure class=\"wp-block-image size-large\"><img loading=\"lazy\" decoding=\"async\" width=\"1000\" height=\"1000\" data-id=\"37695\" src=\"https:\/\/prim.cz\/wp-content\/uploads\/2024\/10\/Copy-of-20250913_094910_MK_11825.webp\" alt=\"\" class=\"wp-image-37695\" srcset=\"https:\/\/prim.cz\/wp-content\/uploads\/2024\/10\/Copy-of-20250913_094910_MK_11825.webp 1000w, https:\/\/prim.cz\/wp-content\/uploads\/2024\/10\/Copy-of-20250913_094910_MK_11825-300x300.webp 300w, https:\/\/prim.cz\/wp-content\/uploads\/2024\/10\/Copy-of-20250913_094910_MK_11825-150x150.webp 150w, https:\/\/prim.cz\/wp-content\/uploads\/2024\/10\/Copy-of-20250913_094910_MK_11825-768x768.webp 768w\" sizes=\"auto, (max-width: 1000px) 100vw, 1000px\" \/><\/figure>\n\n\n\n<figure class=\"wp-block-image size-large\"><img loading=\"lazy\" decoding=\"async\" width=\"1000\" height=\"1000\" data-id=\"37696\" src=\"https:\/\/prim.cz\/wp-content\/uploads\/2024\/10\/Copy-of-ALBE3022.webp\" alt=\"\" class=\"wp-image-37696\" srcset=\"https:\/\/prim.cz\/wp-content\/uploads\/2024\/10\/Copy-of-ALBE3022.webp 1000w, https:\/\/prim.cz\/wp-content\/uploads\/2024\/10\/Copy-of-ALBE3022-300x300.webp 300w, https:\/\/prim.cz\/wp-content\/uploads\/2024\/10\/Copy-of-ALBE3022-150x150.webp 150w, https:\/\/prim.cz\/wp-content\/uploads\/2024\/10\/Copy-of-ALBE3022-768x768.webp 768w\" sizes=\"auto, (max-width: 1000px) 100vw, 1000px\" \/><\/figure>\n\n\n\n<figure class=\"wp-block-image size-large\"><img loading=\"lazy\" decoding=\"async\" width=\"1000\" height=\"1000\" data-id=\"37700\" src=\"https:\/\/prim.cz\/wp-content\/uploads\/2024\/10\/ALBE4624.webp\" alt=\"\" class=\"wp-image-37700\" srcset=\"https:\/\/prim.cz\/wp-content\/uploads\/2024\/10\/ALBE4624.webp 1000w, https:\/\/prim.cz\/wp-content\/uploads\/2024\/10\/ALBE4624-300x300.webp 300w, https:\/\/prim.cz\/wp-content\/uploads\/2024\/10\/ALBE4624-150x150.webp 150w, https:\/\/prim.cz\/wp-content\/uploads\/2024\/10\/ALBE4624-768x768.webp 768w\" sizes=\"auto, (max-width: 1000px) 100vw, 1000px\" \/><\/figure>\n<\/figure>\n\n\n<div id=\"b-tyagzm_mgf12djf\" class=\"brxe-div\"><\/div>\n\n<div id=\"b-ickeyb_mgf12j32\" class=\"brxe-div\"><h3 id=\"b-zyysyn_mgf12j32\" class=\"brxe-heading h3\">Nap\u00ed\u0161te n\u00e1m!<\/h3><\/div>\n\n<div id=\"b-tyagzm_mgf18789\" class=\"brxe-div\"><\/div>\n\n\n<p class=\"has-text-align-center\"><strong>Zaujali v\u00e1s<\/strong> hodinky vytvoren\u00e9 pre <strong>City Triathlon Karlovy Vary 2025<\/strong>?<br><strong>Nap\u00ed\u0161te n\u00e1m!<\/strong> Radi sa s vami spoj\u00edme a dohodneme na mo\u017enosti v\u00fdroby <strong>vlastn\u00e9ho<\/strong> <strong>kusu<\/strong> in\u0161pirovan\u00e9ho t\u00fdmto modelom.<\/p>\n\n\n\n<div class=\"wpcf7 no-js\" id=\"wpcf7-f38476-o1\" lang=\"cs-CZ\" dir=\"ltr\" data-wpcf7-id=\"38476\">\n<div class=\"screen-reader-response\"><p role=\"status\" aria-live=\"polite\" aria-atomic=\"true\"><\/p> <ul><\/ul><\/div>\n<form action=\"\/sk\/wp-json\/wp\/v2\/aktualita\/44091#wpcf7-f38476-o1\" method=\"post\" class=\"wpcf7-form init\" aria-label=\"Kontaktn\u00ed formul\u00e1\u0159\" novalidate=\"novalidate\" data-status=\"init\">\n<fieldset class=\"hidden-fields-container\"><input type=\"hidden\" name=\"_wpcf7\" value=\"38476\" \/><input type=\"hidden\" name=\"_wpcf7_version\" value=\"6.1.5\" \/><input type=\"hidden\" name=\"_wpcf7_locale\" value=\"cs_CZ\" \/><input type=\"hidden\" name=\"_wpcf7_unit_tag\" value=\"wpcf7-f38476-o1\" \/><input type=\"hidden\" name=\"_wpcf7_container_post\" value=\"0\" \/><input type=\"hidden\" name=\"_wpcf7_posted_data_hash\" value=\"\" \/><input type=\"hidden\" name=\"_wpcf7_recaptcha_response\" value=\"\" \/>\n<\/fieldset>\n<p><label> Va\u0161e jm\u00e9no<br \/>\n<span class=\"wpcf7-form-control-wrap\" data-name=\"your-name\"><input size=\"40\" maxlength=\"400\" class=\"wpcf7-form-control wpcf7-text wpcf7-validates-as-required\" autocomplete=\"name\" aria-required=\"true\" aria-invalid=\"false\" placeholder=\"Va\u0161e jm\u00e9no a p\u0159\u00edjmen\u00ed\" value=\"\" type=\"text\" name=\"your-name\" \/><\/span> <\/label>\n<\/p>\n<p><label> V\u00e1\u0161 e-mail<br \/>\n<span class=\"wpcf7-form-control-wrap\" data-name=\"your-email\"><input size=\"40\" maxlength=\"400\" class=\"wpcf7-form-control wpcf7-email wpcf7-validates-as-required wpcf7-text wpcf7-validates-as-email\" autocomplete=\"email\" aria-required=\"true\" aria-invalid=\"false\" placeholder=\"V\u00e1\u0161 e-mail\" value=\"\" type=\"email\" name=\"your-email\" \/><\/span> <\/label>\n<\/p>\n<p><label> Va\u0161e telefonn\u00ed \u010d\u00edslo<br \/>\n<span class=\"wpcf7-form-control-wrap\" data-name=\"your-phone\"><input size=\"40\" maxlength=\"400\" class=\"wpcf7-form-control wpcf7-tel wpcf7-validates-as-required wpcf7-text wpcf7-validates-as-tel\" autocomplete=\"tel\" aria-required=\"true\" aria-invalid=\"false\" placeholder=\"Va\u0161e tel. \u010d\u00edslo\" value=\"\" type=\"tel\" name=\"your-phone\" \/><\/span> <\/label>\n<\/p>\n<p><label> Va\u0161e zpr\u00e1va (voliteln\u00fd)<br \/>\n<span class=\"wpcf7-form-control-wrap\" data-name=\"your-message\"><textarea cols=\"40\" rows=\"10\" maxlength=\"2000\" class=\"wpcf7-form-control wpcf7-textarea\" aria-invalid=\"false\" name=\"your-message\">Dobr\u00fd den,\n\nr\u00e1d\/a bych se informoval\/a o mo\u017enosti v\u00fdroby vlastn\u00edho kusu hodinek inspirovan\u00e9ho modelem vytvo\u0159en\u00fdm pro City Triathlon Karlovy Vary 2025.\n\nPros\u00edm o zasl\u00e1n\u00ed bli\u017e\u0161\u00edch informac\u00ed k mo\u017enostem personalizace, cen\u011b a term\u00ednech dod\u00e1n\u00ed.\n\nD\u011bkuji a t\u011b\u0161\u00edm se na va\u0161i odpov\u011b\u010f.\n\nS pozdravem<\/textarea><\/span><br \/>\n<\/label>\n<\/p>\n<p><input class=\"wpcf7-form-control wpcf7-submit has-spinner brxe-button bricks-button bricks-background-primary\" type=\"submit\" value=\"Poslat dotaz\" \/>\n<\/p><div class=\"wpcf7-response-output\" aria-hidden=\"true\"><\/div>\n<\/form>\n<\/div>\n\n\n\n<div id=\"b-qdovdx_mgf162z0\" class=\"brxe-div\"><\/div>","protected":false},"featured_media":0,"template":"","meta":{"_acf_changed":false,"_link_to_original":""},"class_list":["post-44091","aktualita","type-aktualita","status-publish","hentry"],"acf":[],"yoast_head":"<!-- This site is optimized with the Yoast SEO plugin v26.9 - https:\/\/yoast.com\/product\/yoast-seo-wordpress\/ -->\n<title>City Triathlon - Karlovy Vary 2025 - PRIM - origin\u00e1ln\u00ed \u010desk\u00e9 p\u00e1nsk\u00e9, d\u00e1msk\u00e9, d\u011btsk\u00e9 hodinky a hodiny<\/title>\n<meta name=\"robots\" content=\"index, follow, max-snippet:-1, max-image-preview:large, max-video-preview:-1\" \/>\n<link rel=\"canonical\" href=\"https:\/\/prim.cz\/sk\/aktualita\/city-triathlon-karlovy-vary-2025-sk\/\" \/>\n<meta property=\"og:locale\" content=\"sk_SK\" \/>\n<meta property=\"og:type\" content=\"article\" \/>\n<meta property=\"og:title\" content=\"City Triathlon - Karlovy Vary 2025 - PRIM - origin\u00e1ln\u00ed \u010desk\u00e9 p\u00e1nsk\u00e9, d\u00e1msk\u00e9, d\u011btsk\u00e9 hodinky a hodiny\" \/>\n<meta property=\"og:description\" content=\"City Triathlon \u2013 Karlovy Vary 2025: Ke\u010f \u0161port stretne elitu a srdce V d\u0148och&nbsp;12.\u201314. septembra 2025&nbsp;sa Karlovy Vary premenili na centrum&nbsp;svetov\u00e9ho triatlonu \u2013&nbsp;City Triathlon&nbsp;sa tento rok prv\u00fdkr\u00e1t konal ako s\u00fa\u010das\u0165 prest\u00ed\u017enej&nbsp;World Triathlon Championship Series (WTCS) a my sme boli pri tom.&nbsp; \u010co akcia pon\u00fakla: V\u00fdsledky, ktor\u00e9 sa zap\u00ed\u0161u do hist\u00f3rie Na\u0161a \u00faloha &amp; pre\u010do n\u00e1s [&hellip;]\" \/>\n<meta property=\"og:url\" content=\"https:\/\/prim.cz\/sk\/aktualita\/city-triathlon-karlovy-vary-2025-sk\/\" \/>\n<meta property=\"og:site_name\" content=\"PRIM - origin\u00e1ln\u00ed \u010desk\u00e9 p\u00e1nsk\u00e9, d\u00e1msk\u00e9, d\u011btsk\u00e9 hodinky a hodiny\" \/>\n<meta property=\"article:modified_time\" content=\"2026-03-16T10:52:19+00:00\" \/>\n<meta property=\"og:image\" content=\"https:\/\/prim.cz\/wp-content\/uploads\/2024\/10\/ALBE2073.webp\" \/>\n\t<meta property=\"og:image:width\" content=\"1000\" \/>\n\t<meta property=\"og:image:height\" content=\"1000\" \/>\n\t<meta property=\"og:image:type\" content=\"image\/webp\" \/>\n<meta name=\"twitter:card\" content=\"summary_large_image\" \/>\n<meta name=\"twitter:label1\" content=\"Predpokladan\u00fd \u010das \u010d\u00edtania\" \/>\n\t<meta name=\"twitter:data1\" content=\"2 min\u00faty\" \/>\n<script type=\"application\/ld+json\" class=\"yoast-schema-graph\">{\"@context\":\"https:\/\/schema.org\",\"@graph\":[{\"@type\":\"WebPage\",\"@id\":\"https:\/\/prim.cz\/sk\/aktualita\/city-triathlon-karlovy-vary-2025-sk\/\",\"url\":\"https:\/\/prim.cz\/sk\/aktualita\/city-triathlon-karlovy-vary-2025-sk\/\",\"name\":\"City Triathlon - Karlovy Vary 2025 - PRIM - origin\u00e1ln\u00ed \u010desk\u00e9 p\u00e1nsk\u00e9, d\u00e1msk\u00e9, d\u011btsk\u00e9 hodinky a hodiny\",\"isPartOf\":{\"@id\":\"https:\/\/prim.cz\/en\/#website\"},\"primaryImageOfPage\":{\"@id\":\"https:\/\/prim.cz\/sk\/aktualita\/city-triathlon-karlovy-vary-2025-sk\/#primaryimage\"},\"image\":{\"@id\":\"https:\/\/prim.cz\/sk\/aktualita\/city-triathlon-karlovy-vary-2025-sk\/#primaryimage\"},\"thumbnailUrl\":\"https:\/\/prim.cz\/wp-content\/uploads\/2024\/10\/ALBE2073.webp\",\"datePublished\":\"2025-09-25T07:40:52+00:00\",\"dateModified\":\"2026-03-16T10:52:19+00:00\",\"breadcrumb\":{\"@id\":\"https:\/\/prim.cz\/sk\/aktualita\/city-triathlon-karlovy-vary-2025-sk\/#breadcrumb\"},\"inLanguage\":\"sk-SK\",\"potentialAction\":[{\"@type\":\"ReadAction\",\"target\":[\"https:\/\/prim.cz\/sk\/aktualita\/city-triathlon-karlovy-vary-2025-sk\/\"]}]},{\"@type\":\"ImageObject\",\"inLanguage\":\"sk-SK\",\"@id\":\"https:\/\/prim.cz\/sk\/aktualita\/city-triathlon-karlovy-vary-2025-sk\/#primaryimage\",\"url\":\"https:\/\/prim.cz\/wp-content\/uploads\/2024\/10\/ALBE2073.webp\",\"contentUrl\":\"https:\/\/prim.cz\/wp-content\/uploads\/2024\/10\/ALBE2073.webp\"},{\"@type\":\"BreadcrumbList\",\"@id\":\"https:\/\/prim.cz\/sk\/aktualita\/city-triathlon-karlovy-vary-2025-sk\/#breadcrumb\",\"itemListElement\":[{\"@type\":\"ListItem\",\"position\":1,\"name\":\"Dom\u016f\",\"item\":\"https:\/\/prim.cz\/sk\/\"},{\"@type\":\"ListItem\",\"position\":2,\"name\":\"City Triathlon &#8211; Karlovy Vary 2025\"}]},{\"@type\":\"WebSite\",\"@id\":\"https:\/\/prim.cz\/en\/#website\",\"url\":\"https:\/\/prim.cz\/en\/\",\"name\":\"PRIM - origin\u00e1ln\u00ed \u010desk\u00e9 p\u00e1nsk\u00e9, d\u00e1msk\u00e9, d\u011btsk\u00e9 hodinky a hodiny\",\"description\":\"Nakupujte p\u0159\u00edmo u v\u00fdrobce! Origin\u00e1ln\u00ed eshop s kompletn\u00edm sortimentem \u010desk\u00fdch hodinek PRIM.\",\"alternateName\":\"prim.cz\",\"potentialAction\":[{\"@type\":\"SearchAction\",\"target\":{\"@type\":\"EntryPoint\",\"urlTemplate\":\"https:\/\/prim.cz\/en\/?s={search_term_string}\"},\"query-input\":{\"@type\":\"PropertyValueSpecification\",\"valueRequired\":true,\"valueName\":\"search_term_string\"}}],\"inLanguage\":\"sk-SK\"}]}<\/script>\n<!-- \/ Yoast SEO plugin. -->","yoast_head_json":{"title":"City Triathlon - Karlovy Vary 2025 - PRIM - origin\u00e1ln\u00ed \u010desk\u00e9 p\u00e1nsk\u00e9, d\u00e1msk\u00e9, d\u011btsk\u00e9 hodinky a hodiny","robots":{"index":"index","follow":"follow","max-snippet":"max-snippet:-1","max-image-preview":"max-image-preview:large","max-video-preview":"max-video-preview:-1"},"canonical":"https:\/\/prim.cz\/sk\/aktualita\/city-triathlon-karlovy-vary-2025-sk\/","og_locale":"sk_SK","og_type":"article","og_title":"City Triathlon - Karlovy Vary 2025 - PRIM - origin\u00e1ln\u00ed \u010desk\u00e9 p\u00e1nsk\u00e9, d\u00e1msk\u00e9, d\u011btsk\u00e9 hodinky a hodiny","og_description":"City Triathlon \u2013 Karlovy Vary 2025: Ke\u010f \u0161port stretne elitu a srdce V d\u0148och&nbsp;12.\u201314. septembra 2025&nbsp;sa Karlovy Vary premenili na centrum&nbsp;svetov\u00e9ho triatlonu \u2013&nbsp;City Triathlon&nbsp;sa tento rok prv\u00fdkr\u00e1t konal ako s\u00fa\u010das\u0165 prest\u00ed\u017enej&nbsp;World Triathlon Championship Series (WTCS) a my sme boli pri tom.&nbsp; \u010co akcia pon\u00fakla: V\u00fdsledky, ktor\u00e9 sa zap\u00ed\u0161u do hist\u00f3rie Na\u0161a \u00faloha &amp; pre\u010do n\u00e1s [&hellip;]","og_url":"https:\/\/prim.cz\/sk\/aktualita\/city-triathlon-karlovy-vary-2025-sk\/","og_site_name":"PRIM - origin\u00e1ln\u00ed \u010desk\u00e9 p\u00e1nsk\u00e9, d\u00e1msk\u00e9, d\u011btsk\u00e9 hodinky a hodiny","article_modified_time":"2026-03-16T10:52:19+00:00","og_image":[{"width":1000,"height":1000,"url":"https:\/\/prim.cz\/wp-content\/uploads\/2024\/10\/ALBE2073.webp","type":"image\/webp"}],"twitter_card":"summary_large_image","twitter_misc":{"Predpokladan\u00fd \u010das \u010d\u00edtania":"2 min\u00faty"},"schema":{"@context":"https:\/\/schema.org","@graph":[{"@type":"WebPage","@id":"https:\/\/prim.cz\/sk\/aktualita\/city-triathlon-karlovy-vary-2025-sk\/","url":"https:\/\/prim.cz\/sk\/aktualita\/city-triathlon-karlovy-vary-2025-sk\/","name":"City Triathlon - Karlovy Vary 2025 - PRIM - origin\u00e1ln\u00ed \u010desk\u00e9 p\u00e1nsk\u00e9, d\u00e1msk\u00e9, d\u011btsk\u00e9 hodinky a hodiny","isPartOf":{"@id":"https:\/\/prim.cz\/en\/#website"},"primaryImageOfPage":{"@id":"https:\/\/prim.cz\/sk\/aktualita\/city-triathlon-karlovy-vary-2025-sk\/#primaryimage"},"image":{"@id":"https:\/\/prim.cz\/sk\/aktualita\/city-triathlon-karlovy-vary-2025-sk\/#primaryimage"},"thumbnailUrl":"https:\/\/prim.cz\/wp-content\/uploads\/2024\/10\/ALBE2073.webp","datePublished":"2025-09-25T07:40:52+00:00","dateModified":"2026-03-16T10:52:19+00:00","breadcrumb":{"@id":"https:\/\/prim.cz\/sk\/aktualita\/city-triathlon-karlovy-vary-2025-sk\/#breadcrumb"},"inLanguage":"sk-SK","potentialAction":[{"@type":"ReadAction","target":["https:\/\/prim.cz\/sk\/aktualita\/city-triathlon-karlovy-vary-2025-sk\/"]}]},{"@type":"ImageObject","inLanguage":"sk-SK","@id":"https:\/\/prim.cz\/sk\/aktualita\/city-triathlon-karlovy-vary-2025-sk\/#primaryimage","url":"https:\/\/prim.cz\/wp-content\/uploads\/2024\/10\/ALBE2073.webp","contentUrl":"https:\/\/prim.cz\/wp-content\/uploads\/2024\/10\/ALBE2073.webp"},{"@type":"BreadcrumbList","@id":"https:\/\/prim.cz\/sk\/aktualita\/city-triathlon-karlovy-vary-2025-sk\/#breadcrumb","itemListElement":[{"@type":"ListItem","position":1,"name":"Dom\u016f","item":"https:\/\/prim.cz\/sk\/"},{"@type":"ListItem","position":2,"name":"City Triathlon &#8211; Karlovy Vary 2025"}]},{"@type":"WebSite","@id":"https:\/\/prim.cz\/en\/#website","url":"https:\/\/prim.cz\/en\/","name":"PRIM - origin\u00e1ln\u00ed \u010desk\u00e9 p\u00e1nsk\u00e9, d\u00e1msk\u00e9, d\u011btsk\u00e9 hodinky a hodiny","description":"Nakupujte p\u0159\u00edmo u v\u00fdrobce! Origin\u00e1ln\u00ed eshop s kompletn\u00edm sortimentem \u010desk\u00fdch hodinek PRIM.","alternateName":"prim.cz","potentialAction":[{"@type":"SearchAction","target":{"@type":"EntryPoint","urlTemplate":"https:\/\/prim.cz\/en\/?s={search_term_string}"},"query-input":{"@type":"PropertyValueSpecification","valueRequired":true,"valueName":"search_term_string"}}],"inLanguage":"sk-SK"}]}},"wpml_current_locale":"sk_SK","wpml_translations":{"cs_CZ":{"locale":"cs_CZ","id":37702,"slug":"city-triathlon-karlovy-vary-2025","post_title":"City Triathlon - Karlovy Vary 2025","href":"https:\/\/prim.cz\/aktualita\/city-triathlon-karlovy-vary-2025\/"},"sk_SK":{"locale":"sk_SK","translation":"current"},"pl_PL":{"locale":"pl_PL","id":44101,"slug":"city-triathlon-karlovy-vary-2025-pl","post_title":"City Triathlon - Karlovy Vary 2025","href":"https:\/\/prim.cz\/pl\/aktualita\/city-triathlon-karlovy-vary-2025-pl\/"},"en_US":{"locale":"en_US","id":44075,"slug":"city-triathlon-karlovy-vary-2025-en","post_title":"City Triathlon - Karlovy Vary 2025","href":"https:\/\/prim.cz\/en\/aktualita\/city-triathlon-karlovy-vary-2025-en\/"}},"_links":{"self":[{"href":"https:\/\/prim.cz\/sk\/wp-json\/wp\/v2\/aktualita\/44091","targetHints":{"allow":["GET"]}}],"collection":[{"href":"https:\/\/prim.cz\/sk\/wp-json\/wp\/v2\/aktualita"}],"about":[{"href":"https:\/\/prim.cz\/sk\/wp-json\/wp\/v2\/types\/aktualita"}],"wp:attachment":[{"href":"https:\/\/prim.cz\/sk\/wp-json\/wp\/v2\/media?parent=44091"}],"curies":[{"name":"wp","href":"https:\/\/api.w.org\/{rel}","templated":true}]}}