{"id":44076,"date":"2025-06-26T08:40:03","date_gmt":"2025-06-26T06:40:03","guid":{"rendered":"https:\/\/prim.cz\/aktualita\/prim-a-olympijsky-beh-2025-dakujeme-ze-sme-mohli-byt-sucastou\/"},"modified":"2026-03-16T11:52:36","modified_gmt":"2026-03-16T10:52:36","slug":"prim-a-olympijsky-beh-2025-dakujeme-ze-sme-mohli-byt-sucastou","status":"publish","type":"aktualita","link":"https:\/\/prim.cz\/sk\/aktualita\/prim-a-olympijsky-beh-2025-dakujeme-ze-sme-mohli-byt-sucastou\/","title":{"rendered":"PRIM a Olympijsk\u00fd beh 2025: \u010eakujeme, \u017ee sme mohli by\u0165 s\u00fa\u010das\u0165ou"},"content":{"rendered":"\n<p>V stredu 18. j\u00fana 2025 sa po celej \u010ceskej republike \u2013 od \u0161kolsk\u00fdch ihr\u00edsk a\u017e po mestsk\u00e9 parky \u2013 behalo v duchu fair play, pohybu a olympijsk\u00fdch hodn\u00f4t. Sme hrd\u00ed na to, \u017ee sme ako \u010desk\u00e1 zna\u010dka PRIM mohli by\u0165 s\u00fa\u010das\u0165ou tohtoro\u010dn\u00e9ho&nbsp;<strong>Olympijsk\u00e9ho behu<\/strong>, ktor\u00fd priviedol k \u0161portu desa\u0165tis\u00edce be\u017ecov v\u0161etk\u00fdch gener\u00e1ci\u00ed.<\/p>\n\n\n\n<p><strong>75 917 be\u017ecov<\/strong>, z toho vy\u0161e&nbsp;<strong>63 000 det\u00ed zo z\u00e1kladn\u00fdch \u0161k\u00f4l<\/strong>, viac ako&nbsp;<strong>90 be\u017eeck\u00fdch miest<\/strong>&nbsp;naprie\u010d republikou a suma&nbsp;<strong>484 590 K\u010d vybran\u00e1 pre \u010cesk\u00fa olympijsk\u00fa nad\u00e1ciu<\/strong>&nbsp;\u2013 tieto \u010d\u00edsla hovoria za v\u0161etko. \u010eakujeme organiz\u00e1torom, dobrovo\u013en\u00edkom i v\u0161etk\u00fdm, ktor\u00ed v de\u0148 pretekov vytvorili jedine\u010dn\u00fa atmosf\u00e9ru, kr\u00e1sne zachyten\u00fa aj v&nbsp;<a rel=\"noreferrer noopener\" href=\"https:\/\/www.ceskatelevize.cz\/porady\/17056425018-olympijsky-beh-2025\/\" target=\"_blank\">report\u00e1\u017ei \u010cT \u0161port<\/a>.<\/p>\n\n\n\n<p>Zna\u010dka PRIM si v\u00e1\u017ei hodn\u00f4t, ktor\u00e9 Olympijsk\u00fd beh reprezentuje \u2013 vytrvalosti, poctivej pr\u00e1ce a prepojenia gener\u00e1ci\u00ed. Sme radi, \u017ee m\u00f4\u017eeme st\u00e1\u0165 po boku projektu, ktor\u00fd re\u00e1lne motivuje \u013eud\u00ed k pohybu a \u0161\u00edri olympijsk\u00e9 my\u0161lienky.<\/p>\n\n\n\n<p>D\u0148a 23. j\u00fana, ke\u010f sl\u00e1vime&nbsp;<strong>Medzin\u00e1rodn\u00fd olympijsk\u00fd de\u0148<\/strong>, m\u00e1me o d\u00f4vod viac pripomen\u00fa\u0165 si, \u017ee ka\u017ed\u00e1 min\u00fata venovan\u00e1 \u0161portu m\u00e1 zmysel. \u010eakujeme, \u017ee sme mohli by\u0165 pri tom.<\/p>\n\n\n\n<p>Viac o Olympijskom behu n\u00e1jdete na&nbsp;<a rel=\"noreferrer noopener\" href=\"https:\/\/www.olympijskybeh.cz\/\" target=\"_blank\">www.olympijskybeh.cz<\/a><\/p>\n\n\n\n<figure class=\"wp-block-gallery has-nested-images columns-3 is-cropped wp-block-gallery-1 is-layout-flex wp-block-gallery-is-layout-flex\">\n<figure class=\"wp-block-image size-large\"><img loading=\"lazy\" decoding=\"async\" width=\"683\" height=\"1024\" data-id=\"33927\" src=\"https:\/\/prim.cz\/wp-content\/uploads\/2025\/06\/COV_foto_id_QG721SmmTGQAAAAAAAAkHw_intern_highlogo-683x1024.jpg\" alt=\"\" class=\"wp-image-33927\" srcset=\"https:\/\/prim.cz\/wp-content\/uploads\/2025\/06\/COV_foto_id_QG721SmmTGQAAAAAAAAkHw_intern_highlogo-683x1024.jpg 683w, https:\/\/prim.cz\/wp-content\/uploads\/2025\/06\/COV_foto_id_QG721SmmTGQAAAAAAAAkHw_intern_highlogo-200x300.jpg 200w, https:\/\/prim.cz\/wp-content\/uploads\/2025\/06\/COV_foto_id_QG721SmmTGQAAAAAAAAkHw_intern_highlogo-768x1152.jpg 768w, https:\/\/prim.cz\/wp-content\/uploads\/2025\/06\/COV_foto_id_QG721SmmTGQAAAAAAAAkHw_intern_highlogo-1024x1536.jpg 1024w, https:\/\/prim.cz\/wp-content\/uploads\/2025\/06\/COV_foto_id_QG721SmmTGQAAAAAAAAkHw_intern_highlogo-1366x2048.jpg 1366w, https:\/\/prim.cz\/wp-content\/uploads\/2025\/06\/COV_foto_id_QG721SmmTGQAAAAAAAAkHw_intern_highlogo-scaled.jpg 1707w\" sizes=\"auto, (max-width: 683px) 100vw, 683px\" \/><figcaption class=\"wp-element-caption\">Olympijsk\u00fd beh Brno, Vyhl\u00e1senie dospel\u00fdch kateg\u00f3ri\u00ed na 5 a 10 km<\/figcaption><\/figure>\n\n\n\n<figure class=\"wp-block-image size-large\"><img loading=\"lazy\" decoding=\"async\" width=\"1024\" height=\"683\" data-id=\"33924\" src=\"https:\/\/prim.cz\/wp-content\/uploads\/2025\/06\/COV_foto_id_QG721SmmTGQAAAAAAAAkIw_intern_highlogo-1024x683.jpg\" alt=\"\" class=\"wp-image-33924\" srcset=\"https:\/\/prim.cz\/wp-content\/uploads\/2025\/06\/COV_foto_id_QG721SmmTGQAAAAAAAAkIw_intern_highlogo-1024x683.jpg 1024w, https:\/\/prim.cz\/wp-content\/uploads\/2025\/06\/COV_foto_id_QG721SmmTGQAAAAAAAAkIw_intern_highlogo-300x200.jpg 300w, https:\/\/prim.cz\/wp-content\/uploads\/2025\/06\/COV_foto_id_QG721SmmTGQAAAAAAAAkIw_intern_highlogo-768x512.jpg 768w, https:\/\/prim.cz\/wp-content\/uploads\/2025\/06\/COV_foto_id_QG721SmmTGQAAAAAAAAkIw_intern_highlogo-1536x1025.jpg 1536w, https:\/\/prim.cz\/wp-content\/uploads\/2025\/06\/COV_foto_id_QG721SmmTGQAAAAAAAAkIw_intern_highlogo-2048x1366.jpg 2048w\" sizes=\"auto, (max-width: 1024px) 100vw, 1024px\" \/><figcaption class=\"wp-element-caption\">Olympijsk\u00fd beh Brno, Vyhl\u00e1senie dospel\u00fdch kateg\u00f3ri\u00ed na 5 a 10 km<\/figcaption><\/figure>\n\n\n\n<figure class=\"wp-block-image size-large\"><img loading=\"lazy\" decoding=\"async\" width=\"1024\" height=\"683\" data-id=\"33929\" src=\"https:\/\/prim.cz\/wp-content\/uploads\/2025\/06\/COV_foto_id_QG721SmmTGQAAAAAAAAj2w_intern_highlogo-1024x683.jpg\" alt=\"\" class=\"wp-image-33929\" srcset=\"https:\/\/prim.cz\/wp-content\/uploads\/2025\/06\/COV_foto_id_QG721SmmTGQAAAAAAAAj2w_intern_highlogo-1024x683.jpg 1024w, https:\/\/prim.cz\/wp-content\/uploads\/2025\/06\/COV_foto_id_QG721SmmTGQAAAAAAAAj2w_intern_highlogo-300x200.jpg 300w, https:\/\/prim.cz\/wp-content\/uploads\/2025\/06\/COV_foto_id_QG721SmmTGQAAAAAAAAj2w_intern_highlogo-768x512.jpg 768w, https:\/\/prim.cz\/wp-content\/uploads\/2025\/06\/COV_foto_id_QG721SmmTGQAAAAAAAAj2w_intern_highlogo-1536x1025.jpg 1536w, https:\/\/prim.cz\/wp-content\/uploads\/2025\/06\/COV_foto_id_QG721SmmTGQAAAAAAAAj2w_intern_highlogo-2048x1366.jpg 2048w\" sizes=\"auto, (max-width: 1024px) 100vw, 1024px\" \/><figcaption class=\"wp-element-caption\">Olympijsk\u00fd beh Brno, \u0160tart hlavn\u00e9ho preteku pre dospel\u00fdch na 5 a 10 km<\/figcaption><\/figure>\n\n\n\n<figure class=\"wp-block-image size-large\"><img loading=\"lazy\" decoding=\"async\" width=\"1024\" height=\"683\" data-id=\"33930\" src=\"https:\/\/prim.cz\/wp-content\/uploads\/2025\/06\/COV_foto_id_QG721SmmTGQAAAAAAAAkSA_intern_highlogo-1024x683.jpg\" alt=\"\" class=\"wp-image-33930\" srcset=\"https:\/\/prim.cz\/wp-content\/uploads\/2025\/06\/COV_foto_id_QG721SmmTGQAAAAAAAAkSA_intern_highlogo-1024x683.jpg 1024w, https:\/\/prim.cz\/wp-content\/uploads\/2025\/06\/COV_foto_id_QG721SmmTGQAAAAAAAAkSA_intern_highlogo-300x200.jpg 300w, https:\/\/prim.cz\/wp-content\/uploads\/2025\/06\/COV_foto_id_QG721SmmTGQAAAAAAAAkSA_intern_highlogo-768x512.jpg 768w, https:\/\/prim.cz\/wp-content\/uploads\/2025\/06\/COV_foto_id_QG721SmmTGQAAAAAAAAkSA_intern_highlogo-1536x1024.jpg 1536w, https:\/\/prim.cz\/wp-content\/uploads\/2025\/06\/COV_foto_id_QG721SmmTGQAAAAAAAAkSA_intern_highlogo-2048x1365.jpg 2048w\" sizes=\"auto, (max-width: 1024px) 100vw, 1024px\" \/><\/figure>\n\n\n\n<figure class=\"wp-block-image size-large\"><img loading=\"lazy\" decoding=\"async\" width=\"1024\" height=\"640\" data-id=\"33928\" src=\"https:\/\/prim.cz\/wp-content\/uploads\/2025\/06\/COV_foto_id_sOH3fkC9ThAAAAAAAAVBLQ_intern_highlogo-1024x640.jpg\" alt=\"\" class=\"wp-image-33928\" srcset=\"https:\/\/prim.cz\/wp-content\/uploads\/2025\/06\/COV_foto_id_sOH3fkC9ThAAAAAAAAVBLQ_intern_highlogo-1024x640.jpg 1024w, https:\/\/prim.cz\/wp-content\/uploads\/2025\/06\/COV_foto_id_sOH3fkC9ThAAAAAAAAVBLQ_intern_highlogo-300x188.jpg 300w, https:\/\/prim.cz\/wp-content\/uploads\/2025\/06\/COV_foto_id_sOH3fkC9ThAAAAAAAAVBLQ_intern_highlogo-768x480.jpg 768w, https:\/\/prim.cz\/wp-content\/uploads\/2025\/06\/COV_foto_id_sOH3fkC9ThAAAAAAAAVBLQ_intern_highlogo-1536x960.jpg 1536w, https:\/\/prim.cz\/wp-content\/uploads\/2025\/06\/COV_foto_id_sOH3fkC9ThAAAAAAAAVBLQ_intern_highlogo-2048x1280.jpg 2048w\" sizes=\"auto, (max-width: 1024px) 100vw, 1024px\" \/><\/figure>\n\n\n\n<figure class=\"wp-block-image size-large\"><img loading=\"lazy\" decoding=\"async\" width=\"1024\" height=\"683\" data-id=\"33925\" src=\"https:\/\/prim.cz\/wp-content\/uploads\/2025\/06\/COV_foto_id_sOH3fkC9ThAAAAAAAAVElA_intern_highlogo-1024x683.jpg\" alt=\"\" class=\"wp-image-33925\" srcset=\"https:\/\/prim.cz\/wp-content\/uploads\/2025\/06\/COV_foto_id_sOH3fkC9ThAAAAAAAAVElA_intern_highlogo-1024x683.jpg 1024w, https:\/\/prim.cz\/wp-content\/uploads\/2025\/06\/COV_foto_id_sOH3fkC9ThAAAAAAAAVElA_intern_highlogo-300x200.jpg 300w, https:\/\/prim.cz\/wp-content\/uploads\/2025\/06\/COV_foto_id_sOH3fkC9ThAAAAAAAAVElA_intern_highlogo-768x512.jpg 768w, https:\/\/prim.cz\/wp-content\/uploads\/2025\/06\/COV_foto_id_sOH3fkC9ThAAAAAAAAVElA_intern_highlogo-1536x1024.jpg 1536w, https:\/\/prim.cz\/wp-content\/uploads\/2025\/06\/COV_foto_id_sOH3fkC9ThAAAAAAAAVElA_intern_highlogo-2048x1365.jpg 2048w\" sizes=\"auto, (max-width: 1024px) 100vw, 1024px\" \/><\/figure>\n\n\n\n<figure class=\"wp-block-image size-large\"><img loading=\"lazy\" decoding=\"async\" width=\"1024\" height=\"683\" data-id=\"33926\" src=\"https:\/\/prim.cz\/wp-content\/uploads\/2025\/06\/COV_foto_id_sOH3fkC9ThAAAAAAAAU_IA_intern_highlogo-1024x683.jpg\" alt=\"\" class=\"wp-image-33926\" srcset=\"https:\/\/prim.cz\/wp-content\/uploads\/2025\/06\/COV_foto_id_sOH3fkC9ThAAAAAAAAU_IA_intern_highlogo-1024x683.jpg 1024w, https:\/\/prim.cz\/wp-content\/uploads\/2025\/06\/COV_foto_id_sOH3fkC9ThAAAAAAAAU_IA_intern_highlogo-300x200.jpg 300w, https:\/\/prim.cz\/wp-content\/uploads\/2025\/06\/COV_foto_id_sOH3fkC9ThAAAAAAAAU_IA_intern_highlogo-768x512.jpg 768w, https:\/\/prim.cz\/wp-content\/uploads\/2025\/06\/COV_foto_id_sOH3fkC9ThAAAAAAAAU_IA_intern_highlogo-1536x1024.jpg 1536w, https:\/\/prim.cz\/wp-content\/uploads\/2025\/06\/COV_foto_id_sOH3fkC9ThAAAAAAAAU_IA_intern_highlogo-2048x1365.jpg 2048w\" sizes=\"auto, (max-width: 1024px) 100vw, 1024px\" \/><\/figure>\n<\/figure>\n","protected":false},"featured_media":0,"template":"","meta":{"_acf_changed":false,"_link_to_original":""},"class_list":["post-44076","aktualita","type-aktualita","status-publish","hentry"],"acf":[],"yoast_head":"<!-- This site is optimized with the Yoast SEO plugin v26.9 - https:\/\/yoast.com\/product\/yoast-seo-wordpress\/ -->\n<title>PRIM a Olympijsk\u00fd beh 2025: \u010eakujeme, \u017ee sme mohli by\u0165 s\u00fa\u010das\u0165ou - PRIM - origin\u00e1ln\u00ed \u010desk\u00e9 p\u00e1nsk\u00e9, d\u00e1msk\u00e9, d\u011btsk\u00e9 hodinky a hodiny<\/title>\n<meta name=\"robots\" content=\"index, follow, max-snippet:-1, max-image-preview:large, max-video-preview:-1\" \/>\n<link rel=\"canonical\" href=\"https:\/\/prim.cz\/sk\/aktualita\/prim-a-olympijsky-beh-2025-dakujeme-ze-sme-mohli-byt-sucastou\/\" \/>\n<meta property=\"og:locale\" content=\"sk_SK\" \/>\n<meta property=\"og:type\" content=\"article\" \/>\n<meta property=\"og:title\" content=\"PRIM a Olympijsk\u00fd beh 2025: \u010eakujeme, \u017ee sme mohli by\u0165 s\u00fa\u010das\u0165ou - PRIM - origin\u00e1ln\u00ed \u010desk\u00e9 p\u00e1nsk\u00e9, d\u00e1msk\u00e9, d\u011btsk\u00e9 hodinky a hodiny\" \/>\n<meta property=\"og:description\" content=\"V stredu 18. j\u00fana 2025 sa po celej \u010ceskej republike \u2013 od \u0161kolsk\u00fdch ihr\u00edsk a\u017e po mestsk\u00e9 parky \u2013 behalo v duchu fair play, pohybu a olympijsk\u00fdch hodn\u00f4t. Sme hrd\u00ed na to, \u017ee sme ako \u010desk\u00e1 zna\u010dka PRIM mohli by\u0165 s\u00fa\u010das\u0165ou tohtoro\u010dn\u00e9ho&nbsp;Olympijsk\u00e9ho behu, ktor\u00fd priviedol k \u0161portu desa\u0165tis\u00edce be\u017ecov v\u0161etk\u00fdch gener\u00e1ci\u00ed. 75 917 be\u017ecov, z [&hellip;]\" \/>\n<meta property=\"og:url\" content=\"https:\/\/prim.cz\/sk\/aktualita\/prim-a-olympijsky-beh-2025-dakujeme-ze-sme-mohli-byt-sucastou\/\" \/>\n<meta property=\"og:site_name\" content=\"PRIM - origin\u00e1ln\u00ed \u010desk\u00e9 p\u00e1nsk\u00e9, d\u00e1msk\u00e9, d\u011btsk\u00e9 hodinky a hodiny\" \/>\n<meta property=\"article:modified_time\" content=\"2026-03-16T10:52:36+00:00\" \/>\n<meta property=\"og:image\" content=\"https:\/\/prim.cz\/wp-content\/uploads\/2025\/06\/COV_foto_id_QG721SmmTGQAAAAAAAAkHw_intern_highlogo-scaled.jpg\" \/>\n\t<meta property=\"og:image:width\" content=\"1707\" \/>\n\t<meta property=\"og:image:height\" content=\"2560\" \/>\n\t<meta property=\"og:image:type\" content=\"image\/jpeg\" \/>\n<meta name=\"twitter:card\" content=\"summary_large_image\" \/>\n<meta name=\"twitter:label1\" content=\"Predpokladan\u00fd \u010das \u010d\u00edtania\" \/>\n\t<meta name=\"twitter:data1\" content=\"1 min\u00fata\" \/>\n<script type=\"application\/ld+json\" class=\"yoast-schema-graph\">{\"@context\":\"https:\/\/schema.org\",\"@graph\":[{\"@type\":\"WebPage\",\"@id\":\"https:\/\/prim.cz\/sk\/aktualita\/prim-a-olympijsky-beh-2025-dakujeme-ze-sme-mohli-byt-sucastou\/\",\"url\":\"https:\/\/prim.cz\/sk\/aktualita\/prim-a-olympijsky-beh-2025-dakujeme-ze-sme-mohli-byt-sucastou\/\",\"name\":\"PRIM a Olympijsk\u00fd beh 2025: \u010eakujeme, \u017ee sme mohli by\u0165 s\u00fa\u010das\u0165ou - PRIM - origin\u00e1ln\u00ed \u010desk\u00e9 p\u00e1nsk\u00e9, d\u00e1msk\u00e9, d\u011btsk\u00e9 hodinky a hodiny\",\"isPartOf\":{\"@id\":\"https:\/\/prim.cz\/en\/#website\"},\"primaryImageOfPage\":{\"@id\":\"https:\/\/prim.cz\/sk\/aktualita\/prim-a-olympijsky-beh-2025-dakujeme-ze-sme-mohli-byt-sucastou\/#primaryimage\"},\"image\":{\"@id\":\"https:\/\/prim.cz\/sk\/aktualita\/prim-a-olympijsky-beh-2025-dakujeme-ze-sme-mohli-byt-sucastou\/#primaryimage\"},\"thumbnailUrl\":\"https:\/\/prim.cz\/wp-content\/uploads\/2025\/06\/COV_foto_id_QG721SmmTGQAAAAAAAAkHw_intern_highlogo-683x1024.jpg\",\"datePublished\":\"2025-06-26T06:40:03+00:00\",\"dateModified\":\"2026-03-16T10:52:36+00:00\",\"breadcrumb\":{\"@id\":\"https:\/\/prim.cz\/sk\/aktualita\/prim-a-olympijsky-beh-2025-dakujeme-ze-sme-mohli-byt-sucastou\/#breadcrumb\"},\"inLanguage\":\"sk-SK\",\"potentialAction\":[{\"@type\":\"ReadAction\",\"target\":[\"https:\/\/prim.cz\/sk\/aktualita\/prim-a-olympijsky-beh-2025-dakujeme-ze-sme-mohli-byt-sucastou\/\"]}]},{\"@type\":\"ImageObject\",\"inLanguage\":\"sk-SK\",\"@id\":\"https:\/\/prim.cz\/sk\/aktualita\/prim-a-olympijsky-beh-2025-dakujeme-ze-sme-mohli-byt-sucastou\/#primaryimage\",\"url\":\"https:\/\/prim.cz\/wp-content\/uploads\/2025\/06\/COV_foto_id_QG721SmmTGQAAAAAAAAkHw_intern_highlogo-683x1024.jpg\",\"contentUrl\":\"https:\/\/prim.cz\/wp-content\/uploads\/2025\/06\/COV_foto_id_QG721SmmTGQAAAAAAAAkHw_intern_highlogo-683x1024.jpg\"},{\"@type\":\"BreadcrumbList\",\"@id\":\"https:\/\/prim.cz\/sk\/aktualita\/prim-a-olympijsky-beh-2025-dakujeme-ze-sme-mohli-byt-sucastou\/#breadcrumb\",\"itemListElement\":[{\"@type\":\"ListItem\",\"position\":1,\"name\":\"Dom\u016f\",\"item\":\"https:\/\/prim.cz\/sk\/\"},{\"@type\":\"ListItem\",\"position\":2,\"name\":\"PRIM a Olympijsk\u00fd beh 2025: \u010eakujeme, \u017ee sme mohli by\u0165 s\u00fa\u010das\u0165ou\"}]},{\"@type\":\"WebSite\",\"@id\":\"https:\/\/prim.cz\/en\/#website\",\"url\":\"https:\/\/prim.cz\/en\/\",\"name\":\"PRIM - origin\u00e1ln\u00ed \u010desk\u00e9 p\u00e1nsk\u00e9, d\u00e1msk\u00e9, d\u011btsk\u00e9 hodinky a hodiny\",\"description\":\"Nakupujte p\u0159\u00edmo u v\u00fdrobce! Origin\u00e1ln\u00ed eshop s kompletn\u00edm sortimentem \u010desk\u00fdch hodinek PRIM.\",\"alternateName\":\"prim.cz\",\"potentialAction\":[{\"@type\":\"SearchAction\",\"target\":{\"@type\":\"EntryPoint\",\"urlTemplate\":\"https:\/\/prim.cz\/en\/?s={search_term_string}\"},\"query-input\":{\"@type\":\"PropertyValueSpecification\",\"valueRequired\":true,\"valueName\":\"search_term_string\"}}],\"inLanguage\":\"sk-SK\"}]}<\/script>\n<!-- \/ Yoast SEO plugin. -->","yoast_head_json":{"title":"PRIM a Olympijsk\u00fd beh 2025: \u010eakujeme, \u017ee sme mohli by\u0165 s\u00fa\u010das\u0165ou - PRIM - origin\u00e1ln\u00ed \u010desk\u00e9 p\u00e1nsk\u00e9, d\u00e1msk\u00e9, d\u011btsk\u00e9 hodinky a hodiny","robots":{"index":"index","follow":"follow","max-snippet":"max-snippet:-1","max-image-preview":"max-image-preview:large","max-video-preview":"max-video-preview:-1"},"canonical":"https:\/\/prim.cz\/sk\/aktualita\/prim-a-olympijsky-beh-2025-dakujeme-ze-sme-mohli-byt-sucastou\/","og_locale":"sk_SK","og_type":"article","og_title":"PRIM a Olympijsk\u00fd beh 2025: \u010eakujeme, \u017ee sme mohli by\u0165 s\u00fa\u010das\u0165ou - PRIM - origin\u00e1ln\u00ed \u010desk\u00e9 p\u00e1nsk\u00e9, d\u00e1msk\u00e9, d\u011btsk\u00e9 hodinky a hodiny","og_description":"V stredu 18. j\u00fana 2025 sa po celej \u010ceskej republike \u2013 od \u0161kolsk\u00fdch ihr\u00edsk a\u017e po mestsk\u00e9 parky \u2013 behalo v duchu fair play, pohybu a olympijsk\u00fdch hodn\u00f4t. Sme hrd\u00ed na to, \u017ee sme ako \u010desk\u00e1 zna\u010dka PRIM mohli by\u0165 s\u00fa\u010das\u0165ou tohtoro\u010dn\u00e9ho&nbsp;Olympijsk\u00e9ho behu, ktor\u00fd priviedol k \u0161portu desa\u0165tis\u00edce be\u017ecov v\u0161etk\u00fdch gener\u00e1ci\u00ed. 75 917 be\u017ecov, z [&hellip;]","og_url":"https:\/\/prim.cz\/sk\/aktualita\/prim-a-olympijsky-beh-2025-dakujeme-ze-sme-mohli-byt-sucastou\/","og_site_name":"PRIM - origin\u00e1ln\u00ed \u010desk\u00e9 p\u00e1nsk\u00e9, d\u00e1msk\u00e9, d\u011btsk\u00e9 hodinky a hodiny","article_modified_time":"2026-03-16T10:52:36+00:00","og_image":[{"width":1707,"height":2560,"url":"https:\/\/prim.cz\/wp-content\/uploads\/2025\/06\/COV_foto_id_QG721SmmTGQAAAAAAAAkHw_intern_highlogo-scaled.jpg","type":"image\/jpeg"}],"twitter_card":"summary_large_image","twitter_misc":{"Predpokladan\u00fd \u010das \u010d\u00edtania":"1 min\u00fata"},"schema":{"@context":"https:\/\/schema.org","@graph":[{"@type":"WebPage","@id":"https:\/\/prim.cz\/sk\/aktualita\/prim-a-olympijsky-beh-2025-dakujeme-ze-sme-mohli-byt-sucastou\/","url":"https:\/\/prim.cz\/sk\/aktualita\/prim-a-olympijsky-beh-2025-dakujeme-ze-sme-mohli-byt-sucastou\/","name":"PRIM a Olympijsk\u00fd beh 2025: \u010eakujeme, \u017ee sme mohli by\u0165 s\u00fa\u010das\u0165ou - PRIM - origin\u00e1ln\u00ed \u010desk\u00e9 p\u00e1nsk\u00e9, d\u00e1msk\u00e9, d\u011btsk\u00e9 hodinky a hodiny","isPartOf":{"@id":"https:\/\/prim.cz\/en\/#website"},"primaryImageOfPage":{"@id":"https:\/\/prim.cz\/sk\/aktualita\/prim-a-olympijsky-beh-2025-dakujeme-ze-sme-mohli-byt-sucastou\/#primaryimage"},"image":{"@id":"https:\/\/prim.cz\/sk\/aktualita\/prim-a-olympijsky-beh-2025-dakujeme-ze-sme-mohli-byt-sucastou\/#primaryimage"},"thumbnailUrl":"https:\/\/prim.cz\/wp-content\/uploads\/2025\/06\/COV_foto_id_QG721SmmTGQAAAAAAAAkHw_intern_highlogo-683x1024.jpg","datePublished":"2025-06-26T06:40:03+00:00","dateModified":"2026-03-16T10:52:36+00:00","breadcrumb":{"@id":"https:\/\/prim.cz\/sk\/aktualita\/prim-a-olympijsky-beh-2025-dakujeme-ze-sme-mohli-byt-sucastou\/#breadcrumb"},"inLanguage":"sk-SK","potentialAction":[{"@type":"ReadAction","target":["https:\/\/prim.cz\/sk\/aktualita\/prim-a-olympijsky-beh-2025-dakujeme-ze-sme-mohli-byt-sucastou\/"]}]},{"@type":"ImageObject","inLanguage":"sk-SK","@id":"https:\/\/prim.cz\/sk\/aktualita\/prim-a-olympijsky-beh-2025-dakujeme-ze-sme-mohli-byt-sucastou\/#primaryimage","url":"https:\/\/prim.cz\/wp-content\/uploads\/2025\/06\/COV_foto_id_QG721SmmTGQAAAAAAAAkHw_intern_highlogo-683x1024.jpg","contentUrl":"https:\/\/prim.cz\/wp-content\/uploads\/2025\/06\/COV_foto_id_QG721SmmTGQAAAAAAAAkHw_intern_highlogo-683x1024.jpg"},{"@type":"BreadcrumbList","@id":"https:\/\/prim.cz\/sk\/aktualita\/prim-a-olympijsky-beh-2025-dakujeme-ze-sme-mohli-byt-sucastou\/#breadcrumb","itemListElement":[{"@type":"ListItem","position":1,"name":"Dom\u016f","item":"https:\/\/prim.cz\/sk\/"},{"@type":"ListItem","position":2,"name":"PRIM a Olympijsk\u00fd beh 2025: \u010eakujeme, \u017ee sme mohli by\u0165 s\u00fa\u010das\u0165ou"}]},{"@type":"WebSite","@id":"https:\/\/prim.cz\/en\/#website","url":"https:\/\/prim.cz\/en\/","name":"PRIM - origin\u00e1ln\u00ed \u010desk\u00e9 p\u00e1nsk\u00e9, d\u00e1msk\u00e9, d\u011btsk\u00e9 hodinky a hodiny","description":"Nakupujte p\u0159\u00edmo u v\u00fdrobce! Origin\u00e1ln\u00ed eshop s kompletn\u00edm sortimentem \u010desk\u00fdch hodinek PRIM.","alternateName":"prim.cz","potentialAction":[{"@type":"SearchAction","target":{"@type":"EntryPoint","urlTemplate":"https:\/\/prim.cz\/en\/?s={search_term_string}"},"query-input":{"@type":"PropertyValueSpecification","valueRequired":true,"valueName":"search_term_string"}}],"inLanguage":"sk-SK"}]}},"wpml_current_locale":"sk_SK","wpml_translations":{"cs_CZ":{"locale":"cs_CZ","id":33933,"slug":"prim-a-olympijsky-beh-2025-dekujeme-ze-jsme-mohli-byt-soucasti","post_title":"PRIM a Olympijsk\u00fd b\u011bh 2025: D\u011bkujeme, \u017ee jsme mohli b\u00fdt sou\u010d\u00e1st\u00ed","href":"https:\/\/prim.cz\/aktualita\/prim-a-olympijsky-beh-2025-dekujeme-ze-jsme-mohli-byt-soucasti\/"},"sk_SK":{"locale":"sk_SK","translation":"current"},"pl_PL":{"locale":"pl_PL","id":44084,"slug":"prim-i-bieg-olimpijski-2025-dziekujemy-ze-moglismy-byc-czescia","post_title":"PRIM i Bieg Olimpijski 2025: Dzi\u0119kujemy, \u017ce mogli\u015bmy by\u0107 cz\u0119\u015bci\u0105","href":"https:\/\/prim.cz\/pl\/aktualita\/prim-i-bieg-olimpijski-2025-dziekujemy-ze-moglismy-byc-czescia\/"},"en_US":{"locale":"en_US","id":44065,"slug":"prim-and-the-olympic-run-2025-thank-you-for-letting-us-be-part-of-it","post_title":"PRIM and the Olympic Run 2025: Thank You for Letting Us Be Part of It","href":"https:\/\/prim.cz\/en\/aktualita\/prim-and-the-olympic-run-2025-thank-you-for-letting-us-be-part-of-it\/"}},"_links":{"self":[{"href":"https:\/\/prim.cz\/sk\/wp-json\/wp\/v2\/aktualita\/44076","targetHints":{"allow":["GET"]}}],"collection":[{"href":"https:\/\/prim.cz\/sk\/wp-json\/wp\/v2\/aktualita"}],"about":[{"href":"https:\/\/prim.cz\/sk\/wp-json\/wp\/v2\/types\/aktualita"}],"wp:attachment":[{"href":"https:\/\/prim.cz\/sk\/wp-json\/wp\/v2\/media?parent=44076"}],"curies":[{"name":"wp","href":"https:\/\/api.w.org\/{rel}","templated":true}]}}