{"id":44073,"date":"2025-02-25T06:54:58","date_gmt":"2025-02-25T05:54:58","guid":{"rendered":"https:\/\/prim.cz\/aktualita\/cesky-ples-zaujal-dobrocinnostou-charitativna-drazba-vyniesla-760-tisic-korun\/"},"modified":"2026-03-16T11:52:38","modified_gmt":"2026-03-16T10:52:38","slug":"cesky-ples-zaujal-dobrocinnostou-charitativna-drazba-vyniesla-760-tisic-korun","status":"publish","type":"aktualita","link":"https:\/\/prim.cz\/sk\/aktualita\/cesky-ples-zaujal-dobrocinnostou-charitativna-drazba-vyniesla-760-tisic-korun\/","title":{"rendered":"\u010cesk\u00fd ples zaujal dobro\u010dinnos\u0165ou. Charitat\u00edvna dra\u017eba vyniesla 760 tis\u00edc kor\u00fan"},"content":{"rendered":"\n<p>S rados\u0165ou oznamujeme, \u017ee sme sa stali s\u00fa\u010das\u0165ou siedmeho ro\u010dn\u00edka \u010cesk\u00e9ho plesu, ktor\u00fd sa konal 15. febru\u00e1ra v n\u00e1dhernom prostred\u00ed secesn\u00e9ho domu. T\u00e1to prest\u00ed\u017ena udalos\u0165, nes\u00faca tohtoro\u010dn\u00fa t\u00e9mu L\u00c1SKA, spojila eleganciu, z\u00e1bavu a predov\u0161etk\u00fdm dobro\u010dinnos\u0165.<\/p>\n\n\n\n<p>Hlavn\u00fdm bodom ve\u010dera bola charitat\u00edvna dra\u017eba, ktorej cie\u013eom bolo podpori\u0165 tri in\u0161pirat\u00edvne pr\u00edbehy:<\/p>\n\n\n\n<ol class=\"wp-block-list\">\n<li><strong>Katka<\/strong>&nbsp;z organiz\u00e1cie Debra, trpiaca vz\u00e1cnou chorobou mot\u00fdl\u00edch kr\u00eddel, z\u00edskala prostriedky na nahranie vlastnej piesne v \u0161t\u00fadiu.<\/li>\n\n\n\n<li><strong>Eli\u0161ka<\/strong>&nbsp;obdr\u017eala financie na nov\u00e9 vozidlo, ktor\u00e9 jej u\u013eah\u010d\u00ed prepravu na rehabilit\u00e1cie.<\/li>\n\n\n\n<li><strong>Jasm\u00ednka<\/strong>&nbsp;z Nad\u00e1cie Ane\u017eka z\u00edskala podporu pre pravideln\u00e9 neurorehabilit\u00e1cie, ktor\u00e9 jej pom\u00f4\u017eu znovu sa u\u010di\u0165 chodi\u0165.<\/li>\n<\/ol>\n\n\n\n<p>Do dra\u017eby sme prispeli elegantn\u00fdmi d\u00e1mskymi hodinkami PRIM s diamantmi, ktor\u00e9 boli s nad\u0161en\u00edm vydra\u017een\u00e9. Celkov\u00fd v\u00fd\u0165a\u017eok dra\u017eby dosiahol 760 000 K\u010d, pri\u010dom ka\u017ed\u00e1 z t\u00fdchto stato\u010dn\u00fdch bojovn\u00ed\u010dok obdr\u017eala \u010diastku 253 333 K\u010d.<\/p>\n\n\n\n<p>Sme hrd\u00ed, \u017ee sme mohli prispie\u0165 k tak v\u00fdznamnej udalosti a podpori\u0165 t\u00fdch, ktor\u00ed to najviac potrebuj\u00fa. \u010eakujeme organiz\u00e1torom \u010cesk\u00e9ho plesu za pr\u00edle\u017eitos\u0165 by\u0165 s\u00fa\u010das\u0165ou tejto kr\u00e1snej trad\u00edcie a te\u0161\u00edme sa na \u010fal\u0161\u00ed ro\u010dn\u00edk.<\/p>\n\n\n\n<p>Va\u0161a podpora a priaze\u0148 n\u00e1m umo\u017e\u0148uj\u00fa pokra\u010dova\u0165 v na\u0161ej misii sp\u00e1ja\u0165 prec\u00edzne remeseln\u00e9 spracovanie s pomocou t\u00fdm, ktor\u00ed to potrebuj\u00fa. \u010eakujeme, \u017ee ste s nami.<\/p>\n\n\n\n<figure class=\"wp-block-gallery has-nested-images columns-default is-cropped wp-block-gallery-1 is-layout-flex wp-block-gallery-is-layout-flex\">\n<figure class=\"wp-block-image size-large\"><img loading=\"lazy\" decoding=\"async\" width=\"1000\" height=\"1000\" data-id=\"28958\" src=\"https:\/\/new.prim-hodinky.cz\/wp-content\/uploads\/2025\/02\/DVO_4031.webp\" alt=\"\" class=\"wp-image-28958\" srcset=\"https:\/\/prim.cz\/wp-content\/uploads\/2025\/02\/DVO_4031.webp 1000w, https:\/\/prim.cz\/wp-content\/uploads\/2025\/02\/DVO_4031-300x300.webp 300w, https:\/\/prim.cz\/wp-content\/uploads\/2025\/02\/DVO_4031-150x150.webp 150w, https:\/\/prim.cz\/wp-content\/uploads\/2025\/02\/DVO_4031-768x768.webp 768w\" sizes=\"auto, (max-width: 1000px) 100vw, 1000px\" \/><\/figure>\n\n\n\n<figure class=\"wp-block-image size-large\"><img loading=\"lazy\" decoding=\"async\" width=\"1000\" height=\"1000\" data-id=\"28960\" src=\"https:\/\/new.prim-hodinky.cz\/wp-content\/uploads\/2025\/02\/DVO_3989.webp\" alt=\"\" class=\"wp-image-28960\" srcset=\"https:\/\/prim.cz\/wp-content\/uploads\/2025\/02\/DVO_3989.webp 1000w, https:\/\/prim.cz\/wp-content\/uploads\/2025\/02\/DVO_3989-300x300.webp 300w, https:\/\/prim.cz\/wp-content\/uploads\/2025\/02\/DVO_3989-150x150.webp 150w, https:\/\/prim.cz\/wp-content\/uploads\/2025\/02\/DVO_3989-768x768.webp 768w\" sizes=\"auto, (max-width: 1000px) 100vw, 1000px\" \/><\/figure>\n\n\n\n<figure class=\"wp-block-image size-large\"><img loading=\"lazy\" decoding=\"async\" width=\"1000\" height=\"1000\" data-id=\"28962\" src=\"https:\/\/new.prim-hodinky.cz\/wp-content\/uploads\/2025\/02\/DVO_4009-1.webp\" alt=\"\" class=\"wp-image-28962\" srcset=\"https:\/\/prim.cz\/wp-content\/uploads\/2025\/02\/DVO_4009-1.webp 1000w, https:\/\/prim.cz\/wp-content\/uploads\/2025\/02\/DVO_4009-1-300x300.webp 300w, https:\/\/prim.cz\/wp-content\/uploads\/2025\/02\/DVO_4009-1-150x150.webp 150w, https:\/\/prim.cz\/wp-content\/uploads\/2025\/02\/DVO_4009-1-768x768.webp 768w\" sizes=\"auto, (max-width: 1000px) 100vw, 1000px\" \/><\/figure>\n\n\n\n<figure class=\"wp-block-image size-large\"><img loading=\"lazy\" decoding=\"async\" width=\"1000\" height=\"1000\" data-id=\"28957\" src=\"https:\/\/new.prim-hodinky.cz\/wp-content\/uploads\/2025\/02\/DVO_4034.webp\" alt=\"\" class=\"wp-image-28957\" srcset=\"https:\/\/prim.cz\/wp-content\/uploads\/2025\/02\/DVO_4034.webp 1000w, https:\/\/prim.cz\/wp-content\/uploads\/2025\/02\/DVO_4034-300x300.webp 300w, https:\/\/prim.cz\/wp-content\/uploads\/2025\/02\/DVO_4034-150x150.webp 150w, https:\/\/prim.cz\/wp-content\/uploads\/2025\/02\/DVO_4034-768x768.webp 768w\" sizes=\"auto, (max-width: 1000px) 100vw, 1000px\" \/><\/figure>\n\n\n\n<figure class=\"wp-block-image size-large\"><img loading=\"lazy\" decoding=\"async\" width=\"1000\" height=\"1000\" data-id=\"28959\" src=\"https:\/\/new.prim-hodinky.cz\/wp-content\/uploads\/2025\/02\/DVO_4070.webp\" alt=\"\" class=\"wp-image-28959\" srcset=\"https:\/\/prim.cz\/wp-content\/uploads\/2025\/02\/DVO_4070.webp 1000w, https:\/\/prim.cz\/wp-content\/uploads\/2025\/02\/DVO_4070-300x300.webp 300w, https:\/\/prim.cz\/wp-content\/uploads\/2025\/02\/DVO_4070-150x150.webp 150w, https:\/\/prim.cz\/wp-content\/uploads\/2025\/02\/DVO_4070-768x768.webp 768w\" sizes=\"auto, (max-width: 1000px) 100vw, 1000px\" \/><\/figure>\n\n\n\n<figure class=\"wp-block-image size-large\"><img loading=\"lazy\" decoding=\"async\" width=\"1000\" height=\"1000\" data-id=\"28961\" src=\"https:\/\/new.prim-hodinky.cz\/wp-content\/uploads\/2025\/02\/PRIM2.webp\" alt=\"\" class=\"wp-image-28961\" srcset=\"https:\/\/prim.cz\/wp-content\/uploads\/2025\/02\/PRIM2.webp 1000w, https:\/\/prim.cz\/wp-content\/uploads\/2025\/02\/PRIM2-300x300.webp 300w, https:\/\/prim.cz\/wp-content\/uploads\/2025\/02\/PRIM2-150x150.webp 150w, https:\/\/prim.cz\/wp-content\/uploads\/2025\/02\/PRIM2-768x768.webp 768w\" sizes=\"auto, (max-width: 1000px) 100vw, 1000px\" \/><\/figure>\n<\/figure>\n","protected":false},"featured_media":0,"template":"","meta":{"_acf_changed":false,"_link_to_original":""},"class_list":["post-44073","aktualita","type-aktualita","status-publish","hentry"],"acf":[],"yoast_head":"<!-- This site is optimized with the Yoast SEO plugin v26.9 - https:\/\/yoast.com\/product\/yoast-seo-wordpress\/ -->\n<title>\u010cesk\u00fd ples zaujal dobro\u010dinnos\u0165ou. Charitat\u00edvna dra\u017eba vyniesla 760 tis\u00edc kor\u00fan - PRIM - origin\u00e1ln\u00ed \u010desk\u00e9 p\u00e1nsk\u00e9, d\u00e1msk\u00e9, d\u011btsk\u00e9 hodinky a hodiny<\/title>\n<meta name=\"robots\" content=\"index, follow, max-snippet:-1, max-image-preview:large, max-video-preview:-1\" \/>\n<link rel=\"canonical\" href=\"https:\/\/prim.cz\/sk\/aktualita\/cesky-ples-zaujal-dobrocinnostou-charitativna-drazba-vyniesla-760-tisic-korun\/\" \/>\n<meta property=\"og:locale\" content=\"sk_SK\" \/>\n<meta property=\"og:type\" content=\"article\" \/>\n<meta property=\"og:title\" content=\"\u010cesk\u00fd ples zaujal dobro\u010dinnos\u0165ou. Charitat\u00edvna dra\u017eba vyniesla 760 tis\u00edc kor\u00fan - PRIM - origin\u00e1ln\u00ed \u010desk\u00e9 p\u00e1nsk\u00e9, d\u00e1msk\u00e9, d\u011btsk\u00e9 hodinky a hodiny\" \/>\n<meta property=\"og:description\" content=\"S rados\u0165ou oznamujeme, \u017ee sme sa stali s\u00fa\u010das\u0165ou siedmeho ro\u010dn\u00edka \u010cesk\u00e9ho plesu, ktor\u00fd sa konal 15. febru\u00e1ra v n\u00e1dhernom prostred\u00ed secesn\u00e9ho domu. T\u00e1to prest\u00ed\u017ena udalos\u0165, nes\u00faca tohtoro\u010dn\u00fa t\u00e9mu L\u00c1SKA, spojila eleganciu, z\u00e1bavu a predov\u0161etk\u00fdm dobro\u010dinnos\u0165. Hlavn\u00fdm bodom ve\u010dera bola charitat\u00edvna dra\u017eba, ktorej cie\u013eom bolo podpori\u0165 tri in\u0161pirat\u00edvne pr\u00edbehy: Do dra\u017eby sme prispeli elegantn\u00fdmi d\u00e1mskymi hodinkami [&hellip;]\" \/>\n<meta property=\"og:url\" content=\"https:\/\/prim.cz\/sk\/aktualita\/cesky-ples-zaujal-dobrocinnostou-charitativna-drazba-vyniesla-760-tisic-korun\/\" \/>\n<meta property=\"og:site_name\" content=\"PRIM - origin\u00e1ln\u00ed \u010desk\u00e9 p\u00e1nsk\u00e9, d\u00e1msk\u00e9, d\u011btsk\u00e9 hodinky a hodiny\" \/>\n<meta property=\"article:modified_time\" content=\"2026-03-16T10:52:38+00:00\" \/>\n<meta property=\"og:image\" content=\"https:\/\/prim.cz\/wp-content\/uploads\/2025\/02\/DVO_4031.webp\" \/>\n\t<meta property=\"og:image:width\" content=\"1000\" \/>\n\t<meta property=\"og:image:height\" content=\"1000\" \/>\n\t<meta property=\"og:image:type\" content=\"image\/webp\" \/>\n<meta name=\"twitter:card\" content=\"summary_large_image\" \/>\n<meta name=\"twitter:label1\" content=\"Predpokladan\u00fd \u010das \u010d\u00edtania\" \/>\n\t<meta name=\"twitter:data1\" content=\"1 min\u00fata\" \/>\n<script type=\"application\/ld+json\" class=\"yoast-schema-graph\">{\"@context\":\"https:\/\/schema.org\",\"@graph\":[{\"@type\":\"WebPage\",\"@id\":\"https:\/\/prim.cz\/sk\/aktualita\/cesky-ples-zaujal-dobrocinnostou-charitativna-drazba-vyniesla-760-tisic-korun\/\",\"url\":\"https:\/\/prim.cz\/sk\/aktualita\/cesky-ples-zaujal-dobrocinnostou-charitativna-drazba-vyniesla-760-tisic-korun\/\",\"name\":\"\u010cesk\u00fd ples zaujal dobro\u010dinnos\u0165ou. Charitat\u00edvna dra\u017eba vyniesla 760 tis\u00edc kor\u00fan - PRIM - origin\u00e1ln\u00ed \u010desk\u00e9 p\u00e1nsk\u00e9, d\u00e1msk\u00e9, d\u011btsk\u00e9 hodinky a hodiny\",\"isPartOf\":{\"@id\":\"https:\/\/prim.cz\/en\/#website\"},\"primaryImageOfPage\":{\"@id\":\"https:\/\/prim.cz\/sk\/aktualita\/cesky-ples-zaujal-dobrocinnostou-charitativna-drazba-vyniesla-760-tisic-korun\/#primaryimage\"},\"image\":{\"@id\":\"https:\/\/prim.cz\/sk\/aktualita\/cesky-ples-zaujal-dobrocinnostou-charitativna-drazba-vyniesla-760-tisic-korun\/#primaryimage\"},\"thumbnailUrl\":\"https:\/\/new.prim-hodinky.cz\/wp-content\/uploads\/2025\/02\/DVO_4031.webp\",\"datePublished\":\"2025-02-25T05:54:58+00:00\",\"dateModified\":\"2026-03-16T10:52:38+00:00\",\"breadcrumb\":{\"@id\":\"https:\/\/prim.cz\/sk\/aktualita\/cesky-ples-zaujal-dobrocinnostou-charitativna-drazba-vyniesla-760-tisic-korun\/#breadcrumb\"},\"inLanguage\":\"sk-SK\",\"potentialAction\":[{\"@type\":\"ReadAction\",\"target\":[\"https:\/\/prim.cz\/sk\/aktualita\/cesky-ples-zaujal-dobrocinnostou-charitativna-drazba-vyniesla-760-tisic-korun\/\"]}]},{\"@type\":\"ImageObject\",\"inLanguage\":\"sk-SK\",\"@id\":\"https:\/\/prim.cz\/sk\/aktualita\/cesky-ples-zaujal-dobrocinnostou-charitativna-drazba-vyniesla-760-tisic-korun\/#primaryimage\",\"url\":\"https:\/\/new.prim-hodinky.cz\/wp-content\/uploads\/2025\/02\/DVO_4031.webp\",\"contentUrl\":\"https:\/\/new.prim-hodinky.cz\/wp-content\/uploads\/2025\/02\/DVO_4031.webp\"},{\"@type\":\"BreadcrumbList\",\"@id\":\"https:\/\/prim.cz\/sk\/aktualita\/cesky-ples-zaujal-dobrocinnostou-charitativna-drazba-vyniesla-760-tisic-korun\/#breadcrumb\",\"itemListElement\":[{\"@type\":\"ListItem\",\"position\":1,\"name\":\"Dom\u016f\",\"item\":\"https:\/\/prim.cz\/sk\/\"},{\"@type\":\"ListItem\",\"position\":2,\"name\":\"\u010cesk\u00fd ples zaujal dobro\u010dinnos\u0165ou. Charitat\u00edvna dra\u017eba vyniesla 760 tis\u00edc kor\u00fan\"}]},{\"@type\":\"WebSite\",\"@id\":\"https:\/\/prim.cz\/en\/#website\",\"url\":\"https:\/\/prim.cz\/en\/\",\"name\":\"PRIM - origin\u00e1ln\u00ed \u010desk\u00e9 p\u00e1nsk\u00e9, d\u00e1msk\u00e9, d\u011btsk\u00e9 hodinky a hodiny\",\"description\":\"Nakupujte p\u0159\u00edmo u v\u00fdrobce! Origin\u00e1ln\u00ed eshop s kompletn\u00edm sortimentem \u010desk\u00fdch hodinek PRIM.\",\"alternateName\":\"prim.cz\",\"potentialAction\":[{\"@type\":\"SearchAction\",\"target\":{\"@type\":\"EntryPoint\",\"urlTemplate\":\"https:\/\/prim.cz\/en\/?s={search_term_string}\"},\"query-input\":{\"@type\":\"PropertyValueSpecification\",\"valueRequired\":true,\"valueName\":\"search_term_string\"}}],\"inLanguage\":\"sk-SK\"}]}<\/script>\n<!-- \/ Yoast SEO plugin. -->","yoast_head_json":{"title":"\u010cesk\u00fd ples zaujal dobro\u010dinnos\u0165ou. Charitat\u00edvna dra\u017eba vyniesla 760 tis\u00edc kor\u00fan - PRIM - origin\u00e1ln\u00ed \u010desk\u00e9 p\u00e1nsk\u00e9, d\u00e1msk\u00e9, d\u011btsk\u00e9 hodinky a hodiny","robots":{"index":"index","follow":"follow","max-snippet":"max-snippet:-1","max-image-preview":"max-image-preview:large","max-video-preview":"max-video-preview:-1"},"canonical":"https:\/\/prim.cz\/sk\/aktualita\/cesky-ples-zaujal-dobrocinnostou-charitativna-drazba-vyniesla-760-tisic-korun\/","og_locale":"sk_SK","og_type":"article","og_title":"\u010cesk\u00fd ples zaujal dobro\u010dinnos\u0165ou. Charitat\u00edvna dra\u017eba vyniesla 760 tis\u00edc kor\u00fan - PRIM - origin\u00e1ln\u00ed \u010desk\u00e9 p\u00e1nsk\u00e9, d\u00e1msk\u00e9, d\u011btsk\u00e9 hodinky a hodiny","og_description":"S rados\u0165ou oznamujeme, \u017ee sme sa stali s\u00fa\u010das\u0165ou siedmeho ro\u010dn\u00edka \u010cesk\u00e9ho plesu, ktor\u00fd sa konal 15. febru\u00e1ra v n\u00e1dhernom prostred\u00ed secesn\u00e9ho domu. T\u00e1to prest\u00ed\u017ena udalos\u0165, nes\u00faca tohtoro\u010dn\u00fa t\u00e9mu L\u00c1SKA, spojila eleganciu, z\u00e1bavu a predov\u0161etk\u00fdm dobro\u010dinnos\u0165. Hlavn\u00fdm bodom ve\u010dera bola charitat\u00edvna dra\u017eba, ktorej cie\u013eom bolo podpori\u0165 tri in\u0161pirat\u00edvne pr\u00edbehy: Do dra\u017eby sme prispeli elegantn\u00fdmi d\u00e1mskymi hodinkami [&hellip;]","og_url":"https:\/\/prim.cz\/sk\/aktualita\/cesky-ples-zaujal-dobrocinnostou-charitativna-drazba-vyniesla-760-tisic-korun\/","og_site_name":"PRIM - origin\u00e1ln\u00ed \u010desk\u00e9 p\u00e1nsk\u00e9, d\u00e1msk\u00e9, d\u011btsk\u00e9 hodinky a hodiny","article_modified_time":"2026-03-16T10:52:38+00:00","og_image":[{"width":1000,"height":1000,"url":"https:\/\/prim.cz\/wp-content\/uploads\/2025\/02\/DVO_4031.webp","type":"image\/webp"}],"twitter_card":"summary_large_image","twitter_misc":{"Predpokladan\u00fd \u010das \u010d\u00edtania":"1 min\u00fata"},"schema":{"@context":"https:\/\/schema.org","@graph":[{"@type":"WebPage","@id":"https:\/\/prim.cz\/sk\/aktualita\/cesky-ples-zaujal-dobrocinnostou-charitativna-drazba-vyniesla-760-tisic-korun\/","url":"https:\/\/prim.cz\/sk\/aktualita\/cesky-ples-zaujal-dobrocinnostou-charitativna-drazba-vyniesla-760-tisic-korun\/","name":"\u010cesk\u00fd ples zaujal dobro\u010dinnos\u0165ou. Charitat\u00edvna dra\u017eba vyniesla 760 tis\u00edc kor\u00fan - PRIM - origin\u00e1ln\u00ed \u010desk\u00e9 p\u00e1nsk\u00e9, d\u00e1msk\u00e9, d\u011btsk\u00e9 hodinky a hodiny","isPartOf":{"@id":"https:\/\/prim.cz\/en\/#website"},"primaryImageOfPage":{"@id":"https:\/\/prim.cz\/sk\/aktualita\/cesky-ples-zaujal-dobrocinnostou-charitativna-drazba-vyniesla-760-tisic-korun\/#primaryimage"},"image":{"@id":"https:\/\/prim.cz\/sk\/aktualita\/cesky-ples-zaujal-dobrocinnostou-charitativna-drazba-vyniesla-760-tisic-korun\/#primaryimage"},"thumbnailUrl":"https:\/\/new.prim-hodinky.cz\/wp-content\/uploads\/2025\/02\/DVO_4031.webp","datePublished":"2025-02-25T05:54:58+00:00","dateModified":"2026-03-16T10:52:38+00:00","breadcrumb":{"@id":"https:\/\/prim.cz\/sk\/aktualita\/cesky-ples-zaujal-dobrocinnostou-charitativna-drazba-vyniesla-760-tisic-korun\/#breadcrumb"},"inLanguage":"sk-SK","potentialAction":[{"@type":"ReadAction","target":["https:\/\/prim.cz\/sk\/aktualita\/cesky-ples-zaujal-dobrocinnostou-charitativna-drazba-vyniesla-760-tisic-korun\/"]}]},{"@type":"ImageObject","inLanguage":"sk-SK","@id":"https:\/\/prim.cz\/sk\/aktualita\/cesky-ples-zaujal-dobrocinnostou-charitativna-drazba-vyniesla-760-tisic-korun\/#primaryimage","url":"https:\/\/new.prim-hodinky.cz\/wp-content\/uploads\/2025\/02\/DVO_4031.webp","contentUrl":"https:\/\/new.prim-hodinky.cz\/wp-content\/uploads\/2025\/02\/DVO_4031.webp"},{"@type":"BreadcrumbList","@id":"https:\/\/prim.cz\/sk\/aktualita\/cesky-ples-zaujal-dobrocinnostou-charitativna-drazba-vyniesla-760-tisic-korun\/#breadcrumb","itemListElement":[{"@type":"ListItem","position":1,"name":"Dom\u016f","item":"https:\/\/prim.cz\/sk\/"},{"@type":"ListItem","position":2,"name":"\u010cesk\u00fd ples zaujal dobro\u010dinnos\u0165ou. Charitat\u00edvna dra\u017eba vyniesla 760 tis\u00edc kor\u00fan"}]},{"@type":"WebSite","@id":"https:\/\/prim.cz\/en\/#website","url":"https:\/\/prim.cz\/en\/","name":"PRIM - origin\u00e1ln\u00ed \u010desk\u00e9 p\u00e1nsk\u00e9, d\u00e1msk\u00e9, d\u011btsk\u00e9 hodinky a hodiny","description":"Nakupujte p\u0159\u00edmo u v\u00fdrobce! Origin\u00e1ln\u00ed eshop s kompletn\u00edm sortimentem \u010desk\u00fdch hodinek PRIM.","alternateName":"prim.cz","potentialAction":[{"@type":"SearchAction","target":{"@type":"EntryPoint","urlTemplate":"https:\/\/prim.cz\/en\/?s={search_term_string}"},"query-input":{"@type":"PropertyValueSpecification","valueRequired":true,"valueName":"search_term_string"}}],"inLanguage":"sk-SK"}]}},"wpml_current_locale":"sk_SK","wpml_translations":{"cs_CZ":{"locale":"cs_CZ","id":28407,"slug":"cesky-ples-zaujal-dobrocinnosti-charitativni-drazba-vynesla-760-tisic-korun","post_title":"\u010cesk\u00fd ples zaujal dobro\u010dinnost\u00ed. Charitativn\u00ed dra\u017eba vynesla 760 tis\u00edc korun","href":"https:\/\/prim.cz\/aktualita\/cesky-ples-zaujal-dobrocinnosti-charitativni-drazba-vynesla-760-tisic-korun\/"},"sk_SK":{"locale":"sk_SK","translation":"current"},"pl_PL":{"locale":"pl_PL","id":44081,"slug":"czeski-bal-zachwycil-dobroczynnoscia-aukcja-charytatywna-przyniosla-760-tysiecy-koron","post_title":"Czeski bal zachwyci\u0142 dobroczynno\u015bci\u0105. Aukcja charytatywna przynios\u0142a 760 tysi\u0119cy koron","href":"https:\/\/prim.cz\/pl\/aktualita\/czeski-bal-zachwycil-dobroczynnoscia-aukcja-charytatywna-przyniosla-760-tysiecy-koron\/"},"en_US":{"locale":"en_US","id":44064,"slug":"czech-ball-impressed-with-charity-auction-raised-760-thousand-crowns","post_title":"Czech Ball impressed with charity. The charity auction raised 760 thousand crowns","href":"https:\/\/prim.cz\/en\/aktualita\/czech-ball-impressed-with-charity-auction-raised-760-thousand-crowns\/"}},"_links":{"self":[{"href":"https:\/\/prim.cz\/sk\/wp-json\/wp\/v2\/aktualita\/44073","targetHints":{"allow":["GET"]}}],"collection":[{"href":"https:\/\/prim.cz\/sk\/wp-json\/wp\/v2\/aktualita"}],"about":[{"href":"https:\/\/prim.cz\/sk\/wp-json\/wp\/v2\/types\/aktualita"}],"wp:attachment":[{"href":"https:\/\/prim.cz\/sk\/wp-json\/wp\/v2\/media?parent=44073"}],"curies":[{"name":"wp","href":"https:\/\/api.w.org\/{rel}","templated":true}]}}