{"id":28629,"date":"2019-05-14T12:04:00","date_gmt":"2019-05-14T11:04:00","guid":{"rendered":"https:\/\/new.prim-hodinky.cz\/?post_type=aktualita&#038;p=28629"},"modified":"2025-12-18T14:08:14","modified_gmt":"2025-12-18T13:08:14","slug":"mezinarodni-konference-pro-trenery-mosty-2019","status":"publish","type":"aktualita","link":"https:\/\/prim.cz\/sk\/aktualita\/mezinarodni-konference-pro-trenery-mosty-2019\/","title":{"rendered":"Mezin\u00e1rodn\u00ed konference pro tren\u00e9ry \u2013 Mosty 2019"},"content":{"rendered":"\n<p>Mezin\u00e1rodn\u00ed konference pro tren\u00e9ry \u2013 Mosty 2019<\/p>\n\n\n\n<p>\u010cesk\u00e1 tren\u00e9rsk\u00e1 akademie \u010cOV po\u0159\u00e1daj\u00ed jeden\u00e1ctou mezin\u00e1rodn\u00ed konferenci ur\u010denou zejm\u00e9na pro tren\u00e9ry \u2013 MOSTY. Konference bude i tentokr\u00e1t s celodenn\u00edm programem. Mezi \u0159e\u010dn\u00edky budou nap\u0159\u00edklad Barbora \u0160pot\u00e1kov\u00e1 (dvojn\u00e1sobn\u00e1 olympijsk\u00e1 v\u00edt\u011bzka), Chris Van Der Haegen (\u0159editel vzd\u011bl\u00e1vac\u00ed belgick\u00e9 fotbalov\u00e9 asociace, tv\u016frce strategie belgick\u00e9ho fotbalu), Maurizio Gherardiny (gener\u00e1ln\u00ed mana\u017eer Fenerbahce Istanbul a tak\u00e9 prvn\u00ed evropan ve veden\u00ed t\u00fdmu NBA) a dal\u0161\u00ed.<\/p>\n\n\n\n<p>Zdroj:&nbsp;<a href=\"https:\/\/treneri.olympic.cz\/clanek\/3255--mezinarodni-konference-pro-trenery\" target=\"_blank\" rel=\"noreferrer noopener\">https:\/\/treneri.olympic.cz<\/a><\/p>\n\n\n\n<figure class=\"wp-block-gallery has-nested-images columns-default is-cropped wp-block-gallery-1 is-layout-flex wp-block-gallery-is-layout-flex\">\n<figure class=\"wp-block-image size-large\"><img loading=\"lazy\" decoding=\"async\" width=\"1024\" height=\"768\" data-id=\"28631\" src=\"https:\/\/new.prim-hodinky.cz\/wp-content\/uploads\/2025\/02\/mosty-2019-03-1024x768-1.webp\" alt=\"\" class=\"wp-image-28631\" srcset=\"https:\/\/prim.cz\/wp-content\/uploads\/2025\/02\/mosty-2019-03-1024x768-1.webp 1024w, https:\/\/prim.cz\/wp-content\/uploads\/2025\/02\/mosty-2019-03-1024x768-1-300x225.webp 300w, https:\/\/prim.cz\/wp-content\/uploads\/2025\/02\/mosty-2019-03-1024x768-1-768x576.webp 768w\" sizes=\"auto, (max-width: 1024px) 100vw, 1024px\" \/><\/figure>\n\n\n\n<figure class=\"wp-block-image size-large\"><img loading=\"lazy\" decoding=\"async\" width=\"1024\" height=\"768\" data-id=\"28632\" src=\"https:\/\/new.prim-hodinky.cz\/wp-content\/uploads\/2025\/02\/mosty-2019-01-1024x768-1.webp\" alt=\"\" class=\"wp-image-28632\" srcset=\"https:\/\/prim.cz\/wp-content\/uploads\/2025\/02\/mosty-2019-01-1024x768-1.webp 1024w, https:\/\/prim.cz\/wp-content\/uploads\/2025\/02\/mosty-2019-01-1024x768-1-300x225.webp 300w, https:\/\/prim.cz\/wp-content\/uploads\/2025\/02\/mosty-2019-01-1024x768-1-768x576.webp 768w\" sizes=\"auto, (max-width: 1024px) 100vw, 1024px\" \/><\/figure>\n\n\n\n<figure class=\"wp-block-image size-large\"><img loading=\"lazy\" decoding=\"async\" width=\"1024\" height=\"768\" data-id=\"28635\" src=\"https:\/\/new.prim-hodinky.cz\/wp-content\/uploads\/2025\/02\/mosty-2019-05-1024x768-1.webp\" alt=\"\" class=\"wp-image-28635\" srcset=\"https:\/\/prim.cz\/wp-content\/uploads\/2025\/02\/mosty-2019-05-1024x768-1.webp 1024w, https:\/\/prim.cz\/wp-content\/uploads\/2025\/02\/mosty-2019-05-1024x768-1-300x225.webp 300w, https:\/\/prim.cz\/wp-content\/uploads\/2025\/02\/mosty-2019-05-1024x768-1-768x576.webp 768w\" sizes=\"auto, (max-width: 1024px) 100vw, 1024px\" \/><\/figure>\n\n\n\n<figure class=\"wp-block-image size-large\"><img loading=\"lazy\" decoding=\"async\" width=\"1024\" height=\"768\" data-id=\"28633\" src=\"https:\/\/new.prim-hodinky.cz\/wp-content\/uploads\/2025\/02\/mosty-2019-02-1024x768-1.webp\" alt=\"\" class=\"wp-image-28633\" srcset=\"https:\/\/prim.cz\/wp-content\/uploads\/2025\/02\/mosty-2019-02-1024x768-1.webp 1024w, https:\/\/prim.cz\/wp-content\/uploads\/2025\/02\/mosty-2019-02-1024x768-1-300x225.webp 300w, https:\/\/prim.cz\/wp-content\/uploads\/2025\/02\/mosty-2019-02-1024x768-1-768x576.webp 768w\" sizes=\"auto, (max-width: 1024px) 100vw, 1024px\" \/><\/figure>\n\n\n\n<figure class=\"wp-block-image size-large\"><img loading=\"lazy\" decoding=\"async\" width=\"768\" height=\"1024\" data-id=\"28636\" src=\"https:\/\/new.prim-hodinky.cz\/wp-content\/uploads\/2025\/02\/mosty-2019-04-768x1024-1.webp\" alt=\"\" class=\"wp-image-28636\" srcset=\"https:\/\/prim.cz\/wp-content\/uploads\/2025\/02\/mosty-2019-04-768x1024-1.webp 768w, https:\/\/prim.cz\/wp-content\/uploads\/2025\/02\/mosty-2019-04-768x1024-1-225x300.webp 225w\" sizes=\"auto, (max-width: 768px) 100vw, 768px\" \/><\/figure>\n\n\n\n<figure class=\"wp-block-image size-large\"><img loading=\"lazy\" decoding=\"async\" width=\"700\" height=\"467\" data-id=\"28634\" src=\"https:\/\/new.prim-hodinky.cz\/wp-content\/uploads\/2025\/02\/fb-0i4a9808.webp\" alt=\"\" class=\"wp-image-28634\" srcset=\"https:\/\/prim.cz\/wp-content\/uploads\/2025\/02\/fb-0i4a9808.webp 700w, https:\/\/prim.cz\/wp-content\/uploads\/2025\/02\/fb-0i4a9808-300x200.webp 300w\" sizes=\"auto, (max-width: 700px) 100vw, 700px\" \/><\/figure>\n<\/figure>\n\n\n\n<p><\/p>\n\n\n\n<p><\/p>\n","protected":false},"featured_media":0,"template":"","meta":{"_acf_changed":false,"_link_to_original":""},"class_list":["post-28629","aktualita","type-aktualita","status-publish","hentry"],"acf":[],"yoast_head":"<!-- This site is optimized with the Yoast SEO plugin v26.9 - https:\/\/yoast.com\/product\/yoast-seo-wordpress\/ -->\n<title>Mezin\u00e1rodn\u00ed konference pro tren\u00e9ry \u2013 Mosty 2019 - PRIM - origin\u00e1ln\u00ed \u010desk\u00e9 p\u00e1nsk\u00e9, d\u00e1msk\u00e9, d\u011btsk\u00e9 hodinky a hodiny<\/title>\n<meta name=\"robots\" content=\"index, follow, max-snippet:-1, max-image-preview:large, max-video-preview:-1\" \/>\n<link rel=\"canonical\" href=\"https:\/\/prim.cz\/aktualita\/mezinarodni-konference-pro-trenery-mosty-2019\/\" \/>\n<meta property=\"og:locale\" content=\"sk_SK\" \/>\n<meta property=\"og:type\" content=\"article\" \/>\n<meta property=\"og:title\" content=\"Mezin\u00e1rodn\u00ed konference pro tren\u00e9ry \u2013 Mosty 2019 - PRIM - origin\u00e1ln\u00ed \u010desk\u00e9 p\u00e1nsk\u00e9, d\u00e1msk\u00e9, d\u011btsk\u00e9 hodinky a hodiny\" \/>\n<meta property=\"og:description\" content=\"Mezin\u00e1rodn\u00ed konference pro tren\u00e9ry \u2013 Mosty 2019 \u010cesk\u00e1 tren\u00e9rsk\u00e1 akademie \u010cOV po\u0159\u00e1daj\u00ed jeden\u00e1ctou mezin\u00e1rodn\u00ed konferenci ur\u010denou zejm\u00e9na pro tren\u00e9ry \u2013 MOSTY. Konference bude i tentokr\u00e1t s celodenn\u00edm programem. Mezi \u0159e\u010dn\u00edky budou nap\u0159\u00edklad Barbora \u0160pot\u00e1kov\u00e1 (dvojn\u00e1sobn\u00e1 olympijsk\u00e1 v\u00edt\u011bzka), Chris Van Der Haegen (\u0159editel vzd\u011bl\u00e1vac\u00ed belgick\u00e9 fotbalov\u00e9 asociace, tv\u016frce strategie belgick\u00e9ho fotbalu), Maurizio Gherardiny (gener\u00e1ln\u00ed mana\u017eer Fenerbahce [&hellip;]\" \/>\n<meta property=\"og:url\" content=\"https:\/\/prim.cz\/aktualita\/mezinarodni-konference-pro-trenery-mosty-2019\/\" \/>\n<meta property=\"og:site_name\" content=\"PRIM - origin\u00e1ln\u00ed \u010desk\u00e9 p\u00e1nsk\u00e9, d\u00e1msk\u00e9, d\u011btsk\u00e9 hodinky a hodiny\" \/>\n<meta property=\"article:modified_time\" content=\"2025-12-18T13:08:14+00:00\" \/>\n<meta property=\"og:image\" content=\"https:\/\/prim.cz\/wp-content\/uploads\/2025\/02\/mosty-2019-03-1024x768-1.webp\" \/>\n\t<meta property=\"og:image:width\" content=\"1024\" \/>\n\t<meta property=\"og:image:height\" content=\"768\" \/>\n\t<meta property=\"og:image:type\" content=\"image\/webp\" \/>\n<meta name=\"twitter:card\" content=\"summary_large_image\" \/>\n<script type=\"application\/ld+json\" class=\"yoast-schema-graph\">{\"@context\":\"https:\/\/schema.org\",\"@graph\":[{\"@type\":\"WebPage\",\"@id\":\"https:\/\/prim.cz\/aktualita\/mezinarodni-konference-pro-trenery-mosty-2019\/\",\"url\":\"https:\/\/prim.cz\/aktualita\/mezinarodni-konference-pro-trenery-mosty-2019\/\",\"name\":\"Mezin\u00e1rodn\u00ed konference pro tren\u00e9ry \u2013 Mosty 2019 - PRIM - origin\u00e1ln\u00ed \u010desk\u00e9 p\u00e1nsk\u00e9, d\u00e1msk\u00e9, d\u011btsk\u00e9 hodinky a hodiny\",\"isPartOf\":{\"@id\":\"https:\/\/prim.cz\/en\/#website\"},\"primaryImageOfPage\":{\"@id\":\"https:\/\/prim.cz\/aktualita\/mezinarodni-konference-pro-trenery-mosty-2019\/#primaryimage\"},\"image\":{\"@id\":\"https:\/\/prim.cz\/aktualita\/mezinarodni-konference-pro-trenery-mosty-2019\/#primaryimage\"},\"thumbnailUrl\":\"https:\/\/new.prim-hodinky.cz\/wp-content\/uploads\/2025\/02\/mosty-2019-03-1024x768-1.webp\",\"datePublished\":\"2019-05-14T11:04:00+00:00\",\"dateModified\":\"2025-12-18T13:08:14+00:00\",\"breadcrumb\":{\"@id\":\"https:\/\/prim.cz\/aktualita\/mezinarodni-konference-pro-trenery-mosty-2019\/#breadcrumb\"},\"inLanguage\":\"sk-SK\",\"potentialAction\":[{\"@type\":\"ReadAction\",\"target\":[\"https:\/\/prim.cz\/aktualita\/mezinarodni-konference-pro-trenery-mosty-2019\/\"]}]},{\"@type\":\"ImageObject\",\"inLanguage\":\"sk-SK\",\"@id\":\"https:\/\/prim.cz\/aktualita\/mezinarodni-konference-pro-trenery-mosty-2019\/#primaryimage\",\"url\":\"https:\/\/new.prim-hodinky.cz\/wp-content\/uploads\/2025\/02\/mosty-2019-03-1024x768-1.webp\",\"contentUrl\":\"https:\/\/new.prim-hodinky.cz\/wp-content\/uploads\/2025\/02\/mosty-2019-03-1024x768-1.webp\"},{\"@type\":\"BreadcrumbList\",\"@id\":\"https:\/\/prim.cz\/aktualita\/mezinarodni-konference-pro-trenery-mosty-2019\/#breadcrumb\",\"itemListElement\":[{\"@type\":\"ListItem\",\"position\":1,\"name\":\"Dom\u016f\",\"item\":\"https:\/\/prim.cz\/sk\/\"},{\"@type\":\"ListItem\",\"position\":2,\"name\":\"Mezin\u00e1rodn\u00ed konference pro tren\u00e9ry \u2013 Mosty 2019\"}]},{\"@type\":\"WebSite\",\"@id\":\"https:\/\/prim.cz\/en\/#website\",\"url\":\"https:\/\/prim.cz\/en\/\",\"name\":\"PRIM - origin\u00e1ln\u00ed \u010desk\u00e9 p\u00e1nsk\u00e9, d\u00e1msk\u00e9, d\u011btsk\u00e9 hodinky a hodiny\",\"description\":\"Nakupujte p\u0159\u00edmo u v\u00fdrobce! Origin\u00e1ln\u00ed eshop s kompletn\u00edm sortimentem \u010desk\u00fdch hodinek PRIM.\",\"alternateName\":\"prim.cz\",\"potentialAction\":[{\"@type\":\"SearchAction\",\"target\":{\"@type\":\"EntryPoint\",\"urlTemplate\":\"https:\/\/prim.cz\/en\/?s={search_term_string}\"},\"query-input\":{\"@type\":\"PropertyValueSpecification\",\"valueRequired\":true,\"valueName\":\"search_term_string\"}}],\"inLanguage\":\"sk-SK\"}]}<\/script>\n<!-- \/ Yoast SEO plugin. -->","yoast_head_json":{"title":"Mezin\u00e1rodn\u00ed konference pro tren\u00e9ry \u2013 Mosty 2019 - PRIM - origin\u00e1ln\u00ed \u010desk\u00e9 p\u00e1nsk\u00e9, d\u00e1msk\u00e9, d\u011btsk\u00e9 hodinky a hodiny","robots":{"index":"index","follow":"follow","max-snippet":"max-snippet:-1","max-image-preview":"max-image-preview:large","max-video-preview":"max-video-preview:-1"},"canonical":"https:\/\/prim.cz\/aktualita\/mezinarodni-konference-pro-trenery-mosty-2019\/","og_locale":"sk_SK","og_type":"article","og_title":"Mezin\u00e1rodn\u00ed konference pro tren\u00e9ry \u2013 Mosty 2019 - PRIM - origin\u00e1ln\u00ed \u010desk\u00e9 p\u00e1nsk\u00e9, d\u00e1msk\u00e9, d\u011btsk\u00e9 hodinky a hodiny","og_description":"Mezin\u00e1rodn\u00ed konference pro tren\u00e9ry \u2013 Mosty 2019 \u010cesk\u00e1 tren\u00e9rsk\u00e1 akademie \u010cOV po\u0159\u00e1daj\u00ed jeden\u00e1ctou mezin\u00e1rodn\u00ed konferenci ur\u010denou zejm\u00e9na pro tren\u00e9ry \u2013 MOSTY. Konference bude i tentokr\u00e1t s celodenn\u00edm programem. Mezi \u0159e\u010dn\u00edky budou nap\u0159\u00edklad Barbora \u0160pot\u00e1kov\u00e1 (dvojn\u00e1sobn\u00e1 olympijsk\u00e1 v\u00edt\u011bzka), Chris Van Der Haegen (\u0159editel vzd\u011bl\u00e1vac\u00ed belgick\u00e9 fotbalov\u00e9 asociace, tv\u016frce strategie belgick\u00e9ho fotbalu), Maurizio Gherardiny (gener\u00e1ln\u00ed mana\u017eer Fenerbahce [&hellip;]","og_url":"https:\/\/prim.cz\/aktualita\/mezinarodni-konference-pro-trenery-mosty-2019\/","og_site_name":"PRIM - origin\u00e1ln\u00ed \u010desk\u00e9 p\u00e1nsk\u00e9, d\u00e1msk\u00e9, d\u011btsk\u00e9 hodinky a hodiny","article_modified_time":"2025-12-18T13:08:14+00:00","og_image":[{"width":1024,"height":768,"url":"https:\/\/prim.cz\/wp-content\/uploads\/2025\/02\/mosty-2019-03-1024x768-1.webp","type":"image\/webp"}],"twitter_card":"summary_large_image","schema":{"@context":"https:\/\/schema.org","@graph":[{"@type":"WebPage","@id":"https:\/\/prim.cz\/aktualita\/mezinarodni-konference-pro-trenery-mosty-2019\/","url":"https:\/\/prim.cz\/aktualita\/mezinarodni-konference-pro-trenery-mosty-2019\/","name":"Mezin\u00e1rodn\u00ed konference pro tren\u00e9ry \u2013 Mosty 2019 - PRIM - origin\u00e1ln\u00ed \u010desk\u00e9 p\u00e1nsk\u00e9, d\u00e1msk\u00e9, d\u011btsk\u00e9 hodinky a hodiny","isPartOf":{"@id":"https:\/\/prim.cz\/en\/#website"},"primaryImageOfPage":{"@id":"https:\/\/prim.cz\/aktualita\/mezinarodni-konference-pro-trenery-mosty-2019\/#primaryimage"},"image":{"@id":"https:\/\/prim.cz\/aktualita\/mezinarodni-konference-pro-trenery-mosty-2019\/#primaryimage"},"thumbnailUrl":"https:\/\/new.prim-hodinky.cz\/wp-content\/uploads\/2025\/02\/mosty-2019-03-1024x768-1.webp","datePublished":"2019-05-14T11:04:00+00:00","dateModified":"2025-12-18T13:08:14+00:00","breadcrumb":{"@id":"https:\/\/prim.cz\/aktualita\/mezinarodni-konference-pro-trenery-mosty-2019\/#breadcrumb"},"inLanguage":"sk-SK","potentialAction":[{"@type":"ReadAction","target":["https:\/\/prim.cz\/aktualita\/mezinarodni-konference-pro-trenery-mosty-2019\/"]}]},{"@type":"ImageObject","inLanguage":"sk-SK","@id":"https:\/\/prim.cz\/aktualita\/mezinarodni-konference-pro-trenery-mosty-2019\/#primaryimage","url":"https:\/\/new.prim-hodinky.cz\/wp-content\/uploads\/2025\/02\/mosty-2019-03-1024x768-1.webp","contentUrl":"https:\/\/new.prim-hodinky.cz\/wp-content\/uploads\/2025\/02\/mosty-2019-03-1024x768-1.webp"},{"@type":"BreadcrumbList","@id":"https:\/\/prim.cz\/aktualita\/mezinarodni-konference-pro-trenery-mosty-2019\/#breadcrumb","itemListElement":[{"@type":"ListItem","position":1,"name":"Dom\u016f","item":"https:\/\/prim.cz\/sk\/"},{"@type":"ListItem","position":2,"name":"Mezin\u00e1rodn\u00ed konference pro tren\u00e9ry \u2013 Mosty 2019"}]},{"@type":"WebSite","@id":"https:\/\/prim.cz\/en\/#website","url":"https:\/\/prim.cz\/en\/","name":"PRIM - origin\u00e1ln\u00ed \u010desk\u00e9 p\u00e1nsk\u00e9, d\u00e1msk\u00e9, d\u011btsk\u00e9 hodinky a hodiny","description":"Nakupujte p\u0159\u00edmo u v\u00fdrobce! Origin\u00e1ln\u00ed eshop s kompletn\u00edm sortimentem \u010desk\u00fdch hodinek PRIM.","alternateName":"prim.cz","potentialAction":[{"@type":"SearchAction","target":{"@type":"EntryPoint","urlTemplate":"https:\/\/prim.cz\/en\/?s={search_term_string}"},"query-input":{"@type":"PropertyValueSpecification","valueRequired":true,"valueName":"search_term_string"}}],"inLanguage":"sk-SK"}]}},"wpml_current_locale":"cs_CZ","wpml_translations":{"cs_CZ":{"locale":"cs_CZ","translation":"current"},"sk_SK":{"locale":"sk_SK","translation":false},"pl_PL":{"locale":"pl_PL","translation":false},"en_US":{"locale":"en_US","translation":false}},"_links":{"self":[{"href":"https:\/\/prim.cz\/sk\/wp-json\/wp\/v2\/aktualita\/28629","targetHints":{"allow":["GET"]}}],"collection":[{"href":"https:\/\/prim.cz\/sk\/wp-json\/wp\/v2\/aktualita"}],"about":[{"href":"https:\/\/prim.cz\/sk\/wp-json\/wp\/v2\/types\/aktualita"}],"wp:attachment":[{"href":"https:\/\/prim.cz\/sk\/wp-json\/wp\/v2\/media?parent=28629"}],"curies":[{"name":"wp","href":"https:\/\/api.w.org\/{rel}","templated":true}]}}