{"id":28586,"date":"2019-06-10T10:04:00","date_gmt":"2019-06-10T09:04:00","guid":{"rendered":"https:\/\/new.prim-hodinky.cz\/?post_type=aktualita&#038;p=28586"},"modified":"2025-12-18T14:07:49","modified_gmt":"2025-12-18T13:07:49","slug":"zavod-miru-u23-grand-prix-priessnitz-spa-2019","status":"publish","type":"aktualita","link":"https:\/\/prim.cz\/sk\/aktualita\/zavod-miru-u23-grand-prix-priessnitz-spa-2019\/","title":{"rendered":"Z\u00e1vod m\u00edru U23 Grand Prix Priessnitz spa 2019"},"content":{"rendered":"\n<p><strong>Jsme hrd\u00fdm partnerem a od roku 2010 PRIM podporuje cyklistick\u00e9 z\u00e1vody \u2013&nbsp;<\/strong><strong>Z\u00e1vod m\u00edru U23 Grand Prix Priessnitz spa \/ Course de la Paix U23.<\/strong><\/p>\n\n\n\n<p><strong>Z\u00e1vod m\u00edru byl nejv\u011bt\u0161\u00ed amat\u00e9rsk\u00fd cyklistick\u00fd z\u00e1vod po 2. sv\u011btov\u00e9 v\u00e1lce ve V\u00fdchodn\u00ed Evrop\u011b. Z\u00e1vod m\u00edru U23 na tuto slavnou historii navazuje a od roku 2015 je zapsan\u00fd v kategorii UCI Nations\u2018 cup, tedy v nejvy\u0161\u0161\u00ed kategori\u00ed, ve kter\u00e9 (mimo mistrovstv\u00ed sv\u011bta a kontinent\u016f) nastupuj\u00ed n\u00e1rodn\u00ed v\u00fdb\u011bry.<\/strong><\/p>\n\n\n\n<p><strong>Program ZM U23 2019:<\/strong><\/p>\n\n\n\n<p>prologue \u2026 06. 06. 2019 Krnov \/ 2 km ITT \/ start 17:00, Interval 30 s \/ NO TT bicycles<br>stage 1 \u2026 07. 06. 2019 Jesen\u00edk \u2013 R\u00fdma\u0159ov \/ 134,2 km \/ start 13:30<br>stage 2 \u2026 08. 06. 2019 Krnov \u2013 Dlouh\u00e9 str\u00e1n\u011b \/ 150,6 km \/ start 12:00<br>stage 3 \u2026 09. 06. 2019 Jesen\u00edk \u2013 Jesen\u00edk \/ 171,5 km \/ start 11:00<\/p>\n\n\n\n<p>V\u00edce informac\u00ed na&nbsp;<a href=\"http:\/\/www.zavodmiruu23.cz\/zavody\/zavod-miru-u23\/\" target=\"_blank\" rel=\"noreferrer noopener\">www.zavodmiruu23.cz\/<\/a><br>Facebook:&nbsp;<a href=\"https:\/\/www.facebook.com\/ZavodMiruU23\/\" target=\"_blank\" rel=\"noreferrer noopener\">www.facebook.com\/ZavodMiruU23\/<\/a><br>Foto: Jan Brychta \/ Z\u00e1vod m\u00edru U23<\/p>\n\n\n\n<figure class=\"wp-block-gallery has-nested-images columns-default is-cropped wp-block-gallery-1 is-layout-flex wp-block-gallery-is-layout-flex\">\n<figure class=\"wp-block-image size-large\"><img loading=\"lazy\" decoding=\"async\" width=\"1024\" height=\"682\" data-id=\"28593\" src=\"https:\/\/new.prim-hodinky.cz\/wp-content\/uploads\/2025\/02\/BrychtaJan_ZMU23_20190609_152125_DSC_1727-1024x682-1.jpg\" alt=\"\" class=\"wp-image-28593\" srcset=\"https:\/\/prim.cz\/wp-content\/uploads\/2025\/02\/BrychtaJan_ZMU23_20190609_152125_DSC_1727-1024x682-1.jpg 1024w, https:\/\/prim.cz\/wp-content\/uploads\/2025\/02\/BrychtaJan_ZMU23_20190609_152125_DSC_1727-1024x682-1-300x200.jpg 300w, https:\/\/prim.cz\/wp-content\/uploads\/2025\/02\/BrychtaJan_ZMU23_20190609_152125_DSC_1727-1024x682-1-768x512.jpg 768w\" sizes=\"auto, (max-width: 1024px) 100vw, 1024px\" \/><\/figure>\n\n\n\n<figure class=\"wp-block-image size-large\"><img loading=\"lazy\" decoding=\"async\" width=\"1024\" height=\"682\" data-id=\"28596\" src=\"https:\/\/new.prim-hodinky.cz\/wp-content\/uploads\/2025\/02\/BrychtaJan_ZMU23_20190609_152122_DSC_1712-1024x682-1.jpg\" alt=\"\" class=\"wp-image-28596\" srcset=\"https:\/\/prim.cz\/wp-content\/uploads\/2025\/02\/BrychtaJan_ZMU23_20190609_152122_DSC_1712-1024x682-1.jpg 1024w, https:\/\/prim.cz\/wp-content\/uploads\/2025\/02\/BrychtaJan_ZMU23_20190609_152122_DSC_1712-1024x682-1-300x200.jpg 300w, https:\/\/prim.cz\/wp-content\/uploads\/2025\/02\/BrychtaJan_ZMU23_20190609_152122_DSC_1712-1024x682-1-768x512.jpg 768w\" sizes=\"auto, (max-width: 1024px) 100vw, 1024px\" \/><\/figure>\n\n\n\n<figure class=\"wp-block-image size-large\"><img loading=\"lazy\" decoding=\"async\" width=\"1024\" height=\"682\" data-id=\"28588\" src=\"https:\/\/new.prim-hodinky.cz\/wp-content\/uploads\/2025\/02\/BrychtaJan_ZMU23_20190609_144554_DSC_1522-1024x682-1.jpg\" alt=\"\" class=\"wp-image-28588\" srcset=\"https:\/\/prim.cz\/wp-content\/uploads\/2025\/02\/BrychtaJan_ZMU23_20190609_144554_DSC_1522-1024x682-1.jpg 1024w, https:\/\/prim.cz\/wp-content\/uploads\/2025\/02\/BrychtaJan_ZMU23_20190609_144554_DSC_1522-1024x682-1-300x200.jpg 300w, https:\/\/prim.cz\/wp-content\/uploads\/2025\/02\/BrychtaJan_ZMU23_20190609_144554_DSC_1522-1024x682-1-768x512.jpg 768w\" sizes=\"auto, (max-width: 1024px) 100vw, 1024px\" \/><\/figure>\n\n\n\n<figure class=\"wp-block-image size-large\"><img loading=\"lazy\" decoding=\"async\" width=\"1024\" height=\"682\" data-id=\"28594\" src=\"https:\/\/new.prim-hodinky.cz\/wp-content\/uploads\/2025\/02\/BrychtaJan_ZMU23_20190609_110014_DSC_1022-1024x682-1.jpg\" alt=\"\" class=\"wp-image-28594\" srcset=\"https:\/\/prim.cz\/wp-content\/uploads\/2025\/02\/BrychtaJan_ZMU23_20190609_110014_DSC_1022-1024x682-1.jpg 1024w, https:\/\/prim.cz\/wp-content\/uploads\/2025\/02\/BrychtaJan_ZMU23_20190609_110014_DSC_1022-1024x682-1-300x200.jpg 300w, https:\/\/prim.cz\/wp-content\/uploads\/2025\/02\/BrychtaJan_ZMU23_20190609_110014_DSC_1022-1024x682-1-768x512.jpg 768w\" sizes=\"auto, (max-width: 1024px) 100vw, 1024px\" \/><\/figure>\n\n\n\n<figure class=\"wp-block-image size-large\"><img loading=\"lazy\" decoding=\"async\" width=\"1024\" height=\"682\" data-id=\"28590\" src=\"https:\/\/new.prim-hodinky.cz\/wp-content\/uploads\/2025\/02\/BrychtaJan_ZMU23_20190608_142520_DSC_0443-1024x682-1.jpg\" alt=\"\" class=\"wp-image-28590\" srcset=\"https:\/\/prim.cz\/wp-content\/uploads\/2025\/02\/BrychtaJan_ZMU23_20190608_142520_DSC_0443-1024x682-1.jpg 1024w, https:\/\/prim.cz\/wp-content\/uploads\/2025\/02\/BrychtaJan_ZMU23_20190608_142520_DSC_0443-1024x682-1-300x200.jpg 300w, https:\/\/prim.cz\/wp-content\/uploads\/2025\/02\/BrychtaJan_ZMU23_20190608_142520_DSC_0443-1024x682-1-768x512.jpg 768w\" sizes=\"auto, (max-width: 1024px) 100vw, 1024px\" \/><\/figure>\n\n\n\n<figure class=\"wp-block-image size-large\"><img loading=\"lazy\" decoding=\"async\" width=\"1024\" height=\"682\" data-id=\"28589\" src=\"https:\/\/new.prim-hodinky.cz\/wp-content\/uploads\/2025\/02\/BrychtaJan_ZMU23_20190608_115612_DSC_0092-1024x682-1.jpg\" alt=\"\" class=\"wp-image-28589\" srcset=\"https:\/\/prim.cz\/wp-content\/uploads\/2025\/02\/BrychtaJan_ZMU23_20190608_115612_DSC_0092-1024x682-1.jpg 1024w, https:\/\/prim.cz\/wp-content\/uploads\/2025\/02\/BrychtaJan_ZMU23_20190608_115612_DSC_0092-1024x682-1-300x200.jpg 300w, https:\/\/prim.cz\/wp-content\/uploads\/2025\/02\/BrychtaJan_ZMU23_20190608_115612_DSC_0092-1024x682-1-768x512.jpg 768w\" sizes=\"auto, (max-width: 1024px) 100vw, 1024px\" \/><\/figure>\n\n\n\n<figure class=\"wp-block-image size-large\"><img loading=\"lazy\" decoding=\"async\" width=\"1024\" height=\"682\" data-id=\"28591\" src=\"https:\/\/new.prim-hodinky.cz\/wp-content\/uploads\/2025\/02\/BrychtaJan_ZMU23_20190607_171110_DSC_9948-1024x682-1.jpg\" alt=\"\" class=\"wp-image-28591\" srcset=\"https:\/\/prim.cz\/wp-content\/uploads\/2025\/02\/BrychtaJan_ZMU23_20190607_171110_DSC_9948-1024x682-1.jpg 1024w, https:\/\/prim.cz\/wp-content\/uploads\/2025\/02\/BrychtaJan_ZMU23_20190607_171110_DSC_9948-1024x682-1-300x200.jpg 300w, https:\/\/prim.cz\/wp-content\/uploads\/2025\/02\/BrychtaJan_ZMU23_20190607_171110_DSC_9948-1024x682-1-768x512.jpg 768w\" sizes=\"auto, (max-width: 1024px) 100vw, 1024px\" \/><\/figure>\n\n\n\n<figure class=\"wp-block-image size-large\"><img loading=\"lazy\" decoding=\"async\" width=\"1024\" height=\"682\" data-id=\"28595\" src=\"https:\/\/new.prim-hodinky.cz\/wp-content\/uploads\/2025\/02\/BrychtaJan_ZMU23_20190607_130801_DSC_9324-1024x682-1.jpg\" alt=\"\" class=\"wp-image-28595\" srcset=\"https:\/\/prim.cz\/wp-content\/uploads\/2025\/02\/BrychtaJan_ZMU23_20190607_130801_DSC_9324-1024x682-1.jpg 1024w, https:\/\/prim.cz\/wp-content\/uploads\/2025\/02\/BrychtaJan_ZMU23_20190607_130801_DSC_9324-1024x682-1-300x200.jpg 300w, https:\/\/prim.cz\/wp-content\/uploads\/2025\/02\/BrychtaJan_ZMU23_20190607_130801_DSC_9324-1024x682-1-768x512.jpg 768w\" sizes=\"auto, (max-width: 1024px) 100vw, 1024px\" \/><\/figure>\n\n\n\n<figure class=\"wp-block-image size-large\"><img loading=\"lazy\" decoding=\"async\" width=\"1024\" height=\"684\" data-id=\"28592\" src=\"https:\/\/new.prim-hodinky.cz\/wp-content\/uploads\/2025\/02\/BrychtaJan_ZMU23_20190607_130755_DSC_8697-1024x684-1.jpg\" alt=\"\" class=\"wp-image-28592\" srcset=\"https:\/\/prim.cz\/wp-content\/uploads\/2025\/02\/BrychtaJan_ZMU23_20190607_130755_DSC_8697-1024x684-1.jpg 1024w, https:\/\/prim.cz\/wp-content\/uploads\/2025\/02\/BrychtaJan_ZMU23_20190607_130755_DSC_8697-1024x684-1-300x200.jpg 300w, https:\/\/prim.cz\/wp-content\/uploads\/2025\/02\/BrychtaJan_ZMU23_20190607_130755_DSC_8697-1024x684-1-768x513.jpg 768w\" sizes=\"auto, (max-width: 1024px) 100vw, 1024px\" \/><\/figure>\n\n\n\n<figure class=\"wp-block-image size-large\"><img loading=\"lazy\" decoding=\"async\" width=\"1024\" height=\"682\" data-id=\"28598\" src=\"https:\/\/new.prim-hodinky.cz\/wp-content\/uploads\/2025\/02\/BrychtaJan_ZMU23_20190606_182354_DSC_9254-1024x682-1.jpg\" alt=\"\" class=\"wp-image-28598\" srcset=\"https:\/\/prim.cz\/wp-content\/uploads\/2025\/02\/BrychtaJan_ZMU23_20190606_182354_DSC_9254-1024x682-1.jpg 1024w, https:\/\/prim.cz\/wp-content\/uploads\/2025\/02\/BrychtaJan_ZMU23_20190606_182354_DSC_9254-1024x682-1-300x200.jpg 300w, https:\/\/prim.cz\/wp-content\/uploads\/2025\/02\/BrychtaJan_ZMU23_20190606_182354_DSC_9254-1024x682-1-768x512.jpg 768w\" sizes=\"auto, (max-width: 1024px) 100vw, 1024px\" \/><\/figure>\n\n\n\n<figure class=\"wp-block-image size-large\"><img loading=\"lazy\" decoding=\"async\" width=\"1024\" height=\"682\" data-id=\"28600\" src=\"https:\/\/new.prim-hodinky.cz\/wp-content\/uploads\/2025\/02\/BrychtaJan_ZMU23_20190606_174946_DSC_9065-1024x682-1.jpg\" alt=\"\" class=\"wp-image-28600\" srcset=\"https:\/\/prim.cz\/wp-content\/uploads\/2025\/02\/BrychtaJan_ZMU23_20190606_174946_DSC_9065-1024x682-1.jpg 1024w, https:\/\/prim.cz\/wp-content\/uploads\/2025\/02\/BrychtaJan_ZMU23_20190606_174946_DSC_9065-1024x682-1-300x200.jpg 300w, https:\/\/prim.cz\/wp-content\/uploads\/2025\/02\/BrychtaJan_ZMU23_20190606_174946_DSC_9065-1024x682-1-768x512.jpg 768w\" sizes=\"auto, (max-width: 1024px) 100vw, 1024px\" \/><\/figure>\n\n\n\n<figure class=\"wp-block-image size-large\"><img loading=\"lazy\" decoding=\"async\" width=\"1024\" height=\"682\" data-id=\"28597\" src=\"https:\/\/new.prim-hodinky.cz\/wp-content\/uploads\/2025\/02\/BrychtaJan_ZMU23_20190606_182325_DSC_9249-1024x682-1.jpg\" alt=\"\" class=\"wp-image-28597\" srcset=\"https:\/\/prim.cz\/wp-content\/uploads\/2025\/02\/BrychtaJan_ZMU23_20190606_182325_DSC_9249-1024x682-1.jpg 1024w, https:\/\/prim.cz\/wp-content\/uploads\/2025\/02\/BrychtaJan_ZMU23_20190606_182325_DSC_9249-1024x682-1-300x200.jpg 300w, https:\/\/prim.cz\/wp-content\/uploads\/2025\/02\/BrychtaJan_ZMU23_20190606_182325_DSC_9249-1024x682-1-768x512.jpg 768w\" sizes=\"auto, (max-width: 1024px) 100vw, 1024px\" \/><\/figure>\n\n\n\n<figure class=\"wp-block-image size-large\"><img loading=\"lazy\" decoding=\"async\" width=\"1024\" height=\"682\" data-id=\"28599\" src=\"https:\/\/new.prim-hodinky.cz\/wp-content\/uploads\/2025\/02\/BrychtaJan_ZMU23_20190606_181836_DSC_9188-1024x682-1.jpg\" alt=\"\" class=\"wp-image-28599\" srcset=\"https:\/\/prim.cz\/wp-content\/uploads\/2025\/02\/BrychtaJan_ZMU23_20190606_181836_DSC_9188-1024x682-1.jpg 1024w, https:\/\/prim.cz\/wp-content\/uploads\/2025\/02\/BrychtaJan_ZMU23_20190606_181836_DSC_9188-1024x682-1-300x200.jpg 300w, https:\/\/prim.cz\/wp-content\/uploads\/2025\/02\/BrychtaJan_ZMU23_20190606_181836_DSC_9188-1024x682-1-768x512.jpg 768w\" sizes=\"auto, (max-width: 1024px) 100vw, 1024px\" \/><\/figure>\n\n\n\n<figure class=\"wp-block-image size-large\"><img loading=\"lazy\" decoding=\"async\" width=\"1024\" height=\"682\" data-id=\"28602\" src=\"https:\/\/new.prim-hodinky.cz\/wp-content\/uploads\/2025\/02\/BrychtaJan_ZMU23_20190609_155534_DSC_1939-1024x682-1.jpg\" alt=\"\" class=\"wp-image-28602\" srcset=\"https:\/\/prim.cz\/wp-content\/uploads\/2025\/02\/BrychtaJan_ZMU23_20190609_155534_DSC_1939-1024x682-1.jpg 1024w, https:\/\/prim.cz\/wp-content\/uploads\/2025\/02\/BrychtaJan_ZMU23_20190609_155534_DSC_1939-1024x682-1-300x200.jpg 300w, https:\/\/prim.cz\/wp-content\/uploads\/2025\/02\/BrychtaJan_ZMU23_20190609_155534_DSC_1939-1024x682-1-768x512.jpg 768w\" sizes=\"auto, (max-width: 1024px) 100vw, 1024px\" \/><\/figure>\n\n\n\n<figure class=\"wp-block-image size-large\"><img loading=\"lazy\" decoding=\"async\" width=\"1024\" height=\"682\" data-id=\"28601\" src=\"https:\/\/new.prim-hodinky.cz\/wp-content\/uploads\/2025\/02\/BrychtaJan_ZMU23_20190609_154258_DSC_1803-1024x682-1.jpg\" alt=\"\" class=\"wp-image-28601\" srcset=\"https:\/\/prim.cz\/wp-content\/uploads\/2025\/02\/BrychtaJan_ZMU23_20190609_154258_DSC_1803-1024x682-1.jpg 1024w, https:\/\/prim.cz\/wp-content\/uploads\/2025\/02\/BrychtaJan_ZMU23_20190609_154258_DSC_1803-1024x682-1-300x200.jpg 300w, https:\/\/prim.cz\/wp-content\/uploads\/2025\/02\/BrychtaJan_ZMU23_20190609_154258_DSC_1803-1024x682-1-768x512.jpg 768w\" sizes=\"auto, (max-width: 1024px) 100vw, 1024px\" \/><\/figure>\n\n\n\n<figure class=\"wp-block-image size-large\"><img loading=\"lazy\" decoding=\"async\" width=\"1024\" height=\"682\" data-id=\"28603\" src=\"https:\/\/new.prim-hodinky.cz\/wp-content\/uploads\/2025\/02\/BrychtaJan_ZMU23_20190609_155017_DSC_1884-1024x682-1.jpg\" alt=\"\" class=\"wp-image-28603\" srcset=\"https:\/\/prim.cz\/wp-content\/uploads\/2025\/02\/BrychtaJan_ZMU23_20190609_155017_DSC_1884-1024x682-1.jpg 1024w, https:\/\/prim.cz\/wp-content\/uploads\/2025\/02\/BrychtaJan_ZMU23_20190609_155017_DSC_1884-1024x682-1-300x200.jpg 300w, https:\/\/prim.cz\/wp-content\/uploads\/2025\/02\/BrychtaJan_ZMU23_20190609_155017_DSC_1884-1024x682-1-768x512.jpg 768w\" sizes=\"auto, (max-width: 1024px) 100vw, 1024px\" \/><\/figure>\n\n\n\n<figure class=\"wp-block-image size-large\"><img loading=\"lazy\" decoding=\"async\" width=\"1024\" height=\"682\" data-id=\"28604\" src=\"https:\/\/new.prim-hodinky.cz\/wp-content\/uploads\/2025\/02\/BrychtaJan_ZMU23_20190607_172033_DSC_0033-1024x682-1.jpg\" alt=\"\" class=\"wp-image-28604\" srcset=\"https:\/\/prim.cz\/wp-content\/uploads\/2025\/02\/BrychtaJan_ZMU23_20190607_172033_DSC_0033-1024x682-1.jpg 1024w, https:\/\/prim.cz\/wp-content\/uploads\/2025\/02\/BrychtaJan_ZMU23_20190607_172033_DSC_0033-1024x682-1-300x200.jpg 300w, https:\/\/prim.cz\/wp-content\/uploads\/2025\/02\/BrychtaJan_ZMU23_20190607_172033_DSC_0033-1024x682-1-768x512.jpg 768w\" sizes=\"auto, (max-width: 1024px) 100vw, 1024px\" \/><\/figure>\n\n\n\n<figure class=\"wp-block-image size-large\"><img loading=\"lazy\" decoding=\"async\" width=\"1024\" height=\"682\" data-id=\"28605\" src=\"https:\/\/new.prim-hodinky.cz\/wp-content\/uploads\/2025\/02\/BrychtaJan_ZMU23_20190609_153646_DSC_1780-1024x682-1.jpg\" alt=\"\" class=\"wp-image-28605\" srcset=\"https:\/\/prim.cz\/wp-content\/uploads\/2025\/02\/BrychtaJan_ZMU23_20190609_153646_DSC_1780-1024x682-1.jpg 1024w, https:\/\/prim.cz\/wp-content\/uploads\/2025\/02\/BrychtaJan_ZMU23_20190609_153646_DSC_1780-1024x682-1-300x200.jpg 300w, https:\/\/prim.cz\/wp-content\/uploads\/2025\/02\/BrychtaJan_ZMU23_20190609_153646_DSC_1780-1024x682-1-768x512.jpg 768w\" sizes=\"auto, (max-width: 1024px) 100vw, 1024px\" \/><\/figure>\n<\/figure>\n\n\n\n<h5 class=\"wp-block-heading\"><strong>Etapa i veden\u00ed pro \u0160v\u00fdcara Bisseggera<\/strong><\/h5>\n\n\n\n<p>7.6.2019<\/p>\n\n\n\n<p>Tradice \u017elut\u00e9ho p\u0159evl\u00e9k\u00e1n\u00ed t\u00e9m\u011b\u0159 po ka\u017ed\u00e9 etap\u011b pokra\u010duje i v leto\u0161n\u00edm sedm\u00e9m ro\u010dn\u00edku Z\u00e1vodu m\u00edru U23 Grand Prix Priessnitz spa. Dne\u0161n\u00ed prvn\u00ed etapu z\u00e1vodu z Jesen\u00edku do R\u00fdma\u0159ova, kter\u00e1 m\u011b\u0159ila 134,2 kilometru, vyhr\u00e1l \u0161v\u00fdcarsk\u00fd reprezentant Stefan Bissegger. Sv\u00fdm v\u00edt\u011bzstv\u00edm se obl\u00e9kl i do \u017elut\u00e9ho trikotu nejlep\u0161\u00edho jezdce z\u00e1vodu, ve kter\u00e9m vyst\u0159\u00eddal v\u00edt\u011bze prologu Nizozemce Nilse Eekhoffa. Z\u00edskal z\u00e1rove\u0148 dres Satum l\u00eddra bodovac\u00ed sout\u011b\u017ee. Pozici nejlep\u0161\u00edho \u010cecha a dr\u017eitelem b\u00edl\u00e9ho dresu Nadace \u010cEZ potvrdil Jakub Otruba, kter\u00fd skon\u010dil \u0161est\u00fd a stejn\u00e9 po\u0159ad\u00ed mu pat\u0159\u00ed i v pr\u016fb\u011b\u017en\u00e9m hodnocen\u00ed. Z\u00e1vod se jede za podpory Moravskoslezsk\u00e9ho kraje, Olomouck\u00e9ho kraje, M\u0160MT, Nadace \u010cEZ.<\/p>\n\n\n\n<p>O osudu etapy se rozhodlo velice z\u00e1hy. Hned po prvn\u00ed vrcha\u0159sk\u00e9 pr\u00e9mii na Ramzovsk\u00e9m sedle na des\u00e1t\u00e9m kilometru odjela z pelotonu sedmi\u010dka jezdc\u016f a vydr\u017eela spolu v \u00faniku a\u017e do c\u00edle. Byli v n\u00ed Bissegger, Otruba, Marijn van den Berg (Niz.), Franciso Campos (Port.), Martin Bugge Urianstad (Nor.), Raku\u0161an Patrik Camper a D\u00e1n Mathias Norsgaard Jorgensen, kter\u00fd jako jedin\u00fd v z\u00e1v\u011bru nesta\u010dil a odpadl.<\/p>\n\n\n\n<p>Na vrcha\u0159sk\u00fdch pr\u00e9mi\u00edch dominovali Marijn van den Berg, kter\u00fd dr\u017e\u00ed dres Ondr\u00e1\u0161ovka nejlep\u0161\u00edho vrcha\u0159e a z\u00e1rove\u0148 dres Prim \/ Media Walk nejlep\u0161\u00edho jezdce do 21 let, a Martin Bugge Urianstad. P\u0159i n\u00e1jezdu na \u010dty\u0159i okruhy dlouh\u00e9 12 kilometr\u016f m\u011bli uprchl\u00edci k dobru 3:05. Po\u010detn\u00fd peloton sice v ka\u017ed\u00e9m okruhu n\u011bco ze ztr\u00e1ty umazal, ale p\u0159i n\u00e1jezdu do posledn\u00edho kola m\u011bl odstup 2:10 a to bylo t\u00e9m\u011b\u0159 jist\u00e9, \u017ee jezdci z \u00faniku budou slavit. V posledn\u00edm kole se n\u00e1skok zten\u010dil o dal\u0161\u00ed minutu, ale spurt o etapov\u00fd vav\u0159\u00edn pat\u0159il uprchl\u00edk\u016fm, ale ne pro Otrubu, kter\u00fd m\u00edrn\u011b zaostal a p\u0159ijel o p\u011bt vte\u0159in pozd\u011bji jak v\u00edt\u011bzn\u00fd Bissegger. Druh\u00fd skon\u010dil van den Berg a t\u0159et\u00ed Campos. V hlavn\u00edm poli p\u0159ijeli se ztr\u00e1tou 1:09 prakticky v\u0161ichni na\u0161i jezdci.<\/p>\n\n\n\n<p>\u201eP\u016fvodn\u00ed pl\u00e1n byl, \u017ee v ka\u017ed\u00e9 skupin\u011b bychom m\u011bli m\u00edt n\u011bkoho z t\u00fdmu. Po prvn\u00ed vrcha\u0159sk\u00e9 pr\u00e9mii najednou z\u016fstalo vep\u0159edu p\u011bt lid\u00ed ze siln\u00fdch t\u00fdm\u016f a j\u00e1 to m\u011bl k nim nejbl\u00ed\u017ee, tak\u017ee jsem si je docvakl. V \u00faniku jsme spolupracovali, i kdy\u017e j\u00e1 v z\u00e1v\u011bru trochu ji\u017e \u0161et\u0159il s\u00edly. Na spurt jsem p\u016fvodn\u011b tak\u00e9 myslel, ale soupe\u0159i byli prost\u011b lep\u0161\u00ed. Tento z\u00e1vod nen\u00ed tak dlouh\u00fd, tak\u017ee by mi s\u00edly v dal\u0161\u00edch etap\u00e1ch chyb\u011bt nem\u011bly. Z\u00edtra si mus\u00edme pohl\u00eddat aby neujela n\u011bjak\u00e1 skupina a pak se uvid\u00ed na Dlouh\u00fdch str\u00e1n\u00edch,\u201c odhaduje kde se bude rozhodovat Jakub Otruba.<\/p>\n\n\n\n<p>Spokojen byl po etap\u011b reprezenta\u010dn\u00ed kou\u010d Tom\u00e1\u0161 Kone\u010dn\u00fd. \u201eKluci m\u011bli b\u00fdt aktivn\u00ed, aby potom nemuseli doj\u00ed\u017ed\u011bt n\u011bjak\u00fd \u00fanik. Vep\u0159edu byla velk\u00e1 skupina a mysl\u00edm, \u017ee t\u0159eba Francouzi \u010di Belgi\u010dan\u00e9 to podcenili a na okruz\u00edch se takov\u00fd n\u00e1skok pak t\u011b\u017eko sj\u00ed\u017ed\u00ed. Z na\u0161eho pohledu to dopadlo dob\u0159e, m\u00e1me \u010dlov\u011bka v po\u0159ad\u00ed a p\u0159ed z\u00edt\u0159kem jsme se s mechanick\u00fdm vozem posunuli hodn\u011b dop\u0159edu, co\u017e m\u016f\u017ee b\u00fdt velmi d\u016fle\u017eit\u00e9.\u201c<\/p>\n\n\n\n<p><strong>V\u00fdsledky 1. etapa: Jesen\u00edk \u2013 R\u00fdma\u0159ov (134,2 km):<\/strong><br>1. Bissegger (\u0160v\u00fdc.) 3:10:13, 2. van den Berg (Niz.), 3. Campos (Port.), 4. Urianstad (Nor.), 5. Camper (Rak.) v\u0161ichni stejn\u00fd \u010das, 6. Otruba (\u010cR) +5, \u202628. Tyrpekl (v\u00fdb\u011br \u010cech a Moravy), 29. Petr Kelemen, 49. Vacek (oba \u010cR), 50. Rotter, 53. Honsa, 57. Proch\u00e1zka, 74. \u0158epa (v\u0161ichni v\u00fdb\u011br \u010cech a Moravy), 86. Jakoubek, 88. Ka\u0161par v\u0161ichni +1:09, 102. Sedl\u00e1\u010dek (v\u0161ichni \u010cR) +1:25, 104. Dole\u017eal (v\u00fdb\u011br \u010cech a Moravy) +1:29.<\/p>\n\n\n\n<p><strong>Pr\u016fb\u011b\u017en\u00e9 po\u0159ad\u00ed:<\/strong><br>1. Bissegger 3:12:16, 2. Camper +7, 3. van den Berg +9, 4. Campos +17, 5. Urianstad +18, 6. Otruba +20, \u202634. Petr Kelemen +1:27, 53. Honsa +1:29, 65. Tyrpekl +1:31, 70. \u0158epa +1:31, 76. Jakoubek 1:32, 83. Vacek +1:32, 85. Proch\u00e1zka +1:33, 92. Ka\u0161par +1:35, 101. Rotter +1:38, 103. Sedl\u00e1\u010dek +1:49, 104. Dole\u017eal +1:51.<\/p>\n\n\n\n<figure class=\"wp-block-gallery has-nested-images columns-default is-cropped wp-block-gallery-2 is-layout-flex wp-block-gallery-is-layout-flex\">\n<figure class=\"wp-block-image size-large\"><img loading=\"lazy\" decoding=\"async\" width=\"1024\" height=\"684\" data-id=\"28608\" src=\"https:\/\/new.prim-hodinky.cz\/wp-content\/uploads\/2025\/02\/BrychtaJan_ZMU23_20190607_132603_DSC_8707-1-1024x684-2.webp\" alt=\"\" class=\"wp-image-28608\" srcset=\"https:\/\/prim.cz\/wp-content\/uploads\/2025\/02\/BrychtaJan_ZMU23_20190607_132603_DSC_8707-1-1024x684-2.webp 1024w, https:\/\/prim.cz\/wp-content\/uploads\/2025\/02\/BrychtaJan_ZMU23_20190607_132603_DSC_8707-1-1024x684-2-300x200.webp 300w, https:\/\/prim.cz\/wp-content\/uploads\/2025\/02\/BrychtaJan_ZMU23_20190607_132603_DSC_8707-1-1024x684-2-768x513.webp 768w\" sizes=\"auto, (max-width: 1024px) 100vw, 1024px\" \/><\/figure>\n\n\n\n<figure class=\"wp-block-image size-large\"><img loading=\"lazy\" decoding=\"async\" width=\"1024\" height=\"684\" data-id=\"28611\" src=\"https:\/\/new.prim-hodinky.cz\/wp-content\/uploads\/2025\/02\/BrychtaJan_ZMU23_20190607_143746_DSC_8732-1-1024x684-2.webp\" alt=\"\" class=\"wp-image-28611\" srcset=\"https:\/\/prim.cz\/wp-content\/uploads\/2025\/02\/BrychtaJan_ZMU23_20190607_143746_DSC_8732-1-1024x684-2.webp 1024w, https:\/\/prim.cz\/wp-content\/uploads\/2025\/02\/BrychtaJan_ZMU23_20190607_143746_DSC_8732-1-1024x684-2-300x200.webp 300w, https:\/\/prim.cz\/wp-content\/uploads\/2025\/02\/BrychtaJan_ZMU23_20190607_143746_DSC_8732-1-1024x684-2-768x513.webp 768w\" sizes=\"auto, (max-width: 1024px) 100vw, 1024px\" \/><\/figure>\n\n\n\n<figure class=\"wp-block-image size-full\"><img loading=\"lazy\" decoding=\"async\" width=\"1024\" height=\"681\" data-id=\"28607\" src=\"https:\/\/new.prim-hodinky.cz\/wp-content\/uploads\/2025\/02\/BrychtaJan_ZMU23_20190607_150705_DSC_9614-1-1024x681-1.webp\" alt=\"\" class=\"wp-image-28607\" srcset=\"https:\/\/prim.cz\/wp-content\/uploads\/2025\/02\/BrychtaJan_ZMU23_20190607_150705_DSC_9614-1-1024x681-1.webp 1024w, https:\/\/prim.cz\/wp-content\/uploads\/2025\/02\/BrychtaJan_ZMU23_20190607_150705_DSC_9614-1-1024x681-1-300x200.webp 300w, https:\/\/prim.cz\/wp-content\/uploads\/2025\/02\/BrychtaJan_ZMU23_20190607_150705_DSC_9614-1-1024x681-1-768x511.webp 768w\" sizes=\"auto, (max-width: 1024px) 100vw, 1024px\" \/><\/figure>\n\n\n\n<figure class=\"wp-block-image size-large\"><img loading=\"lazy\" decoding=\"async\" width=\"1024\" height=\"681\" data-id=\"28609\" src=\"https:\/\/new.prim-hodinky.cz\/wp-content\/uploads\/2025\/02\/BrychtaJan_ZMU23_20190607_171146_DSC_9957-1-1024x681-1.webp\" alt=\"\" class=\"wp-image-28609\" srcset=\"https:\/\/prim.cz\/wp-content\/uploads\/2025\/02\/BrychtaJan_ZMU23_20190607_171146_DSC_9957-1-1024x681-1.webp 1024w, https:\/\/prim.cz\/wp-content\/uploads\/2025\/02\/BrychtaJan_ZMU23_20190607_171146_DSC_9957-1-1024x681-1-300x200.webp 300w, https:\/\/prim.cz\/wp-content\/uploads\/2025\/02\/BrychtaJan_ZMU23_20190607_171146_DSC_9957-1-1024x681-1-768x511.webp 768w\" sizes=\"auto, (max-width: 1024px) 100vw, 1024px\" \/><\/figure>\n\n\n\n<figure class=\"wp-block-image size-large\"><img loading=\"lazy\" decoding=\"async\" width=\"1024\" height=\"681\" data-id=\"28610\" src=\"https:\/\/new.prim-hodinky.cz\/wp-content\/uploads\/2025\/02\/BrychtaJan_ZMU23_20190607_172140_DSC_0048-1-1024x681-2.webp\" alt=\"\" class=\"wp-image-28610\" srcset=\"https:\/\/prim.cz\/wp-content\/uploads\/2025\/02\/BrychtaJan_ZMU23_20190607_172140_DSC_0048-1-1024x681-2.webp 1024w, https:\/\/prim.cz\/wp-content\/uploads\/2025\/02\/BrychtaJan_ZMU23_20190607_172140_DSC_0048-1-1024x681-2-300x200.webp 300w, https:\/\/prim.cz\/wp-content\/uploads\/2025\/02\/BrychtaJan_ZMU23_20190607_172140_DSC_0048-1-1024x681-2-768x511.webp 768w\" sizes=\"auto, (max-width: 1024px) 100vw, 1024px\" \/><\/figure>\n\n\n\n<figure class=\"wp-block-image size-large\"><img loading=\"lazy\" decoding=\"async\" width=\"1024\" height=\"681\" data-id=\"28606\" src=\"https:\/\/new.prim-hodinky.cz\/wp-content\/uploads\/2025\/02\/OTRUBA-Jakub-BrychtaJan_ZMU23_20190606_182220_DSC_9240-1-1024x681-1.webp\" alt=\"\" class=\"wp-image-28606\" srcset=\"https:\/\/prim.cz\/wp-content\/uploads\/2025\/02\/OTRUBA-Jakub-BrychtaJan_ZMU23_20190606_182220_DSC_9240-1-1024x681-1.webp 1024w, https:\/\/prim.cz\/wp-content\/uploads\/2025\/02\/OTRUBA-Jakub-BrychtaJan_ZMU23_20190606_182220_DSC_9240-1-1024x681-1-300x200.webp 300w, https:\/\/prim.cz\/wp-content\/uploads\/2025\/02\/OTRUBA-Jakub-BrychtaJan_ZMU23_20190606_182220_DSC_9240-1-1024x681-1-768x511.webp 768w\" sizes=\"auto, (max-width: 1024px) 100vw, 1024px\" \/><\/figure>\n<\/figure>\n\n\n\n<h5 class=\"wp-block-heading\"><strong>\u0160v\u00fdcar Bissegger udr\u017eel veden\u00ed, v\u00edt\u011bzstv\u00ed pro van Wildera z Belgie<\/strong><\/h5>\n\n\n\n<p>9.6.2019<\/p>\n\n\n\n<p>\u0160v\u00fdcarsk\u00fd reprezentant Stefan Bissegger si i po kr\u00e1lovsk\u00e9 etap\u011b sedm\u00e9ho ro\u010dn\u00edku Z\u00e1vodu m\u00edru U23 Grand Prix Priessnitz spa udr\u017eel trikot vedouc\u00edho jezdce pr\u016fb\u011b\u017en\u00e9 klasifikace. V extr\u00e9mn\u011b t\u011b\u017ek\u00e9 kopcovit\u00e9 etap\u011b z Krnova na dvojn\u00e1sobn\u00e9 stoup\u00e1n\u00ed na Dlouh\u00e9 str\u00e1n\u011b, m\u011b\u0159\u00edc\u00ed 148,5 kilometr\u016f, slavil etapov\u00fd vav\u0159\u00edn belgick\u00fd jezdec Ilan van Wilder. Z \u010desk\u00fdch z\u00e1vodn\u00edk\u016f dojel nejl\u00e9pe na dvac\u00e1t\u00e9m m\u00edst\u011b Jakub Otruba.<\/p>\n\n\n\n<p>O jedin\u00fd del\u0161\u00ed \u00fanik dne se postarali Vojt\u011bch \u0158epa z v\u00fdb\u011bru \u010cech a Moravy spolu s Daanem Hoolem z Nizozem\u00ed. Jejich n\u00e1skok narostl a\u017e na dv\u011b minuty, ale to bylo je\u0161t\u011b daleko p\u0159ed rozhoduj\u00edc\u00edmi kilometry etapy, kter\u00e9 na jezdce \u010dekaly v podob\u011b dvou desetikilometrov\u00fdch stoup\u00e1n\u00ed na p\u0159e\u010derp\u00e1vac\u00ed n\u00e1dr\u017e na Dlouh\u00fdch str\u00e1n\u00edch.<\/p>\n\n\n\n<p>P\u0159i prvn\u00edm v\u00fdjezdu po nejdel\u0161\u00edm \u010desk\u00e9m kopci se ve vedouc\u00ed skupin\u011b udr\u017eelo pouze kolem \u010dty\u0159iceti jezdc\u016f. Bylo to p\u0159edev\u0161\u00edm ostr\u00fdm kvap\u00edkem norsk\u00fdch jezdc\u016f, kte\u0159\u00ed na \u010dele rozj\u00ed\u017ed\u011bli tempo pro sv\u00e9ho l\u00eddra Andrease Leknessunda. Ale opravdov\u00e1 selekce p\u0159i\u0161la a\u017e po p\u016fli z\u00e1v\u011bre\u010dn\u00e9ho stoup\u00e1n\u00ed. Zde se uk\u00e1zali nejsiln\u011bj\u0161\u00ed belgi\u010dt\u00ed jezdci, kte\u0159\u00ed p\u0159ede\u0161l\u00e9 kilometry jeli takticky schov\u00e1ni za \u00fato\u010d\u00edc\u00edmi soupe\u0159i.<\/p>\n\n\n\n<p>P\u0159ibli\u017en\u011b p\u011bt kilometr\u016f p\u0159ed c\u00edlem se na \u010dele vytvo\u0159ila sedmi\u010dlenn\u00e1 skupina, ale do z\u00e1v\u011bre\u010dn\u00fdch metr\u016f z\u016fstalo ji\u017e jen kvarteto z\u00e1vodn\u00edk\u016f. Prvn\u00ed v z\u00e1v\u011bre\u010dn\u00fdch metrech nesta\u010dil Nor Andreas Leknessund. N\u011bkolik des\u00edtek metr\u016f p\u0159ed c\u00edlem vypadl z boje o prvenstv\u00ed Mauri Vansevenant z Belgie. O prvenstv\u00ed tak spurtovala dvojice van Wilder a Cl\u00e9ment Champoussin z Francie. Nakonec se radoval Belgi\u010dan, kter\u00fd se t\u00edm posunul na druh\u00e9 m\u00edsto pr\u016fb\u011b\u017en\u00e9 klasifikace, kdy\u017e za vedouc\u00edm Bisseggerem zaost\u00e1v\u00e1 o 1:01, v dne\u0161n\u00ed etap\u011b skon\u010dil des\u00e1t\u00fd s odstupem 15 vte\u0159in.<\/p>\n\n\n\n<p>Nejlep\u0161\u00ed z \u010cech\u016f z\u016fstal Otruba, kter\u00fd p\u0159ed z\u00e1v\u011bre\u010dn\u00fdm d\u011bjstv\u00edm ztr\u00e1c\u00ed na 12. m\u00edst\u011b 2:12. Spolufavorit z\u00e1vodu Karel Vacek na nejlep\u0161\u00ed tentokr\u00e1t nesta\u010dil. Do c\u00edle p\u0159ijel na 34. m\u00edst\u011b se ztr\u00e1tou p\u0159es \u010dty\u0159i minuty a to znamen\u00e1, \u017ee z boje o celkov\u00e9 prvenstv\u00ed vypadl.<\/p>\n\n\n\n<p>\u201eBylo to podobn\u00e9 jako loni. Zpo\u010d\u00e1tku se kopce nejely naplno a z\u00e1v\u011br byl hodn\u011b rychl\u00fd. J\u00e1 jsem si jel svoje tempo a mysl\u00edm, \u017ee jsem dos\u00e1hl sv\u00e9ho maxima. Ve t\u0159etin\u011b z\u00e1v\u011bre\u010dn\u00e9ho stoup\u00e1n\u00ed se to za\u010dalo d\u011blit a tomu tempu jsem ji\u017e nesta\u010dil,\u201c \u0159ekl v c\u00edli Jakub Otruba.<\/p>\n\n\n\n<p><strong>V\u00fdsledky 2. etapa: Krnov \u2013 Dlouh\u00e9 str\u00e1n\u011b (148,5 km):<\/strong><br>1. van Wilder (Belg.) 4:09:55, 2. Champoussin (Fr.) stejn\u00fd \u010das, 3. Vansevenant (Belg.) +2, 4. Leknessund (Nor.) +5, 5. Prodhomme (Fr.) +15, 6. van den Berg (Niz.) +15, \u2026 20. Otruba +2:05, 34. Vacek (oba \u010cR) +4:16, 35. Tyrpekl (v\u00fdb\u011br \u010cech a Moravy) +4:20, 56. Jakoubek +13:49, 60. Petr Kelemen +15:13, 74. Ka\u0161par (v\u0161ichni \u010cR), 80. Proch\u00e1zka, 84. \u0158epa, 85. Dole\u017eal (v\u0161ichni v\u00fdb\u011br \u010cech a Moravy), 87. Sedl\u00e1\u010dek (\u010cR) v\u0161ichni +18:47, 95. Rotter +20:19, Honsa (oba v\u00fdb\u011br \u010cech a Moravy) nedokon\u010dil.<\/p>\n\n\n\n<p><strong>Po\u0159ad\u00ed po druh\u00e9 etap\u011b:<\/strong><br>1. Bissegger (\u0160v\u00fdc.) 7:22:24, 2. van Wilder +1:01, 3. Champoussin +1:05, 4. Leknessund +1:13, 5. Vansevenant +1:16, 6. van den Berg +1:27, \u202612. Otruba +2:12, 33. Vacek +5:35, 34. Tyrpekl +5:38, 56. Jakoubek +15:08, 61. Petr Kelemen +16:2, 81. \u0158epa +20:05, 83. Proch\u00e1zka +20:07, 84. Ka\u0161par +20:09, 87. Sedl\u00e1\u010dek +20:23, 88. Dole\u017eel +20:25, 93. Rotter +21:44.<\/p>\n\n\n\n<figure class=\"wp-block-gallery has-nested-images columns-default is-cropped wp-block-gallery-3 is-layout-flex wp-block-gallery-is-layout-flex\">\n<figure class=\"wp-block-image size-large\"><img loading=\"lazy\" decoding=\"async\" width=\"1024\" height=\"681\" data-id=\"28612\" src=\"https:\/\/new.prim-hodinky.cz\/wp-content\/uploads\/2025\/02\/BrychtaJan_ZMU23_20190608_160611_DSC_0759-2-1024x681-1.webp\" alt=\"\" class=\"wp-image-28612\" srcset=\"https:\/\/prim.cz\/wp-content\/uploads\/2025\/02\/BrychtaJan_ZMU23_20190608_160611_DSC_0759-2-1024x681-1.webp 1024w, https:\/\/prim.cz\/wp-content\/uploads\/2025\/02\/BrychtaJan_ZMU23_20190608_160611_DSC_0759-2-1024x681-1-300x200.webp 300w, https:\/\/prim.cz\/wp-content\/uploads\/2025\/02\/BrychtaJan_ZMU23_20190608_160611_DSC_0759-2-1024x681-1-768x511.webp 768w\" sizes=\"auto, (max-width: 1024px) 100vw, 1024px\" \/><\/figure>\n\n\n\n<figure class=\"wp-block-image size-full\"><img loading=\"lazy\" decoding=\"async\" width=\"1024\" height=\"681\" data-id=\"28613\" src=\"https:\/\/new.prim-hodinky.cz\/wp-content\/uploads\/2025\/02\/FOSS-Tobias-BrychtaJan_ZMU23_20190608_155031_DSC_0672-2-1024x681-1.webp\" alt=\"\" class=\"wp-image-28613\" srcset=\"https:\/\/prim.cz\/wp-content\/uploads\/2025\/02\/FOSS-Tobias-BrychtaJan_ZMU23_20190608_155031_DSC_0672-2-1024x681-1.webp 1024w, https:\/\/prim.cz\/wp-content\/uploads\/2025\/02\/FOSS-Tobias-BrychtaJan_ZMU23_20190608_155031_DSC_0672-2-1024x681-1-300x200.webp 300w, https:\/\/prim.cz\/wp-content\/uploads\/2025\/02\/FOSS-Tobias-BrychtaJan_ZMU23_20190608_155031_DSC_0672-2-1024x681-1-768x511.webp 768w\" sizes=\"auto, (max-width: 1024px) 100vw, 1024px\" \/><\/figure>\n\n\n\n<figure class=\"wp-block-image size-large\"><img loading=\"lazy\" decoding=\"async\" width=\"1024\" height=\"681\" data-id=\"28614\" src=\"https:\/\/new.prim-hodinky.cz\/wp-content\/uploads\/2025\/02\/BrychtaJan_ZMU23_20190608_145541_DSC_0546-2-1024x681-2.webp\" alt=\"\" class=\"wp-image-28614\" srcset=\"https:\/\/prim.cz\/wp-content\/uploads\/2025\/02\/BrychtaJan_ZMU23_20190608_145541_DSC_0546-2-1024x681-2.webp 1024w, https:\/\/prim.cz\/wp-content\/uploads\/2025\/02\/BrychtaJan_ZMU23_20190608_145541_DSC_0546-2-1024x681-2-300x200.webp 300w, https:\/\/prim.cz\/wp-content\/uploads\/2025\/02\/BrychtaJan_ZMU23_20190608_145541_DSC_0546-2-1024x681-2-768x511.webp 768w\" sizes=\"auto, (max-width: 1024px) 100vw, 1024px\" \/><\/figure>\n\n\n\n<figure class=\"wp-block-image size-large\"><img loading=\"lazy\" decoding=\"async\" width=\"1024\" height=\"681\" data-id=\"28615\" src=\"https:\/\/new.prim-hodinky.cz\/wp-content\/uploads\/2025\/02\/BISSEGGER-Stefan-BrychtaJan_ZMU23_20190608_164103_DSC_0915-2-1024x681-1.webp\" alt=\"\" class=\"wp-image-28615\" srcset=\"https:\/\/prim.cz\/wp-content\/uploads\/2025\/02\/BISSEGGER-Stefan-BrychtaJan_ZMU23_20190608_164103_DSC_0915-2-1024x681-1.webp 1024w, https:\/\/prim.cz\/wp-content\/uploads\/2025\/02\/BISSEGGER-Stefan-BrychtaJan_ZMU23_20190608_164103_DSC_0915-2-1024x681-1-300x200.webp 300w, https:\/\/prim.cz\/wp-content\/uploads\/2025\/02\/BISSEGGER-Stefan-BrychtaJan_ZMU23_20190608_164103_DSC_0915-2-1024x681-1-768x511.webp 768w\" sizes=\"auto, (max-width: 1024px) 100vw, 1024px\" \/><\/figure>\n\n\n\n<figure class=\"wp-block-image size-large\"><img loading=\"lazy\" decoding=\"async\" width=\"1024\" height=\"684\" data-id=\"28617\" src=\"https:\/\/new.prim-hodinky.cz\/wp-content\/uploads\/2025\/02\/BrychtaJan_ZMU23_20190608_115451_DSC_8861-2-1024x684-1.webp\" alt=\"\" class=\"wp-image-28617\" srcset=\"https:\/\/prim.cz\/wp-content\/uploads\/2025\/02\/BrychtaJan_ZMU23_20190608_115451_DSC_8861-2-1024x684-1.webp 1024w, https:\/\/prim.cz\/wp-content\/uploads\/2025\/02\/BrychtaJan_ZMU23_20190608_115451_DSC_8861-2-1024x684-1-300x200.webp 300w, https:\/\/prim.cz\/wp-content\/uploads\/2025\/02\/BrychtaJan_ZMU23_20190608_115451_DSC_8861-2-1024x684-1-768x513.webp 768w\" sizes=\"auto, (max-width: 1024px) 100vw, 1024px\" \/><\/figure>\n\n\n\n<figure class=\"wp-block-image size-large\"><img loading=\"lazy\" decoding=\"async\" width=\"1024\" height=\"681\" data-id=\"28616\" src=\"https:\/\/new.prim-hodinky.cz\/wp-content\/uploads\/2025\/02\/BrychtaJan_ZMU23_20190608_164602_DSC_0965-2-1024x681-2.webp\" alt=\"\" class=\"wp-image-28616\" srcset=\"https:\/\/prim.cz\/wp-content\/uploads\/2025\/02\/BrychtaJan_ZMU23_20190608_164602_DSC_0965-2-1024x681-2.webp 1024w, https:\/\/prim.cz\/wp-content\/uploads\/2025\/02\/BrychtaJan_ZMU23_20190608_164602_DSC_0965-2-1024x681-2-300x200.webp 300w, https:\/\/prim.cz\/wp-content\/uploads\/2025\/02\/BrychtaJan_ZMU23_20190608_164602_DSC_0965-2-1024x681-2-768x511.webp 768w\" sizes=\"auto, (max-width: 1024px) 100vw, 1024px\" \/><\/figure>\n<\/figure>\n\n\n\n<h5 class=\"wp-block-heading\"><strong>Nor Andreas Leknessund vyhr\u00e1l Z\u00e1vod m\u00edru U23<\/strong><\/h5>\n\n\n\n<p>9.6.2019<\/p>\n\n\n\n<p>V\u00edt\u011bzem sedm\u00e9ho ro\u010dn\u00edku Z\u00e1vodu m\u00edru U23 Grand Prix Priessnitz spa, kter\u00fd je za\u0159azen do seri\u00e1lu UCI Under 23 Nations\u2018 Cup, tedy sv\u011btov\u00e9 nejvy\u0161\u0161\u00ed sout\u011b\u017ee z\u00e1vodn\u00edk\u016f do 23 let, se stal Nor Andreas Leknessund a stal se z\u00e1stupcem sedm\u00e9 zem\u011b, kter\u00e1 dok\u00e1zala tento presti\u017en\u00ed podnik ovl\u00e1dnout. Do \u017elut\u00e9ho trikotu partner\u016f Moravskoslezsk\u00e9ho kraje a Olomouck\u00e9ho kraje jej vyneslo v\u00edt\u011bzstv\u00ed po s\u00f3lov\u00e9m \u00faniku v dne\u0161n\u00ed z\u00e1v\u011bre\u010dn\u00e9 t\u0159et\u00ed etap\u011b. Velice n\u00e1ro\u010dn\u00e9 etap\u011b, kter\u00e1 m\u011bla start i c\u00edl v Jesen\u00edku, m\u011b\u0159ila 171,5 kilometr\u016f a bylo na ni sedm vrcha\u0159sk\u00fdch pr\u00e9mi\u00ed. \u010cest \u010desk\u00fdch barev zachr\u00e1nil Jakub Otruba, kter\u00fd si dnes sice o jednu p\u0159\u00ed\u010dku pohor\u0161il, ale t\u0159in\u00e1ct\u00e9 m\u00edsto znamen\u00e1 body do Nations\u2018 Cup a uh\u00e1jil t\u00edm i trikot Nadace \u010cEZ pro nejlep\u0161\u00edho dom\u00e1c\u00edho jezdce. Dnes z \u010desk\u00fdch jezdc\u016f skon\u010dil nejl\u00e9pe Karel Vacek na 13. m\u00edst\u011b.<\/p>\n\n\n\n<p>Ve \u017elut\u00e9m trikotu jedouc\u00ed \u0160v\u00fdcar Stefan Bissegger si hl\u00eddal \u010delo pelotonu a byl i s\u00e1m velmi aktivn\u00ed, co\u017e potvrdil v\u00fdhrou na prvn\u00ed rychlostn\u00ed pr\u00e9mii ve Vidnav\u011b, kde za n\u00edm byl druh\u00fd Petr Kelemen z \u010desk\u00e9 reprezentace. Ale nakonec v z\u00e1v\u011bru podlehl norsk\u00e9mu \u00fatoku.<\/p>\n\n\n\n<p>Z\u00e1vodn\u00edci jeli dnes hodn\u011b rychle, v \u00favodu se rychlostn\u00ed pr\u016fm\u011br pohyboval kolem 50 km\/h, p\u0159esto se neust\u00e1le jednotlivci \u010di mal\u00e9 skupiny pokou\u0161eli o \u00faniky. Po \u0161edes\u00e1ti kilometrech unikla sedmi\u010dka jezdc\u016f a rychle si vypracovala n\u00e1skok t\u00e9m\u011b\u0159 dv\u011b minuty, ale stejn\u011b rychle o n\u011bj p\u0159i\u0161la d\u00edky aktivit\u011b norsk\u00e9ho t\u00fdmu v \u00favodu prvn\u00edho stoup\u00e1n\u00ed na Rejv\u00edz, tedy sto kilometr\u016f p\u0159ed c\u00edlem. Pr\u00e9mii vyhr\u00e1l Nor Martin Bugge Urianstad, stejn\u011b si vedl na P\u0159\u00ed\u010dn\u00e9m vrchu a pojistil si t\u00edm zelen\u00fd tikot Satum nejlep\u0161\u00edho vrcha\u0159e z\u00e1vodu.<\/p>\n\n\n\n<p>To bylo vep\u0159edu kolem 40 jezdc\u016f a situaci kontrolovali hlavn\u011b nor\u0161t\u00ed jezdci. Ti ud\u00e1vali ostr\u00e9 tempo a postupn\u011b t\u00edm ze\u0161t\u00edhlovali vedouc\u00ed skupinu. Ve stoup\u00e1n\u00ed na Hv\u011bzdu, kde druh\u00fd na pr\u00e9mii skon\u010dil \u010cech Karel Vacek, ji\u017e bylo vep\u0159edu jen \u010dty\u0159iadvacet z\u00e1vodn\u00edk\u016f. Ve stoup\u00e1n\u00ed na z\u00e1v\u011bre\u010dnou horskou pr\u00e9mii na Vidly se pustil do \u00faniku Leknessund a nakonec se to uk\u00e1zalo jako rozhoduj\u00edc\u00ed moment cel\u00e9ho z\u00e1vodu.<\/p>\n\n\n\n<p>Hlavn\u011b ve sjezdu si z\u00edskal rozhoduj\u00edc\u00ed n\u00e1skok p\u0159es minutu a p\u016fl. To vyc\u00edtil nebezpe\u010d\u00ed dosud vedouc\u00ed \u0160v\u00fdcar Stefan Bissiger, vydal se Leknessunda st\u00edhat, ale jeho \u00fasil\u00ed bylo marn\u00e9. V c\u00edli za n\u00edm zaostal o minutu a p\u016fl a to znamenalo p\u00e1d v po\u0159ad\u00ed na druh\u00e9 m\u00edsto. Skv\u011bl\u00fd z\u00e1v\u011br p\u0159i stoup\u00e1n\u00ed k hotelu Priessnitz vyneslo druh\u00e9 m\u00edsto v etap\u011b francouzsk\u00e9mu jezdci Cl\u00e9mentu Champoussinovi \u010d\u00edm\u017e p\u0159edstihl Ilana van Wilder z Belgie na t\u0159et\u00edm m\u00edst\u011b kone\u010dn\u00e9ho po\u0159ad\u00ed.<\/p>\n\n\n\n<p>\u201eByl to dnes stra\u0161n\u011b t\u011b\u017ek\u00fd den, nejt\u011b\u017e\u0161\u00ed z cel\u00e9ho z\u00e1vodu. Foukalo, tak\u017ee se jely \u201eterez\u00edny\u201c a pak ty tvrd\u00e9 kopce. Tam to rozjeli hodn\u011b rychle Norov\u00e9 a v\u0161e roztrhali. J\u00e1 jsem se sv\u00fdm vystoupen\u00edm spokojen, ale mysl\u00edm, \u017ee dnes jsem zaplatil trochu za ten p\u00e1te\u010dn\u00ed \u00fanik,\u201c \u0159ekl nejlep\u0161\u00ed z \u010desk\u00fdch jezdc\u016f Jakub Otruba.<\/p>\n\n\n\n<p>\u201eJ\u00e1 jsem spokojen. S t\u00edm, s \u010d\u00edm\u017e jsme p\u0159ijeli, tak to bylo dobr\u00e9, kluci jeli hezky, sna\u017eili se a byli vid\u011bt v \u00fanic\u00edch. Kuba Otruba dnes op\u011bt podal kr\u00e1sn\u00fd v\u00fdkon, bojoval. Vackovi to v\u010dera nevy\u0161lo, ale dnes uk\u00e1zal, \u017ee je velmi dobr\u00fd z\u00e1vodn\u00edk. Z\u00e1vod m\u00edru pojede je\u0161t\u011b t\u0159ikr\u00e1t, tak\u017ee prostor se uk\u00e1zat bude m\u00edt je\u0161t\u011b dost,\u201c \u0159ekl reprezenta\u010dn\u00ed tren\u00e9r Tom\u00e1\u0161 Kone\u010dn\u00fd.<\/p>\n\n\n\n<p><strong>V\u00fdsledky 3. etapa: Jesen\u00edk \u2013 Jesen\u00edk (171,5 km):<\/strong><br>1. Leknessund (Nor.) 4:14:21, 2. Champoussin (Fr.) +1:23, 3. Bissegger (\u0160v\u00fdc.), 4. van Wilder, 5. Moniquet (oba Belg.), 6. Riz de Gauna (\u0160p.) v\u0161ichni +1:32, \u2026 13. Vacek +1:44, 20. Otruba (oba \u010cR) +2:06, 31. Tyrpekl +6:42, 54. \u0158epa +17:17, 56. Rotter (v\u0161ichni v\u00fdb\u011br \u010cech a Moravy) +17:18, 61. Ka\u0161par, 65. Sedl\u00e1\u010dek oba +17:20, 78. Jakoubek +17:22, 86. Petr Kelemen (v\u0161ichni \u010cR), 87. Dole\u017eal, 88. Proch\u00e1zka (oba v\u00fdb\u011br \u010cech a Moravy) v\u0161ichni +17:43.<\/p>\n\n\n\n<p><strong>Kone\u010dn\u00e9 po\u0159ad\u00ed:<\/strong><br>1. Leknessund 11:37:44, 2. Bissegger +26, 3. Champoussin +1:23, 4. van Wilder +1:34, 5. Vansevenant (Belg.) +1:49, 6. Moniquet +2:13, \u202613. Otruba +3:19, 22. Vacek +6:20, 30. Tyrpekl +11:21, 57. Jakoubek +31:26, 62. Petr Kelemen +33:09, 76. \u0158epa +36:23, 77. Ka\u0161par +36:27, 80. Sedl\u00e1\u010dek +36:41, 81. Proch\u00e1zka +36:51, 82. Dole\u017eal +37:09, 85. Rotter +38:02. <\/p>\n\n\n\n<figure class=\"wp-block-gallery has-nested-images columns-default is-cropped wp-block-gallery-4 is-layout-flex wp-block-gallery-is-layout-flex\">\n<figure class=\"wp-block-image size-large\"><img loading=\"lazy\" decoding=\"async\" width=\"1024\" height=\"681\" data-id=\"28618\" src=\"https:\/\/new.prim-hodinky.cz\/wp-content\/uploads\/2025\/02\/BrychtaJan_ZMU23_20190609_151952_DSC_1685-2-1024x681-2.webp\" alt=\"\" class=\"wp-image-28618\" srcset=\"https:\/\/prim.cz\/wp-content\/uploads\/2025\/02\/BrychtaJan_ZMU23_20190609_151952_DSC_1685-2-1024x681-2.webp 1024w, https:\/\/prim.cz\/wp-content\/uploads\/2025\/02\/BrychtaJan_ZMU23_20190609_151952_DSC_1685-2-1024x681-2-300x200.webp 300w, https:\/\/prim.cz\/wp-content\/uploads\/2025\/02\/BrychtaJan_ZMU23_20190609_151952_DSC_1685-2-1024x681-2-768x511.webp 768w\" sizes=\"auto, (max-width: 1024px) 100vw, 1024px\" \/><\/figure>\n\n\n\n<figure class=\"wp-block-image size-large\"><img loading=\"lazy\" decoding=\"async\" width=\"1024\" height=\"681\" data-id=\"28619\" src=\"https:\/\/new.prim-hodinky.cz\/wp-content\/uploads\/2025\/02\/BrychtaJan_ZMU23_20190609_155550_DSC_1944-2-1024x681-1.webp\" alt=\"\" class=\"wp-image-28619\" srcset=\"https:\/\/prim.cz\/wp-content\/uploads\/2025\/02\/BrychtaJan_ZMU23_20190609_155550_DSC_1944-2-1024x681-1.webp 1024w, https:\/\/prim.cz\/wp-content\/uploads\/2025\/02\/BrychtaJan_ZMU23_20190609_155550_DSC_1944-2-1024x681-1-300x200.webp 300w, https:\/\/prim.cz\/wp-content\/uploads\/2025\/02\/BrychtaJan_ZMU23_20190609_155550_DSC_1944-2-1024x681-1-768x511.webp 768w\" sizes=\"auto, (max-width: 1024px) 100vw, 1024px\" \/><\/figure>\n\n\n\n<figure class=\"wp-block-image size-large\"><img loading=\"lazy\" decoding=\"async\" width=\"1024\" height=\"681\" data-id=\"28620\" src=\"https:\/\/new.prim-hodinky.cz\/wp-content\/uploads\/2025\/02\/BrychtaJan_ZMU23_20190609_111229_DSC_1067-2-1024x681-1.webp\" alt=\"\" class=\"wp-image-28620\" srcset=\"https:\/\/prim.cz\/wp-content\/uploads\/2025\/02\/BrychtaJan_ZMU23_20190609_111229_DSC_1067-2-1024x681-1.webp 1024w, https:\/\/prim.cz\/wp-content\/uploads\/2025\/02\/BrychtaJan_ZMU23_20190609_111229_DSC_1067-2-1024x681-1-300x200.webp 300w, https:\/\/prim.cz\/wp-content\/uploads\/2025\/02\/BrychtaJan_ZMU23_20190609_111229_DSC_1067-2-1024x681-1-768x511.webp 768w\" sizes=\"auto, (max-width: 1024px) 100vw, 1024px\" \/><\/figure>\n\n\n\n<figure class=\"wp-block-image size-large\"><img loading=\"lazy\" decoding=\"async\" width=\"1024\" height=\"684\" data-id=\"28622\" src=\"https:\/\/new.prim-hodinky.cz\/wp-content\/uploads\/2025\/02\/BrychtaJan_ZMU23_20190609_141012_DSC_9187-2-1024x684-1.webp\" alt=\"\" class=\"wp-image-28622\" srcset=\"https:\/\/prim.cz\/wp-content\/uploads\/2025\/02\/BrychtaJan_ZMU23_20190609_141012_DSC_9187-2-1024x684-1.webp 1024w, https:\/\/prim.cz\/wp-content\/uploads\/2025\/02\/BrychtaJan_ZMU23_20190609_141012_DSC_9187-2-1024x684-1-300x200.webp 300w, https:\/\/prim.cz\/wp-content\/uploads\/2025\/02\/BrychtaJan_ZMU23_20190609_141012_DSC_9187-2-1024x684-1-768x513.webp 768w\" sizes=\"auto, (max-width: 1024px) 100vw, 1024px\" \/><\/figure>\n\n\n\n<figure class=\"wp-block-image size-full\"><img loading=\"lazy\" decoding=\"async\" width=\"1024\" height=\"684\" data-id=\"28621\" src=\"https:\/\/new.prim-hodinky.cz\/wp-content\/uploads\/2025\/02\/BrychtaJan_ZMU23_20190609_105808_DSC_9078-2-1024x684-1.webp\" alt=\"\" class=\"wp-image-28621\" srcset=\"https:\/\/prim.cz\/wp-content\/uploads\/2025\/02\/BrychtaJan_ZMU23_20190609_105808_DSC_9078-2-1024x684-1.webp 1024w, https:\/\/prim.cz\/wp-content\/uploads\/2025\/02\/BrychtaJan_ZMU23_20190609_105808_DSC_9078-2-1024x684-1-300x200.webp 300w, https:\/\/prim.cz\/wp-content\/uploads\/2025\/02\/BrychtaJan_ZMU23_20190609_105808_DSC_9078-2-1024x684-1-768x513.webp 768w\" sizes=\"auto, (max-width: 1024px) 100vw, 1024px\" \/><\/figure>\n\n\n\n<figure class=\"wp-block-image size-large\"><img loading=\"lazy\" decoding=\"async\" width=\"1024\" height=\"576\" data-id=\"28623\" src=\"https:\/\/new.prim-hodinky.cz\/wp-content\/uploads\/2025\/02\/BrychtaJan_ZMU23_20190609_160321_DSC_9346-2-1024x576-1.webp\" alt=\"\" class=\"wp-image-28623\" srcset=\"https:\/\/prim.cz\/wp-content\/uploads\/2025\/02\/BrychtaJan_ZMU23_20190609_160321_DSC_9346-2-1024x576-1.webp 1024w, https:\/\/prim.cz\/wp-content\/uploads\/2025\/02\/BrychtaJan_ZMU23_20190609_160321_DSC_9346-2-1024x576-1-300x169.webp 300w, https:\/\/prim.cz\/wp-content\/uploads\/2025\/02\/BrychtaJan_ZMU23_20190609_160321_DSC_9346-2-1024x576-1-768x432.webp 768w\" sizes=\"auto, (max-width: 1024px) 100vw, 1024px\" \/><\/figure>\n<\/figure>\n","protected":false},"featured_media":0,"template":"","meta":{"_acf_changed":false,"_link_to_original":""},"class_list":["post-28586","aktualita","type-aktualita","status-publish","hentry"],"acf":[],"yoast_head":"<!-- This site is optimized with the Yoast SEO plugin v26.9 - https:\/\/yoast.com\/product\/yoast-seo-wordpress\/ -->\n<title>Z\u00e1vod m\u00edru U23 Grand Prix Priessnitz spa 2019 - PRIM - origin\u00e1ln\u00ed \u010desk\u00e9 p\u00e1nsk\u00e9, d\u00e1msk\u00e9, d\u011btsk\u00e9 hodinky a hodiny<\/title>\n<meta name=\"robots\" content=\"index, follow, max-snippet:-1, max-image-preview:large, max-video-preview:-1\" \/>\n<link rel=\"canonical\" href=\"https:\/\/prim.cz\/aktualita\/zavod-miru-u23-grand-prix-priessnitz-spa-2019\/\" \/>\n<meta property=\"og:locale\" content=\"sk_SK\" \/>\n<meta property=\"og:type\" content=\"article\" \/>\n<meta property=\"og:title\" content=\"Z\u00e1vod m\u00edru U23 Grand Prix Priessnitz spa 2019 - PRIM - origin\u00e1ln\u00ed \u010desk\u00e9 p\u00e1nsk\u00e9, d\u00e1msk\u00e9, d\u011btsk\u00e9 hodinky a hodiny\" \/>\n<meta property=\"og:description\" content=\"Jsme hrd\u00fdm partnerem a od roku 2010 PRIM podporuje cyklistick\u00e9 z\u00e1vody \u2013&nbsp;Z\u00e1vod m\u00edru U23 Grand Prix Priessnitz spa \/ Course de la Paix U23. Z\u00e1vod m\u00edru byl nejv\u011bt\u0161\u00ed amat\u00e9rsk\u00fd cyklistick\u00fd z\u00e1vod po 2. sv\u011btov\u00e9 v\u00e1lce ve V\u00fdchodn\u00ed Evrop\u011b. Z\u00e1vod m\u00edru U23 na tuto slavnou historii navazuje a od roku 2015 je zapsan\u00fd v kategorii UCI [&hellip;]\" \/>\n<meta property=\"og:url\" content=\"https:\/\/prim.cz\/aktualita\/zavod-miru-u23-grand-prix-priessnitz-spa-2019\/\" \/>\n<meta property=\"og:site_name\" content=\"PRIM - origin\u00e1ln\u00ed \u010desk\u00e9 p\u00e1nsk\u00e9, d\u00e1msk\u00e9, d\u011btsk\u00e9 hodinky a hodiny\" \/>\n<meta property=\"article:modified_time\" content=\"2025-12-18T13:07:49+00:00\" \/>\n<meta property=\"og:image\" content=\"https:\/\/prim.cz\/wp-content\/uploads\/2025\/02\/BrychtaJan_ZMU23_20190609_152125_DSC_1727-1024x682-1.jpg\" \/>\n\t<meta property=\"og:image:width\" content=\"1024\" \/>\n\t<meta property=\"og:image:height\" content=\"682\" \/>\n\t<meta property=\"og:image:type\" content=\"image\/jpeg\" \/>\n<meta name=\"twitter:card\" content=\"summary_large_image\" \/>\n<script type=\"application\/ld+json\" class=\"yoast-schema-graph\">{\"@context\":\"https:\/\/schema.org\",\"@graph\":[{\"@type\":\"WebPage\",\"@id\":\"https:\/\/prim.cz\/aktualita\/zavod-miru-u23-grand-prix-priessnitz-spa-2019\/\",\"url\":\"https:\/\/prim.cz\/aktualita\/zavod-miru-u23-grand-prix-priessnitz-spa-2019\/\",\"name\":\"Z\u00e1vod m\u00edru U23 Grand Prix Priessnitz spa 2019 - PRIM - origin\u00e1ln\u00ed \u010desk\u00e9 p\u00e1nsk\u00e9, d\u00e1msk\u00e9, d\u011btsk\u00e9 hodinky a hodiny\",\"isPartOf\":{\"@id\":\"https:\/\/prim.cz\/en\/#website\"},\"primaryImageOfPage\":{\"@id\":\"https:\/\/prim.cz\/aktualita\/zavod-miru-u23-grand-prix-priessnitz-spa-2019\/#primaryimage\"},\"image\":{\"@id\":\"https:\/\/prim.cz\/aktualita\/zavod-miru-u23-grand-prix-priessnitz-spa-2019\/#primaryimage\"},\"thumbnailUrl\":\"https:\/\/new.prim-hodinky.cz\/wp-content\/uploads\/2025\/02\/BrychtaJan_ZMU23_20190609_152125_DSC_1727-1024x682-1.jpg\",\"datePublished\":\"2019-06-10T09:04:00+00:00\",\"dateModified\":\"2025-12-18T13:07:49+00:00\",\"breadcrumb\":{\"@id\":\"https:\/\/prim.cz\/aktualita\/zavod-miru-u23-grand-prix-priessnitz-spa-2019\/#breadcrumb\"},\"inLanguage\":\"sk-SK\",\"potentialAction\":[{\"@type\":\"ReadAction\",\"target\":[\"https:\/\/prim.cz\/aktualita\/zavod-miru-u23-grand-prix-priessnitz-spa-2019\/\"]}]},{\"@type\":\"ImageObject\",\"inLanguage\":\"sk-SK\",\"@id\":\"https:\/\/prim.cz\/aktualita\/zavod-miru-u23-grand-prix-priessnitz-spa-2019\/#primaryimage\",\"url\":\"https:\/\/new.prim-hodinky.cz\/wp-content\/uploads\/2025\/02\/BrychtaJan_ZMU23_20190609_152125_DSC_1727-1024x682-1.jpg\",\"contentUrl\":\"https:\/\/new.prim-hodinky.cz\/wp-content\/uploads\/2025\/02\/BrychtaJan_ZMU23_20190609_152125_DSC_1727-1024x682-1.jpg\"},{\"@type\":\"BreadcrumbList\",\"@id\":\"https:\/\/prim.cz\/aktualita\/zavod-miru-u23-grand-prix-priessnitz-spa-2019\/#breadcrumb\",\"itemListElement\":[{\"@type\":\"ListItem\",\"position\":1,\"name\":\"Dom\u016f\",\"item\":\"https:\/\/prim.cz\/sk\/\"},{\"@type\":\"ListItem\",\"position\":2,\"name\":\"Z\u00e1vod m\u00edru U23 Grand Prix Priessnitz spa 2019\"}]},{\"@type\":\"WebSite\",\"@id\":\"https:\/\/prim.cz\/en\/#website\",\"url\":\"https:\/\/prim.cz\/en\/\",\"name\":\"PRIM - origin\u00e1ln\u00ed \u010desk\u00e9 p\u00e1nsk\u00e9, d\u00e1msk\u00e9, d\u011btsk\u00e9 hodinky a hodiny\",\"description\":\"Nakupujte p\u0159\u00edmo u v\u00fdrobce! Origin\u00e1ln\u00ed eshop s kompletn\u00edm sortimentem \u010desk\u00fdch hodinek PRIM.\",\"alternateName\":\"prim.cz\",\"potentialAction\":[{\"@type\":\"SearchAction\",\"target\":{\"@type\":\"EntryPoint\",\"urlTemplate\":\"https:\/\/prim.cz\/en\/?s={search_term_string}\"},\"query-input\":{\"@type\":\"PropertyValueSpecification\",\"valueRequired\":true,\"valueName\":\"search_term_string\"}}],\"inLanguage\":\"sk-SK\"}]}<\/script>\n<!-- \/ Yoast SEO plugin. -->","yoast_head_json":{"title":"Z\u00e1vod m\u00edru U23 Grand Prix Priessnitz spa 2019 - PRIM - origin\u00e1ln\u00ed \u010desk\u00e9 p\u00e1nsk\u00e9, d\u00e1msk\u00e9, d\u011btsk\u00e9 hodinky a hodiny","robots":{"index":"index","follow":"follow","max-snippet":"max-snippet:-1","max-image-preview":"max-image-preview:large","max-video-preview":"max-video-preview:-1"},"canonical":"https:\/\/prim.cz\/aktualita\/zavod-miru-u23-grand-prix-priessnitz-spa-2019\/","og_locale":"sk_SK","og_type":"article","og_title":"Z\u00e1vod m\u00edru U23 Grand Prix Priessnitz spa 2019 - PRIM - origin\u00e1ln\u00ed \u010desk\u00e9 p\u00e1nsk\u00e9, d\u00e1msk\u00e9, d\u011btsk\u00e9 hodinky a hodiny","og_description":"Jsme hrd\u00fdm partnerem a od roku 2010 PRIM podporuje cyklistick\u00e9 z\u00e1vody \u2013&nbsp;Z\u00e1vod m\u00edru U23 Grand Prix Priessnitz spa \/ Course de la Paix U23. Z\u00e1vod m\u00edru byl nejv\u011bt\u0161\u00ed amat\u00e9rsk\u00fd cyklistick\u00fd z\u00e1vod po 2. sv\u011btov\u00e9 v\u00e1lce ve V\u00fdchodn\u00ed Evrop\u011b. Z\u00e1vod m\u00edru U23 na tuto slavnou historii navazuje a od roku 2015 je zapsan\u00fd v kategorii UCI [&hellip;]","og_url":"https:\/\/prim.cz\/aktualita\/zavod-miru-u23-grand-prix-priessnitz-spa-2019\/","og_site_name":"PRIM - origin\u00e1ln\u00ed \u010desk\u00e9 p\u00e1nsk\u00e9, d\u00e1msk\u00e9, d\u011btsk\u00e9 hodinky a hodiny","article_modified_time":"2025-12-18T13:07:49+00:00","og_image":[{"width":1024,"height":682,"url":"https:\/\/prim.cz\/wp-content\/uploads\/2025\/02\/BrychtaJan_ZMU23_20190609_152125_DSC_1727-1024x682-1.jpg","type":"image\/jpeg"}],"twitter_card":"summary_large_image","schema":{"@context":"https:\/\/schema.org","@graph":[{"@type":"WebPage","@id":"https:\/\/prim.cz\/aktualita\/zavod-miru-u23-grand-prix-priessnitz-spa-2019\/","url":"https:\/\/prim.cz\/aktualita\/zavod-miru-u23-grand-prix-priessnitz-spa-2019\/","name":"Z\u00e1vod m\u00edru U23 Grand Prix Priessnitz spa 2019 - PRIM - origin\u00e1ln\u00ed \u010desk\u00e9 p\u00e1nsk\u00e9, d\u00e1msk\u00e9, d\u011btsk\u00e9 hodinky a hodiny","isPartOf":{"@id":"https:\/\/prim.cz\/en\/#website"},"primaryImageOfPage":{"@id":"https:\/\/prim.cz\/aktualita\/zavod-miru-u23-grand-prix-priessnitz-spa-2019\/#primaryimage"},"image":{"@id":"https:\/\/prim.cz\/aktualita\/zavod-miru-u23-grand-prix-priessnitz-spa-2019\/#primaryimage"},"thumbnailUrl":"https:\/\/new.prim-hodinky.cz\/wp-content\/uploads\/2025\/02\/BrychtaJan_ZMU23_20190609_152125_DSC_1727-1024x682-1.jpg","datePublished":"2019-06-10T09:04:00+00:00","dateModified":"2025-12-18T13:07:49+00:00","breadcrumb":{"@id":"https:\/\/prim.cz\/aktualita\/zavod-miru-u23-grand-prix-priessnitz-spa-2019\/#breadcrumb"},"inLanguage":"sk-SK","potentialAction":[{"@type":"ReadAction","target":["https:\/\/prim.cz\/aktualita\/zavod-miru-u23-grand-prix-priessnitz-spa-2019\/"]}]},{"@type":"ImageObject","inLanguage":"sk-SK","@id":"https:\/\/prim.cz\/aktualita\/zavod-miru-u23-grand-prix-priessnitz-spa-2019\/#primaryimage","url":"https:\/\/new.prim-hodinky.cz\/wp-content\/uploads\/2025\/02\/BrychtaJan_ZMU23_20190609_152125_DSC_1727-1024x682-1.jpg","contentUrl":"https:\/\/new.prim-hodinky.cz\/wp-content\/uploads\/2025\/02\/BrychtaJan_ZMU23_20190609_152125_DSC_1727-1024x682-1.jpg"},{"@type":"BreadcrumbList","@id":"https:\/\/prim.cz\/aktualita\/zavod-miru-u23-grand-prix-priessnitz-spa-2019\/#breadcrumb","itemListElement":[{"@type":"ListItem","position":1,"name":"Dom\u016f","item":"https:\/\/prim.cz\/sk\/"},{"@type":"ListItem","position":2,"name":"Z\u00e1vod m\u00edru U23 Grand Prix Priessnitz spa 2019"}]},{"@type":"WebSite","@id":"https:\/\/prim.cz\/en\/#website","url":"https:\/\/prim.cz\/en\/","name":"PRIM - origin\u00e1ln\u00ed \u010desk\u00e9 p\u00e1nsk\u00e9, d\u00e1msk\u00e9, d\u011btsk\u00e9 hodinky a hodiny","description":"Nakupujte p\u0159\u00edmo u v\u00fdrobce! Origin\u00e1ln\u00ed eshop s kompletn\u00edm sortimentem \u010desk\u00fdch hodinek PRIM.","alternateName":"prim.cz","potentialAction":[{"@type":"SearchAction","target":{"@type":"EntryPoint","urlTemplate":"https:\/\/prim.cz\/en\/?s={search_term_string}"},"query-input":{"@type":"PropertyValueSpecification","valueRequired":true,"valueName":"search_term_string"}}],"inLanguage":"sk-SK"}]}},"wpml_current_locale":"cs_CZ","wpml_translations":{"cs_CZ":{"locale":"cs_CZ","translation":"current"},"sk_SK":{"locale":"sk_SK","translation":false},"pl_PL":{"locale":"pl_PL","translation":false},"en_US":{"locale":"en_US","translation":false}},"_links":{"self":[{"href":"https:\/\/prim.cz\/sk\/wp-json\/wp\/v2\/aktualita\/28586","targetHints":{"allow":["GET"]}}],"collection":[{"href":"https:\/\/prim.cz\/sk\/wp-json\/wp\/v2\/aktualita"}],"about":[{"href":"https:\/\/prim.cz\/sk\/wp-json\/wp\/v2\/types\/aktualita"}],"wp:attachment":[{"href":"https:\/\/prim.cz\/sk\/wp-json\/wp\/v2\/media?parent=28586"}],"curies":[{"name":"wp","href":"https:\/\/api.w.org\/{rel}","templated":true}]}}