{"id":44426,"date":"2022-09-06T14:40:00","date_gmt":"2022-09-06T12:40:00","guid":{"rendered":"https:\/\/prim.cz\/aktualita\/prim-dakar-2022-historia-trwa\/"},"modified":"2026-03-16T13:07:18","modified_gmt":"2026-03-16T12:07:18","slug":"prim-dakar-2022-historia-trwa","status":"publish","type":"aktualita","link":"https:\/\/prim.cz\/pl\/aktualita\/prim-dakar-2022-historia-trwa\/","title":{"rendered":"PRIM Dakar 2022 historia trwa"},"content":{"rendered":"\n<p>Pi\u0105ty medal za pomy\u015blne uko\u0144czenie najtrudniejszej imprezy motoryzacyjnej na planecie przywozi z saudyjskiego Rally Dakar nawigator zespo\u0142u ULTIMATE DAKAR David K\u0159\u00edpal. Chocia\u017c w tym roku planowa\u0142 spokojniejsze tempo w samochodzie serwisowym, ponownie znalaz\u0142 si\u0119 w ostrym rytmie wy\u015bcigowym. \u201eSta\u0142o si\u0119 to w samym \u015brodku sylwestrowego prologu. Wy\u015bcig by\u0142 ju\u017c w pe\u0142nym toku, gdy francuski zesp\u00f3\u0142 Offroad Concept zacz\u0105\u0142 szuka\u0107 nawigatora z wa\u017cn\u0105 licencj\u0105. Nie min\u0119\u0142a nawet godzina, a ju\u017c siedzia\u0142em w ostrej wy\u015bcigowej buggy obok Francuza, kt\u00f3rego w og\u00f3le nie zna\u0142em&#8221; \u2013 opisuje czterdziestoletni nawigator.<\/p>\n\n\n\n<p>W tym roku David K\u0159\u00edpal wyruszy\u0142 na P\u00f3\u0142wysep Arabski w serwisowej Toyocie Land Cruiser u boku \u201eswojego&#8221; kierowcy Tom\u00e1\u0161a Ou\u0159edn\u00ed\u010dka. G\u0142\u00f3wnym celem by\u0142o poznanie zaplecza fabrycznego zespo\u0142u Toyota Gazoo Racing i Overdrive Racing, kt\u00f3rego cz\u0119\u015bci\u0105 wkr\u00f3tce si\u0119 stan\u0105. Jako alternatywna opcja wchodzi\u0142o w gr\u0119 r\u00f3wnie\u017c szybkie zast\u0119pstwo. I tak si\u0119 w\u0142a\u015bnie sta\u0142o. \u201eNawigator francuskiego zespo\u0142u mia\u0142 problem z licencj\u0105, wi\u0119c pospiesznie za\u0142atwi\u0142em odbi\u00f3r administracyjny i po kilku minutach mia\u0142em na sobie jego kask, kombinezon, a nawet skarpetki. Tylko buty rozmiaru 47 musia\u0142em po\u015bpiesznie po\u017cyczy\u0107 od za\u0142ogi, kt\u00f3ra mia\u0142a ju\u017c prolog za sob\u0105&#8221; \u2013 opisa\u0142 K\u0159\u00edpal.<\/p>\n\n\n\n<p><a href=\"https:\/\/prim.cz\/wp-content\/uploads\/2022\/09\/1.png\"><\/a><\/p>\n\n\n\n<p><a href=\"https:\/\/prim.cz\/wp-content\/uploads\/2022\/09\/3.png\"><\/a><\/p>\n\n\n\n<p>U boku kierowcy Antoine&#8217;a Gallanda zaj\u0119li w buggy klasy T1.2 ju\u017c na pierwszym etapie dziewi\u0119tnaste miejsce. \u201eTo niesamowite, jak sobie poradzili. Antony prawie nie m\u00f3wi po angielsku, David z kolei po francusku. Gdyby ze sob\u0105 rozmawiali po czesku, wysz\u0142oby na to samo&#8221; \u2013 skomentowa\u0142 Ou\u0159edn\u00ed\u010dek. \u201eP\u00f3\u017aniej nauczy\u0142em si\u0119 kilku podstawowych rzeczy o zmianie kierunku i odleg\u0142o\u015bciach po francusku, reszta by\u0142a po angielsku&#8221; \u2013 doda\u0142 z u\u015bmiechem K\u0159\u00edpal.<\/p>\n\n\n\n<p>Podczas gdy na pocz\u0105tku samoch\u00f3d dzia\u0142a\u0142 bezb\u0142\u0119dnie, w kolejnych bardzo trudnych etapach K\u0159\u00edpal mia\u0142 okazj\u0119 potwierdzi\u0107 swoj\u0105 reputacj\u0119 sprawnego mechanika, a tak\u017ce to, \u017ce nadal obowi\u0105zuje go motto zespo\u0142u \u201enigdy si\u0119 nie poddaj\u0119&#8221;. \u201eMieli\u015bmy takie problemy techniczne, \u017ce kilkakrotnie oznacza\u0142o to niemal koniec w rywalizacji. Na pustyni na przyk\u0142ad p\u0119k\u0142 nam w\u0105\u017c do pompowania opon, innym razem wyciek\u0142 ca\u0142y olej z silnika. Ale za ka\u017cdym razem z wypi\u0119ciem wszystkich si\u0142 jako\u015b sobie poradzili\u015bmy&#8221; \u2013 opisa\u0142 nawigator.<\/p>\n\n\n\n<p><a href=\"https:\/\/prim.cz\/wp-content\/uploads\/2022\/09\/4.png\"><\/a><\/p>\n\n\n\n<p><a href=\"https:\/\/prim.cz\/wp-content\/uploads\/2022\/09\/2.png\"><\/a><\/p>\n\n\n\n<p>Najwi\u0119kszy problem jednak spotka\u0142 francusko-czesk\u0105 za\u0142og\u0119 na ostatnim etapie. \u201ePodczas jazdy oderwa\u0142o si\u0119 zawieszenie ko\u0142a. Na szcz\u0119\u015bcie nic nam si\u0119 nie sta\u0142o, ale samoch\u00f3d nie mia\u0142 hamulc\u00f3w ani sprawnego uk\u0142adu kierowniczego. Dwie godziny stracili\u015bmy na naprawie, potem jeszcze ugrz\u0119\u017ali\u015bmy i spalili\u015bmy sprz\u0119g\u0142o. Totalna beznadziejno\u015b\u0107&#8221; \u2013 opisa\u0142 nawigator.<\/p>\n\n\n\n<p>Nawet w tej sytuacji za\u0142oga zdo\u0142a\u0142a doprowadzi\u0107 samoch\u00f3d do stanu jezdnego i do mety ostatniego etapu ca\u0142ego Dakaru dojecha\u0142a jako absolutnie ostatnia maszyna z ca\u0142ej karawany wy\u015bcigowej. \u201eJestem bardzo dumny z Davida. Osi\u0105gn\u0105\u0142 niesamowity wynik pi\u0119ciu start\u00f3w i pi\u0119ciu uko\u0144czonych Dakar\u00f3w&#8221; \u2013 podkre\u015bla Tom\u00e1\u0161 Ou\u0159edn\u00ed\u010dek.<\/p>\n\n\n\n<p><strong>Dzi\u0119kujemy, \u017ce nam kibicujecie<\/strong><\/p>\n\n\n\n<p><strong>Licealista pojedzie Dakar<\/strong><\/p>\n\n\n\n<p>21 grudnia 2022, godz. 16:55<br>Aktualne wiadomo\u015bci ze wszystkich region\u00f3w Republiki Czeskiej. Wydarzenia, ciekawe historie, tematy z waszego regionu\u2026<\/p>\n\n\n\n<p>Reporta\u017c wideo:&nbsp;<a href=\"https:\/\/cnn.iprima.cz\/porady\/zpravy-z-regionu\/stredoskolak-pojede-dakar\">https:\/\/cnn.iprima.cz\/porady\/zpravy-z-regionu\/stredoskolak-pojede-dakar<\/a><\/p>\n\n\n\n<p>Breaking news:&nbsp;<a href=\"https:\/\/rouckova.cz\/novinky\/\">https:\/\/rouckova.cz<\/a><\/p>\n\n\n\n<p><strong>Trasa 2023 tylko dla twardzieli<\/strong><\/p>\n\n\n\n<p>Dzi\u015b organizatorzy ujawnili tras\u0119 2023. B\u0119dzie d\u0142u\u017csza, trudniejsza i jak sam organizator zapowiada \u2013 tylko dla twardzieli!&nbsp;Pocz\u0105wszy od Sea Camp na brzegu Morza Czerwonego, a ko\u0144cz\u0105c po drugiej stronie P\u00f3\u0142wyspu Arabskiego, gdzie zawodnicy po czterodniowej przygodzie Empty Quarter, w tym etapie marato\u0144skim, odkryj\u0105 wybrze\u017ce Zatoki Perskiej. 45. edycja Dakaru jest najtrudniejsza od czasu, gdy rajd dotar\u0142 do Arabii Saudyjskiej.<\/p>\n\n\n\n<p>Link:<\/p>\n\n\n\n<p><strong>Dakarowi wojownicy Ou\u0159edn\u00ed\u010dek i K\u0159\u00edpal osiod\u0142aj\u0105 fabryczny specja\u0142 Toyota Hilux Gazoo Racing<\/strong><\/p>\n\n\n\n<p>Kolejne wy\u015bcigowe marzenie spe\u0142ni\u0105 do\u015bwiadczeni dakarowi weterani czeskiego zespo\u0142u ULTIMATE DAKAR Tom\u00e1\u0161 Ou\u0159edn\u00ed\u010dek i David K\u0159\u00edpal. Od sezonu 2023 b\u0119d\u0105 mieli do dyspozycji najnowsz\u0105 specyfikacj\u0119 fabrycznego specja\u0142u wy\u015bcigowego Toyota Hilux GR T1+. \u201eJestem niezmiernie szcz\u0119\u015bliwy. Dostanie si\u0119 do fabrycznego samochodu to marzenie ka\u017cdego kierowcy&#8221; \u2013 m\u00f3wi pilot Tom\u00e1\u0161 Ou\u0159edn\u00ed\u010dek.<\/p>\n\n\n\n<p>Dzi\u0119ki wsparciu Toyoty Republika Czeska, po wymagaj\u0105cym procesie zatwierdzania, w r\u0119ce czeskich zawodnik\u00f3w trafi najwy\u017cszej klasy maszyna, kt\u00f3ra jest koncepcyjnie identyczna z tegorocznym zwyci\u0119skim samochodem z Dakaru. \u201eD\u0142ugo ci\u0119\u017cko pracowali\u015bmy, \u017ceby zdoby\u0107 mo\u017cliwo\u015b\u0107 usi\u0105\u015b\u0107 w fabrycznym samochodzie. To dla nas wielka nagroda za nasze osi\u0105gni\u0119cia i wytrwa\u0142o\u015b\u0107. Z pewno\u015bci\u0105 pomog\u0142o nam te\u017c nasze motto zespo\u0142owe 'nigdy si\u0119 nie poddaj\u0119&#8217;, kt\u00f3re nadal zdecydowanie realizujemy&#8221; \u2013 doda\u0142 pilot.<\/p>\n\n\n\n<p><a href=\"https:\/\/prim.cz\/wp-content\/uploads\/2022\/09\/rivb3918-1024x615.jpg\"><\/a><\/p>\n\n\n\n<p><a href=\"https:\/\/prim.cz\/wp-content\/uploads\/2022\/09\/tomas-ourednicek-vpravo-david-kripal-1024x683.jpg\"><\/a><\/p>\n\n\n\n<p>Dakarowy specja\u0142 kategorii T1+ przybywa z po\u0142udniowoafryka\u0144skich warsztat\u00f3w fabrycznego zespo\u0142u Toyota Gazoo Racing. Czescy mechanicy ju\u017c odbyli pierwsze tygodniowe szkolenie praktyczne, aby spe\u0142ni\u0107 wymagania rygorystycznych proces\u00f3w serwisowych. \u201ePrzez chwil\u0119 wygl\u0105da\u0142o nawet na to, \u017ce zd\u0105\u017cymy na start Rally Dakar 2023. Negocjacje i ca\u0142y proces zatwierdzania przeci\u0105gn\u0119\u0142y si\u0119 jednak na tyle, \u017ce ostatecznie nie jest to mo\u017cliwe z powod\u00f3w logistycznych&#8221; \u2013 m\u00f3wi Ou\u0159edn\u00ed\u010dek, dodaj\u0105c, \u017ce razem z Davidem K\u0159\u00edpa\u0142em b\u0119d\u0105 na Dakarze 23 z bliska \u015bledzi\u0107 funkcjonowanie fabrycznego zespo\u0142u i przygotowywa\u0107 si\u0119 do kolejnego sezonu wy\u015bcigowego.<\/p>\n\n\n\n<p>Rozpocznie si\u0119 on dla czeskiej za\u0142ogi wiosn\u0105 intensywnymi treningami w Hiszpanii i na afryka\u0144skich wydmach. Pierwszym wielkim ostrym sprawdzianem b\u0119dzie pod koniec kwietnia najwi\u0119kszy afryka\u0144ski wy\u015bcig Morocco Desert Challenge, gdzie zesp\u00f3\u0142 chcia\u0142by nawi\u0105za\u0107 do swojego s\u0142ynnego zwyci\u0119stwa z 2017 roku. Ponadto w wst\u0119pnym harmonogramie s\u0105 wybrane zawody FIA Mistrzostw \u015awiata, FIA Pucharu \u015awiata i FIA Mistrzostw Europy. Wszystkie do\u015bwiadczenia za\u0142oga chce wykorzysta\u0107 na Rally Dakar 2024, a w nast\u0119pnym sezonie spr\u00f3buje zdobywa\u0107 punkty w ca\u0142ej wymagaj\u0105cej serii Mistrzostw \u015awiata (FIA WRRC). \u201eTo, \u017ce b\u0119dziemy mieli szans\u0119 z dum\u0105 reprezentowa\u0107 Republik\u0119 Czesk\u0105 i walczy\u0107 o jak najlepsze wyniki w \u015bwiatowej rywalizacji, jest dla nas wielkim zaszczytem i jednocze\u015bnie zobowi\u0105zaniem&#8221; \u2013 podsumowa\u0142 pilot Tom\u00e1\u0161 Ou\u0159edn\u00ed\u010dek.<\/p>\n\n\n\n<p>Link do strony:&nbsp;<a href=\"http:\/\/ultimatedakar.cz\/novinky\/dakarsti-bojovnici-ourednicek-s-kripalem-osedlaji-tovarni-special-toyota-hilux-gazoo-racing\/?utm_source=newsletter&amp;utm_medium=email&amp;utm_campaign=campaign&amp;utm_content=campaign\">http:\/\/ultimatedakar.cz\/novinky\/<\/a><\/p>\n\n\n\n<p><strong>Olga Rou\u010dkov\u00e1 przygotowuje si\u0119 do Dakaru 2023.<\/strong><\/p>\n\n\n\n<p><a href=\"https:\/\/prim.cz\/wp-content\/uploads\/2022\/09\/image-1024x681.png\"><\/a><\/p>\n\n\n\n<p>Linki:<\/p>\n\n\n\n<p><strong>BIULETYN CZECH SAMURAIS<\/strong><\/p>\n\n\n\n<p>W tym sezonie mo\u017cemy obserwowa\u0107 jeden z historycznych kamieni milowych \u2013 do najbardziej ekstremalnego wy\u015bcigu na planecie po raz pierwszy wpisze si\u0119 zupe\u0142nie nowo skomponowana czeska za\u0142oga. Jest ni\u0105 Czech Samurais \u2013 Lostav racing team, kt\u00f3ry zostanie zaprezentowany 10. 10. 2022. Nasz rodzinny zesp\u00f3\u0142 powita nowy samoch\u00f3d wy\u015bcigowy, nowy ci\u0119\u017car\u00f3wk\u0119 serwisow\u0105, a przede wszystkim za\u0142og\u0119 z mechanikami.<\/p>\n\n\n\n<p>W por\u00f3wnaniu z ubieg\u0142ym rokiem zesp\u00f3\u0142 powi\u0119kszy si\u0119 o 4 cz\u0142onk\u00f3w. W 2022 roku zesp\u00f3\u0142 liczy\u0142 4 osoby \u2013 kierowca, nawigator i dw\u00f3ch mechanik\u00f3w.<\/p>\n\n\n\n<p>Zanim przejdziemy do pe\u0142nej prezentacji zespo\u0142u, oto ma\u0142a zapowied\u017a z warsztat\u00f3w w Roudnicach, gdzie in\u017cynierowie sk\u0142adaj\u0105 Toyot\u0119 Land Cruiser 90 i ponownie tchn\u0119li \u017cycie w naszego Suzuki Samuraja. R\u00f3wnolegle przygotowujemy odzie\u017c zespo\u0142ow\u0105, gad\u017cety dla fan\u00f3w, a tak\u017ce zupe\u0142nie now\u0105 wizualizacj\u0119 wszystkich trzech pojazd\u00f3w \u2013 zar\u00f3wno obu wy\u015bcig\u00f3wek, jak i pojazdu serwisowego.<\/p>\n\n\n\n<p><strong><br>Kluczowe daty:<\/strong><\/p>\n\n\n\n<ul class=\"wp-block-list\">\n<li>Oficjalne ods\u0142oni\u0119cie zespo\u0142u 10. 10. 2022, nast\u0119pnie wsp\u00f3lnie zaplanujemy jazd\u0119 dla zwyci\u0119\u017cczyni konkursu<\/li>\n\n\n\n<li>Oficjalne wy\u015bcigi zespo\u0142owe, na kt\u00f3rych ujawnimy design samochod\u00f3w wy\u015bcigowych, ci\u0119\u017car\u00f3wki oraz odzie\u017cy: 28. 10. \u2013 30. 10.<\/li>\n\n\n\n<li>W ci\u0105gu 14 dni po 28. 10. odb\u0119dzie si\u0119 oficjalna konferencja prasowa zespo\u0142u w OC Stromovka w Pradze<\/li>\n\n\n\n<li>Wyjazd sprz\u0119tu do Francji \u2013 25. \u2013 30. 11. 2022<\/li>\n\n\n\n<li>Odlot zespo\u0142u \u2013 28. 12. 2022<\/li>\n\n\n\n<li>28. \u2013 29. 12. 2022 \u2013 Odbi\u00f3r sprz\u0119tu na Dakarze<\/li>\n\n\n\n<li>29. \u2013 30. 12. 2022 \u2013 Finalne przegl\u0105dy techniczne<\/li>\n\n\n\n<li>31. 12. 2022 \u2013 Prolog<\/li>\n\n\n\n<li>1. \u2013 15. 1. 2023 \u2013 DAKAR<\/li>\n\n\n\n<li>15. 1. 2023 \u2013 Ceremonia, og\u0142oszenie wynik\u00f3w<\/li>\n<\/ul>\n\n\n\n<p><strong>A wy co na to?<\/strong><\/p>\n\n\n\n<figure class=\"wp-block-gallery has-nested-images columns-default is-cropped wp-block-gallery-1 is-layout-flex wp-block-gallery-is-layout-flex\">\n<figure class=\"wp-block-image size-large\"><img loading=\"lazy\" decoding=\"async\" width=\"1024\" height=\"712\" data-id=\"26233\" src=\"https:\/\/new.prim-hodinky.cz\/wp-content\/uploads\/2022\/09\/image_komp-1024x712-1.webp\" alt=\"\" class=\"wp-image-26233\" srcset=\"https:\/\/prim.cz\/wp-content\/uploads\/2022\/09\/image_komp-1024x712-1.webp 1024w, https:\/\/prim.cz\/wp-content\/uploads\/2022\/09\/image_komp-1024x712-1-300x209.webp 300w, https:\/\/prim.cz\/wp-content\/uploads\/2022\/09\/image_komp-1024x712-1-768x534.webp 768w\" sizes=\"auto, (max-width: 1024px) 100vw, 1024px\" \/><\/figure>\n\n\n\n<figure class=\"wp-block-image size-large\"><img loading=\"lazy\" decoding=\"async\" width=\"1000\" height=\"666\" data-id=\"26235\" src=\"https:\/\/new.prim-hodinky.cz\/wp-content\/uploads\/2022\/09\/IMG_2231.webp\" alt=\"\" class=\"wp-image-26235\" srcset=\"https:\/\/prim.cz\/wp-content\/uploads\/2022\/09\/IMG_2231.webp 1000w, https:\/\/prim.cz\/wp-content\/uploads\/2022\/09\/IMG_2231-300x200.webp 300w, https:\/\/prim.cz\/wp-content\/uploads\/2022\/09\/IMG_2231-768x511.webp 768w\" sizes=\"auto, (max-width: 1000px) 100vw, 1000px\" \/><\/figure>\n\n\n\n<figure class=\"wp-block-image size-large\"><img loading=\"lazy\" decoding=\"async\" width=\"1000\" height=\"665\" data-id=\"26234\" src=\"https:\/\/new.prim-hodinky.cz\/wp-content\/uploads\/2022\/09\/Sedivy_Photography_0278.webp\" alt=\"\" class=\"wp-image-26234\" srcset=\"https:\/\/prim.cz\/wp-content\/uploads\/2022\/09\/Sedivy_Photography_0278.webp 1000w, https:\/\/prim.cz\/wp-content\/uploads\/2022\/09\/Sedivy_Photography_0278-300x200.webp 300w, https:\/\/prim.cz\/wp-content\/uploads\/2022\/09\/Sedivy_Photography_0278-768x511.webp 768w\" sizes=\"auto, (max-width: 1000px) 100vw, 1000px\" \/><\/figure>\n<\/figure>\n\n\n\n<p>Fotograf: Petr \u0160ediv\u00fd, IG \u2013&nbsp;@sedivyphotography, web \u2013&nbsp;<a href=\"http:\/\/www.sedivyphotography.com\/\" target=\"_blank\" rel=\"noreferrer noopener\">www.sedivyphotography.com<\/a><\/p>\n\n\n\n<p>\u0179r\u00f3d\u0142o:&nbsp;<a href=\"https:\/\/rouckova.cz\/\">https:\/\/rouckova.cz\/<\/a><\/p>\n\n\n\n<p><strong>Informacje z poprzednich edycji Rally Dakar znajdziesz w artykule<\/strong><\/p>\n\n\n\n<h4 class=\"wp-block-heading\"><a href=\"https:\/\/prim.cz\/dakar-pribeh-od-roku-2009\/\"><strong>PRIM Dakar \u2013 historia od 2009 roku<\/strong><\/a><\/h4>\n\n\n\n<p><\/p>\n","protected":false},"featured_media":0,"template":"","meta":{"_acf_changed":false,"_link_to_original":""},"class_list":["post-44426","aktualita","type-aktualita","status-publish","hentry"],"acf":[],"yoast_head":"<!-- This site is optimized with the Yoast SEO plugin v26.9 - https:\/\/yoast.com\/product\/yoast-seo-wordpress\/ -->\n<title>PRIM Dakar 2022 historia trwa - PRIM.cz - origin\u00e1ln\u00ed \u010desk\u00e9 p\u00e1nsk\u00e9, d\u00e1msk\u00e9, d\u011btsk\u00e9 hodinky a hodiny<\/title>\n<meta name=\"robots\" content=\"index, follow, max-snippet:-1, max-image-preview:large, max-video-preview:-1\" \/>\n<link rel=\"canonical\" href=\"https:\/\/prim.cz\/pl\/aktualita\/prim-dakar-2022-historia-trwa\/\" \/>\n<meta property=\"og:locale\" content=\"pl_PL\" \/>\n<meta property=\"og:type\" content=\"article\" \/>\n<meta property=\"og:title\" content=\"PRIM Dakar 2022 historia trwa - PRIM.cz - origin\u00e1ln\u00ed \u010desk\u00e9 p\u00e1nsk\u00e9, d\u00e1msk\u00e9, d\u011btsk\u00e9 hodinky a hodiny\" \/>\n<meta property=\"og:description\" content=\"Pi\u0105ty medal za pomy\u015blne uko\u0144czenie najtrudniejszej imprezy motoryzacyjnej na planecie przywozi z saudyjskiego Rally Dakar nawigator zespo\u0142u ULTIMATE DAKAR David K\u0159\u00edpal. Chocia\u017c w tym roku planowa\u0142 spokojniejsze tempo w samochodzie serwisowym, ponownie znalaz\u0142 si\u0119 w ostrym rytmie wy\u015bcigowym. \u201eSta\u0142o si\u0119 to w samym \u015brodku sylwestrowego prologu. Wy\u015bcig by\u0142 ju\u017c w pe\u0142nym toku, gdy francuski zesp\u00f3\u0142 [&hellip;]\" \/>\n<meta property=\"og:url\" content=\"https:\/\/prim.cz\/pl\/aktualita\/prim-dakar-2022-historia-trwa\/\" \/>\n<meta property=\"og:site_name\" content=\"PRIM.cz - origin\u00e1ln\u00ed \u010desk\u00e9 p\u00e1nsk\u00e9, d\u00e1msk\u00e9, d\u011btsk\u00e9 hodinky a hodiny\" \/>\n<meta property=\"article:modified_time\" content=\"2026-03-16T12:07:18+00:00\" \/>\n<meta property=\"og:image\" content=\"https:\/\/prim.cz\/wp-content\/uploads\/2022\/09\/image_komp-1024x712-1.webp\" \/>\n\t<meta property=\"og:image:width\" content=\"1024\" \/>\n\t<meta property=\"og:image:height\" content=\"712\" \/>\n\t<meta property=\"og:image:type\" content=\"image\/webp\" \/>\n<meta name=\"twitter:card\" content=\"summary_large_image\" \/>\n<meta name=\"twitter:label1\" content=\"Szacowany czas czytania\" \/>\n\t<meta name=\"twitter:data1\" content=\"7 minut\" \/>\n<script type=\"application\/ld+json\" class=\"yoast-schema-graph\">{\"@context\":\"https:\/\/schema.org\",\"@graph\":[{\"@type\":\"WebPage\",\"@id\":\"https:\/\/prim.cz\/pl\/aktualita\/prim-dakar-2022-historia-trwa\/\",\"url\":\"https:\/\/prim.cz\/pl\/aktualita\/prim-dakar-2022-historia-trwa\/\",\"name\":\"PRIM Dakar 2022 historia trwa - PRIM.cz - origin\u00e1ln\u00ed \u010desk\u00e9 p\u00e1nsk\u00e9, d\u00e1msk\u00e9, d\u011btsk\u00e9 hodinky a hodiny\",\"isPartOf\":{\"@id\":\"https:\/\/prim.cz\/en\/#website\"},\"primaryImageOfPage\":{\"@id\":\"https:\/\/prim.cz\/pl\/aktualita\/prim-dakar-2022-historia-trwa\/#primaryimage\"},\"image\":{\"@id\":\"https:\/\/prim.cz\/pl\/aktualita\/prim-dakar-2022-historia-trwa\/#primaryimage\"},\"thumbnailUrl\":\"https:\/\/new.prim-hodinky.cz\/wp-content\/uploads\/2022\/09\/image_komp-1024x712-1.webp\",\"datePublished\":\"2022-09-06T12:40:00+00:00\",\"dateModified\":\"2026-03-16T12:07:18+00:00\",\"breadcrumb\":{\"@id\":\"https:\/\/prim.cz\/pl\/aktualita\/prim-dakar-2022-historia-trwa\/#breadcrumb\"},\"inLanguage\":\"pl-PL\",\"potentialAction\":[{\"@type\":\"ReadAction\",\"target\":[\"https:\/\/prim.cz\/pl\/aktualita\/prim-dakar-2022-historia-trwa\/\"]}]},{\"@type\":\"ImageObject\",\"inLanguage\":\"pl-PL\",\"@id\":\"https:\/\/prim.cz\/pl\/aktualita\/prim-dakar-2022-historia-trwa\/#primaryimage\",\"url\":\"https:\/\/new.prim-hodinky.cz\/wp-content\/uploads\/2022\/09\/image_komp-1024x712-1.webp\",\"contentUrl\":\"https:\/\/new.prim-hodinky.cz\/wp-content\/uploads\/2022\/09\/image_komp-1024x712-1.webp\"},{\"@type\":\"BreadcrumbList\",\"@id\":\"https:\/\/prim.cz\/pl\/aktualita\/prim-dakar-2022-historia-trwa\/#breadcrumb\",\"itemListElement\":[{\"@type\":\"ListItem\",\"position\":1,\"name\":\"Dom\u016f\",\"item\":\"https:\/\/prim.cz\/pl\/\"},{\"@type\":\"ListItem\",\"position\":2,\"name\":\"PRIM Dakar 2022 historia trwa\"}]},{\"@type\":\"WebSite\",\"@id\":\"https:\/\/prim.cz\/en\/#website\",\"url\":\"https:\/\/prim.cz\/en\/\",\"name\":\"PRIM - origin\u00e1ln\u00ed \u010desk\u00e9 p\u00e1nsk\u00e9, d\u00e1msk\u00e9, d\u011btsk\u00e9 hodinky a hodiny\",\"description\":\"Nakupujte p\u0159\u00edmo u v\u00fdrobce! Origin\u00e1ln\u00ed eshop s kompletn\u00edm sortimentem \u010desk\u00fdch hodinek PRIM.\",\"alternateName\":\"prim.cz\",\"potentialAction\":[{\"@type\":\"SearchAction\",\"target\":{\"@type\":\"EntryPoint\",\"urlTemplate\":\"https:\/\/prim.cz\/en\/?s={search_term_string}\"},\"query-input\":{\"@type\":\"PropertyValueSpecification\",\"valueRequired\":true,\"valueName\":\"search_term_string\"}}],\"inLanguage\":\"pl-PL\"}]}<\/script>\n<!-- \/ Yoast SEO plugin. -->","yoast_head_json":{"title":"PRIM Dakar 2022 historia trwa - PRIM.cz - origin\u00e1ln\u00ed \u010desk\u00e9 p\u00e1nsk\u00e9, d\u00e1msk\u00e9, d\u011btsk\u00e9 hodinky a hodiny","robots":{"index":"index","follow":"follow","max-snippet":"max-snippet:-1","max-image-preview":"max-image-preview:large","max-video-preview":"max-video-preview:-1"},"canonical":"https:\/\/prim.cz\/pl\/aktualita\/prim-dakar-2022-historia-trwa\/","og_locale":"pl_PL","og_type":"article","og_title":"PRIM Dakar 2022 historia trwa - PRIM.cz - origin\u00e1ln\u00ed \u010desk\u00e9 p\u00e1nsk\u00e9, d\u00e1msk\u00e9, d\u011btsk\u00e9 hodinky a hodiny","og_description":"Pi\u0105ty medal za pomy\u015blne uko\u0144czenie najtrudniejszej imprezy motoryzacyjnej na planecie przywozi z saudyjskiego Rally Dakar nawigator zespo\u0142u ULTIMATE DAKAR David K\u0159\u00edpal. Chocia\u017c w tym roku planowa\u0142 spokojniejsze tempo w samochodzie serwisowym, ponownie znalaz\u0142 si\u0119 w ostrym rytmie wy\u015bcigowym. \u201eSta\u0142o si\u0119 to w samym \u015brodku sylwestrowego prologu. Wy\u015bcig by\u0142 ju\u017c w pe\u0142nym toku, gdy francuski zesp\u00f3\u0142 [&hellip;]","og_url":"https:\/\/prim.cz\/pl\/aktualita\/prim-dakar-2022-historia-trwa\/","og_site_name":"PRIM.cz - origin\u00e1ln\u00ed \u010desk\u00e9 p\u00e1nsk\u00e9, d\u00e1msk\u00e9, d\u011btsk\u00e9 hodinky a hodiny","article_modified_time":"2026-03-16T12:07:18+00:00","og_image":[{"width":1024,"height":712,"url":"https:\/\/prim.cz\/wp-content\/uploads\/2022\/09\/image_komp-1024x712-1.webp","type":"image\/webp"}],"twitter_card":"summary_large_image","twitter_misc":{"Szacowany czas czytania":"7 minut"},"schema":{"@context":"https:\/\/schema.org","@graph":[{"@type":"WebPage","@id":"https:\/\/prim.cz\/pl\/aktualita\/prim-dakar-2022-historia-trwa\/","url":"https:\/\/prim.cz\/pl\/aktualita\/prim-dakar-2022-historia-trwa\/","name":"PRIM Dakar 2022 historia trwa - PRIM.cz - origin\u00e1ln\u00ed \u010desk\u00e9 p\u00e1nsk\u00e9, d\u00e1msk\u00e9, d\u011btsk\u00e9 hodinky a hodiny","isPartOf":{"@id":"https:\/\/prim.cz\/en\/#website"},"primaryImageOfPage":{"@id":"https:\/\/prim.cz\/pl\/aktualita\/prim-dakar-2022-historia-trwa\/#primaryimage"},"image":{"@id":"https:\/\/prim.cz\/pl\/aktualita\/prim-dakar-2022-historia-trwa\/#primaryimage"},"thumbnailUrl":"https:\/\/new.prim-hodinky.cz\/wp-content\/uploads\/2022\/09\/image_komp-1024x712-1.webp","datePublished":"2022-09-06T12:40:00+00:00","dateModified":"2026-03-16T12:07:18+00:00","breadcrumb":{"@id":"https:\/\/prim.cz\/pl\/aktualita\/prim-dakar-2022-historia-trwa\/#breadcrumb"},"inLanguage":"pl-PL","potentialAction":[{"@type":"ReadAction","target":["https:\/\/prim.cz\/pl\/aktualita\/prim-dakar-2022-historia-trwa\/"]}]},{"@type":"ImageObject","inLanguage":"pl-PL","@id":"https:\/\/prim.cz\/pl\/aktualita\/prim-dakar-2022-historia-trwa\/#primaryimage","url":"https:\/\/new.prim-hodinky.cz\/wp-content\/uploads\/2022\/09\/image_komp-1024x712-1.webp","contentUrl":"https:\/\/new.prim-hodinky.cz\/wp-content\/uploads\/2022\/09\/image_komp-1024x712-1.webp"},{"@type":"BreadcrumbList","@id":"https:\/\/prim.cz\/pl\/aktualita\/prim-dakar-2022-historia-trwa\/#breadcrumb","itemListElement":[{"@type":"ListItem","position":1,"name":"Dom\u016f","item":"https:\/\/prim.cz\/pl\/"},{"@type":"ListItem","position":2,"name":"PRIM Dakar 2022 historia trwa"}]},{"@type":"WebSite","@id":"https:\/\/prim.cz\/en\/#website","url":"https:\/\/prim.cz\/en\/","name":"PRIM - origin\u00e1ln\u00ed \u010desk\u00e9 p\u00e1nsk\u00e9, d\u00e1msk\u00e9, d\u011btsk\u00e9 hodinky a hodiny","description":"Nakupujte p\u0159\u00edmo u v\u00fdrobce! Origin\u00e1ln\u00ed eshop s kompletn\u00edm sortimentem \u010desk\u00fdch hodinek PRIM.","alternateName":"prim.cz","potentialAction":[{"@type":"SearchAction","target":{"@type":"EntryPoint","urlTemplate":"https:\/\/prim.cz\/en\/?s={search_term_string}"},"query-input":{"@type":"PropertyValueSpecification","valueRequired":true,"valueName":"search_term_string"}}],"inLanguage":"pl-PL"}]}},"wpml_current_locale":"pl_PL","wpml_translations":{"cs_CZ":{"locale":"cs_CZ","id":26227,"slug":"prim-dakar-2022-pribeh-pokracuje","post_title":"PRIM Dakar 2022 p\u0159\u00edb\u011bh pokra\u010duje","href":"https:\/\/prim.cz\/aktualita\/prim-dakar-2022-pribeh-pokracuje\/"},"sk_SK":{"locale":"sk_SK","id":44424,"slug":"prim-dakar-2022-pribeh-pokracuje","post_title":"PRIM Dakar 2022 pr\u00edbeh pokra\u010duje","href":"https:\/\/prim.cz\/sk\/aktualita\/prim-dakar-2022-pribeh-pokracuje\/"},"pl_PL":{"locale":"pl_PL","translation":"current"},"en_US":{"locale":"en_US","id":44423,"slug":"prim-dakar-2022-the-story-continues","post_title":"PRIM Dakar 2022 the story continues","href":"https:\/\/prim.cz\/en\/aktualita\/prim-dakar-2022-the-story-continues\/"}},"_links":{"self":[{"href":"https:\/\/prim.cz\/pl\/wp-json\/wp\/v2\/aktualita\/44426","targetHints":{"allow":["GET"]}}],"collection":[{"href":"https:\/\/prim.cz\/pl\/wp-json\/wp\/v2\/aktualita"}],"about":[{"href":"https:\/\/prim.cz\/pl\/wp-json\/wp\/v2\/types\/aktualita"}],"wp:attachment":[{"href":"https:\/\/prim.cz\/pl\/wp-json\/wp\/v2\/media?parent=44426"}],"curies":[{"name":"wp","href":"https:\/\/api.w.org\/{rel}","templated":true}]}}