{"id":44421,"date":"2025-01-23T08:23:40","date_gmt":"2025-01-23T07:23:40","guid":{"rendered":"https:\/\/prim.cz\/aktualita\/czas-w-sporcie-najgorsze-byly-wieczory-przed-zawodami-wspominaja-mistrzowie-olimpijscy\/"},"modified":"2026-03-16T13:07:08","modified_gmt":"2026-03-16T12:07:08","slug":"czas-w-sporcie-najgorsze-byly-wieczory-przed-zawodami-wspominaja-mistrzowie-olimpijscy","status":"publish","type":"aktualita","link":"https:\/\/prim.cz\/pl\/aktualita\/czas-w-sporcie-najgorsze-byly-wieczory-przed-zawodami-wspominaja-mistrzowie-olimpijscy\/","title":{"rendered":"Czas w sporcie. Najgorsze by\u0142y wieczory przed zawodami, wspominaj\u0105 mistrzowie olimpijscy"},"content":{"rendered":"\n<p>Trzy, dwa, jeden\u2026 Ostatnie sekundy odliczane do startu zawod\u00f3w s\u0105 nieub\u0142agane. Ale co dzieje si\u0119 wcze\u015bniej? \u201eWszystko mieli\u015bmy zaplanowane co do minuty,&#8221; wspominali mistrzowie olimpijscy Kate\u0159ina Neumannov\u00e1 i Martin Doktor po wizycie w fabryce marki zegarkowej Prim, jednego z dostawc\u00f3w Czeskiego Komitetu Olimpijskiego.<\/p>\n\n\n\n<p>\u201eKiedy zako\u0144czy\u0142am karier\u0119, jednym z moich pierwszych postanowie\u0144 by\u0142o to, \u017ce nigdy wi\u0119cej nie chc\u0119 mie\u0107 na r\u0119ce sportowego zegarka. Mierzy\u0142am ka\u017cdy trening. Zreszt\u0105 swoj\u0105 organizacj\u0105 i punktualno\u015bci\u0105 dra\u017cni\u0119 ludzi do dzi\u015b \u2014 by\u0142am do tego wyszkolona od dzieci\u0144stwa,&#8221; z u\u015bmiechem opowiada\u0142a legendarna narciarka <a href=\"https:\/\/www.olympijskytym.cz\/athlete\/katerina-neumannova\">Kate\u0159ina Neumannov\u00e1<\/a>, mistrzyni olimpijska z <a href=\"https:\/\/www.olympijskytym.cz\/olympic\/turin-2006\">Turynu 2006<\/a>.<\/p>\n\n\n\n<p>Jako profesjonalna sportsmenka kierowa\u0142a si\u0119 \u015bci\u015ble okre\u015blonym harmonogramem: na przyk\u0142ad na \u015bniadanie sz\u0142a trzy i p\u00f3\u0142 godziny przed startem. \u201eStartowali\u015bmy rano lub najp\u00f3\u017aniej ko\u0142o po\u0142udnia, wieczorem rzadko. Czynno\u015bci przedstartowe by\u0142y \u015bci\u015ble ustalone, ka\u017cdy mia\u0142 sw\u00f3j czas i czas trwania,&#8221; opisa\u0142a Neumannov\u00e1. \u201eW moim sporcie nieprzewidywaln\u0105 zmienn\u0105 jest testowanie nart. Czasem testujesz dwie pary nart i gdy na trasie panuj\u0105 od tygodnia te same warunki, trwa to 20 minut. Ale czasem do ostatniej chwili czaruje si\u0119 z nartami, czego nie da si\u0119 zaplanowa\u0107 z wyprzedzeniem. Jednocze\u015bnie zawsze wiesz, ile czasu przed startem chcesz by\u0107 na stadionie, \u017ceby mie\u0107 sw\u00f3j spok\u00f3j.&#8221;<\/p>\n\n\n\n<h4 class=\"wp-block-heading\">Kaseta w walkmanie<\/h4>\n\n\n\n<p>\u201eMia\u0142em to bardzo podobnie jak Katka,&#8221; zauwa\u017cy\u0142 kajakarz <a href=\"https:\/\/www.olympijskytym.cz\/athlete\/martin-doktor\">Martin Doktor<\/a>, dwukrotny z\u0142oty medalista olimpijski z <a href=\"https:\/\/www.olympijskytym.cz\/olympic\/atlanta-1996\">Atlanty 1996<\/a> i dyrektor sportowy Czeskiego Komitetu Olimpijskiego. \u201ePrzez te lata dok\u0142adnie wiedzia\u0142em, ile czasu przed startem powinienem w\u0142\u0105czy\u0107 kaset\u0119 w walkmanie. Pierwsza strona zatrzymywa\u0142a si\u0119 w \u015brodku piosenki, a potem przewraca\u0142a si\u0119 na drug\u0105. Tak samo zrobi\u0142em to p\u00f3\u017aniej na MiniDiscu \u2014 nagra\u0142em te same piosenki w tej samej kolejno\u015bci,&#8221; opowiada\u0142 Doktor. \u201eJa nie by\u0142am a\u017c tak\u0105 wariatk\u0105,&#8221; zareagowa\u0142a roze\u015bmiana Neumannov\u00e1.<\/p>\n\n\n\n<p>Doktor wyja\u015bnia\u0142. \u201eJak ci si\u0119 raz uda, to potem si\u0119 tego trzymasz. Przed zawodami by\u0142em wr\u0119cz maniakiem, cho\u0107 czasem mi to nawet szkodzi\u0142o. Ale kiedy zawody mi si\u0119 uda\u0142y, my\u015bla\u0142em, \u017ce mi to strasznie pomaga,&#8221; m\u00f3wi\u0142. \u201eTiming niesie ze sob\u0105 rezultat: jem, kiedy potrzebuj\u0119, rozgrzewam si\u0119 i stawiam si\u0119 na starcie dok\u0142adnie wtedy, kiedy chc\u0119. By\u0142em przyzwyczajony, \u017ce przyje\u017cd\u017cam 500 metr\u00f3w powy\u017cej startu, zawracam i wracam. Tak idealnie wysz\u0142o mi to na przyk\u0142ad w Atlancie, ale cztery lata p\u00f3\u017aniej w Sydney zamiast zwyk\u0142ego startu o dziewi\u0105tej rano zaczynali\u015bmy o trzeciej po po\u0142udniu. Wybi\u0142o mnie to z rytmu.&#8221;<\/p>\n\n\n\n<h4 class=\"wp-block-heading\">Trz\u0119s\u0105ce si\u0119 r\u0119ce<\/h4>\n\n\n\n<p>Mistrzowie olimpijscy spr\u00f3bowali te\u017c produkcji kultowych zegark\u00f3w <a href=\"https:\/\/www.olympijskytym.cz\/partner\/prim\">Prim<\/a> we Fr\u00fddku-M\u00edstku, czyli prawdziwej pracy zegarmistrza. Czy jeste\u015bcie cierpliwi? \u201eNie. By\u0142o to wida\u0107, gdy pr\u00f3bowali\u015bmy z\u0142o\u017cy\u0107 zegarek,&#8221; \u017cartobliwie stwierdzi\u0142 Doktor po serii pr\u00f3b i b\u0142\u0119d\u00f3w. Neumannov\u00e1 doda\u0142a: \u201eNie s\u0105dz\u0119, \u017cebym by\u0142a zupe\u0142nie niecierpliwa, przypisuj\u0119 to raczej zr\u0119czno\u015bci. Podziwiam t\u0119 prac\u0119 i precyzyjn\u0105 mechanik\u0119, ale sama nie by\u0142abym w tym wystarczaj\u0105co sprawna. By\u0142o mi niezr\u0119cznie pokazywa\u0107 swoj\u0105 nieudolno\u015b\u0107 przed profesjonalistami \u2014 \u017ce nie potrafi\u0119 nawet na\u0142o\u017cy\u0107 wskaz\u00f3wki. M\u00f3wi\u0142am, \u017ce b\u0119d\u0119 wszystkich op\u00f3\u017ania\u0107.&#8221;<\/p>\n\n\n\n<p>Doktor mia\u0142 jeszcze inny pow\u00f3d: \u201eW\u0142a\u015bciwie nawet porz\u0105dnie tego nie widzia\u0142em, dali mi lup\u0119. Musia\u0142em dok\u0142adnie znale\u017a\u0107 ogniskow\u0105, w kt\u00f3rej to by\u0142o widoczne przez szk\u0142o powi\u0119kszaj\u0105ce,&#8221; opisywa\u0142. \u201eKiedy za\u0142o\u017cyli mi gumki na palce, wydawa\u0142o mi si\u0119, \u017ce wszystko si\u0119 \u015blizga. Potem chcieli, \u017cebym w\u0142o\u017cy\u0142 male\u0144ki ko\u0142ek do otworu, ale r\u0119ce mi si\u0119 trz\u0119s\u0142y\u2026&#8221;<\/p>\n\n\n\n<p>W fabryce powstaj\u0105 r\u00f3wnie\u017c zegarki, kt\u00f3re b\u0119d\u0105 towarzyszy\u0107 olimpijczykom w ich drodze do Pary\u017ca. To w\u0142a\u015bnie Neumannov\u00e1 i Doktor s\u0105 patronami limitowanej edycji zegark\u00f3w <a href=\"https:\/\/www.olympijskytym.cz\/partner\/prim\">PRIM<\/a> Czech Team Pary\u017c. Z\u0142oty kolor reprezentuje symbolik\u0119 stulecia pierwszego z\u0142otego medalu olimpijskiego dla Czechos\u0142owacji, kt\u00f3ry zdoby\u0142 <a href=\"https:\/\/www.olympijskytym.cz\/athlete\/bedrich-supcik\">Bed\u0159ich \u0160up\u010d\u00edk<\/a> w 1924 roku we wspinaczce na linie. Przypomina te\u017c og\u00f3lne znaczenie sportu dla naszego kraju. Na tarczy znajduje si\u0119 r\u00f3wnie\u017c dominuj\u0105cy element sylwetki czeskiej flagi z napisem CZE, kt\u00f3ry zdobi tak\u017ce stroje olimpijskie.<\/p>\n\n\n\n<h2 class=\"wp-block-heading\">Szcz\u0119\u015bcie kontra precyzja<\/h2>\n\n\n\n<p>A jak wypada por\u00f3wnanie precyzyjnej pracy zegarmistrza ze sportem? \u201eDo wyniku sportowego te\u017c trzeba z\u0142o\u017cy\u0107 kilka rzeczy razem. Form\u0119, warunki zewn\u0119trzne, odrobin\u0119 szcz\u0119\u015bcia\u2026&#8221; wylicza\u0142a Neumannov\u00e1. Doktor zauwa\u017cy\u0142: \u201eU mistrz\u00f3w zegarmistrzostwa nie chodzi tak bardzo o szcz\u0119\u015bcie \u2014 musz\u0105 i\u015b\u0107 na precyzj\u0119. I w odr\u00f3\u017cnieniu od sportowc\u00f3w nie maj\u0105 dziennego planu, \u017ceby nie by\u0107 pod presj\u0105, \u017ce musz\u0105 co\u015b zd\u0105\u017cy\u0107.&#8221;<\/p>\n\n\n\n<p>Potem rozmowa zn\u00f3w zesz\u0142a na czas w sporcie. \u201eNajgorsze by\u0142o czekanie przed zawodami \u2014 najch\u0119tniej wymaza\u0142abym to ze swojego \u017cycia,&#8221; podkre\u015bli\u0142a Neumannov\u00e1. \u201eM\u00f3wi\u0119 na przyk\u0142ad o popo\u0142udniach i wieczorach przed wielkimi zawodami, kiedy nie mo\u017cesz si\u0119 bawi\u0107 i jeste\u015b zamkni\u0119ty w swojej ba\u0144ce. Nie mo\u017cesz ju\u017c trenowa\u0107, musisz odpoczywa\u0107. Ze mn\u0105 nie by\u0142o \u017cadnej zabawy, by\u0142am zamkni\u0119ta w sobie.&#8221;<\/p>\n\n\n\n<p>Kiedy o tym m\u00f3wi\u0142a, Doktor ze zrozumieniem kiwa\u0142 g\u0142ow\u0105. Sam prze\u017cywa\u0142 podobne stany: \u201eWieczorem przed zawodami mia\u0142em ustalone, co robi\u0119. Wola\u0142em godzin\u0119 po\u015bwi\u0119ci\u0107 na rozci\u0105ganie, ni\u017c nad czym\u015b my\u015ble\u0107. Te\u017c si\u0119 boisz, czy uda ci si\u0119 zasn\u0105\u0107. Wiesz, \u017ce je\u015bli nie za\u015bniesz, zawody b\u0119d\u0105 do niczego. A nast\u0119pnego dnia najgorsze by\u0142o przek\u0142adanie zawod\u00f3w \u2014 gdy nie startowa\u0142o si\u0119 w pierwotnie wyznaczonym terminie, na kt\u00f3ry by\u0142em przygotowany. Nagle nic nie dzia\u0142a\u0142o tak, jak powinno, i musia\u0142em improwizowa\u0107, bo plan czasowy si\u0119 zawali\u0142.&#8221;<\/p>\n\n\n\n<p><\/p>\n\n\n\n<figure class=\"wp-block-gallery has-nested-images columns-4 is-cropped wp-block-gallery-1 is-layout-flex wp-block-gallery-is-layout-flex\">\n<figure class=\"wp-block-image size-large\"><img loading=\"lazy\" decoding=\"async\" width=\"1024\" height=\"1024\" data-id=\"25950\" src=\"https:\/\/new.prim-hodinky.cz\/wp-content\/uploads\/2025\/01\/COV-NEUMANNOVA-DOKTOR-15_1000x1000_66846287c9835-1024x1024.webp\" alt=\"\" class=\"wp-image-25950\" srcset=\"https:\/\/prim.cz\/wp-content\/uploads\/2025\/01\/COV-NEUMANNOVA-DOKTOR-15_1000x1000_66846287c9835-1024x1024.webp 1024w, https:\/\/prim.cz\/wp-content\/uploads\/2025\/01\/COV-NEUMANNOVA-DOKTOR-15_1000x1000_66846287c9835-300x300.webp 300w, https:\/\/prim.cz\/wp-content\/uploads\/2025\/01\/COV-NEUMANNOVA-DOKTOR-15_1000x1000_66846287c9835-150x150.webp 150w, https:\/\/prim.cz\/wp-content\/uploads\/2025\/01\/COV-NEUMANNOVA-DOKTOR-15_1000x1000_66846287c9835-768x768.webp 768w, https:\/\/prim.cz\/wp-content\/uploads\/2025\/01\/COV-NEUMANNOVA-DOKTOR-15_1000x1000_66846287c9835-1536x1536.webp 1536w, https:\/\/prim.cz\/wp-content\/uploads\/2025\/01\/COV-NEUMANNOVA-DOKTOR-15_1000x1000_66846287c9835.webp 1920w\" sizes=\"auto, (max-width: 1024px) 100vw, 1024px\" \/><\/figure>\n\n\n\n<figure class=\"wp-block-image size-large\"><img loading=\"lazy\" decoding=\"async\" width=\"1024\" height=\"1024\" data-id=\"25956\" src=\"https:\/\/new.prim-hodinky.cz\/wp-content\/uploads\/2025\/01\/COV-NEUMANNOVA-DOKTOR-21_1000x1000_6684628a4bb3b-1-1024x1024.webp\" alt=\"\" class=\"wp-image-25956\" srcset=\"https:\/\/prim.cz\/wp-content\/uploads\/2025\/01\/COV-NEUMANNOVA-DOKTOR-21_1000x1000_6684628a4bb3b-1-1024x1024.webp 1024w, https:\/\/prim.cz\/wp-content\/uploads\/2025\/01\/COV-NEUMANNOVA-DOKTOR-21_1000x1000_6684628a4bb3b-1-300x300.webp 300w, https:\/\/prim.cz\/wp-content\/uploads\/2025\/01\/COV-NEUMANNOVA-DOKTOR-21_1000x1000_6684628a4bb3b-1-150x150.webp 150w, https:\/\/prim.cz\/wp-content\/uploads\/2025\/01\/COV-NEUMANNOVA-DOKTOR-21_1000x1000_6684628a4bb3b-1-768x768.webp 768w, https:\/\/prim.cz\/wp-content\/uploads\/2025\/01\/COV-NEUMANNOVA-DOKTOR-21_1000x1000_6684628a4bb3b-1-1536x1536.webp 1536w, https:\/\/prim.cz\/wp-content\/uploads\/2025\/01\/COV-NEUMANNOVA-DOKTOR-21_1000x1000_6684628a4bb3b-1.webp 1920w\" sizes=\"auto, (max-width: 1024px) 100vw, 1024px\" \/><\/figure>\n\n\n\n<figure class=\"wp-block-image size-large\"><img loading=\"lazy\" decoding=\"async\" width=\"1024\" height=\"1024\" data-id=\"25954\" src=\"https:\/\/new.prim-hodinky.cz\/wp-content\/uploads\/2025\/01\/COV-NEUMANNOVA-DOKTOR-19_1000x1000_6684628add6cc-1024x1024.webp\" alt=\"\" class=\"wp-image-25954\" srcset=\"https:\/\/prim.cz\/wp-content\/uploads\/2025\/01\/COV-NEUMANNOVA-DOKTOR-19_1000x1000_6684628add6cc-1024x1024.webp 1024w, https:\/\/prim.cz\/wp-content\/uploads\/2025\/01\/COV-NEUMANNOVA-DOKTOR-19_1000x1000_6684628add6cc-300x300.webp 300w, https:\/\/prim.cz\/wp-content\/uploads\/2025\/01\/COV-NEUMANNOVA-DOKTOR-19_1000x1000_6684628add6cc-150x150.webp 150w, https:\/\/prim.cz\/wp-content\/uploads\/2025\/01\/COV-NEUMANNOVA-DOKTOR-19_1000x1000_6684628add6cc-768x768.webp 768w, https:\/\/prim.cz\/wp-content\/uploads\/2025\/01\/COV-NEUMANNOVA-DOKTOR-19_1000x1000_6684628add6cc-1536x1536.webp 1536w, https:\/\/prim.cz\/wp-content\/uploads\/2025\/01\/COV-NEUMANNOVA-DOKTOR-19_1000x1000_6684628add6cc.webp 1920w\" sizes=\"auto, (max-width: 1024px) 100vw, 1024px\" \/><\/figure>\n\n\n\n<figure class=\"wp-block-image size-large\"><img loading=\"lazy\" decoding=\"async\" width=\"1024\" height=\"1024\" data-id=\"25951\" src=\"https:\/\/new.prim-hodinky.cz\/wp-content\/uploads\/2025\/01\/COV-NEUMANNOVA-DOKTOR-06_1000x1000_66846284f3ea9-1024x1024.webp\" alt=\"\" class=\"wp-image-25951\" srcset=\"https:\/\/prim.cz\/wp-content\/uploads\/2025\/01\/COV-NEUMANNOVA-DOKTOR-06_1000x1000_66846284f3ea9-1024x1024.webp 1024w, https:\/\/prim.cz\/wp-content\/uploads\/2025\/01\/COV-NEUMANNOVA-DOKTOR-06_1000x1000_66846284f3ea9-300x300.webp 300w, https:\/\/prim.cz\/wp-content\/uploads\/2025\/01\/COV-NEUMANNOVA-DOKTOR-06_1000x1000_66846284f3ea9-150x150.webp 150w, https:\/\/prim.cz\/wp-content\/uploads\/2025\/01\/COV-NEUMANNOVA-DOKTOR-06_1000x1000_66846284f3ea9-768x768.webp 768w, https:\/\/prim.cz\/wp-content\/uploads\/2025\/01\/COV-NEUMANNOVA-DOKTOR-06_1000x1000_66846284f3ea9-1536x1536.webp 1536w, https:\/\/prim.cz\/wp-content\/uploads\/2025\/01\/COV-NEUMANNOVA-DOKTOR-06_1000x1000_66846284f3ea9.webp 1920w\" sizes=\"auto, (max-width: 1024px) 100vw, 1024px\" \/><\/figure>\n\n\n\n<figure class=\"wp-block-image size-large\"><img loading=\"lazy\" decoding=\"async\" width=\"1024\" height=\"1024\" data-id=\"25955\" src=\"https:\/\/new.prim-hodinky.cz\/wp-content\/uploads\/2025\/01\/COV-NEUMANNOVA-DOKTOR-07_1000x1000_66846284108ef-1024x1024.webp\" alt=\"\" class=\"wp-image-25955\" srcset=\"https:\/\/prim.cz\/wp-content\/uploads\/2025\/01\/COV-NEUMANNOVA-DOKTOR-07_1000x1000_66846284108ef-1024x1024.webp 1024w, https:\/\/prim.cz\/wp-content\/uploads\/2025\/01\/COV-NEUMANNOVA-DOKTOR-07_1000x1000_66846284108ef-300x300.webp 300w, https:\/\/prim.cz\/wp-content\/uploads\/2025\/01\/COV-NEUMANNOVA-DOKTOR-07_1000x1000_66846284108ef-150x150.webp 150w, https:\/\/prim.cz\/wp-content\/uploads\/2025\/01\/COV-NEUMANNOVA-DOKTOR-07_1000x1000_66846284108ef-768x768.webp 768w, https:\/\/prim.cz\/wp-content\/uploads\/2025\/01\/COV-NEUMANNOVA-DOKTOR-07_1000x1000_66846284108ef-1536x1536.webp 1536w, https:\/\/prim.cz\/wp-content\/uploads\/2025\/01\/COV-NEUMANNOVA-DOKTOR-07_1000x1000_66846284108ef.webp 1920w\" sizes=\"auto, (max-width: 1024px) 100vw, 1024px\" \/><\/figure>\n\n\n\n<figure class=\"wp-block-image size-large\"><img loading=\"lazy\" decoding=\"async\" width=\"1024\" height=\"1024\" data-id=\"25952\" src=\"https:\/\/new.prim-hodinky.cz\/wp-content\/uploads\/2025\/01\/COV-NEUMANNOVA-DOKTOR-12_1000x1000_6684628589227-1024x1024.webp\" alt=\"\" class=\"wp-image-25952\" srcset=\"https:\/\/prim.cz\/wp-content\/uploads\/2025\/01\/COV-NEUMANNOVA-DOKTOR-12_1000x1000_6684628589227-1024x1024.webp 1024w, https:\/\/prim.cz\/wp-content\/uploads\/2025\/01\/COV-NEUMANNOVA-DOKTOR-12_1000x1000_6684628589227-300x300.webp 300w, https:\/\/prim.cz\/wp-content\/uploads\/2025\/01\/COV-NEUMANNOVA-DOKTOR-12_1000x1000_6684628589227-150x150.webp 150w, https:\/\/prim.cz\/wp-content\/uploads\/2025\/01\/COV-NEUMANNOVA-DOKTOR-12_1000x1000_6684628589227-768x768.webp 768w, https:\/\/prim.cz\/wp-content\/uploads\/2025\/01\/COV-NEUMANNOVA-DOKTOR-12_1000x1000_6684628589227-1536x1536.webp 1536w, https:\/\/prim.cz\/wp-content\/uploads\/2025\/01\/COV-NEUMANNOVA-DOKTOR-12_1000x1000_6684628589227.webp 1920w\" sizes=\"auto, (max-width: 1024px) 100vw, 1024px\" \/><\/figure>\n\n\n\n<figure class=\"wp-block-image size-large\"><img loading=\"lazy\" decoding=\"async\" width=\"1024\" height=\"1024\" data-id=\"25953\" src=\"https:\/\/new.prim-hodinky.cz\/wp-content\/uploads\/2025\/01\/COV-NEUMANNOVA-DOKTOR-04_1000x1000_668462876fb2a-1024x1024.webp\" alt=\"\" class=\"wp-image-25953\" srcset=\"https:\/\/prim.cz\/wp-content\/uploads\/2025\/01\/COV-NEUMANNOVA-DOKTOR-04_1000x1000_668462876fb2a-1024x1024.webp 1024w, https:\/\/prim.cz\/wp-content\/uploads\/2025\/01\/COV-NEUMANNOVA-DOKTOR-04_1000x1000_668462876fb2a-300x300.webp 300w, https:\/\/prim.cz\/wp-content\/uploads\/2025\/01\/COV-NEUMANNOVA-DOKTOR-04_1000x1000_668462876fb2a-150x150.webp 150w, https:\/\/prim.cz\/wp-content\/uploads\/2025\/01\/COV-NEUMANNOVA-DOKTOR-04_1000x1000_668462876fb2a-768x768.webp 768w, https:\/\/prim.cz\/wp-content\/uploads\/2025\/01\/COV-NEUMANNOVA-DOKTOR-04_1000x1000_668462876fb2a-1536x1536.webp 1536w, https:\/\/prim.cz\/wp-content\/uploads\/2025\/01\/COV-NEUMANNOVA-DOKTOR-04_1000x1000_668462876fb2a.webp 1920w\" sizes=\"auto, (max-width: 1024px) 100vw, 1024px\" \/><\/figure>\n<\/figure>\n","protected":false},"featured_media":0,"template":"","meta":{"_acf_changed":false,"_link_to_original":""},"class_list":["post-44421","aktualita","type-aktualita","status-publish","hentry"],"acf":[],"yoast_head":"<!-- This site is optimized with the Yoast SEO plugin v26.9 - https:\/\/yoast.com\/product\/yoast-seo-wordpress\/ -->\n<title>Czas w sporcie. Najgorsze by\u0142y wieczory przed zawodami, wspominaj\u0105 mistrzowie olimpijscy - PRIM.cz - origin\u00e1ln\u00ed \u010desk\u00e9 p\u00e1nsk\u00e9, d\u00e1msk\u00e9, d\u011btsk\u00e9 hodinky a hodiny<\/title>\n<meta name=\"robots\" content=\"index, follow, max-snippet:-1, max-image-preview:large, max-video-preview:-1\" \/>\n<link rel=\"canonical\" href=\"https:\/\/prim.cz\/pl\/aktualita\/czas-w-sporcie-najgorsze-byly-wieczory-przed-zawodami-wspominaja-mistrzowie-olimpijscy\/\" \/>\n<meta property=\"og:locale\" content=\"pl_PL\" \/>\n<meta property=\"og:type\" content=\"article\" \/>\n<meta property=\"og:title\" content=\"Czas w sporcie. Najgorsze by\u0142y wieczory przed zawodami, wspominaj\u0105 mistrzowie olimpijscy - PRIM.cz - origin\u00e1ln\u00ed \u010desk\u00e9 p\u00e1nsk\u00e9, d\u00e1msk\u00e9, d\u011btsk\u00e9 hodinky a hodiny\" \/>\n<meta property=\"og:description\" content=\"Trzy, dwa, jeden\u2026 Ostatnie sekundy odliczane do startu zawod\u00f3w s\u0105 nieub\u0142agane. Ale co dzieje si\u0119 wcze\u015bniej? \u201eWszystko mieli\u015bmy zaplanowane co do minuty,&#8221; wspominali mistrzowie olimpijscy Kate\u0159ina Neumannov\u00e1 i Martin Doktor po wizycie w fabryce marki zegarkowej Prim, jednego z dostawc\u00f3w Czeskiego Komitetu Olimpijskiego. \u201eKiedy zako\u0144czy\u0142am karier\u0119, jednym z moich pierwszych postanowie\u0144 by\u0142o to, \u017ce nigdy [&hellip;]\" \/>\n<meta property=\"og:url\" content=\"https:\/\/prim.cz\/pl\/aktualita\/czas-w-sporcie-najgorsze-byly-wieczory-przed-zawodami-wspominaja-mistrzowie-olimpijscy\/\" \/>\n<meta property=\"og:site_name\" content=\"PRIM.cz - origin\u00e1ln\u00ed \u010desk\u00e9 p\u00e1nsk\u00e9, d\u00e1msk\u00e9, d\u011btsk\u00e9 hodinky a hodiny\" \/>\n<meta property=\"article:modified_time\" content=\"2026-03-16T12:07:08+00:00\" \/>\n<meta property=\"og:image\" content=\"https:\/\/prim.cz\/wp-content\/uploads\/2025\/01\/COV-NEUMANNOVA-DOKTOR-15_1000x1000_66846287c9835.webp\" \/>\n\t<meta property=\"og:image:width\" content=\"1920\" \/>\n\t<meta property=\"og:image:height\" content=\"1920\" \/>\n\t<meta property=\"og:image:type\" content=\"image\/webp\" \/>\n<meta name=\"twitter:card\" content=\"summary_large_image\" \/>\n<meta name=\"twitter:label1\" content=\"Szacowany czas czytania\" \/>\n\t<meta name=\"twitter:data1\" content=\"5 minut\" \/>\n<script type=\"application\/ld+json\" class=\"yoast-schema-graph\">{\"@context\":\"https:\/\/schema.org\",\"@graph\":[{\"@type\":\"WebPage\",\"@id\":\"https:\/\/prim.cz\/pl\/aktualita\/czas-w-sporcie-najgorsze-byly-wieczory-przed-zawodami-wspominaja-mistrzowie-olimpijscy\/\",\"url\":\"https:\/\/prim.cz\/pl\/aktualita\/czas-w-sporcie-najgorsze-byly-wieczory-przed-zawodami-wspominaja-mistrzowie-olimpijscy\/\",\"name\":\"Czas w sporcie. Najgorsze by\u0142y wieczory przed zawodami, wspominaj\u0105 mistrzowie olimpijscy - PRIM.cz - origin\u00e1ln\u00ed \u010desk\u00e9 p\u00e1nsk\u00e9, d\u00e1msk\u00e9, d\u011btsk\u00e9 hodinky a hodiny\",\"isPartOf\":{\"@id\":\"https:\/\/prim.cz\/en\/#website\"},\"primaryImageOfPage\":{\"@id\":\"https:\/\/prim.cz\/pl\/aktualita\/czas-w-sporcie-najgorsze-byly-wieczory-przed-zawodami-wspominaja-mistrzowie-olimpijscy\/#primaryimage\"},\"image\":{\"@id\":\"https:\/\/prim.cz\/pl\/aktualita\/czas-w-sporcie-najgorsze-byly-wieczory-przed-zawodami-wspominaja-mistrzowie-olimpijscy\/#primaryimage\"},\"thumbnailUrl\":\"https:\/\/new.prim-hodinky.cz\/wp-content\/uploads\/2025\/01\/COV-NEUMANNOVA-DOKTOR-15_1000x1000_66846287c9835-1024x1024.webp\",\"datePublished\":\"2025-01-23T07:23:40+00:00\",\"dateModified\":\"2026-03-16T12:07:08+00:00\",\"breadcrumb\":{\"@id\":\"https:\/\/prim.cz\/pl\/aktualita\/czas-w-sporcie-najgorsze-byly-wieczory-przed-zawodami-wspominaja-mistrzowie-olimpijscy\/#breadcrumb\"},\"inLanguage\":\"pl-PL\",\"potentialAction\":[{\"@type\":\"ReadAction\",\"target\":[\"https:\/\/prim.cz\/pl\/aktualita\/czas-w-sporcie-najgorsze-byly-wieczory-przed-zawodami-wspominaja-mistrzowie-olimpijscy\/\"]}]},{\"@type\":\"ImageObject\",\"inLanguage\":\"pl-PL\",\"@id\":\"https:\/\/prim.cz\/pl\/aktualita\/czas-w-sporcie-najgorsze-byly-wieczory-przed-zawodami-wspominaja-mistrzowie-olimpijscy\/#primaryimage\",\"url\":\"https:\/\/new.prim-hodinky.cz\/wp-content\/uploads\/2025\/01\/COV-NEUMANNOVA-DOKTOR-15_1000x1000_66846287c9835-1024x1024.webp\",\"contentUrl\":\"https:\/\/new.prim-hodinky.cz\/wp-content\/uploads\/2025\/01\/COV-NEUMANNOVA-DOKTOR-15_1000x1000_66846287c9835-1024x1024.webp\"},{\"@type\":\"BreadcrumbList\",\"@id\":\"https:\/\/prim.cz\/pl\/aktualita\/czas-w-sporcie-najgorsze-byly-wieczory-przed-zawodami-wspominaja-mistrzowie-olimpijscy\/#breadcrumb\",\"itemListElement\":[{\"@type\":\"ListItem\",\"position\":1,\"name\":\"Dom\u016f\",\"item\":\"https:\/\/prim.cz\/pl\/\"},{\"@type\":\"ListItem\",\"position\":2,\"name\":\"Czas w sporcie. Najgorsze by\u0142y wieczory przed zawodami, wspominaj\u0105 mistrzowie olimpijscy\"}]},{\"@type\":\"WebSite\",\"@id\":\"https:\/\/prim.cz\/en\/#website\",\"url\":\"https:\/\/prim.cz\/en\/\",\"name\":\"PRIM - origin\u00e1ln\u00ed \u010desk\u00e9 p\u00e1nsk\u00e9, d\u00e1msk\u00e9, d\u011btsk\u00e9 hodinky a hodiny\",\"description\":\"Nakupujte p\u0159\u00edmo u v\u00fdrobce! Origin\u00e1ln\u00ed eshop s kompletn\u00edm sortimentem \u010desk\u00fdch hodinek PRIM.\",\"alternateName\":\"prim.cz\",\"potentialAction\":[{\"@type\":\"SearchAction\",\"target\":{\"@type\":\"EntryPoint\",\"urlTemplate\":\"https:\/\/prim.cz\/en\/?s={search_term_string}\"},\"query-input\":{\"@type\":\"PropertyValueSpecification\",\"valueRequired\":true,\"valueName\":\"search_term_string\"}}],\"inLanguage\":\"pl-PL\"}]}<\/script>\n<!-- \/ Yoast SEO plugin. -->","yoast_head_json":{"title":"Czas w sporcie. Najgorsze by\u0142y wieczory przed zawodami, wspominaj\u0105 mistrzowie olimpijscy - PRIM.cz - origin\u00e1ln\u00ed \u010desk\u00e9 p\u00e1nsk\u00e9, d\u00e1msk\u00e9, d\u011btsk\u00e9 hodinky a hodiny","robots":{"index":"index","follow":"follow","max-snippet":"max-snippet:-1","max-image-preview":"max-image-preview:large","max-video-preview":"max-video-preview:-1"},"canonical":"https:\/\/prim.cz\/pl\/aktualita\/czas-w-sporcie-najgorsze-byly-wieczory-przed-zawodami-wspominaja-mistrzowie-olimpijscy\/","og_locale":"pl_PL","og_type":"article","og_title":"Czas w sporcie. Najgorsze by\u0142y wieczory przed zawodami, wspominaj\u0105 mistrzowie olimpijscy - PRIM.cz - origin\u00e1ln\u00ed \u010desk\u00e9 p\u00e1nsk\u00e9, d\u00e1msk\u00e9, d\u011btsk\u00e9 hodinky a hodiny","og_description":"Trzy, dwa, jeden\u2026 Ostatnie sekundy odliczane do startu zawod\u00f3w s\u0105 nieub\u0142agane. Ale co dzieje si\u0119 wcze\u015bniej? \u201eWszystko mieli\u015bmy zaplanowane co do minuty,&#8221; wspominali mistrzowie olimpijscy Kate\u0159ina Neumannov\u00e1 i Martin Doktor po wizycie w fabryce marki zegarkowej Prim, jednego z dostawc\u00f3w Czeskiego Komitetu Olimpijskiego. \u201eKiedy zako\u0144czy\u0142am karier\u0119, jednym z moich pierwszych postanowie\u0144 by\u0142o to, \u017ce nigdy [&hellip;]","og_url":"https:\/\/prim.cz\/pl\/aktualita\/czas-w-sporcie-najgorsze-byly-wieczory-przed-zawodami-wspominaja-mistrzowie-olimpijscy\/","og_site_name":"PRIM.cz - origin\u00e1ln\u00ed \u010desk\u00e9 p\u00e1nsk\u00e9, d\u00e1msk\u00e9, d\u011btsk\u00e9 hodinky a hodiny","article_modified_time":"2026-03-16T12:07:08+00:00","og_image":[{"width":1920,"height":1920,"url":"https:\/\/prim.cz\/wp-content\/uploads\/2025\/01\/COV-NEUMANNOVA-DOKTOR-15_1000x1000_66846287c9835.webp","type":"image\/webp"}],"twitter_card":"summary_large_image","twitter_misc":{"Szacowany czas czytania":"5 minut"},"schema":{"@context":"https:\/\/schema.org","@graph":[{"@type":"WebPage","@id":"https:\/\/prim.cz\/pl\/aktualita\/czas-w-sporcie-najgorsze-byly-wieczory-przed-zawodami-wspominaja-mistrzowie-olimpijscy\/","url":"https:\/\/prim.cz\/pl\/aktualita\/czas-w-sporcie-najgorsze-byly-wieczory-przed-zawodami-wspominaja-mistrzowie-olimpijscy\/","name":"Czas w sporcie. Najgorsze by\u0142y wieczory przed zawodami, wspominaj\u0105 mistrzowie olimpijscy - PRIM.cz - origin\u00e1ln\u00ed \u010desk\u00e9 p\u00e1nsk\u00e9, d\u00e1msk\u00e9, d\u011btsk\u00e9 hodinky a hodiny","isPartOf":{"@id":"https:\/\/prim.cz\/en\/#website"},"primaryImageOfPage":{"@id":"https:\/\/prim.cz\/pl\/aktualita\/czas-w-sporcie-najgorsze-byly-wieczory-przed-zawodami-wspominaja-mistrzowie-olimpijscy\/#primaryimage"},"image":{"@id":"https:\/\/prim.cz\/pl\/aktualita\/czas-w-sporcie-najgorsze-byly-wieczory-przed-zawodami-wspominaja-mistrzowie-olimpijscy\/#primaryimage"},"thumbnailUrl":"https:\/\/new.prim-hodinky.cz\/wp-content\/uploads\/2025\/01\/COV-NEUMANNOVA-DOKTOR-15_1000x1000_66846287c9835-1024x1024.webp","datePublished":"2025-01-23T07:23:40+00:00","dateModified":"2026-03-16T12:07:08+00:00","breadcrumb":{"@id":"https:\/\/prim.cz\/pl\/aktualita\/czas-w-sporcie-najgorsze-byly-wieczory-przed-zawodami-wspominaja-mistrzowie-olimpijscy\/#breadcrumb"},"inLanguage":"pl-PL","potentialAction":[{"@type":"ReadAction","target":["https:\/\/prim.cz\/pl\/aktualita\/czas-w-sporcie-najgorsze-byly-wieczory-przed-zawodami-wspominaja-mistrzowie-olimpijscy\/"]}]},{"@type":"ImageObject","inLanguage":"pl-PL","@id":"https:\/\/prim.cz\/pl\/aktualita\/czas-w-sporcie-najgorsze-byly-wieczory-przed-zawodami-wspominaja-mistrzowie-olimpijscy\/#primaryimage","url":"https:\/\/new.prim-hodinky.cz\/wp-content\/uploads\/2025\/01\/COV-NEUMANNOVA-DOKTOR-15_1000x1000_66846287c9835-1024x1024.webp","contentUrl":"https:\/\/new.prim-hodinky.cz\/wp-content\/uploads\/2025\/01\/COV-NEUMANNOVA-DOKTOR-15_1000x1000_66846287c9835-1024x1024.webp"},{"@type":"BreadcrumbList","@id":"https:\/\/prim.cz\/pl\/aktualita\/czas-w-sporcie-najgorsze-byly-wieczory-przed-zawodami-wspominaja-mistrzowie-olimpijscy\/#breadcrumb","itemListElement":[{"@type":"ListItem","position":1,"name":"Dom\u016f","item":"https:\/\/prim.cz\/pl\/"},{"@type":"ListItem","position":2,"name":"Czas w sporcie. Najgorsze by\u0142y wieczory przed zawodami, wspominaj\u0105 mistrzowie olimpijscy"}]},{"@type":"WebSite","@id":"https:\/\/prim.cz\/en\/#website","url":"https:\/\/prim.cz\/en\/","name":"PRIM - origin\u00e1ln\u00ed \u010desk\u00e9 p\u00e1nsk\u00e9, d\u00e1msk\u00e9, d\u011btsk\u00e9 hodinky a hodiny","description":"Nakupujte p\u0159\u00edmo u v\u00fdrobce! Origin\u00e1ln\u00ed eshop s kompletn\u00edm sortimentem \u010desk\u00fdch hodinek PRIM.","alternateName":"prim.cz","potentialAction":[{"@type":"SearchAction","target":{"@type":"EntryPoint","urlTemplate":"https:\/\/prim.cz\/en\/?s={search_term_string}"},"query-input":{"@type":"PropertyValueSpecification","valueRequired":true,"valueName":"search_term_string"}}],"inLanguage":"pl-PL"}]}},"wpml_current_locale":"pl_PL","wpml_translations":{"cs_CZ":{"locale":"cs_CZ","id":25948,"slug":"cas-ve-sportu-nejhorsi-byly-vecery-pred-zavody-vzpominaji-olympijsti-vitezove","post_title":"\u010cas ve sportu. Nejhor\u0161\u00ed byly ve\u010dery p\u0159ed z\u00e1vody, vzpom\u00ednaj\u00ed olympij\u0161t\u00ed v\u00edt\u011bzov\u00e9","href":"https:\/\/prim.cz\/aktualita\/cas-ve-sportu-nejhorsi-byly-vecery-pred-zavody-vzpominaji-olympijsti-vitezove\/"},"sk_SK":{"locale":"sk_SK","id":44420,"slug":"cas-v-sporte-najhorsie-boli-vecery-pred-pretekmi-spominaju-olympijski-vitazi","post_title":"\u010cas v \u0161porte. Najhor\u0161ie boli ve\u010dery pred pretekmi, spom\u00ednaj\u00fa olympijsk\u00ed v\u00ed\u0165azi","href":"https:\/\/prim.cz\/sk\/aktualita\/cas-v-sporte-najhorsie-boli-vecery-pred-pretekmi-spominaju-olympijski-vitazi\/"},"pl_PL":{"locale":"pl_PL","translation":"current"},"en_US":{"locale":"en_US","id":44405,"slug":"time-in-sport-the-worst-were-the-evenings-before-races-recall-olympic-champions","post_title":"Time in Sport. The Worst Were the Evenings Before Races, Recall Olympic Champions","href":"https:\/\/prim.cz\/en\/aktualita\/time-in-sport-the-worst-were-the-evenings-before-races-recall-olympic-champions\/"}},"_links":{"self":[{"href":"https:\/\/prim.cz\/pl\/wp-json\/wp\/v2\/aktualita\/44421","targetHints":{"allow":["GET"]}}],"collection":[{"href":"https:\/\/prim.cz\/pl\/wp-json\/wp\/v2\/aktualita"}],"about":[{"href":"https:\/\/prim.cz\/pl\/wp-json\/wp\/v2\/types\/aktualita"}],"wp:attachment":[{"href":"https:\/\/prim.cz\/pl\/wp-json\/wp\/v2\/media?parent=44421"}],"curies":[{"name":"wp","href":"https:\/\/api.w.org\/{rel}","templated":true}]}}