{"id":44419,"date":"2024-04-30T23:23:19","date_gmt":"2024-04-30T21:23:19","guid":{"rendered":"https:\/\/prim.cz\/aktualita\/tgr-czech-na-festiwalu-toyota-and-lexus\/"},"modified":"2026-03-16T13:07:05","modified_gmt":"2026-03-16T12:07:05","slug":"tgr-czech-na-festiwalu-toyota-and-lexus","status":"publish","type":"aktualita","link":"https:\/\/prim.cz\/pl\/aktualita\/tgr-czech-na-festiwalu-toyota-and-lexus\/","title":{"rendered":"TGR Czech na festiwalu Toyota and Lexus"},"content":{"rendered":"\n<p>Silne porywy wiatru, grad, lekki deszcz, ulewny deszcz, bezwietrzna pogoda, niebieskie niebo sk\u0105pane w s\u0142o\u0144cu \u2014 s\u0142owem typowa kwietniowa pogoda nie zepsu\u0142a wspania\u0142ej atmosfery pierwszej edycji festiwalu mobilno\u015bci Toyota Lexus.<\/p>\n\n\n\n<p>Poligon na lotnisku w Hradcu Kr\u00e1lov\u00e9 by\u0142 gospodarzem najwi\u0119kszego wydarzenia Toyoty Republika Czeska z niesamowit\u0105 prezentacj\u0105 wszystkich modeli najwi\u0119kszego producenta samochod\u00f3w na \u015bwiecie. Pere\u0142k\u0105 doskonale przygotowanej imprezy dla klient\u00f3w korporacyjnych by\u0142 dakarowy specja\u0142 zespo\u0142u TGR Czech \u2014 Toyota Hilux GR T1+. Kilkudziesi\u0119ciu \u015bmia\u0142k\u00f3w mog\u0142o usi\u0105\u015b\u0107 w tym wyj\u0105tkowym poje\u017adzie i na w\u0142asnej sk\u00f3rze poczu\u0107 przedsmak jazdy w wymagaj\u0105cym terenie z pilotem Tom\u00e1\u0161em Ou\u0159edn\u00ed\u010dkiem.<\/p>\n\n\n\n<figure class=\"wp-block-gallery has-nested-images columns-default is-cropped wp-block-gallery-1 is-layout-flex wp-block-gallery-is-layout-flex\">\n<figure class=\"wp-block-image size-large\"><img loading=\"lazy\" decoding=\"async\" width=\"1000\" height=\"1000\" data-id=\"26004\" src=\"https:\/\/new.prim-hodinky.cz\/wp-content\/uploads\/2024\/04\/download-22-1000x1000-1.webp\" alt=\"\" class=\"wp-image-26004\" srcset=\"https:\/\/prim.cz\/wp-content\/uploads\/2024\/04\/download-22-1000x1000-1.webp 1000w, https:\/\/prim.cz\/wp-content\/uploads\/2024\/04\/download-22-1000x1000-1-300x300.webp 300w, https:\/\/prim.cz\/wp-content\/uploads\/2024\/04\/download-22-1000x1000-1-150x150.webp 150w, https:\/\/prim.cz\/wp-content\/uploads\/2024\/04\/download-22-1000x1000-1-768x768.webp 768w\" sizes=\"auto, (max-width: 1000px) 100vw, 1000px\" \/><\/figure>\n\n\n\n<figure class=\"wp-block-image size-large\"><img loading=\"lazy\" decoding=\"async\" width=\"1000\" height=\"1000\" data-id=\"26005\" src=\"https:\/\/new.prim-hodinky.cz\/wp-content\/uploads\/2024\/04\/download-12-1000x1000-1.webp\" alt=\"\" class=\"wp-image-26005\" srcset=\"https:\/\/prim.cz\/wp-content\/uploads\/2024\/04\/download-12-1000x1000-1.webp 1000w, https:\/\/prim.cz\/wp-content\/uploads\/2024\/04\/download-12-1000x1000-1-300x300.webp 300w, https:\/\/prim.cz\/wp-content\/uploads\/2024\/04\/download-12-1000x1000-1-150x150.webp 150w, https:\/\/prim.cz\/wp-content\/uploads\/2024\/04\/download-12-1000x1000-1-768x768.webp 768w\" sizes=\"auto, (max-width: 1000px) 100vw, 1000px\" \/><\/figure>\n\n\n\n<figure class=\"wp-block-image size-large\"><img loading=\"lazy\" decoding=\"async\" width=\"1000\" height=\"1000\" data-id=\"26006\" src=\"https:\/\/new.prim-hodinky.cz\/wp-content\/uploads\/2024\/04\/download-2-1000x1000-1.webp\" alt=\"\" class=\"wp-image-26006\" srcset=\"https:\/\/prim.cz\/wp-content\/uploads\/2024\/04\/download-2-1000x1000-1.webp 1000w, https:\/\/prim.cz\/wp-content\/uploads\/2024\/04\/download-2-1000x1000-1-300x300.webp 300w, https:\/\/prim.cz\/wp-content\/uploads\/2024\/04\/download-2-1000x1000-1-150x150.webp 150w, https:\/\/prim.cz\/wp-content\/uploads\/2024\/04\/download-2-1000x1000-1-768x768.webp 768w\" sizes=\"auto, (max-width: 1000px) 100vw, 1000px\" \/><\/figure>\n\n\n\n<figure class=\"wp-block-image size-large\"><img loading=\"lazy\" decoding=\"async\" width=\"1000\" height=\"1000\" data-id=\"26008\" src=\"https:\/\/new.prim-hodinky.cz\/wp-content\/uploads\/2024\/04\/download-3-1000x1000-1.webp\" alt=\"\" class=\"wp-image-26008\" srcset=\"https:\/\/prim.cz\/wp-content\/uploads\/2024\/04\/download-3-1000x1000-1.webp 1000w, https:\/\/prim.cz\/wp-content\/uploads\/2024\/04\/download-3-1000x1000-1-300x300.webp 300w, https:\/\/prim.cz\/wp-content\/uploads\/2024\/04\/download-3-1000x1000-1-150x150.webp 150w, https:\/\/prim.cz\/wp-content\/uploads\/2024\/04\/download-3-1000x1000-1-768x768.webp 768w\" sizes=\"auto, (max-width: 1000px) 100vw, 1000px\" \/><\/figure>\n\n\n\n<figure class=\"wp-block-image size-full\"><img loading=\"lazy\" decoding=\"async\" width=\"1000\" height=\"1000\" data-id=\"26007\" src=\"https:\/\/new.prim-hodinky.cz\/wp-content\/uploads\/2024\/04\/download-6-1000x1000-1.webp\" alt=\"\" class=\"wp-image-26007\" srcset=\"https:\/\/prim.cz\/wp-content\/uploads\/2024\/04\/download-6-1000x1000-1.webp 1000w, https:\/\/prim.cz\/wp-content\/uploads\/2024\/04\/download-6-1000x1000-1-300x300.webp 300w, https:\/\/prim.cz\/wp-content\/uploads\/2024\/04\/download-6-1000x1000-1-150x150.webp 150w, https:\/\/prim.cz\/wp-content\/uploads\/2024\/04\/download-6-1000x1000-1-768x768.webp 768w\" sizes=\"auto, (max-width: 1000px) 100vw, 1000px\" \/><\/figure>\n<\/figure>\n\n\n\n<p>\u201eZ wielu moich nowych wsp\u00f3\u0142pasa\u017cer\u00f3w pocz\u0105tkowo wyczuwa\u0142em wielki szacunek i troch\u0119 obaw, kt\u00f3re ust\u0105pi\u0142y miejsca ogromnemu entuzjazmowi po dotarciu do mety wymagaj\u0105cej trasy terenowej&#8221; \u2014 skomentowa\u0142 Tom\u00e1\u0161 Ou\u0159edn\u00ed\u010dek intensywne trzy dni w Hradcu. Go\u015bcie cieszyli si\u0119 pi\u0119knym d\u017awi\u0119kiem silnika Lexus V8 oraz skokami i efektownymi przejazdami przez zakr\u0119ty. Odwiedzaj\u0105cy mogli dok\u0142adnie obejrze\u0107 technik\u0119 wy\u015bcigow\u0105 i towarzysz\u0105c\u0105 oraz pos\u0142ucha\u0107 \u015bwie\u017cych relacji z Rajdu Dakar. Zainteresowanie wzbudzi\u0142 tak\u017ce starszy dakarowy pojazd zespo\u0142owy Toyota Land Cruiser, kt\u00f3ry przez dwa dni pilotowa\u0142 legendarny Martin Kolom\u00fd, a p\u00f3\u017aniej zast\u0105pi\u0142 go David K\u0159\u00edpal.<\/p>\n\n\n\n<figure class=\"wp-block-gallery has-nested-images columns-default is-cropped wp-block-gallery-2 is-layout-flex wp-block-gallery-is-layout-flex\">\n<figure class=\"wp-block-image size-large\"><img loading=\"lazy\" decoding=\"async\" width=\"1000\" height=\"1000\" data-id=\"26011\" src=\"https:\/\/new.prim-hodinky.cz\/wp-content\/uploads\/2024\/04\/download-9-1000x1000-1.webp\" alt=\"\" class=\"wp-image-26011\" srcset=\"https:\/\/prim.cz\/wp-content\/uploads\/2024\/04\/download-9-1000x1000-1.webp 1000w, https:\/\/prim.cz\/wp-content\/uploads\/2024\/04\/download-9-1000x1000-1-300x300.webp 300w, https:\/\/prim.cz\/wp-content\/uploads\/2024\/04\/download-9-1000x1000-1-150x150.webp 150w, https:\/\/prim.cz\/wp-content\/uploads\/2024\/04\/download-9-1000x1000-1-768x768.webp 768w\" sizes=\"auto, (max-width: 1000px) 100vw, 1000px\" \/><\/figure>\n\n\n\n<figure class=\"wp-block-image size-large\"><img loading=\"lazy\" decoding=\"async\" width=\"1000\" height=\"1000\" data-id=\"26012\" src=\"https:\/\/new.prim-hodinky.cz\/wp-content\/uploads\/2024\/04\/download-16-1000x1000-1.webp\" alt=\"\" class=\"wp-image-26012\" srcset=\"https:\/\/prim.cz\/wp-content\/uploads\/2024\/04\/download-16-1000x1000-1.webp 1000w, https:\/\/prim.cz\/wp-content\/uploads\/2024\/04\/download-16-1000x1000-1-300x300.webp 300w, https:\/\/prim.cz\/wp-content\/uploads\/2024\/04\/download-16-1000x1000-1-150x150.webp 150w, https:\/\/prim.cz\/wp-content\/uploads\/2024\/04\/download-16-1000x1000-1-768x768.webp 768w\" sizes=\"auto, (max-width: 1000px) 100vw, 1000px\" \/><\/figure>\n\n\n\n<figure class=\"wp-block-image size-large\"><img loading=\"lazy\" decoding=\"async\" width=\"1000\" height=\"1000\" data-id=\"26013\" src=\"https:\/\/new.prim-hodinky.cz\/wp-content\/uploads\/2024\/04\/download-17-1000x1000-1.webp\" alt=\"\" class=\"wp-image-26013\" srcset=\"https:\/\/prim.cz\/wp-content\/uploads\/2024\/04\/download-17-1000x1000-1.webp 1000w, https:\/\/prim.cz\/wp-content\/uploads\/2024\/04\/download-17-1000x1000-1-300x300.webp 300w, https:\/\/prim.cz\/wp-content\/uploads\/2024\/04\/download-17-1000x1000-1-150x150.webp 150w, https:\/\/prim.cz\/wp-content\/uploads\/2024\/04\/download-17-1000x1000-1-768x768.webp 768w\" sizes=\"auto, (max-width: 1000px) 100vw, 1000px\" \/><\/figure>\n\n\n\n<figure class=\"wp-block-image size-large\"><img loading=\"lazy\" decoding=\"async\" width=\"1000\" height=\"1000\" data-id=\"26014\" src=\"https:\/\/new.prim-hodinky.cz\/wp-content\/uploads\/2024\/04\/download-19-1000x1000-1.webp\" alt=\"\" class=\"wp-image-26014\" srcset=\"https:\/\/prim.cz\/wp-content\/uploads\/2024\/04\/download-19-1000x1000-1.webp 1000w, https:\/\/prim.cz\/wp-content\/uploads\/2024\/04\/download-19-1000x1000-1-300x300.webp 300w, https:\/\/prim.cz\/wp-content\/uploads\/2024\/04\/download-19-1000x1000-1-150x150.webp 150w, https:\/\/prim.cz\/wp-content\/uploads\/2024\/04\/download-19-1000x1000-1-768x768.webp 768w\" sizes=\"auto, (max-width: 1000px) 100vw, 1000px\" \/><\/figure>\n\n\n\n<figure class=\"wp-block-image size-large\"><img loading=\"lazy\" decoding=\"async\" width=\"1000\" height=\"1000\" data-id=\"26010\" src=\"https:\/\/new.prim-hodinky.cz\/wp-content\/uploads\/2024\/04\/download-1000x1000-1.webp\" alt=\"\" class=\"wp-image-26010\" srcset=\"https:\/\/prim.cz\/wp-content\/uploads\/2024\/04\/download-1000x1000-1.webp 1000w, https:\/\/prim.cz\/wp-content\/uploads\/2024\/04\/download-1000x1000-1-300x300.webp 300w, https:\/\/prim.cz\/wp-content\/uploads\/2024\/04\/download-1000x1000-1-150x150.webp 150w, https:\/\/prim.cz\/wp-content\/uploads\/2024\/04\/download-1000x1000-1-768x768.webp 768w\" sizes=\"auto, (max-width: 1000px) 100vw, 1000px\" \/><\/figure>\n<\/figure>\n\n\n\n<p>\u201e<em>Kiedy przyjechali\u015bmy i zobaczy\u0142em ponad 80 wystawionych samochod\u00f3w Toyota i Lexus, dos\u0142ownie opad\u0142a mi szcz\u0119ka. To by\u0142o absolutnie wyj\u0105tkowe wydarzenie, gdzie mo\u017cna by\u0142o przetestowa\u0107 wszystkie samochody ze wszystkimi rodzajami nap\u0119d\u00f3w i obejrze\u0107 r\u00f3\u017cne modyfikacje i przer\u00f3bki. Mog\u0142em te\u017c usi\u0105\u015b\u0107 w najnowszej Toyocie Yaris Rally 2 od HS automobil. Ze wstrzymanym oddechem cieszyli\u015bmy si\u0119 odwa\u017cnym pokazem akrobatycznym fenomenalnego pilota Petra Kopfsteina, kt\u00f3ry p\u00f3\u017aniej przejecha\u0142 si\u0119 ze mn\u0105 w wy\u015bcigowym Hiluxie. Spotkali\u015bmy wielu sportowc\u00f3w olimpijskich i wybitne osobisto\u015bci. Ciesz\u0119 si\u0119, \u017ce nasz zesp\u00f3\u0142 m\u00f3g\u0142 przyczyni\u0107 si\u0119 do pozytywnego nastroju ca\u0142ej imprezy, a co wi\u0119cej, zyskali\u015bmy wielu nowych fan\u00f3w Dakaru.<\/em>&#8221; Z u\u015bmiechem doda\u0142 pilot Tom\u00e1\u0161 Ou\u0159edn\u00ed\u010dek.<\/p>\n\n\n\n<p><strong>Zesp\u00f3\u0142 Toyota Gazoo Racing Czech cieszy si\u0119 teraz na kolejne spotkania z fanami:<\/strong><\/p>\n\n\n\n<ul class=\"wp-block-list\">\n<li>27 \u2013 28.05 w Humpolcu, Mistrzostwa Czech w autokrosie \u2014 <strong>mo\u017cna wygra\u0107 przeja\u017cd\u017ck\u0119<\/strong>.<\/li>\n\n\n\n<li>01.05 Dzie\u0144 Lotnictwa w N\u00e1m\u011b\u0161ti \u2014 oczekuje si\u0119 30 000 odwiedzaj\u0105cych<\/li>\n\n\n\n<li>04 \u2013 06.05 Z\u00e1meck\u00fd vrch, gdzie Toyota Hilux b\u0119dzie w akcji<br>!! mo\u017cna wygra\u0107 przeja\u017cd\u017ck\u0119 !!<\/li>\n\n\n\n<li>11.05 \u2014 Maj\u00e1les Brno<\/li>\n\n\n\n<li>31.05 \u2013 02.06 Festiwal motoryzacyjny Legendy Praha<\/li>\n<\/ul>\n\n\n\n<figure class=\"wp-block-image size-full\"><img loading=\"lazy\" decoding=\"async\" width=\"1000\" height=\"1000\" src=\"https:\/\/new.prim-hodinky.cz\/wp-content\/uploads\/2024\/04\/download-27-1000x1000-1.jpg\" alt=\"\" class=\"wp-image-26015\" srcset=\"https:\/\/prim.cz\/wp-content\/uploads\/2024\/04\/download-27-1000x1000-1.jpg 1000w, https:\/\/prim.cz\/wp-content\/uploads\/2024\/04\/download-27-1000x1000-1-300x300.jpg 300w, https:\/\/prim.cz\/wp-content\/uploads\/2024\/04\/download-27-1000x1000-1-150x150.jpg 150w, https:\/\/prim.cz\/wp-content\/uploads\/2024\/04\/download-27-1000x1000-1-768x768.jpg 768w\" sizes=\"auto, (max-width: 1000px) 100vw, 1000px\" \/><\/figure>\n","protected":false},"featured_media":0,"template":"","meta":{"_acf_changed":false,"_link_to_original":""},"class_list":["post-44419","aktualita","type-aktualita","status-publish","hentry"],"acf":[],"yoast_head":"<!-- This site is optimized with the Yoast SEO plugin v26.9 - https:\/\/yoast.com\/product\/yoast-seo-wordpress\/ -->\n<title>TGR Czech na festiwalu Toyota and Lexus - PRIM.cz - origin\u00e1ln\u00ed \u010desk\u00e9 p\u00e1nsk\u00e9, d\u00e1msk\u00e9, d\u011btsk\u00e9 hodinky a hodiny<\/title>\n<meta name=\"robots\" content=\"index, follow, max-snippet:-1, max-image-preview:large, max-video-preview:-1\" \/>\n<link rel=\"canonical\" href=\"https:\/\/prim.cz\/pl\/aktualita\/tgr-czech-na-festiwalu-toyota-and-lexus\/\" \/>\n<meta property=\"og:locale\" content=\"pl_PL\" \/>\n<meta property=\"og:type\" content=\"article\" \/>\n<meta property=\"og:title\" content=\"TGR Czech na festiwalu Toyota and Lexus - PRIM.cz - origin\u00e1ln\u00ed \u010desk\u00e9 p\u00e1nsk\u00e9, d\u00e1msk\u00e9, d\u011btsk\u00e9 hodinky a hodiny\" \/>\n<meta property=\"og:description\" content=\"Silne porywy wiatru, grad, lekki deszcz, ulewny deszcz, bezwietrzna pogoda, niebieskie niebo sk\u0105pane w s\u0142o\u0144cu \u2014 s\u0142owem typowa kwietniowa pogoda nie zepsu\u0142a wspania\u0142ej atmosfery pierwszej edycji festiwalu mobilno\u015bci Toyota Lexus. Poligon na lotnisku w Hradcu Kr\u00e1lov\u00e9 by\u0142 gospodarzem najwi\u0119kszego wydarzenia Toyoty Republika Czeska z niesamowit\u0105 prezentacj\u0105 wszystkich modeli najwi\u0119kszego producenta samochod\u00f3w na \u015bwiecie. Pere\u0142k\u0105 doskonale [&hellip;]\" \/>\n<meta property=\"og:url\" content=\"https:\/\/prim.cz\/pl\/aktualita\/tgr-czech-na-festiwalu-toyota-and-lexus\/\" \/>\n<meta property=\"og:site_name\" content=\"PRIM.cz - origin\u00e1ln\u00ed \u010desk\u00e9 p\u00e1nsk\u00e9, d\u00e1msk\u00e9, d\u011btsk\u00e9 hodinky a hodiny\" \/>\n<meta property=\"article:modified_time\" content=\"2026-03-16T12:07:05+00:00\" \/>\n<meta property=\"og:image\" content=\"https:\/\/prim.cz\/wp-content\/uploads\/2024\/04\/download-22-1000x1000-1.webp\" \/>\n\t<meta property=\"og:image:width\" content=\"1000\" \/>\n\t<meta property=\"og:image:height\" content=\"1000\" \/>\n\t<meta property=\"og:image:type\" content=\"image\/webp\" \/>\n<meta name=\"twitter:card\" content=\"summary_large_image\" \/>\n<meta name=\"twitter:label1\" content=\"Szacowany czas czytania\" \/>\n\t<meta name=\"twitter:data1\" content=\"2 minuty\" \/>\n<script type=\"application\/ld+json\" class=\"yoast-schema-graph\">{\"@context\":\"https:\/\/schema.org\",\"@graph\":[{\"@type\":\"WebPage\",\"@id\":\"https:\/\/prim.cz\/pl\/aktualita\/tgr-czech-na-festiwalu-toyota-and-lexus\/\",\"url\":\"https:\/\/prim.cz\/pl\/aktualita\/tgr-czech-na-festiwalu-toyota-and-lexus\/\",\"name\":\"TGR Czech na festiwalu Toyota and Lexus - PRIM.cz - origin\u00e1ln\u00ed \u010desk\u00e9 p\u00e1nsk\u00e9, d\u00e1msk\u00e9, d\u011btsk\u00e9 hodinky a hodiny\",\"isPartOf\":{\"@id\":\"https:\/\/prim.cz\/en\/#website\"},\"primaryImageOfPage\":{\"@id\":\"https:\/\/prim.cz\/pl\/aktualita\/tgr-czech-na-festiwalu-toyota-and-lexus\/#primaryimage\"},\"image\":{\"@id\":\"https:\/\/prim.cz\/pl\/aktualita\/tgr-czech-na-festiwalu-toyota-and-lexus\/#primaryimage\"},\"thumbnailUrl\":\"https:\/\/new.prim-hodinky.cz\/wp-content\/uploads\/2024\/04\/download-22-1000x1000-1.webp\",\"datePublished\":\"2024-04-30T21:23:19+00:00\",\"dateModified\":\"2026-03-16T12:07:05+00:00\",\"breadcrumb\":{\"@id\":\"https:\/\/prim.cz\/pl\/aktualita\/tgr-czech-na-festiwalu-toyota-and-lexus\/#breadcrumb\"},\"inLanguage\":\"pl-PL\",\"potentialAction\":[{\"@type\":\"ReadAction\",\"target\":[\"https:\/\/prim.cz\/pl\/aktualita\/tgr-czech-na-festiwalu-toyota-and-lexus\/\"]}]},{\"@type\":\"ImageObject\",\"inLanguage\":\"pl-PL\",\"@id\":\"https:\/\/prim.cz\/pl\/aktualita\/tgr-czech-na-festiwalu-toyota-and-lexus\/#primaryimage\",\"url\":\"https:\/\/new.prim-hodinky.cz\/wp-content\/uploads\/2024\/04\/download-22-1000x1000-1.webp\",\"contentUrl\":\"https:\/\/new.prim-hodinky.cz\/wp-content\/uploads\/2024\/04\/download-22-1000x1000-1.webp\"},{\"@type\":\"BreadcrumbList\",\"@id\":\"https:\/\/prim.cz\/pl\/aktualita\/tgr-czech-na-festiwalu-toyota-and-lexus\/#breadcrumb\",\"itemListElement\":[{\"@type\":\"ListItem\",\"position\":1,\"name\":\"Dom\u016f\",\"item\":\"https:\/\/prim.cz\/pl\/\"},{\"@type\":\"ListItem\",\"position\":2,\"name\":\"TGR Czech na festiwalu Toyota and Lexus\"}]},{\"@type\":\"WebSite\",\"@id\":\"https:\/\/prim.cz\/en\/#website\",\"url\":\"https:\/\/prim.cz\/en\/\",\"name\":\"PRIM - origin\u00e1ln\u00ed \u010desk\u00e9 p\u00e1nsk\u00e9, d\u00e1msk\u00e9, d\u011btsk\u00e9 hodinky a hodiny\",\"description\":\"Nakupujte p\u0159\u00edmo u v\u00fdrobce! Origin\u00e1ln\u00ed eshop s kompletn\u00edm sortimentem \u010desk\u00fdch hodinek PRIM.\",\"alternateName\":\"prim.cz\",\"potentialAction\":[{\"@type\":\"SearchAction\",\"target\":{\"@type\":\"EntryPoint\",\"urlTemplate\":\"https:\/\/prim.cz\/en\/?s={search_term_string}\"},\"query-input\":{\"@type\":\"PropertyValueSpecification\",\"valueRequired\":true,\"valueName\":\"search_term_string\"}}],\"inLanguage\":\"pl-PL\"}]}<\/script>\n<!-- \/ Yoast SEO plugin. -->","yoast_head_json":{"title":"TGR Czech na festiwalu Toyota and Lexus - PRIM.cz - origin\u00e1ln\u00ed \u010desk\u00e9 p\u00e1nsk\u00e9, d\u00e1msk\u00e9, d\u011btsk\u00e9 hodinky a hodiny","robots":{"index":"index","follow":"follow","max-snippet":"max-snippet:-1","max-image-preview":"max-image-preview:large","max-video-preview":"max-video-preview:-1"},"canonical":"https:\/\/prim.cz\/pl\/aktualita\/tgr-czech-na-festiwalu-toyota-and-lexus\/","og_locale":"pl_PL","og_type":"article","og_title":"TGR Czech na festiwalu Toyota and Lexus - PRIM.cz - origin\u00e1ln\u00ed \u010desk\u00e9 p\u00e1nsk\u00e9, d\u00e1msk\u00e9, d\u011btsk\u00e9 hodinky a hodiny","og_description":"Silne porywy wiatru, grad, lekki deszcz, ulewny deszcz, bezwietrzna pogoda, niebieskie niebo sk\u0105pane w s\u0142o\u0144cu \u2014 s\u0142owem typowa kwietniowa pogoda nie zepsu\u0142a wspania\u0142ej atmosfery pierwszej edycji festiwalu mobilno\u015bci Toyota Lexus. Poligon na lotnisku w Hradcu Kr\u00e1lov\u00e9 by\u0142 gospodarzem najwi\u0119kszego wydarzenia Toyoty Republika Czeska z niesamowit\u0105 prezentacj\u0105 wszystkich modeli najwi\u0119kszego producenta samochod\u00f3w na \u015bwiecie. Pere\u0142k\u0105 doskonale [&hellip;]","og_url":"https:\/\/prim.cz\/pl\/aktualita\/tgr-czech-na-festiwalu-toyota-and-lexus\/","og_site_name":"PRIM.cz - origin\u00e1ln\u00ed \u010desk\u00e9 p\u00e1nsk\u00e9, d\u00e1msk\u00e9, d\u011btsk\u00e9 hodinky a hodiny","article_modified_time":"2026-03-16T12:07:05+00:00","og_image":[{"width":1000,"height":1000,"url":"https:\/\/prim.cz\/wp-content\/uploads\/2024\/04\/download-22-1000x1000-1.webp","type":"image\/webp"}],"twitter_card":"summary_large_image","twitter_misc":{"Szacowany czas czytania":"2 minuty"},"schema":{"@context":"https:\/\/schema.org","@graph":[{"@type":"WebPage","@id":"https:\/\/prim.cz\/pl\/aktualita\/tgr-czech-na-festiwalu-toyota-and-lexus\/","url":"https:\/\/prim.cz\/pl\/aktualita\/tgr-czech-na-festiwalu-toyota-and-lexus\/","name":"TGR Czech na festiwalu Toyota and Lexus - PRIM.cz - origin\u00e1ln\u00ed \u010desk\u00e9 p\u00e1nsk\u00e9, d\u00e1msk\u00e9, d\u011btsk\u00e9 hodinky a hodiny","isPartOf":{"@id":"https:\/\/prim.cz\/en\/#website"},"primaryImageOfPage":{"@id":"https:\/\/prim.cz\/pl\/aktualita\/tgr-czech-na-festiwalu-toyota-and-lexus\/#primaryimage"},"image":{"@id":"https:\/\/prim.cz\/pl\/aktualita\/tgr-czech-na-festiwalu-toyota-and-lexus\/#primaryimage"},"thumbnailUrl":"https:\/\/new.prim-hodinky.cz\/wp-content\/uploads\/2024\/04\/download-22-1000x1000-1.webp","datePublished":"2024-04-30T21:23:19+00:00","dateModified":"2026-03-16T12:07:05+00:00","breadcrumb":{"@id":"https:\/\/prim.cz\/pl\/aktualita\/tgr-czech-na-festiwalu-toyota-and-lexus\/#breadcrumb"},"inLanguage":"pl-PL","potentialAction":[{"@type":"ReadAction","target":["https:\/\/prim.cz\/pl\/aktualita\/tgr-czech-na-festiwalu-toyota-and-lexus\/"]}]},{"@type":"ImageObject","inLanguage":"pl-PL","@id":"https:\/\/prim.cz\/pl\/aktualita\/tgr-czech-na-festiwalu-toyota-and-lexus\/#primaryimage","url":"https:\/\/new.prim-hodinky.cz\/wp-content\/uploads\/2024\/04\/download-22-1000x1000-1.webp","contentUrl":"https:\/\/new.prim-hodinky.cz\/wp-content\/uploads\/2024\/04\/download-22-1000x1000-1.webp"},{"@type":"BreadcrumbList","@id":"https:\/\/prim.cz\/pl\/aktualita\/tgr-czech-na-festiwalu-toyota-and-lexus\/#breadcrumb","itemListElement":[{"@type":"ListItem","position":1,"name":"Dom\u016f","item":"https:\/\/prim.cz\/pl\/"},{"@type":"ListItem","position":2,"name":"TGR Czech na festiwalu Toyota and Lexus"}]},{"@type":"WebSite","@id":"https:\/\/prim.cz\/en\/#website","url":"https:\/\/prim.cz\/en\/","name":"PRIM - origin\u00e1ln\u00ed \u010desk\u00e9 p\u00e1nsk\u00e9, d\u00e1msk\u00e9, d\u011btsk\u00e9 hodinky a hodiny","description":"Nakupujte p\u0159\u00edmo u v\u00fdrobce! Origin\u00e1ln\u00ed eshop s kompletn\u00edm sortimentem \u010desk\u00fdch hodinek PRIM.","alternateName":"prim.cz","potentialAction":[{"@type":"SearchAction","target":{"@type":"EntryPoint","urlTemplate":"https:\/\/prim.cz\/en\/?s={search_term_string}"},"query-input":{"@type":"PropertyValueSpecification","valueRequired":true,"valueName":"search_term_string"}}],"inLanguage":"pl-PL"}]}},"wpml_current_locale":"pl_PL","wpml_translations":{"cs_CZ":{"locale":"cs_CZ","id":11500,"slug":"tgr-czech-na-festivalu-toyota-and-lexus","post_title":"TGR Czech na festivalu Toyota and Lexus","href":"https:\/\/prim.cz\/aktualita\/tgr-czech-na-festivalu-toyota-and-lexus\/"},"sk_SK":{"locale":"sk_SK","id":44416,"slug":"tgr-czech-na-festivale-toyota-and-lexus","post_title":"TGR Czech na festivale Toyota and Lexus","href":"https:\/\/prim.cz\/sk\/aktualita\/tgr-czech-na-festivale-toyota-and-lexus\/"},"pl_PL":{"locale":"pl_PL","translation":"current"},"en_US":{"locale":"en_US","id":44401,"slug":"tgr-czech-at-the-toyota-and-lexus-festival","post_title":"TGR Czech at the Toyota and Lexus Festival","href":"https:\/\/prim.cz\/en\/aktualita\/tgr-czech-at-the-toyota-and-lexus-festival\/"}},"_links":{"self":[{"href":"https:\/\/prim.cz\/pl\/wp-json\/wp\/v2\/aktualita\/44419","targetHints":{"allow":["GET"]}}],"collection":[{"href":"https:\/\/prim.cz\/pl\/wp-json\/wp\/v2\/aktualita"}],"about":[{"href":"https:\/\/prim.cz\/pl\/wp-json\/wp\/v2\/types\/aktualita"}],"wp:attachment":[{"href":"https:\/\/prim.cz\/pl\/wp-json\/wp\/v2\/media?parent=44419"}],"curies":[{"name":"wp","href":"https:\/\/api.w.org\/{rel}","templated":true}]}}