{"id":44415,"date":"2024-03-04T23:19:00","date_gmt":"2024-03-04T22:19:00","guid":{"rendered":"https:\/\/prim.cz\/aktualita\/motosalon-2024-pl\/"},"modified":"2026-03-16T13:06:51","modified_gmt":"2026-03-16T12:06:51","slug":"motosalon-2024-pl","status":"publish","type":"aktualita","link":"https:\/\/prim.cz\/pl\/aktualita\/motosalon-2024-pl\/","title":{"rendered":"Motosalon 2024"},"content":{"rendered":"\n<p>Dwa pawilony&nbsp;P&nbsp;i&nbsp;F&nbsp;by\u0142y wype\u0142nione ekspozycjami z&nbsp;wystawionymi motocyklami, quadami i&nbsp;akcesoriami. W&nbsp;trzeciej hali atrakcji&nbsp;G1 z&nbsp;podtytu\u0142em \u201ePrzyjd\u017a si\u0119&nbsp;przejecha\u0107&#8221; odwiedzaj\u0105cy mogli poje\u017adzi\u0107 na&nbsp;nowych modelach&nbsp;BMW. W&nbsp;ostatniej czwartej hali Z&nbsp;pod&nbsp;nazw\u0105&nbsp;Burger&nbsp;Festival&nbsp;ARENA&nbsp;wszystkich czeka\u0142 smaczny \u201emotocyklowy&#8221; pocz\u0119stunek. A&nbsp;porz\u0105dna zabawa by\u0142a te\u017c&nbsp;na zewn\u0105trz \u2014 zamiast jednej powierzchni do jazdy, by\u0142y tu obl\u0119\u017cone przez odwiedzaj\u0105cych a\u017c dwie&nbsp;areny&nbsp;stunt&nbsp;rider\u00f3w z&nbsp;programem towarzysz\u0105cym pe\u0142nym dzikich sztuczek na&nbsp;motocyklach.<\/p>\n\n\n\n<p class=\"has-text-align-left\"><strong>Parada motocyklowa i&nbsp;otwarcie z&nbsp;udzia\u0142em znamienitych go\u015bci&nbsp;<\/strong><\/p>\n\n\n\n<p>Przy d\u017awi\u0119kach klakson\u00f3w i&nbsp;ryku silnik\u00f3w do&nbsp;pawilonu&nbsp;F&nbsp;przyjechali uczestnicy parady motocyklowej spo\u015br\u00f3d znamienitych go\u015bci, znanych osobisto\u015bci, zawodnik\u00f3w i&nbsp;kaskader\u00f3w. T\u0142umy odwiedzaj\u0105cych przywitali dyrektor generalny Targ\u00f3w Brno Jan Kubata, prezydent miasta statutowego Brna Mark\u00e9ta Va\u0148kov\u00e1, wiceminister transportu Republiki Czeskiej V\u00e1clav Bernard, hetman Kraju Po\u0142udniowomorawskiego Jan&nbsp;Grolich, pierwszy zast\u0119pca prezydenta policji Tom\u00e1\u0161&nbsp;Lerch, dyrektor Komendy Wojew\u00f3dzkiej Policji Kraju Po\u0142udniowomorawskiego Leo\u0161 Tr\u017eil, przewodnicz\u0105cy sekcji motocyklowej Zwi\u0105zku Importer\u00f3w Samochod\u00f3w Petr Kraj\u010da oraz&nbsp;kierownik samodzielnego wydzia\u0142u&nbsp;BESIP&nbsp;ministerstwa transportu Tom\u00e1\u0161&nbsp;Ne\u0159old.<\/p>\n\n\n\n<p>Po powitaniach go\u015bci nowy sezon motocyklowy pob\u0142ogos\u0142awili przedstawiciele Ko\u015bcio\u0142a rzymskokatolickiego, proboszczowie&nbsp;Romuald&nbsp;\u0160t\u011bp\u00e1n Rob i&nbsp;Pavel&nbsp;Laz\u00e1rek. Wype\u0142nion\u0105 widowni\u0119 pozdrowili tak\u017ce aktorzy David Mat\u00e1sek, Pavel Li\u0161ka, piosenkarz Kamil St\u0159ihavka oraz&nbsp;motocyklowe ikony Pepa Sr\u0161e\u0148,&nbsp;<strong>Ollie&nbsp;Rou\u010dkov\u00e1 \u2013&nbsp;Czech&nbsp;Samurais&nbsp;team<\/strong>, Veronika&nbsp;Hankocyov\u00e1, Katka Jandov\u00e1, M\u00edra Lis\u00fd, Adam&nbsp;Peschl, Karel Abraham i&nbsp;Igor&nbsp;Brezovar. \u201e<em>Dzi\u0119ki skuterowi pozna\u0142em swoj\u0105 \u017con\u0119. To dla mnie nie tylko styl \u017cycia, ale i&nbsp;pasja. Bez motocykla nie wyobra\u017cam sobie ju\u017c \u017cycia,<\/em>&#8221; opisa\u0142 sw\u00f3j stosunek do&nbsp;motocykli David Mat\u00e1sek, kt\u00f3ry&nbsp;by\u0142 tak\u017ce g\u0142\u00f3wn\u0105 twarz\u0105 tegorocznej edycji.<\/p>\n\n\n\n<p><strong>Film z parady:<\/strong>&nbsp;<a href=\"https:\/\/youtu.be\/pk_EDaPwoOg?si=SVTac8MeFa1YB_0y\" target=\"_blank\" rel=\"noreferrer noopener\">https:\/\/youtu.be\/pk_EDaPwoOg?si=SVTac8MeFa1YB_0y<\/a><\/p>\n\n\n\n<p><strong>Martin P\u00edsa\u0159\u00edk,&nbsp;Ollie&nbsp;Rou\u010dkov\u00e1, M\u00edra Lis\u00fd, David&nbsp;Pabi\u0161ka&nbsp;i&nbsp;Milan&nbsp;Engel&nbsp;\u015bcigali si\u0119 na zabytkowych motocyklach!<\/strong><\/p>\n\n\n\n<p>Wszyscy uczestnicy wy\u015bcigu zabytkowych motocykli osobisto\u015bci&nbsp;VIP&nbsp;zacz\u0119li od wyboru motocykli. Na&nbsp;Ollie&nbsp;czeka\u0142 pi\u0119kny wy\u015bcigowy specja\u0142&nbsp;RS&nbsp;Mustang, Milan&nbsp;Engel&nbsp;i&nbsp;David&nbsp;Pabi\u0161ka&nbsp;dosiedli ikoniczne&nbsp;Fichtle, M\u00edra Lis\u00fd zakocha\u0142 si\u0119 w&nbsp;pi\u0119knej czarnej&nbsp;\u010c\u00e9Zecie,&nbsp;a&nbsp;na&nbsp;Martina P\u00edsa\u0159\u00edka zosta\u0142a bladoniebieska \u201e\u015awinia&#8221;.&nbsp; Po&nbsp;szybkim przeszkoleniu na&nbsp;tych specja\u0142ach wszyscy ruszyli na&nbsp;tor wy\u015bcigowy w&nbsp;Show Arenie. Slalom by\u0142 nieco trudniejszy, wi\u0119c konieczna by\u0142a pomoc poprzednik\u00f3w z ekipy&nbsp;Ogar\u00f3w.<\/p>\n\n\n\n<p class=\"has-text-align-left\">Ollie Rou\u010dkov\u00e1<br>Czech Samurais team<\/p>\n\n\n\n<p><a href=\"http:\/\/www.rouckova.cz\/\" target=\"_blank\" rel=\"noreferrer noopener\">www.rouckova.cz<\/a><br>+420774720519<\/p>\n","protected":false},"featured_media":0,"template":"","meta":{"_acf_changed":false,"_link_to_original":""},"class_list":["post-44415","aktualita","type-aktualita","status-publish","hentry"],"acf":[],"yoast_head":"<!-- This site is optimized with the Yoast SEO plugin v26.9 - https:\/\/yoast.com\/product\/yoast-seo-wordpress\/ -->\n<title>Motosalon 2024 - PRIM.cz - origin\u00e1ln\u00ed \u010desk\u00e9 p\u00e1nsk\u00e9, d\u00e1msk\u00e9, d\u011btsk\u00e9 hodinky a hodiny<\/title>\n<meta name=\"robots\" content=\"index, follow, max-snippet:-1, max-image-preview:large, max-video-preview:-1\" \/>\n<link rel=\"canonical\" href=\"https:\/\/prim.cz\/pl\/aktualita\/motosalon-2024-pl\/\" \/>\n<meta property=\"og:locale\" content=\"pl_PL\" \/>\n<meta property=\"og:type\" content=\"article\" \/>\n<meta property=\"og:title\" content=\"Motosalon 2024 - PRIM.cz - origin\u00e1ln\u00ed \u010desk\u00e9 p\u00e1nsk\u00e9, d\u00e1msk\u00e9, d\u011btsk\u00e9 hodinky a hodiny\" \/>\n<meta property=\"og:description\" content=\"Dwa pawilony&nbsp;P&nbsp;i&nbsp;F&nbsp;by\u0142y wype\u0142nione ekspozycjami z&nbsp;wystawionymi motocyklami, quadami i&nbsp;akcesoriami. W&nbsp;trzeciej hali atrakcji&nbsp;G1 z&nbsp;podtytu\u0142em \u201ePrzyjd\u017a si\u0119&nbsp;przejecha\u0107&#8221; odwiedzaj\u0105cy mogli poje\u017adzi\u0107 na&nbsp;nowych modelach&nbsp;BMW. W&nbsp;ostatniej czwartej hali Z&nbsp;pod&nbsp;nazw\u0105&nbsp;Burger&nbsp;Festival&nbsp;ARENA&nbsp;wszystkich czeka\u0142 smaczny \u201emotocyklowy&#8221; pocz\u0119stunek. A&nbsp;porz\u0105dna zabawa by\u0142a te\u017c&nbsp;na zewn\u0105trz \u2014 zamiast jednej powierzchni do jazdy, by\u0142y tu obl\u0119\u017cone przez odwiedzaj\u0105cych a\u017c dwie&nbsp;areny&nbsp;stunt&nbsp;rider\u00f3w z&nbsp;programem towarzysz\u0105cym pe\u0142nym dzikich sztuczek na&nbsp;motocyklach. Parada motocyklowa i&nbsp;otwarcie z&nbsp;udzia\u0142em [&hellip;]\" \/>\n<meta property=\"og:url\" content=\"https:\/\/prim.cz\/pl\/aktualita\/motosalon-2024-pl\/\" \/>\n<meta property=\"og:site_name\" content=\"PRIM.cz - origin\u00e1ln\u00ed \u010desk\u00e9 p\u00e1nsk\u00e9, d\u00e1msk\u00e9, d\u011btsk\u00e9 hodinky a hodiny\" \/>\n<meta property=\"article:modified_time\" content=\"2026-03-16T12:06:51+00:00\" \/>\n<meta name=\"twitter:card\" content=\"summary_large_image\" \/>\n<meta name=\"twitter:label1\" content=\"Szacowany czas czytania\" \/>\n\t<meta name=\"twitter:data1\" content=\"3 minuty\" \/>\n<script type=\"application\/ld+json\" class=\"yoast-schema-graph\">{\"@context\":\"https:\/\/schema.org\",\"@graph\":[{\"@type\":\"WebPage\",\"@id\":\"https:\/\/prim.cz\/pl\/aktualita\/motosalon-2024-pl\/\",\"url\":\"https:\/\/prim.cz\/pl\/aktualita\/motosalon-2024-pl\/\",\"name\":\"Motosalon 2024 - PRIM.cz - origin\u00e1ln\u00ed \u010desk\u00e9 p\u00e1nsk\u00e9, d\u00e1msk\u00e9, d\u011btsk\u00e9 hodinky a hodiny\",\"isPartOf\":{\"@id\":\"https:\/\/prim.cz\/en\/#website\"},\"datePublished\":\"2024-03-04T22:19:00+00:00\",\"dateModified\":\"2026-03-16T12:06:51+00:00\",\"breadcrumb\":{\"@id\":\"https:\/\/prim.cz\/pl\/aktualita\/motosalon-2024-pl\/#breadcrumb\"},\"inLanguage\":\"pl-PL\",\"potentialAction\":[{\"@type\":\"ReadAction\",\"target\":[\"https:\/\/prim.cz\/pl\/aktualita\/motosalon-2024-pl\/\"]}]},{\"@type\":\"BreadcrumbList\",\"@id\":\"https:\/\/prim.cz\/pl\/aktualita\/motosalon-2024-pl\/#breadcrumb\",\"itemListElement\":[{\"@type\":\"ListItem\",\"position\":1,\"name\":\"Dom\u016f\",\"item\":\"https:\/\/prim.cz\/pl\/\"},{\"@type\":\"ListItem\",\"position\":2,\"name\":\"Motosalon 2024\"}]},{\"@type\":\"WebSite\",\"@id\":\"https:\/\/prim.cz\/en\/#website\",\"url\":\"https:\/\/prim.cz\/en\/\",\"name\":\"PRIM - origin\u00e1ln\u00ed \u010desk\u00e9 p\u00e1nsk\u00e9, d\u00e1msk\u00e9, d\u011btsk\u00e9 hodinky a hodiny\",\"description\":\"Nakupujte p\u0159\u00edmo u v\u00fdrobce! Origin\u00e1ln\u00ed eshop s kompletn\u00edm sortimentem \u010desk\u00fdch hodinek PRIM.\",\"alternateName\":\"prim.cz\",\"potentialAction\":[{\"@type\":\"SearchAction\",\"target\":{\"@type\":\"EntryPoint\",\"urlTemplate\":\"https:\/\/prim.cz\/en\/?s={search_term_string}\"},\"query-input\":{\"@type\":\"PropertyValueSpecification\",\"valueRequired\":true,\"valueName\":\"search_term_string\"}}],\"inLanguage\":\"pl-PL\"}]}<\/script>\n<!-- \/ Yoast SEO plugin. -->","yoast_head_json":{"title":"Motosalon 2024 - PRIM.cz - origin\u00e1ln\u00ed \u010desk\u00e9 p\u00e1nsk\u00e9, d\u00e1msk\u00e9, d\u011btsk\u00e9 hodinky a hodiny","robots":{"index":"index","follow":"follow","max-snippet":"max-snippet:-1","max-image-preview":"max-image-preview:large","max-video-preview":"max-video-preview:-1"},"canonical":"https:\/\/prim.cz\/pl\/aktualita\/motosalon-2024-pl\/","og_locale":"pl_PL","og_type":"article","og_title":"Motosalon 2024 - PRIM.cz - origin\u00e1ln\u00ed \u010desk\u00e9 p\u00e1nsk\u00e9, d\u00e1msk\u00e9, d\u011btsk\u00e9 hodinky a hodiny","og_description":"Dwa pawilony&nbsp;P&nbsp;i&nbsp;F&nbsp;by\u0142y wype\u0142nione ekspozycjami z&nbsp;wystawionymi motocyklami, quadami i&nbsp;akcesoriami. W&nbsp;trzeciej hali atrakcji&nbsp;G1 z&nbsp;podtytu\u0142em \u201ePrzyjd\u017a si\u0119&nbsp;przejecha\u0107&#8221; odwiedzaj\u0105cy mogli poje\u017adzi\u0107 na&nbsp;nowych modelach&nbsp;BMW. W&nbsp;ostatniej czwartej hali Z&nbsp;pod&nbsp;nazw\u0105&nbsp;Burger&nbsp;Festival&nbsp;ARENA&nbsp;wszystkich czeka\u0142 smaczny \u201emotocyklowy&#8221; pocz\u0119stunek. A&nbsp;porz\u0105dna zabawa by\u0142a te\u017c&nbsp;na zewn\u0105trz \u2014 zamiast jednej powierzchni do jazdy, by\u0142y tu obl\u0119\u017cone przez odwiedzaj\u0105cych a\u017c dwie&nbsp;areny&nbsp;stunt&nbsp;rider\u00f3w z&nbsp;programem towarzysz\u0105cym pe\u0142nym dzikich sztuczek na&nbsp;motocyklach. Parada motocyklowa i&nbsp;otwarcie z&nbsp;udzia\u0142em [&hellip;]","og_url":"https:\/\/prim.cz\/pl\/aktualita\/motosalon-2024-pl\/","og_site_name":"PRIM.cz - origin\u00e1ln\u00ed \u010desk\u00e9 p\u00e1nsk\u00e9, d\u00e1msk\u00e9, d\u011btsk\u00e9 hodinky a hodiny","article_modified_time":"2026-03-16T12:06:51+00:00","twitter_card":"summary_large_image","twitter_misc":{"Szacowany czas czytania":"3 minuty"},"schema":{"@context":"https:\/\/schema.org","@graph":[{"@type":"WebPage","@id":"https:\/\/prim.cz\/pl\/aktualita\/motosalon-2024-pl\/","url":"https:\/\/prim.cz\/pl\/aktualita\/motosalon-2024-pl\/","name":"Motosalon 2024 - PRIM.cz - origin\u00e1ln\u00ed \u010desk\u00e9 p\u00e1nsk\u00e9, d\u00e1msk\u00e9, d\u011btsk\u00e9 hodinky a hodiny","isPartOf":{"@id":"https:\/\/prim.cz\/en\/#website"},"datePublished":"2024-03-04T22:19:00+00:00","dateModified":"2026-03-16T12:06:51+00:00","breadcrumb":{"@id":"https:\/\/prim.cz\/pl\/aktualita\/motosalon-2024-pl\/#breadcrumb"},"inLanguage":"pl-PL","potentialAction":[{"@type":"ReadAction","target":["https:\/\/prim.cz\/pl\/aktualita\/motosalon-2024-pl\/"]}]},{"@type":"BreadcrumbList","@id":"https:\/\/prim.cz\/pl\/aktualita\/motosalon-2024-pl\/#breadcrumb","itemListElement":[{"@type":"ListItem","position":1,"name":"Dom\u016f","item":"https:\/\/prim.cz\/pl\/"},{"@type":"ListItem","position":2,"name":"Motosalon 2024"}]},{"@type":"WebSite","@id":"https:\/\/prim.cz\/en\/#website","url":"https:\/\/prim.cz\/en\/","name":"PRIM - origin\u00e1ln\u00ed \u010desk\u00e9 p\u00e1nsk\u00e9, d\u00e1msk\u00e9, d\u011btsk\u00e9 hodinky a hodiny","description":"Nakupujte p\u0159\u00edmo u v\u00fdrobce! Origin\u00e1ln\u00ed eshop s kompletn\u00edm sortimentem \u010desk\u00fdch hodinek PRIM.","alternateName":"prim.cz","potentialAction":[{"@type":"SearchAction","target":{"@type":"EntryPoint","urlTemplate":"https:\/\/prim.cz\/en\/?s={search_term_string}"},"query-input":{"@type":"PropertyValueSpecification","valueRequired":true,"valueName":"search_term_string"}}],"inLanguage":"pl-PL"}]}},"wpml_current_locale":"pl_PL","wpml_translations":{"cs_CZ":{"locale":"cs_CZ","id":11490,"slug":"motosalon-2024","post_title":"Motosalon 2024","href":"https:\/\/prim.cz\/aktualita\/motosalon-2024\/"},"sk_SK":{"locale":"sk_SK","id":44410,"slug":"motosalon-2024-sk","post_title":"Motosalon 2024","href":"https:\/\/prim.cz\/sk\/aktualita\/motosalon-2024-sk\/"},"pl_PL":{"locale":"pl_PL","translation":"current"},"en_US":{"locale":"en_US","id":44397,"slug":"motosalon-2024-en","post_title":"Motosalon 2024","href":"https:\/\/prim.cz\/en\/aktualita\/motosalon-2024-en\/"}},"_links":{"self":[{"href":"https:\/\/prim.cz\/pl\/wp-json\/wp\/v2\/aktualita\/44415","targetHints":{"allow":["GET"]}}],"collection":[{"href":"https:\/\/prim.cz\/pl\/wp-json\/wp\/v2\/aktualita"}],"about":[{"href":"https:\/\/prim.cz\/pl\/wp-json\/wp\/v2\/types\/aktualita"}],"wp:attachment":[{"href":"https:\/\/prim.cz\/pl\/wp-json\/wp\/v2\/media?parent=44415"}],"curies":[{"name":"wp","href":"https:\/\/api.w.org\/{rel}","templated":true}]}}