{"id":44412,"date":"2023-09-25T23:15:00","date_gmt":"2023-09-25T21:15:00","guid":{"rendered":"https:\/\/prim.cz\/aktualita\/czech-tour-2023-pl\/"},"modified":"2026-03-16T13:06:54","modified_gmt":"2026-03-16T12:06:54","slug":"czech-tour-2023-pl","status":"publish","type":"aktualita","link":"https:\/\/prim.cz\/pl\/aktualita\/czech-tour-2023-pl\/","title":{"rendered":"Czech Tour 2023"},"content":{"rendered":"\n<p><strong>Sensacyjne trzecie miejsce w klasyfikacji generalnej, rywalizuj\u0105c z trzema ekipami World Tour i wieloma doskona\u0142ymi formacjami kategorii UCI ProTeams, wywalczy\u0142 Jakub Otruba podczas Czech Tour 2023. Ostatni raz czeski kolarstwo mia\u0142o reprezentacj\u0119 na podium w klasyfikacji ko\u0144cowej w 2019 roku, kiedy br\u0105zow\u0105 pozycj\u0119 r\u00f3wnie\u017c zaj\u0105\u0142 Michael Kukrle. \u201eTo jest perfekcyjne,&#8221; cieszy\u0142 si\u0119 dwudziestopi\u0119cioletni rodowity mieszkaniec O\u0142omu\u0144ca, nale\u017c\u0105cy do sk\u0142adu ATT Investments.<\/strong><\/p>\n\n\n\n<p>\u201eOstatni miesi\u0105c jest naprawd\u0119 wspania\u0142y. Mam nadziej\u0119, \u017ce to mnie posunie do przodu,&#8221; cieszy\u0142 si\u0119 Jakub Otruba po tym, jak finiszowa\u0142 dziewi\u0105ty w ko\u0144cowym czwartym etapie.<\/p>\n\n\n\n<p>A tu\u017c przed met\u0105 na w\u0142asnej sk\u00f3rze do\u015bwiadczy\u0142 twardo\u015bci bruku na rynku w \u0160ternberku. \u201eJecha\u0142em o czwarte miejsce. Ostatnie okr\u0105\u017cenia peda\u0142owa\u0142em na pe\u0142nych obrotach, staraj\u0105c si\u0119 dojecha\u0107 do mety w\u015br\u00f3d czo\u0142\u00f3wki. Nie zwraca\u0142em uwagi, kto jest na jakiej pozycji. Ale przez w\u0142asny b\u0142\u0105d rower po\u015blizgn\u0105\u0142 mi si\u0119 na bruku w ostatnim zakr\u0119cie. Wi\u0119c wr\u00f3ci\u0142em na swoj\u0105 pozycj\u0119 na koniec pierwszej dziesi\u0105tki. W sumie to jednak wystarczy\u0142o na podium,&#8221; opowiada\u0142 Otruba.<\/p>\n\n\n\n<p><strong>Link do pe\u0142nego artyku\u0142u:&nbsp;<\/strong><a href=\"https:\/\/www.czechtour.com\/cs\/perfektni-vysledek-ve-skvele-atmosfere-rozplyval-se-bronzovy-jakub-otruba\">https:\/\/www.czechtour.com\/cs\/perfektni-vysledek-ve-skvele-atmosfere-rozplyval-se-bronzovy-jakub-otruba<\/a><\/p>\n\n\n\n<figure class=\"wp-block-gallery has-nested-images columns-default is-cropped wp-block-gallery-1 is-layout-flex wp-block-gallery-is-layout-flex\">\n<figure class=\"wp-block-image size-large\"><img loading=\"lazy\" decoding=\"async\" width=\"481\" height=\"321\" data-id=\"26019\" src=\"https:\/\/new.prim-hodinky.cz\/wp-content\/uploads\/2023\/09\/czech-tour-2023_2.webp\" alt=\"\" class=\"wp-image-26019\" srcset=\"https:\/\/prim.cz\/wp-content\/uploads\/2023\/09\/czech-tour-2023_2.webp 481w, https:\/\/prim.cz\/wp-content\/uploads\/2023\/09\/czech-tour-2023_2-300x200.webp 300w\" sizes=\"auto, (max-width: 481px) 100vw, 481px\" \/><\/figure>\n\n\n\n<figure class=\"wp-block-image size-large\"><img loading=\"lazy\" decoding=\"async\" width=\"408\" height=\"306\" data-id=\"26018\" src=\"https:\/\/new.prim-hodinky.cz\/wp-content\/uploads\/2023\/09\/Czech-tour-2023_1.webp\" alt=\"\" class=\"wp-image-26018\" srcset=\"https:\/\/prim.cz\/wp-content\/uploads\/2023\/09\/Czech-tour-2023_1.webp 408w, https:\/\/prim.cz\/wp-content\/uploads\/2023\/09\/Czech-tour-2023_1-300x225.webp 300w\" sizes=\"auto, (max-width: 408px) 100vw, 408px\" \/><\/figure>\n\n\n\n<figure class=\"wp-block-image size-large\"><img loading=\"lazy\" decoding=\"async\" width=\"819\" height=\"1024\" data-id=\"26020\" src=\"https:\/\/new.prim-hodinky.cz\/wp-content\/uploads\/2023\/09\/otruba-jakub-819x1024-1.webp\" alt=\"\" class=\"wp-image-26020\" srcset=\"https:\/\/prim.cz\/wp-content\/uploads\/2023\/09\/otruba-jakub-819x1024-1.webp 819w, https:\/\/prim.cz\/wp-content\/uploads\/2023\/09\/otruba-jakub-819x1024-1-240x300.webp 240w, https:\/\/prim.cz\/wp-content\/uploads\/2023\/09\/otruba-jakub-819x1024-1-768x960.webp 768w\" sizes=\"auto, (max-width: 819px) 100vw, 819px\" \/><\/figure>\n<\/figure>\n","protected":false},"featured_media":0,"template":"","meta":{"_acf_changed":false,"_link_to_original":""},"class_list":["post-44412","aktualita","type-aktualita","status-publish","hentry"],"acf":[],"yoast_head":"<!-- This site is optimized with the Yoast SEO plugin v26.9 - https:\/\/yoast.com\/product\/yoast-seo-wordpress\/ -->\n<title>Czech Tour 2023 - PRIM.cz - origin\u00e1ln\u00ed \u010desk\u00e9 p\u00e1nsk\u00e9, d\u00e1msk\u00e9, d\u011btsk\u00e9 hodinky a hodiny<\/title>\n<meta name=\"robots\" content=\"index, follow, max-snippet:-1, max-image-preview:large, max-video-preview:-1\" \/>\n<link rel=\"canonical\" href=\"https:\/\/prim.cz\/pl\/aktualita\/czech-tour-2023-pl\/\" \/>\n<meta property=\"og:locale\" content=\"pl_PL\" \/>\n<meta property=\"og:type\" content=\"article\" \/>\n<meta property=\"og:title\" content=\"Czech Tour 2023 - PRIM.cz - origin\u00e1ln\u00ed \u010desk\u00e9 p\u00e1nsk\u00e9, d\u00e1msk\u00e9, d\u011btsk\u00e9 hodinky a hodiny\" \/>\n<meta property=\"og:description\" content=\"Sensacyjne trzecie miejsce w klasyfikacji generalnej, rywalizuj\u0105c z trzema ekipami World Tour i wieloma doskona\u0142ymi formacjami kategorii UCI ProTeams, wywalczy\u0142 Jakub Otruba podczas Czech Tour 2023. Ostatni raz czeski kolarstwo mia\u0142o reprezentacj\u0119 na podium w klasyfikacji ko\u0144cowej w 2019 roku, kiedy br\u0105zow\u0105 pozycj\u0119 r\u00f3wnie\u017c zaj\u0105\u0142 Michael Kukrle. \u201eTo jest perfekcyjne,&#8221; cieszy\u0142 si\u0119 dwudziestopi\u0119cioletni rodowity mieszkaniec [&hellip;]\" \/>\n<meta property=\"og:url\" content=\"https:\/\/prim.cz\/pl\/aktualita\/czech-tour-2023-pl\/\" \/>\n<meta property=\"og:site_name\" content=\"PRIM.cz - origin\u00e1ln\u00ed \u010desk\u00e9 p\u00e1nsk\u00e9, d\u00e1msk\u00e9, d\u011btsk\u00e9 hodinky a hodiny\" \/>\n<meta property=\"article:modified_time\" content=\"2026-03-16T12:06:54+00:00\" \/>\n<meta property=\"og:image\" content=\"https:\/\/prim.cz\/wp-content\/uploads\/2023\/09\/czech-tour-2023_2.webp\" \/>\n\t<meta property=\"og:image:width\" content=\"481\" \/>\n\t<meta property=\"og:image:height\" content=\"321\" \/>\n\t<meta property=\"og:image:type\" content=\"image\/webp\" \/>\n<meta name=\"twitter:card\" content=\"summary_large_image\" \/>\n<meta name=\"twitter:label1\" content=\"Szacowany czas czytania\" \/>\n\t<meta name=\"twitter:data1\" content=\"1 minuta\" \/>\n<script type=\"application\/ld+json\" class=\"yoast-schema-graph\">{\"@context\":\"https:\/\/schema.org\",\"@graph\":[{\"@type\":\"WebPage\",\"@id\":\"https:\/\/prim.cz\/pl\/aktualita\/czech-tour-2023-pl\/\",\"url\":\"https:\/\/prim.cz\/pl\/aktualita\/czech-tour-2023-pl\/\",\"name\":\"Czech Tour 2023 - PRIM.cz - origin\u00e1ln\u00ed \u010desk\u00e9 p\u00e1nsk\u00e9, d\u00e1msk\u00e9, d\u011btsk\u00e9 hodinky a hodiny\",\"isPartOf\":{\"@id\":\"https:\/\/prim.cz\/en\/#website\"},\"primaryImageOfPage\":{\"@id\":\"https:\/\/prim.cz\/pl\/aktualita\/czech-tour-2023-pl\/#primaryimage\"},\"image\":{\"@id\":\"https:\/\/prim.cz\/pl\/aktualita\/czech-tour-2023-pl\/#primaryimage\"},\"thumbnailUrl\":\"https:\/\/new.prim-hodinky.cz\/wp-content\/uploads\/2023\/09\/czech-tour-2023_2.webp\",\"datePublished\":\"2023-09-25T21:15:00+00:00\",\"dateModified\":\"2026-03-16T12:06:54+00:00\",\"breadcrumb\":{\"@id\":\"https:\/\/prim.cz\/pl\/aktualita\/czech-tour-2023-pl\/#breadcrumb\"},\"inLanguage\":\"pl-PL\",\"potentialAction\":[{\"@type\":\"ReadAction\",\"target\":[\"https:\/\/prim.cz\/pl\/aktualita\/czech-tour-2023-pl\/\"]}]},{\"@type\":\"ImageObject\",\"inLanguage\":\"pl-PL\",\"@id\":\"https:\/\/prim.cz\/pl\/aktualita\/czech-tour-2023-pl\/#primaryimage\",\"url\":\"https:\/\/new.prim-hodinky.cz\/wp-content\/uploads\/2023\/09\/czech-tour-2023_2.webp\",\"contentUrl\":\"https:\/\/new.prim-hodinky.cz\/wp-content\/uploads\/2023\/09\/czech-tour-2023_2.webp\"},{\"@type\":\"BreadcrumbList\",\"@id\":\"https:\/\/prim.cz\/pl\/aktualita\/czech-tour-2023-pl\/#breadcrumb\",\"itemListElement\":[{\"@type\":\"ListItem\",\"position\":1,\"name\":\"Dom\u016f\",\"item\":\"https:\/\/prim.cz\/pl\/\"},{\"@type\":\"ListItem\",\"position\":2,\"name\":\"Czech Tour 2023\"}]},{\"@type\":\"WebSite\",\"@id\":\"https:\/\/prim.cz\/en\/#website\",\"url\":\"https:\/\/prim.cz\/en\/\",\"name\":\"PRIM - origin\u00e1ln\u00ed \u010desk\u00e9 p\u00e1nsk\u00e9, d\u00e1msk\u00e9, d\u011btsk\u00e9 hodinky a hodiny\",\"description\":\"Nakupujte p\u0159\u00edmo u v\u00fdrobce! Origin\u00e1ln\u00ed eshop s kompletn\u00edm sortimentem \u010desk\u00fdch hodinek PRIM.\",\"alternateName\":\"prim.cz\",\"potentialAction\":[{\"@type\":\"SearchAction\",\"target\":{\"@type\":\"EntryPoint\",\"urlTemplate\":\"https:\/\/prim.cz\/en\/?s={search_term_string}\"},\"query-input\":{\"@type\":\"PropertyValueSpecification\",\"valueRequired\":true,\"valueName\":\"search_term_string\"}}],\"inLanguage\":\"pl-PL\"}]}<\/script>\n<!-- \/ Yoast SEO plugin. -->","yoast_head_json":{"title":"Czech Tour 2023 - PRIM.cz - origin\u00e1ln\u00ed \u010desk\u00e9 p\u00e1nsk\u00e9, d\u00e1msk\u00e9, d\u011btsk\u00e9 hodinky a hodiny","robots":{"index":"index","follow":"follow","max-snippet":"max-snippet:-1","max-image-preview":"max-image-preview:large","max-video-preview":"max-video-preview:-1"},"canonical":"https:\/\/prim.cz\/pl\/aktualita\/czech-tour-2023-pl\/","og_locale":"pl_PL","og_type":"article","og_title":"Czech Tour 2023 - PRIM.cz - origin\u00e1ln\u00ed \u010desk\u00e9 p\u00e1nsk\u00e9, d\u00e1msk\u00e9, d\u011btsk\u00e9 hodinky a hodiny","og_description":"Sensacyjne trzecie miejsce w klasyfikacji generalnej, rywalizuj\u0105c z trzema ekipami World Tour i wieloma doskona\u0142ymi formacjami kategorii UCI ProTeams, wywalczy\u0142 Jakub Otruba podczas Czech Tour 2023. Ostatni raz czeski kolarstwo mia\u0142o reprezentacj\u0119 na podium w klasyfikacji ko\u0144cowej w 2019 roku, kiedy br\u0105zow\u0105 pozycj\u0119 r\u00f3wnie\u017c zaj\u0105\u0142 Michael Kukrle. \u201eTo jest perfekcyjne,&#8221; cieszy\u0142 si\u0119 dwudziestopi\u0119cioletni rodowity mieszkaniec [&hellip;]","og_url":"https:\/\/prim.cz\/pl\/aktualita\/czech-tour-2023-pl\/","og_site_name":"PRIM.cz - origin\u00e1ln\u00ed \u010desk\u00e9 p\u00e1nsk\u00e9, d\u00e1msk\u00e9, d\u011btsk\u00e9 hodinky a hodiny","article_modified_time":"2026-03-16T12:06:54+00:00","og_image":[{"width":481,"height":321,"url":"https:\/\/prim.cz\/wp-content\/uploads\/2023\/09\/czech-tour-2023_2.webp","type":"image\/webp"}],"twitter_card":"summary_large_image","twitter_misc":{"Szacowany czas czytania":"1 minuta"},"schema":{"@context":"https:\/\/schema.org","@graph":[{"@type":"WebPage","@id":"https:\/\/prim.cz\/pl\/aktualita\/czech-tour-2023-pl\/","url":"https:\/\/prim.cz\/pl\/aktualita\/czech-tour-2023-pl\/","name":"Czech Tour 2023 - PRIM.cz - origin\u00e1ln\u00ed \u010desk\u00e9 p\u00e1nsk\u00e9, d\u00e1msk\u00e9, d\u011btsk\u00e9 hodinky a hodiny","isPartOf":{"@id":"https:\/\/prim.cz\/en\/#website"},"primaryImageOfPage":{"@id":"https:\/\/prim.cz\/pl\/aktualita\/czech-tour-2023-pl\/#primaryimage"},"image":{"@id":"https:\/\/prim.cz\/pl\/aktualita\/czech-tour-2023-pl\/#primaryimage"},"thumbnailUrl":"https:\/\/new.prim-hodinky.cz\/wp-content\/uploads\/2023\/09\/czech-tour-2023_2.webp","datePublished":"2023-09-25T21:15:00+00:00","dateModified":"2026-03-16T12:06:54+00:00","breadcrumb":{"@id":"https:\/\/prim.cz\/pl\/aktualita\/czech-tour-2023-pl\/#breadcrumb"},"inLanguage":"pl-PL","potentialAction":[{"@type":"ReadAction","target":["https:\/\/prim.cz\/pl\/aktualita\/czech-tour-2023-pl\/"]}]},{"@type":"ImageObject","inLanguage":"pl-PL","@id":"https:\/\/prim.cz\/pl\/aktualita\/czech-tour-2023-pl\/#primaryimage","url":"https:\/\/new.prim-hodinky.cz\/wp-content\/uploads\/2023\/09\/czech-tour-2023_2.webp","contentUrl":"https:\/\/new.prim-hodinky.cz\/wp-content\/uploads\/2023\/09\/czech-tour-2023_2.webp"},{"@type":"BreadcrumbList","@id":"https:\/\/prim.cz\/pl\/aktualita\/czech-tour-2023-pl\/#breadcrumb","itemListElement":[{"@type":"ListItem","position":1,"name":"Dom\u016f","item":"https:\/\/prim.cz\/pl\/"},{"@type":"ListItem","position":2,"name":"Czech Tour 2023"}]},{"@type":"WebSite","@id":"https:\/\/prim.cz\/en\/#website","url":"https:\/\/prim.cz\/en\/","name":"PRIM - origin\u00e1ln\u00ed \u010desk\u00e9 p\u00e1nsk\u00e9, d\u00e1msk\u00e9, d\u011btsk\u00e9 hodinky a hodiny","description":"Nakupujte p\u0159\u00edmo u v\u00fdrobce! Origin\u00e1ln\u00ed eshop s kompletn\u00edm sortimentem \u010desk\u00fdch hodinek PRIM.","alternateName":"prim.cz","potentialAction":[{"@type":"SearchAction","target":{"@type":"EntryPoint","urlTemplate":"https:\/\/prim.cz\/en\/?s={search_term_string}"},"query-input":{"@type":"PropertyValueSpecification","valueRequired":true,"valueName":"search_term_string"}}],"inLanguage":"pl-PL"}]}},"wpml_current_locale":"pl_PL","wpml_translations":{"cs_CZ":{"locale":"cs_CZ","id":11473,"slug":"czech-tour-2023","post_title":"Czech tour 2023","href":"https:\/\/prim.cz\/aktualita\/czech-tour-2023\/"},"sk_SK":{"locale":"sk_SK","id":44406,"slug":"czech-tour-2023-sk","post_title":"Czech Tour 2023","href":"https:\/\/prim.cz\/sk\/aktualita\/czech-tour-2023-sk\/"},"pl_PL":{"locale":"pl_PL","translation":"current"},"en_US":{"locale":"en_US","id":44400,"slug":"czech-tour-2023-en","post_title":"Czech Tour 2023","href":"https:\/\/prim.cz\/en\/aktualita\/czech-tour-2023-en\/"}},"_links":{"self":[{"href":"https:\/\/prim.cz\/pl\/wp-json\/wp\/v2\/aktualita\/44412","targetHints":{"allow":["GET"]}}],"collection":[{"href":"https:\/\/prim.cz\/pl\/wp-json\/wp\/v2\/aktualita"}],"about":[{"href":"https:\/\/prim.cz\/pl\/wp-json\/wp\/v2\/types\/aktualita"}],"wp:attachment":[{"href":"https:\/\/prim.cz\/pl\/wp-json\/wp\/v2\/media?parent=44412"}],"curies":[{"name":"wp","href":"https:\/\/api.w.org\/{rel}","templated":true}]}}