{"id":44114,"date":"2025-11-04T11:36:38","date_gmt":"2025-11-04T10:36:38","guid":{"rendered":"https:\/\/prim.cz\/aktualita\/prezentacja-prim-dakar-liaz-1985\/"},"modified":"2026-03-16T11:52:09","modified_gmt":"2026-03-16T10:52:09","slug":"prezentacja-prim-dakar-liaz-1985","status":"publish","type":"aktualita","link":"https:\/\/prim.cz\/pl\/aktualita\/prezentacja-prim-dakar-liaz-1985\/","title":{"rendered":"Prezentacja zegarka PRIM Dakar LIAZ 1985"},"content":{"rendered":"\n<h2 class=\"wp-block-heading has-text-align-center\"><strong>Limitowana edycja PRIM Dakar LIAZ 1985 uroczy\u015bcie zaprezentowana. Wyprzeda\u0142a si\u0119 w ci\u0105gu 24 godzin!<\/strong><\/h2>\n\n\n<div id=\"b-napfly_mhkfrmpb\" class=\"brxe-div\"><div id=\"b-ayweor_mhkfrmpb\" class=\"brxe-div brx-grid\"><div id=\"b-elmhws_mhkfrmpb\" class=\"brxe-div\"><div id=\"b-fiwcpy_mhkfrmpb\" class=\"brxe-text text\"><p>W \u015brod\u0119 22 pa\u017adziernika 2025 roku w <b>Automoto Museum Lu\u010dany odby\u0142a si\u0119 uroczysta prezentacja<\/b> limitowanej edycji zegarka <b>PRIM Dakar LIAZ 1985<\/b>. Wydarzenie przywo\u0142a\u0142o siln\u0105 nostalgi\u0119 motorsportu i dumny moment czeskiego rzemios\u0142a zegarmistrzowskiego \u2014 model oddaje ho\u0142d uczestnictwu czechos\u0142owackich kierowc\u00f3w w Rajdzie Dakar 1985.<\/p>\n<p>W\u015br\u00f3d go\u015bci byli \u00f3wcze\u015bni kierowcy&nbsp;<b>Ji\u0159\u00ed Moskal<\/b>, <b>Jaroslav Jokl\u00edk<\/b>&nbsp;oraz inni aktorzy zwi\u0105zani z tym rozdzia\u0142em historii motoryzacji, a tak\u017ce przedstawiciele medi\u00f3w i entuzjastyczni fani marki PRIM. Obecny by\u0142 r\u00f3wnie\u017c Josef Kakrda, kt\u00f3ry odegra\u0142 znacz\u0105c\u0105 rol\u0119 w przygotowaniu edycji i pom\u00f3g\u0142 nada\u0107 zegarkom ich autentyczn\u0105 histori\u0119 i detale.<\/p>\n<\/div><\/div><img loading=\"lazy\" decoding=\"async\" width=\"768\" height=\"768\" src=\"https:\/\/prim.cz\/wp-content\/uploads\/2025\/11\/DSC_0262-768x768.webp\" class=\"brxe-image css-filter size-medium_large\" alt=\"\" id=\"b-zjyjxo_mhkfrmpb\" srcset=\"https:\/\/prim.cz\/wp-content\/uploads\/2025\/11\/DSC_0262-768x768.webp 768w, https:\/\/prim.cz\/wp-content\/uploads\/2025\/11\/DSC_0262-300x300.webp 300w, https:\/\/prim.cz\/wp-content\/uploads\/2025\/11\/DSC_0262-150x150.webp 150w, https:\/\/prim.cz\/wp-content\/uploads\/2025\/11\/DSC_0262.webp 1000w\" sizes=\"auto, (max-width: 768px) 100vw, 768px\" \/><\/div><\/div>\n\n<div id=\"b-napfly_mhkftokn\" class=\"brxe-div\"><div id=\"b-eutllh_mhkftokn\" class=\"brxe-div brx-grid\"><div id=\"b-puqlks_mhkftokn\" class=\"brxe-div\"><div id=\"b-pmylor_mhkftokn\" class=\"brxe-text text\"><p>Przestrze\u0144 Automoto Museum Lu\u010dany stanowi\u0142a idealne t\u0142o \u2014 w\u015br\u00f3d zabytkowych samochod\u00f3w i eksponat\u00f3w zegarki zaprezentowano w kontek\u015bcie, kt\u00f3ry doskonale uzupe\u0142nia ich motywy. Go\u015bcie mogli z bliska podziwia\u0107 staranne wykonanie: detale tarczy inspirowane desk\u0105 rozdzielcz\u0105, grawerunki nawi\u0105zuj\u0105ce do roku 1985 oraz limitowane oznaczenie ka\u017cdego egzemplarza.<\/p>\n<\/div><\/div><img loading=\"lazy\" decoding=\"async\" width=\"1000\" height=\"1000\" src=\"https:\/\/prim.cz\/wp-content\/uploads\/2025\/11\/DSC_0258.webp\" class=\"brxe-image css-filter size-large\" alt=\"\" id=\"b-rsphyt_mhkftokn\" srcset=\"https:\/\/prim.cz\/wp-content\/uploads\/2025\/11\/DSC_0258.webp 1000w, https:\/\/prim.cz\/wp-content\/uploads\/2025\/11\/DSC_0258-300x300.webp 300w, https:\/\/prim.cz\/wp-content\/uploads\/2025\/11\/DSC_0258-150x150.webp 150w, https:\/\/prim.cz\/wp-content\/uploads\/2025\/11\/DSC_0258-768x768.webp 768w\" sizes=\"auto, (max-width: 1000px) 100vw, 1000px\" \/><\/div><\/div>\n\n<div id=\"b-napfly_mhkfumd8\" class=\"brxe-div\"><div id=\"b-ayweor_mhkfumd8\" class=\"brxe-div brx-grid\"><div id=\"b-elmhws_mhkfumd8\" class=\"brxe-div\"><div id=\"b-fiwcpy_mhkfumd8\" class=\"brxe-text text\"><p>Reakcja by\u0142a natychmiastowa \u2014 wszystkie 40 egzemplarzy edycji wyprzeda\u0142o si\u0119 w ci\u0105gu 24 godzin od rozpocz\u0119cia sprzeda\u017cy. To zainteresowanie potwierdza, \u017ce silna historia po\u0142\u0105czona z jako\u015bci\u0105 i autentyczno\u015bci\u0105 marki PRIM silnie rezonuje w\u015br\u00f3d kolekcjoner\u00f3w i fan\u00f3w motoryzacji.<\/p>\n<p>Dzi\u0119kujemy wszystkim uczestnikom wydarzenia, kierowcom, panu Kakrdovi, muzeum i wszystkim, kt\u00f3rzy obdarzyli edycj\u0119 zaufaniem.<\/p>\n<p>A jak ta limitowana edycja wygl\u0105da\u0142a? <u><a href=\"https:\/\/prim.cz\/prim-dakar-liaz-1985\/\" target=\"_blank\">Zobacz tutaj.<\/a><\/u><\/p>\n<\/div><\/div><img loading=\"lazy\" decoding=\"async\" width=\"768\" height=\"768\" src=\"https:\/\/prim.cz\/wp-content\/uploads\/2025\/11\/DSC_0244-768x768.webp\" class=\"brxe-image css-filter size-medium_large\" alt=\"\" id=\"b-zjyjxo_mhkfumd8\" srcset=\"https:\/\/prim.cz\/wp-content\/uploads\/2025\/11\/DSC_0244-768x768.webp 768w, https:\/\/prim.cz\/wp-content\/uploads\/2025\/11\/DSC_0244-300x300.webp 300w, https:\/\/prim.cz\/wp-content\/uploads\/2025\/11\/DSC_0244-150x150.webp 150w, https:\/\/prim.cz\/wp-content\/uploads\/2025\/11\/DSC_0244.webp 1000w\" sizes=\"auto, (max-width: 768px) 100vw, 768px\" \/><\/div><\/div>\n\n<div id=\"b-qdovdx_mhkfoye1\" class=\"brxe-div\"><\/div>\n\n\n<figure class=\"wp-block-gallery has-nested-images columns-default is-cropped wp-block-gallery-1 is-layout-flex wp-block-gallery-is-layout-flex\">\n<figure class=\"wp-block-image size-large\"><img loading=\"lazy\" decoding=\"async\" width=\"1000\" height=\"1000\" data-id=\"39055\" src=\"https:\/\/prim.cz\/wp-content\/uploads\/2025\/11\/KHIR2313.webp\" alt=\"\" class=\"wp-image-39055\" srcset=\"https:\/\/prim.cz\/wp-content\/uploads\/2025\/11\/KHIR2313.webp 1000w, https:\/\/prim.cz\/wp-content\/uploads\/2025\/11\/KHIR2313-300x300.webp 300w, https:\/\/prim.cz\/wp-content\/uploads\/2025\/11\/KHIR2313-150x150.webp 150w, https:\/\/prim.cz\/wp-content\/uploads\/2025\/11\/KHIR2313-768x768.webp 768w\" sizes=\"auto, (max-width: 1000px) 100vw, 1000px\" \/><\/figure>\n\n\n\n<figure class=\"wp-block-image size-large\"><img loading=\"lazy\" decoding=\"async\" width=\"1000\" height=\"1000\" data-id=\"39052\" src=\"https:\/\/prim.cz\/wp-content\/uploads\/2025\/11\/DSC_0273.webp\" alt=\"\" class=\"wp-image-39052\" srcset=\"https:\/\/prim.cz\/wp-content\/uploads\/2025\/11\/DSC_0273.webp 1000w, https:\/\/prim.cz\/wp-content\/uploads\/2025\/11\/DSC_0273-300x300.webp 300w, https:\/\/prim.cz\/wp-content\/uploads\/2025\/11\/DSC_0273-150x150.webp 150w, https:\/\/prim.cz\/wp-content\/uploads\/2025\/11\/DSC_0273-768x768.webp 768w\" sizes=\"auto, (max-width: 1000px) 100vw, 1000px\" \/><\/figure>\n\n\n\n<figure class=\"wp-block-image size-large\"><img loading=\"lazy\" decoding=\"async\" width=\"1000\" height=\"1000\" data-id=\"39051\" src=\"https:\/\/prim.cz\/wp-content\/uploads\/2025\/11\/DSC_0264.webp\" alt=\"\" class=\"wp-image-39051\" srcset=\"https:\/\/prim.cz\/wp-content\/uploads\/2025\/11\/DSC_0264.webp 1000w, https:\/\/prim.cz\/wp-content\/uploads\/2025\/11\/DSC_0264-300x300.webp 300w, https:\/\/prim.cz\/wp-content\/uploads\/2025\/11\/DSC_0264-150x150.webp 150w, https:\/\/prim.cz\/wp-content\/uploads\/2025\/11\/DSC_0264-768x768.webp 768w\" sizes=\"auto, (max-width: 1000px) 100vw, 1000px\" \/><\/figure>\n\n\n\n<figure class=\"wp-block-image size-large\"><img loading=\"lazy\" decoding=\"async\" width=\"1000\" height=\"1000\" data-id=\"39050\" src=\"https:\/\/prim.cz\/wp-content\/uploads\/2025\/11\/DSC_0263.webp\" alt=\"\" class=\"wp-image-39050\" srcset=\"https:\/\/prim.cz\/wp-content\/uploads\/2025\/11\/DSC_0263.webp 1000w, https:\/\/prim.cz\/wp-content\/uploads\/2025\/11\/DSC_0263-300x300.webp 300w, https:\/\/prim.cz\/wp-content\/uploads\/2025\/11\/DSC_0263-150x150.webp 150w, https:\/\/prim.cz\/wp-content\/uploads\/2025\/11\/DSC_0263-768x768.webp 768w\" sizes=\"auto, (max-width: 1000px) 100vw, 1000px\" \/><\/figure>\n\n\n\n<figure class=\"wp-block-image size-large\"><img loading=\"lazy\" decoding=\"async\" width=\"1000\" height=\"1000\" data-id=\"39049\" src=\"https:\/\/prim.cz\/wp-content\/uploads\/2025\/11\/DSC_0262.webp\" alt=\"\" class=\"wp-image-39049\" srcset=\"https:\/\/prim.cz\/wp-content\/uploads\/2025\/11\/DSC_0262.webp 1000w, https:\/\/prim.cz\/wp-content\/uploads\/2025\/11\/DSC_0262-300x300.webp 300w, https:\/\/prim.cz\/wp-content\/uploads\/2025\/11\/DSC_0262-150x150.webp 150w, https:\/\/prim.cz\/wp-content\/uploads\/2025\/11\/DSC_0262-768x768.webp 768w\" sizes=\"auto, (max-width: 1000px) 100vw, 1000px\" \/><\/figure>\n\n\n\n<figure class=\"wp-block-image size-large\"><img loading=\"lazy\" decoding=\"async\" width=\"1000\" height=\"1000\" data-id=\"39047\" src=\"https:\/\/prim.cz\/wp-content\/uploads\/2025\/11\/DSC_0254.webp\" alt=\"\" class=\"wp-image-39047\" srcset=\"https:\/\/prim.cz\/wp-content\/uploads\/2025\/11\/DSC_0254.webp 1000w, https:\/\/prim.cz\/wp-content\/uploads\/2025\/11\/DSC_0254-300x300.webp 300w, https:\/\/prim.cz\/wp-content\/uploads\/2025\/11\/DSC_0254-150x150.webp 150w, https:\/\/prim.cz\/wp-content\/uploads\/2025\/11\/DSC_0254-768x768.webp 768w\" sizes=\"auto, (max-width: 1000px) 100vw, 1000px\" \/><\/figure>\n\n\n\n<figure class=\"wp-block-image size-large\"><img loading=\"lazy\" decoding=\"async\" width=\"1000\" height=\"1000\" data-id=\"39046\" src=\"https:\/\/prim.cz\/wp-content\/uploads\/2025\/11\/DSC_0248.webp\" alt=\"\" class=\"wp-image-39046\" srcset=\"https:\/\/prim.cz\/wp-content\/uploads\/2025\/11\/DSC_0248.webp 1000w, https:\/\/prim.cz\/wp-content\/uploads\/2025\/11\/DSC_0248-300x300.webp 300w, https:\/\/prim.cz\/wp-content\/uploads\/2025\/11\/DSC_0248-150x150.webp 150w, https:\/\/prim.cz\/wp-content\/uploads\/2025\/11\/DSC_0248-768x768.webp 768w\" sizes=\"auto, (max-width: 1000px) 100vw, 1000px\" \/><\/figure>\n\n\n\n<figure class=\"wp-block-image size-large\"><img loading=\"lazy\" decoding=\"async\" width=\"1000\" height=\"1000\" data-id=\"39044\" src=\"https:\/\/prim.cz\/wp-content\/uploads\/2025\/11\/DSC_0237.webp\" alt=\"\" class=\"wp-image-39044\" srcset=\"https:\/\/prim.cz\/wp-content\/uploads\/2025\/11\/DSC_0237.webp 1000w, https:\/\/prim.cz\/wp-content\/uploads\/2025\/11\/DSC_0237-300x300.webp 300w, https:\/\/prim.cz\/wp-content\/uploads\/2025\/11\/DSC_0237-150x150.webp 150w, https:\/\/prim.cz\/wp-content\/uploads\/2025\/11\/DSC_0237-768x768.webp 768w\" sizes=\"auto, (max-width: 1000px) 100vw, 1000px\" \/><\/figure>\n\n\n\n<figure class=\"wp-block-image size-large\"><img loading=\"lazy\" decoding=\"async\" width=\"1000\" height=\"1000\" data-id=\"39043\" src=\"https:\/\/prim.cz\/wp-content\/uploads\/2025\/11\/DSC_0222.webp\" alt=\"\" class=\"wp-image-39043\" srcset=\"https:\/\/prim.cz\/wp-content\/uploads\/2025\/11\/DSC_0222.webp 1000w, https:\/\/prim.cz\/wp-content\/uploads\/2025\/11\/DSC_0222-300x300.webp 300w, https:\/\/prim.cz\/wp-content\/uploads\/2025\/11\/DSC_0222-150x150.webp 150w, https:\/\/prim.cz\/wp-content\/uploads\/2025\/11\/DSC_0222-768x768.webp 768w\" sizes=\"auto, (max-width: 1000px) 100vw, 1000px\" \/><\/figure>\n<\/figure>\n\n\n<div id=\"b-qdovdx_mgf162z0\" class=\"brxe-div\"><\/div>\n\n\n<p><\/p>\n","protected":false},"featured_media":0,"template":"","meta":{"_acf_changed":false,"_link_to_original":""},"class_list":["post-44114","aktualita","type-aktualita","status-publish","hentry"],"acf":[],"yoast_head":"<!-- This site is optimized with the Yoast SEO plugin v26.9 - https:\/\/yoast.com\/product\/yoast-seo-wordpress\/ -->\n<title>Prezentacja zegarka PRIM Dakar LIAZ 1985 - PRIM.cz - origin\u00e1ln\u00ed \u010desk\u00e9 p\u00e1nsk\u00e9, d\u00e1msk\u00e9, d\u011btsk\u00e9 hodinky a hodiny<\/title>\n<meta name=\"robots\" content=\"index, follow, max-snippet:-1, max-image-preview:large, max-video-preview:-1\" \/>\n<link rel=\"canonical\" href=\"https:\/\/prim.cz\/pl\/aktualita\/prezentacja-prim-dakar-liaz-1985\/\" \/>\n<meta property=\"og:locale\" content=\"pl_PL\" \/>\n<meta property=\"og:type\" content=\"article\" \/>\n<meta property=\"og:title\" content=\"Prezentacja zegarka PRIM Dakar LIAZ 1985 - PRIM.cz - origin\u00e1ln\u00ed \u010desk\u00e9 p\u00e1nsk\u00e9, d\u00e1msk\u00e9, d\u011btsk\u00e9 hodinky a hodiny\" \/>\n<meta property=\"og:description\" content=\"Limitowana edycja PRIM Dakar LIAZ 1985 uroczy\u015bcie zaprezentowana. Wyprzeda\u0142a si\u0119 w ci\u0105gu 24 godzin!\" \/>\n<meta property=\"og:url\" content=\"https:\/\/prim.cz\/pl\/aktualita\/prezentacja-prim-dakar-liaz-1985\/\" \/>\n<meta property=\"og:site_name\" content=\"PRIM.cz - origin\u00e1ln\u00ed \u010desk\u00e9 p\u00e1nsk\u00e9, d\u00e1msk\u00e9, d\u011btsk\u00e9 hodinky a hodiny\" \/>\n<meta property=\"article:modified_time\" content=\"2026-03-16T10:52:09+00:00\" \/>\n<meta property=\"og:image\" content=\"https:\/\/prim.cz\/wp-content\/uploads\/2025\/11\/DSC_0262-768x768.webp\" \/>\n<meta name=\"twitter:card\" content=\"summary_large_image\" \/>\n<meta name=\"twitter:label1\" content=\"Szacowany czas czytania\" \/>\n\t<meta name=\"twitter:data1\" content=\"1 minuta\" \/>\n<script type=\"application\/ld+json\" class=\"yoast-schema-graph\">{\"@context\":\"https:\/\/schema.org\",\"@graph\":[{\"@type\":\"WebPage\",\"@id\":\"https:\/\/prim.cz\/pl\/aktualita\/prezentacja-prim-dakar-liaz-1985\/\",\"url\":\"https:\/\/prim.cz\/pl\/aktualita\/prezentacja-prim-dakar-liaz-1985\/\",\"name\":\"Prezentacja zegarka PRIM Dakar LIAZ 1985 - PRIM.cz - origin\u00e1ln\u00ed \u010desk\u00e9 p\u00e1nsk\u00e9, d\u00e1msk\u00e9, d\u011btsk\u00e9 hodinky a hodiny\",\"isPartOf\":{\"@id\":\"https:\/\/prim.cz\/en\/#website\"},\"primaryImageOfPage\":{\"@id\":\"https:\/\/prim.cz\/pl\/aktualita\/prezentacja-prim-dakar-liaz-1985\/#primaryimage\"},\"image\":{\"@id\":\"https:\/\/prim.cz\/pl\/aktualita\/prezentacja-prim-dakar-liaz-1985\/#primaryimage\"},\"thumbnailUrl\":\"https:\/\/prim.cz\/wp-content\/uploads\/2025\/11\/DSC_0262-768x768.webp\",\"datePublished\":\"2025-11-04T10:36:38+00:00\",\"dateModified\":\"2026-03-16T10:52:09+00:00\",\"breadcrumb\":{\"@id\":\"https:\/\/prim.cz\/pl\/aktualita\/prezentacja-prim-dakar-liaz-1985\/#breadcrumb\"},\"inLanguage\":\"pl-PL\",\"potentialAction\":[{\"@type\":\"ReadAction\",\"target\":[\"https:\/\/prim.cz\/pl\/aktualita\/prezentacja-prim-dakar-liaz-1985\/\"]}]},{\"@type\":\"ImageObject\",\"inLanguage\":\"pl-PL\",\"@id\":\"https:\/\/prim.cz\/pl\/aktualita\/prezentacja-prim-dakar-liaz-1985\/#primaryimage\",\"url\":\"https:\/\/prim.cz\/wp-content\/uploads\/2025\/11\/DSC_0262-768x768.webp\",\"contentUrl\":\"https:\/\/prim.cz\/wp-content\/uploads\/2025\/11\/DSC_0262-768x768.webp\"},{\"@type\":\"BreadcrumbList\",\"@id\":\"https:\/\/prim.cz\/pl\/aktualita\/prezentacja-prim-dakar-liaz-1985\/#breadcrumb\",\"itemListElement\":[{\"@type\":\"ListItem\",\"position\":1,\"name\":\"Dom\u016f\",\"item\":\"https:\/\/prim.cz\/pl\/\"},{\"@type\":\"ListItem\",\"position\":2,\"name\":\"Prezentacja zegarka PRIM Dakar LIAZ 1985\"}]},{\"@type\":\"WebSite\",\"@id\":\"https:\/\/prim.cz\/en\/#website\",\"url\":\"https:\/\/prim.cz\/en\/\",\"name\":\"PRIM - origin\u00e1ln\u00ed \u010desk\u00e9 p\u00e1nsk\u00e9, d\u00e1msk\u00e9, d\u011btsk\u00e9 hodinky a hodiny\",\"description\":\"Nakupujte p\u0159\u00edmo u v\u00fdrobce! Origin\u00e1ln\u00ed eshop s kompletn\u00edm sortimentem \u010desk\u00fdch hodinek PRIM.\",\"alternateName\":\"prim.cz\",\"potentialAction\":[{\"@type\":\"SearchAction\",\"target\":{\"@type\":\"EntryPoint\",\"urlTemplate\":\"https:\/\/prim.cz\/en\/?s={search_term_string}\"},\"query-input\":{\"@type\":\"PropertyValueSpecification\",\"valueRequired\":true,\"valueName\":\"search_term_string\"}}],\"inLanguage\":\"pl-PL\"}]}<\/script>\n<!-- \/ Yoast SEO plugin. -->","yoast_head_json":{"title":"Prezentacja zegarka PRIM Dakar LIAZ 1985 - PRIM.cz - origin\u00e1ln\u00ed \u010desk\u00e9 p\u00e1nsk\u00e9, d\u00e1msk\u00e9, d\u011btsk\u00e9 hodinky a hodiny","robots":{"index":"index","follow":"follow","max-snippet":"max-snippet:-1","max-image-preview":"max-image-preview:large","max-video-preview":"max-video-preview:-1"},"canonical":"https:\/\/prim.cz\/pl\/aktualita\/prezentacja-prim-dakar-liaz-1985\/","og_locale":"pl_PL","og_type":"article","og_title":"Prezentacja zegarka PRIM Dakar LIAZ 1985 - PRIM.cz - origin\u00e1ln\u00ed \u010desk\u00e9 p\u00e1nsk\u00e9, d\u00e1msk\u00e9, d\u011btsk\u00e9 hodinky a hodiny","og_description":"Limitowana edycja PRIM Dakar LIAZ 1985 uroczy\u015bcie zaprezentowana. Wyprzeda\u0142a si\u0119 w ci\u0105gu 24 godzin!","og_url":"https:\/\/prim.cz\/pl\/aktualita\/prezentacja-prim-dakar-liaz-1985\/","og_site_name":"PRIM.cz - origin\u00e1ln\u00ed \u010desk\u00e9 p\u00e1nsk\u00e9, d\u00e1msk\u00e9, d\u011btsk\u00e9 hodinky a hodiny","article_modified_time":"2026-03-16T10:52:09+00:00","og_image":[{"url":"https:\/\/prim.cz\/wp-content\/uploads\/2025\/11\/DSC_0262-768x768.webp","type":"","width":"","height":""}],"twitter_card":"summary_large_image","twitter_misc":{"Szacowany czas czytania":"1 minuta"},"schema":{"@context":"https:\/\/schema.org","@graph":[{"@type":"WebPage","@id":"https:\/\/prim.cz\/pl\/aktualita\/prezentacja-prim-dakar-liaz-1985\/","url":"https:\/\/prim.cz\/pl\/aktualita\/prezentacja-prim-dakar-liaz-1985\/","name":"Prezentacja zegarka PRIM Dakar LIAZ 1985 - PRIM.cz - origin\u00e1ln\u00ed \u010desk\u00e9 p\u00e1nsk\u00e9, d\u00e1msk\u00e9, d\u011btsk\u00e9 hodinky a hodiny","isPartOf":{"@id":"https:\/\/prim.cz\/en\/#website"},"primaryImageOfPage":{"@id":"https:\/\/prim.cz\/pl\/aktualita\/prezentacja-prim-dakar-liaz-1985\/#primaryimage"},"image":{"@id":"https:\/\/prim.cz\/pl\/aktualita\/prezentacja-prim-dakar-liaz-1985\/#primaryimage"},"thumbnailUrl":"https:\/\/prim.cz\/wp-content\/uploads\/2025\/11\/DSC_0262-768x768.webp","datePublished":"2025-11-04T10:36:38+00:00","dateModified":"2026-03-16T10:52:09+00:00","breadcrumb":{"@id":"https:\/\/prim.cz\/pl\/aktualita\/prezentacja-prim-dakar-liaz-1985\/#breadcrumb"},"inLanguage":"pl-PL","potentialAction":[{"@type":"ReadAction","target":["https:\/\/prim.cz\/pl\/aktualita\/prezentacja-prim-dakar-liaz-1985\/"]}]},{"@type":"ImageObject","inLanguage":"pl-PL","@id":"https:\/\/prim.cz\/pl\/aktualita\/prezentacja-prim-dakar-liaz-1985\/#primaryimage","url":"https:\/\/prim.cz\/wp-content\/uploads\/2025\/11\/DSC_0262-768x768.webp","contentUrl":"https:\/\/prim.cz\/wp-content\/uploads\/2025\/11\/DSC_0262-768x768.webp"},{"@type":"BreadcrumbList","@id":"https:\/\/prim.cz\/pl\/aktualita\/prezentacja-prim-dakar-liaz-1985\/#breadcrumb","itemListElement":[{"@type":"ListItem","position":1,"name":"Dom\u016f","item":"https:\/\/prim.cz\/pl\/"},{"@type":"ListItem","position":2,"name":"Prezentacja zegarka PRIM Dakar LIAZ 1985"}]},{"@type":"WebSite","@id":"https:\/\/prim.cz\/en\/#website","url":"https:\/\/prim.cz\/en\/","name":"PRIM - origin\u00e1ln\u00ed \u010desk\u00e9 p\u00e1nsk\u00e9, d\u00e1msk\u00e9, d\u011btsk\u00e9 hodinky a hodiny","description":"Nakupujte p\u0159\u00edmo u v\u00fdrobce! Origin\u00e1ln\u00ed eshop s kompletn\u00edm sortimentem \u010desk\u00fdch hodinek PRIM.","alternateName":"prim.cz","potentialAction":[{"@type":"SearchAction","target":{"@type":"EntryPoint","urlTemplate":"https:\/\/prim.cz\/en\/?s={search_term_string}"},"query-input":{"@type":"PropertyValueSpecification","valueRequired":true,"valueName":"search_term_string"}}],"inLanguage":"pl-PL"}]}},"wpml_current_locale":"pl_PL","wpml_translations":{"cs_CZ":{"locale":"cs_CZ","id":39040,"slug":"predstaveni-prim-dakar-liaz-1985","post_title":"P\u0159edstaven\u00ed hodinek PRIM Dakar LIAZ 1985","href":"https:\/\/prim.cz\/aktualita\/predstaveni-prim-dakar-liaz-1985\/"},"sk_SK":{"locale":"sk_SK","id":44106,"slug":"predstavenie-prim-dakar-liaz-1985","post_title":"Predstavenie hodiniek PRIM Dakar LIAZ 1985","href":"https:\/\/prim.cz\/sk\/aktualita\/predstavenie-prim-dakar-liaz-1985\/"},"pl_PL":{"locale":"pl_PL","translation":"current"},"en_US":{"locale":"en_US","id":44095,"slug":"presentation-prim-dakar-liaz-1985","post_title":"Presentation of the PRIM Dakar LIAZ 1985 Watch","href":"https:\/\/prim.cz\/en\/aktualita\/presentation-prim-dakar-liaz-1985\/"}},"_links":{"self":[{"href":"https:\/\/prim.cz\/pl\/wp-json\/wp\/v2\/aktualita\/44114","targetHints":{"allow":["GET"]}}],"collection":[{"href":"https:\/\/prim.cz\/pl\/wp-json\/wp\/v2\/aktualita"}],"about":[{"href":"https:\/\/prim.cz\/pl\/wp-json\/wp\/v2\/types\/aktualita"}],"wp:attachment":[{"href":"https:\/\/prim.cz\/pl\/wp-json\/wp\/v2\/media?parent=44114"}],"curies":[{"name":"wp","href":"https:\/\/api.w.org\/{rel}","templated":true}]}}