{"id":44110,"date":"2025-03-20T08:06:56","date_gmt":"2025-03-20T07:06:56","guid":{"rendered":"https:\/\/prim.cz\/aktualita\/zegarki-prim-dla-najlepszego-trenera-roku-2025\/"},"modified":"2026-03-16T11:51:20","modified_gmt":"2026-03-16T10:51:20","slug":"zegarki-prim-dla-najlepszego-trenera-roku-2025","status":"publish","type":"aktualita","link":"https:\/\/prim.cz\/pl\/aktualita\/zegarki-prim-dla-najlepszego-trenera-roku-2025\/","title":{"rendered":"Zegarki PRIM dla najlepszego trenera roku 2025!"},"content":{"rendered":"\n<p>Jeste\u015bmy dumni, \u017ce jako partnerzy mo\u017cemy wspiera\u0107 tych, kt\u00f3rzy trenuj\u0105 sercem. Najlepszy trener roku 2025 opr\u00f3cz presti\u017cowej nagrody zabiera ze sob\u0105 r\u00f3wnie\u017c czeskie zegarki PRIM \u2013 symbol precyzji, tradycji i wytrwa\u0142o\u015bci. Gratulujemy zwyci\u0119zcom, Pavlowi Dav\u00eddkowi i Radimowi Rul\u00edkowi! Dzi\u0119kujemy wszystkim trenerom, kt\u00f3rzy inspiruj\u0105 kolejne pokolenia sportowc\u00f3w!<\/p>\n\n\n\n<figure class=\"wp-block-gallery has-nested-images columns-default is-cropped wp-block-gallery-1 is-layout-flex wp-block-gallery-is-layout-flex\">\n<figure class=\"wp-block-image size-large\"><img loading=\"lazy\" decoding=\"async\" width=\"1024\" height=\"683\" data-id=\"30293\" src=\"https:\/\/new.prim-hodinky.cz\/wp-content\/uploads\/2025\/03\/COV_foto_009_id_sOH3fkC9ThAAAAAAAAT62g_67d7e584db7cd-1024x683.webp\" alt=\"\" class=\"wp-image-30293\" srcset=\"https:\/\/prim.cz\/wp-content\/uploads\/2025\/03\/COV_foto_009_id_sOH3fkC9ThAAAAAAAAT62g_67d7e584db7cd-1024x683.webp 1024w, https:\/\/prim.cz\/wp-content\/uploads\/2025\/03\/COV_foto_009_id_sOH3fkC9ThAAAAAAAAT62g_67d7e584db7cd-300x200.webp 300w, https:\/\/prim.cz\/wp-content\/uploads\/2025\/03\/COV_foto_009_id_sOH3fkC9ThAAAAAAAAT62g_67d7e584db7cd-768x512.webp 768w, https:\/\/prim.cz\/wp-content\/uploads\/2025\/03\/COV_foto_009_id_sOH3fkC9ThAAAAAAAAT62g_67d7e584db7cd-1536x1024.webp 1536w, https:\/\/prim.cz\/wp-content\/uploads\/2025\/03\/COV_foto_009_id_sOH3fkC9ThAAAAAAAAT62g_67d7e584db7cd.webp 1920w\" sizes=\"auto, (max-width: 1024px) 100vw, 1024px\" \/><\/figure>\n\n\n\n<figure class=\"wp-block-image size-large\"><img loading=\"lazy\" decoding=\"async\" width=\"1024\" height=\"683\" data-id=\"30291\" src=\"https:\/\/new.prim-hodinky.cz\/wp-content\/uploads\/2025\/03\/COV_foto_008_id_sOH3fkC9ThAAAAAAAAT65g_67d7e57fe2cc7-1024x683.webp\" alt=\"\" class=\"wp-image-30291\" srcset=\"https:\/\/prim.cz\/wp-content\/uploads\/2025\/03\/COV_foto_008_id_sOH3fkC9ThAAAAAAAAT65g_67d7e57fe2cc7-1024x683.webp 1024w, https:\/\/prim.cz\/wp-content\/uploads\/2025\/03\/COV_foto_008_id_sOH3fkC9ThAAAAAAAAT65g_67d7e57fe2cc7-300x200.webp 300w, https:\/\/prim.cz\/wp-content\/uploads\/2025\/03\/COV_foto_008_id_sOH3fkC9ThAAAAAAAAT65g_67d7e57fe2cc7-768x512.webp 768w, https:\/\/prim.cz\/wp-content\/uploads\/2025\/03\/COV_foto_008_id_sOH3fkC9ThAAAAAAAAT65g_67d7e57fe2cc7-1536x1024.webp 1536w, https:\/\/prim.cz\/wp-content\/uploads\/2025\/03\/COV_foto_008_id_sOH3fkC9ThAAAAAAAAT65g_67d7e57fe2cc7.webp 1920w\" sizes=\"auto, (max-width: 1024px) 100vw, 1024px\" \/><\/figure>\n\n\n\n<figure class=\"wp-block-image size-large\"><img loading=\"lazy\" decoding=\"async\" width=\"1024\" height=\"819\" data-id=\"30292\" src=\"https:\/\/new.prim-hodinky.cz\/wp-content\/uploads\/2025\/03\/COV_foto_013_id_sOH3fkC9ThAAAAAAAAT60Q_67d7e58beea46-1-1024x819.webp\" alt=\"\" class=\"wp-image-30292\" srcset=\"https:\/\/prim.cz\/wp-content\/uploads\/2025\/03\/COV_foto_013_id_sOH3fkC9ThAAAAAAAAT60Q_67d7e58beea46-1-1024x819.webp 1024w, https:\/\/prim.cz\/wp-content\/uploads\/2025\/03\/COV_foto_013_id_sOH3fkC9ThAAAAAAAAT60Q_67d7e58beea46-1-300x240.webp 300w, https:\/\/prim.cz\/wp-content\/uploads\/2025\/03\/COV_foto_013_id_sOH3fkC9ThAAAAAAAAT60Q_67d7e58beea46-1-768x614.webp 768w, https:\/\/prim.cz\/wp-content\/uploads\/2025\/03\/COV_foto_013_id_sOH3fkC9ThAAAAAAAAT60Q_67d7e58beea46-1-1536x1229.webp 1536w, https:\/\/prim.cz\/wp-content\/uploads\/2025\/03\/COV_foto_013_id_sOH3fkC9ThAAAAAAAAT60Q_67d7e58beea46-1.webp 1920w\" sizes=\"auto, (max-width: 1024px) 100vw, 1024px\" \/><\/figure>\n<\/figure>\n\n\n\n<p>Na trawie, wodzie czy bie\u017cni czuj\u0105 si\u0119 jak w domu, a mimo to trenerzy nie przestraszyli si\u0119 nawet wtedy, gdy stali si\u0119 bezpo\u015brednimi uczestnikami przedstawienia teatralnego. Ceremonia wr\u0119czenia nagr\u00f3d Trener Roku odby\u0142a si\u0119 bowiem w \u010cinohern\u00edm klubie podczas sztuki Damski krawiec. Kategori\u0119 indywidualn\u0105 zdominowa\u0142 Pavel Dav\u00eddek. Trener, z kt\u00f3rym kajakarz Josef Dost\u00e1l nawi\u0105za\u0142 do serii srebrnych i br\u0105zowych medali olimpijskich i w Pary\u017cu zdoby\u0142 upragnione z\u0142oto.<\/p>\n\n\n\n<p>W ankiecie Czeskiej Akademii Trenerskiej, b\u0119d\u0105cej cz\u0119\u015bci\u0105 Czeskiego Komitetu Olimpijskiego, kategori\u0119 sport\u00f3w zespo\u0142owych po raz drugi wygra\u0142 Radim Rul\u00edk, kt\u00f3ry sta\u0142 za z\u0142otymi hokeistami na ubieg\u0142orocznych mistrzostwach \u015bwiata w Pradze. Trenerem odkrywc\u0105 zosta\u0142 Ji\u0159\u00ed \u0160usta, dzi\u0119ki kt\u00f3remu wielu obiecuj\u0105cych m\u0142odych pi\u0142karzy dotar\u0142o na najwy\u017cszy poziom. Trenerem parasportu zosta\u0142 uhonorowany Petr Theil, kt\u00f3ry pomaga w osi\u0105ganiu sukces\u00f3w parap\u0142ywakowi Davidowi Kratochv\u00edlowi, paraolimpijskiemu mistrzowi z Pary\u017ca. Do Galerii S\u0142aw trafi\u0142o siedem wielkich nazwisk, w tym trener br\u0105zowych szermierzy z Pary\u017ca Old\u0159ich Kubi\u0161ta.<\/p>\n\n\n\n<p>\u201eMacie rzadk\u0105 kombinacj\u0119 dw\u00f3ch niebezpiecznych wirus\u00f3w \u2013 wirus \u0160usta i \u0160micer,&#8221; powiedzia\u0142 jeden z aktor\u00f3w podczas zabawnej scenki trenera pi\u0142ki no\u017cnej i jego by\u0142ego podopiecznego. \u201eWirus \u0160usta odcisn\u0105\u0142 pi\u0119tno na dzieciach i m\u0142odzie\u017cy w kolonii wirusowej Slavia. Jednym z jego wielkich odkry\u0107 by\u0142o stworzenie mutacji wirusowej \u0160micer. Ten potem na Wyspach Brytyjskich narobi\u0142 niez\u0142ego zamieszania. Ale co bym wam na to da\u0142,&#8221; zastanawia\u0142 si\u0119. \u201eNo w\u0142a\u015bnie tytu\u0142 \u2013 trener Odkrywca.&#8221;<\/p>\n\n\n\n<p><strong>Kategoria indywidualna<\/strong><\/p>\n\n\n\n<p>Pavel Dav\u00eddek rozpocz\u0105\u0142 wsp\u00f3\u0142prac\u0119 trenersk\u0105 z kajakarzem Josefem Dost\u00e1lem w 2022 roku. Dzi\u0119ki wykszta\u0142ceniu w dziedzinie fizjoterapii wni\u00f3s\u0142 nowe spojrzenie do procesu treningowego. Wprowadzi\u0142 inne metody treningowe, w tym specyficzn\u0105 jazd\u0119 z gum\u0105 oporow\u0105. To podej\u015bcie doprowadzi\u0142o do poprawy wynik\u00f3w, co szczeg\u00f3lnie widoczne by\u0142o w sezonie 2024. Dost\u00e1l triumfowa\u0142 na igrzyskach olimpijskich w Pary\u017cu na dystansie 1000 metr\u00f3w i zdoby\u0142 r\u00f3wnie\u017c tytu\u0142 mistrza \u015bwiata na nieolimpijskim dystansie 500 metr\u00f3w.<\/p>\n\n\n\n<p>\u201eChcia\u0142bym podzi\u0119kowa\u0107 rodzinie, Pepovi, ca\u0142emu zespo\u0142owi i Dukli,&#8221; powiedzia\u0142. \u201eMy, trenerzy, jeste\u015bmy te\u017c takimi re\u017cyserami podczas wy\u015bcigu. Ale kiedy to si\u0119 zacznie, niewiele ju\u017c mo\u017cna zrobi\u0107. Od kiedy Pepa wygra\u0142 olimpiad\u0119, uczestniczyli\u015bmy w wielu ceremoniach wr\u0119czenia nagr\u00f3d. Ten format jest niestandardowy, ale pi\u0119kny.&#8221;<\/p>\n\n\n\n<p><strong>Sporty zespo\u0142owe<\/strong><\/p>\n\n\n\n<p>Radim Rul\u00edk stoi za szeregiem niezwyk\u0142ych wynik\u00f3w. W 2022 roku przej\u0105\u0142 jako g\u0142\u00f3wny trener kadr\u0119 do lat 20 i na prze\u0142omie roku zdoby\u0142 z ni\u0105 srebrny medal na mistrzostwach \u015bwiata. W 2023 roku zosta\u0142 mianowany g\u0142\u00f3wnym trenerem czeskiej reprezentacji hokejowej, z kt\u00f3r\u0105 w ubieg\u0142ym roku po 14 latach wywalczy\u0142 tytu\u0142 mistrza \u015bwiata.<\/p>\n\n\n\n<p>\u201eNagroda bardzo mnie cieszy, ale to daleko nie tylko moja zas\u0142uga. Zebra\u0142a si\u0119 \u015bwietna ekipa hokeist\u00f3w i ca\u0142ego sztabu, kt\u00f3ra d\u0105\u017cy\u0142a do zwyci\u0119stwa. Dla sukcesu dali z siebie maksimum. I oczywi\u015bcie nap\u0119dza\u0142o nas ogromne wsparcie kibic\u00f3w na w\u0142asnym terenie.&#8221;<\/p>\n\n\n\n<p><strong>Trener Odkrywca<\/strong><\/p>\n\n\n\n<p>Ji\u0159\u00ed \u0160usta nale\u017cy do grona wybitnych czeskich trener\u00f3w pi\u0142karskich, kt\u00f3rzy niezatarcie zapisali si\u0119 w historii wychowywania m\u0142odych talent\u00f3w. Jego nazwisko jest najbardziej kojarzone z odkryciem Vladim\u00edra \u0160micera, p\u00f3\u017aniejszego reprezentanta i zwyci\u0119zcy Ligi Mistrz\u00f3w w 2005 roku z Liverpoolem. \u0160usta s\u0142ynie ze swojego wyczucia talentu, dzi\u0119ki czemu wielu obiecuj\u0105cych pi\u0142karzy dotar\u0142o na najwy\u017cszy poziom. Opr\u00f3cz \u0160micera pod jego okiem przeszli r\u00f3wnie\u017c David Jarol\u00edm, Martin P\u011bni\u010dka, Radek Bejbl, Martin Hysk\u00fd, Ji\u0159\u00ed \u0160tajner czy Luk\u00e1\u0161 Jarol\u00edm.<\/p>\n\n\n\n<p><strong>Trener parasportu<\/strong><\/p>\n\n\n\n<p>Petr Thiel pracuje zar\u00f3wno ze sportowcami bez niepe\u0142nosprawno\u015bci, jak i z parap\u0142ywakami. W\u015br\u00f3d jego najwi\u0119kszych sukces\u00f3w jest wsp\u00f3\u0142praca z Davidem Kratochv\u00edlem, kt\u00f3rego doprowadzi\u0142 do tytu\u0142u paraolimpijskiego mistrza, mistrza \u015bwiata i mistrza Europy. Opr\u00f3cz Kratochv\u00edla zajmuje si\u0119 przygotowaniem innych utalentowanych p\u0142ywak\u00f3w, w\u015br\u00f3d kt\u00f3rych wyr\u00f3\u017cniaj\u0105 si\u0119 Alex Borsk\u00e1 i Tade\u00e1\u0161 Stra\u0161\u00edk. Thiel jest r\u00f3wnie\u017c jednym z za\u0142o\u017cycieli \u00dasteckiej Akademii Sport\u00f3w P\u0142ywackich, kt\u00f3r\u0105 wsp\u00f3\u0142za\u0142o\u017cy\u0142 w 2015 roku i gdzie do dzi\u015b dzia\u0142a jako trener.<\/p>\n\n\n\n<p><strong>Galeria S\u0142aw<\/strong><\/p>\n\n\n\n<p><strong>Old\u0159ich Kubi\u0161ta \u2013 szermierka<\/strong><br>Old\u0159ich Kubi\u0161ta jest wybitn\u0105 postaci\u0105 czeskiej szermierki, wieloletnim reprezentantem i odnosz\u0105cym sukcesy trenerem. Jako zawodnik specjalizowa\u0142 si\u0119 w szpadzie i w 1980 roku zosta\u0142 juniorskim mistrzem \u015bwiata. Szczytem jego kariery by\u0142 udzia\u0142 w igrzyskach olimpijskich w Moskwie w 1980 roku, gdzie w rywalizacji dru\u017cynowej zaj\u0105\u0142 6. miejsce. Od 1993 roku pe\u0142ni funkcj\u0119 g\u0142\u00f3wnego trenera klubu USK Praha, a w latach 1999\u20132013 zajmowa\u0142 stanowisko g\u0142\u00f3wnego trenera Czeskiego Zwi\u0105zku Szermierczego. Od 2021 roku prowadzi czeski m\u0119ski zesp\u00f3\u0142 szpadzist\u00f3w, z kt\u00f3rym zdoby\u0142 historyczny br\u0105z na igrzyskach olimpijskich w Pary\u017cu 2024.<\/p>\n\n\n\n<p><strong>Miroslav Ber\u00e1nek \u2013 pi\u0142ka no\u017cna<\/strong><br>Trener pi\u0142karski i by\u0142y pi\u0142karz Miroslav Ber\u00e1nek jest znany ze swojej udanej kariery na poziomie klubowym i reprezentacyjnym. Jako trener prowadzi\u0142 kilka czeskich i zagranicznych klub\u00f3w, w tym Slavi\u0119 Praha, z kt\u00f3r\u0105 w 2002 roku wygra\u0142 Puchar Czech. Znacz\u0105co przyczyni\u0142 si\u0119 do sukcesu czeskiej reprezentacji do lat 21, kt\u00f3r\u0105 w 2002 roku doprowadzi\u0142 do tytu\u0142u mistrz\u00f3w Europy. Pe\u0142ni\u0142 r\u00f3wnie\u017c funkcj\u0119 asystenta przy seniorskiej reprezentacji i prowadzi\u0142 kadr\u0119 Kazachstanu, a tak\u017ce pracowa\u0142 na W\u0119grzech. W trakcie kariery zas\u0142yn\u0105\u0142 z nacisku na dyscyplin\u0119, taktyczne przygotowanie i prac\u0119 z m\u0142odymi zawodnikami.<\/p>\n\n\n\n<p><strong>Ji\u0159\u00ed Pultera \u2013 slalom kajakowy<\/strong><br>W historii slalomu kajakowego niezatarcie zapisa\u0142 si\u0119 uznany czeski trener Ji\u0159\u00ed Pultera. W 1989 roku przej\u0105\u0142 rol\u0119 g\u0142\u00f3wnego trenera czeskiej reprezentacji, kt\u00f3r\u0105 prowadzi\u0142 a\u017c do 2021 roku. W czasie swojej kadencji doprowadzi\u0142 czeski zesp\u00f3\u0142 do wielu sukces\u00f3w na arenie mi\u0119dzynarodowej, w tym medali z igrzysk olimpijskich, mistrzostw \u015bwiata i Europy. Jego fachowe prowadzenie i umiej\u0119tno\u015b\u0107 motywowania zawodnik\u00f3w by\u0142y kluczowe dla rozwoju czeskiego slalomu kajakowego. Po zako\u0144czeniu kariery trenerskiej zosta\u0142 wprowadzony do Galerii S\u0142aw czeskiego slalomu kajakowego.<\/p>\n\n\n\n<p><strong>Jaroslava Passerov\u00e1 \u2013 p\u0142ywanie<\/strong><br>Jaroslava Passerov\u00e1 jest wybitn\u0105 trenerk\u0105 wytrzyma\u0142o\u015bciow\u0105 z ca\u0142o\u017cyciowym do\u015bwiadczeniem, uwa\u017can\u0105 za jedn\u0105 z najlepszych w Czechach. Specjalizuje si\u0119 w indywidualnych planach treningowych dla p\u0142ywak\u00f3w we wszystkich kategoriach wiekowych i poziomach zaawansowania. Od 1978 roku pe\u0142ni funkcj\u0119 g\u0142\u00f3wnej trenerki w USK Praha, gdzie wychowa\u0142a wielu odnosz\u0105cych sukcesy p\u0142ywak\u00f3w, w tym reprezentant\u00f3w. Pod jej okiem trenowa\u0142 mi\u0119dzy innymi trzykrotny olimpijczyk i mistrz Europy Jan Micka. Passerov\u00e1 r\u00f3wnolegle trenuje p\u0142ywak\u00f3w w gimnazjum sportowym P\u0159\u00edpoto\u010dn\u00ed, a w latach 2005\u20132009 prowadzi\u0142a czesk\u0105 juniorsk\u0105 reprezentacj\u0119.<\/p>\n\n\n\n<p><strong>Karel Duspiva \u2013 podnoszenie ci\u0119\u017car\u00f3w<\/strong><br>Karel Duspiva jest wa\u017cn\u0105 postaci\u0105 czeskiego podnoszenia ci\u0119\u017car\u00f3w i metodyki sportowej. Od 1965 roku jest cz\u0142onkiem sekcji podnoszenia ci\u0119\u017car\u00f3w Bohemians Praha. W latach 1974\u20131988 pracowa\u0142 w dziale sportu wyczynowego \u00daV \u010cSTV, gdzie wsp\u00f3\u0142tworzy\u0142 system sportowy i metodyk\u0119. Jako trener kadry prowadzi\u0142 czechos\u0142owacki zesp\u00f3\u0142 podnoszenia ci\u0119\u017car\u00f3w m\u0119\u017cczyzn w latach 1990\u20131992, w tym na igrzyskach olimpijskich w Barcelonie 1992. W latach 1993\u20132012 pracowa\u0142 w czeskim Ministerstwie Edukacji, M\u0142odzie\u017cy i Sportu. Od ponad dwudziestu lat zajmuje si\u0119 r\u00f3wnie\u017c kszta\u0142ceniem trener\u00f3w w ramach Czeskiego Zwi\u0105zku Podnoszenia Ci\u0119\u017car\u00f3w.<\/p>\n\n\n\n<p><strong>Vlastimil Jansa \u2013 szachy<\/strong><br>Czeski arcymistrz szachowy, trener i wielokrotny mistrz Czech, Vlastimil Jansa w trakcie kariery reprezentowa\u0142 Czechos\u0142owacj\u0119 i Czechy na olimpiadach szachowych i wa\u017cnych turniejach. Opr\u00f3cz aktywnej gry Jansa po\u015bwi\u0119ca si\u0119 trenowaniu m\u0142odych talent\u00f3w i jest uznanym pedagogiem szachowym. W\u015br\u00f3d jego uczni\u00f3w by\u0142 mi\u0119dzy innymi czeski numer jeden David Navara; by\u0142 r\u00f3wnie\u017c trenerem dru\u017cyny narodowej Luksemburga. Napisa\u0142 kilka ksi\u0105\u017cek szachowych \u2013 na przyk\u0142ad Zagrajcie z arcymistrzami czy Dynamika strategii otwarcia.<\/p>\n\n\n\n<p><strong>Viktor Znojil \u2013 lekkoatletyka<\/strong><br>W Klubie Lekkoatletycznym O\u0142omuniec Viktor Znojil jest trenerem pchni\u0119cia kul\u0105 i rzutu dyskiem. Trenowaniu po\u015bwi\u0119ca si\u0119 od ponad 60 lat i nadal prowadzi swoj\u0105 grup\u0119. Podej\u015bcie do podopiecznych opiera na dobrowolno\u015bci i przyjacielskich relacjach, k\u0142ad\u0105c nacisk na technik\u0119 i indywidualny rozw\u00f3j sportowc\u00f3w. Pod jego okiem wyro\u015bli odnosz\u0105cy sukcesy lekkoatleci, w tym Ladislav Pr\u00e1\u0161il. Sam o sobie m\u00f3wi: \u201eNie jestem profesjonalnym trenerem, jestem raczej emerytem, kt\u00f3ry na stadion chodzi przede wszystkim dla zabawy. System, kt\u00f3ry stosuj\u0119 z dzie\u0107mi, ma pewne zasady \u2013 na przyk\u0142ad nie karc\u0119 ich i nie karz\u0119.&#8221; Kiedy\u015b pracowa\u0142 w Dukli, gdzie g\u0142\u00f3wnym trenerem by\u0142 w\u00f3wczas Emil Z\u00e1topek.<\/p>\n\n\n\n<p><strong>\u010cTA d\u0105\u017cy do spo\u0142ecznego uznania trener\u00f3w<\/strong><br>G\u0142\u00f3wn\u0105 misj\u0105 i celem Czeskiej Akademii Trenerskiej (\u010cTA) jest od 2012 roku dzia\u0142alno\u015b\u0107 merytoryczna, kt\u00f3r\u0105 zapewnia trenerom w zakresie edukacji. Nie do pomini\u0119cia jest r\u00f3wnie\u017c d\u0105\u017cenie do podniesienia presti\u017cu zawodu trenerskiego, jego spo\u0142ecznego uznania i docenienia oraz profesjonalna dzia\u0142alno\u015b\u0107 publikacyjna. Trenera Roku wybieraj\u0105 cz\u0142onkowie Unii Profesjonalnych Trener\u00f3w, kt\u00f3ra jest cz\u0119\u015bci\u0105 Czeskiej Akademii Trenerskiej.<\/p>\n\n\n\n<p>Obecnie zasiada w niej 140 ekspert\u00f3w z niemal 40 r\u00f3\u017cnych zwi\u0105zk\u00f3w sportowych. Ankieta jest wyj\u0105tkowa r\u00f3wnie\u017c tym, \u017ce g\u0142osuj\u0105 w niej wy\u0142\u0105cznie trenerzy. Pierwszym zwyci\u0119zc\u0105 ankiety i Trenerem Roku 2013 zosta\u0142 Petr Nov\u00e1k, trener \u0142y\u017cwiarki szybkiej Martiny S\u00e1bl\u00edkovej. Jeszcze rok wcze\u015bniej w ramach zerowej edycji otwarto trenersk\u0105 Galeri\u0119 S\u0142aw, do kt\u00f3rej wprowadzono dziesi\u0119\u0107 trenerskich osobisto\u015bci. Od 2017 roku przyznawana jest r\u00f3wnie\u017c nagroda dla sport\u00f3w zespo\u0142owych.<\/p>\n\n\n\n<p><strong>Trener Roku \u2013 przegl\u0105d zwyci\u0119zc\u00f3w:<\/strong><br>2013 \u2013 Petr Nov\u00e1k (\u0142y\u017cwiarstwo szybkie)<br>2014 \u2013 Ond\u0159ej Ryb\u00e1\u0159 (biathlon)<br>2015 \u2013 Ond\u0159ej Ryb\u00e1\u0159 (biathlon)<br>2016 \u2013 Petr Lacina (judo)<br>2017 \u2013 Ond\u0159ej Ryb\u00e1\u0159 (sporty indywidualne, biathlon), Ji\u0159\u00ed Zach (sporty zespo\u0142owe, siatk\u00f3wka)<br>2018 \u2013 Tom\u00e1\u0161 Bank (sporty indywidualne, narciarstwo alpejskie), Ronen Ginzburg (sporty zespo\u0142owe, koszyk\u00f3wka)<br>2019 \u2013 Petr Lacina (sporty indywidualne, judo), Ronen Ginzburg (sporty zespo\u0142owe, koszyk\u00f3wka)<br>2020 \u2013 Niez\u0142omni trenerzy (wyr\u00f3\u017cnienie dla trener\u00f3w, kt\u00f3rzy nawet w czasie pandemii COVID-19 potrafili motywowa\u0107 swoich podopiecznych do sportu)<br>2021 \u2013 Petr Lacina (sporty indywidualne, judo), Ronen Ginzburg (sporty zespo\u0142owe, koszyk\u00f3wka)<br>2022 \u2013 Ji\u0159\u00ed Prskavec st. (sporty indywidualne, slalom kajakowy), Radim Rul\u00edk (sporty zespo\u0142owe, hokej na lodzie)<br>2023 \u2013 Jan \u017delezn\u00fd (sporty indywidualne, lekkoatletyka), Andrea Tomatis (sporty zespo\u0142owe, siatk\u00f3wka pla\u017cowa)<br>2024 \u2013 Pavel Dav\u00eddek (sporty indywidualne, kajak), Radim Rul\u00edk (sporty zespo\u0142owe, hokej)<\/p>\n\n\n\n<div class=\"wp-block-buttons is-layout-flex wp-block-buttons-is-layout-flex\">\n<div class=\"wp-block-button\"><a class=\"wp-block-button__link wp-element-button\" href=\"https:\/\/www.olympijskytym.cz\/article\/trenujte-srdcem-trenery-roku-jsou-davidek-a-rulik-\">Przeczytaj ca\u0142y artyku\u0142<\/a><\/div>\n<\/div>\n","protected":false},"featured_media":0,"template":"","meta":{"_acf_changed":false,"_link_to_original":""},"class_list":["post-44110","aktualita","type-aktualita","status-publish","hentry"],"acf":[],"yoast_head":"<!-- This site is optimized with the Yoast SEO plugin v26.9 - https:\/\/yoast.com\/product\/yoast-seo-wordpress\/ -->\n<title>Zegarki PRIM dla najlepszego trenera roku 2025! - PRIM.cz - origin\u00e1ln\u00ed \u010desk\u00e9 p\u00e1nsk\u00e9, d\u00e1msk\u00e9, d\u011btsk\u00e9 hodinky a hodiny<\/title>\n<meta name=\"robots\" content=\"index, follow, max-snippet:-1, max-image-preview:large, max-video-preview:-1\" \/>\n<link rel=\"canonical\" href=\"https:\/\/prim.cz\/pl\/aktualita\/zegarki-prim-dla-najlepszego-trenera-roku-2025\/\" \/>\n<meta property=\"og:locale\" content=\"pl_PL\" \/>\n<meta property=\"og:type\" content=\"article\" \/>\n<meta property=\"og:title\" content=\"Zegarki PRIM dla najlepszego trenera roku 2025! - PRIM.cz - origin\u00e1ln\u00ed \u010desk\u00e9 p\u00e1nsk\u00e9, d\u00e1msk\u00e9, d\u011btsk\u00e9 hodinky a hodiny\" \/>\n<meta property=\"og:description\" content=\"Jeste\u015bmy dumni, \u017ce jako partnerzy mo\u017cemy wspiera\u0107 tych, kt\u00f3rzy trenuj\u0105 sercem. Najlepszy trener roku 2025 opr\u00f3cz presti\u017cowej nagrody zabiera ze sob\u0105 r\u00f3wnie\u017c czeskie zegarki PRIM \u2013 symbol precyzji, tradycji i wytrwa\u0142o\u015bci. Gratulujemy zwyci\u0119zcom, Pavlowi Dav\u00eddkowi i Radimowi Rul\u00edkowi! Dzi\u0119kujemy wszystkim trenerom, kt\u00f3rzy inspiruj\u0105 kolejne pokolenia sportowc\u00f3w! Na trawie, wodzie czy bie\u017cni czuj\u0105 si\u0119 jak w [&hellip;]\" \/>\n<meta property=\"og:url\" content=\"https:\/\/prim.cz\/pl\/aktualita\/zegarki-prim-dla-najlepszego-trenera-roku-2025\/\" \/>\n<meta property=\"og:site_name\" content=\"PRIM.cz - origin\u00e1ln\u00ed \u010desk\u00e9 p\u00e1nsk\u00e9, d\u00e1msk\u00e9, d\u011btsk\u00e9 hodinky a hodiny\" \/>\n<meta property=\"article:modified_time\" content=\"2026-03-16T10:51:20+00:00\" \/>\n<meta property=\"og:image\" content=\"https:\/\/prim.cz\/wp-content\/uploads\/2025\/03\/COV_foto_009_id_sOH3fkC9ThAAAAAAAAT62g_67d7e584db7cd.webp\" \/>\n\t<meta property=\"og:image:width\" content=\"1920\" \/>\n\t<meta property=\"og:image:height\" content=\"1280\" \/>\n\t<meta property=\"og:image:type\" content=\"image\/webp\" \/>\n<meta name=\"twitter:card\" content=\"summary_large_image\" \/>\n<meta name=\"twitter:label1\" content=\"Szacowany czas czytania\" \/>\n\t<meta name=\"twitter:data1\" content=\"9 minut\" \/>\n<script type=\"application\/ld+json\" class=\"yoast-schema-graph\">{\"@context\":\"https:\/\/schema.org\",\"@graph\":[{\"@type\":\"WebPage\",\"@id\":\"https:\/\/prim.cz\/pl\/aktualita\/zegarki-prim-dla-najlepszego-trenera-roku-2025\/\",\"url\":\"https:\/\/prim.cz\/pl\/aktualita\/zegarki-prim-dla-najlepszego-trenera-roku-2025\/\",\"name\":\"Zegarki PRIM dla najlepszego trenera roku 2025! - PRIM.cz - origin\u00e1ln\u00ed \u010desk\u00e9 p\u00e1nsk\u00e9, d\u00e1msk\u00e9, d\u011btsk\u00e9 hodinky a hodiny\",\"isPartOf\":{\"@id\":\"https:\/\/prim.cz\/en\/#website\"},\"primaryImageOfPage\":{\"@id\":\"https:\/\/prim.cz\/pl\/aktualita\/zegarki-prim-dla-najlepszego-trenera-roku-2025\/#primaryimage\"},\"image\":{\"@id\":\"https:\/\/prim.cz\/pl\/aktualita\/zegarki-prim-dla-najlepszego-trenera-roku-2025\/#primaryimage\"},\"thumbnailUrl\":\"https:\/\/new.prim-hodinky.cz\/wp-content\/uploads\/2025\/03\/COV_foto_009_id_sOH3fkC9ThAAAAAAAAT62g_67d7e584db7cd-1024x683.webp\",\"datePublished\":\"2025-03-20T07:06:56+00:00\",\"dateModified\":\"2026-03-16T10:51:20+00:00\",\"breadcrumb\":{\"@id\":\"https:\/\/prim.cz\/pl\/aktualita\/zegarki-prim-dla-najlepszego-trenera-roku-2025\/#breadcrumb\"},\"inLanguage\":\"pl-PL\",\"potentialAction\":[{\"@type\":\"ReadAction\",\"target\":[\"https:\/\/prim.cz\/pl\/aktualita\/zegarki-prim-dla-najlepszego-trenera-roku-2025\/\"]}]},{\"@type\":\"ImageObject\",\"inLanguage\":\"pl-PL\",\"@id\":\"https:\/\/prim.cz\/pl\/aktualita\/zegarki-prim-dla-najlepszego-trenera-roku-2025\/#primaryimage\",\"url\":\"https:\/\/new.prim-hodinky.cz\/wp-content\/uploads\/2025\/03\/COV_foto_009_id_sOH3fkC9ThAAAAAAAAT62g_67d7e584db7cd-1024x683.webp\",\"contentUrl\":\"https:\/\/new.prim-hodinky.cz\/wp-content\/uploads\/2025\/03\/COV_foto_009_id_sOH3fkC9ThAAAAAAAAT62g_67d7e584db7cd-1024x683.webp\"},{\"@type\":\"BreadcrumbList\",\"@id\":\"https:\/\/prim.cz\/pl\/aktualita\/zegarki-prim-dla-najlepszego-trenera-roku-2025\/#breadcrumb\",\"itemListElement\":[{\"@type\":\"ListItem\",\"position\":1,\"name\":\"Dom\u016f\",\"item\":\"https:\/\/prim.cz\/pl\/\"},{\"@type\":\"ListItem\",\"position\":2,\"name\":\"Zegarki PRIM dla najlepszego trenera roku 2025!\"}]},{\"@type\":\"WebSite\",\"@id\":\"https:\/\/prim.cz\/en\/#website\",\"url\":\"https:\/\/prim.cz\/en\/\",\"name\":\"PRIM - origin\u00e1ln\u00ed \u010desk\u00e9 p\u00e1nsk\u00e9, d\u00e1msk\u00e9, d\u011btsk\u00e9 hodinky a hodiny\",\"description\":\"Nakupujte p\u0159\u00edmo u v\u00fdrobce! Origin\u00e1ln\u00ed eshop s kompletn\u00edm sortimentem \u010desk\u00fdch hodinek PRIM.\",\"alternateName\":\"prim.cz\",\"potentialAction\":[{\"@type\":\"SearchAction\",\"target\":{\"@type\":\"EntryPoint\",\"urlTemplate\":\"https:\/\/prim.cz\/en\/?s={search_term_string}\"},\"query-input\":{\"@type\":\"PropertyValueSpecification\",\"valueRequired\":true,\"valueName\":\"search_term_string\"}}],\"inLanguage\":\"pl-PL\"}]}<\/script>\n<!-- \/ Yoast SEO plugin. -->","yoast_head_json":{"title":"Zegarki PRIM dla najlepszego trenera roku 2025! - PRIM.cz - origin\u00e1ln\u00ed \u010desk\u00e9 p\u00e1nsk\u00e9, d\u00e1msk\u00e9, d\u011btsk\u00e9 hodinky a hodiny","robots":{"index":"index","follow":"follow","max-snippet":"max-snippet:-1","max-image-preview":"max-image-preview:large","max-video-preview":"max-video-preview:-1"},"canonical":"https:\/\/prim.cz\/pl\/aktualita\/zegarki-prim-dla-najlepszego-trenera-roku-2025\/","og_locale":"pl_PL","og_type":"article","og_title":"Zegarki PRIM dla najlepszego trenera roku 2025! - PRIM.cz - origin\u00e1ln\u00ed \u010desk\u00e9 p\u00e1nsk\u00e9, d\u00e1msk\u00e9, d\u011btsk\u00e9 hodinky a hodiny","og_description":"Jeste\u015bmy dumni, \u017ce jako partnerzy mo\u017cemy wspiera\u0107 tych, kt\u00f3rzy trenuj\u0105 sercem. Najlepszy trener roku 2025 opr\u00f3cz presti\u017cowej nagrody zabiera ze sob\u0105 r\u00f3wnie\u017c czeskie zegarki PRIM \u2013 symbol precyzji, tradycji i wytrwa\u0142o\u015bci. Gratulujemy zwyci\u0119zcom, Pavlowi Dav\u00eddkowi i Radimowi Rul\u00edkowi! Dzi\u0119kujemy wszystkim trenerom, kt\u00f3rzy inspiruj\u0105 kolejne pokolenia sportowc\u00f3w! Na trawie, wodzie czy bie\u017cni czuj\u0105 si\u0119 jak w [&hellip;]","og_url":"https:\/\/prim.cz\/pl\/aktualita\/zegarki-prim-dla-najlepszego-trenera-roku-2025\/","og_site_name":"PRIM.cz - origin\u00e1ln\u00ed \u010desk\u00e9 p\u00e1nsk\u00e9, d\u00e1msk\u00e9, d\u011btsk\u00e9 hodinky a hodiny","article_modified_time":"2026-03-16T10:51:20+00:00","og_image":[{"width":1920,"height":1280,"url":"https:\/\/prim.cz\/wp-content\/uploads\/2025\/03\/COV_foto_009_id_sOH3fkC9ThAAAAAAAAT62g_67d7e584db7cd.webp","type":"image\/webp"}],"twitter_card":"summary_large_image","twitter_misc":{"Szacowany czas czytania":"9 minut"},"schema":{"@context":"https:\/\/schema.org","@graph":[{"@type":"WebPage","@id":"https:\/\/prim.cz\/pl\/aktualita\/zegarki-prim-dla-najlepszego-trenera-roku-2025\/","url":"https:\/\/prim.cz\/pl\/aktualita\/zegarki-prim-dla-najlepszego-trenera-roku-2025\/","name":"Zegarki PRIM dla najlepszego trenera roku 2025! - PRIM.cz - origin\u00e1ln\u00ed \u010desk\u00e9 p\u00e1nsk\u00e9, d\u00e1msk\u00e9, d\u011btsk\u00e9 hodinky a hodiny","isPartOf":{"@id":"https:\/\/prim.cz\/en\/#website"},"primaryImageOfPage":{"@id":"https:\/\/prim.cz\/pl\/aktualita\/zegarki-prim-dla-najlepszego-trenera-roku-2025\/#primaryimage"},"image":{"@id":"https:\/\/prim.cz\/pl\/aktualita\/zegarki-prim-dla-najlepszego-trenera-roku-2025\/#primaryimage"},"thumbnailUrl":"https:\/\/new.prim-hodinky.cz\/wp-content\/uploads\/2025\/03\/COV_foto_009_id_sOH3fkC9ThAAAAAAAAT62g_67d7e584db7cd-1024x683.webp","datePublished":"2025-03-20T07:06:56+00:00","dateModified":"2026-03-16T10:51:20+00:00","breadcrumb":{"@id":"https:\/\/prim.cz\/pl\/aktualita\/zegarki-prim-dla-najlepszego-trenera-roku-2025\/#breadcrumb"},"inLanguage":"pl-PL","potentialAction":[{"@type":"ReadAction","target":["https:\/\/prim.cz\/pl\/aktualita\/zegarki-prim-dla-najlepszego-trenera-roku-2025\/"]}]},{"@type":"ImageObject","inLanguage":"pl-PL","@id":"https:\/\/prim.cz\/pl\/aktualita\/zegarki-prim-dla-najlepszego-trenera-roku-2025\/#primaryimage","url":"https:\/\/new.prim-hodinky.cz\/wp-content\/uploads\/2025\/03\/COV_foto_009_id_sOH3fkC9ThAAAAAAAAT62g_67d7e584db7cd-1024x683.webp","contentUrl":"https:\/\/new.prim-hodinky.cz\/wp-content\/uploads\/2025\/03\/COV_foto_009_id_sOH3fkC9ThAAAAAAAAT62g_67d7e584db7cd-1024x683.webp"},{"@type":"BreadcrumbList","@id":"https:\/\/prim.cz\/pl\/aktualita\/zegarki-prim-dla-najlepszego-trenera-roku-2025\/#breadcrumb","itemListElement":[{"@type":"ListItem","position":1,"name":"Dom\u016f","item":"https:\/\/prim.cz\/pl\/"},{"@type":"ListItem","position":2,"name":"Zegarki PRIM dla najlepszego trenera roku 2025!"}]},{"@type":"WebSite","@id":"https:\/\/prim.cz\/en\/#website","url":"https:\/\/prim.cz\/en\/","name":"PRIM - origin\u00e1ln\u00ed \u010desk\u00e9 p\u00e1nsk\u00e9, d\u00e1msk\u00e9, d\u011btsk\u00e9 hodinky a hodiny","description":"Nakupujte p\u0159\u00edmo u v\u00fdrobce! Origin\u00e1ln\u00ed eshop s kompletn\u00edm sortimentem \u010desk\u00fdch hodinek PRIM.","alternateName":"prim.cz","potentialAction":[{"@type":"SearchAction","target":{"@type":"EntryPoint","urlTemplate":"https:\/\/prim.cz\/en\/?s={search_term_string}"},"query-input":{"@type":"PropertyValueSpecification","valueRequired":true,"valueName":"search_term_string"}}],"inLanguage":"pl-PL"}]}},"wpml_current_locale":"pl_PL","wpml_translations":{"cs_CZ":{"locale":"cs_CZ","id":30289,"slug":"hodinky-prim-pro-nejlepsiho-trenera-roku-2025","post_title":"Hodinky PRIM pro nejlep\u0161\u00edho tren\u00e9ra roku 2025!","href":"https:\/\/prim.cz\/aktualita\/hodinky-prim-pro-nejlepsiho-trenera-roku-2025\/"},"sk_SK":{"locale":"sk_SK","id":44105,"slug":"hodinky-prim-pre-najlepsieho-trenera-roka-2025","post_title":"Hodinky PRIM pre najlep\u0161ieho tr\u00e9nera roka 2025!","href":"https:\/\/prim.cz\/sk\/aktualita\/hodinky-prim-pre-najlepsieho-trenera-roka-2025\/"},"pl_PL":{"locale":"pl_PL","translation":"current"},"en_US":{"locale":"en_US","id":44088,"slug":"prim-watches-for-the-best-coach-of-the-year-2025","post_title":"PRIM Watches for the Best Coach of the Year 2025!","href":"https:\/\/prim.cz\/en\/aktualita\/prim-watches-for-the-best-coach-of-the-year-2025\/"}},"_links":{"self":[{"href":"https:\/\/prim.cz\/pl\/wp-json\/wp\/v2\/aktualita\/44110","targetHints":{"allow":["GET"]}}],"collection":[{"href":"https:\/\/prim.cz\/pl\/wp-json\/wp\/v2\/aktualita"}],"about":[{"href":"https:\/\/prim.cz\/pl\/wp-json\/wp\/v2\/types\/aktualita"}],"wp:attachment":[{"href":"https:\/\/prim.cz\/pl\/wp-json\/wp\/v2\/media?parent=44110"}],"curies":[{"name":"wp","href":"https:\/\/api.w.org\/{rel}","templated":true}]}}