{"id":44103,"date":"2025-05-15T08:49:55","date_gmt":"2025-05-15T06:49:55","guid":{"rendered":"https:\/\/prim.cz\/aktualita\/prim-na-fali-ruchu-cez-runtour-koprivnice-2025\/"},"modified":"2026-03-16T11:51:17","modified_gmt":"2026-03-16T10:51:17","slug":"prim-na-fali-ruchu-cez-runtour-koprivnice-2025","status":"publish","type":"aktualita","link":"https:\/\/prim.cz\/pl\/aktualita\/prim-na-fali-ruchu-cez-runtour-koprivnice-2025\/","title":{"rendered":"PRIM na fali ruchu: \u010cEZ RunTour Kop\u0159ivnice 2025"},"content":{"rendered":"\n<p>Po raz kolejny stali\u015bmy si\u0119 cz\u0119\u015bci\u0105 wyj\u0105tkowego wydarzenia sportowego \u2013 drugiego w tym roku biegu z serii \u010cEZ RunTour, kt\u00f3ry 26 kwietnia 2025 roku zaw\u00edta\u0142 do Kop\u0159ivnic i zaoferowa\u0142 niepowtarzalne prze\u017cycia nie tylko biegaczom, ale tak\u017ce mi\u0142o\u015bnikom precyzji, stylu i determinacji \u2013 warto\u015bci, kt\u00f3re dzielimy r\u00f3wnie\u017c my.<\/p>\n\n\n\n<p>Bieg odby\u0142 si\u0119 na kultowym terenie firmy Tatra Trucks, gdzie trasa prowadzi\u0142a po poligonie testowym, normalnie niedost\u0119pnym dla publiczno\u015bci. Ta atrakcyjna lokalizacja przyci\u0105gn\u0119\u0142a rekordow\u0105 liczb\u0119 uczestnik\u00f3w \u2013 na starcie stan\u0119\u0142o ponad 1600 biegaczy, w tym prawie 1150 doros\u0142ych i ponad 450 dzieci.<\/p>\n\n\n\n<h3 class=\"wp-block-heading\">Bieg dla dobrej sprawy<\/h3>\n\n\n\n<p>Biegowe \u015bwi\u0119to w Kop\u0159ivnicach mia\u0142o nie tylko sportowy, ale r\u00f3wnie\u017c charytatywny wymiar. Za po\u015brednictwem aplikacji EPP \u2013 Pom\u00e1hej pohybem (Pomagaj ruchem) uda\u0142o si\u0119 zebra\u0107 111 111 CZK na wsparcie budowy placu zabaw dla dzieci w \u0160tramberku. A projekt \u201eB\u011b\u017e za \u0161kolu&#8221; (Biegnij za szko\u0142\u0119), wspierany przez firm\u0119 Lidl, zmotywowa\u0142 m\u0142odych biegaczy z AKEZ Kop\u0159ivnice, kt\u00f3rzy zdobyli tytu\u0142 Wagarowicz\u00f3w regionu oraz premi\u0119 finansow\u0105.<\/p>\n\n\n\n<h3 class=\"wp-block-heading\">Atmosfera i osobisto\u015bci<\/h3>\n\n\n\n<p>Biegi zosta\u0142y uroczy\u015bcie wystartowane w obecno\u015bci osobisto\u015bci takich jak zast\u0119pca burmistrza Kop\u0159ivnic mgr David Monsport, biegaczka So\u0148a Hrabec Kotulkov\u00e1 czy trener HC V\u00edtkovice Ridera V\u00e1clav Vara\u010fa. Ten ostatni wraz z zawodnikami V\u00edtkovic stan\u0105\u0142 r\u00f3wnie\u017c na trasie biegu na dziesi\u0119\u0107 kilometr\u00f3w \u2013 z determinacj\u0105, kt\u00f3ra jest nam bliska.<\/p>\n\n\n\n<h3 class=\"wp-block-heading\">Czekamy na kolejne spotkanie<\/h3>\n\n\n\n<p>Dzi\u0119kujemy organizatorom \u010cEZ RunTour za doskonale przeprowadzon\u0105 imprez\u0119 oraz wszystkim biegaczom za inspiruj\u0105ce wyniki. Bycie partnerem takiego wydarzenia to dla nas zaszczyt.<\/p>\n\n\n\n<figure class=\"wp-block-gallery has-nested-images columns-2 is-cropped wp-block-gallery-1 is-layout-flex wp-block-gallery-is-layout-flex\">\n<figure class=\"wp-block-image size-large\"><img loading=\"lazy\" decoding=\"async\" width=\"1024\" height=\"819\" data-id=\"32057\" src=\"https:\/\/prim.cz\/wp-content\/uploads\/2025\/05\/DSC_7174-1024x819.webp\" alt=\"\" class=\"wp-image-32057\" srcset=\"https:\/\/prim.cz\/wp-content\/uploads\/2025\/05\/DSC_7174-1024x819.webp 1024w, https:\/\/prim.cz\/wp-content\/uploads\/2025\/05\/DSC_7174-300x240.webp 300w, https:\/\/prim.cz\/wp-content\/uploads\/2025\/05\/DSC_7174-768x614.webp 768w, https:\/\/prim.cz\/wp-content\/uploads\/2025\/05\/DSC_7174-1536x1229.webp 1536w, https:\/\/prim.cz\/wp-content\/uploads\/2025\/05\/DSC_7174.webp 1920w\" sizes=\"auto, (max-width: 1024px) 100vw, 1024px\" \/><\/figure>\n\n\n\n<figure class=\"wp-block-image size-large\"><img loading=\"lazy\" decoding=\"async\" width=\"1024\" height=\"683\" data-id=\"32056\" src=\"https:\/\/prim.cz\/wp-content\/uploads\/2025\/05\/DSC_5873-1024x683.webp\" alt=\"\" class=\"wp-image-32056\" srcset=\"https:\/\/prim.cz\/wp-content\/uploads\/2025\/05\/DSC_5873-1024x683.webp 1024w, https:\/\/prim.cz\/wp-content\/uploads\/2025\/05\/DSC_5873-300x200.webp 300w, https:\/\/prim.cz\/wp-content\/uploads\/2025\/05\/DSC_5873-768x512.webp 768w, https:\/\/prim.cz\/wp-content\/uploads\/2025\/05\/DSC_5873-1536x1024.webp 1536w, https:\/\/prim.cz\/wp-content\/uploads\/2025\/05\/DSC_5873.webp 1920w\" sizes=\"auto, (max-width: 1024px) 100vw, 1024px\" \/><\/figure>\n\n\n\n<figure class=\"wp-block-image size-large\"><img loading=\"lazy\" decoding=\"async\" width=\"1024\" height=\"683\" data-id=\"32058\" src=\"https:\/\/prim.cz\/wp-content\/uploads\/2025\/05\/DSC_5884-1024x683.webp\" alt=\"\" class=\"wp-image-32058\" srcset=\"https:\/\/prim.cz\/wp-content\/uploads\/2025\/05\/DSC_5884-1024x683.webp 1024w, https:\/\/prim.cz\/wp-content\/uploads\/2025\/05\/DSC_5884-300x200.webp 300w, https:\/\/prim.cz\/wp-content\/uploads\/2025\/05\/DSC_5884-768x512.webp 768w, https:\/\/prim.cz\/wp-content\/uploads\/2025\/05\/DSC_5884-1536x1024.webp 1536w, https:\/\/prim.cz\/wp-content\/uploads\/2025\/05\/DSC_5884.webp 1920w\" sizes=\"auto, (max-width: 1024px) 100vw, 1024px\" \/><\/figure>\n\n\n\n<figure class=\"wp-block-image size-large\"><img loading=\"lazy\" decoding=\"async\" width=\"1024\" height=\"683\" data-id=\"32059\" src=\"https:\/\/prim.cz\/wp-content\/uploads\/2025\/05\/DSC_5885-1024x683.webp\" alt=\"\" class=\"wp-image-32059\" srcset=\"https:\/\/prim.cz\/wp-content\/uploads\/2025\/05\/DSC_5885-1024x683.webp 1024w, https:\/\/prim.cz\/wp-content\/uploads\/2025\/05\/DSC_5885-300x200.webp 300w, https:\/\/prim.cz\/wp-content\/uploads\/2025\/05\/DSC_5885-768x512.webp 768w, https:\/\/prim.cz\/wp-content\/uploads\/2025\/05\/DSC_5885-1536x1024.webp 1536w, https:\/\/prim.cz\/wp-content\/uploads\/2025\/05\/DSC_5885.webp 1920w\" sizes=\"auto, (max-width: 1024px) 100vw, 1024px\" \/><\/figure>\n<\/figure>\n\n\n<div id=\"b-htzupb_maozp34c\" class=\"brxe-div\"><div id=\"b-optnnh_maozp34c\" class=\"brxe-div\"><\/div><div id=\"b-dyglqb_maozp34c\" class=\"brxe-div brx-grid\"><div id=\"b-bjtiip_maozp34c\" class=\"brxe-div\"><a id=\"b-fayngp_maozp34c\" class=\"brxe-button bricks-button xl bricks-background-primary\" href=\"\/wp-content\/uploads\/2025\/05\/Vyhodnoceni-CEZ-RunTour-Koprivnice-2025.pdf\" target=\"_blank\"><span data-gbrx-id=\"gb-fayngp\" data-gbrx-subfield=\"text\" >Przeczytaj artyku\u0142<\/span><\/a><\/div><div id=\"b-yanmfs_maozp34c\" class=\"brxe-div\"><a id=\"b-cczwgz_maozp34c\" class=\"brxe-button bricks-button xl bricks-background-secondary\" href=\"https:\/\/www.youtube.com\/watch?v=b9jSb4QDwd0\" target=\"_blank\"><span data-gbrx-id=\"gb-cczwgz\" data-gbrx-subfield=\"text\" >Obejrzyj wideo<\/span><\/a><\/div><\/div><div id=\"b-vxscgo_maozp34c\" class=\"brxe-div\"><\/div><\/div>","protected":false},"featured_media":0,"template":"","meta":{"_acf_changed":false,"_link_to_original":""},"class_list":["post-44103","aktualita","type-aktualita","status-publish","hentry"],"acf":[],"yoast_head":"<!-- This site is optimized with the Yoast SEO plugin v26.9 - https:\/\/yoast.com\/product\/yoast-seo-wordpress\/ -->\n<title>PRIM na fali ruchu: \u010cEZ RunTour Kop\u0159ivnice 2025 - PRIM.cz - origin\u00e1ln\u00ed \u010desk\u00e9 p\u00e1nsk\u00e9, d\u00e1msk\u00e9, d\u011btsk\u00e9 hodinky a hodiny<\/title>\n<meta name=\"robots\" content=\"index, follow, max-snippet:-1, max-image-preview:large, max-video-preview:-1\" \/>\n<link rel=\"canonical\" href=\"https:\/\/prim.cz\/pl\/aktualita\/prim-na-fali-ruchu-cez-runtour-koprivnice-2025\/\" \/>\n<meta property=\"og:locale\" content=\"pl_PL\" \/>\n<meta property=\"og:type\" content=\"article\" \/>\n<meta property=\"og:title\" content=\"PRIM na fali ruchu: \u010cEZ RunTour Kop\u0159ivnice 2025 - PRIM.cz - origin\u00e1ln\u00ed \u010desk\u00e9 p\u00e1nsk\u00e9, d\u00e1msk\u00e9, d\u011btsk\u00e9 hodinky a hodiny\" \/>\n<meta property=\"og:description\" content=\"Po raz kolejny stali\u015bmy si\u0119 cz\u0119\u015bci\u0105 wyj\u0105tkowego wydarzenia sportowego \u2013 drugiego w tym roku biegu z serii \u010cEZ RunTour, kt\u00f3ry 26 kwietnia 2025 roku zaw\u00edta\u0142 do Kop\u0159ivnic i zaoferowa\u0142 niepowtarzalne prze\u017cycia nie tylko biegaczom, ale tak\u017ce mi\u0142o\u015bnikom precyzji, stylu i determinacji \u2013 warto\u015bci, kt\u00f3re dzielimy r\u00f3wnie\u017c my. Bieg odby\u0142 si\u0119 na kultowym terenie firmy Tatra [&hellip;]\" \/>\n<meta property=\"og:url\" content=\"https:\/\/prim.cz\/pl\/aktualita\/prim-na-fali-ruchu-cez-runtour-koprivnice-2025\/\" \/>\n<meta property=\"og:site_name\" content=\"PRIM.cz - origin\u00e1ln\u00ed \u010desk\u00e9 p\u00e1nsk\u00e9, d\u00e1msk\u00e9, d\u011btsk\u00e9 hodinky a hodiny\" \/>\n<meta property=\"article:modified_time\" content=\"2026-03-16T10:51:17+00:00\" \/>\n<meta property=\"og:image\" content=\"https:\/\/prim.cz\/wp-content\/uploads\/2025\/05\/DSC_7174.webp\" \/>\n\t<meta property=\"og:image:width\" content=\"1920\" \/>\n\t<meta property=\"og:image:height\" content=\"1536\" \/>\n\t<meta property=\"og:image:type\" content=\"image\/webp\" \/>\n<meta name=\"twitter:card\" content=\"summary_large_image\" \/>\n<meta name=\"twitter:label1\" content=\"Szacowany czas czytania\" \/>\n\t<meta name=\"twitter:data1\" content=\"1 minuta\" \/>\n<script type=\"application\/ld+json\" class=\"yoast-schema-graph\">{\"@context\":\"https:\/\/schema.org\",\"@graph\":[{\"@type\":\"WebPage\",\"@id\":\"https:\/\/prim.cz\/pl\/aktualita\/prim-na-fali-ruchu-cez-runtour-koprivnice-2025\/\",\"url\":\"https:\/\/prim.cz\/pl\/aktualita\/prim-na-fali-ruchu-cez-runtour-koprivnice-2025\/\",\"name\":\"PRIM na fali ruchu: \u010cEZ RunTour Kop\u0159ivnice 2025 - PRIM.cz - origin\u00e1ln\u00ed \u010desk\u00e9 p\u00e1nsk\u00e9, d\u00e1msk\u00e9, d\u011btsk\u00e9 hodinky a hodiny\",\"isPartOf\":{\"@id\":\"https:\/\/prim.cz\/en\/#website\"},\"primaryImageOfPage\":{\"@id\":\"https:\/\/prim.cz\/pl\/aktualita\/prim-na-fali-ruchu-cez-runtour-koprivnice-2025\/#primaryimage\"},\"image\":{\"@id\":\"https:\/\/prim.cz\/pl\/aktualita\/prim-na-fali-ruchu-cez-runtour-koprivnice-2025\/#primaryimage\"},\"thumbnailUrl\":\"https:\/\/prim.cz\/wp-content\/uploads\/2025\/05\/DSC_7174-1024x819.webp\",\"datePublished\":\"2025-05-15T06:49:55+00:00\",\"dateModified\":\"2026-03-16T10:51:17+00:00\",\"breadcrumb\":{\"@id\":\"https:\/\/prim.cz\/pl\/aktualita\/prim-na-fali-ruchu-cez-runtour-koprivnice-2025\/#breadcrumb\"},\"inLanguage\":\"pl-PL\",\"potentialAction\":[{\"@type\":\"ReadAction\",\"target\":[\"https:\/\/prim.cz\/pl\/aktualita\/prim-na-fali-ruchu-cez-runtour-koprivnice-2025\/\"]}]},{\"@type\":\"ImageObject\",\"inLanguage\":\"pl-PL\",\"@id\":\"https:\/\/prim.cz\/pl\/aktualita\/prim-na-fali-ruchu-cez-runtour-koprivnice-2025\/#primaryimage\",\"url\":\"https:\/\/prim.cz\/wp-content\/uploads\/2025\/05\/DSC_7174-1024x819.webp\",\"contentUrl\":\"https:\/\/prim.cz\/wp-content\/uploads\/2025\/05\/DSC_7174-1024x819.webp\"},{\"@type\":\"BreadcrumbList\",\"@id\":\"https:\/\/prim.cz\/pl\/aktualita\/prim-na-fali-ruchu-cez-runtour-koprivnice-2025\/#breadcrumb\",\"itemListElement\":[{\"@type\":\"ListItem\",\"position\":1,\"name\":\"Dom\u016f\",\"item\":\"https:\/\/prim.cz\/pl\/\"},{\"@type\":\"ListItem\",\"position\":2,\"name\":\"PRIM na fali ruchu: \u010cEZ RunTour Kop\u0159ivnice 2025\"}]},{\"@type\":\"WebSite\",\"@id\":\"https:\/\/prim.cz\/en\/#website\",\"url\":\"https:\/\/prim.cz\/en\/\",\"name\":\"PRIM - origin\u00e1ln\u00ed \u010desk\u00e9 p\u00e1nsk\u00e9, d\u00e1msk\u00e9, d\u011btsk\u00e9 hodinky a hodiny\",\"description\":\"Nakupujte p\u0159\u00edmo u v\u00fdrobce! Origin\u00e1ln\u00ed eshop s kompletn\u00edm sortimentem \u010desk\u00fdch hodinek PRIM.\",\"alternateName\":\"prim.cz\",\"potentialAction\":[{\"@type\":\"SearchAction\",\"target\":{\"@type\":\"EntryPoint\",\"urlTemplate\":\"https:\/\/prim.cz\/en\/?s={search_term_string}\"},\"query-input\":{\"@type\":\"PropertyValueSpecification\",\"valueRequired\":true,\"valueName\":\"search_term_string\"}}],\"inLanguage\":\"pl-PL\"}]}<\/script>\n<!-- \/ Yoast SEO plugin. -->","yoast_head_json":{"title":"PRIM na fali ruchu: \u010cEZ RunTour Kop\u0159ivnice 2025 - PRIM.cz - origin\u00e1ln\u00ed \u010desk\u00e9 p\u00e1nsk\u00e9, d\u00e1msk\u00e9, d\u011btsk\u00e9 hodinky a hodiny","robots":{"index":"index","follow":"follow","max-snippet":"max-snippet:-1","max-image-preview":"max-image-preview:large","max-video-preview":"max-video-preview:-1"},"canonical":"https:\/\/prim.cz\/pl\/aktualita\/prim-na-fali-ruchu-cez-runtour-koprivnice-2025\/","og_locale":"pl_PL","og_type":"article","og_title":"PRIM na fali ruchu: \u010cEZ RunTour Kop\u0159ivnice 2025 - PRIM.cz - origin\u00e1ln\u00ed \u010desk\u00e9 p\u00e1nsk\u00e9, d\u00e1msk\u00e9, d\u011btsk\u00e9 hodinky a hodiny","og_description":"Po raz kolejny stali\u015bmy si\u0119 cz\u0119\u015bci\u0105 wyj\u0105tkowego wydarzenia sportowego \u2013 drugiego w tym roku biegu z serii \u010cEZ RunTour, kt\u00f3ry 26 kwietnia 2025 roku zaw\u00edta\u0142 do Kop\u0159ivnic i zaoferowa\u0142 niepowtarzalne prze\u017cycia nie tylko biegaczom, ale tak\u017ce mi\u0142o\u015bnikom precyzji, stylu i determinacji \u2013 warto\u015bci, kt\u00f3re dzielimy r\u00f3wnie\u017c my. Bieg odby\u0142 si\u0119 na kultowym terenie firmy Tatra [&hellip;]","og_url":"https:\/\/prim.cz\/pl\/aktualita\/prim-na-fali-ruchu-cez-runtour-koprivnice-2025\/","og_site_name":"PRIM.cz - origin\u00e1ln\u00ed \u010desk\u00e9 p\u00e1nsk\u00e9, d\u00e1msk\u00e9, d\u011btsk\u00e9 hodinky a hodiny","article_modified_time":"2026-03-16T10:51:17+00:00","og_image":[{"width":1920,"height":1536,"url":"https:\/\/prim.cz\/wp-content\/uploads\/2025\/05\/DSC_7174.webp","type":"image\/webp"}],"twitter_card":"summary_large_image","twitter_misc":{"Szacowany czas czytania":"1 minuta"},"schema":{"@context":"https:\/\/schema.org","@graph":[{"@type":"WebPage","@id":"https:\/\/prim.cz\/pl\/aktualita\/prim-na-fali-ruchu-cez-runtour-koprivnice-2025\/","url":"https:\/\/prim.cz\/pl\/aktualita\/prim-na-fali-ruchu-cez-runtour-koprivnice-2025\/","name":"PRIM na fali ruchu: \u010cEZ RunTour Kop\u0159ivnice 2025 - PRIM.cz - origin\u00e1ln\u00ed \u010desk\u00e9 p\u00e1nsk\u00e9, d\u00e1msk\u00e9, d\u011btsk\u00e9 hodinky a hodiny","isPartOf":{"@id":"https:\/\/prim.cz\/en\/#website"},"primaryImageOfPage":{"@id":"https:\/\/prim.cz\/pl\/aktualita\/prim-na-fali-ruchu-cez-runtour-koprivnice-2025\/#primaryimage"},"image":{"@id":"https:\/\/prim.cz\/pl\/aktualita\/prim-na-fali-ruchu-cez-runtour-koprivnice-2025\/#primaryimage"},"thumbnailUrl":"https:\/\/prim.cz\/wp-content\/uploads\/2025\/05\/DSC_7174-1024x819.webp","datePublished":"2025-05-15T06:49:55+00:00","dateModified":"2026-03-16T10:51:17+00:00","breadcrumb":{"@id":"https:\/\/prim.cz\/pl\/aktualita\/prim-na-fali-ruchu-cez-runtour-koprivnice-2025\/#breadcrumb"},"inLanguage":"pl-PL","potentialAction":[{"@type":"ReadAction","target":["https:\/\/prim.cz\/pl\/aktualita\/prim-na-fali-ruchu-cez-runtour-koprivnice-2025\/"]}]},{"@type":"ImageObject","inLanguage":"pl-PL","@id":"https:\/\/prim.cz\/pl\/aktualita\/prim-na-fali-ruchu-cez-runtour-koprivnice-2025\/#primaryimage","url":"https:\/\/prim.cz\/wp-content\/uploads\/2025\/05\/DSC_7174-1024x819.webp","contentUrl":"https:\/\/prim.cz\/wp-content\/uploads\/2025\/05\/DSC_7174-1024x819.webp"},{"@type":"BreadcrumbList","@id":"https:\/\/prim.cz\/pl\/aktualita\/prim-na-fali-ruchu-cez-runtour-koprivnice-2025\/#breadcrumb","itemListElement":[{"@type":"ListItem","position":1,"name":"Dom\u016f","item":"https:\/\/prim.cz\/pl\/"},{"@type":"ListItem","position":2,"name":"PRIM na fali ruchu: \u010cEZ RunTour Kop\u0159ivnice 2025"}]},{"@type":"WebSite","@id":"https:\/\/prim.cz\/en\/#website","url":"https:\/\/prim.cz\/en\/","name":"PRIM - origin\u00e1ln\u00ed \u010desk\u00e9 p\u00e1nsk\u00e9, d\u00e1msk\u00e9, d\u011btsk\u00e9 hodinky a hodiny","description":"Nakupujte p\u0159\u00edmo u v\u00fdrobce! Origin\u00e1ln\u00ed eshop s kompletn\u00edm sortimentem \u010desk\u00fdch hodinek PRIM.","alternateName":"prim.cz","potentialAction":[{"@type":"SearchAction","target":{"@type":"EntryPoint","urlTemplate":"https:\/\/prim.cz\/en\/?s={search_term_string}"},"query-input":{"@type":"PropertyValueSpecification","valueRequired":true,"valueName":"search_term_string"}}],"inLanguage":"pl-PL"}]}},"wpml_current_locale":"pl_PL","wpml_translations":{"cs_CZ":{"locale":"cs_CZ","id":32055,"slug":"prim-na-vlne-pohybu-cez-runtour-koprivnice-2025","post_title":"PRIM na vln\u011b pohybu: \u010cEZ RunTour Kop\u0159ivnice 2025","href":"https:\/\/prim.cz\/aktualita\/prim-na-vlne-pohybu-cez-runtour-koprivnice-2025\/"},"sk_SK":{"locale":"sk_SK","id":44092,"slug":"prim-na-vlne-pohybu-cez-runtour-koprivnice-2025","post_title":"PRIM na vlne pohybu: \u010cEZ RunTour Kop\u0159ivnice 2025","href":"https:\/\/prim.cz\/sk\/aktualita\/prim-na-vlne-pohybu-cez-runtour-koprivnice-2025\/"},"pl_PL":{"locale":"pl_PL","translation":"current"},"en_US":{"locale":"en_US","id":44078,"slug":"prim-riding-the-wave-of-movement-cez-runtour-koprivnice-2025","post_title":"PRIM Riding the Wave of Movement: \u010cEZ RunTour Kop\u0159ivnice 2025","href":"https:\/\/prim.cz\/en\/aktualita\/prim-riding-the-wave-of-movement-cez-runtour-koprivnice-2025\/"}},"_links":{"self":[{"href":"https:\/\/prim.cz\/pl\/wp-json\/wp\/v2\/aktualita\/44103","targetHints":{"allow":["GET"]}}],"collection":[{"href":"https:\/\/prim.cz\/pl\/wp-json\/wp\/v2\/aktualita"}],"about":[{"href":"https:\/\/prim.cz\/pl\/wp-json\/wp\/v2\/types\/aktualita"}],"wp:attachment":[{"href":"https:\/\/prim.cz\/pl\/wp-json\/wp\/v2\/media?parent=44103"}],"curies":[{"name":"wp","href":"https:\/\/api.w.org\/{rel}","templated":true}]}}