{"id":44084,"date":"2025-06-26T08:40:03","date_gmt":"2025-06-26T06:40:03","guid":{"rendered":"https:\/\/prim.cz\/aktualita\/prim-i-bieg-olimpijski-2025-dziekujemy-ze-moglismy-byc-czescia\/"},"modified":"2026-03-16T11:52:37","modified_gmt":"2026-03-16T10:52:37","slug":"prim-i-bieg-olimpijski-2025-dziekujemy-ze-moglismy-byc-czescia","status":"publish","type":"aktualita","link":"https:\/\/prim.cz\/pl\/aktualita\/prim-i-bieg-olimpijski-2025-dziekujemy-ze-moglismy-byc-czescia\/","title":{"rendered":"PRIM i Bieg Olimpijski 2025: Dzi\u0119kujemy, \u017ce mogli\u015bmy by\u0107 cz\u0119\u015bci\u0105"},"content":{"rendered":"\n<p>W \u015brod\u0119 18 czerwca 2025 roku w ca\u0142ej Republice Czeskiej \u2013 od szkolnych boisk po miejskie parki \u2013 biegano w duchu fair play, ruchu i warto\u015bci olimpijskich. Jeste\u015bmy dumni, \u017ce jako czeska marka PRIM mogli\u015bmy by\u0107 cz\u0119\u015bci\u0105 tegorocznego&nbsp;<strong>Biegu Olimpijskiego<\/strong>, kt\u00f3ry przyci\u0105gn\u0105\u0142 do sportu dziesi\u0105tki tysi\u0119cy biegaczy ze wszystkich pokole\u0144.<\/p>\n\n\n\n<p><strong>75 917 biegaczy<\/strong>, w tym ponad&nbsp;<strong>63 000 dzieci ze szk\u00f3\u0142 podstawowych<\/strong>, ponad&nbsp;<strong>90 miejsc biegowych<\/strong>&nbsp;w ca\u0142ym kraju oraz kwota&nbsp;<strong>484 590 CZK zebrana na rzecz Czeskiej Fundacji Olimpijskiej<\/strong>&nbsp;\u2013 te liczby m\u00f3wi\u0105 same za siebie. Dzi\u0119kujemy organizatorom, wolontariuszom i wszystkim, kt\u00f3rzy w dniu biegu stworzyli wyj\u0105tkow\u0105 atmosfer\u0119, pi\u0119knie uchwyconym r\u00f3wnie\u017c w&nbsp;<a rel=\"noreferrer noopener\" href=\"https:\/\/www.ceskatelevize.cz\/porady\/17056425018-olympijsky-beh-2025\/\" target=\"_blank\">reporta\u017cu \u010cT sport<\/a>.<\/p>\n\n\n\n<p>Marka PRIM ceni warto\u015bci, kt\u00f3re reprezentuje Bieg Olimpijski \u2013 wytrwa\u0142o\u015b\u0107, rzeteln\u0105 prac\u0119 i \u0142\u0105czenie pokole\u0144. Cieszymy si\u0119, \u017ce mo\u017cemy sta\u0107 u boku projektu, kt\u00f3ry realnie motywuje ludzi do ruchu i szerzy idee olimpijskie.<\/p>\n\n\n\n<p>23 czerwca, kiedy obchodzimy&nbsp;<strong>Mi\u0119dzynarodowy Dzie\u0144 Olimpijski<\/strong>, mamy jeszcze jeden pow\u00f3d, by przypomnie\u0107 sobie, \u017ce ka\u017cda minuta po\u015bwi\u0119cona sportowi ma sens. Dzi\u0119kujemy, \u017ce mogli\u015bmy by\u0107 przy tym.<\/p>\n\n\n\n<p>Wi\u0119cej o Biegu Olimpijskim znajdziesz na&nbsp;<a rel=\"noreferrer noopener\" href=\"https:\/\/www.olympijskybeh.cz\/\" target=\"_blank\">www.olympijskybeh.cz<\/a><\/p>\n\n\n\n<figure class=\"wp-block-gallery has-nested-images columns-3 is-cropped wp-block-gallery-1 is-layout-flex wp-block-gallery-is-layout-flex\">\n<figure class=\"wp-block-image size-large\"><img loading=\"lazy\" decoding=\"async\" width=\"683\" height=\"1024\" data-id=\"33927\" src=\"https:\/\/prim.cz\/wp-content\/uploads\/2025\/06\/COV_foto_id_QG721SmmTGQAAAAAAAAkHw_intern_highlogo-683x1024.jpg\" alt=\"\" class=\"wp-image-33927\" srcset=\"https:\/\/prim.cz\/wp-content\/uploads\/2025\/06\/COV_foto_id_QG721SmmTGQAAAAAAAAkHw_intern_highlogo-683x1024.jpg 683w, https:\/\/prim.cz\/wp-content\/uploads\/2025\/06\/COV_foto_id_QG721SmmTGQAAAAAAAAkHw_intern_highlogo-200x300.jpg 200w, https:\/\/prim.cz\/wp-content\/uploads\/2025\/06\/COV_foto_id_QG721SmmTGQAAAAAAAAkHw_intern_highlogo-768x1152.jpg 768w, https:\/\/prim.cz\/wp-content\/uploads\/2025\/06\/COV_foto_id_QG721SmmTGQAAAAAAAAkHw_intern_highlogo-1024x1536.jpg 1024w, https:\/\/prim.cz\/wp-content\/uploads\/2025\/06\/COV_foto_id_QG721SmmTGQAAAAAAAAkHw_intern_highlogo-1366x2048.jpg 1366w, https:\/\/prim.cz\/wp-content\/uploads\/2025\/06\/COV_foto_id_QG721SmmTGQAAAAAAAAkHw_intern_highlogo-scaled.jpg 1707w\" sizes=\"auto, (max-width: 683px) 100vw, 683px\" \/><figcaption class=\"wp-element-caption\">Bieg Olimpijski Brno, Ceremonia wr\u0119czenia nagr\u00f3d w kategoriach doros\u0142ych na 5 i 10 km<\/figcaption><\/figure>\n\n\n\n<figure class=\"wp-block-image size-large\"><img loading=\"lazy\" decoding=\"async\" width=\"1024\" height=\"683\" data-id=\"33924\" src=\"https:\/\/prim.cz\/wp-content\/uploads\/2025\/06\/COV_foto_id_QG721SmmTGQAAAAAAAAkIw_intern_highlogo-1024x683.jpg\" alt=\"\" class=\"wp-image-33924\" srcset=\"https:\/\/prim.cz\/wp-content\/uploads\/2025\/06\/COV_foto_id_QG721SmmTGQAAAAAAAAkIw_intern_highlogo-1024x683.jpg 1024w, https:\/\/prim.cz\/wp-content\/uploads\/2025\/06\/COV_foto_id_QG721SmmTGQAAAAAAAAkIw_intern_highlogo-300x200.jpg 300w, https:\/\/prim.cz\/wp-content\/uploads\/2025\/06\/COV_foto_id_QG721SmmTGQAAAAAAAAkIw_intern_highlogo-768x512.jpg 768w, https:\/\/prim.cz\/wp-content\/uploads\/2025\/06\/COV_foto_id_QG721SmmTGQAAAAAAAAkIw_intern_highlogo-1536x1025.jpg 1536w, https:\/\/prim.cz\/wp-content\/uploads\/2025\/06\/COV_foto_id_QG721SmmTGQAAAAAAAAkIw_intern_highlogo-2048x1366.jpg 2048w\" sizes=\"auto, (max-width: 1024px) 100vw, 1024px\" \/><figcaption class=\"wp-element-caption\">Bieg Olimpijski Brno, Ceremonia wr\u0119czenia nagr\u00f3d w kategoriach doros\u0142ych na 5 i 10 km<\/figcaption><\/figure>\n\n\n\n<figure class=\"wp-block-image size-large\"><img loading=\"lazy\" decoding=\"async\" width=\"1024\" height=\"683\" data-id=\"33929\" src=\"https:\/\/prim.cz\/wp-content\/uploads\/2025\/06\/COV_foto_id_QG721SmmTGQAAAAAAAAj2w_intern_highlogo-1024x683.jpg\" alt=\"\" class=\"wp-image-33929\" srcset=\"https:\/\/prim.cz\/wp-content\/uploads\/2025\/06\/COV_foto_id_QG721SmmTGQAAAAAAAAj2w_intern_highlogo-1024x683.jpg 1024w, https:\/\/prim.cz\/wp-content\/uploads\/2025\/06\/COV_foto_id_QG721SmmTGQAAAAAAAAj2w_intern_highlogo-300x200.jpg 300w, https:\/\/prim.cz\/wp-content\/uploads\/2025\/06\/COV_foto_id_QG721SmmTGQAAAAAAAAj2w_intern_highlogo-768x512.jpg 768w, https:\/\/prim.cz\/wp-content\/uploads\/2025\/06\/COV_foto_id_QG721SmmTGQAAAAAAAAj2w_intern_highlogo-1536x1025.jpg 1536w, https:\/\/prim.cz\/wp-content\/uploads\/2025\/06\/COV_foto_id_QG721SmmTGQAAAAAAAAj2w_intern_highlogo-2048x1366.jpg 2048w\" sizes=\"auto, (max-width: 1024px) 100vw, 1024px\" \/><figcaption class=\"wp-element-caption\">Bieg Olimpijski Brno, Start g\u0142\u00f3wnego biegu dla doros\u0142ych na 5 i 10 km<\/figcaption><\/figure>\n\n\n\n<figure class=\"wp-block-image size-large\"><img loading=\"lazy\" decoding=\"async\" width=\"1024\" height=\"683\" data-id=\"33930\" src=\"https:\/\/prim.cz\/wp-content\/uploads\/2025\/06\/COV_foto_id_QG721SmmTGQAAAAAAAAkSA_intern_highlogo-1024x683.jpg\" alt=\"\" class=\"wp-image-33930\" srcset=\"https:\/\/prim.cz\/wp-content\/uploads\/2025\/06\/COV_foto_id_QG721SmmTGQAAAAAAAAkSA_intern_highlogo-1024x683.jpg 1024w, https:\/\/prim.cz\/wp-content\/uploads\/2025\/06\/COV_foto_id_QG721SmmTGQAAAAAAAAkSA_intern_highlogo-300x200.jpg 300w, https:\/\/prim.cz\/wp-content\/uploads\/2025\/06\/COV_foto_id_QG721SmmTGQAAAAAAAAkSA_intern_highlogo-768x512.jpg 768w, https:\/\/prim.cz\/wp-content\/uploads\/2025\/06\/COV_foto_id_QG721SmmTGQAAAAAAAAkSA_intern_highlogo-1536x1024.jpg 1536w, https:\/\/prim.cz\/wp-content\/uploads\/2025\/06\/COV_foto_id_QG721SmmTGQAAAAAAAAkSA_intern_highlogo-2048x1365.jpg 2048w\" sizes=\"auto, (max-width: 1024px) 100vw, 1024px\" \/><\/figure>\n\n\n\n<figure class=\"wp-block-image size-large\"><img loading=\"lazy\" decoding=\"async\" width=\"1024\" height=\"640\" data-id=\"33928\" src=\"https:\/\/prim.cz\/wp-content\/uploads\/2025\/06\/COV_foto_id_sOH3fkC9ThAAAAAAAAVBLQ_intern_highlogo-1024x640.jpg\" alt=\"\" class=\"wp-image-33928\" srcset=\"https:\/\/prim.cz\/wp-content\/uploads\/2025\/06\/COV_foto_id_sOH3fkC9ThAAAAAAAAVBLQ_intern_highlogo-1024x640.jpg 1024w, https:\/\/prim.cz\/wp-content\/uploads\/2025\/06\/COV_foto_id_sOH3fkC9ThAAAAAAAAVBLQ_intern_highlogo-300x188.jpg 300w, https:\/\/prim.cz\/wp-content\/uploads\/2025\/06\/COV_foto_id_sOH3fkC9ThAAAAAAAAVBLQ_intern_highlogo-768x480.jpg 768w, https:\/\/prim.cz\/wp-content\/uploads\/2025\/06\/COV_foto_id_sOH3fkC9ThAAAAAAAAVBLQ_intern_highlogo-1536x960.jpg 1536w, https:\/\/prim.cz\/wp-content\/uploads\/2025\/06\/COV_foto_id_sOH3fkC9ThAAAAAAAAVBLQ_intern_highlogo-2048x1280.jpg 2048w\" sizes=\"auto, (max-width: 1024px) 100vw, 1024px\" \/><\/figure>\n\n\n\n<figure class=\"wp-block-image size-large\"><img loading=\"lazy\" decoding=\"async\" width=\"1024\" height=\"683\" data-id=\"33925\" src=\"https:\/\/prim.cz\/wp-content\/uploads\/2025\/06\/COV_foto_id_sOH3fkC9ThAAAAAAAAVElA_intern_highlogo-1024x683.jpg\" alt=\"\" class=\"wp-image-33925\" srcset=\"https:\/\/prim.cz\/wp-content\/uploads\/2025\/06\/COV_foto_id_sOH3fkC9ThAAAAAAAAVElA_intern_highlogo-1024x683.jpg 1024w, https:\/\/prim.cz\/wp-content\/uploads\/2025\/06\/COV_foto_id_sOH3fkC9ThAAAAAAAAVElA_intern_highlogo-300x200.jpg 300w, https:\/\/prim.cz\/wp-content\/uploads\/2025\/06\/COV_foto_id_sOH3fkC9ThAAAAAAAAVElA_intern_highlogo-768x512.jpg 768w, https:\/\/prim.cz\/wp-content\/uploads\/2025\/06\/COV_foto_id_sOH3fkC9ThAAAAAAAAVElA_intern_highlogo-1536x1024.jpg 1536w, https:\/\/prim.cz\/wp-content\/uploads\/2025\/06\/COV_foto_id_sOH3fkC9ThAAAAAAAAVElA_intern_highlogo-2048x1365.jpg 2048w\" sizes=\"auto, (max-width: 1024px) 100vw, 1024px\" \/><\/figure>\n\n\n\n<figure class=\"wp-block-image size-large\"><img loading=\"lazy\" decoding=\"async\" width=\"1024\" height=\"683\" data-id=\"33926\" src=\"https:\/\/prim.cz\/wp-content\/uploads\/2025\/06\/COV_foto_id_sOH3fkC9ThAAAAAAAAU_IA_intern_highlogo-1024x683.jpg\" alt=\"\" class=\"wp-image-33926\" srcset=\"https:\/\/prim.cz\/wp-content\/uploads\/2025\/06\/COV_foto_id_sOH3fkC9ThAAAAAAAAU_IA_intern_highlogo-1024x683.jpg 1024w, https:\/\/prim.cz\/wp-content\/uploads\/2025\/06\/COV_foto_id_sOH3fkC9ThAAAAAAAAU_IA_intern_highlogo-300x200.jpg 300w, https:\/\/prim.cz\/wp-content\/uploads\/2025\/06\/COV_foto_id_sOH3fkC9ThAAAAAAAAU_IA_intern_highlogo-768x512.jpg 768w, https:\/\/prim.cz\/wp-content\/uploads\/2025\/06\/COV_foto_id_sOH3fkC9ThAAAAAAAAU_IA_intern_highlogo-1536x1024.jpg 1536w, https:\/\/prim.cz\/wp-content\/uploads\/2025\/06\/COV_foto_id_sOH3fkC9ThAAAAAAAAU_IA_intern_highlogo-2048x1365.jpg 2048w\" sizes=\"auto, (max-width: 1024px) 100vw, 1024px\" \/><\/figure>\n<\/figure>\n","protected":false},"featured_media":0,"template":"","meta":{"_acf_changed":false,"_link_to_original":""},"class_list":["post-44084","aktualita","type-aktualita","status-publish","hentry"],"acf":[],"yoast_head":"<!-- This site is optimized with the Yoast SEO plugin v26.9 - https:\/\/yoast.com\/product\/yoast-seo-wordpress\/ -->\n<title>PRIM i Bieg Olimpijski 2025: Dzi\u0119kujemy, \u017ce mogli\u015bmy by\u0107 cz\u0119\u015bci\u0105 - PRIM.cz - origin\u00e1ln\u00ed \u010desk\u00e9 p\u00e1nsk\u00e9, d\u00e1msk\u00e9, d\u011btsk\u00e9 hodinky a hodiny<\/title>\n<meta name=\"robots\" content=\"index, follow, max-snippet:-1, max-image-preview:large, max-video-preview:-1\" \/>\n<link rel=\"canonical\" href=\"https:\/\/prim.cz\/pl\/aktualita\/prim-i-bieg-olimpijski-2025-dziekujemy-ze-moglismy-byc-czescia\/\" \/>\n<meta property=\"og:locale\" content=\"pl_PL\" \/>\n<meta property=\"og:type\" content=\"article\" \/>\n<meta property=\"og:title\" content=\"PRIM i Bieg Olimpijski 2025: Dzi\u0119kujemy, \u017ce mogli\u015bmy by\u0107 cz\u0119\u015bci\u0105 - PRIM.cz - origin\u00e1ln\u00ed \u010desk\u00e9 p\u00e1nsk\u00e9, d\u00e1msk\u00e9, d\u011btsk\u00e9 hodinky a hodiny\" \/>\n<meta property=\"og:description\" content=\"W \u015brod\u0119 18 czerwca 2025 roku w ca\u0142ej Republice Czeskiej \u2013 od szkolnych boisk po miejskie parki \u2013 biegano w duchu fair play, ruchu i warto\u015bci olimpijskich. Jeste\u015bmy dumni, \u017ce jako czeska marka PRIM mogli\u015bmy by\u0107 cz\u0119\u015bci\u0105 tegorocznego&nbsp;Biegu Olimpijskiego, kt\u00f3ry przyci\u0105gn\u0105\u0142 do sportu dziesi\u0105tki tysi\u0119cy biegaczy ze wszystkich pokole\u0144. 75 917 biegaczy, w tym ponad&nbsp;63 [&hellip;]\" \/>\n<meta property=\"og:url\" content=\"https:\/\/prim.cz\/pl\/aktualita\/prim-i-bieg-olimpijski-2025-dziekujemy-ze-moglismy-byc-czescia\/\" \/>\n<meta property=\"og:site_name\" content=\"PRIM.cz - origin\u00e1ln\u00ed \u010desk\u00e9 p\u00e1nsk\u00e9, d\u00e1msk\u00e9, d\u011btsk\u00e9 hodinky a hodiny\" \/>\n<meta property=\"article:modified_time\" content=\"2026-03-16T10:52:37+00:00\" \/>\n<meta property=\"og:image\" content=\"https:\/\/prim.cz\/wp-content\/uploads\/2025\/06\/COV_foto_id_QG721SmmTGQAAAAAAAAkHw_intern_highlogo-scaled.jpg\" \/>\n\t<meta property=\"og:image:width\" content=\"1707\" \/>\n\t<meta property=\"og:image:height\" content=\"2560\" \/>\n\t<meta property=\"og:image:type\" content=\"image\/jpeg\" \/>\n<meta name=\"twitter:card\" content=\"summary_large_image\" \/>\n<meta name=\"twitter:label1\" content=\"Szacowany czas czytania\" \/>\n\t<meta name=\"twitter:data1\" content=\"1 minuta\" \/>\n<script type=\"application\/ld+json\" class=\"yoast-schema-graph\">{\"@context\":\"https:\/\/schema.org\",\"@graph\":[{\"@type\":\"WebPage\",\"@id\":\"https:\/\/prim.cz\/pl\/aktualita\/prim-i-bieg-olimpijski-2025-dziekujemy-ze-moglismy-byc-czescia\/\",\"url\":\"https:\/\/prim.cz\/pl\/aktualita\/prim-i-bieg-olimpijski-2025-dziekujemy-ze-moglismy-byc-czescia\/\",\"name\":\"PRIM i Bieg Olimpijski 2025: Dzi\u0119kujemy, \u017ce mogli\u015bmy by\u0107 cz\u0119\u015bci\u0105 - PRIM.cz - origin\u00e1ln\u00ed \u010desk\u00e9 p\u00e1nsk\u00e9, d\u00e1msk\u00e9, d\u011btsk\u00e9 hodinky a hodiny\",\"isPartOf\":{\"@id\":\"https:\/\/prim.cz\/en\/#website\"},\"primaryImageOfPage\":{\"@id\":\"https:\/\/prim.cz\/pl\/aktualita\/prim-i-bieg-olimpijski-2025-dziekujemy-ze-moglismy-byc-czescia\/#primaryimage\"},\"image\":{\"@id\":\"https:\/\/prim.cz\/pl\/aktualita\/prim-i-bieg-olimpijski-2025-dziekujemy-ze-moglismy-byc-czescia\/#primaryimage\"},\"thumbnailUrl\":\"https:\/\/prim.cz\/wp-content\/uploads\/2025\/06\/COV_foto_id_QG721SmmTGQAAAAAAAAkHw_intern_highlogo-683x1024.jpg\",\"datePublished\":\"2025-06-26T06:40:03+00:00\",\"dateModified\":\"2026-03-16T10:52:37+00:00\",\"breadcrumb\":{\"@id\":\"https:\/\/prim.cz\/pl\/aktualita\/prim-i-bieg-olimpijski-2025-dziekujemy-ze-moglismy-byc-czescia\/#breadcrumb\"},\"inLanguage\":\"pl-PL\",\"potentialAction\":[{\"@type\":\"ReadAction\",\"target\":[\"https:\/\/prim.cz\/pl\/aktualita\/prim-i-bieg-olimpijski-2025-dziekujemy-ze-moglismy-byc-czescia\/\"]}]},{\"@type\":\"ImageObject\",\"inLanguage\":\"pl-PL\",\"@id\":\"https:\/\/prim.cz\/pl\/aktualita\/prim-i-bieg-olimpijski-2025-dziekujemy-ze-moglismy-byc-czescia\/#primaryimage\",\"url\":\"https:\/\/prim.cz\/wp-content\/uploads\/2025\/06\/COV_foto_id_QG721SmmTGQAAAAAAAAkHw_intern_highlogo-683x1024.jpg\",\"contentUrl\":\"https:\/\/prim.cz\/wp-content\/uploads\/2025\/06\/COV_foto_id_QG721SmmTGQAAAAAAAAkHw_intern_highlogo-683x1024.jpg\"},{\"@type\":\"BreadcrumbList\",\"@id\":\"https:\/\/prim.cz\/pl\/aktualita\/prim-i-bieg-olimpijski-2025-dziekujemy-ze-moglismy-byc-czescia\/#breadcrumb\",\"itemListElement\":[{\"@type\":\"ListItem\",\"position\":1,\"name\":\"Dom\u016f\",\"item\":\"https:\/\/prim.cz\/pl\/\"},{\"@type\":\"ListItem\",\"position\":2,\"name\":\"PRIM i Bieg Olimpijski 2025: Dzi\u0119kujemy, \u017ce mogli\u015bmy by\u0107 cz\u0119\u015bci\u0105\"}]},{\"@type\":\"WebSite\",\"@id\":\"https:\/\/prim.cz\/en\/#website\",\"url\":\"https:\/\/prim.cz\/en\/\",\"name\":\"PRIM - origin\u00e1ln\u00ed \u010desk\u00e9 p\u00e1nsk\u00e9, d\u00e1msk\u00e9, d\u011btsk\u00e9 hodinky a hodiny\",\"description\":\"Nakupujte p\u0159\u00edmo u v\u00fdrobce! Origin\u00e1ln\u00ed eshop s kompletn\u00edm sortimentem \u010desk\u00fdch hodinek PRIM.\",\"alternateName\":\"prim.cz\",\"potentialAction\":[{\"@type\":\"SearchAction\",\"target\":{\"@type\":\"EntryPoint\",\"urlTemplate\":\"https:\/\/prim.cz\/en\/?s={search_term_string}\"},\"query-input\":{\"@type\":\"PropertyValueSpecification\",\"valueRequired\":true,\"valueName\":\"search_term_string\"}}],\"inLanguage\":\"pl-PL\"}]}<\/script>\n<!-- \/ Yoast SEO plugin. -->","yoast_head_json":{"title":"PRIM i Bieg Olimpijski 2025: Dzi\u0119kujemy, \u017ce mogli\u015bmy by\u0107 cz\u0119\u015bci\u0105 - PRIM.cz - origin\u00e1ln\u00ed \u010desk\u00e9 p\u00e1nsk\u00e9, d\u00e1msk\u00e9, d\u011btsk\u00e9 hodinky a hodiny","robots":{"index":"index","follow":"follow","max-snippet":"max-snippet:-1","max-image-preview":"max-image-preview:large","max-video-preview":"max-video-preview:-1"},"canonical":"https:\/\/prim.cz\/pl\/aktualita\/prim-i-bieg-olimpijski-2025-dziekujemy-ze-moglismy-byc-czescia\/","og_locale":"pl_PL","og_type":"article","og_title":"PRIM i Bieg Olimpijski 2025: Dzi\u0119kujemy, \u017ce mogli\u015bmy by\u0107 cz\u0119\u015bci\u0105 - PRIM.cz - origin\u00e1ln\u00ed \u010desk\u00e9 p\u00e1nsk\u00e9, d\u00e1msk\u00e9, d\u011btsk\u00e9 hodinky a hodiny","og_description":"W \u015brod\u0119 18 czerwca 2025 roku w ca\u0142ej Republice Czeskiej \u2013 od szkolnych boisk po miejskie parki \u2013 biegano w duchu fair play, ruchu i warto\u015bci olimpijskich. Jeste\u015bmy dumni, \u017ce jako czeska marka PRIM mogli\u015bmy by\u0107 cz\u0119\u015bci\u0105 tegorocznego&nbsp;Biegu Olimpijskiego, kt\u00f3ry przyci\u0105gn\u0105\u0142 do sportu dziesi\u0105tki tysi\u0119cy biegaczy ze wszystkich pokole\u0144. 75 917 biegaczy, w tym ponad&nbsp;63 [&hellip;]","og_url":"https:\/\/prim.cz\/pl\/aktualita\/prim-i-bieg-olimpijski-2025-dziekujemy-ze-moglismy-byc-czescia\/","og_site_name":"PRIM.cz - origin\u00e1ln\u00ed \u010desk\u00e9 p\u00e1nsk\u00e9, d\u00e1msk\u00e9, d\u011btsk\u00e9 hodinky a hodiny","article_modified_time":"2026-03-16T10:52:37+00:00","og_image":[{"width":1707,"height":2560,"url":"https:\/\/prim.cz\/wp-content\/uploads\/2025\/06\/COV_foto_id_QG721SmmTGQAAAAAAAAkHw_intern_highlogo-scaled.jpg","type":"image\/jpeg"}],"twitter_card":"summary_large_image","twitter_misc":{"Szacowany czas czytania":"1 minuta"},"schema":{"@context":"https:\/\/schema.org","@graph":[{"@type":"WebPage","@id":"https:\/\/prim.cz\/pl\/aktualita\/prim-i-bieg-olimpijski-2025-dziekujemy-ze-moglismy-byc-czescia\/","url":"https:\/\/prim.cz\/pl\/aktualita\/prim-i-bieg-olimpijski-2025-dziekujemy-ze-moglismy-byc-czescia\/","name":"PRIM i Bieg Olimpijski 2025: Dzi\u0119kujemy, \u017ce mogli\u015bmy by\u0107 cz\u0119\u015bci\u0105 - PRIM.cz - origin\u00e1ln\u00ed \u010desk\u00e9 p\u00e1nsk\u00e9, d\u00e1msk\u00e9, d\u011btsk\u00e9 hodinky a hodiny","isPartOf":{"@id":"https:\/\/prim.cz\/en\/#website"},"primaryImageOfPage":{"@id":"https:\/\/prim.cz\/pl\/aktualita\/prim-i-bieg-olimpijski-2025-dziekujemy-ze-moglismy-byc-czescia\/#primaryimage"},"image":{"@id":"https:\/\/prim.cz\/pl\/aktualita\/prim-i-bieg-olimpijski-2025-dziekujemy-ze-moglismy-byc-czescia\/#primaryimage"},"thumbnailUrl":"https:\/\/prim.cz\/wp-content\/uploads\/2025\/06\/COV_foto_id_QG721SmmTGQAAAAAAAAkHw_intern_highlogo-683x1024.jpg","datePublished":"2025-06-26T06:40:03+00:00","dateModified":"2026-03-16T10:52:37+00:00","breadcrumb":{"@id":"https:\/\/prim.cz\/pl\/aktualita\/prim-i-bieg-olimpijski-2025-dziekujemy-ze-moglismy-byc-czescia\/#breadcrumb"},"inLanguage":"pl-PL","potentialAction":[{"@type":"ReadAction","target":["https:\/\/prim.cz\/pl\/aktualita\/prim-i-bieg-olimpijski-2025-dziekujemy-ze-moglismy-byc-czescia\/"]}]},{"@type":"ImageObject","inLanguage":"pl-PL","@id":"https:\/\/prim.cz\/pl\/aktualita\/prim-i-bieg-olimpijski-2025-dziekujemy-ze-moglismy-byc-czescia\/#primaryimage","url":"https:\/\/prim.cz\/wp-content\/uploads\/2025\/06\/COV_foto_id_QG721SmmTGQAAAAAAAAkHw_intern_highlogo-683x1024.jpg","contentUrl":"https:\/\/prim.cz\/wp-content\/uploads\/2025\/06\/COV_foto_id_QG721SmmTGQAAAAAAAAkHw_intern_highlogo-683x1024.jpg"},{"@type":"BreadcrumbList","@id":"https:\/\/prim.cz\/pl\/aktualita\/prim-i-bieg-olimpijski-2025-dziekujemy-ze-moglismy-byc-czescia\/#breadcrumb","itemListElement":[{"@type":"ListItem","position":1,"name":"Dom\u016f","item":"https:\/\/prim.cz\/pl\/"},{"@type":"ListItem","position":2,"name":"PRIM i Bieg Olimpijski 2025: Dzi\u0119kujemy, \u017ce mogli\u015bmy by\u0107 cz\u0119\u015bci\u0105"}]},{"@type":"WebSite","@id":"https:\/\/prim.cz\/en\/#website","url":"https:\/\/prim.cz\/en\/","name":"PRIM - origin\u00e1ln\u00ed \u010desk\u00e9 p\u00e1nsk\u00e9, d\u00e1msk\u00e9, d\u011btsk\u00e9 hodinky a hodiny","description":"Nakupujte p\u0159\u00edmo u v\u00fdrobce! Origin\u00e1ln\u00ed eshop s kompletn\u00edm sortimentem \u010desk\u00fdch hodinek PRIM.","alternateName":"prim.cz","potentialAction":[{"@type":"SearchAction","target":{"@type":"EntryPoint","urlTemplate":"https:\/\/prim.cz\/en\/?s={search_term_string}"},"query-input":{"@type":"PropertyValueSpecification","valueRequired":true,"valueName":"search_term_string"}}],"inLanguage":"pl-PL"}]}},"wpml_current_locale":"pl_PL","wpml_translations":{"cs_CZ":{"locale":"cs_CZ","id":33933,"slug":"prim-a-olympijsky-beh-2025-dekujeme-ze-jsme-mohli-byt-soucasti","post_title":"PRIM a Olympijsk\u00fd b\u011bh 2025: D\u011bkujeme, \u017ee jsme mohli b\u00fdt sou\u010d\u00e1st\u00ed","href":"https:\/\/prim.cz\/aktualita\/prim-a-olympijsky-beh-2025-dekujeme-ze-jsme-mohli-byt-soucasti\/"},"sk_SK":{"locale":"sk_SK","id":44076,"slug":"prim-a-olympijsky-beh-2025-dakujeme-ze-sme-mohli-byt-sucastou","post_title":"PRIM a Olympijsk\u00fd beh 2025: \u010eakujeme, \u017ee sme mohli by\u0165 s\u00fa\u010das\u0165ou","href":"https:\/\/prim.cz\/sk\/aktualita\/prim-a-olympijsky-beh-2025-dakujeme-ze-sme-mohli-byt-sucastou\/"},"pl_PL":{"locale":"pl_PL","translation":"current"},"en_US":{"locale":"en_US","id":44065,"slug":"prim-and-the-olympic-run-2025-thank-you-for-letting-us-be-part-of-it","post_title":"PRIM and the Olympic Run 2025: Thank You for Letting Us Be Part of It","href":"https:\/\/prim.cz\/en\/aktualita\/prim-and-the-olympic-run-2025-thank-you-for-letting-us-be-part-of-it\/"}},"_links":{"self":[{"href":"https:\/\/prim.cz\/pl\/wp-json\/wp\/v2\/aktualita\/44084","targetHints":{"allow":["GET"]}}],"collection":[{"href":"https:\/\/prim.cz\/pl\/wp-json\/wp\/v2\/aktualita"}],"about":[{"href":"https:\/\/prim.cz\/pl\/wp-json\/wp\/v2\/types\/aktualita"}],"wp:attachment":[{"href":"https:\/\/prim.cz\/pl\/wp-json\/wp\/v2\/media?parent=44084"}],"curies":[{"name":"wp","href":"https:\/\/api.w.org\/{rel}","templated":true}]}}