{"version":"1.0","provider_name":"PRIM.cz - origin\u00e1ln\u00ed \u010desk\u00e9 p\u00e1nsk\u00e9, d\u00e1msk\u00e9, d\u011btsk\u00e9 hodinky a hodiny","provider_url":"https:\/\/prim.cz\/pl\/","author_name":"David Pleva","author_url":"https:\/\/prim.cz\/pl\/author\/david_pleva\/","title":"PRIM Dakar 2022 historia trwa - PRIM.cz - origin\u00e1ln\u00ed \u010desk\u00e9 p\u00e1nsk\u00e9, d\u00e1msk\u00e9, d\u011btsk\u00e9 hodinky a hodiny","type":"rich","width":600,"height":338,"html":"<blockquote class=\"wp-embedded-content\" data-secret=\"EVrIbO52CD\"><a href=\"https:\/\/prim.cz\/pl\/aktualita\/prim-dakar-2022-historia-trwa\/\">PRIM Dakar 2022 historia trwa<\/a><\/blockquote><iframe sandbox=\"allow-scripts\" security=\"restricted\" src=\"https:\/\/prim.cz\/pl\/aktualita\/prim-dakar-2022-historia-trwa\/embed\/#?secret=EVrIbO52CD\" width=\"600\" height=\"338\" title=\"&#8222;PRIM Dakar 2022 historia trwa&#8221; &#8212; PRIM.cz - origin\u00e1ln\u00ed \u010desk\u00e9 p\u00e1nsk\u00e9, d\u00e1msk\u00e9, d\u011btsk\u00e9 hodinky a hodiny\" data-secret=\"EVrIbO52CD\" frameborder=\"0\" marginwidth=\"0\" marginheight=\"0\" scrolling=\"no\" class=\"wp-embedded-content\"><\/iframe><script>\n\/*! This file is auto-generated *\/\n!function(d,l){\"use strict\";l.querySelector&&d.addEventListener&&\"undefined\"!=typeof URL&&(d.wp=d.wp||{},d.wp.receiveEmbedMessage||(d.wp.receiveEmbedMessage=function(e){var t=e.data;if((t||t.secret||t.message||t.value)&&!\/[^a-zA-Z0-9]\/.test(t.secret)){for(var s,r,n,a=l.querySelectorAll('iframe[data-secret=\"'+t.secret+'\"]'),o=l.querySelectorAll('blockquote[data-secret=\"'+t.secret+'\"]'),c=new RegExp(\"^https?:$\",\"i\"),i=0;i<o.length;i++)o[i].style.display=\"none\";for(i=0;i<a.length;i++)s=a[i],e.source===s.contentWindow&&(s.removeAttribute(\"style\"),\"height\"===t.message?(1e3<(r=parseInt(t.value,10))?r=1e3:~~r<200&&(r=200),s.height=r):\"link\"===t.message&&(r=new URL(s.getAttribute(\"src\")),n=new URL(t.value),c.test(n.protocol))&&n.host===r.host&&l.activeElement===s&&(d.top.location.href=t.value))}},d.addEventListener(\"message\",d.wp.receiveEmbedMessage,!1),l.addEventListener(\"DOMContentLoaded\",function(){for(var e,t,s=l.querySelectorAll(\"iframe.wp-embedded-content\"),r=0;r<s.length;r++)(t=(e=s[r]).getAttribute(\"data-secret\"))||(t=Math.random().toString(36).substring(2,12),e.src+=\"#?secret=\"+t,e.setAttribute(\"data-secret\",t)),e.contentWindow.postMessage({message:\"ready\",secret:t},\"*\")},!1)))}(window,document);\n\/\/# sourceURL=https:\/\/prim.cz\/wp-includes\/js\/wp-embed.min.js\n<\/script>\n","description":"Pi\u0105ty medal za pomy\u015blne uko\u0144czenie najtrudniejszej imprezy motoryzacyjnej na planecie przywozi z saudyjskiego Rally Dakar nawigator zespo\u0142u ULTIMATE DAKAR David K\u0159\u00edpal. Chocia\u017c w tym roku planowa\u0142 spokojniejsze tempo w samochodzie serwisowym, ponownie znalaz\u0142 si\u0119 w ostrym rytmie wy\u015bcigowym. \u201eSta\u0142o si\u0119 to w samym \u015brodku sylwestrowego prologu. Wy\u015bcig by\u0142 ju\u017c w pe\u0142nym toku, gdy francuski zesp\u00f3\u0142 [&hellip;]","thumbnail_url":"https:\/\/prim.cz\/wp-content\/uploads\/2022\/09\/image_komp-1024x712-1.webp","thumbnail_width":1024,"thumbnail_height":712}