{"id":25670,"date":"2024-08-20T09:07:00","date_gmt":"2024-08-20T08:07:00","guid":{"rendered":"https:\/\/new.prim-hodinky.cz\/?post_type=podporujeme&#038;p=25670"},"modified":"2026-04-23T13:23:30","modified_gmt":"2026-04-23T11:23:30","slug":"czech-cycling-tour","status":"publish","type":"podporujeme","link":"https:\/\/prim.cz\/en\/podporujeme\/czech-cycling-tour\/","title":{"rendered":"Czech Cycling Tour"},"content":{"rendered":"\n<p><strong>Sledujte spolu s n\u00e1mi \u00fasp\u011bchy jezdc\u016f presti\u017en\u00edho z\u00e1vodu Czech Cycling Tour.<\/strong><\/p>\n\n\n\n<p>Tradi\u010dn\u00ed \u010desk\u00e1 hodin\u00e1\u0159sk\u00e1 zna\u010dka PRIM od spole\u010dnosti MPM-QUALITY se nov\u011b propojila s \u010desk\u00fdm sportem. Na za\u010d\u00e1tku \u010dervence 2011 se stala ofici\u00e1ln\u00edm sponzorem \u010dasom\u00edry 3. ro\u010dn\u00edku nejv\u011bt\u0161\u00edho etapov\u00e9ho silni\u010dn\u00edho cyklistick\u00e9ho z\u00e1vodu v \u010cesk\u00e9 republice \u2013 Czech Cycling Tour 2011.<\/p>\n\n\n\n<p>Jedn\u00e1 se o jedin\u00fd mezin\u00e1rodn\u00ed cyklistick\u00fd z\u00e1vod na \u00fazem\u00ed \u010cesk\u00e9 republiky, kter\u00fd je za\u0159azen\u00fd do Sv\u011btov\u00e9ho poh\u00e1ru. Jeho celkov\u00e1 d\u00e9lka je 544 km a \u00fa\u010dastn\u00ed se jej sedmi\u010dlenn\u00e1 dru\u017estva z\u00e1vodn\u00edk\u016f. Skl\u00e1d\u00e1 se ze \u010dty\u0159 etap, jejich\u017e c\u00edlov\u00fdmi m\u011bsty jsou Uni\u010dov, Prost\u011bjov, \u0160umperk a Olomouc.<\/p>\n\n\n\n<p><strong>Czech Tour 2019<\/strong><\/p>\n\n\n\n<p><strong>V\u00edt\u011bzem 11. ro\u010dn\u00edku z\u00e1vodu prvn\u00ed kategorie UCI Czech Tour se stal nejv\u011bt\u0161\u00ed favorit Jihoafri\u010dan Daryl Impey z t\u00fdmu Mitcheton Scott, druh\u00fd skon\u010dil jeho t\u00fdmov\u00fd kolega Australan Lucas Hamilton a t\u0159et\u00ed je \u010desk\u00fd jezdec Michael Kukrle z Elkov-Author.<\/strong><\/p>\n\n\n\n<p>Program CT 2019<br>15.8.2019 Ostrava TTT \/ start 17:00 \/ 16,0 km<br>16.8.2019 Olomouc \u2013 Fr\u00fddek-M\u00edstek \/ start 11:30 \/ finish cca 16:06-16:34 \/ 186,6 km<br>17.8.2019 Olomouc \u2013 Uni\u010dov \/ start 11:00 \/ finish cca 15:20-15:32 \/ 175,3 km<br>18.8.2019 Mohelnice \u2013 \u0160ternberk \/ start 10:30 \/ finish cca 15:07-15:21 \/ 178,0 km<\/p>\n\n\n\n<figure class=\"wp-block-gallery has-nested-images columns-default is-cropped wp-block-gallery-1 is-layout-flex wp-block-gallery-is-layout-flex\">\n<figure class=\"wp-block-image size-large\"><img loading=\"lazy\" decoding=\"async\" width=\"1024\" height=\"681\" data-id=\"25676\" src=\"https:\/\/new.prim-hodinky.cz\/wp-content\/uploads\/2025\/01\/BrychtaJan_CCT_20190818_155942_DSC_5128-1024x681-1.webp\" alt=\"\" class=\"wp-image-25676\" srcset=\"https:\/\/prim.cz\/wp-content\/uploads\/2025\/01\/BrychtaJan_CCT_20190818_155942_DSC_5128-1024x681-1.webp 1024w, https:\/\/prim.cz\/wp-content\/uploads\/2025\/01\/BrychtaJan_CCT_20190818_155942_DSC_5128-1024x681-1-300x200.webp 300w, https:\/\/prim.cz\/wp-content\/uploads\/2025\/01\/BrychtaJan_CCT_20190818_155942_DSC_5128-1024x681-1-768x511.webp 768w\" sizes=\"auto, (max-width: 1024px) 100vw, 1024px\" \/><\/figure>\n\n\n\n<figure class=\"wp-block-image size-large\"><img loading=\"lazy\" decoding=\"async\" width=\"1024\" height=\"576\" data-id=\"25673\" src=\"https:\/\/new.prim-hodinky.cz\/wp-content\/uploads\/2025\/01\/BrychtaJan_CCT_20190816_155015_DSC_3318-1024x576-1.webp\" alt=\"\" class=\"wp-image-25673\" srcset=\"https:\/\/prim.cz\/wp-content\/uploads\/2025\/01\/BrychtaJan_CCT_20190816_155015_DSC_3318-1024x576-1.webp 1024w, https:\/\/prim.cz\/wp-content\/uploads\/2025\/01\/BrychtaJan_CCT_20190816_155015_DSC_3318-1024x576-1-300x169.webp 300w, https:\/\/prim.cz\/wp-content\/uploads\/2025\/01\/BrychtaJan_CCT_20190816_155015_DSC_3318-1024x576-1-768x432.webp 768w\" sizes=\"auto, (max-width: 1024px) 100vw, 1024px\" \/><\/figure>\n\n\n\n<figure class=\"wp-block-image size-large\"><img loading=\"lazy\" decoding=\"async\" width=\"1024\" height=\"684\" data-id=\"25678\" src=\"https:\/\/new.prim-hodinky.cz\/wp-content\/uploads\/2025\/01\/BrychtaJan_CCT_20190817_123219_DSC_3466-1024x684-1.webp\" alt=\"\" class=\"wp-image-25678\" srcset=\"https:\/\/prim.cz\/wp-content\/uploads\/2025\/01\/BrychtaJan_CCT_20190817_123219_DSC_3466-1024x684-1.webp 1024w, https:\/\/prim.cz\/wp-content\/uploads\/2025\/01\/BrychtaJan_CCT_20190817_123219_DSC_3466-1024x684-1-300x200.webp 300w, https:\/\/prim.cz\/wp-content\/uploads\/2025\/01\/BrychtaJan_CCT_20190817_123219_DSC_3466-1024x684-1-768x513.webp 768w\" sizes=\"auto, (max-width: 1024px) 100vw, 1024px\" \/><\/figure>\n\n\n\n<figure class=\"wp-block-image size-large\"><img loading=\"lazy\" decoding=\"async\" width=\"1024\" height=\"681\" data-id=\"25674\" src=\"https:\/\/new.prim-hodinky.cz\/wp-content\/uploads\/2025\/01\/BrychtaJan_CCT_20190818_151138_DSC_4920-1024x681-1.webp\" alt=\"\" class=\"wp-image-25674\" srcset=\"https:\/\/prim.cz\/wp-content\/uploads\/2025\/01\/BrychtaJan_CCT_20190818_151138_DSC_4920-1024x681-1.webp 1024w, https:\/\/prim.cz\/wp-content\/uploads\/2025\/01\/BrychtaJan_CCT_20190818_151138_DSC_4920-1024x681-1-300x200.webp 300w, https:\/\/prim.cz\/wp-content\/uploads\/2025\/01\/BrychtaJan_CCT_20190818_151138_DSC_4920-1024x681-1-768x511.webp 768w\" sizes=\"auto, (max-width: 1024px) 100vw, 1024px\" \/><\/figure>\n\n\n\n<figure class=\"wp-block-image size-large\"><img loading=\"lazy\" decoding=\"async\" width=\"1024\" height=\"681\" data-id=\"25675\" src=\"https:\/\/new.prim-hodinky.cz\/wp-content\/uploads\/2025\/01\/BrychtaJan_CCT_20190816_165917_DSC_2883-1024x681-1.webp\" alt=\"\" class=\"wp-image-25675\" srcset=\"https:\/\/prim.cz\/wp-content\/uploads\/2025\/01\/BrychtaJan_CCT_20190816_165917_DSC_2883-1024x681-1.webp 1024w, https:\/\/prim.cz\/wp-content\/uploads\/2025\/01\/BrychtaJan_CCT_20190816_165917_DSC_2883-1024x681-1-300x200.webp 300w, https:\/\/prim.cz\/wp-content\/uploads\/2025\/01\/BrychtaJan_CCT_20190816_165917_DSC_2883-1024x681-1-768x511.webp 768w\" sizes=\"auto, (max-width: 1024px) 100vw, 1024px\" \/><\/figure>\n\n\n\n<figure class=\"wp-block-image size-large\"><img loading=\"lazy\" decoding=\"async\" width=\"1024\" height=\"681\" data-id=\"25679\" src=\"https:\/\/new.prim-hodinky.cz\/wp-content\/uploads\/2025\/01\/BrychtaJan_CCT_20190818_113640_DSC_4134-1024x681-1.webp\" alt=\"\" class=\"wp-image-25679\" srcset=\"https:\/\/prim.cz\/wp-content\/uploads\/2025\/01\/BrychtaJan_CCT_20190818_113640_DSC_4134-1024x681-1.webp 1024w, https:\/\/prim.cz\/wp-content\/uploads\/2025\/01\/BrychtaJan_CCT_20190818_113640_DSC_4134-1024x681-1-300x200.webp 300w, https:\/\/prim.cz\/wp-content\/uploads\/2025\/01\/BrychtaJan_CCT_20190818_113640_DSC_4134-1024x681-1-768x511.webp 768w\" sizes=\"auto, (max-width: 1024px) 100vw, 1024px\" \/><\/figure>\n\n\n\n<figure class=\"wp-block-image size-large\"><img loading=\"lazy\" decoding=\"async\" width=\"650\" height=\"433\" data-id=\"25681\" src=\"https:\/\/new.prim-hodinky.cz\/wp-content\/uploads\/2025\/01\/IMD_7137.webp\" alt=\"\" class=\"wp-image-25681\" srcset=\"https:\/\/prim.cz\/wp-content\/uploads\/2025\/01\/IMD_7137.webp 650w, https:\/\/prim.cz\/wp-content\/uploads\/2025\/01\/IMD_7137-300x200.webp 300w\" sizes=\"auto, (max-width: 650px) 100vw, 650px\" \/><\/figure>\n\n\n\n<figure class=\"wp-block-image size-large\"><img loading=\"lazy\" decoding=\"async\" width=\"1024\" height=\"681\" data-id=\"25680\" src=\"https:\/\/new.prim-hodinky.cz\/wp-content\/uploads\/2025\/01\/BrychtaJan_CCT_20190816_142420_DSC_2613-1024x681-1.webp\" alt=\"\" class=\"wp-image-25680\" srcset=\"https:\/\/prim.cz\/wp-content\/uploads\/2025\/01\/BrychtaJan_CCT_20190816_142420_DSC_2613-1024x681-1.webp 1024w, https:\/\/prim.cz\/wp-content\/uploads\/2025\/01\/BrychtaJan_CCT_20190816_142420_DSC_2613-1024x681-1-300x200.webp 300w, https:\/\/prim.cz\/wp-content\/uploads\/2025\/01\/BrychtaJan_CCT_20190816_142420_DSC_2613-1024x681-1-768x511.webp 768w\" sizes=\"auto, (max-width: 1024px) 100vw, 1024px\" \/><\/figure>\n\n\n\n<figure class=\"wp-block-image size-large\"><img loading=\"lazy\" decoding=\"async\" width=\"800\" height=\"533\" data-id=\"25677\" src=\"https:\/\/new.prim-hodinky.cz\/wp-content\/uploads\/2025\/01\/cct_triko_upravene.webp\" alt=\"\" class=\"wp-image-25677\" srcset=\"https:\/\/prim.cz\/wp-content\/uploads\/2025\/01\/cct_triko_upravene.webp 800w, https:\/\/prim.cz\/wp-content\/uploads\/2025\/01\/cct_triko_upravene-300x200.webp 300w, https:\/\/prim.cz\/wp-content\/uploads\/2025\/01\/cct_triko_upravene-768x512.webp 768w\" sizes=\"auto, (max-width: 800px) 100vw, 800px\" \/><\/figure>\n<\/figure>\n\n\n\n<p><a href=\"http:\/\/www.czechcyclingtour.cz\/zavody\/czech-cycling-tour\/\" target=\"_blank\" rel=\"noreferrer noopener\">www.czechcyclingtour.cz<\/a><br>Foto: Jan Brychta \/ Czech Tour 2019<\/p>\n\n\n\n<h6 class=\"wp-block-heading\"><strong>Smlouvy cyklist\u016f: Turek z\u016fst\u00e1v\u00e1 v Izraeli, Schlegel uva\u017euje o Elkovu<\/strong><\/h6>\n\n\n\n<p><small>7.11.2018<\/small><\/p>\n\n\n\n<p><strong>Obdob\u00ed, kter\u00e9 rozhoduje o tom, za kter\u00e9 t\u00fdmy budou v p\u0159\u00ed\u0161t\u00ed sezon\u011b jezdit elitn\u00ed \u010de\u0161t\u00ed cyklist\u00e9, pomalu kon\u010d\u00ed. Petr Vako\u010d kone\u010dn\u011b podepsal dal\u0161\u00ed kontrakt u Quick-Stepu, jistotu m\u00e1 od \u00fater\u00fd i Daniel Turek. Zato Michal Schlegel st\u00e1le \u0159e\u0161\u00ed, kdo bude jeho dal\u0161\u00edm zam\u011bstnavatelem.<\/strong><\/p>\n\n\n\n<p>P\u011btadvacetilet\u00e9mu&nbsp;<strong>Danieli Turkovi<\/strong>, \u010desk\u00e9mu mu\u017ei pro \u00faniky v druhodivizn\u00ed st\u00e1ji Israel Cycling Academy, p\u0159isl\u00edbili prodlou\u017een\u00ed kontraktu u\u017e v kv\u011btnu, kdy se t\u011bsn\u011b neve\u0161el do nominace na Giro. Jen\u017ee potom se dlouho nic ned\u011blo a Turek st\u00e1le novou smlouvu nedost\u00e1val. Veden\u00ed t\u00fdmu \u010dekalo, zda se managementu st\u00e1je poda\u0159\u00ed dohodnout se v\u0161emi sponzory, kte\u0159\u00ed m\u011bli naplnit pl\u00e1novan\u00fd rozpo\u010det. A to se povedlo.<\/p>\n\n\n\n<p>\u201eTak\u017ee budeme m\u00edt nakonec na soupisce 29 jezdc\u016f a jedn\u00edm z nich bude tak\u00e9 Dan Turek. V \u00fater\u00fd veden\u00ed t\u00fdmu definitivn\u011b rozhodlo, \u017ee dostane smlouvu,\u201c informoval&nbsp;<strong>Ren\u00e9 Andrle<\/strong>, jeden ze sportovn\u00edch \u0159editel\u016f st\u00e1je. \u201eNav\u00edc bychom m\u011bli op\u011bt dostat jednu ze \u010dty\u0159 divok\u00fdch karet na Giro. Tak\u017ee Dan bude m\u00edt znovu \u0161anci vybojovat si nominaci na Grand Tour,\u201c dodal Andrle.<\/p>\n\n\n\n<figure class=\"wp-block-image size-large\"><img loading=\"lazy\" decoding=\"async\" width=\"1024\" height=\"683\" src=\"https:\/\/new.prim-hodinky.cz\/wp-content\/uploads\/2025\/01\/DkU-wblXoAAVWbg-1024x683.webp\" alt=\"\" class=\"wp-image-25682\" srcset=\"https:\/\/prim.cz\/wp-content\/uploads\/2025\/01\/DkU-wblXoAAVWbg-1024x683.webp 1024w, https:\/\/prim.cz\/wp-content\/uploads\/2025\/01\/DkU-wblXoAAVWbg-300x200.webp 300w, https:\/\/prim.cz\/wp-content\/uploads\/2025\/01\/DkU-wblXoAAVWbg-768x512.webp 768w, https:\/\/prim.cz\/wp-content\/uploads\/2025\/01\/DkU-wblXoAAVWbg.webp 1200w\" sizes=\"auto, (max-width: 1024px) 100vw, 1024px\" \/><\/figure>\n\n\n\n<p>zdroj:&nbsp;<a href=\"https:\/\/twitter.com\/CyclingphotoLIV\/status\/1028297107843756033\/photo\/1\">@CyclingphotoLIV<\/a><\/p>\n\n\n\n<p>Ov\u0161em proniknout do osmi\u010dky pro z\u00e1vod Grand Tour bude tentokr\u00e1t mo\u017en\u00e1 je\u0161t\u011b t\u011b\u017e\u0161\u00ed ne\u017e letos. T\u00fdm posiluje, dnes ozn\u00e1mil, \u017ee podepsal i 29let\u00e9ho&nbsp;<strong>Davida Cimolaie<\/strong>, kter\u00fd p\u0159estoup\u00ed ze st\u00e1je FdJ. Cimolai v minulosti pracoval pro&nbsp;<strong>Petra Sagana<\/strong>&nbsp;v Liquigasu a byl nejd\u016fle\u017eit\u011bj\u0161\u00edm sprintersk\u00fdm pomocn\u00edkem&nbsp;<strong>Arnauda Demara<\/strong>&nbsp;v FdJ. Letos nav\u00edc v italsk\u00e9m n\u00e1rodn\u00edm dresu pomohl&nbsp;<strong>Matteu Trentinovi<\/strong>&nbsp;vyhr\u00e1t mistrovstv\u00ed Evropy. \u201eU n\u00e1s m\u016f\u017ee b\u00fdt Cimolai d\u016fle\u017eit\u00fdm pomocn\u00edkem do spurt\u016f, ale tak\u00e9 se s\u00e1m prosazovat v t\u011b\u017ek\u00fdch z\u00e1vodech, jak\u00fdmi jsou nap\u0159\u00edklad klasiky,\u201c tvrd\u00ed mana\u017eer t\u00fdmu&nbsp;<strong>Kjell Carlstr\u00f6m<\/strong>.<\/p>\n\n\n\n<p>V izraelsk\u00e9 st\u00e1ji mezit\u00edm prodlou\u017eili kontrakt vrcha\u0159i&nbsp;<strong>Ruben Plaza<\/strong>&nbsp;a&nbsp;<strong>Ben Hermans<\/strong>, stejn\u011b tak sprinter&nbsp;<strong>Kristian Sbaragli<\/strong>.<\/p>\n\n\n\n<p>H\u016f\u0159e ne\u017e Turek je na tom zat\u00edm&nbsp;<strong>Michal Schlegel<\/strong>. Velk\u00e1 \u010desk\u00e1 nad\u011bje, loni akt\u00e9r Gira 2017 a t\u0159et\u00ed v Z\u00e1vodu m\u00edru do 23 let, i letos z\u00e1vodil za druhodivizn\u00ed polsk\u00fd t\u00fdm CCC. Ten se stane n\u00e1stupcem st\u00e1je BMC v prvn\u00ed divizi, ale Schlegelovi veden\u00ed st\u00e1je dal\u0161\u00ed kontrakt nenab\u00eddlo. Na podzim se nejprve slibn\u011b vyv\u00edjelo jeho jedn\u00e1n\u00ed s italsk\u00fdm druhodivizn\u00edm t\u00fdmem Willier Triestina. \u201eJen\u017ee to nakonec padlo, Willier m\u00e1 finan\u010dn\u00ed probl\u00e9my,\u201c prozradil Schlegel. \u201eJe\u0161t\u011b je ve h\u0159e jeden zahrani\u010dn\u00ed profesion\u00e1ln\u00ed t\u00fdm, jeho\u017e jm\u00e9no nemohu uv\u00e9st, tenhle t\u00fdden mi definitivn\u011b daj\u00ed v\u011bd\u011bt.\u201c Pokud op\u011bt usly\u0161\u00ed \u201eNe\u201c, m\u00e1 v z\u00e1loze pl\u00e1n B. Ov\u0161em ten s sebou nese sestup ze druh\u00e9 do t\u0159et\u00ed divize. \u201eJsem p\u0159edb\u011b\u017en\u011b domluven\u00fd s Elkovem Author, \u017ee bych jezdil za n\u011b. Byl bych jim vd\u011b\u010dn\u00fd, \u017ee mohu pokra\u010dovat v kari\u00e9\u0159e. A pokusil bych se v budoucnu zase si vyjet m\u00edsto ve vy\u0161\u0161\u00edch diviz\u00edch.\u201c<\/p>\n\n\n\n<p>Podobnou cestou se vydal&nbsp;<strong>Josef \u010cern\u00fd<\/strong>. Tomu skon\u010dila smlouva v CCC p\u0159edloni, \u017e\u00e1dn\u00fd kontrakt ve druh\u00e9 divizi tehdy nesehnal, z\u00e1vodil dva roky ve t\u0159et\u00ed divizi za Elkov, letos na sebe upoutal pozornost v\u00fdborn\u00fdmi v\u00fdkony a vyslou\u017eil si smlouvu v t\u00fdmu CCC pro prvn\u00ed divizi.<\/p>\n\n\n\n<p>Do \u010desk\u00e9ho Elkova p\u0159ich\u00e1zej\u00ed po t\u00e9to sezon\u011b tak\u00e9&nbsp;<strong>Franti\u0161ek Sisr<\/strong>, doposud rovn\u011b\u017e z\u00e1vodn\u00edk CCC, a&nbsp;<strong>Karel Hn\u00edk<\/strong>, v minulosti cyklista farmy Quick-Stepu a druhodivizn\u00edch st\u00e1j\u00ed Verva a Cult Energy. Ten v leto\u0161n\u00ed sezon\u011b obl\u00e9kal dres Pardus-Tufo Prost\u011bjov a zviditelnil se dlouh\u00fdm \u00fanikem na mistrovstv\u00ed sv\u011bta. \u201eSe sv\u00fdmi p\u0159edpoklady je Karel Hn\u00edk jasn\u00fdm vrcha\u0159em, kter\u00fd by n\u00e1m m\u011bl v kopc\u00edch opravdu velmi pomoci,\u201c \u0159\u00edk\u00e1 \u0161\u00e9f t\u00fdmu Elkov Vladim\u00edr V\u00e1vra.<\/p>\n\n\n\n<p>Vrcha\u0159em je tak\u00e9 Schlegel. Za svoj\u00ed ne\u00fasp\u011b\u0161nou snahou z\u00edskat smlouvu v prvn\u00ed \u010di druh\u00e9 divizi se 23let\u00fd z\u00e1vodn\u00edk ohl\u00ed\u017e\u00ed: \u201eJe to pro m\u011b trochu zklam\u00e1n\u00ed, \u017ee jsem nic nesehnal. Hodn\u011b t\u00fdm\u016f, i druhodivizn\u00edch, se rozpadlo, podobn\u00e9 pot\u00ed\u017ee m\u00e1 te\u010f v\u00edc z\u00e1vodn\u00edk\u016f. Mn\u011b nav\u00edc nepomohlo, \u017ee jsem si v srpnu zlomil kl\u00ed\u010dn\u00ed kost a nemohl z\u00e1vodit. I proto se potom v\u0161echna jedn\u00e1n\u00ed t\u00e1hla.\u201c<\/p>\n\n\n\n<p>Zdroj:&nbsp;<a href=\"https:\/\/sport.idnes.cz\/daniel-turek-michal-schlegel-smlouvy-ds6-\/cyklistika.aspx?c=A181107_124742_cyklistika_tm2\" target=\"_blank\" rel=\"noreferrer noopener\">www.sport.idnes.cz<\/a><\/p>\n\n\n\n<p><strong>Czech Cycling Tour 2018<\/strong><\/p>\n\n\n\n<p>Program CCT 2018<\/p>\n\n\n\n<p>9.8.2018 Uni\u010dov TTT \/ start 17:00 finish cca 18:10 \/ 18,2 km<br>10.8.2018 Olomouc \u2013 Fr\u00fddek-M\u00edstek \/ start 12:30 finish cca 17:50 \/ 197,7 km<br>11.8.2018 Mohelnice \u2013 \u0160ternberk \/ start 11:30 finish cca 16:20 \/ 178,0 km<br>12.8.2018 Olomouc \u2013 Dolany \/ start 11:00 finish cca 14:55 \/ 147,9 km<\/p>\n\n\n\n<p><strong>T\u00fdmov\u00e1 \u010dasovka pro BORA hansgrohe<\/strong><\/p>\n\n\n\n<p>T\u00fdmovou \u010dasovku na 18,2 kilometr\u016f v Uni\u010dov\u011b, kter\u00e1 otev\u0159ela leto\u0161n\u00ed ro\u010dn\u00edk presti\u017en\u00edho z\u00e1vodu Czech Cycling Tour, ovl\u00e1dl jedin\u00fd ze startuj\u00edc\u00edch t\u00fdm\u016f WorldTour BORA hansgrohe.<\/p>\n\n\n\n<figure class=\"wp-block-gallery has-nested-images columns-default is-cropped wp-block-gallery-2 is-layout-flex wp-block-gallery-is-layout-flex\">\n<figure class=\"wp-block-image size-large\"><img loading=\"lazy\" decoding=\"async\" width=\"1024\" height=\"576\" data-id=\"25683\" src=\"https:\/\/new.prim-hodinky.cz\/wp-content\/uploads\/2025\/01\/BrychtaJan_CCT_20180809_183957_DSC_5727-1024x576-1.webp\" alt=\"\" class=\"wp-image-25683\" srcset=\"https:\/\/prim.cz\/wp-content\/uploads\/2025\/01\/BrychtaJan_CCT_20180809_183957_DSC_5727-1024x576-1.webp 1024w, https:\/\/prim.cz\/wp-content\/uploads\/2025\/01\/BrychtaJan_CCT_20180809_183957_DSC_5727-1024x576-1-300x169.webp 300w, https:\/\/prim.cz\/wp-content\/uploads\/2025\/01\/BrychtaJan_CCT_20180809_183957_DSC_5727-1024x576-1-768x432.webp 768w\" sizes=\"auto, (max-width: 1024px) 100vw, 1024px\" \/><\/figure>\n\n\n\n<figure class=\"wp-block-image size-large\"><img loading=\"lazy\" decoding=\"async\" width=\"1024\" height=\"682\" data-id=\"25687\" src=\"https:\/\/new.prim-hodinky.cz\/wp-content\/uploads\/2025\/01\/BrychtaJan_CCT_20180809_182558_DSC_6467-1024x682-1.webp\" alt=\"\" class=\"wp-image-25687\" srcset=\"https:\/\/prim.cz\/wp-content\/uploads\/2025\/01\/BrychtaJan_CCT_20180809_182558_DSC_6467-1024x682-1.webp 1024w, https:\/\/prim.cz\/wp-content\/uploads\/2025\/01\/BrychtaJan_CCT_20180809_182558_DSC_6467-1024x682-1-300x200.webp 300w, https:\/\/prim.cz\/wp-content\/uploads\/2025\/01\/BrychtaJan_CCT_20180809_182558_DSC_6467-1024x682-1-768x512.webp 768w\" sizes=\"auto, (max-width: 1024px) 100vw, 1024px\" \/><\/figure>\n\n\n\n<figure class=\"wp-block-image size-large\"><img loading=\"lazy\" decoding=\"async\" width=\"1024\" height=\"682\" data-id=\"25688\" src=\"https:\/\/new.prim-hodinky.cz\/wp-content\/uploads\/2025\/01\/BrychtaJan_CCT_20180809_183655_DSC_6536-1-1024x682-1.webp\" alt=\"\" class=\"wp-image-25688\" srcset=\"https:\/\/prim.cz\/wp-content\/uploads\/2025\/01\/BrychtaJan_CCT_20180809_183655_DSC_6536-1-1024x682-1.webp 1024w, https:\/\/prim.cz\/wp-content\/uploads\/2025\/01\/BrychtaJan_CCT_20180809_183655_DSC_6536-1-1024x682-1-300x200.webp 300w, https:\/\/prim.cz\/wp-content\/uploads\/2025\/01\/BrychtaJan_CCT_20180809_183655_DSC_6536-1-1024x682-1-768x512.webp 768w\" sizes=\"auto, (max-width: 1024px) 100vw, 1024px\" \/><\/figure>\n\n\n\n<figure class=\"wp-block-image size-large\"><img loading=\"lazy\" decoding=\"async\" width=\"1024\" height=\"682\" data-id=\"25684\" src=\"https:\/\/new.prim-hodinky.cz\/wp-content\/uploads\/2025\/01\/BrychtaJan_CCT_20180809_173832_DSC_6353-1024x682-1.webp\" alt=\"\" class=\"wp-image-25684\" srcset=\"https:\/\/prim.cz\/wp-content\/uploads\/2025\/01\/BrychtaJan_CCT_20180809_173832_DSC_6353-1024x682-1.webp 1024w, https:\/\/prim.cz\/wp-content\/uploads\/2025\/01\/BrychtaJan_CCT_20180809_173832_DSC_6353-1024x682-1-300x200.webp 300w, https:\/\/prim.cz\/wp-content\/uploads\/2025\/01\/BrychtaJan_CCT_20180809_173832_DSC_6353-1024x682-1-768x512.webp 768w\" sizes=\"auto, (max-width: 1024px) 100vw, 1024px\" \/><\/figure>\n\n\n\n<figure class=\"wp-block-image size-large\"><img loading=\"lazy\" decoding=\"async\" width=\"1024\" height=\"768\" data-id=\"25685\" src=\"https:\/\/new.prim-hodinky.cz\/wp-content\/uploads\/2025\/01\/CCT_2018_03-1024x768-1.webp\" alt=\"\" class=\"wp-image-25685\" srcset=\"https:\/\/prim.cz\/wp-content\/uploads\/2025\/01\/CCT_2018_03-1024x768-1.webp 1024w, https:\/\/prim.cz\/wp-content\/uploads\/2025\/01\/CCT_2018_03-1024x768-1-300x225.webp 300w, https:\/\/prim.cz\/wp-content\/uploads\/2025\/01\/CCT_2018_03-1024x768-1-768x576.webp 768w\" sizes=\"auto, (max-width: 1024px) 100vw, 1024px\" \/><\/figure>\n\n\n\n<figure class=\"wp-block-image size-large\"><img loading=\"lazy\" decoding=\"async\" width=\"1024\" height=\"683\" data-id=\"25689\" src=\"https:\/\/new.prim-hodinky.cz\/wp-content\/uploads\/2025\/01\/BrychtaJan_CCT_20180809_180403_DSC_5719-1024x683-1.webp\" alt=\"\" class=\"wp-image-25689\" srcset=\"https:\/\/prim.cz\/wp-content\/uploads\/2025\/01\/BrychtaJan_CCT_20180809_180403_DSC_5719-1024x683-1.webp 1024w, https:\/\/prim.cz\/wp-content\/uploads\/2025\/01\/BrychtaJan_CCT_20180809_180403_DSC_5719-1024x683-1-300x200.webp 300w, https:\/\/prim.cz\/wp-content\/uploads\/2025\/01\/BrychtaJan_CCT_20180809_180403_DSC_5719-1024x683-1-768x512.webp 768w\" sizes=\"auto, (max-width: 1024px) 100vw, 1024px\" \/><\/figure>\n\n\n\n<figure class=\"wp-block-image size-large\"><img loading=\"lazy\" decoding=\"async\" width=\"1024\" height=\"768\" data-id=\"25690\" src=\"https:\/\/new.prim-hodinky.cz\/wp-content\/uploads\/2025\/01\/CCT_2018_01-1024x768-1.webp\" alt=\"\" class=\"wp-image-25690\" srcset=\"https:\/\/prim.cz\/wp-content\/uploads\/2025\/01\/CCT_2018_01-1024x768-1.webp 1024w, https:\/\/prim.cz\/wp-content\/uploads\/2025\/01\/CCT_2018_01-1024x768-1-300x225.webp 300w, https:\/\/prim.cz\/wp-content\/uploads\/2025\/01\/CCT_2018_01-1024x768-1-768x576.webp 768w\" sizes=\"auto, (max-width: 1024px) 100vw, 1024px\" \/><\/figure>\n\n\n\n<figure class=\"wp-block-image size-large\"><img loading=\"lazy\" decoding=\"async\" width=\"1024\" height=\"768\" data-id=\"25686\" src=\"https:\/\/new.prim-hodinky.cz\/wp-content\/uploads\/2025\/01\/CCT_2018_02-1024x768-1.webp\" alt=\"\" class=\"wp-image-25686\" srcset=\"https:\/\/prim.cz\/wp-content\/uploads\/2025\/01\/CCT_2018_02-1024x768-1.webp 1024w, https:\/\/prim.cz\/wp-content\/uploads\/2025\/01\/CCT_2018_02-1024x768-1-300x225.webp 300w, https:\/\/prim.cz\/wp-content\/uploads\/2025\/01\/CCT_2018_02-1024x768-1-768x576.webp 768w\" sizes=\"auto, (max-width: 1024px) 100vw, 1024px\" \/><\/figure>\n<\/figure>\n\n\n\n<p><strong>Riccardo Zoidl vyhr\u00e1l druhou etapu a jde do \u017elut\u00e9ho<\/strong><\/p>\n\n\n\n<p>Rakousk\u00fd jezdec Riccardo Zoidl ze st\u00e1je Felbermayr Simplon Wels byl hrdninou druh\u00e9 etapy leto\u0161n\u00edho ro\u010dn\u00edku z\u00e1vodu druh\u00e9 kategorie UCI \u2013 Czech Cycling Tour. Ta vedla z Olomouce do Fr\u00fddku-M\u00edstku a jezdci museli zdolat 197,7 km. Zoidl ji vyhr\u00e1l s n\u00e1skokem dvou minut a do z\u00edt\u0159ej\u0161\u00ed etapy se tak oble\u010de do \u017elut\u00e9ho trikotu l\u00eddra z\u00e1vodu.<\/p>\n\n\n\n<figure class=\"wp-block-gallery has-nested-images columns-4 is-cropped wp-block-gallery-3 is-layout-flex wp-block-gallery-is-layout-flex\">\n<figure class=\"wp-block-image size-large\"><img loading=\"lazy\" decoding=\"async\" width=\"1024\" height=\"682\" data-id=\"25691\" src=\"https:\/\/new.prim-hodinky.cz\/wp-content\/uploads\/2025\/01\/BrychtaJan_CCT_20180810_175029_DSC_7052-1024x682-1.webp\" alt=\"\" class=\"wp-image-25691\" srcset=\"https:\/\/prim.cz\/wp-content\/uploads\/2025\/01\/BrychtaJan_CCT_20180810_175029_DSC_7052-1024x682-1.webp 1024w, https:\/\/prim.cz\/wp-content\/uploads\/2025\/01\/BrychtaJan_CCT_20180810_175029_DSC_7052-1024x682-1-300x200.webp 300w, https:\/\/prim.cz\/wp-content\/uploads\/2025\/01\/BrychtaJan_CCT_20180810_175029_DSC_7052-1024x682-1-768x512.webp 768w\" sizes=\"auto, (max-width: 1024px) 100vw, 1024px\" \/><\/figure>\n\n\n\n<figure class=\"wp-block-image size-large\"><img loading=\"lazy\" decoding=\"async\" width=\"1024\" height=\"682\" data-id=\"25692\" src=\"https:\/\/new.prim-hodinky.cz\/wp-content\/uploads\/2025\/01\/BrychtaJan_CCT_20180810_181646_DSC_7139-1024x682-1.webp\" alt=\"\" class=\"wp-image-25692\" srcset=\"https:\/\/prim.cz\/wp-content\/uploads\/2025\/01\/BrychtaJan_CCT_20180810_181646_DSC_7139-1024x682-1.webp 1024w, https:\/\/prim.cz\/wp-content\/uploads\/2025\/01\/BrychtaJan_CCT_20180810_181646_DSC_7139-1024x682-1-300x200.webp 300w, https:\/\/prim.cz\/wp-content\/uploads\/2025\/01\/BrychtaJan_CCT_20180810_181646_DSC_7139-1024x682-1-768x512.webp 768w\" sizes=\"auto, (max-width: 1024px) 100vw, 1024px\" \/><\/figure>\n\n\n\n<figure class=\"wp-block-image size-large\"><img loading=\"lazy\" decoding=\"async\" width=\"1024\" height=\"683\" data-id=\"25694\" src=\"https:\/\/new.prim-hodinky.cz\/wp-content\/uploads\/2025\/01\/BrychtaJan_CCT_20180810_122816_DSC_5738-1024x683-1.webp\" alt=\"\" class=\"wp-image-25694\" srcset=\"https:\/\/prim.cz\/wp-content\/uploads\/2025\/01\/BrychtaJan_CCT_20180810_122816_DSC_5738-1024x683-1.webp 1024w, https:\/\/prim.cz\/wp-content\/uploads\/2025\/01\/BrychtaJan_CCT_20180810_122816_DSC_5738-1024x683-1-300x200.webp 300w, https:\/\/prim.cz\/wp-content\/uploads\/2025\/01\/BrychtaJan_CCT_20180810_122816_DSC_5738-1024x683-1-768x512.webp 768w\" sizes=\"auto, (max-width: 1024px) 100vw, 1024px\" \/><\/figure>\n\n\n\n<figure class=\"wp-block-image size-large\"><img loading=\"lazy\" decoding=\"async\" width=\"1024\" height=\"682\" data-id=\"25693\" src=\"https:\/\/new.prim-hodinky.cz\/wp-content\/uploads\/2025\/01\/BrychtaJan_CCT_20180810_135504_DSC_6746-1024x682-1.webp\" alt=\"\" class=\"wp-image-25693\" srcset=\"https:\/\/prim.cz\/wp-content\/uploads\/2025\/01\/BrychtaJan_CCT_20180810_135504_DSC_6746-1024x682-1.webp 1024w, https:\/\/prim.cz\/wp-content\/uploads\/2025\/01\/BrychtaJan_CCT_20180810_135504_DSC_6746-1024x682-1-300x200.webp 300w, https:\/\/prim.cz\/wp-content\/uploads\/2025\/01\/BrychtaJan_CCT_20180810_135504_DSC_6746-1024x682-1-768x512.webp 768w\" sizes=\"auto, (max-width: 1024px) 100vw, 1024px\" \/><\/figure>\n<\/figure>\n\n\n\n<p><strong>Kukrle v\u00edt\u011bzem kr\u00e1lovsk\u00e9 etapy, Zoidl nad\u00e1le ve \u017elut\u00e9m<\/strong><\/p>\n\n\n\n<p>Rakousk\u00fd jezdec Riccardo Zoidl ze st\u00e1je Felbermayr Simplon Wels si ve t\u0159et\u00ed, kr\u00e1lovsk\u00e9 etap\u011b Czech Cycling Tour, upevnil pr\u016fb\u011b\u017en\u00e9 veden\u00ed a do z\u00e1v\u011bre\u010dn\u00e9ho d\u011bjstv\u00ed op\u011bt nastoup\u00ed ve \u017elut\u00e9m trikotu Olomouck\u00e9ho kraje. T\u0159et\u00ed etapu z Mohelnice do \u0160ternberku, dlouhou 178 kilometr\u016f ovl\u00e1dl k \u010desk\u00e9 radosti dom\u00e1c\u00ed jezdec Michael Kukrle z celku Elkov Author.<\/p>\n\n\n\n<figure class=\"wp-block-gallery has-nested-images columns-default is-cropped wp-block-gallery-4 is-layout-flex wp-block-gallery-is-layout-flex\">\n<figure class=\"wp-block-image size-large\"><img loading=\"lazy\" decoding=\"async\" width=\"1024\" height=\"683\" data-id=\"25696\" src=\"https:\/\/new.prim-hodinky.cz\/wp-content\/uploads\/2025\/01\/BrychtaJan_CCT_20180811_135947_DSC_5958-1024x683-1.webp\" alt=\"\" class=\"wp-image-25696\" srcset=\"https:\/\/prim.cz\/wp-content\/uploads\/2025\/01\/BrychtaJan_CCT_20180811_135947_DSC_5958-1024x683-1.webp 1024w, https:\/\/prim.cz\/wp-content\/uploads\/2025\/01\/BrychtaJan_CCT_20180811_135947_DSC_5958-1024x683-1-300x200.webp 300w, https:\/\/prim.cz\/wp-content\/uploads\/2025\/01\/BrychtaJan_CCT_20180811_135947_DSC_5958-1024x683-1-768x512.webp 768w\" sizes=\"auto, (max-width: 1024px) 100vw, 1024px\" \/><\/figure>\n\n\n\n<figure class=\"wp-block-image size-full\"><img loading=\"lazy\" decoding=\"async\" width=\"1024\" height=\"768\" data-id=\"25695\" src=\"https:\/\/new.prim-hodinky.cz\/wp-content\/uploads\/2025\/01\/BrychtaJan_CCT_20180811_165154_DSC_8021-1024x768-1.webp\" alt=\"\" class=\"wp-image-25695\" srcset=\"https:\/\/prim.cz\/wp-content\/uploads\/2025\/01\/BrychtaJan_CCT_20180811_165154_DSC_8021-1024x768-1.webp 1024w, https:\/\/prim.cz\/wp-content\/uploads\/2025\/01\/BrychtaJan_CCT_20180811_165154_DSC_8021-1024x768-1-300x225.webp 300w, https:\/\/prim.cz\/wp-content\/uploads\/2025\/01\/BrychtaJan_CCT_20180811_165154_DSC_8021-1024x768-1-768x576.webp 768w\" sizes=\"auto, (max-width: 1024px) 100vw, 1024px\" \/><\/figure>\n\n\n\n<figure class=\"wp-block-image size-large\"><img loading=\"lazy\" decoding=\"async\" width=\"1024\" height=\"682\" data-id=\"25697\" src=\"https:\/\/new.prim-hodinky.cz\/wp-content\/uploads\/2025\/01\/BrychtaJan_CCT_20180811_155620_DSC_7791-1024x682-1.webp\" alt=\"\" class=\"wp-image-25697\" srcset=\"https:\/\/prim.cz\/wp-content\/uploads\/2025\/01\/BrychtaJan_CCT_20180811_155620_DSC_7791-1024x682-1.webp 1024w, https:\/\/prim.cz\/wp-content\/uploads\/2025\/01\/BrychtaJan_CCT_20180811_155620_DSC_7791-1024x682-1-300x200.webp 300w, https:\/\/prim.cz\/wp-content\/uploads\/2025\/01\/BrychtaJan_CCT_20180811_155620_DSC_7791-1024x682-1-768x512.webp 768w\" sizes=\"auto, (max-width: 1024px) 100vw, 1024px\" \/><\/figure>\n<\/figure>\n\n\n\n<p><a href=\"https:\/\/prim.cz\/wp-content\/uploads\/2012\/06\/BrychtaJan_CCT_20180811_165154_DSC_8021-1024x768.jpg\"><\/a><\/p>\n\n\n\n<p><strong>Raku\u0161an Zoidl ovl\u00e1dl Czech Cycling Tour<\/strong><\/p>\n\n\n\n<p>Prvn\u00edm rakousk\u00fdm jezdcem, kter\u00fd dok\u00e1zal vyhr\u00e1t presti\u017en\u00ed etapov\u00fd z\u00e1vod druh\u00e9 kategorie UCI, se stal Riccardo Zoidl ze st\u00e1je Felbermayr Simplon Wels. V dne\u0161n\u00ed z\u00e1v\u011bre\u010dn\u00e9 \u010dtvrt\u00e9 etap\u011b z Olomouce do Dolan si bezpe\u010dn\u011b uh\u00e1jil minutov\u00fd n\u00e1skok a udr\u017eel \u017elut\u00fd trikot Olomouck\u00e9ho kraje. Etapa byla dlouh\u00e1 147,9 kilometr\u016f a vyhr\u00e1l ji v hromadn\u00e9m fini\u0161i Filippo Fortin (Felbermayr Simplon Wels). V celkov\u00e9m po\u0159ad\u00ed se ji\u017e nic v\u00fdrazn\u011b nezm\u011bnilo a nejlep\u0161\u00edm \u010cechem v kone\u010dn\u00e9m po\u0159ad\u00ed z\u016fstal na des\u00e1t\u00e9m m\u00edst\u011b Daniel Turek (Israel Cycling Academy), hned za n\u00edm je Michael Kukrle (Elkov Author).<\/p>\n\n\n\n<figure class=\"wp-block-gallery has-nested-images columns-default is-cropped wp-block-gallery-5 is-layout-flex wp-block-gallery-is-layout-flex\">\n<figure class=\"wp-block-image size-full\"><img loading=\"lazy\" decoding=\"async\" width=\"1024\" height=\"682\" data-id=\"25699\" src=\"https:\/\/new.prim-hodinky.cz\/wp-content\/uploads\/2025\/01\/BrychtaJan_CCT_20180812_150200_DSC_8879-1024x682-1.webp\" alt=\"\" class=\"wp-image-25699\" srcset=\"https:\/\/prim.cz\/wp-content\/uploads\/2025\/01\/BrychtaJan_CCT_20180812_150200_DSC_8879-1024x682-1.webp 1024w, https:\/\/prim.cz\/wp-content\/uploads\/2025\/01\/BrychtaJan_CCT_20180812_150200_DSC_8879-1024x682-1-300x200.webp 300w, https:\/\/prim.cz\/wp-content\/uploads\/2025\/01\/BrychtaJan_CCT_20180812_150200_DSC_8879-1024x682-1-768x512.webp 768w\" sizes=\"auto, (max-width: 1024px) 100vw, 1024px\" \/><\/figure>\n\n\n\n<figure class=\"wp-block-image size-large\"><img loading=\"lazy\" decoding=\"async\" width=\"1024\" height=\"682\" data-id=\"25698\" src=\"https:\/\/new.prim-hodinky.cz\/wp-content\/uploads\/2025\/01\/BrychtaJan_CCT_20180812_151423_DSC_8966-1024x682-1.webp\" alt=\"\" class=\"wp-image-25698\" srcset=\"https:\/\/prim.cz\/wp-content\/uploads\/2025\/01\/BrychtaJan_CCT_20180812_151423_DSC_8966-1024x682-1.webp 1024w, https:\/\/prim.cz\/wp-content\/uploads\/2025\/01\/BrychtaJan_CCT_20180812_151423_DSC_8966-1024x682-1-300x200.webp 300w, https:\/\/prim.cz\/wp-content\/uploads\/2025\/01\/BrychtaJan_CCT_20180812_151423_DSC_8966-1024x682-1-768x512.webp 768w\" sizes=\"auto, (max-width: 1024px) 100vw, 1024px\" \/><\/figure>\n\n\n\n<figure class=\"wp-block-image size-large\"><img loading=\"lazy\" decoding=\"async\" width=\"1024\" height=\"682\" data-id=\"25700\" src=\"https:\/\/new.prim-hodinky.cz\/wp-content\/uploads\/2025\/01\/BrychtaJan_CCT_20180811_165353_DSC_8037-1024x682-1.webp\" alt=\"\" class=\"wp-image-25700\" srcset=\"https:\/\/prim.cz\/wp-content\/uploads\/2025\/01\/BrychtaJan_CCT_20180811_165353_DSC_8037-1024x682-1.webp 1024w, https:\/\/prim.cz\/wp-content\/uploads\/2025\/01\/BrychtaJan_CCT_20180811_165353_DSC_8037-1024x682-1-300x200.webp 300w, https:\/\/prim.cz\/wp-content\/uploads\/2025\/01\/BrychtaJan_CCT_20180811_165353_DSC_8037-1024x682-1-768x512.webp 768w\" sizes=\"auto, (max-width: 1024px) 100vw, 1024px\" \/><\/figure>\n\n\n\n<figure class=\"wp-block-image size-large\"><img loading=\"lazy\" decoding=\"async\" width=\"1024\" height=\"682\" data-id=\"25702\" src=\"https:\/\/new.prim-hodinky.cz\/wp-content\/uploads\/2025\/01\/BrychtaJan_CCT_20180812_150729_DSC_8920-1024x682-1.webp\" alt=\"\" class=\"wp-image-25702\" srcset=\"https:\/\/prim.cz\/wp-content\/uploads\/2025\/01\/BrychtaJan_CCT_20180812_150729_DSC_8920-1024x682-1.webp 1024w, https:\/\/prim.cz\/wp-content\/uploads\/2025\/01\/BrychtaJan_CCT_20180812_150729_DSC_8920-1024x682-1-300x200.webp 300w, https:\/\/prim.cz\/wp-content\/uploads\/2025\/01\/BrychtaJan_CCT_20180812_150729_DSC_8920-1024x682-1-768x512.webp 768w\" sizes=\"auto, (max-width: 1024px) 100vw, 1024px\" \/><\/figure>\n\n\n\n<figure class=\"wp-block-image size-large\"><img loading=\"lazy\" decoding=\"async\" width=\"1024\" height=\"682\" data-id=\"25703\" src=\"https:\/\/new.prim-hodinky.cz\/wp-content\/uploads\/2025\/01\/BrychtaJan_CCT_20180811_161457_DSC_7979-1024x682-1.webp\" alt=\"\" class=\"wp-image-25703\" srcset=\"https:\/\/prim.cz\/wp-content\/uploads\/2025\/01\/BrychtaJan_CCT_20180811_161457_DSC_7979-1024x682-1.webp 1024w, https:\/\/prim.cz\/wp-content\/uploads\/2025\/01\/BrychtaJan_CCT_20180811_161457_DSC_7979-1024x682-1-300x200.webp 300w, https:\/\/prim.cz\/wp-content\/uploads\/2025\/01\/BrychtaJan_CCT_20180811_161457_DSC_7979-1024x682-1-768x512.webp 768w\" sizes=\"auto, (max-width: 1024px) 100vw, 1024px\" \/><\/figure>\n\n\n\n<figure class=\"wp-block-image size-large\"><img loading=\"lazy\" decoding=\"async\" width=\"1024\" height=\"682\" data-id=\"25701\" src=\"https:\/\/new.prim-hodinky.cz\/wp-content\/uploads\/2025\/01\/BrychtaJan_CCT_20180812_113028_DSC_8235-1024x682-1.webp\" alt=\"\" class=\"wp-image-25701\" srcset=\"https:\/\/prim.cz\/wp-content\/uploads\/2025\/01\/BrychtaJan_CCT_20180812_113028_DSC_8235-1024x682-1.webp 1024w, https:\/\/prim.cz\/wp-content\/uploads\/2025\/01\/BrychtaJan_CCT_20180812_113028_DSC_8235-1024x682-1-300x200.webp 300w, https:\/\/prim.cz\/wp-content\/uploads\/2025\/01\/BrychtaJan_CCT_20180812_113028_DSC_8235-1024x682-1-768x512.webp 768w\" sizes=\"auto, (max-width: 1024px) 100vw, 1024px\" \/><\/figure>\n<\/figure>\n\n\n\n<p><a href=\"https:\/\/prim.cz\/wp-content\/uploads\/2012\/06\/BrychtaJan_CCT_20180811_165353_DSC_8037-1024x682.jpg\"><\/a><\/p>\n\n\n\n<p><a href=\"https:\/\/prim.cz\/wp-content\/uploads\/2012\/06\/BrychtaJan_CCT_20180812_151423_DSC_8966-1024x682.jpg\"><\/a>Zdroj:\u00a0<a href=\"http:\/\/www.czechcyclingtour.cz\/zavody\/czech-cycling-tour\/\" target=\"_blank\" rel=\"noreferrer noopener\">www.czechcyclingtour.cz<\/a><br>Foto: Jan Brychta \/ Czech Cycling Tour<\/p>\n\n\n\n<p><strong>Czech Cycling Tour 2017, dva dny&nbsp;p\u0159ed z\u00e1vodem.&nbsp;<\/strong><\/p>\n\n\n\n<figure class=\"wp-block-gallery has-nested-images columns-default is-cropped wp-block-gallery-6 is-layout-flex wp-block-gallery-is-layout-flex\">\n<figure class=\"wp-block-image size-large\"><img loading=\"lazy\" decoding=\"async\" width=\"1024\" height=\"768\" data-id=\"25704\" src=\"https:\/\/new.prim-hodinky.cz\/wp-content\/uploads\/2025\/01\/IMG_20170811_122130-1024x768-1.webp\" alt=\"\" class=\"wp-image-25704\" srcset=\"https:\/\/prim.cz\/wp-content\/uploads\/2025\/01\/IMG_20170811_122130-1024x768-1.webp 1024w, https:\/\/prim.cz\/wp-content\/uploads\/2025\/01\/IMG_20170811_122130-1024x768-1-300x225.webp 300w, https:\/\/prim.cz\/wp-content\/uploads\/2025\/01\/IMG_20170811_122130-1024x768-1-768x576.webp 768w\" sizes=\"auto, (max-width: 1024px) 100vw, 1024px\" \/><\/figure>\n\n\n\n<figure class=\"wp-block-image size-large\"><img loading=\"lazy\" decoding=\"async\" width=\"1024\" height=\"682\" data-id=\"25706\" src=\"https:\/\/new.prim-hodinky.cz\/wp-content\/uploads\/2025\/01\/BrychtaJan_CCT_20170813_110003_D71_2298-1024x682-1.webp\" alt=\"\" class=\"wp-image-25706\" srcset=\"https:\/\/prim.cz\/wp-content\/uploads\/2025\/01\/BrychtaJan_CCT_20170813_110003_D71_2298-1024x682-1.webp 1024w, https:\/\/prim.cz\/wp-content\/uploads\/2025\/01\/BrychtaJan_CCT_20170813_110003_D71_2298-1024x682-1-300x200.webp 300w, https:\/\/prim.cz\/wp-content\/uploads\/2025\/01\/BrychtaJan_CCT_20170813_110003_D71_2298-1024x682-1-768x512.webp 768w\" sizes=\"auto, (max-width: 1024px) 100vw, 1024px\" \/><\/figure>\n\n\n\n<figure class=\"wp-block-image size-full\"><img loading=\"lazy\" decoding=\"async\" width=\"1024\" height=\"682\" data-id=\"25705\" src=\"https:\/\/new.prim-hodinky.cz\/wp-content\/uploads\/2025\/01\/BrychtaJan_CCT_20170813_150734_D72_3760-1024x682-1.webp\" alt=\"\" class=\"wp-image-25705\" srcset=\"https:\/\/prim.cz\/wp-content\/uploads\/2025\/01\/BrychtaJan_CCT_20170813_150734_D72_3760-1024x682-1.webp 1024w, https:\/\/prim.cz\/wp-content\/uploads\/2025\/01\/BrychtaJan_CCT_20170813_150734_D72_3760-1024x682-1-300x200.webp 300w, https:\/\/prim.cz\/wp-content\/uploads\/2025\/01\/BrychtaJan_CCT_20170813_150734_D72_3760-1024x682-1-768x512.webp 768w\" sizes=\"auto, (max-width: 1024px) 100vw, 1024px\" \/><\/figure>\n<\/figure>\n\n\n\n<p>Ji\u017e ve \u010dtvrtek 10.08 &nbsp;odstartuje v Uni\u010dov\u011b nejv\u011bt\u0161\u00ed sportovn\u00ed akce na Olomoucku. \u010casovkou dru\u017estev na 18,6 kilometr\u016f vyraz\u00ed vst\u0159\u00edc na celkem 553 kilometr\u016f p\u0159edn\u00ed cyklist\u00e9 sv\u011bta leto\u0161n\u00edmu ro\u010dn\u00edku Sv\u011btov\u00e9ho poh\u00e1ru v silni\u010dn\u00ed cyklistice Czech Cycling Tour 2017.<\/p>\n\n\n\n<p>Z\u00e1vod bude op\u011bt dokonalou prov\u011brkou p\u0159edev\u0161\u00edm v kopcovit\u00e9m ter\u00e9nu. Na z\u00e1vodn\u00edky celkem \u010dek\u00e1 dvan\u00e1ct horsk\u00fdch pr\u00e9mi\u00ed a dohromady 9964 nastoupan\u00fdch metr\u016f. Ale tak\u00e9 osm rychlostn\u00edch pr\u00e9mi\u00ed, jezdci projedou 116 m\u011bsty a obcemi.<\/p>\n\n\n\n<p>I v leto\u0161n\u00edm roce doraz\u00ed na Moravu skv\u011bl\u00e9 profesion\u00e1ln\u00ed cyklistick\u00e9 t\u00fdmy z cel\u00e9ho sv\u011bta. Ji\u017e v \u00fater\u00fd p\u0159ijede t\u00fdm nejv\u011bt\u0161\u00edho favorita n\u011bmeck\u00e1 Bora Hansgrohe, st\u00e1j nejvy\u0161\u0161\u00ed kategorie WorldTour, jej\u00ed\u017e jezdci byli i hodn\u011b vid\u011bt na leto\u0161n\u00ed Tour de France. Bora Hansgrohe rozhodn\u011b nechce ponechat nic n\u00e1hod\u011b a s \u010cechy Leopoldem K\u00f6nigem a Janem B\u00e1rtou budou br\u00e1zdit olomouck\u00e9 silnice.&nbsp;Z celkov\u00e9ho po\u010dtu 46 t\u00fdm\u016f z cel\u00e9ho sv\u011bta, takov\u00fd je z\u00e1jem o Czech Cycling Tour, nakonec pojede 18 \u0161pi\u010dkov\u00fdch profesion\u00e1ln\u00edch t\u00fdm\u016f a peloton bude \u010d\u00edtat 144 z\u00e1vodn\u00edk\u016f.<\/p>\n\n\n\n<p>Vedle st\u00e1je Bora Hansgrohe mysl\u00ed na celkov\u00e9 v\u00edt\u011bzstv\u00ed zcela jist\u011b i cyklist\u00e9 dl\u0161\u00edch t\u00fdm\u016f. Velice siln\u00fd celek bude zcela jist\u011b polsk\u00fd CCC Sprandi Polkovice v jej\u00ed\u017e bsestav\u011b se objev\u00ed hned tojice \u010cech\u016f \u2013 Michal Schlegel, kter\u00fd letos ji\u017e na Morav\u011b vybojoval t\u0159et\u00ed m\u00edsto v Z\u00e1vodu m\u00edru U23, Jan Hirt kter\u00e1 zase atakovak elitn\u00ed des\u00edtku na leto\u0161n\u00edm Giro d\u00b4Italia a Franti\u0161ek Sisr. \u010cesk\u00e9 sdt\u00e1je pojeou dv\u011b a to ty nejlep\u0161\u00ed z po\u0159ad\u00ed \u010cesk\u00e9ho poh\u00e1ru. Elkov Author pos\u00edl\u00e1 do boje osmi\u010dku Tom\u00e1\u0161 Buch\u00e1\u010dek, Pavel Carnda, Josef \u010cern\u00fd, Vojt\u011bch Ha\u010deck\u00fd, Martin Hunal, Alois Ka\u0148kovsk\u00fd, Michael Kukrle a&nbsp;Ji\u0159\u00ed Polnick\u00fd. CK P\u0159\u00edbram Fany Gastro p\u0159ijede s n\u00e1sleduj\u00edc\u00ed sestavou: Martin Boubal, Martin Heb\u00edk, Robert Malik, Jan St\u00f6hr, Pavel St\u00f6hr, Pavel Gruber, Ji\u0159\u00ed Kala a Jan Pleva.<\/p>\n\n\n\n<p><strong>Czech Cycling Tour 2017&nbsp;<\/strong><\/p>\n\n\n\n<figure class=\"wp-block-gallery has-nested-images columns-default is-cropped wp-block-gallery-7 is-layout-flex wp-block-gallery-is-layout-flex\">\n<figure class=\"wp-block-image size-large\"><img loading=\"lazy\" decoding=\"async\" width=\"1024\" height=\"682\" data-id=\"25707\" src=\"https:\/\/new.prim-hodinky.cz\/wp-content\/uploads\/2025\/01\/BrychtaJan_CCT_20170810_182150_D72_1443-1024x682-1.webp\" alt=\"\" class=\"wp-image-25707\" srcset=\"https:\/\/prim.cz\/wp-content\/uploads\/2025\/01\/BrychtaJan_CCT_20170810_182150_D72_1443-1024x682-1.webp 1024w, https:\/\/prim.cz\/wp-content\/uploads\/2025\/01\/BrychtaJan_CCT_20170810_182150_D72_1443-1024x682-1-300x200.webp 300w, https:\/\/prim.cz\/wp-content\/uploads\/2025\/01\/BrychtaJan_CCT_20170810_182150_D72_1443-1024x682-1-768x512.webp 768w\" sizes=\"auto, (max-width: 1024px) 100vw, 1024px\" \/><\/figure>\n\n\n\n<figure class=\"wp-block-image size-large\"><img loading=\"lazy\" decoding=\"async\" width=\"1024\" height=\"682\" data-id=\"25708\" src=\"https:\/\/new.prim-hodinky.cz\/wp-content\/uploads\/2025\/01\/konference-1024x682-1.webp\" alt=\"\" class=\"wp-image-25708\" srcset=\"https:\/\/prim.cz\/wp-content\/uploads\/2025\/01\/konference-1024x682-1.webp 1024w, https:\/\/prim.cz\/wp-content\/uploads\/2025\/01\/konference-1024x682-1-300x200.webp 300w, https:\/\/prim.cz\/wp-content\/uploads\/2025\/01\/konference-1024x682-1-768x512.webp 768w\" sizes=\"auto, (max-width: 1024px) 100vw, 1024px\" \/><\/figure>\n\n\n\n<figure class=\"wp-block-image size-large\"><img loading=\"lazy\" decoding=\"async\" width=\"1024\" height=\"768\" data-id=\"25709\" src=\"https:\/\/new.prim-hodinky.cz\/wp-content\/uploads\/2025\/01\/IMG_20170810_164919-1024x768-1.webp\" alt=\"\" class=\"wp-image-25709\" srcset=\"https:\/\/prim.cz\/wp-content\/uploads\/2025\/01\/IMG_20170810_164919-1024x768-1.webp 1024w, https:\/\/prim.cz\/wp-content\/uploads\/2025\/01\/IMG_20170810_164919-1024x768-1-300x225.webp 300w, https:\/\/prim.cz\/wp-content\/uploads\/2025\/01\/IMG_20170810_164919-1024x768-1-768x576.webp 768w\" sizes=\"auto, (max-width: 1024px) 100vw, 1024px\" \/><\/figure>\n<\/figure>\n\n\n\n<p>V\u00edt\u011bzem dev\u00e1t\u00e9ho ro\u010dn\u00edku etapov\u00e9ho z\u00e1vodu prvn\u00ed kategorie UCI Czech Cycling Tour se stal \u010dty\u0159iadvacetilet\u00fd jezdec st\u00e1je Elkov Author Josef \u010cern\u00fd. Spolu s n\u00edm vystoupili na stupn\u011b v\u00edt\u011bz\u016f druh\u00fd dal\u0161\u00ed \u010desk\u00fd jezdec Jan B\u00e1rta (Bora-hansgrohe) a t\u0159et\u00ed skon\u010dil Slovinec Jan Tratnik (CCC Sprandi Polkowice). Do elitn\u00ed des\u00edtky se dostali i dal\u0161\u00ed na\u0161i jezdci Jan Hirt, Michal Schlegel (oba CCC Sprandi Polkowice) a Ji\u0159\u00ed Polnick\u00fd z Elkov Author co\u017e pro \u010deskou cylistiku znamen\u00e1 velice dobr\u00fd bodov\u00fd zisk do sv\u011btov\u00e9ho \u017eeb\u0159\u00ed\u010dku.<\/p>\n\n\n\n<p>P\u0159ed z\u00e1v\u011bre\u010dnou etapou z Olomouce do Dolan a dev\u00edti okruhy kolem c\u00edlov\u00e9ho m\u011bsta byli rozestupy na \u010dele po\u0159ad\u00ed minim\u00e1ln\u00ed. To d\u00e1valo je\u0161t\u011b \u0161ance za zm\u011bny v po\u0159ad\u00ed. Favorit\u00e9 a jejich t\u00fdmy si v\u0161ak postaven\u00ed pohl\u00eddali, tak\u017ee se prakticky nic nezm\u011bnilo.<\/p>\n\n\n\n<p>Kr\u00e1tce po startu sice odjelo dev\u011bt cyklist\u016f, ale nikdo z nich nebyl ve v\u00fdsledkov\u00e9 listin\u011b vysoko. P\u0159esto si peloton odstup hl\u00eddal a skupin\u011b nedovolil z\u00edskat v\u011bt\u0161\u00ed ne\u017e dvouminutov\u00fd n\u00e1skok. Dlouho odstup hl\u00eddali jezdci Elkovu Author, p\u0159edev\u0161\u00edm Vojt\u011bch Ha\u010deck\u00fd, pak je vyst\u0159\u00eddali z\u00e1vodn\u00edci italsk\u00fdch st\u00e1j\u00ed Wilier Triestina \u2013 Selle Italia a Bardiani CSF.<\/p>\n\n\n\n<p>\u010cty\u0159i okruhy p\u0159ed c\u00edlem m\u011bli uprchl\u00edci k dobru ji\u017e jen 35 vte\u0159in, ale dot\u00e1hli se na n\u011b dva jezdci a p\u0159i dal\u0161\u00edm pr\u016fjezdu c\u00edlem byl odstup zase 1:20. V ten moment ale zrychlili hlavn\u011b jezdci CCC Sprandi Polkowice a BORA-hansgrohe, kte\u0159\u00ed tou\u017eili po dal\u0161\u00edm etapov\u00e9m vav\u0159\u00ednu. P\u0159i n\u00e1jezdu do posledn\u00edho okruhu byl n\u00e1skok ji\u017e jen 26 vte\u0159in a i ten se rychle rozplynul, tak\u017ee bylo jasn\u00e9, \u017ee ke slovu p\u0159ijdou spurte\u0159i.<\/p>\n\n\n\n<p>A to byla parketa pro Ira Sama Benneta (BORA-hansgrohe), kter\u00fd vybojoval sv\u016fj druh\u00fd etapov\u00fd vav\u0159\u00edn p\u0159ed Filippo Fortinem (Felbermayr Simplon Wels) a Jannikem Steimlem (Tirol Cyclig Team). Z \u010desk\u00fdch jezdc\u016f dojel p\u00e1t\u00fd Ji\u0159\u00ed Polnick\u00fd (Elkov Author), ale mnohem v\u00edce se radoval na sedm\u00e9 p\u0159\u00ed\u010dce \u010cern\u00fd, kter\u00fd tak pro svoji st\u00e1j po p\u011bti letech vybojoval celkov\u00e9 v\u00edt\u011bzstv\u00ed.<\/p>\n\n\n\n<p>\u201eJe to skv\u011bl\u00e9, jsem nad\u0161en. Zat\u00edm je to moje nejv\u011bt\u0161\u00ed v\u00edt\u011bzstv\u00ed v kari\u00e9\u0159e,\u201c \u0159ekl st\u0159\u00edbrn\u00fd jezdec z \u010desk\u00e9ho \u0161ampion\u00e1tu. \u201eDnes to bylo rychl\u00e9 a t\u011b\u017ek\u00e9, ale zvl\u00e1dl jsem to j\u00e1 i cel\u00fd t\u00fdm, bez kter\u00e9ho bych vyhr\u00e1t nedok\u00e1zal. Perfektn\u011b jsme si to pohl\u00eddali, j\u00e1 dv\u011bma bonifika\u010dn\u00edmi vte\u0159inami ze sprintersk\u00e9 pr\u00e9mie pojistil veden\u00ed p\u0159ed Tratnikem a B\u00e1rta pak nebyl schopen spurtovat,\u201c pokra\u010doval \u010cern\u00fd, kter\u00fd si mysl\u00ed, \u017ee tento dal\u0161\u00ed \u00fasp\u011bch by mohl pomoci k nominaci na mistrovstv\u00ed sv\u011bta. \u201eJe to zat\u00edm je\u0161t\u011b daleko, nev\u00edm, kdo bude cht\u00edt jet, ale mysl\u00edm, si \u017ee bych mohl b\u00fdt nominov\u00e1n.\u201c<\/p>\n\n\n\n<figure class=\"wp-block-gallery has-nested-images columns-default is-cropped wp-block-gallery-8 is-layout-flex wp-block-gallery-is-layout-flex\">\n<figure class=\"wp-block-image size-large\"><img loading=\"lazy\" decoding=\"async\" width=\"1024\" height=\"682\" data-id=\"25710\" src=\"https:\/\/new.prim-hodinky.cz\/wp-content\/uploads\/2025\/01\/BrychtaJan_CCT_20170810_182128_D72_1436-1024x682-1.webp\" alt=\"\" class=\"wp-image-25710\" srcset=\"https:\/\/prim.cz\/wp-content\/uploads\/2025\/01\/BrychtaJan_CCT_20170810_182128_D72_1436-1024x682-1.webp 1024w, https:\/\/prim.cz\/wp-content\/uploads\/2025\/01\/BrychtaJan_CCT_20170810_182128_D72_1436-1024x682-1-300x200.webp 300w, https:\/\/prim.cz\/wp-content\/uploads\/2025\/01\/BrychtaJan_CCT_20170810_182128_D72_1436-1024x682-1-768x512.webp 768w\" sizes=\"auto, (max-width: 1024px) 100vw, 1024px\" \/><\/figure>\n\n\n\n<figure class=\"wp-block-image size-large\"><img loading=\"lazy\" decoding=\"async\" width=\"1024\" height=\"1024\" data-id=\"25711\" src=\"https:\/\/new.prim-hodinky.cz\/wp-content\/uploads\/2025\/01\/BrychtaJan_CCT_20170811_182639_D71_1995-1024x1024-1.webp\" alt=\"\" class=\"wp-image-25711\" srcset=\"https:\/\/prim.cz\/wp-content\/uploads\/2025\/01\/BrychtaJan_CCT_20170811_182639_D71_1995-1024x1024-1.webp 1024w, https:\/\/prim.cz\/wp-content\/uploads\/2025\/01\/BrychtaJan_CCT_20170811_182639_D71_1995-1024x1024-1-300x300.webp 300w, https:\/\/prim.cz\/wp-content\/uploads\/2025\/01\/BrychtaJan_CCT_20170811_182639_D71_1995-1024x1024-1-150x150.webp 150w, https:\/\/prim.cz\/wp-content\/uploads\/2025\/01\/BrychtaJan_CCT_20170811_182639_D71_1995-1024x1024-1-768x768.webp 768w\" sizes=\"auto, (max-width: 1024px) 100vw, 1024px\" \/><\/figure>\n\n\n\n<figure class=\"wp-block-image size-large\"><img loading=\"lazy\" decoding=\"async\" width=\"1024\" height=\"682\" data-id=\"25715\" src=\"https:\/\/new.prim-hodinky.cz\/wp-content\/uploads\/2025\/01\/BrychtaJan_CCT_20170811_123001_D71_1842-1024x682-1.webp\" alt=\"\" class=\"wp-image-25715\" srcset=\"https:\/\/prim.cz\/wp-content\/uploads\/2025\/01\/BrychtaJan_CCT_20170811_123001_D71_1842-1024x682-1.webp 1024w, https:\/\/prim.cz\/wp-content\/uploads\/2025\/01\/BrychtaJan_CCT_20170811_123001_D71_1842-1024x682-1-300x200.webp 300w, https:\/\/prim.cz\/wp-content\/uploads\/2025\/01\/BrychtaJan_CCT_20170811_123001_D71_1842-1024x682-1-768x512.webp 768w\" sizes=\"auto, (max-width: 1024px) 100vw, 1024px\" \/><\/figure>\n\n\n\n<figure class=\"wp-block-image size-large\"><img loading=\"lazy\" decoding=\"async\" width=\"1024\" height=\"681\" data-id=\"25714\" src=\"https:\/\/new.prim-hodinky.cz\/wp-content\/uploads\/2025\/01\/BrychtaJan_CCT_20170812_113033_D71_2096-1024x681-1.webp\" alt=\"\" class=\"wp-image-25714\" srcset=\"https:\/\/prim.cz\/wp-content\/uploads\/2025\/01\/BrychtaJan_CCT_20170812_113033_D71_2096-1024x681-1.webp 1024w, https:\/\/prim.cz\/wp-content\/uploads\/2025\/01\/BrychtaJan_CCT_20170812_113033_D71_2096-1024x681-1-300x200.webp 300w, https:\/\/prim.cz\/wp-content\/uploads\/2025\/01\/BrychtaJan_CCT_20170812_113033_D71_2096-1024x681-1-768x511.webp 768w\" sizes=\"auto, (max-width: 1024px) 100vw, 1024px\" \/><\/figure>\n\n\n\n<figure class=\"wp-block-image size-large\"><img loading=\"lazy\" decoding=\"async\" width=\"1024\" height=\"681\" data-id=\"25713\" src=\"https:\/\/new.prim-hodinky.cz\/wp-content\/uploads\/2025\/01\/BrychtaJan_CCT_20170812_170407_D71_2236-1024x681-1.webp\" alt=\"\" class=\"wp-image-25713\" srcset=\"https:\/\/prim.cz\/wp-content\/uploads\/2025\/01\/BrychtaJan_CCT_20170812_170407_D71_2236-1024x681-1.webp 1024w, https:\/\/prim.cz\/wp-content\/uploads\/2025\/01\/BrychtaJan_CCT_20170812_170407_D71_2236-1024x681-1-300x200.webp 300w, https:\/\/prim.cz\/wp-content\/uploads\/2025\/01\/BrychtaJan_CCT_20170812_170407_D71_2236-1024x681-1-768x511.webp 768w\" sizes=\"auto, (max-width: 1024px) 100vw, 1024px\" \/><\/figure>\n<\/figure>\n\n\n\n<p><strong>Fotogalerie\u00a02016 \u2013 O poh\u00e1r hejtmana Olomouck\u00e9ho kraje\u00a0<\/strong><\/p>\n\n\n\n<figure class=\"wp-block-gallery has-nested-images columns-default is-cropped wp-block-gallery-9 is-layout-flex wp-block-gallery-is-layout-flex\">\n<figure class=\"wp-block-image size-large\"><img loading=\"lazy\" decoding=\"async\" width=\"1024\" height=\"576\" data-id=\"25717\" src=\"https:\/\/new.prim-hodinky.cz\/wp-content\/uploads\/2025\/01\/DSC_2343-1024x576-1.webp\" alt=\"\" class=\"wp-image-25717\" srcset=\"https:\/\/prim.cz\/wp-content\/uploads\/2025\/01\/DSC_2343-1024x576-1.webp 1024w, https:\/\/prim.cz\/wp-content\/uploads\/2025\/01\/DSC_2343-1024x576-1-300x169.webp 300w, https:\/\/prim.cz\/wp-content\/uploads\/2025\/01\/DSC_2343-1024x576-1-768x432.webp 768w\" sizes=\"auto, (max-width: 1024px) 100vw, 1024px\" \/><\/figure>\n\n\n\n<figure class=\"wp-block-image size-large\"><img loading=\"lazy\" decoding=\"async\" width=\"1000\" height=\"667\" data-id=\"25718\" src=\"https:\/\/new.prim-hodinky.cz\/wp-content\/uploads\/2025\/01\/5-1.webp\" alt=\"\" class=\"wp-image-25718\" srcset=\"https:\/\/prim.cz\/wp-content\/uploads\/2025\/01\/5-1.webp 1000w, https:\/\/prim.cz\/wp-content\/uploads\/2025\/01\/5-1-300x200.webp 300w, https:\/\/prim.cz\/wp-content\/uploads\/2025\/01\/5-1-768x512.webp 768w\" sizes=\"auto, (max-width: 1000px) 100vw, 1000px\" \/><\/figure>\n\n\n\n<figure class=\"wp-block-image size-large\"><img loading=\"lazy\" decoding=\"async\" width=\"720\" height=\"540\" data-id=\"25719\" src=\"https:\/\/new.prim-hodinky.cz\/wp-content\/uploads\/2025\/01\/41.webp\" alt=\"\" class=\"wp-image-25719\" srcset=\"https:\/\/prim.cz\/wp-content\/uploads\/2025\/01\/41.webp 720w, https:\/\/prim.cz\/wp-content\/uploads\/2025\/01\/41-300x225.webp 300w\" sizes=\"auto, (max-width: 720px) 100vw, 720px\" \/><\/figure>\n<\/figure>\n\n\n\n<p>Czech Cycling Tour 2016 \u2013 O poh\u00e1r hejtmana Olomouck\u00e9ho kraje se uskute\u010dnil &nbsp;od 11. do 14. srpna. Z\u00fa\u010dastnili se i \u010dty\u0159i Pro Continentaln\u00ed st\u00e1je a celkem bude na startu dvacet osmi\u010dlenn\u00fdch t\u00fdm\u016f v\u010detn\u011b tria \u010desk\u00fdch st\u00e1j\u00ed Whirpool Author, SKC Tufo Prost\u011bjov a Klein Constantia.<\/p>\n\n\n\n<p>Z\u00e1vod projel 112 m\u011bsty a obcemi, m\u011bl osm rychlostn\u00edch pr\u00e9mi\u00ed a 13 horsk\u00fdch pr\u00e9mi\u00ed. Jezdci absolvovali celkem 539 kilometr\u016f a nastoupali 8 570 metr\u016f. Na \u00favod \u010dekalo 160 \u010dlenn\u00fd peloton ve Fr\u00fddku-M\u00edstku sedmn\u00e1ctikilometrov\u00e1 \u010dasovka dru\u017estev se startem v Buzovsk\u00e9 ulici s p\u0159ev\u00fd\u0161en\u00ed 265 metr\u016f.<\/p>\n\n\n\n<p>Druh\u00e1 etapa o d\u00e9lce 177 kilometr\u016f z Olomouce do Uni\u010dova m\u00e1 naprosto stejn\u00fd sc\u00e9n\u00e1\u0159 jak v &nbsp;roce 2015 s c\u00edlem na Dukelsk\u00e9 ulici v Uni\u010dov\u011b a jezdci p\u0159i n\u00ed nastoupali 2352 metr\u016f. T\u0159et\u00ed etapa kr\u00e1lovsk\u00e1 startovala v Mohelnici a na cyklisty \u010dekalo 187 km s p\u0159ev\u00fd\u0161en\u00edm 3992 metr\u016f, v jej\u00edm\u017e z\u00e1v\u011bru z\u00e1vodn\u00edci t\u0159ikr\u00e1t absolvovali proslaven\u00e9 stoup\u00e1n\u00ed Ecce Homo ve \u0160ternberku.<\/p>\n\n\n\n<p>Z\u00e1v\u011bre\u010dn\u00e9, \u010dtvrt\u00e9, d\u011bjstv\u00ed mezi Olomouc\u00ed a Dolany m\u011b\u0159\u00ed 157 kilometr\u016f (s p\u0159ev\u00fd\u0161en\u00edm 1963 metr\u016f). Nov\u00e1 tra\u0165 vedla p\u0159es Brn\u00ed\u010dko, Ecce Homo a Moravsk\u00fd Beroun s c\u00edlem na osv\u011bd\u010den\u00fdch okruz\u00edch v Dolanech, kter\u00e9 z\u00e1vodn\u00edci absolvuj\u00ed dev\u011btkr\u00e1t.<\/p>\n\n\n\n<p>\u201eDva \u0161pi\u010dkov\u00e9 UCI WorldTour Teamy, stejn\u011b jako jezdci dal\u0161\u00edch kvalitn\u00edch st\u00e1j\u00ed jsou z\u00e1rukou op\u011bt vynikaj\u00edc\u00ed cyklistick\u00e9 pod\u00edvan\u00e9. Rozhodn\u011b je na co se t\u011b\u0161it,\u201c \u0159\u00edk\u00e1 za organiz\u00e1tory Jaroslav Va\u0161\u00ed\u010dek z firmy TTV Sport Group a p\u0159id\u00e1v\u00e1: \u201eSpecifikem z\u00e1vodu je tak\u00e9 \u00fa\u010dast celkem osmi \u010dlen\u016f ProContinental Teamu Novo Nordisk, kter\u00fd tvo\u0159\u00ed pouze jezdci s diabetem mellitem.\u201c<\/p>\n\n\n\n<p><strong>Fotogalerie&nbsp;2015<\/strong><\/p>\n\n\n\n<figure class=\"wp-block-gallery has-nested-images columns-4 is-cropped wp-block-gallery-10 is-layout-flex wp-block-gallery-is-layout-flex\">\n<figure class=\"wp-block-image size-full\"><img loading=\"lazy\" decoding=\"async\" width=\"1024\" height=\"576\" data-id=\"25721\" src=\"https:\/\/new.prim-hodinky.cz\/wp-content\/uploads\/2025\/01\/DSC_2343-1024x576-2.webp\" alt=\"\" class=\"wp-image-25721\" srcset=\"https:\/\/prim.cz\/wp-content\/uploads\/2025\/01\/DSC_2343-1024x576-2.webp 1024w, https:\/\/prim.cz\/wp-content\/uploads\/2025\/01\/DSC_2343-1024x576-2-300x169.webp 300w, https:\/\/prim.cz\/wp-content\/uploads\/2025\/01\/DSC_2343-1024x576-2-768x432.webp 768w\" sizes=\"auto, (max-width: 1024px) 100vw, 1024px\" \/><\/figure>\n\n\n\n<figure class=\"wp-block-image size-large\"><img loading=\"lazy\" decoding=\"async\" width=\"1024\" height=\"768\" data-id=\"25720\" src=\"https:\/\/new.prim-hodinky.cz\/wp-content\/uploads\/2025\/01\/CCT-2015-foto-se-Stybarem-3-1024x768-1.webp\" alt=\"\" class=\"wp-image-25720\" srcset=\"https:\/\/prim.cz\/wp-content\/uploads\/2025\/01\/CCT-2015-foto-se-Stybarem-3-1024x768-1.webp 1024w, https:\/\/prim.cz\/wp-content\/uploads\/2025\/01\/CCT-2015-foto-se-Stybarem-3-1024x768-1-300x225.webp 300w, https:\/\/prim.cz\/wp-content\/uploads\/2025\/01\/CCT-2015-foto-se-Stybarem-3-1024x768-1-768x576.webp 768w\" sizes=\"auto, (max-width: 1024px) 100vw, 1024px\" \/><\/figure>\n\n\n\n<figure class=\"wp-block-image size-large\"><img loading=\"lazy\" decoding=\"async\" width=\"1024\" height=\"643\" data-id=\"25725\" src=\"https:\/\/new.prim-hodinky.cz\/wp-content\/uploads\/2025\/01\/cctour-2015-2-1024x643-1.webp\" alt=\"\" class=\"wp-image-25725\" srcset=\"https:\/\/prim.cz\/wp-content\/uploads\/2025\/01\/cctour-2015-2-1024x643-1.webp 1024w, https:\/\/prim.cz\/wp-content\/uploads\/2025\/01\/cctour-2015-2-1024x643-1-300x188.webp 300w, https:\/\/prim.cz\/wp-content\/uploads\/2025\/01\/cctour-2015-2-1024x643-1-768x482.webp 768w\" sizes=\"auto, (max-width: 1024px) 100vw, 1024px\" \/><\/figure>\n\n\n\n<figure class=\"wp-block-image size-large\"><img loading=\"lazy\" decoding=\"async\" width=\"1024\" height=\"576\" data-id=\"25722\" src=\"https:\/\/new.prim-hodinky.cz\/wp-content\/uploads\/2025\/01\/cctour-2015-43-1024x576-1.webp\" alt=\"\" class=\"wp-image-25722\" srcset=\"https:\/\/prim.cz\/wp-content\/uploads\/2025\/01\/cctour-2015-43-1024x576-1.webp 1024w, https:\/\/prim.cz\/wp-content\/uploads\/2025\/01\/cctour-2015-43-1024x576-1-300x169.webp 300w, https:\/\/prim.cz\/wp-content\/uploads\/2025\/01\/cctour-2015-43-1024x576-1-768x432.webp 768w\" sizes=\"auto, (max-width: 1024px) 100vw, 1024px\" \/><\/figure>\n\n\n\n<figure class=\"wp-block-image size-large\"><img loading=\"lazy\" decoding=\"async\" width=\"1024\" height=\"576\" data-id=\"25723\" src=\"https:\/\/new.prim-hodinky.cz\/wp-content\/uploads\/2025\/01\/cctour-2015-61-1024x576-1.webp\" alt=\"\" class=\"wp-image-25723\" srcset=\"https:\/\/prim.cz\/wp-content\/uploads\/2025\/01\/cctour-2015-61-1024x576-1.webp 1024w, https:\/\/prim.cz\/wp-content\/uploads\/2025\/01\/cctour-2015-61-1024x576-1-300x169.webp 300w, https:\/\/prim.cz\/wp-content\/uploads\/2025\/01\/cctour-2015-61-1024x576-1-768x432.webp 768w\" sizes=\"auto, (max-width: 1024px) 100vw, 1024px\" \/><\/figure>\n\n\n\n<figure class=\"wp-block-image size-large\"><img loading=\"lazy\" decoding=\"async\" width=\"1024\" height=\"576\" data-id=\"25724\" src=\"https:\/\/new.prim-hodinky.cz\/wp-content\/uploads\/2025\/01\/cctoura-2015-7-1024x576-1.webp\" alt=\"\" class=\"wp-image-25724\" srcset=\"https:\/\/prim.cz\/wp-content\/uploads\/2025\/01\/cctoura-2015-7-1024x576-1.webp 1024w, https:\/\/prim.cz\/wp-content\/uploads\/2025\/01\/cctoura-2015-7-1024x576-1-300x169.webp 300w, https:\/\/prim.cz\/wp-content\/uploads\/2025\/01\/cctoura-2015-7-1024x576-1-768x432.webp 768w\" sizes=\"auto, (max-width: 1024px) 100vw, 1024px\" \/><\/figure>\n\n\n\n<figure class=\"wp-block-image size-large\"><img loading=\"lazy\" decoding=\"async\" width=\"1024\" height=\"576\" data-id=\"25726\" src=\"https:\/\/new.prim-hodinky.cz\/wp-content\/uploads\/2025\/01\/DSC_2335-1024x576-1.webp\" alt=\"\" class=\"wp-image-25726\" srcset=\"https:\/\/prim.cz\/wp-content\/uploads\/2025\/01\/DSC_2335-1024x576-1.webp 1024w, https:\/\/prim.cz\/wp-content\/uploads\/2025\/01\/DSC_2335-1024x576-1-300x169.webp 300w, https:\/\/prim.cz\/wp-content\/uploads\/2025\/01\/DSC_2335-1024x576-1-768x432.webp 768w\" sizes=\"auto, (max-width: 1024px) 100vw, 1024px\" \/><\/figure>\n<\/figure>\n\n\n\n<p><strong>Fotogalerie 2014<\/strong><\/p>\n\n\n\n<figure class=\"wp-block-gallery has-nested-images columns-4 is-cropped wp-block-gallery-11 is-layout-flex wp-block-gallery-is-layout-flex\">\n<figure class=\"wp-block-image size-large\"><img loading=\"lazy\" decoding=\"async\" width=\"1024\" height=\"576\" data-id=\"25727\" src=\"https:\/\/new.prim-hodinky.cz\/wp-content\/uploads\/2025\/01\/DSC_1296-1024x576-1.webp\" alt=\"\" class=\"wp-image-25727\" srcset=\"https:\/\/prim.cz\/wp-content\/uploads\/2025\/01\/DSC_1296-1024x576-1.webp 1024w, https:\/\/prim.cz\/wp-content\/uploads\/2025\/01\/DSC_1296-1024x576-1-300x169.webp 300w, https:\/\/prim.cz\/wp-content\/uploads\/2025\/01\/DSC_1296-1024x576-1-768x432.webp 768w\" sizes=\"auto, (max-width: 1024px) 100vw, 1024px\" \/><\/figure>\n\n\n\n<figure class=\"wp-block-image size-large\"><img loading=\"lazy\" decoding=\"async\" width=\"1024\" height=\"576\" data-id=\"25728\" src=\"https:\/\/new.prim-hodinky.cz\/wp-content\/uploads\/2025\/01\/DSC_1307-1024x576-1.webp\" alt=\"\" class=\"wp-image-25728\" srcset=\"https:\/\/prim.cz\/wp-content\/uploads\/2025\/01\/DSC_1307-1024x576-1.webp 1024w, https:\/\/prim.cz\/wp-content\/uploads\/2025\/01\/DSC_1307-1024x576-1-300x169.webp 300w, https:\/\/prim.cz\/wp-content\/uploads\/2025\/01\/DSC_1307-1024x576-1-768x432.webp 768w\" sizes=\"auto, (max-width: 1024px) 100vw, 1024px\" \/><\/figure>\n\n\n\n<figure class=\"wp-block-image size-large\"><img loading=\"lazy\" decoding=\"async\" width=\"1024\" height=\"576\" data-id=\"25732\" src=\"https:\/\/new.prim-hodinky.cz\/wp-content\/uploads\/2025\/01\/DSC_1298-1024x576-1.webp\" alt=\"\" class=\"wp-image-25732\" srcset=\"https:\/\/prim.cz\/wp-content\/uploads\/2025\/01\/DSC_1298-1024x576-1.webp 1024w, https:\/\/prim.cz\/wp-content\/uploads\/2025\/01\/DSC_1298-1024x576-1-300x169.webp 300w, https:\/\/prim.cz\/wp-content\/uploads\/2025\/01\/DSC_1298-1024x576-1-768x432.webp 768w\" sizes=\"auto, (max-width: 1024px) 100vw, 1024px\" \/><\/figure>\n\n\n\n<figure class=\"wp-block-image size-large\"><img loading=\"lazy\" decoding=\"async\" width=\"1024\" height=\"683\" data-id=\"25729\" src=\"https:\/\/new.prim-hodinky.cz\/wp-content\/uploads\/2025\/01\/IMG_8821-1024x683-1.webp\" alt=\"\" class=\"wp-image-25729\" srcset=\"https:\/\/prim.cz\/wp-content\/uploads\/2025\/01\/IMG_8821-1024x683-1.webp 1024w, https:\/\/prim.cz\/wp-content\/uploads\/2025\/01\/IMG_8821-1024x683-1-300x200.webp 300w, https:\/\/prim.cz\/wp-content\/uploads\/2025\/01\/IMG_8821-1024x683-1-768x512.webp 768w\" sizes=\"auto, (max-width: 1024px) 100vw, 1024px\" \/><\/figure>\n\n\n\n<figure class=\"wp-block-image size-large\"><img loading=\"lazy\" decoding=\"async\" width=\"576\" height=\"1024\" data-id=\"25730\" src=\"https:\/\/new.prim-hodinky.cz\/wp-content\/uploads\/2025\/01\/DSC_1343-e1496827608814-576x1024-1.webp\" alt=\"\" class=\"wp-image-25730\" srcset=\"https:\/\/prim.cz\/wp-content\/uploads\/2025\/01\/DSC_1343-e1496827608814-576x1024-1.webp 576w, https:\/\/prim.cz\/wp-content\/uploads\/2025\/01\/DSC_1343-e1496827608814-576x1024-1-169x300.webp 169w\" sizes=\"auto, (max-width: 576px) 100vw, 576px\" \/><\/figure>\n\n\n\n<figure class=\"wp-block-image size-large\"><img loading=\"lazy\" decoding=\"async\" width=\"576\" height=\"1024\" data-id=\"25731\" src=\"https:\/\/new.prim-hodinky.cz\/wp-content\/uploads\/2025\/01\/DSC_1347-576x1024-1.webp\" alt=\"\" class=\"wp-image-25731\" srcset=\"https:\/\/prim.cz\/wp-content\/uploads\/2025\/01\/DSC_1347-576x1024-1.webp 576w, https:\/\/prim.cz\/wp-content\/uploads\/2025\/01\/DSC_1347-576x1024-1-169x300.webp 169w\" sizes=\"auto, (max-width: 576px) 100vw, 576px\" \/><\/figure>\n<\/figure>\n\n\n\n<p><strong>Fotogalerie 2013<\/strong><\/p>\n\n\n\n<figure class=\"wp-block-gallery has-nested-images columns-default is-cropped wp-block-gallery-12 is-layout-flex wp-block-gallery-is-layout-flex\">\n<figure class=\"wp-block-image size-large\"><img loading=\"lazy\" decoding=\"async\" width=\"1024\" height=\"576\" data-id=\"25734\" src=\"https:\/\/new.prim-hodinky.cz\/wp-content\/uploads\/2025\/01\/cct-2013-27-1024x576-1.webp\" alt=\"\" class=\"wp-image-25734\" srcset=\"https:\/\/prim.cz\/wp-content\/uploads\/2025\/01\/cct-2013-27-1024x576-1.webp 1024w, https:\/\/prim.cz\/wp-content\/uploads\/2025\/01\/cct-2013-27-1024x576-1-300x169.webp 300w, https:\/\/prim.cz\/wp-content\/uploads\/2025\/01\/cct-2013-27-1024x576-1-768x432.webp 768w\" sizes=\"auto, (max-width: 1024px) 100vw, 1024px\" \/><\/figure>\n\n\n\n<figure class=\"wp-block-image size-large\"><img loading=\"lazy\" decoding=\"async\" width=\"1024\" height=\"576\" data-id=\"25735\" src=\"https:\/\/new.prim-hodinky.cz\/wp-content\/uploads\/2025\/01\/cct-2013-1-1024x576-1.webp\" alt=\"\" class=\"wp-image-25735\" srcset=\"https:\/\/prim.cz\/wp-content\/uploads\/2025\/01\/cct-2013-1-1024x576-1.webp 1024w, https:\/\/prim.cz\/wp-content\/uploads\/2025\/01\/cct-2013-1-1024x576-1-300x169.webp 300w, https:\/\/prim.cz\/wp-content\/uploads\/2025\/01\/cct-2013-1-1024x576-1-768x432.webp 768w\" sizes=\"auto, (max-width: 1024px) 100vw, 1024px\" \/><\/figure>\n\n\n\n<figure class=\"wp-block-image size-large\"><img loading=\"lazy\" decoding=\"async\" width=\"1024\" height=\"576\" data-id=\"25736\" src=\"https:\/\/new.prim-hodinky.cz\/wp-content\/uploads\/2025\/01\/cct-2013-18-1024x576-1.webp\" alt=\"\" class=\"wp-image-25736\" srcset=\"https:\/\/prim.cz\/wp-content\/uploads\/2025\/01\/cct-2013-18-1024x576-1.webp 1024w, https:\/\/prim.cz\/wp-content\/uploads\/2025\/01\/cct-2013-18-1024x576-1-300x169.webp 300w, https:\/\/prim.cz\/wp-content\/uploads\/2025\/01\/cct-2013-18-1024x576-1-768x432.webp 768w\" sizes=\"auto, (max-width: 1024px) 100vw, 1024px\" \/><\/figure>\n<\/figure>\n\n\n\n<p><strong>Fotogalerie 2011<\/strong><\/p>\n\n\n\n<figure class=\"wp-block-gallery has-nested-images columns-default is-cropped wp-block-gallery-13 is-layout-flex wp-block-gallery-is-layout-flex\">\n<figure class=\"wp-block-image size-large\"><img loading=\"lazy\" decoding=\"async\" width=\"640\" height=\"480\" data-id=\"25737\" src=\"https:\/\/new.prim-hodinky.cz\/wp-content\/uploads\/2025\/01\/DSC02208.jpg\" alt=\"\" class=\"wp-image-25737\" srcset=\"https:\/\/prim.cz\/wp-content\/uploads\/2025\/01\/DSC02208.jpg 640w, https:\/\/prim.cz\/wp-content\/uploads\/2025\/01\/DSC02208-300x225.jpg 300w\" sizes=\"auto, (max-width: 640px) 100vw, 640px\" \/><\/figure>\n\n\n\n<figure class=\"wp-block-image size-large\"><img loading=\"lazy\" decoding=\"async\" width=\"640\" height=\"480\" data-id=\"25738\" src=\"https:\/\/new.prim-hodinky.cz\/wp-content\/uploads\/2025\/01\/DSC02277.jpg\" alt=\"\" class=\"wp-image-25738\" srcset=\"https:\/\/prim.cz\/wp-content\/uploads\/2025\/01\/DSC02277.jpg 640w, https:\/\/prim.cz\/wp-content\/uploads\/2025\/01\/DSC02277-300x225.jpg 300w\" sizes=\"auto, (max-width: 640px) 100vw, 640px\" \/><\/figure>\n\n\n\n<figure class=\"wp-block-image size-large\"><img loading=\"lazy\" decoding=\"async\" width=\"1024\" height=\"768\" data-id=\"25739\" src=\"https:\/\/new.prim-hodinky.cz\/wp-content\/uploads\/2025\/01\/cct-ctvrtek-024-1024x768-1.jpg\" alt=\"\" class=\"wp-image-25739\" srcset=\"https:\/\/prim.cz\/wp-content\/uploads\/2025\/01\/cct-ctvrtek-024-1024x768-1.jpg 1024w, https:\/\/prim.cz\/wp-content\/uploads\/2025\/01\/cct-ctvrtek-024-1024x768-1-300x225.jpg 300w, https:\/\/prim.cz\/wp-content\/uploads\/2025\/01\/cct-ctvrtek-024-1024x768-1-768x576.jpg 768w\" sizes=\"auto, (max-width: 1024px) 100vw, 1024px\" \/><\/figure>\n\n\n\n<figure class=\"wp-block-image size-large\"><img loading=\"lazy\" decoding=\"async\" width=\"1024\" height=\"768\" data-id=\"25741\" src=\"https:\/\/new.prim-hodinky.cz\/wp-content\/uploads\/2025\/01\/nedele-master-of-rock-2011-062-1024x768-1.jpg\" alt=\"\" class=\"wp-image-25741\" srcset=\"https:\/\/prim.cz\/wp-content\/uploads\/2025\/01\/nedele-master-of-rock-2011-062-1024x768-1.jpg 1024w, https:\/\/prim.cz\/wp-content\/uploads\/2025\/01\/nedele-master-of-rock-2011-062-1024x768-1-300x225.jpg 300w, https:\/\/prim.cz\/wp-content\/uploads\/2025\/01\/nedele-master-of-rock-2011-062-1024x768-1-768x576.jpg 768w\" sizes=\"auto, (max-width: 1024px) 100vw, 1024px\" \/><\/figure>\n\n\n\n<figure class=\"wp-block-image size-large\"><img loading=\"lazy\" decoding=\"async\" width=\"1024\" height=\"768\" data-id=\"25742\" src=\"https:\/\/new.prim-hodinky.cz\/wp-content\/uploads\/2025\/01\/cct-ctvrtek-008-1024x768-1.jpg\" alt=\"\" class=\"wp-image-25742\" srcset=\"https:\/\/prim.cz\/wp-content\/uploads\/2025\/01\/cct-ctvrtek-008-1024x768-1.jpg 1024w, https:\/\/prim.cz\/wp-content\/uploads\/2025\/01\/cct-ctvrtek-008-1024x768-1-300x225.jpg 300w, https:\/\/prim.cz\/wp-content\/uploads\/2025\/01\/cct-ctvrtek-008-1024x768-1-768x576.jpg 768w\" sizes=\"auto, (max-width: 1024px) 100vw, 1024px\" \/><\/figure>\n\n\n\n<figure class=\"wp-block-image size-large\"><img loading=\"lazy\" decoding=\"async\" width=\"1024\" height=\"768\" data-id=\"25740\" src=\"https:\/\/new.prim-hodinky.cz\/wp-content\/uploads\/2025\/01\/cct-ctvrtek-002-1024x768-1.jpg\" alt=\"\" class=\"wp-image-25740\" srcset=\"https:\/\/prim.cz\/wp-content\/uploads\/2025\/01\/cct-ctvrtek-002-1024x768-1.jpg 1024w, https:\/\/prim.cz\/wp-content\/uploads\/2025\/01\/cct-ctvrtek-002-1024x768-1-300x225.jpg 300w, https:\/\/prim.cz\/wp-content\/uploads\/2025\/01\/cct-ctvrtek-002-1024x768-1-768x576.jpg 768w\" sizes=\"auto, (max-width: 1024px) 100vw, 1024px\" \/><\/figure>\n\n\n\n<figure class=\"wp-block-image size-large\"><img loading=\"lazy\" decoding=\"async\" width=\"1024\" height=\"768\" data-id=\"25743\" src=\"https:\/\/new.prim-hodinky.cz\/wp-content\/uploads\/2025\/01\/nedele-master-of-rock-2011-060-1024x768-1.jpg\" alt=\"\" class=\"wp-image-25743\" srcset=\"https:\/\/prim.cz\/wp-content\/uploads\/2025\/01\/nedele-master-of-rock-2011-060-1024x768-1.jpg 1024w, https:\/\/prim.cz\/wp-content\/uploads\/2025\/01\/nedele-master-of-rock-2011-060-1024x768-1-300x225.jpg 300w, https:\/\/prim.cz\/wp-content\/uploads\/2025\/01\/nedele-master-of-rock-2011-060-1024x768-1-768x576.jpg 768w\" sizes=\"auto, (max-width: 1024px) 100vw, 1024px\" \/><\/figure>\n<\/figure>\n","protected":false},"featured_media":0,"template":"","meta":{"_acf_changed":false,"_link_to_original":""},"podporujeme":[35],"class_list":["post-25670","podporujeme","type-podporujeme","status-publish","hentry","podporujeme-aktualni"],"acf":[],"yoast_head":"<!-- This site is optimized with the Yoast SEO plugin v26.9 - https:\/\/yoast.com\/product\/yoast-seo-wordpress\/ -->\n<title>PRIM.cz &#8211; origin\u00e1ln\u00ed \u010desk\u00e9 p\u00e1nsk\u00e9, d\u00e1msk\u00e9, d\u011btsk\u00e9 hodinky a hodiny<\/title>\n<meta name=\"robots\" content=\"index, follow, max-snippet:-1, max-image-preview:large, max-video-preview:-1\" \/>\n<meta property=\"og:locale\" content=\"en_US\" \/>\n<meta property=\"og:type\" content=\"article\" \/>\n<meta property=\"og:site_name\" content=\"PRIM.cz - origin\u00e1ln\u00ed \u010desk\u00e9 p\u00e1nsk\u00e9, d\u00e1msk\u00e9, d\u011btsk\u00e9 hodinky a hodiny\" \/>\n<meta name=\"twitter:card\" content=\"summary_large_image\" \/>\n<script type=\"application\/ld+json\" class=\"yoast-schema-graph\">{\"@context\":\"https:\/\/schema.org\",\"@graph\":[{\"@type\":\"CollectionPage\",\"@id\":null,\"url\":\"\",\"name\":\"\",\"isPartOf\":{\"@id\":\"https:\/\/prim.cz\/en\/#website\"},\"inLanguage\":\"en-US\"},{\"@type\":\"WebSite\",\"@id\":\"https:\/\/prim.cz\/en\/#website\",\"url\":\"https:\/\/prim.cz\/en\/\",\"name\":\"PRIM - origin\u00e1ln\u00ed \u010desk\u00e9 p\u00e1nsk\u00e9, d\u00e1msk\u00e9, d\u011btsk\u00e9 hodinky a hodiny\",\"description\":\"Nakupujte p\u0159\u00edmo u v\u00fdrobce! Origin\u00e1ln\u00ed eshop s kompletn\u00edm sortimentem \u010desk\u00fdch hodinek PRIM.\",\"alternateName\":\"prim.cz\",\"potentialAction\":[{\"@type\":\"SearchAction\",\"target\":{\"@type\":\"EntryPoint\",\"urlTemplate\":\"https:\/\/prim.cz\/en\/?s={search_term_string}\"},\"query-input\":{\"@type\":\"PropertyValueSpecification\",\"valueRequired\":true,\"valueName\":\"search_term_string\"}}],\"inLanguage\":\"en-US\"}]}<\/script>\n<!-- \/ Yoast SEO plugin. -->","yoast_head_json":{"title":"PRIM.cz &#8211; origin\u00e1ln\u00ed \u010desk\u00e9 p\u00e1nsk\u00e9, d\u00e1msk\u00e9, d\u011btsk\u00e9 hodinky a hodiny","robots":{"index":"index","follow":"follow","max-snippet":"max-snippet:-1","max-image-preview":"max-image-preview:large","max-video-preview":"max-video-preview:-1"},"og_locale":"en_US","og_type":"article","og_site_name":"PRIM.cz - origin\u00e1ln\u00ed \u010desk\u00e9 p\u00e1nsk\u00e9, d\u00e1msk\u00e9, d\u011btsk\u00e9 hodinky a hodiny","twitter_card":"summary_large_image","schema":{"@context":"https:\/\/schema.org","@graph":[{"@type":"CollectionPage","@id":null,"url":"","name":"","isPartOf":{"@id":"https:\/\/prim.cz\/en\/#website"},"inLanguage":"en-US"},{"@type":"WebSite","@id":"https:\/\/prim.cz\/en\/#website","url":"https:\/\/prim.cz\/en\/","name":"PRIM - origin\u00e1ln\u00ed \u010desk\u00e9 p\u00e1nsk\u00e9, d\u00e1msk\u00e9, d\u011btsk\u00e9 hodinky a hodiny","description":"Nakupujte p\u0159\u00edmo u v\u00fdrobce! Origin\u00e1ln\u00ed eshop s kompletn\u00edm sortimentem \u010desk\u00fdch hodinek PRIM.","alternateName":"prim.cz","potentialAction":[{"@type":"SearchAction","target":{"@type":"EntryPoint","urlTemplate":"https:\/\/prim.cz\/en\/?s={search_term_string}"},"query-input":{"@type":"PropertyValueSpecification","valueRequired":true,"valueName":"search_term_string"}}],"inLanguage":"en-US"}]}},"wpml_current_locale":"cs_CZ","wpml_translations":{"cs_CZ":{"locale":"cs_CZ","translation":"current"},"sk_SK":{"locale":"sk_SK","translation":false},"pl_PL":{"locale":"pl_PL","translation":false},"en_US":{"locale":"en_US","translation":false}},"_links":{"self":[{"href":"https:\/\/prim.cz\/en\/wp-json\/wp\/v2\/podporujeme\/25670"}],"collection":[{"href":"https:\/\/prim.cz\/en\/wp-json\/wp\/v2\/podporujeme"}],"about":[{"href":"https:\/\/prim.cz\/en\/wp-json\/wp\/v2\/types\/podporujeme"}],"wp:attachment":[{"href":"https:\/\/prim.cz\/en\/wp-json\/wp\/v2\/media?parent=25670"}],"wp:term":[{"taxonomy":"podporujeme","embeddable":true,"href":"https:\/\/prim.cz\/en\/wp-json\/wp\/v2\/podporujeme?post=25670"}],"curies":[{"name":"wp","href":"https:\/\/api.w.org\/{rel}","templated":true}]}}