{"id":25107,"date":"2025-01-09T07:27:15","date_gmt":"2025-01-09T06:27:15","guid":{"rendered":"https:\/\/new.prim-hodinky.cz\/prim-dakar-2025\/"},"modified":"2026-02-24T13:51:17","modified_gmt":"2026-02-24T12:51:17","slug":"dakar","status":"publish","type":"limitovana-edice","link":"https:\/\/prim.cz\/en\/dakar\/","title":{"rendered":"PRIM Dakar 2025"},"content":{"rendered":"<div id=\"b-074585_m5mb5uxr\" class=\"brxe-div\"><div id=\"b-525745_m5mb5uxr\" class=\"brxe-div brx-grid\"><div id=\"b-e5cb38_m5mb5uxr\" class=\"brxe-div\"><h3 id=\"b-2ec75e_m5mb5uxr\" class=\"brxe-heading h3\">O kolekci<\/h3><div id=\"b-567e03_m5mb5uxr\" class=\"brxe-text text\"><p>S hrdost\u00ed v\u00e1m p\u0159edstavujeme limitovanou edici hodinek<span>&nbsp;<\/span><b>PRIM Dakar 2025<\/b>, kter\u00e1 posouv\u00e1 hranice designu a technologi\u00ed. Poprv\u00e9 v historii firmy jsou hodinky vyroben\u00e9 z odoln\u00e9ho<span>&nbsp;<\/span><b>uhl\u00edkov\u00e9ho vl\u00e1kna<span>&nbsp;<\/span><\/b>(karbonu), kter\u00e9 jim prop\u016fj\u010duje jedine\u010dn\u00fd vzhled, neuv\u011b\u0159itelnou lehkost a extr\u00e9mn\u00ed odolnost. Kdy\u017e jsme jako t\u00fdm PRIM tento model vyv\u00edjeli, mysleli jsme na v\u0161echny, kte\u0159\u00ed nikdy neustupuj\u00ed a hledaj\u00ed v\u00fdzvy za hranic\u00ed mo\u017enost\u00ed.<\/p>\n<p>Tato exkluzivn\u00ed edice je omezena na pouh\u00fdch<span>&nbsp;<\/span><b>100 kus\u016f<\/b><span>&nbsp;<\/span>a oslavuje ducha dobrodru\u017estv\u00ed i \u0161pi\u010dkov\u00e9ho hodin\u00e1\u0159sk\u00e9ho \u0159emesla. Ka\u017ed\u00fd kus je nejen funk\u010dn\u00edm dopl\u0148kem, ale tak\u00e9 symbolem odvahy, vytrvalosti a v\u00e1\u0161n\u011b.<\/p>\n<p><b>Pro ty, kte\u0159\u00ed se neboj\u00ed v\u00fdzev<\/b><\/p>\n<p>Modern\u00ed design<span>&nbsp;<\/span><i>PRIM Dakar 2025<\/i><span>&nbsp;<\/span>je odrazem adrenalinu a odhodl\u00e1n\u00ed, kter\u00e9 prov\u00e1z\u00ed ka\u017ed\u00fd kilometr tohoto ikonick\u00e9ho z\u00e1vodu. Ka\u017ed\u00fd detail hodinek byl pe\u010dliv\u011b navr\u017een s v\u00e1\u0161n\u00ed a preciznost\u00ed, aby spojoval styl, odolnost a funk\u010dnost. Tyto hodinky nejsou jen ukazatelem \u010dasu, ale tak\u00e9 symbolem dobrodru\u017estv\u00ed, odvahy a vytrvalosti.<\/p>\n<\/div><\/div><div id=\"b-bgaxyp_m5mb5uxr\" data-script-id=\"bgaxyp_m5mb5uxr\" class=\"brxe-slider-nested splide\" data-splide=\"{&quot;type&quot;:&quot;loop&quot;,&quot;direction&quot;:&quot;ltr&quot;,&quot;keyboard&quot;:&quot;global&quot;,&quot;height&quot;:&quot;fit-content&quot;,&quot;gap&quot;:&quot;0px&quot;,&quot;start&quot;:0,&quot;perPage&quot;:1,&quot;perMove&quot;:1,&quot;speed&quot;:400,&quot;interval&quot;:3000,&quot;autoHeight&quot;:false,&quot;autoplay&quot;:true,&quot;pauseOnHover&quot;:false,&quot;pauseOnFocus&quot;:false,&quot;arrows&quot;:true,&quot;pagination&quot;:false,&quot;mediaQuery&quot;:&quot;max&quot;,&quot;breakpoints&quot;:{&quot;1279&quot;:{&quot;height&quot;:&quot;fit-content&quot;,&quot;autoplay&quot;:true,&quot;arrows&quot;:true}}}\"><div class=\"splide__track\"><div class=\"splide__list\"><div id=\"b-wxypjc_m5mb5uxr\" class=\"brxe-block\"><img loading=\"lazy\" decoding=\"async\" width=\"1000\" height=\"1000\" src=\"https:\/\/prim.cz\/wp-content\/uploads\/2025\/01\/DAKAR-2025-8.webp\" class=\"brxe-image css-filter size-large\" alt=\"\" id=\"b-deqnlf_m5mb5uxr\" srcset=\"https:\/\/prim.cz\/wp-content\/uploads\/2025\/01\/DAKAR-2025-8.webp 1000w, https:\/\/prim.cz\/wp-content\/uploads\/2025\/01\/DAKAR-2025-8-300x300.webp 300w, https:\/\/prim.cz\/wp-content\/uploads\/2025\/01\/DAKAR-2025-8-150x150.webp 150w, https:\/\/prim.cz\/wp-content\/uploads\/2025\/01\/DAKAR-2025-8-768x768.webp 768w\" sizes=\"auto, (max-width: 1000px) 100vw, 1000px\" \/><\/div><div id=\"b-epejzi_m5mb5uxr\" class=\"brxe-block\"><img loading=\"lazy\" decoding=\"async\" width=\"1000\" height=\"1000\" src=\"https:\/\/prim.cz\/wp-content\/uploads\/2025\/01\/DAKAR-2025-3.webp\" class=\"brxe-image css-filter size-large\" alt=\"\" id=\"b-cjizll_m5mb5uxr\" srcset=\"https:\/\/prim.cz\/wp-content\/uploads\/2025\/01\/DAKAR-2025-3.webp 1000w, https:\/\/prim.cz\/wp-content\/uploads\/2025\/01\/DAKAR-2025-3-300x300.webp 300w, https:\/\/prim.cz\/wp-content\/uploads\/2025\/01\/DAKAR-2025-3-150x150.webp 150w, https:\/\/prim.cz\/wp-content\/uploads\/2025\/01\/DAKAR-2025-3-768x768.webp 768w\" sizes=\"auto, (max-width: 1000px) 100vw, 1000px\" \/><\/div><div id=\"b-jcbyfl_m5mb5uxr\" class=\"brxe-block\"><img loading=\"lazy\" decoding=\"async\" width=\"1000\" height=\"1000\" src=\"https:\/\/prim.cz\/wp-content\/uploads\/2025\/01\/DAKAR-2025-1.webp\" class=\"brxe-image css-filter size-large\" alt=\"\" id=\"b-buwdtv_m5mb5uxr\" srcset=\"https:\/\/prim.cz\/wp-content\/uploads\/2025\/01\/DAKAR-2025-1.webp 1000w, https:\/\/prim.cz\/wp-content\/uploads\/2025\/01\/DAKAR-2025-1-300x300.webp 300w, https:\/\/prim.cz\/wp-content\/uploads\/2025\/01\/DAKAR-2025-1-150x150.webp 150w, https:\/\/prim.cz\/wp-content\/uploads\/2025\/01\/DAKAR-2025-1-768x768.webp 768w\" sizes=\"auto, (max-width: 1000px) 100vw, 1000px\" \/><\/div><div id=\"b-gtzbur_m5mb5uxr\" class=\"brxe-block\"><img loading=\"lazy\" decoding=\"async\" width=\"1000\" height=\"1000\" src=\"https:\/\/prim.cz\/wp-content\/uploads\/2025\/01\/DAKAR-2025-13.webp\" class=\"brxe-image css-filter size-large\" alt=\"\" id=\"b-xodtdt_m5mb5uxr\" srcset=\"https:\/\/prim.cz\/wp-content\/uploads\/2025\/01\/DAKAR-2025-13.webp 1000w, https:\/\/prim.cz\/wp-content\/uploads\/2025\/01\/DAKAR-2025-13-300x300.webp 300w, https:\/\/prim.cz\/wp-content\/uploads\/2025\/01\/DAKAR-2025-13-150x150.webp 150w, https:\/\/prim.cz\/wp-content\/uploads\/2025\/01\/DAKAR-2025-13-768x768.webp 768w\" sizes=\"auto, (max-width: 1000px) 100vw, 1000px\" \/><\/div><div id=\"b-qadpwr_m5mb5uxr\" class=\"brxe-block\"><img loading=\"lazy\" decoding=\"async\" width=\"1000\" height=\"1000\" src=\"https:\/\/prim.cz\/wp-content\/uploads\/2025\/01\/PRIM-DAKAR-2025-9-OK.webp\" class=\"brxe-image css-filter size-large\" alt=\"\" id=\"b-rfkdzz_m5mb5uxr\" srcset=\"https:\/\/prim.cz\/wp-content\/uploads\/2025\/01\/PRIM-DAKAR-2025-9-OK.webp 1000w, https:\/\/prim.cz\/wp-content\/uploads\/2025\/01\/PRIM-DAKAR-2025-9-OK-300x300.webp 300w, https:\/\/prim.cz\/wp-content\/uploads\/2025\/01\/PRIM-DAKAR-2025-9-OK-150x150.webp 150w, https:\/\/prim.cz\/wp-content\/uploads\/2025\/01\/PRIM-DAKAR-2025-9-OK-768x768.webp 768w\" sizes=\"auto, (max-width: 1000px) 100vw, 1000px\" \/><\/div><div id=\"b-qqpfnk_m5mb5uxr\" class=\"brxe-block\"><img loading=\"lazy\" decoding=\"async\" width=\"1000\" height=\"1000\" src=\"https:\/\/prim.cz\/wp-content\/uploads\/2025\/01\/DAKAR-2025-10.webp\" class=\"brxe-image css-filter size-large\" alt=\"\" id=\"b-sfqkkg_m5mb5uxr\" srcset=\"https:\/\/prim.cz\/wp-content\/uploads\/2025\/01\/DAKAR-2025-10.webp 1000w, https:\/\/prim.cz\/wp-content\/uploads\/2025\/01\/DAKAR-2025-10-300x300.webp 300w, https:\/\/prim.cz\/wp-content\/uploads\/2025\/01\/DAKAR-2025-10-150x150.webp 150w, https:\/\/prim.cz\/wp-content\/uploads\/2025\/01\/DAKAR-2025-10-768x768.webp 768w\" sizes=\"auto, (max-width: 1000px) 100vw, 1000px\" \/><\/div><\/div><\/div><div class=\"splide__arrows custom\"><button class=\"splide__arrow splide__arrow--prev\" type=\"button\"><i class=\"ion-ios-arrow-back\"><\/i><\/button><button class=\"splide__arrow splide__arrow--next\" type=\"button\"><i class=\"ion-ios-arrow-forward\"><\/i><\/button><\/div><\/div><\/div><\/div><div id=\"b-074585_m45hwqjg\" class=\"brxe-div\"><div id=\"b-afaafa_m45hwqjg\" class=\"brxe-div brx-grid\"><div id=\"b-f55950_m45hwqjg\" class=\"brxe-div\"><div id=\"b-78195c_m45hwqjg\" class=\"brxe-text text\"><div class=\"vc_row wpb_row vc_row-fluid vc_custom_1641482432891 vc_row-o-equal-height vc_row-o-content-middle vc_row-flex\">\n<div class=\"wpb_column vc_column_container vc_col-sm-6\">\n<div class=\"vc_column-inner \">\n<div class=\"wpb_wrapper\">\n<div class=\"sc_section margin_top_null margin_bottom_null\">\n<div class=\"sc_section_inner\">\n<div class=\"sc_section_content_wrap\">\n<div class=\"sc_section sc_section_block \">\n<div class=\"sc_section_inner\">\n<div class=\"sc_section_content_wrap\">\n<div class=\"wpb_text_column wpb_content_element \">\n<div class=\"wpb_wrapper\">\n<p>Rallye Dakar je v\u00edce ne\u017e jen z\u00e1vod \u2013 je to \u017eivotn\u00ed styl. A pr\u00e1v\u011b hodinky<span>&nbsp;<\/span><i>PRIM Dakar 2025<\/i><span>&nbsp;<\/span>jsou navr\u017eeny tak, aby s v\u00e1mi byly na ka\u017ed\u00e9m kroku va\u0161eho dobrodru\u017estv\u00ed.<span>&nbsp;<\/span><b>\u010cas ke startu \u2013 va\u0161e dobrodru\u017estv\u00ed teprve za\u010d\u00edn\u00e1!<\/b><\/p>\n<p>Limitovan\u00e1 edice sportovn\u00edch hodinek<span>&nbsp;<\/span><i>PRIM Dakar 2025<\/i><span>&nbsp;<\/span>bude op\u011bt podrobena p\u0159\u00edm\u00e9mu testov\u00e1n\u00ed v z\u00e1vodn\u00edch podm\u00ednk\u00e1ch legend\u00e1rn\u00ed Rallye Dakar.<span>&nbsp;<\/span><b>M\u00edsto podes\u00e1t\u00e9 na Dakar poprv\u00e9 do Dakaru!<\/b>&nbsp;Dal\u0161\u00ed velk\u00fd \u00fakol \u010dek\u00e1 v z\u00e1v\u011bru leto\u0161n\u00ed z\u00e1vodn\u00ed sezony na jezdce d\u00e1lkov\u00fdch rally Tom\u00e1\u0161e Ou\u0159edn\u00ed\u010dka.&nbsp;<b>Dev\u00edtin\u00e1sobn\u00fd<\/b>&nbsp;\u00fa\u010dastn\u00edk Rally Dakar se toti\u017e letos rozhodl pro&nbsp;<b>zm\u011bnu<\/b><span>&nbsp;<\/span>\u2013 m\u00edsto na Arabsk\u00e9m poloostrov\u011b bude tentokr\u00e1t na p\u0159elomu roku bojovat v&nbsp;Africe. Na leto\u0161n\u00edm ro\u010dn\u00edku Africa Eco Race se o jejich prov\u011b\u0159en\u00ed postaraj\u00ed zku\u0161en\u00ed dakar\u0161t\u00ed matado\u0159i a ambasado\u0159i zna\u010dky PRIM \u2013<span>&nbsp;<\/span><b>Tom\u00e1\u0161 Ou\u0159edn\u00ed\u010dek a<span>&nbsp;<\/span><\/b>Luk\u00e1\u0161 Bart\u00e1k, \u010dlenov\u00e9 t\u00fdmu<span>&nbsp;<\/span><b>Toyota Gazoo Racing Czech<\/b>.<\/p>\n<p>Tento t\u00fdm od sezony 2023 vyu\u017e\u00edv\u00e1 nejnov\u011bj\u0161\u00ed specifikaci tov\u00e1rn\u00edho z\u00e1vodn\u00edho speci\u00e1lu<span>&nbsp;<\/span><b>Toyota Hilux GR T1+<\/b>, jednoho z nejmodern\u011bj\u0161\u00edch voz\u016f na sv\u011bt\u011b. D\u00edky podpo\u0159e<span>&nbsp;<\/span><b>Toyoty \u010cesk\u00e1 republika<\/b><span>&nbsp;<\/span>se \u010desk\u00fdm z\u00e1vodn\u00edk\u016fm dostal do rukou \u0161pi\u010dkov\u00fd stroj, konstruk\u010dn\u011b shodn\u00fd s v\u00edt\u011bzn\u00fdm vozem z Dakaru 2023.<\/p>\n<\/div>\n<\/div>\n<\/div>\n<\/div>\n<\/div>\n<\/div>\n<\/div>\n<\/div>\n<\/div>\n<\/div>\n<\/div>\n<\/div>\n<div class=\"vc_row wpb_row vc_row-fluid vc_row-o-content-middle vc_row-flex\">\n<div class=\"wpb_column vc_column_container vc_col-sm-6\">\n<div class=\"vc_column-inner \">\n<div class=\"wpb_wrapper\">\n<div class=\"sc_section margin_top_null margin_bottom_null\">\n<div class=\"sc_section_inner\">\n<div class=\"sc_section_content_wrap\">\n<div class=\"sc_section sc_section_block \">\n<div class=\"sc_section_inner\">\n<div class=\"sc_section_content_wrap\">\n<div class=\"wpb_text_column wpb_content_element \">\n<div class=\"wpb_wrapper\">\n<p>Hodinky se tak\u00e9 vydaj\u00ed na tra\u0165 v kategorii<span>&nbsp;<\/span><b>Classic Dakar<\/b>, kde je prov\u011b\u0159\u00ed t\u00fdm<span>&nbsp;<\/span><b>Czech Samurais<\/b><span>&nbsp;<\/span>pod veden\u00edm<span>&nbsp;<\/span><b>Ollie Rou\u010dkov\u00e9<\/b>. Tato \u010d\u00e1st z\u00e1vodu, zam\u011b\u0159en\u00e1 na vozy z osmdes\u00e1t\u00fdch a devades\u00e1t\u00fdch let, p\u0159in\u00e1\u0161\u00ed nejen nostalgi\u00ed, ale i d\u016fraz na spolehlivost a kvalitu. T\u00fdm Czech Samurais, kter\u00fd pro\u0161el z\u00e1sadn\u00edmi zm\u011bnami, vyr\u00e1\u017e\u00ed na Dakar Classic 2025 s novou energi\u00ed. Na sedadlo navig\u00e1tora k Ond\u0159eji Martincovi zasedne Ji\u0159\u00ed Kop\u0159iva.<\/p>\n<p>Tato sout\u011b\u017e pravidelnosti pro vozy z osmdes\u00e1t\u00fdch a devades\u00e1t\u00fdch let zt\u011bles\u0148uje ducha historie z\u00e1vodu. T\u00fdm Ollie Rou\u010dkov\u00e9 si klade za c\u00edl nejen \u00fasp\u011b\u0161n\u011b zvl\u00e1dnout nejt\u011b\u017e\u0161\u00ed rallye na sv\u011bt\u011b, ale tak\u00e9 prov\u011b\u0159it odolnost a funk\u010dnost hodinek<span>&nbsp;<\/span><i>PRIM Dakar 2025<\/i><span>&nbsp;<\/span>v extr\u00e9mn\u00edch podm\u00ednk\u00e1ch pou\u0161t\u011b.<\/p>\n<\/div>\n<\/div>\n<\/div>\n<\/div>\n<\/div>\n<\/div>\n<\/div>\n<\/div>\n<\/div>\n<\/div>\n<\/div>\n<\/div>\n<\/div><\/div><div id=\"b-bdvmfv_m45hwqjg\" data-script-id=\"bdvmfv_m45hwqjg\" class=\"brxe-slider-nested splide\" data-splide=\"{&quot;type&quot;:&quot;loop&quot;,&quot;direction&quot;:&quot;ltr&quot;,&quot;keyboard&quot;:&quot;global&quot;,&quot;height&quot;:&quot;fit-content&quot;,&quot;gap&quot;:&quot;0px&quot;,&quot;start&quot;:0,&quot;perPage&quot;:1,&quot;perMove&quot;:1,&quot;speed&quot;:400,&quot;interval&quot;:3000,&quot;autoHeight&quot;:false,&quot;autoplay&quot;:true,&quot;pauseOnHover&quot;:false,&quot;pauseOnFocus&quot;:false,&quot;arrows&quot;:true,&quot;pagination&quot;:false,&quot;mediaQuery&quot;:&quot;max&quot;,&quot;breakpoints&quot;:{&quot;1279&quot;:{&quot;height&quot;:&quot;fit-content&quot;,&quot;autoplay&quot;:true,&quot;arrows&quot;:true}}}\"><div class=\"splide__track\"><div class=\"splide__list\"><div id=\"b-duohpw_m45hwqjg\" class=\"brxe-block\"><img loading=\"lazy\" decoding=\"async\" width=\"1000\" height=\"1000\" src=\"https:\/\/prim.cz\/wp-content\/uploads\/2025\/01\/DAKAR-2025-9.webp\" class=\"brxe-image css-filter size-large\" alt=\"\" id=\"b-fdqlkb_m45hwqjg\" srcset=\"https:\/\/prim.cz\/wp-content\/uploads\/2025\/01\/DAKAR-2025-9.webp 1000w, https:\/\/prim.cz\/wp-content\/uploads\/2025\/01\/DAKAR-2025-9-300x300.webp 300w, https:\/\/prim.cz\/wp-content\/uploads\/2025\/01\/DAKAR-2025-9-150x150.webp 150w, https:\/\/prim.cz\/wp-content\/uploads\/2025\/01\/DAKAR-2025-9-768x768.webp 768w\" sizes=\"auto, (max-width: 1000px) 100vw, 1000px\" \/><\/div><div id=\"b-yasfth_m45hwqjg\" class=\"brxe-block\"><img loading=\"lazy\" decoding=\"async\" width=\"1000\" height=\"1000\" src=\"https:\/\/prim.cz\/wp-content\/uploads\/2025\/01\/DAKAR-2025-3-1.webp\" class=\"brxe-image css-filter size-large\" alt=\"\" id=\"b-furicz_m45hwqjg\" srcset=\"https:\/\/prim.cz\/wp-content\/uploads\/2025\/01\/DAKAR-2025-3-1.webp 1000w, https:\/\/prim.cz\/wp-content\/uploads\/2025\/01\/DAKAR-2025-3-1-300x300.webp 300w, https:\/\/prim.cz\/wp-content\/uploads\/2025\/01\/DAKAR-2025-3-1-150x150.webp 150w, https:\/\/prim.cz\/wp-content\/uploads\/2025\/01\/DAKAR-2025-3-1-768x768.webp 768w\" sizes=\"auto, (max-width: 1000px) 100vw, 1000px\" \/><\/div><div id=\"b-gkijgo_m45hwqjg\" class=\"brxe-block\"><img loading=\"lazy\" decoding=\"async\" width=\"1000\" height=\"1000\" src=\"https:\/\/prim.cz\/wp-content\/uploads\/2025\/01\/DAKAR-2025-11.webp\" class=\"brxe-image css-filter size-large\" alt=\"\" id=\"b-ddsgpf_m45hwqjg\" srcset=\"https:\/\/prim.cz\/wp-content\/uploads\/2025\/01\/DAKAR-2025-11.webp 1000w, https:\/\/prim.cz\/wp-content\/uploads\/2025\/01\/DAKAR-2025-11-300x300.webp 300w, https:\/\/prim.cz\/wp-content\/uploads\/2025\/01\/DAKAR-2025-11-150x150.webp 150w, https:\/\/prim.cz\/wp-content\/uploads\/2025\/01\/DAKAR-2025-11-768x768.webp 768w\" sizes=\"auto, (max-width: 1000px) 100vw, 1000px\" \/><\/div><div id=\"b-qmqadm_m45hwqjg\" class=\"brxe-block\"><img loading=\"lazy\" decoding=\"async\" width=\"1000\" height=\"1000\" src=\"https:\/\/prim.cz\/wp-content\/uploads\/2025\/01\/DAKAR-2025-4.webp\" class=\"brxe-image css-filter size-large\" alt=\"\" id=\"b-roruue_m45hwqjg\" srcset=\"https:\/\/prim.cz\/wp-content\/uploads\/2025\/01\/DAKAR-2025-4.webp 1000w, https:\/\/prim.cz\/wp-content\/uploads\/2025\/01\/DAKAR-2025-4-300x300.webp 300w, https:\/\/prim.cz\/wp-content\/uploads\/2025\/01\/DAKAR-2025-4-150x150.webp 150w, https:\/\/prim.cz\/wp-content\/uploads\/2025\/01\/DAKAR-2025-4-768x768.webp 768w\" sizes=\"auto, (max-width: 1000px) 100vw, 1000px\" \/><\/div><div id=\"b-iutbil_m45hwqjg\" class=\"brxe-block\"><img loading=\"lazy\" decoding=\"async\" width=\"1000\" height=\"1000\" src=\"https:\/\/prim.cz\/wp-content\/uploads\/2025\/01\/DAKAR-2025-2.webp\" class=\"brxe-image css-filter size-large\" alt=\"\" id=\"b-rztjin_m45hwqjg\" srcset=\"https:\/\/prim.cz\/wp-content\/uploads\/2025\/01\/DAKAR-2025-2.webp 1000w, https:\/\/prim.cz\/wp-content\/uploads\/2025\/01\/DAKAR-2025-2-300x300.webp 300w, https:\/\/prim.cz\/wp-content\/uploads\/2025\/01\/DAKAR-2025-2-150x150.webp 150w, https:\/\/prim.cz\/wp-content\/uploads\/2025\/01\/DAKAR-2025-2-768x768.webp 768w\" sizes=\"auto, (max-width: 1000px) 100vw, 1000px\" \/><\/div><div id=\"b-lsasvs_m45hwqjg\" class=\"brxe-block\"><img loading=\"lazy\" decoding=\"async\" width=\"1000\" height=\"1000\" src=\"https:\/\/prim.cz\/wp-content\/uploads\/2025\/01\/DAKAR-2025-5.webp\" class=\"brxe-image css-filter size-large\" alt=\"\" id=\"b-xtitni_m45hwqjg\" srcset=\"https:\/\/prim.cz\/wp-content\/uploads\/2025\/01\/DAKAR-2025-5.webp 1000w, https:\/\/prim.cz\/wp-content\/uploads\/2025\/01\/DAKAR-2025-5-300x300.webp 300w, https:\/\/prim.cz\/wp-content\/uploads\/2025\/01\/DAKAR-2025-5-150x150.webp 150w, https:\/\/prim.cz\/wp-content\/uploads\/2025\/01\/DAKAR-2025-5-768x768.webp 768w\" sizes=\"auto, (max-width: 1000px) 100vw, 1000px\" \/><\/div><div id=\"b-sokscr_m45hwqjg\" class=\"brxe-block\"><img loading=\"lazy\" decoding=\"async\" width=\"1000\" height=\"1000\" src=\"https:\/\/prim.cz\/wp-content\/uploads\/2025\/01\/PRIM-Dakar25-04.webp\" class=\"brxe-image css-filter size-large\" alt=\"\" id=\"b-zwbhlg_m45hwqjg\" srcset=\"https:\/\/prim.cz\/wp-content\/uploads\/2025\/01\/PRIM-Dakar25-04.webp 1000w, https:\/\/prim.cz\/wp-content\/uploads\/2025\/01\/PRIM-Dakar25-04-300x300.webp 300w, https:\/\/prim.cz\/wp-content\/uploads\/2025\/01\/PRIM-Dakar25-04-150x150.webp 150w, https:\/\/prim.cz\/wp-content\/uploads\/2025\/01\/PRIM-Dakar25-04-768x768.webp 768w\" sizes=\"auto, (max-width: 1000px) 100vw, 1000px\" \/><\/div><div id=\"b-nqxmgy_m45hwqjg\" class=\"brxe-block\"><img loading=\"lazy\" decoding=\"async\" width=\"1000\" height=\"1000\" src=\"https:\/\/prim.cz\/wp-content\/uploads\/2025\/01\/DAKAR-2025-7.webp\" class=\"brxe-image css-filter size-large\" alt=\"\" id=\"b-fzhngm_m45hwqjg\" srcset=\"https:\/\/prim.cz\/wp-content\/uploads\/2025\/01\/DAKAR-2025-7.webp 1000w, https:\/\/prim.cz\/wp-content\/uploads\/2025\/01\/DAKAR-2025-7-300x300.webp 300w, https:\/\/prim.cz\/wp-content\/uploads\/2025\/01\/DAKAR-2025-7-150x150.webp 150w, https:\/\/prim.cz\/wp-content\/uploads\/2025\/01\/DAKAR-2025-7-768x768.webp 768w\" sizes=\"auto, (max-width: 1000px) 100vw, 1000px\" \/><\/div><\/div><\/div><div class=\"splide__arrows custom\"><button class=\"splide__arrow splide__arrow--prev\" type=\"button\"><i class=\"ion-ios-arrow-back\"><\/i><\/button><button class=\"splide__arrow splide__arrow--next\" type=\"button\"><i class=\"ion-ios-arrow-forward\"><\/i><\/button><\/div><\/div><\/div><\/div><div id=\"b-074585_m5njheo8\" class=\"brxe-div\"><div id=\"b-525745_m5njheo8\" class=\"brxe-div brx-grid\"><div id=\"b-e5cb38_m5njheo8\" class=\"brxe-div\"><div id=\"b-567e03_m5njheo8\" class=\"brxe-text text\"><p>Hodinky se tak\u00e9 vydaj\u00ed na tra\u0165 v kategorii<span>&nbsp;<\/span><b>Classic Dakar<\/b>, kde je prov\u011b\u0159\u00ed t\u00fdm<span>&nbsp;<\/span><b>Czech Samurais<\/b><span>&nbsp;<\/span>pod veden\u00edm<span>&nbsp;<\/span><b>Ollie Rou\u010dkov\u00e9<\/b>. Tato \u010d\u00e1st z\u00e1vodu, zam\u011b\u0159en\u00e1 na vozy z osmdes\u00e1t\u00fdch a devades\u00e1t\u00fdch let, p\u0159in\u00e1\u0161\u00ed nejen nostalgi\u00ed, ale i d\u016fraz na spolehlivost a kvalitu. T\u00fdm Czech Samurais, kter\u00fd pro\u0161el z\u00e1sadn\u00edmi zm\u011bnami, vyr\u00e1\u017e\u00ed na Dakar Classic 2025 s novou energi\u00ed. Na sedadlo navig\u00e1tora k Ond\u0159eji Martincovi zasedne Ji\u0159\u00ed Kop\u0159iva.<\/p>\n<p>Tato sout\u011b\u017e pravidelnosti pro vozy z osmdes\u00e1t\u00fdch a devades\u00e1t\u00fdch let zt\u011bles\u0148uje ducha historie z\u00e1vodu. T\u00fdm Ollie Rou\u010dkov\u00e9 si klade za c\u00edl nejen \u00fasp\u011b\u0161n\u011b zvl\u00e1dnout nejt\u011b\u017e\u0161\u00ed rallye na sv\u011bt\u011b, ale tak\u00e9 prov\u011b\u0159it odolnost a funk\u010dnost hodinek<span>&nbsp;<\/span><i>PRIM Dakar 2025<\/i><span>&nbsp;<\/span>v extr\u00e9mn\u00edch podm\u00ednk\u00e1ch pou\u0161t\u011b.<\/p>\n<\/div><\/div><div id=\"b-bgaxyp_m5njheo8\" data-script-id=\"bgaxyp_m5njheo8\" class=\"brxe-slider-nested splide\" data-splide=\"{&quot;type&quot;:&quot;loop&quot;,&quot;direction&quot;:&quot;ltr&quot;,&quot;keyboard&quot;:&quot;global&quot;,&quot;height&quot;:&quot;fit-content&quot;,&quot;gap&quot;:&quot;0px&quot;,&quot;start&quot;:0,&quot;perPage&quot;:1,&quot;perMove&quot;:1,&quot;speed&quot;:400,&quot;interval&quot;:3000,&quot;autoHeight&quot;:false,&quot;autoplay&quot;:true,&quot;pauseOnHover&quot;:false,&quot;pauseOnFocus&quot;:false,&quot;arrows&quot;:true,&quot;pagination&quot;:false,&quot;mediaQuery&quot;:&quot;max&quot;,&quot;breakpoints&quot;:{&quot;1279&quot;:{&quot;height&quot;:&quot;fit-content&quot;,&quot;autoplay&quot;:true,&quot;arrows&quot;:true}}}\"><div class=\"splide__track\"><div class=\"splide__list\"><div id=\"b-wxypjc_m5njheo8\" class=\"brxe-block\"><img loading=\"lazy\" decoding=\"async\" width=\"1000\" height=\"1000\" src=\"https:\/\/prim.cz\/wp-content\/uploads\/2025\/01\/DAKAR-2025-3-2.webp\" class=\"brxe-image css-filter size-large\" alt=\"\" id=\"b-deqnlf_m5njheo8\" srcset=\"https:\/\/prim.cz\/wp-content\/uploads\/2025\/01\/DAKAR-2025-3-2.webp 1000w, https:\/\/prim.cz\/wp-content\/uploads\/2025\/01\/DAKAR-2025-3-2-300x300.webp 300w, https:\/\/prim.cz\/wp-content\/uploads\/2025\/01\/DAKAR-2025-3-2-150x150.webp 150w, https:\/\/prim.cz\/wp-content\/uploads\/2025\/01\/DAKAR-2025-3-2-768x768.webp 768w\" sizes=\"auto, (max-width: 1000px) 100vw, 1000px\" \/><\/div><div id=\"b-epejzi_m5njheo8\" class=\"brxe-block\"><img loading=\"lazy\" decoding=\"async\" width=\"1000\" height=\"1000\" src=\"https:\/\/prim.cz\/wp-content\/uploads\/2025\/01\/DAKAR-2025-8-1.webp\" class=\"brxe-image css-filter size-large\" alt=\"\" id=\"b-cjizll_m5njheo8\" srcset=\"https:\/\/prim.cz\/wp-content\/uploads\/2025\/01\/DAKAR-2025-8-1.webp 1000w, https:\/\/prim.cz\/wp-content\/uploads\/2025\/01\/DAKAR-2025-8-1-300x300.webp 300w, https:\/\/prim.cz\/wp-content\/uploads\/2025\/01\/DAKAR-2025-8-1-150x150.webp 150w, https:\/\/prim.cz\/wp-content\/uploads\/2025\/01\/DAKAR-2025-8-1-768x768.webp 768w\" sizes=\"auto, (max-width: 1000px) 100vw, 1000px\" \/><\/div><div id=\"b-jcbyfl_m5njheo8\" class=\"brxe-block\"><img loading=\"lazy\" decoding=\"async\" width=\"1000\" height=\"1000\" src=\"https:\/\/prim.cz\/wp-content\/uploads\/2025\/01\/PRIM-DAKAR-2025-14.webp\" class=\"brxe-image css-filter size-large\" alt=\"\" id=\"b-buwdtv_m5njheo8\" srcset=\"https:\/\/prim.cz\/wp-content\/uploads\/2025\/01\/PRIM-DAKAR-2025-14.webp 1000w, https:\/\/prim.cz\/wp-content\/uploads\/2025\/01\/PRIM-DAKAR-2025-14-300x300.webp 300w, https:\/\/prim.cz\/wp-content\/uploads\/2025\/01\/PRIM-DAKAR-2025-14-150x150.webp 150w, https:\/\/prim.cz\/wp-content\/uploads\/2025\/01\/PRIM-DAKAR-2025-14-768x768.webp 768w\" sizes=\"auto, (max-width: 1000px) 100vw, 1000px\" \/><\/div><div id=\"b-gtzbur_m5njheo8\" class=\"brxe-block\"><img loading=\"lazy\" decoding=\"async\" width=\"1024\" height=\"1024\" src=\"https:\/\/prim.cz\/wp-content\/uploads\/2025\/01\/PRIM-DAKAR-2025-15-1024x1024.webp\" class=\"brxe-image css-filter size-large\" alt=\"\" id=\"b-xodtdt_m5njheo8\" srcset=\"https:\/\/prim.cz\/wp-content\/uploads\/2025\/01\/PRIM-DAKAR-2025-15-1024x1024.webp 1024w, https:\/\/prim.cz\/wp-content\/uploads\/2025\/01\/PRIM-DAKAR-2025-15-300x300.webp 300w, https:\/\/prim.cz\/wp-content\/uploads\/2025\/01\/PRIM-DAKAR-2025-15-150x150.webp 150w, https:\/\/prim.cz\/wp-content\/uploads\/2025\/01\/PRIM-DAKAR-2025-15-768x768.webp 768w, https:\/\/prim.cz\/wp-content\/uploads\/2025\/01\/PRIM-DAKAR-2025-15-1536x1536.webp 1536w, https:\/\/prim.cz\/wp-content\/uploads\/2025\/01\/PRIM-DAKAR-2025-15-2048x2048.webp 2048w\" sizes=\"auto, (max-width: 1024px) 100vw, 1024px\" \/><\/div><div id=\"b-qadpwr_m5njheo8\" class=\"brxe-block\"><img loading=\"lazy\" decoding=\"async\" width=\"1000\" height=\"1000\" src=\"https:\/\/prim.cz\/wp-content\/uploads\/2025\/01\/DAKAR-2025-10-1.webp\" class=\"brxe-image css-filter size-large\" alt=\"\" id=\"b-rfkdzz_m5njheo8\" srcset=\"https:\/\/prim.cz\/wp-content\/uploads\/2025\/01\/DAKAR-2025-10-1.webp 1000w, https:\/\/prim.cz\/wp-content\/uploads\/2025\/01\/DAKAR-2025-10-1-300x300.webp 300w, https:\/\/prim.cz\/wp-content\/uploads\/2025\/01\/DAKAR-2025-10-1-150x150.webp 150w, https:\/\/prim.cz\/wp-content\/uploads\/2025\/01\/DAKAR-2025-10-1-768x768.webp 768w\" sizes=\"auto, (max-width: 1000px) 100vw, 1000px\" \/><\/div><div id=\"b-qqpfnk_m5njheo8\" class=\"brxe-block\"><img loading=\"lazy\" decoding=\"async\" width=\"1000\" height=\"1000\" src=\"https:\/\/prim.cz\/wp-content\/uploads\/2025\/01\/DAKAR-2025-1-1.webp\" class=\"brxe-image css-filter size-large\" alt=\"\" id=\"b-sfqkkg_m5njheo8\" srcset=\"https:\/\/prim.cz\/wp-content\/uploads\/2025\/01\/DAKAR-2025-1-1.webp 1000w, https:\/\/prim.cz\/wp-content\/uploads\/2025\/01\/DAKAR-2025-1-1-300x300.webp 300w, https:\/\/prim.cz\/wp-content\/uploads\/2025\/01\/DAKAR-2025-1-1-150x150.webp 150w, https:\/\/prim.cz\/wp-content\/uploads\/2025\/01\/DAKAR-2025-1-1-768x768.webp 768w\" sizes=\"auto, (max-width: 1000px) 100vw, 1000px\" \/><\/div><div id=\"b-decmdq_m5njheo8\" class=\"brxe-block\"><img loading=\"lazy\" decoding=\"async\" width=\"1000\" height=\"1000\" src=\"https:\/\/prim.cz\/wp-content\/uploads\/2025\/01\/DAKAR-2025-9-OK.webp\" class=\"brxe-image css-filter size-large\" alt=\"\" id=\"b-iizais_m5njheo8\" srcset=\"https:\/\/prim.cz\/wp-content\/uploads\/2025\/01\/DAKAR-2025-9-OK.webp 1000w, https:\/\/prim.cz\/wp-content\/uploads\/2025\/01\/DAKAR-2025-9-OK-300x300.webp 300w, https:\/\/prim.cz\/wp-content\/uploads\/2025\/01\/DAKAR-2025-9-OK-150x150.webp 150w, https:\/\/prim.cz\/wp-content\/uploads\/2025\/01\/DAKAR-2025-9-OK-768x768.webp 768w\" sizes=\"auto, (max-width: 1000px) 100vw, 1000px\" \/><\/div><\/div><\/div><div class=\"splide__arrows custom\"><button class=\"splide__arrow splide__arrow--prev\" type=\"button\"><i class=\"ion-ios-arrow-back\"><\/i><\/button><button class=\"splide__arrow splide__arrow--next\" type=\"button\"><i class=\"ion-ios-arrow-forward\"><\/i><\/button><\/div><\/div><\/div><\/div><div id=\"b-qdovdx_m45hytws\" class=\"brxe-div\"><\/div>\n<figure class=\"wp-block-image alignfull size-full\"><img loading=\"lazy\" decoding=\"async\" width=\"1920\" height=\"800\" src=\"https:\/\/new.prim-hodinky.cz\/wp-content\/uploads\/2025\/01\/PRIM-DAKAR-2025_banner-1920x800_02.webp\" alt=\"\" class=\"wp-image-24989\" srcset=\"https:\/\/prim.cz\/wp-content\/uploads\/2025\/01\/PRIM-DAKAR-2025_banner-1920x800_02.webp 1920w, https:\/\/prim.cz\/wp-content\/uploads\/2025\/01\/PRIM-DAKAR-2025_banner-1920x800_02-300x125.webp 300w, https:\/\/prim.cz\/wp-content\/uploads\/2025\/01\/PRIM-DAKAR-2025_banner-1920x800_02-1024x427.webp 1024w, https:\/\/prim.cz\/wp-content\/uploads\/2025\/01\/PRIM-DAKAR-2025_banner-1920x800_02-768x320.webp 768w, https:\/\/prim.cz\/wp-content\/uploads\/2025\/01\/PRIM-DAKAR-2025_banner-1920x800_02-1536x640.webp 1536w\" sizes=\"auto, (max-width: 1920px) 100vw, 1920px\" \/><\/figure>\n<div id=\"b-ickeyb_m5nqbwuk\" class=\"brxe-div\"><div id=\"b-xsggmw_m5nqbwuk\" class=\"brxe-div\"><\/div><h2 id=\"b-uzjhjf_m5nqbwuk\" class=\"brxe-heading h2\">Symbolika cifern\u00edku<\/h2><\/div><div id=\"b-napfly_m7dsaoby\" class=\"brxe-div\"><div id=\"b-ayweor_m7dsaoby\" class=\"brxe-div brx-grid\"><div id=\"b-elmhws_m7dsaoby\" class=\"brxe-div\"><div id=\"b-fiwcpy_m7dsaoby\" class=\"brxe-text text\"><div>\n<div><span>Jako ka\u017ed\u00fd rok, i tentokr\u00e1t jsme pro V\u00e1s p\u0159ipravili novinky v leto\u0161n\u00ed limitovan\u00e9 s\u00e9rii <i>PRIM Dakar 2025<\/i>. V\u0161echny na\u0161e limitovan\u00e9 edice <i>PRIM Dakar&nbsp;<\/i>se vyzna\u010duj\u00ed n\u011bkolika v\u00fdjime\u010dn\u00fdmi prvky. <b>Zvedat la\u0165ku v\u00fd\u0161 a v\u00fd\u0161 je pro n\u00e1s i cel\u00fd t\u00fdm PRIM velkou v\u00fdzvou, kter\u00e1 n\u00e1s bav\u00ed.&nbsp;<\/b>Proto jsme se letos, po 16 letech zku\u0161enost\u00ed s touto s\u00e9ri\u00ed, rozhodli s\u00e1hnout po revolu\u010dn\u00edm materi\u00e1lu \u2013&nbsp;<b>karbonu.<\/b><\/span><\/div>\n<p><\/p>\n<p><span>Zm\u011bna v leto\u0161n\u00edm ro\u010dn\u00edku hraje \u201eprim\u201c a my jsme se proto rozhodli vyrobit hodinky Dakar jako poctu legend\u00e1m a ambasador\u016fm PRIM \u2013 \u201ejezdc\u016fm\u201c, d\u00edky kter\u00fdm tento model ji\u017e 16. rokem p\u0159ipravujeme a neust\u00e1le vylep\u0161ujeme.<\/span><\/p>\n<p><\/p>\n<div><span>Sb\u011bratel\u00e9 edice Dakar ocen\u00ed tyto detaily:<\/span><\/div>\n<ul>\n<li><span>Karbonov\u00e9 pouzdro<\/span><\/li>\n<li><span>Poprv\u00e9 v&nbsp;historii je \u010d\u00edslo limitovan\u00e9 edice tak\u00e9 na cifern\u00edku<\/span><\/li>\n<li><span>Origin\u00e1ln\u011b ru\u010dn\u011b \u0161it\u00fd \u0159em\u00ednek dopl\u0148uj\u00edc\u00ed barvu hodinek<\/span><\/li>\n<li><span>\u0160achovnicov\u00e1 vlajka \u2013 symbolizuj\u00edc\u00ed konec z\u00e1vodu<\/span><\/li>\n<li><span><b>Laserem grav\u00edrovan\u00fd cifern\u00edk<\/b>&nbsp;p\u0159ipom\u00edn\u00e1 preciznost a technick\u00e9 mistrovstv\u00ed<\/span><\/li>\n<li><span>Decentn\u011b vylaserovan\u00e9 slovo Dakar po obvodu vnit\u0159n\u00edho okru\u017e\u00ed<\/span><\/li>\n<\/ul>\n<div>\n<div><span>P\u0159edstavte si, jak\u00e9 to je m\u00edt na z\u00e1p\u011bst\u00ed hodinky, kter\u00e9 s v\u00e1mi projdou v\u0161echny \u017eivotn\u00ed v\u00fdzvy \u2013 od pracovn\u00edho dne a\u017e po extr\u00e9mn\u00ed dobrodru\u017estv\u00ed. Sta\u0148te se jedn\u00edm ze 100 \u0161\u0165astlivc\u016f, kte\u0159\u00ed budou vlastnit tento exkluzivn\u00ed kousek.<\/span><\/div>\n<\/div>\n<p><\/p>\n<\/div>\n<\/div><\/div><img loading=\"lazy\" decoding=\"async\" width=\"768\" height=\"768\" src=\"https:\/\/prim.cz\/wp-content\/uploads\/2025\/01\/DAKAR-2025-1-1-768x768.webp\" class=\"brxe-image css-filter size-medium_large\" alt=\"\" id=\"b-zjyjxo_m7dsaoby\" srcset=\"https:\/\/prim.cz\/wp-content\/uploads\/2025\/01\/DAKAR-2025-1-1-768x768.webp 768w, https:\/\/prim.cz\/wp-content\/uploads\/2025\/01\/DAKAR-2025-1-1-300x300.webp 300w, https:\/\/prim.cz\/wp-content\/uploads\/2025\/01\/DAKAR-2025-1-1-150x150.webp 150w, https:\/\/prim.cz\/wp-content\/uploads\/2025\/01\/DAKAR-2025-1-1.webp 1000w\" sizes=\"auto, (max-width: 768px) 100vw, 768px\" \/><\/div><\/div><div id=\"b-qdovdx_m5uoi139\" class=\"brxe-div\"><\/div>\n<figure class=\"wp-block-image alignfull size-full\"><img loading=\"lazy\" decoding=\"async\" width=\"1920\" height=\"800\" src=\"https:\/\/new.prim-hodinky.cz\/wp-content\/uploads\/2025\/01\/PRIM-DAKAR-2025_banner-1920x800_03-01.webp\" alt=\"\" class=\"wp-image-24991\" srcset=\"https:\/\/prim.cz\/wp-content\/uploads\/2025\/01\/PRIM-DAKAR-2025_banner-1920x800_03-01.webp 1920w, https:\/\/prim.cz\/wp-content\/uploads\/2025\/01\/PRIM-DAKAR-2025_banner-1920x800_03-01-300x125.webp 300w, https:\/\/prim.cz\/wp-content\/uploads\/2025\/01\/PRIM-DAKAR-2025_banner-1920x800_03-01-1024x427.webp 1024w, https:\/\/prim.cz\/wp-content\/uploads\/2025\/01\/PRIM-DAKAR-2025_banner-1920x800_03-01-768x320.webp 768w, https:\/\/prim.cz\/wp-content\/uploads\/2025\/01\/PRIM-DAKAR-2025_banner-1920x800_03-01-1536x640.webp 1536w\" sizes=\"auto, (max-width: 1920px) 100vw, 1920px\" \/><\/figure>\n<div id=\"b-ickeyb_m45hz80v\" class=\"brxe-div\"><div id=\"b-xsggmw_m45hz80v\" class=\"brxe-div\"><\/div><h2 id=\"b-uzjhjf_m45hz80v\" class=\"brxe-heading h2\">PRIM Dakar 2025<\/h2><\/div>\n<div class=\"wp-block-columns is-layout-flex wp-container-core-columns-is-layout-9d6595d7 wp-block-columns-is-layout-flex\">\n<div class=\"wp-block-column is-layout-flow wp-block-column-is-layout-flow\"><div id=\"b-ekmfdl_m7dsuis7\" class=\"brxe-div\"><div id=\"b-tpkczc_m7dsuis7\" class=\"brxe-div\"><\/div><div id=\"b-dlqqzs_m7dsuis7\" class=\"brxe-text text\"><p><span>P\u00e1nsk\u00e9 sportovn\u00ed multifunk\u010dn\u00ed hodinky PRIM s chronografem jsou vyroben\u00e9 z karbonu.&nbsp;<b>D\u00edky speci\u00e1ln\u00edmu procesu lisov\u00e1n\u00ed uhl\u00edkov\u00fdch vl\u00e1ken je ka\u017ed\u00e9 pouzdro origin\u00e1ln\u00edm kusem s jedine\u010dn\u00fdm vzhledem.&nbsp;<\/b><\/span><\/p>\n<p><span>Do pouzdra je vsazen&nbsp;<b>\u0161v\u00fdcarsk\u00fd quartzov\u00fd strojek<\/b>&nbsp;s chronografem kalibr&nbsp;<b>Ronda 5020.B s&nbsp;velk\u00fdm datem na pozici 6 h.&nbsp;<\/b>&nbsp;Hodinky maj\u00ed dno vyroben\u00e9 z&nbsp;nerezov\u00e9 oceli s origin\u00e1ln\u011b navr\u017een\u00fdm designem z\u00e1vodn\u00edch kategori\u00ed a se zv\u00fdrazn\u011bnou mapou vypln\u011bnou barvou s&nbsp;p\u0159ipomenut\u00edm m\u011bsta startu a c\u00edle z\u00e1vodu.<\/span><\/p>\n<p><span>Vod\u011bodolnost 10 ATM a \u0161roubovac\u00ed korunka, je ji\u017e u modelu samoz\u0159ejmost\u00ed. Pod odoln\u00fdm antireflexn\u00edm saf\u00edrov\u00fdm skl\u00ed\u010dkem je um\u00edst\u011bn propracovan\u00fd&nbsp;<b>\u010d\u00edseln\u00edk a \u010d\u00edta\u010de chronografu&nbsp;ve vzoru kruh\u016f<\/b>. Hlavn\u00ed ru\u010dka chronografu je \u010derven\u00e1 a zdoben\u00e1 \u0161achovnicovou vlajkou. Dopl\u0148uje tak pro tento model speci\u00e1ln\u011b navr\u017een\u00e9 brou\u0161en\u00e9 hlavn\u00ed ru\u010di\u010dky hodin a minut. \u010c\u00edseln\u00edk je dopln\u011bn ji\u017e tradi\u010dn\u00edm logem PRIM Dakar 2025, ale tak\u00e9 m\u00edstem z\u00e1vodu a v\u00fdrobn\u00edm \u010d\u00edslem limitovan\u00e9 edice.<\/span><\/p>\n<p><span>Sportovn\u00ed vzhled hodink\u00e1m dod\u00e1v\u00e1 obl\u00edben\u00fd a odoln\u00fd matn\u00fd \u010dern\u00fd krou\u017eek<b>&nbsp;vyroben\u00fd z keramiky&nbsp;<\/b>&nbsp;a opat\u0159en&nbsp;<b>tachymetrickou stupnic\u00ed s luminiscen\u010dn\u00ed v\u00fdpln\u00ed<\/b>. Doba m\u011b\u0159en\u00ed \u010dasu je zn\u00e1zorn\u011bna v&nbsp;subcifern\u00edku \u010d\u00edta\u010de na pozici 9 hodin (v\u011bt\u0161\u00ed ru\u010di\u010dka ukazuje m\u011b\u0159en\u00ed do 30 minut \u010dasu) spole\u010dn\u011b s&nbsp;\u010d\u00edta\u010dem hodin (men\u0161\u00ed ru\u010di\u010dka ukazuje m\u011b\u0159en\u00ed a\u017e do \u010dasov\u00e9ho \u00faseku 12 hodin). \u010c\u00edslo limitovan\u00e9 edice se nach\u00e1z\u00ed&nbsp;<b>nov\u011b na cifern\u00edku hodinek.&nbsp;Sekundov\u00e1 ru\u010dka hlavn\u00edho \u010dasu se nach\u00e1z\u00ed na subcifern\u00edku na pozici 3 h<\/b>. Na pozici 6 hodin je um\u00edst\u011bno datum. Hodinov\u00e9 ru\u010di\u010dky a indexy jsou pokryty silnou luminiscen\u010dn\u00ed vrstvou pro lep\u0161\u00ed ode\u010det \u010dasu za sn\u00ed\u017een\u00e9 viditelnosti.<\/span><\/p>\n<p><span>Hodinky jsou opat\u0159eny kvalitn\u00edm ko\u017een\u00fdm \u0159em\u00ednkem s&nbsp;dvojit\u00fdm dekorativn\u00edm pro\u0161\u00edv\u00e1n\u00edm na prav\u00e9 stran\u011b. \u0158em\u00ednek m\u00e1 robustn\u00ed sponu s logem. Nechyb\u00ed ani impregnace a syst\u00e9m \u201equick release\u201c pro snadnou v\u00fdm\u011bnu \u0159em\u00ednku bez nutnosti pou\u017e\u00edvat vyst\u011b\u017eejkova\u010d. Hodinky jsou dod\u00e1v\u00e1ny v tematick\u00e9 krabi\u010dce se s\u00e9riov\u00fdm \u010d\u00edslem, z\u00e1ru\u010dn\u00edm listem, n\u00e1vodem k pou\u017eit\u00ed a servisn\u00ed kartou.<\/span><\/p>\n<p><span>V cen\u011b hodinek je&nbsp;<b>grav\u00edrov\u00e1n\u00ed jm\u00e9na, p\u0159\u00edjmen\u00ed, nebo monogramu<\/b>. Budete tak vlastnit sv\u00e9 osobit\u00e9 hodinky, kter\u00fdch je vyrobeno pouh\u00fdch 100 kus\u016f. Do pozn\u00e1mky uve\u010fte co si p\u0159ejete vygrav\u00edrovat.&nbsp;<b>(omezen\u00ed v\u010detn\u011b mezer je 8 znak\u016f).&nbsp;<br \/><\/b><b>\u201e\u010cas na dobrodru\u017estv\u00ed je te\u010f. P\u0159ipojte se k legend\u011b Dakaru s modelem PRIM Dakar 2025.\u201c<\/b><\/span><\/p>\n<\/div><\/div><\/div>\n\n\n\n<div class=\"wp-block-column is-layout-flow wp-block-column-is-layout-flow\"><div id=\"b-qdovdx_m7dsxggv\" class=\"brxe-div\"><\/div>\n\n<div class=\"wp-block-image\">\n<figure class=\"aligncenter size-full is-resized\"><img loading=\"lazy\" decoding=\"async\" width=\"589\" height=\"1000\" src=\"https:\/\/new.prim-hodinky.cz\/wp-content\/uploads\/2025\/01\/DAKAR-2025-OK.webp\" alt=\"\" class=\"wp-image-24992\" style=\"aspect-ratio:0.35;object-fit:contain;width:320px;height:auto\" srcset=\"https:\/\/prim.cz\/wp-content\/uploads\/2025\/01\/DAKAR-2025-OK.webp 589w, https:\/\/prim.cz\/wp-content\/uploads\/2025\/01\/DAKAR-2025-OK-177x300.webp 177w\" sizes=\"auto, (max-width: 589px) 100vw, 589px\" \/><\/figure>\n<\/div><\/div>\n<\/div>\n<div id=\"b-qcqlfr_m45i8jcq\" class=\"brxe-div\"><h2 id=\"b-mlezxb_m45i8jcq\" class=\"brxe-heading h2\">Specifikace<\/h2><div id=\"b-uycchl_m45i8jcq\" class=\"brxe-div brx-grid\"><h5 id=\"b-fswfhs_m45i8jcq\" class=\"brxe-heading h5\">Kalibr<\/h5><h3 id=\"b-kvfqfz_m45i8jcq\" class=\"brxe-heading blok-specifikace-maly-heading\">Ronda 5020.B<\/h3><h5 id=\"b-kfebmo_m45i8jcq\" class=\"brxe-heading h5\">Vod\u011bodolnost<\/h5><h3 id=\"b-bpyaso_m45i8jcq\" class=\"brxe-heading blok-specifikace-maly-heading\">10 ATM<\/h3><h5 id=\"b-abewnk_m45i8jcq\" class=\"brxe-heading h5\">Rozm\u011bry<\/h5><h5 id=\"b-aacjrr_m45i8jcq\" class=\"brxe-heading blok-specifikace-maly-heading\">\u29b0 45 x 13 mm<\/h5><h5 id=\"b-pyvrcv_m45i8jcq\" class=\"brxe-heading h5\">Sklo<\/h5><h3 id=\"b-rvpqxf_m45i8jcq\" class=\"brxe-heading blok-specifikace-maly-heading\">Anti-reflective sapphire flat<\/h3><h5 id=\"b-igtfzi_m45i8jcq\" class=\"brxe-heading h5\">Pouzdro<\/h5><h3 id=\"b-upmceq_m45i8jcq\" class=\"brxe-heading blok-specifikace-maly-heading\">Carbon<\/h3><h5 id=\"b-eqmnje_m45i8jcq\" class=\"brxe-heading h5\">\u0158em\u00ednek<\/h5><h3 id=\"b-vbirex_m45i8jcq\" class=\"brxe-heading blok-specifikace-maly-heading\">Leather strap with double stitching, robust buckle with logo<\/h3><\/div><\/div><div id=\"brxe-watches-links\" class=\"brxe-div\"><h2 id=\"b-7bc5ae_m45incj5\" class=\"brxe-heading h3\">PRIM DAKAR 2025<\/h2><div id=\"b-aeb9b4_m45incj5\" class=\"brxe-text text\"><div><span>Tato exkluzivn\u00ed edice je omezena na pouh\u00fdch<span>&nbsp;<\/span><\/span><b>100 kus\u016f<\/b><span><span>&nbsp;<\/span>a oslavuje ducha dobrodru\u017estv\u00ed i \u0161pi\u010dkov\u00e9ho hodin\u00e1\u0159sk\u00e9ho \u0159emesla.<\/span><\/div>\n<div><span>Ka\u017ed\u00fd kus je nejen funk\u010dn\u00edm dopl\u0148kem, ale tak\u00e9 symbolem odvahy, vytrvalosti a v\u00e1\u0161n\u011b.<\/span><\/div>\n<\/div><div id=\"b-ojnckk_m45incj5\" class=\"brxe-div\"><div id=\"brxe-watch-div\" class=\"brxe-block\" data-edition-terms=\"&lt;a href=&quot;https:\/\/prim.cz\/en\/taxonomie-pro-limit-edice\/vyprodana-edice-en\/&quot;&gt;Vyprodan\u00e1 edice&lt;\/a&gt;\"><img loading=\"lazy\" decoding=\"async\" width=\"589\" height=\"1000\" src=\"https:\/\/prim.cz\/wp-content\/uploads\/2025\/01\/DAKAR-2025-OK.webp\" class=\"brxe-image blok-specifikace-fotka-hodinek css-filter size-full\" alt=\"\" id=\"b-htajra_m45incj5\" srcset=\"https:\/\/prim.cz\/wp-content\/uploads\/2025\/01\/DAKAR-2025-OK.webp 589w, https:\/\/prim.cz\/wp-content\/uploads\/2025\/01\/DAKAR-2025-OK-177x300.webp 177w\" sizes=\"auto, (max-width: 589px) 100vw, 589px\" \/><h3 id=\"b-aywomw_m45incj5\" class=\"brxe-heading h4\">PRIM DAKAR 2025<\/h3><h4 id=\"b-cjuueq_m45incj5\" class=\"brxe-heading text\">W091P.13202.A<\/h4><a id=\"brxe-button\" class=\"brxe-button bricks-button bricks-background-primary\"><span data-gbrx-id=\"gb-cymvjw\" data-gbrx-subfield=\"text\" >KOUPIT<\/span><\/a><\/div><\/div><\/div><div id=\"b-qdovdx_m45ivqjb\" class=\"brxe-div\"><\/div>\n<figure class=\"wp-block-image alignfull size-full\"><img loading=\"lazy\" decoding=\"async\" width=\"1920\" height=\"800\" src=\"https:\/\/new.prim-hodinky.cz\/wp-content\/uploads\/2025\/01\/PRIM-DAKAR-2025_banner-1920x800_03.webp\" alt=\"\" class=\"wp-image-25002\" srcset=\"https:\/\/prim.cz\/wp-content\/uploads\/2025\/01\/PRIM-DAKAR-2025_banner-1920x800_03.webp 1920w, https:\/\/prim.cz\/wp-content\/uploads\/2025\/01\/PRIM-DAKAR-2025_banner-1920x800_03-300x125.webp 300w, https:\/\/prim.cz\/wp-content\/uploads\/2025\/01\/PRIM-DAKAR-2025_banner-1920x800_03-1024x427.webp 1024w, https:\/\/prim.cz\/wp-content\/uploads\/2025\/01\/PRIM-DAKAR-2025_banner-1920x800_03-768x320.webp 768w, https:\/\/prim.cz\/wp-content\/uploads\/2025\/01\/PRIM-DAKAR-2025_banner-1920x800_03-1536x640.webp 1536w\" sizes=\"auto, (max-width: 1920px) 100vw, 1920px\" \/><\/figure>\n<div id=\"b-ickeyb_m5up9oof\" class=\"brxe-div\"><div id=\"b-xsggmw_m5up9oof\" class=\"brxe-div\"><\/div><h2 id=\"b-uzjhjf_m5up9oof\" class=\"brxe-heading h2\">Ambasadorka<\/h2><h4 id=\"b-ncefjf_m5up9oof\" class=\"brxe-heading h4\">PRIM Dakar<\/h4><\/div><div id=\"b-napfly_m7dsol4k\" class=\"brxe-div\"><div id=\"b-ayweor_m7dsol4k\" class=\"brxe-div brx-grid\"><div id=\"b-elmhws_m7dsol4k\" class=\"brxe-div\"><h3 id=\"b-ekonkc_m7dsol4k\" class=\"brxe-heading h3\">Ollie Rou\u010dkov\u00e1<\/h3><div id=\"b-fiwcpy_m7dsol4k\" class=\"brxe-text text\"><p><span><b>Ambasadorka d\u00e1msk\u00e9ho modelu PRIM Dakar 2022 a PRIM Dakar Ollie 2021<\/b><\/span><\/p>\n<p><span>Ollie m\u00e1 za sebou bohatou z\u00e1vodn\u00ed kari\u00e9ru. V lednu 2015 se \u00fa\u010dastnila z\u00e1vodu Intercontinental Rallye v Africe, kter\u00e1 vede po stop\u00e1ch p\u016fvodn\u00edho africk\u00e9ho Dakaru. A tento z\u00e1vod ve sv\u00e9 kategorii vyhr\u00e1la.<\/span><\/p>\n<p><span>Tato prvn\u00ed d\u00e1lkov\u00e1 Rally odstartovala dal\u0161\u00ed z\u00e1vodn\u00ed \u00fasp\u011bchy \u2013 Alb\u00e1nia Rally 3. m\u00edsto, Bohemia Baja 300 \u2013 2. m\u00edsto, Baja Hungary 1. m\u00edsto \u017eeny, 2. m\u00edsto mezi mu\u017ei a celkov\u00e9 5. m\u00edsto kategori\u00ed Quad\/ATV.<\/span><\/p>\n<p><span>K velk\u00fdm mezin\u00e1rodn\u00edm Rally pat\u0159\u00ed i spousta dal\u0161\u00edch z\u00e1vod\u016f v \u010cech\u00e1ch, ale i v Evrop\u011b.<\/span><\/p>\n<p><span>Krom\u011b z\u00e1vod\u011bn\u00ed a p\u0159\u00edprav na Rally se Ollie v\u011bnuje z\u00e1vodn\u00edmu projektu pro rozvoj nejmen\u0161\u00edch z\u00e1vodn\u00edk\u016f \u2013 Ollieracingteam.<\/span><\/p>\n<p><span>Source:&nbsp;<\/span><a href=\"https:\/\/www.facebook.com\/Ollierouckova\/\" target=\"_blank\">https:\/\/www.facebook.com\/Ollierouckova\/<\/a><\/p>\n<\/div><\/div><img loading=\"lazy\" decoding=\"async\" width=\"768\" height=\"768\" src=\"https:\/\/prim.cz\/wp-content\/uploads\/2025\/02\/OLLIE_1_1000x1000_komprese-768x768.webp\" class=\"brxe-image css-filter size-medium_large\" alt=\"\" id=\"b-zjyjxo_m7dsol4k\" srcset=\"https:\/\/prim.cz\/wp-content\/uploads\/2025\/02\/OLLIE_1_1000x1000_komprese-768x768.webp 768w, https:\/\/prim.cz\/wp-content\/uploads\/2025\/02\/OLLIE_1_1000x1000_komprese-300x300.webp 300w, https:\/\/prim.cz\/wp-content\/uploads\/2025\/02\/OLLIE_1_1000x1000_komprese-150x150.webp 150w, https:\/\/prim.cz\/wp-content\/uploads\/2025\/02\/OLLIE_1_1000x1000_komprese.webp 1000w\" sizes=\"auto, (max-width: 768px) 100vw, 768px\" \/><\/div><\/div><div id=\"b-ickeyb_m5uq0bw1\" class=\"brxe-div\"><div id=\"b-xsggmw_m5uq0bw1\" class=\"brxe-div\"><\/div><h2 id=\"b-uzjhjf_m5uq0bw1\" class=\"brxe-heading h2\">Ambasado\u0159i<\/h2><h4 id=\"b-ncefjf_m5uq0bw1\" class=\"brxe-heading h4\">PRIM Dakar 2021<\/h4><\/div><div id=\"b-napfly_m7dt0eql\" class=\"brxe-div\"><div id=\"b-eutllh_m7dt0eql\" class=\"brxe-div brx-grid\"><div id=\"b-puqlks_m7dt0eql\" class=\"brxe-div\"><h3 id=\"b-sfnucy_m7dt0eql\" class=\"brxe-heading h3\">David K\u0159\u00edpal<\/h3><div id=\"b-pmylor_m7dt0eql\" class=\"brxe-text text\"><p><span><b>T\u00fdm Ultimate Dakar Racing<\/b><\/span><\/p>\n<p><span>David K\u0159\u00edpal je ji\u017e t\u0159et\u00edm rokem na Dakaru navig\u00e1torem Tom\u00e1\u0161e Ou\u0159edn\u00ed\u010dka, v roce 2020 jedou spole\u010dn\u011b ve vlastn\u00edm t\u00fdmu Ultimate Dakar Racing. Jeho navig\u00e1torsk\u00e9 nad\u00e1n\u00ed se uk\u00e1zalo ji\u017e v z\u00e1vod\u011b Morocco Desert Challenge, kde David bezchybn\u011b navigoval a spole\u010dn\u011b s pilotem Tom\u00e1\u0161em Ou\u0159edn\u00ed\u010dkem dos\u00e1hli v\u00edt\u011bzstv\u00ed v absolutn\u00edm po\u0159ad\u00ed automobilov\u00e9 kategorie.<\/span><\/p>\n<\/div><\/div><img loading=\"lazy\" decoding=\"async\" width=\"1000\" height=\"1000\" src=\"https:\/\/prim.cz\/wp-content\/uploads\/2025\/01\/OUREDNICEK_3B_1000x1000.webp\" class=\"brxe-image css-filter size-large\" alt=\"\" id=\"b-rsphyt_m7dt0eql\" srcset=\"https:\/\/prim.cz\/wp-content\/uploads\/2025\/01\/OUREDNICEK_3B_1000x1000.webp 1000w, https:\/\/prim.cz\/wp-content\/uploads\/2025\/01\/OUREDNICEK_3B_1000x1000-300x300.webp 300w, https:\/\/prim.cz\/wp-content\/uploads\/2025\/01\/OUREDNICEK_3B_1000x1000-150x150.webp 150w, https:\/\/prim.cz\/wp-content\/uploads\/2025\/01\/OUREDNICEK_3B_1000x1000-768x768.webp 768w\" sizes=\"auto, (max-width: 1000px) 100vw, 1000px\" \/><\/div><\/div><div id=\"b-napfly_m7dsym1p\" class=\"brxe-div\"><div id=\"b-ayweor_m7dsym1p\" class=\"brxe-div brx-grid\"><div id=\"b-elmhws_m7dsym1p\" class=\"brxe-div\"><h3 id=\"b-ekonkc_m7dsym1p\" class=\"brxe-heading h3\">Tom\u00e1\u0161 Ou\u0159edn\u00ed\u010dek<\/h3><div id=\"b-fiwcpy_m7dsym1p\" class=\"brxe-text text\"><p><span><b>T\u00fdm Ultimate Dakar Racing<\/b><\/span><\/p>\n<p><span>\u00dasp\u011b\u0161n\u00fd \u010desk\u00fd jezdec cross-country rallye, z\u00e1vodn\u00edk a bojovn\u00edk na trati i mimo ni. \u010cesk\u00fd automobilov\u00fd z\u00e1vodn\u00edk a od roku 2017 ambasador hodinek PRIM. Tom\u00e1\u0161 Ou\u0159edn\u00ed\u010dek je nej\u00fasp\u011b\u0161n\u011bj\u0161\u00edm \u010desk\u00fdm navig\u00e1torem a dr\u017eitelem nejlep\u0161\u00edho v\u00fdsledku v&nbsp;kategorii automobil\u016f.<\/span><\/p>\n<\/div><\/div><img loading=\"lazy\" decoding=\"async\" width=\"768\" height=\"768\" src=\"https:\/\/prim.cz\/wp-content\/uploads\/2025\/01\/OUREDNICEK_3_1000x1000-768x768.webp\" class=\"brxe-image css-filter size-medium_large\" alt=\"\" id=\"b-zjyjxo_m7dsym1p\" srcset=\"https:\/\/prim.cz\/wp-content\/uploads\/2025\/01\/OUREDNICEK_3_1000x1000-768x768.webp 768w, https:\/\/prim.cz\/wp-content\/uploads\/2025\/01\/OUREDNICEK_3_1000x1000-300x300.webp 300w, https:\/\/prim.cz\/wp-content\/uploads\/2025\/01\/OUREDNICEK_3_1000x1000-150x150.webp 150w, https:\/\/prim.cz\/wp-content\/uploads\/2025\/01\/OUREDNICEK_3_1000x1000.webp 1000w\" sizes=\"auto, (max-width: 768px) 100vw, 768px\" \/><\/div><\/div>\n<p><\/p>\n<div id=\"b-tyagzm_m5uqprbo\" class=\"brxe-div\"><\/div><div class=\"wp-block-image\">\n<figure class=\"aligncenter size-large\"><img loading=\"lazy\" decoding=\"async\" width=\"1024\" height=\"486\" src=\"https:\/\/new.prim-hodinky.cz\/wp-content\/uploads\/2025\/01\/Karta-pospisy-1024x486.webp\" alt=\"\" class=\"wp-image-25006\" srcset=\"https:\/\/prim.cz\/wp-content\/uploads\/2025\/01\/Karta-pospisy-1024x486.webp 1024w, https:\/\/prim.cz\/wp-content\/uploads\/2025\/01\/Karta-pospisy-300x142.webp 300w, https:\/\/prim.cz\/wp-content\/uploads\/2025\/01\/Karta-pospisy-768x364.webp 768w, https:\/\/prim.cz\/wp-content\/uploads\/2025\/01\/Karta-pospisy-1536x729.webp 1536w, https:\/\/prim.cz\/wp-content\/uploads\/2025\/01\/Karta-pospisy.webp 1920w\" sizes=\"auto, (max-width: 1024px) 100vw, 1024px\" \/><\/figure>\n<\/div><div id=\"b-tyagzm_m5uqpjyp\" class=\"brxe-div\"><\/div>\n<figure class=\"wp-block-image alignfull size-full\"><img loading=\"lazy\" decoding=\"async\" width=\"1920\" height=\"800\" src=\"https:\/\/new.prim-hodinky.cz\/wp-content\/uploads\/2025\/01\/PRIM-DAKAR-2025_banner-1920x800_06.webp\" alt=\"\" class=\"wp-image-25007\" srcset=\"https:\/\/prim.cz\/wp-content\/uploads\/2025\/01\/PRIM-DAKAR-2025_banner-1920x800_06.webp 1920w, https:\/\/prim.cz\/wp-content\/uploads\/2025\/01\/PRIM-DAKAR-2025_banner-1920x800_06-300x125.webp 300w, https:\/\/prim.cz\/wp-content\/uploads\/2025\/01\/PRIM-DAKAR-2025_banner-1920x800_06-1024x427.webp 1024w, https:\/\/prim.cz\/wp-content\/uploads\/2025\/01\/PRIM-DAKAR-2025_banner-1920x800_06-768x320.webp 768w, https:\/\/prim.cz\/wp-content\/uploads\/2025\/01\/PRIM-DAKAR-2025_banner-1920x800_06-1536x640.webp 1536w\" sizes=\"auto, (max-width: 1920px) 100vw, 1920px\" \/><\/figure>\n\n<div class=\"wp-block-columns are-vertically-aligned-center has-text-color has-background is-layout-flex wp-container-core-columns-is-layout-9d6595d7 wp-block-columns-is-layout-flex\" style=\"color:#000000;background-color:#ffffff\">\n<div class=\"wp-block-column is-vertically-aligned-center is-layout-flow wp-block-column-is-layout-flow\"><div id=\"b-ickeyb_m5z20vhr\" class=\"brxe-div\"><h2 id=\"b-uzjhjf_m5z20vhr\" class=\"brxe-heading h2\">Rallye Dakar<\/h2><\/div>\n\n<div id=\"b-tyagzm_m5z2lmb5\" class=\"brxe-div\"><\/div>\n\n\n<div class=\"wp-block-group is-nowrap is-layout-flex wp-container-core-group-is-layout-ad2f72ca wp-block-group-is-layout-flex\">\n<p>We have long supported racers in the Dakar Rally with our exclusive PRIM Dakar watch edition. Timepieces from this collection have proven their reliability for our racers many times.<\/p>\n<\/div>\n\n\n<div id=\"b-tyagzm_m5z31nbe\" class=\"brxe-div\"><\/div>\n\n\n<div class=\"wp-block-group is-nowrap is-layout-flex wp-container-core-group-is-layout-ad2f72ca wp-block-group-is-layout-flex\">\n<p>In addition to supporting top Slovak motorcycle racer \u0160tefan Svitko, we also support Albert Llovera from Andorra, the only disabled driver in this year\u2019s Dakar Rally, competing in the truck category under the colors of the Bonver Dakar Project team. Our support also extends to Jaroslav Valtr\u2019s Tatra, which successfully competes in the Africa Eco Race under the Bonver Dakar Project banner.<\/p>\n<\/div>\n\n\n<div id=\"b-tyagzm_m5z31q2u\" class=\"brxe-div\"><\/div>\n\n\n<p>Our &#8220;Dakarky&#8221; watches are synonymous with quality and durability. We use the latest technologies in development and production to create timepieces that will last for generations. Our partners in the development and testing of these watches include &#8220;Monsignor Dakar&#8221; Karel Loprais himself, as well as Tom\u00e1\u0161 Vr\u00e1tn\u00fd, the head of the Bonver Dakar Project team and a three-time Dakar Rally participant.<\/p>\n\n\n<div id=\"b-tyagzm_m5z398dx\" class=\"brxe-div\"><\/div>\n\n\n<div style=\"display: flex; justify-content: center; align-items: center; width: 100%; height: 100%;\">\n        <img decoding=\"async\" src=\"\/wp-content\/uploads\/2025\/01\/Logo_Rallye_Dakar-100x129-1.webp\" alt=\"JDakar logo\" style=\"display: block; max-width: 100%; height: auto;\"\/>\n    <\/div>\n<\/div>\n\n\n\n<div class=\"wp-block-column is-vertically-aligned-center is-layout-flow wp-block-column-is-layout-flow\"><div id=\"b-ickeyb_m5z2588v\" class=\"brxe-div\"><div id=\"b-xsggmw_m5z2588v\" class=\"brxe-div\"><\/div><h4 id=\"b-ncefjf_m5z2588v\" class=\"brxe-heading h4\">Ambasado\u0159i zna\u010dky PRIM<\/h4><\/div>\n\n<div id=\"b-tyagzm_m5z2qt4i\" class=\"brxe-div\"><\/div>\n\n\n<div class=\"wp-block-media-text\" style=\"grid-template-columns:16% auto\"><figure class=\"wp-block-media-text__media\"><img loading=\"lazy\" decoding=\"async\" width=\"100\" height=\"100\" src=\"https:\/\/new.prim-hodinky.cz\/wp-content\/uploads\/2025\/01\/dakar_loprais_detail.webp\" alt=\"\" class=\"wp-image-25237 size-full\"\/><\/figure><div class=\"wp-block-media-text__content\">\n<p><strong>Karel Loprais<\/strong><\/p>\n\n\n\n<p>Czech racing driver and six-time winner of the Dakar Rally in the truck category.<\/p>\n<\/div><\/div>\n\n\n<div id=\"b-tyagzm_m5z2mp64\" class=\"brxe-div\"><\/div>\n\n\n<div class=\"wp-block-media-text\" style=\"grid-template-columns:16% auto\"><figure class=\"wp-block-media-text__media\"><img loading=\"lazy\" decoding=\"async\" width=\"100\" height=\"100\" src=\"https:\/\/new.prim-hodinky.cz\/wp-content\/uploads\/2025\/01\/dakar_vratny_detail.webp\" alt=\"\" class=\"wp-image-25240 size-full\"\/><\/figure><div class=\"wp-block-media-text__content\">\n<p><strong><strong>Tom\u00e1\u0161 Vr\u00e1tn\u00fd<\/strong><\/strong><\/p>\n\n\n\n<p>Czech racing driver, three-time Dakar Rally participant, and head of the Bonver Dakar Project team.<\/p>\n<\/div><\/div>\n\n\n<div id=\"b-tyagzm_m5z2msmp\" class=\"brxe-div\"><\/div>\n\n\n<div class=\"wp-block-media-text\" style=\"grid-template-columns:16% auto\"><figure class=\"wp-block-media-text__media\"><img loading=\"lazy\" decoding=\"async\" width=\"100\" height=\"100\" src=\"https:\/\/new.prim-hodinky.cz\/wp-content\/uploads\/2025\/01\/dakar_svitko_detail.webp\" alt=\"\" class=\"wp-image-25241 size-full\"\/><\/figure><div class=\"wp-block-media-text__content\">\n<p><strong><strong>\u0160tefan Svitko<\/strong><\/strong><\/p>\n\n\n\n<p>Three-time European champion and multiple Slovak motocross champion, who achieved a podium finish and an impressive 2nd place at the 2016 Dakar Rally. <\/p>\n<\/div><\/div>\n\n\n<div id=\"b-tyagzm_m5z2mvtj\" class=\"brxe-div\"><\/div>\n\n\n<div class=\"wp-block-media-text\" style=\"grid-template-columns:16% auto\"><figure class=\"wp-block-media-text__media\"><img loading=\"lazy\" decoding=\"async\" width=\"100\" height=\"120\" src=\"https:\/\/new.prim-hodinky.cz\/wp-content\/uploads\/2025\/01\/MACHACEK_detail_2.webp\" alt=\"\" class=\"wp-image-25242 size-full\"\/><\/figure><div class=\"wp-block-media-text__content\">\n<p><strong><strong>Josef Mach\u00e1\u010dek<\/strong><\/strong><\/p>\n\n\n\n<p>Legendary Czech motorcycle racer and the most successful quad rider in the Experimental category of long-distance marathon rallies. Five-time Dakar Rally winner and two-time road motorcycle racing champion.  <\/p>\n<\/div><\/div>\n<\/div>\n<\/div>\n\n<figure class=\"wp-block-image alignfull size-full\"><img loading=\"lazy\" decoding=\"async\" width=\"1920\" height=\"800\" src=\"https:\/\/new.prim-hodinky.cz\/wp-content\/uploads\/2025\/01\/PRIM-DAKAR-2025_banner-1920x800_05-2.webp\" alt=\"\" class=\"wp-image-25216\" srcset=\"https:\/\/prim.cz\/wp-content\/uploads\/2025\/01\/PRIM-DAKAR-2025_banner-1920x800_05-2.webp 1920w, https:\/\/prim.cz\/wp-content\/uploads\/2025\/01\/PRIM-DAKAR-2025_banner-1920x800_05-2-300x125.webp 300w, https:\/\/prim.cz\/wp-content\/uploads\/2025\/01\/PRIM-DAKAR-2025_banner-1920x800_05-2-1024x427.webp 1024w, https:\/\/prim.cz\/wp-content\/uploads\/2025\/01\/PRIM-DAKAR-2025_banner-1920x800_05-2-768x320.webp 768w, https:\/\/prim.cz\/wp-content\/uploads\/2025\/01\/PRIM-DAKAR-2025_banner-1920x800_05-2-1536x640.webp 1536w\" sizes=\"auto, (max-width: 1920px) 100vw, 1920px\" \/><\/figure>\n<div id=\"b-ickeyb_m5uqy0gc\" class=\"brxe-div\"><div id=\"b-xsggmw_m5uqy0gc\" class=\"brxe-div\"><\/div><h2 id=\"b-uzjhjf_m5uqy0gc\" class=\"brxe-heading h2\">P\u0159edchoz\u00ed modely<\/h2><h4 id=\"b-ncefjf_m5uqy0gc\" class=\"brxe-heading h4\">PRIM Dakar 2024<\/h4><\/div><div id=\"b-napfly_m7dt1pyn\" class=\"brxe-div\"><div id=\"b-ayweor_m7dt1pyn\" class=\"brxe-div brx-grid\"><div id=\"b-elmhws_m7dt1pyn\" class=\"brxe-div\"><div id=\"b-fiwcpy_m7dt1pyn\" class=\"brxe-text text\"><p><span>Multifunk\u010dn\u00ed hodinky s chronografem jsou vyroben\u00e9 z antialergick\u00e9 slitiny titanu, kter\u00e1 je mimo\u0159\u00e1dn\u011b odoln\u00e1 proti korozi. Pouzdro m\u00e1 povrch upraven\u00fd brou\u0161en\u00edm a vyzna\u010duje se n\u00e1dechem&nbsp;<b>matn\u00e9 \u0161ed\u00e9 barvy<\/b>. Do pouzdra je vsazen&nbsp;<b>\u0161v\u00fdcarsk\u00fd quartzov\u00fd strojek&nbsp;<\/b>s chronografem kalibr&nbsp;<b>Ronda 5020.B s&nbsp;velk\u00fdm datem na pozici 6 h.&nbsp;<\/b>Hodinky maj\u00ed dno vyroben\u00e9 rovn\u011b\u017e z&nbsp;titanu s origin\u00e1ln\u011b navr\u017een\u00fdm designem z\u00e1vodn\u00edch kategori\u00ed a p\u0159ipomenut\u00ed m\u011bsta startu a c\u00edle z\u00e1vodu.<\/span><\/p>\n<p><span>Vod\u011bodolnost 10 ATM a \u0161roubovac\u00ed korunka, je ji\u017e u modelu samoz\u0159ejmost\u00ed. Pod odoln\u00fdm antireflexn\u00edm saf\u00edrov\u00fdm skl\u00ed\u010dkem je um\u00edst\u011bn propracovan\u00fd&nbsp;<b>cifern\u00edk a \u010d\u00edta\u010de chronografu&nbsp;ve vzoru r\u00e1fku kola automobilu<\/b>. Hlavn\u00ed ru\u010dka chronografu je zdobena unik\u00e1tn\u00edm \u010d\u00edslem limitovan\u00e9 edice a dopl\u0148uje tak pro tento model speci\u00e1ln\u011b navr\u017een\u00e9 brou\u0161en\u00e9 hlavn\u00ed ru\u010di\u010dky hodin a minut. Sportovn\u00ed vzhled hodink\u00e1m dod\u00e1v\u00e1 obl\u00edben\u00fd a odoln\u00fd matn\u00fd \u010dern\u00fd krou\u017eek&nbsp;<b>vyroben z keramiky<\/b>&nbsp;a opat\u0159en&nbsp;<b>tachymetrickou stupnic\u00ed s luminiscen\u010dn\u00ed v\u00fdpln\u00ed<\/b>. Doba m\u011b\u0159en\u00ed \u010dasu je zn\u00e1zorn\u011bna v&nbsp;subcifern\u00edku \u010d\u00edta\u010de na pozici 9 hodin (v\u011bt\u0161\u00ed ru\u010di\u010dka ukazuje m\u011b\u0159en\u00ed do 30 minut \u010dasu) spole\u010dn\u011b s&nbsp;\u010d\u00edta\u010dem hodin (men\u0161\u00ed ru\u010di\u010dka ukazuje m\u011b\u0159en\u00ed a\u017e do \u010dasov\u00e9ho \u00faseku 12 h). \u010c\u00edslo limitovan\u00e9 edice se nach\u00e1z\u00ed tradi\u010dn\u011b&nbsp;<b>na \u0161t\u00edtku na lev\u00e9m boku pouzdra, ale nov\u011b je tak\u00e9 s\u00e9riov\u00e9 \u010d\u00edslo hodinek speci\u00e1ln\u011b um\u00edst\u011bno na z\u00e1va\u017e\u00ed hlavn\u00ed ru\u010di\u010dky chronografu.&nbsp;Vte\u0159inov\u00e1 ru\u010dka hlavn\u00edho \u010dasu se nach\u00e1z\u00ed na subcifern\u00edku na pozici 3h<\/b>. Na pozici 6h je um\u00edst\u011bno datum. Hodinov\u00e9 ru\u010di\u010dky a indexy jsou pokryty silnou luminiscen\u010dn\u00ed vrstvou pro lep\u0161\u00ed ode\u010det \u010dasu za sn\u00ed\u017een\u00e9 viditelnosti.<\/span><\/p>\n<p><span>Hodinky jsou opat\u0159eny kvalitn\u00edm kau\u010dukov\u00fdm \u0159em\u00ednkem s&nbsp;ko\u017een\u00fdm dekorem na p\u0159edn\u00ed stran\u011b. \u0158em\u00ednek m\u00e1 robustn\u00ed sponu s logem. Nechyb\u00ed ani impregnace a syst\u00e9m \u201equick release\u201c pro snadnou v\u00fdm\u011bnu \u0159em\u00ednku bez nutnosti pou\u017e\u00edvat vyst\u011b\u017e\u011bjkova\u010d. Hodinky jsou dod\u00e1v\u00e1ny ve tematick\u00e9 krabi\u010dce se s\u00e9riov\u00fdm \u010d\u00edslem, z\u00e1ru\u010dn\u00edm listem, n\u00e1vodem k pou\u017eit\u00ed a servisn\u00ed kartou. <b>Nerezov\u00fd tah nen\u00ed sou\u010d\u00e1st\u00ed, ale lze jej dokoupit&nbsp;<\/b>(nerezov\u00fd tah je kompatibiln\u00ed se v\u0161emi modely Dakar 2016-2024 &#8211; <\/span><a href=\"https:\/\/eshop.prim-hodinky.cz\/ra-13137-dakar-2021?variantId=13168\">https:\/\/eshop.prim-hodinky.cz\/ra-13137-dakar-2021?variantId=13168<\/a><span>).<\/span><\/p>\n<\/div><\/div><img loading=\"lazy\" decoding=\"async\" width=\"768\" height=\"768\" src=\"https:\/\/prim.cz\/wp-content\/uploads\/2025\/01\/Novy-projekt-1-768x768.webp\" class=\"brxe-image css-filter size-medium_large\" alt=\"\" id=\"b-zjyjxo_m7dt1pyn\" srcset=\"https:\/\/prim.cz\/wp-content\/uploads\/2025\/01\/Novy-projekt-1-768x768.webp 768w, https:\/\/prim.cz\/wp-content\/uploads\/2025\/01\/Novy-projekt-1-300x300.webp 300w, https:\/\/prim.cz\/wp-content\/uploads\/2025\/01\/Novy-projekt-1-150x150.webp 150w, https:\/\/prim.cz\/wp-content\/uploads\/2025\/01\/Novy-projekt-1.webp 1000w\" sizes=\"auto, (max-width: 768px) 100vw, 768px\" \/><\/div><\/div><div id=\"brxe-watches-links\" class=\"brxe-div\"><h2 id=\"b-7bc5ae_m5urklql\" class=\"brxe-heading h3\">P\u0159edchoz\u00ed modely<\/h2><div id=\"b-aeb9b4_m5urklql\" class=\"brxe-text text\"><div><\/div>\n<p><\/p>\n<\/div><div id=\"b-iqdjnb_m5urklql\" class=\"brxe-div\"><div id=\"b-sceopb_m5urklql\" data-script-id=\"sceopb_m5urklql\" class=\"brxe-slider-nested splide\" data-splide=\"{&quot;type&quot;:&quot;loop&quot;,&quot;direction&quot;:&quot;ltr&quot;,&quot;keyboard&quot;:&quot;global&quot;,&quot;height&quot;:&quot;fit-content&quot;,&quot;gap&quot;:&quot;0px&quot;,&quot;start&quot;:0,&quot;perPage&quot;:3,&quot;perMove&quot;:1,&quot;speed&quot;:400,&quot;interval&quot;:3000,&quot;autoHeight&quot;:false,&quot;autoplay&quot;:true,&quot;pauseOnHover&quot;:true,&quot;pauseOnFocus&quot;:false,&quot;arrows&quot;:true,&quot;pagination&quot;:false,&quot;mediaQuery&quot;:&quot;max&quot;,&quot;breakpoints&quot;:{&quot;1279&quot;:{&quot;type&quot;:&quot;loop&quot;,&quot;height&quot;:&quot;fit-content&quot;,&quot;perPage&quot;:&quot;3&quot;,&quot;autoplay&quot;:true,&quot;pauseOnHover&quot;:true,&quot;arrows&quot;:true},&quot;1169&quot;:{&quot;perPage&quot;:&quot;2&quot;},&quot;478&quot;:{&quot;perPage&quot;:&quot;1&quot;}}}\"><div class=\"splide__track\"><div class=\"splide__list\"><div id=\"brxe-watch-div\" class=\"brxe-block\" data-edition-terms=\"&lt;a href=&quot;https:\/\/prim.cz\/en\/taxonomie-pro-limit-edice\/vyprodana-edice-en\/&quot;&gt;Vyprodan\u00e1 edice&lt;\/a&gt;\"><img loading=\"lazy\" decoding=\"async\" width=\"557\" height=\"1000\" src=\"https:\/\/prim.cz\/wp-content\/uploads\/2025\/01\/W091P_13202_A-OK.png\" class=\"brxe-image blok-specifikace-fotka-hodinek css-filter size-full\" alt=\"\" id=\"b-xrpksg_m5urklql\" srcset=\"https:\/\/prim.cz\/wp-content\/uploads\/2025\/01\/W091P_13202_A-OK.png 557w, https:\/\/prim.cz\/wp-content\/uploads\/2025\/01\/W091P_13202_A-OK-167x300.png 167w\" sizes=\"auto, (max-width: 557px) 100vw, 557px\" \/><h3 id=\"b-kwxdoc_m5urklql\" class=\"brxe-heading h4\">PRIM DAKAR 2024<\/h3><h4 id=\"b-opxaii_m5urklql\" class=\"brxe-heading text\">W91P.13202.A<\/h4><a id=\"brxe-icbioi\" class=\"brxe-button bricks-button bricks-background-primary\" href><span data-gbrx-id=\"gb-icbioi\" data-gbrx-subfield=\"text\" >KOUPIT<\/span><\/a><\/div><div id=\"brxe-watch-div\" class=\"brxe-block\" data-edition-terms=\"&lt;a href=&quot;https:\/\/prim.cz\/en\/taxonomie-pro-limit-edice\/vyprodana-edice-en\/&quot;&gt;Vyprodan\u00e1 edice&lt;\/a&gt;\"><img loading=\"lazy\" decoding=\"async\" width=\"589\" height=\"1000\" src=\"https:\/\/prim.cz\/wp-content\/uploads\/2025\/01\/W91P_13184_A-1_OK.png\" class=\"brxe-image blok-specifikace-fotka-hodinek css-filter size-full\" alt=\"\" id=\"b-evdfmr_m5urklql\" srcset=\"https:\/\/prim.cz\/wp-content\/uploads\/2025\/01\/W91P_13184_A-1_OK.png 589w, https:\/\/prim.cz\/wp-content\/uploads\/2025\/01\/W91P_13184_A-1_OK-177x300.png 177w\" sizes=\"auto, (max-width: 589px) 100vw, 589px\" \/><h3 id=\"b-uyushr_m5urklql\" class=\"brxe-heading h4\">PRIM DAKAR 2023<\/h3><h4 id=\"b-dbtcyg_m5urklql\" class=\"brxe-heading text\">W91P.13232.B<\/h4><a id=\"brxe-rkbamn\" class=\"brxe-button bricks-button bricks-background-primary\" href><span data-gbrx-id=\"gb-rkbamn\" data-gbrx-subfield=\"text\" >KOUPIT<\/span><\/a><\/div><div id=\"b-kfaxyu_m5urklql\" class=\"brxe-block\" data-edition-terms=\"&lt;a href=&quot;https:\/\/prim.cz\/en\/taxonomie-pro-limit-edice\/vyprodana-edice-en\/&quot;&gt;Vyprodan\u00e1 edice&lt;\/a&gt;\"><img loading=\"lazy\" decoding=\"async\" width=\"180\" height=\"300\" src=\"https:\/\/prim.cz\/wp-content\/uploads\/2025\/01\/W02P_13162_A-1-1-180x300-1.webp\" class=\"brxe-image blok-specifikace-fotka-hodinek css-filter size-full\" alt=\"\" id=\"b-oyvmsp_m5urklql\" \/><h3 id=\"b-iclkim_m5urklql\" class=\"brxe-heading h4\">PRIM DAKAR LADY 2022<\/h3><h4 id=\"b-pmcgsm_m5urklql\" class=\"brxe-heading text\">W91P.13232.C<\/h4><a id=\"brxe-hbqsst\" class=\"brxe-button bricks-button bricks-background-primary\" href target=\"_blank\"><span data-gbrx-id=\"gb-hbqsst\" data-gbrx-subfield=\"text\" >KOUPIT<\/span><\/a><\/div><div id=\"b-gttxox_m5urklql\" class=\"brxe-block\" data-edition-terms=\"&lt;a href=&quot;https:\/\/prim.cz\/en\/taxonomie-pro-limit-edice\/vyprodana-edice-en\/&quot;&gt;Vyprodan\u00e1 edice&lt;\/a&gt;\"><img loading=\"lazy\" decoding=\"async\" width=\"603\" height=\"1000\" src=\"https:\/\/prim.cz\/wp-content\/uploads\/2025\/01\/W01P_13162_A-1.webp\" class=\"brxe-image blok-specifikace-fotka-hodinek css-filter size-full\" alt=\"\" id=\"b-muoffd_m5urklql\" srcset=\"https:\/\/prim.cz\/wp-content\/uploads\/2025\/01\/W01P_13162_A-1.webp 603w, https:\/\/prim.cz\/wp-content\/uploads\/2025\/01\/W01P_13162_A-1-181x300.webp 181w\" sizes=\"auto, (max-width: 603px) 100vw, 603px\" \/><h3 id=\"b-avpdlj_m5urklql\" class=\"brxe-heading h4\">PRIM DAKAR MEN 2022<\/h3><h4 id=\"b-hosssb_m5urklql\" class=\"brxe-heading text\">W91P.13232.D<\/h4><a id=\"brxe-dixmdq\" class=\"brxe-button bricks-button bricks-background-primary\" href target=\"_blank\"><span data-gbrx-id=\"gb-dixmdq\" data-gbrx-subfield=\"text\" >KOUPIT<\/span><\/a><\/div><div id=\"b-fiaqed_m5urklql\" class=\"brxe-block\" data-edition-terms=\"&lt;a href=&quot;https:\/\/prim.cz\/en\/taxonomie-pro-limit-edice\/vyprodana-edice-en\/&quot;&gt;Vyprodan\u00e1 edice&lt;\/a&gt;\"><img loading=\"lazy\" decoding=\"async\" width=\"188\" height=\"300\" src=\"https:\/\/prim.cz\/wp-content\/uploads\/2025\/01\/DAKAR-2021_red-188x300-1.png\" class=\"brxe-image blok-specifikace-fotka-hodinek css-filter size-full\" alt=\"\" id=\"b-euudug_m5urklql\" \/><h3 id=\"b-kosbnm_m5urklql\" class=\"brxe-heading h4\">PRIM DAKAR 2021 &#8211; A<\/h3><h4 id=\"b-mnhziz_m5urklql\" class=\"brxe-heading text\">W91P.13137.A<\/h4><a id=\"brxe-rqvweb\" class=\"brxe-button bricks-button bricks-background-primary\" href target=\"_blank\"><span data-gbrx-id=\"gb-rqvweb\" data-gbrx-subfield=\"text\" >KOUPIT<\/span><\/a><\/div><div id=\"b-vbtajh_m5urklql\" class=\"brxe-block\" data-edition-terms=\"&lt;a href=&quot;https:\/\/prim.cz\/en\/taxonomie-pro-limit-edice\/vyprodana-edice-en\/&quot;&gt;Vyprodan\u00e1 edice&lt;\/a&gt;\"><img loading=\"lazy\" decoding=\"async\" width=\"188\" height=\"300\" src=\"https:\/\/prim.cz\/wp-content\/uploads\/2025\/01\/DAKAR-2021_blue-188x300-1.png\" class=\"brxe-image blok-specifikace-fotka-hodinek css-filter size-full\" alt=\"\" id=\"b-krqhej_m5urklql\" \/><h3 id=\"b-iifqqz_m5urklql\" class=\"brxe-heading h4\">PRIM DAKAR 2021 &#8211; B<\/h3><h4 id=\"b-xuvewi_m5urklql\" class=\"brxe-heading text\">W01P.13137.B<\/h4><a id=\"brxe-haoyop\" class=\"brxe-button bricks-button bricks-background-primary\" target=\"_blank\"><span data-gbrx-id=\"gb-haoyop\" data-gbrx-subfield=\"text\" >KOUPIT<\/span><\/a><\/div><div id=\"b-cuoftz_m5urklql\" class=\"brxe-block\" data-edition-terms=\"&lt;a href=&quot;https:\/\/prim.cz\/en\/taxonomie-pro-limit-edice\/vyprodana-edice-en\/&quot;&gt;Vyprodan\u00e1 edice&lt;\/a&gt;\"><img loading=\"lazy\" decoding=\"async\" width=\"631\" height=\"1000\" src=\"https:\/\/prim.cz\/wp-content\/uploads\/2025\/01\/DAKAR-2021_OLLIE.png\" class=\"brxe-image blok-specifikace-fotka-hodinek css-filter size-full\" alt=\"\" id=\"b-xqargw_m5urklql\" srcset=\"https:\/\/prim.cz\/wp-content\/uploads\/2025\/01\/DAKAR-2021_OLLIE.png 631w, https:\/\/prim.cz\/wp-content\/uploads\/2025\/01\/DAKAR-2021_OLLIE-189x300.png 189w\" sizes=\"auto, (max-width: 631px) 100vw, 631px\" \/><h3 id=\"b-xmyilm_m5urklql\" class=\"brxe-heading h4\">DAKAR OLLIE 2021<\/h3><h4 id=\"b-owavef_m5urklql\" class=\"brxe-heading text\">W02P.13137.A<\/h4><a id=\"brxe-shlxso\" class=\"brxe-button bricks-button bricks-background-primary\" target=\"_blank\"><span data-gbrx-id=\"gb-shlxso\" data-gbrx-subfield=\"text\" >KOUPIT<\/span><\/a><\/div><div id=\"b-qsimie_m5urklql\" class=\"brxe-block\" data-edition-terms=\"&lt;a href=&quot;https:\/\/prim.cz\/en\/taxonomie-pro-limit-edice\/vyprodana-edice-en\/&quot;&gt;Vyprodan\u00e1 edice&lt;\/a&gt;\"><img loading=\"lazy\" decoding=\"async\" width=\"188\" height=\"300\" src=\"https:\/\/prim.cz\/wp-content\/uploads\/2025\/01\/W01P-13113-DAKAR-2020-188x300-1.png\" class=\"brxe-image blok-specifikace-fotka-hodinek css-filter size-full\" alt=\"\" id=\"b-xggyrc_m5urklql\" \/><h3 id=\"b-djzlxf_m5urklql\" class=\"brxe-heading h4\">PRIM DAKAR 2020<\/h3><h4 id=\"b-ywjubu_m5urklql\" class=\"brxe-heading text\">W01P.13113.A<\/h4><a id=\"brxe-kzqznf\" class=\"brxe-button bricks-button bricks-background-primary\" href target=\"_blank\"><span data-gbrx-id=\"gb-kzqznf\" data-gbrx-subfield=\"text\" >KOUPIT<\/span><\/a><\/div><div id=\"b-tfcmre_m5urklql\" class=\"brxe-block\" data-edition-terms=\"&lt;a href=&quot;https:\/\/prim.cz\/en\/taxonomie-pro-limit-edice\/vyprodana-edice-en\/&quot;&gt;Vyprodan\u00e1 edice&lt;\/a&gt;\"><img loading=\"lazy\" decoding=\"async\" width=\"208\" height=\"300\" src=\"https:\/\/prim.cz\/wp-content\/uploads\/2025\/01\/DAKAR-2019-208x300-1.png\" class=\"brxe-image blok-specifikace-fotka-hodinek css-filter size-full\" alt=\"\" id=\"b-fkkffk_m5urklql\" \/><h3 id=\"b-fxokha_m5urklql\" class=\"brxe-heading h4\">PRIM DAKAR X 2019<\/h3><h4 id=\"b-eucztk_m5urklql\" class=\"brxe-heading text\">W01P.13081.A<\/h4><a id=\"brxe-apajmc\" class=\"brxe-button bricks-button bricks-background-primary\" target=\"_blank\"><span data-gbrx-id=\"gb-apajmc\" data-gbrx-subfield=\"text\" >KOUPIT<\/span><\/a><\/div><div id=\"b-xyoqnx_m5urklql\" class=\"brxe-block\" data-edition-terms=\"&lt;a href=&quot;https:\/\/prim.cz\/en\/taxonomie-pro-limit-edice\/vyprodana-edice-en\/&quot;&gt;Vyprodan\u00e1 edice&lt;\/a&gt;\"><img loading=\"lazy\" decoding=\"async\" width=\"214\" height=\"300\" src=\"https:\/\/prim.cz\/wp-content\/uploads\/2025\/01\/DAKAR-2018-uprava-214x300-1.png\" class=\"brxe-image blok-specifikace-fotka-hodinek css-filter size-full\" alt=\"\" id=\"b-rhcooc_m5urklql\" \/><h3 id=\"b-ygrhun_m5urklql\" class=\"brxe-heading h4\">PRIM DAKAR 2018<\/h3><h4 id=\"b-nvhjwa_m5urklql\" class=\"brxe-heading text\">W01P.13052.A<\/h4><a id=\"brxe-bnaxkm\" class=\"brxe-button bricks-button bricks-background-primary\" target=\"_blank\"><span data-gbrx-id=\"gb-bnaxkm\" data-gbrx-subfield=\"text\" >KOUPIT<\/span><\/a><\/div><div id=\"b-jlqaek_m5urklql\" class=\"brxe-block\" data-edition-terms=\"&lt;a href=&quot;https:\/\/prim.cz\/en\/taxonomie-pro-limit-edice\/vyprodana-edice-en\/&quot;&gt;Vyprodan\u00e1 edice&lt;\/a&gt;\"><img loading=\"lazy\" decoding=\"async\" width=\"214\" height=\"300\" src=\"https:\/\/prim.cz\/wp-content\/uploads\/2025\/01\/dakar-2017-214x300-1.png\" class=\"brxe-image blok-specifikace-fotka-hodinek css-filter size-full\" alt=\"\" id=\"b-fbowdd_m5urklql\" \/><h3 id=\"b-rzlftf_m5urklql\" class=\"brxe-heading h4\">PRIM DAKAR 2017<\/h3><h4 id=\"b-rbcotj_m5urklql\" class=\"brxe-heading text\">W01P.13030.A<\/h4><a id=\"brxe-dzdlkj\" class=\"brxe-button bricks-button bricks-background-primary\"><span data-gbrx-id=\"gb-dzdlkj\" data-gbrx-subfield=\"text\" >KOUPIT<\/span><\/a><\/div><div id=\"b-hhvkwe_m5urklql\" class=\"brxe-block\" data-edition-terms=\"&lt;a href=&quot;https:\/\/prim.cz\/en\/taxonomie-pro-limit-edice\/vyprodana-edice-en\/&quot;&gt;Vyprodan\u00e1 edice&lt;\/a&gt;\"><img loading=\"lazy\" decoding=\"async\" width=\"214\" height=\"300\" src=\"https:\/\/prim.cz\/wp-content\/uploads\/2025\/01\/dakar-2016-2a-214x300-1.png\" class=\"brxe-image blok-specifikace-fotka-hodinek css-filter size-full\" alt=\"\" id=\"b-vpvjbe_m5urklql\" \/><h3 id=\"b-rochqo_m5urklql\" class=\"brxe-heading h4\">PRIM DAKAR 2016<\/h3><h4 id=\"b-mvdnww_m5urklql\" class=\"brxe-heading text\">W01p.10749.A<\/h4><a id=\"brxe-ozwnqb\" class=\"brxe-button bricks-button bricks-background-primary\"><span data-gbrx-id=\"gb-ozwnqb\" data-gbrx-subfield=\"text\" >KOUPIT<\/span><\/a><\/div><div id=\"b-pbltlf_m5urklql\" class=\"brxe-block\" data-edition-terms=\"&lt;a href=&quot;https:\/\/prim.cz\/en\/taxonomie-pro-limit-edice\/vyprodana-edice-en\/&quot;&gt;Vyprodan\u00e1 edice&lt;\/a&gt;\"><img loading=\"lazy\" decoding=\"async\" width=\"214\" height=\"300\" src=\"https:\/\/prim.cz\/wp-content\/uploads\/2025\/01\/dakar-2015-2-214x300-1.png\" class=\"brxe-image blok-specifikace-fotka-hodinek css-filter size-full\" alt=\"\" id=\"b-gvngbr_m5urklql\" \/><h3 id=\"b-fqvwjm_m5urklql\" class=\"brxe-heading h4\">PRIM DAKAR 2015<\/h3><h4 id=\"b-hbuwcq_m5urklql\" class=\"brxe-heading text\">W03P.10698.B<\/h4><a id=\"brxe-lftgnh\" class=\"brxe-button bricks-button bricks-background-primary\"><span data-gbrx-id=\"gb-lftgnh\" data-gbrx-subfield=\"text\" >KOUPIT<\/span><\/a><\/div><\/div><\/div><div class=\"splide__arrows custom\"><button class=\"splide__arrow splide__arrow--prev\" type=\"button\"><i class=\"ion-ios-arrow-back\"><\/i><\/button><button class=\"splide__arrow splide__arrow--next\" type=\"button\"><i class=\"ion-ios-arrow-forward\"><\/i><\/button><\/div><\/div><\/div><\/div><div id=\"b-tyagzm_m5utj1j1\" class=\"brxe-div\"><\/div>\n<figure class=\"wp-block-image alignfull size-full\"><img loading=\"lazy\" decoding=\"async\" width=\"1920\" height=\"800\" src=\"https:\/\/new.prim-hodinky.cz\/wp-content\/uploads\/2025\/01\/PRIM-DAKAR-2025_banner-1920x800_04-1.webp\" alt=\"\" class=\"wp-image-25217\" srcset=\"https:\/\/prim.cz\/wp-content\/uploads\/2025\/01\/PRIM-DAKAR-2025_banner-1920x800_04-1.webp 1920w, https:\/\/prim.cz\/wp-content\/uploads\/2025\/01\/PRIM-DAKAR-2025_banner-1920x800_04-1-300x125.webp 300w, https:\/\/prim.cz\/wp-content\/uploads\/2025\/01\/PRIM-DAKAR-2025_banner-1920x800_04-1-1024x427.webp 1024w, https:\/\/prim.cz\/wp-content\/uploads\/2025\/01\/PRIM-DAKAR-2025_banner-1920x800_04-1-768x320.webp 768w, https:\/\/prim.cz\/wp-content\/uploads\/2025\/01\/PRIM-DAKAR-2025_banner-1920x800_04-1-1536x640.webp 1536w\" sizes=\"auto, (max-width: 1920px) 100vw, 1920px\" \/><\/figure>\n<div id=\"brxe-watches-links\" class=\"brxe-div\"><h2 id=\"b-7bc5ae_m5z0te04\" class=\"brxe-heading h3\">PRIM DAKAR 2010 &#8211; 2014<\/h2><div id=\"b-aeb9b4_m5z0te04\" class=\"brxe-text text\"><div>\n<p><\/p>\n<\/div>\n<\/div><div id=\"b-iqdjnb_m5z0te04\" class=\"brxe-div\"><div id=\"b-sceopb_m5z0te04\" data-script-id=\"sceopb_m5z0te04\" class=\"brxe-slider-nested splide\" data-splide=\"{&quot;type&quot;:&quot;loop&quot;,&quot;direction&quot;:&quot;ltr&quot;,&quot;keyboard&quot;:&quot;global&quot;,&quot;height&quot;:&quot;fit-content&quot;,&quot;gap&quot;:&quot;0px&quot;,&quot;start&quot;:0,&quot;perPage&quot;:3,&quot;perMove&quot;:1,&quot;speed&quot;:400,&quot;interval&quot;:3000,&quot;autoHeight&quot;:false,&quot;autoplay&quot;:true,&quot;pauseOnHover&quot;:true,&quot;pauseOnFocus&quot;:false,&quot;arrows&quot;:true,&quot;pagination&quot;:false,&quot;mediaQuery&quot;:&quot;max&quot;,&quot;breakpoints&quot;:{&quot;1279&quot;:{&quot;type&quot;:&quot;loop&quot;,&quot;height&quot;:&quot;fit-content&quot;,&quot;perPage&quot;:&quot;3&quot;,&quot;autoplay&quot;:true,&quot;pauseOnHover&quot;:true,&quot;arrows&quot;:true},&quot;1169&quot;:{&quot;perPage&quot;:&quot;2&quot;},&quot;478&quot;:{&quot;perPage&quot;:&quot;1&quot;}}}\"><div class=\"splide__track\"><div class=\"splide__list\"><div id=\"brxe-watch-div\" class=\"brxe-block\" data-edition-terms=\"&lt;a href=&quot;https:\/\/prim.cz\/en\/taxonomie-pro-limit-edice\/vyprodana-edice-en\/&quot;&gt;Vyprodan\u00e1 edice&lt;\/a&gt;\"><img loading=\"lazy\" decoding=\"async\" width=\"214\" height=\"300\" src=\"https:\/\/prim.cz\/wp-content\/uploads\/2025\/01\/dakar-2010-1-214x300-2.webp\" class=\"brxe-image blok-specifikace-fotka-hodinek css-filter size-full\" alt=\"\" id=\"b-xrpksg_m5z0te04\" \/><h3 id=\"b-kwxdoc_m5z0te04\" class=\"brxe-heading h4\">PRIM DAKAR 2010<\/h3><h4 id=\"b-opxaii_m5z0te04\" class=\"brxe-heading text\">DAKAR 2010<\/h4><a id=\"brxe-icbioi\" class=\"brxe-button bricks-button bricks-background-primary\" href><span data-gbrx-id=\"gb-icbioi\" data-gbrx-subfield=\"text\" >KOUPIT<\/span><\/a><\/div><div id=\"brxe-watch-div\" class=\"brxe-block\" data-edition-terms=\"&lt;a href=&quot;https:\/\/prim.cz\/en\/taxonomie-pro-limit-edice\/vyprodana-edice-en\/&quot;&gt;Vyprodan\u00e1 edice&lt;\/a&gt;\"><img loading=\"lazy\" decoding=\"async\" width=\"214\" height=\"300\" src=\"https:\/\/prim.cz\/wp-content\/uploads\/2025\/01\/dakar-2010-2-214x300-1.webp\" class=\"brxe-image blok-specifikace-fotka-hodinek css-filter size-full\" alt=\"\" id=\"b-evdfmr_m5z0te04\" \/><h3 id=\"b-uyushr_m5z0te04\" class=\"brxe-heading h4\">PRIM DAKAR 2010<\/h3><h4 id=\"b-dbtcyg_m5z0te04\" class=\"brxe-heading text\">DAKAR 2010<\/h4><a id=\"brxe-rkbamn\" class=\"brxe-button bricks-button bricks-background-primary\" href><span data-gbrx-id=\"gb-rkbamn\" data-gbrx-subfield=\"text\" >KOUPIT<\/span><\/a><\/div><div id=\"b-kfaxyu_m5z0te04\" class=\"brxe-block\" data-edition-terms=\"&lt;a href=&quot;https:\/\/prim.cz\/en\/taxonomie-pro-limit-edice\/vyprodana-edice-en\/&quot;&gt;Vyprodan\u00e1 edice&lt;\/a&gt;\"><img loading=\"lazy\" decoding=\"async\" width=\"214\" height=\"300\" src=\"https:\/\/prim.cz\/wp-content\/uploads\/2025\/01\/dakar-2010-3-214x300-2.webp\" class=\"brxe-image blok-specifikace-fotka-hodinek css-filter size-full\" alt=\"\" id=\"b-oyvmsp_m5z0te04\" \/><h3 id=\"b-iclkim_m5z0te04\" class=\"brxe-heading h4\">PRIM DAKAR 2011<\/h3><h4 id=\"b-pmcgsm_m5z0te04\" class=\"brxe-heading text\">DAKAR 2011<\/h4><a id=\"brxe-hbqsst\" class=\"brxe-button bricks-button bricks-background-primary\" href target=\"_blank\"><span data-gbrx-id=\"gb-hbqsst\" data-gbrx-subfield=\"text\" >KOUPIT<\/span><\/a><\/div><div id=\"b-gttxox_m5z0te04\" class=\"brxe-block\" data-edition-terms=\"&lt;a href=&quot;https:\/\/prim.cz\/en\/taxonomie-pro-limit-edice\/vyprodana-edice-en\/&quot;&gt;Vyprodan\u00e1 edice&lt;\/a&gt;\"><img loading=\"lazy\" decoding=\"async\" width=\"214\" height=\"300\" src=\"https:\/\/prim.cz\/wp-content\/uploads\/2025\/01\/dakar-2012-1-214x300-1.webp\" class=\"brxe-image blok-specifikace-fotka-hodinek css-filter size-full\" alt=\"\" id=\"b-muoffd_m5z0te04\" \/><h3 id=\"b-avpdlj_m5z0te04\" class=\"brxe-heading h4\">PRIM DAKAR 2012<\/h3><h4 id=\"b-hosssb_m5z0te04\" class=\"brxe-heading text\">DAKAR 2012<\/h4><a id=\"brxe-dixmdq\" class=\"brxe-button bricks-button bricks-background-primary\" href target=\"_blank\"><span data-gbrx-id=\"gb-dixmdq\" data-gbrx-subfield=\"text\" >KOUPIT<\/span><\/a><\/div><div id=\"b-fiaqed_m5z0te04\" class=\"brxe-block\" data-edition-terms=\"&lt;a href=&quot;https:\/\/prim.cz\/en\/taxonomie-pro-limit-edice\/vyprodana-edice-en\/&quot;&gt;Vyprodan\u00e1 edice&lt;\/a&gt;\"><img loading=\"lazy\" decoding=\"async\" width=\"214\" height=\"300\" src=\"https:\/\/prim.cz\/wp-content\/uploads\/2025\/01\/dakar-2012-2-214x300-1.webp\" class=\"brxe-image blok-specifikace-fotka-hodinek css-filter size-full\" alt=\"\" id=\"b-euudug_m5z0te04\" \/><h3 id=\"b-kosbnm_m5z0te04\" class=\"brxe-heading h4\">PRIM DAKAR 2012<\/h3><h4 id=\"b-mnhziz_m5z0te04\" class=\"brxe-heading text\">DAKAR 2012<\/h4><a id=\"brxe-rqvweb\" class=\"brxe-button bricks-button bricks-background-primary\" href target=\"_blank\"><span data-gbrx-id=\"gb-rqvweb\" data-gbrx-subfield=\"text\" >KOUPIT<\/span><\/a><\/div><div id=\"b-vbtajh_m5z0te04\" class=\"brxe-block\" data-edition-terms=\"&lt;a href=&quot;https:\/\/prim.cz\/en\/taxonomie-pro-limit-edice\/vyprodana-edice-en\/&quot;&gt;Vyprodan\u00e1 edice&lt;\/a&gt;\"><img loading=\"lazy\" decoding=\"async\" width=\"214\" height=\"300\" src=\"https:\/\/prim.cz\/wp-content\/uploads\/2025\/01\/dakar-2013-1-214x300-1.webp\" class=\"brxe-image blok-specifikace-fotka-hodinek css-filter size-full\" alt=\"\" id=\"b-krqhej_m5z0te04\" \/><h3 id=\"b-iifqqz_m5z0te04\" class=\"brxe-heading h4\">PRIM DAKAR 2013<\/h3><h4 id=\"b-xuvewi_m5z0te04\" class=\"brxe-heading text\">W01P.10221.A<\/h4><a id=\"brxe-haoyop\" class=\"brxe-button bricks-button bricks-background-primary\" target=\"_blank\"><span data-gbrx-id=\"gb-haoyop\" data-gbrx-subfield=\"text\" >KOUPIT<\/span><\/a><\/div><div id=\"b-cuoftz_m5z0te04\" class=\"brxe-block\" data-edition-terms=\"&lt;a href=&quot;https:\/\/prim.cz\/en\/taxonomie-pro-limit-edice\/vyprodana-edice-en\/&quot;&gt;Vyprodan\u00e1 edice&lt;\/a&gt;\"><img loading=\"lazy\" decoding=\"async\" width=\"214\" height=\"300\" src=\"https:\/\/prim.cz\/wp-content\/uploads\/2025\/01\/dakar-2013-2-214x300-1.webp\" class=\"brxe-image blok-specifikace-fotka-hodinek css-filter size-full\" alt=\"\" id=\"b-xqargw_m5z0te04\" \/><h3 id=\"b-xmyilm_m5z0te04\" class=\"brxe-heading h4\">DAKAR 2013<\/h3><h4 id=\"b-owavef_m5z0te04\" class=\"brxe-heading text\">W01P.10221.B<\/h4><a id=\"brxe-shlxso\" class=\"brxe-button bricks-button bricks-background-primary\" target=\"_blank\"><span data-gbrx-id=\"gb-shlxso\" data-gbrx-subfield=\"text\" >KOUPIT<\/span><\/a><\/div><div id=\"b-qsimie_m5z0te04\" class=\"brxe-block\" data-edition-terms=\"&lt;a href=&quot;https:\/\/prim.cz\/en\/taxonomie-pro-limit-edice\/vyprodana-edice-en\/&quot;&gt;Vyprodan\u00e1 edice&lt;\/a&gt;\"><img loading=\"lazy\" decoding=\"async\" width=\"214\" height=\"300\" src=\"https:\/\/prim.cz\/wp-content\/uploads\/2025\/01\/dakar-2014-214x300-1.webp\" class=\"brxe-image blok-specifikace-fotka-hodinek css-filter size-full\" alt=\"\" id=\"b-xggyrc_m5z0te04\" \/><h3 id=\"b-djzlxf_m5z0te04\" class=\"brxe-heading h4\">PRIM DAKAR 2014<\/h3><h4 id=\"b-ywjubu_m5z0te04\" class=\"brxe-heading text\">W03P.10226.A<\/h4><a id=\"brxe-kzqznf\" class=\"brxe-button bricks-button bricks-background-primary\" href target=\"_blank\"><span data-gbrx-id=\"gb-kzqznf\" data-gbrx-subfield=\"text\" >KOUPIT<\/span><\/a><\/div><\/div><\/div><div class=\"splide__arrows custom\"><button class=\"splide__arrow splide__arrow--prev\" type=\"button\"><i class=\"ion-ios-arrow-back\"><\/i><\/button><button class=\"splide__arrow splide__arrow--next\" type=\"button\"><i class=\"ion-ios-arrow-forward\"><\/i><\/button><\/div><\/div><\/div><\/div>\n<div class=\"wp-block-columns alignfull has-text-color has-background is-layout-flex wp-container-core-columns-is-layout-9d6595d7 wp-block-columns-is-layout-flex\" style=\"color:#000000;background-color:#ffffff\">\n<div class=\"wp-block-column is-layout-flow wp-block-column-is-layout-flow\"><\/div>\n\n\n\n<div class=\"wp-block-column is-layout-flow wp-block-column-is-layout-flow\" style=\"flex-basis:800px\">\n<figure class=\"wp-block-embed is-type-video is-provider-youtube wp-block-embed-youtube wp-embed-aspect-4-3 wp-has-aspect-ratio\"><div class=\"wp-block-embed__wrapper\">\n<iframe loading=\"lazy\" title=\"PRIM DAKAR MEN 2022\" width=\"500\" height=\"375\" src=\"https:\/\/www.youtube.com\/embed\/uktkrnuICAU?start=2&#038;feature=oembed\" frameborder=\"0\" allow=\"accelerometer; autoplay; clipboard-write; encrypted-media; gyroscope; picture-in-picture; web-share\" referrerpolicy=\"strict-origin-when-cross-origin\" allowfullscreen><\/iframe>\n<\/div><\/figure>\n<\/div>\n\n\n\n<div class=\"wp-block-column is-layout-flow wp-block-column-is-layout-flow\"><\/div>\n<\/div>\n","protected":false},"featured_media":0,"template":"","meta":{"_acf_changed":true,"_link_to_original":""},"taxonomie-pro-limit-edice":[882],"class_list":["post-25107","limitovana-edice","type-limitovana-edice","status-publish","hentry","taxonomie-pro-limit-edice-vyprodana-edice-en"],"acf":{"limit_edice_banner_3ku5_hl_str":42889,"limit_edice_banner_3ku5_hl_str_hover":42888,"limit_edice_banner_hodinky_1ku3_stranka_limitovaneedice":42887,"limit_edice_banner_pozadi_1ku3_stranka_limitovaneedice":42886,"video_na_hl_stranku":"","fotka_pro_hero_sekci_pro_limit_edici":28326,"nazev_edice":"PRIM Dakar 2025","nazev_edice_banner_rich_text":"","kalibr":"Ronda 5020.B","vodeodolnost":10,"rozmery_prumer":45,"rozmery_tloustka":13,"typ_skla":"Anti-reflective sapphire flat","pouzdro":"Carbon","reminek":"Leather strap with double stitching, robust buckle with logo","frekvence_oscilatoru":"","rezerva_chodu":"","pocet_kamenu":"","odkaz_na_eshop":"","taxonomie":[882]},"yoast_head":"<!-- This site is optimized with the Yoast SEO plugin v26.9 - https:\/\/yoast.com\/product\/yoast-seo-wordpress\/ -->\n<title>PRIM Dakar 2025 - PRIM.cz - origin\u00e1ln\u00ed \u010desk\u00e9 p\u00e1nsk\u00e9, d\u00e1msk\u00e9, d\u011btsk\u00e9 hodinky a hodiny<\/title>\n<meta name=\"robots\" content=\"index, follow, max-snippet:-1, max-image-preview:large, max-video-preview:-1\" \/>\n<link rel=\"canonical\" href=\"https:\/\/prim.cz\/en\/dakar\/\" \/>\n<meta property=\"og:locale\" content=\"en_US\" \/>\n<meta property=\"og:type\" content=\"article\" \/>\n<meta property=\"og:title\" content=\"PRIM Dakar 2025 - PRIM.cz - origin\u00e1ln\u00ed \u010desk\u00e9 p\u00e1nsk\u00e9, d\u00e1msk\u00e9, d\u011btsk\u00e9 hodinky a hodiny\" \/>\n<meta property=\"og:description\" content=\"We have long supported racers in the Dakar Rally with our exclusive PRIM Dakar watch edition. Timepieces from this collection have proven their reliability for our racers many times. In addition to supporting top Slovak motorcycle racer \u0160tefan Svitko, we also support Albert Llovera from Andorra, the only disabled driver in this year\u2019s Dakar Rally, [&hellip;]\" \/>\n<meta property=\"og:url\" content=\"https:\/\/prim.cz\/en\/dakar\/\" \/>\n<meta property=\"og:site_name\" content=\"PRIM.cz - origin\u00e1ln\u00ed \u010desk\u00e9 p\u00e1nsk\u00e9, d\u00e1msk\u00e9, d\u011btsk\u00e9 hodinky a hodiny\" \/>\n<meta property=\"article:modified_time\" content=\"2026-02-24T12:51:17+00:00\" \/>\n<meta property=\"og:image\" content=\"https:\/\/prim.cz\/wp-content\/uploads\/2025\/01\/DAKAR-2025-8.webp\" \/>\n<meta name=\"twitter:card\" content=\"summary_large_image\" \/>\n<meta name=\"twitter:label1\" content=\"Est. reading time\" \/>\n\t<meta name=\"twitter:data1\" content=\"11 minutes\" \/>\n<script type=\"application\/ld+json\" class=\"yoast-schema-graph\">{\"@context\":\"https:\/\/schema.org\",\"@graph\":[{\"@type\":\"WebPage\",\"@id\":\"https:\/\/prim.cz\/en\/dakar\/\",\"url\":\"https:\/\/prim.cz\/en\/dakar\/\",\"name\":\"PRIM Dakar 2025 - PRIM.cz - origin\u00e1ln\u00ed \u010desk\u00e9 p\u00e1nsk\u00e9, d\u00e1msk\u00e9, d\u011btsk\u00e9 hodinky a hodiny\",\"isPartOf\":{\"@id\":\"https:\/\/prim.cz\/en\/#website\"},\"primaryImageOfPage\":{\"@id\":\"https:\/\/prim.cz\/en\/dakar\/#primaryimage\"},\"image\":{\"@id\":\"https:\/\/prim.cz\/en\/dakar\/#primaryimage\"},\"thumbnailUrl\":\"https:\/\/prim.cz\/wp-content\/uploads\/2025\/01\/DAKAR-2025-8.webp\",\"datePublished\":\"2025-01-09T06:27:15+00:00\",\"dateModified\":\"2026-02-24T12:51:17+00:00\",\"breadcrumb\":{\"@id\":\"https:\/\/prim.cz\/en\/dakar\/#breadcrumb\"},\"inLanguage\":\"en-US\",\"potentialAction\":[{\"@type\":\"ReadAction\",\"target\":[\"https:\/\/prim.cz\/en\/dakar\/\"]}]},{\"@type\":\"ImageObject\",\"inLanguage\":\"en-US\",\"@id\":\"https:\/\/prim.cz\/en\/dakar\/#primaryimage\",\"url\":\"https:\/\/prim.cz\/wp-content\/uploads\/2025\/01\/DAKAR-2025-8.webp\",\"contentUrl\":\"https:\/\/prim.cz\/wp-content\/uploads\/2025\/01\/DAKAR-2025-8.webp\"},{\"@type\":\"BreadcrumbList\",\"@id\":\"https:\/\/prim.cz\/en\/dakar\/#breadcrumb\",\"itemListElement\":[{\"@type\":\"ListItem\",\"position\":1,\"name\":\"Dom\u016f\",\"item\":\"https:\/\/prim.cz\/en\/\"},{\"@type\":\"ListItem\",\"position\":2,\"name\":\"PRIM Dakar 2025\"}]},{\"@type\":\"WebSite\",\"@id\":\"https:\/\/prim.cz\/en\/#website\",\"url\":\"https:\/\/prim.cz\/en\/\",\"name\":\"PRIM - origin\u00e1ln\u00ed \u010desk\u00e9 p\u00e1nsk\u00e9, d\u00e1msk\u00e9, d\u011btsk\u00e9 hodinky a hodiny\",\"description\":\"Nakupujte p\u0159\u00edmo u v\u00fdrobce! Origin\u00e1ln\u00ed eshop s kompletn\u00edm sortimentem \u010desk\u00fdch hodinek PRIM.\",\"alternateName\":\"prim.cz\",\"potentialAction\":[{\"@type\":\"SearchAction\",\"target\":{\"@type\":\"EntryPoint\",\"urlTemplate\":\"https:\/\/prim.cz\/en\/?s={search_term_string}\"},\"query-input\":{\"@type\":\"PropertyValueSpecification\",\"valueRequired\":true,\"valueName\":\"search_term_string\"}}],\"inLanguage\":\"en-US\"}]}<\/script>\n<!-- \/ Yoast SEO plugin. -->","yoast_head_json":{"title":"PRIM Dakar 2025 - PRIM.cz - origin\u00e1ln\u00ed \u010desk\u00e9 p\u00e1nsk\u00e9, d\u00e1msk\u00e9, d\u011btsk\u00e9 hodinky a hodiny","robots":{"index":"index","follow":"follow","max-snippet":"max-snippet:-1","max-image-preview":"max-image-preview:large","max-video-preview":"max-video-preview:-1"},"canonical":"https:\/\/prim.cz\/en\/dakar\/","og_locale":"en_US","og_type":"article","og_title":"PRIM Dakar 2025 - PRIM.cz - origin\u00e1ln\u00ed \u010desk\u00e9 p\u00e1nsk\u00e9, d\u00e1msk\u00e9, d\u011btsk\u00e9 hodinky a hodiny","og_description":"We have long supported racers in the Dakar Rally with our exclusive PRIM Dakar watch edition. Timepieces from this collection have proven their reliability for our racers many times. In addition to supporting top Slovak motorcycle racer \u0160tefan Svitko, we also support Albert Llovera from Andorra, the only disabled driver in this year\u2019s Dakar Rally, [&hellip;]","og_url":"https:\/\/prim.cz\/en\/dakar\/","og_site_name":"PRIM.cz - origin\u00e1ln\u00ed \u010desk\u00e9 p\u00e1nsk\u00e9, d\u00e1msk\u00e9, d\u011btsk\u00e9 hodinky a hodiny","article_modified_time":"2026-02-24T12:51:17+00:00","og_image":[{"url":"https:\/\/prim.cz\/wp-content\/uploads\/2025\/01\/DAKAR-2025-8.webp","type":"","width":"","height":""}],"twitter_card":"summary_large_image","twitter_misc":{"Est. reading time":"11 minutes"},"schema":{"@context":"https:\/\/schema.org","@graph":[{"@type":"WebPage","@id":"https:\/\/prim.cz\/en\/dakar\/","url":"https:\/\/prim.cz\/en\/dakar\/","name":"PRIM Dakar 2025 - PRIM.cz - origin\u00e1ln\u00ed \u010desk\u00e9 p\u00e1nsk\u00e9, d\u00e1msk\u00e9, d\u011btsk\u00e9 hodinky a hodiny","isPartOf":{"@id":"https:\/\/prim.cz\/en\/#website"},"primaryImageOfPage":{"@id":"https:\/\/prim.cz\/en\/dakar\/#primaryimage"},"image":{"@id":"https:\/\/prim.cz\/en\/dakar\/#primaryimage"},"thumbnailUrl":"https:\/\/prim.cz\/wp-content\/uploads\/2025\/01\/DAKAR-2025-8.webp","datePublished":"2025-01-09T06:27:15+00:00","dateModified":"2026-02-24T12:51:17+00:00","breadcrumb":{"@id":"https:\/\/prim.cz\/en\/dakar\/#breadcrumb"},"inLanguage":"en-US","potentialAction":[{"@type":"ReadAction","target":["https:\/\/prim.cz\/en\/dakar\/"]}]},{"@type":"ImageObject","inLanguage":"en-US","@id":"https:\/\/prim.cz\/en\/dakar\/#primaryimage","url":"https:\/\/prim.cz\/wp-content\/uploads\/2025\/01\/DAKAR-2025-8.webp","contentUrl":"https:\/\/prim.cz\/wp-content\/uploads\/2025\/01\/DAKAR-2025-8.webp"},{"@type":"BreadcrumbList","@id":"https:\/\/prim.cz\/en\/dakar\/#breadcrumb","itemListElement":[{"@type":"ListItem","position":1,"name":"Dom\u016f","item":"https:\/\/prim.cz\/en\/"},{"@type":"ListItem","position":2,"name":"PRIM Dakar 2025"}]},{"@type":"WebSite","@id":"https:\/\/prim.cz\/en\/#website","url":"https:\/\/prim.cz\/en\/","name":"PRIM - origin\u00e1ln\u00ed \u010desk\u00e9 p\u00e1nsk\u00e9, d\u00e1msk\u00e9, d\u011btsk\u00e9 hodinky a hodiny","description":"Nakupujte p\u0159\u00edmo u v\u00fdrobce! Origin\u00e1ln\u00ed eshop s kompletn\u00edm sortimentem \u010desk\u00fdch hodinek PRIM.","alternateName":"prim.cz","potentialAction":[{"@type":"SearchAction","target":{"@type":"EntryPoint","urlTemplate":"https:\/\/prim.cz\/en\/?s={search_term_string}"},"query-input":{"@type":"PropertyValueSpecification","valueRequired":true,"valueName":"search_term_string"}}],"inLanguage":"en-US"}]}},"wpml_current_locale":"en_US","wpml_translations":{"cs_CZ":{"locale":"cs_CZ","id":24967,"slug":"dakar","post_title":"PRIM Dakar 2025","href":"https:\/\/prim.cz\/dakar\/"},"sk_SK":{"locale":"sk_SK","id":28327,"slug":"dakar","post_title":"PRIM Dakar 2025","href":"https:\/\/prim.cz\/sk\/dakar\/"},"pl_PL":{"locale":"pl_PL","id":26709,"slug":"dakar","post_title":"PRIM Dakar 2025","href":"https:\/\/prim.cz\/pl\/dakar\/"},"en_US":{"locale":"en_US","translation":"current"}},"_links":{"self":[{"href":"https:\/\/prim.cz\/en\/wp-json\/wp\/v2\/limitovana-edice\/25107","targetHints":{"allow":["GET"]}}],"collection":[{"href":"https:\/\/prim.cz\/en\/wp-json\/wp\/v2\/limitovana-edice"}],"about":[{"href":"https:\/\/prim.cz\/en\/wp-json\/wp\/v2\/types\/limitovana-edice"}],"acf:term":[{"embeddable":true,"taxonomy":"taxonomie-pro-limit-edice","href":"https:\/\/prim.cz\/en\/wp-json\/wp\/v2\/taxonomie-pro-limit-edice\/882"}],"wp:attachment":[{"href":"https:\/\/prim.cz\/en\/wp-json\/wp\/v2\/media?parent=25107"}],"wp:term":[{"taxonomy":"taxonomie-pro-limit-edice","embeddable":true,"href":"https:\/\/prim.cz\/en\/wp-json\/wp\/v2\/taxonomie-pro-limit-edice?post=25107"}],"curies":[{"name":"wp","href":"https:\/\/api.w.org\/{rel}","templated":true}]}}