{"id":44401,"date":"2024-04-30T23:23:19","date_gmt":"2024-04-30T21:23:19","guid":{"rendered":"https:\/\/prim.cz\/aktualita\/tgr-czech-at-the-toyota-and-lexus-festival\/"},"modified":"2026-03-16T13:07:04","modified_gmt":"2026-03-16T12:07:04","slug":"tgr-czech-at-the-toyota-and-lexus-festival","status":"publish","type":"aktualita","link":"https:\/\/prim.cz\/en\/aktualita\/tgr-czech-at-the-toyota-and-lexus-festival\/","title":{"rendered":"TGR Czech at the Toyota and Lexus Festival"},"content":{"rendered":"\n<p>Strong gusts of wind, hail, light rain, heavy rain, calm, blue sky bathed in sunshine \u2014 in short, typical April weather did not spoil the great atmosphere of the first edition of the Toyota Lexus mobility festival.<\/p>\n\n\n\n<p>The polygon at the airport in Hradec Kr\u00e1lov\u00e9 hosted the biggest event of Toyota Czech Republic with an incredible showcase of all models from the world&#8217;s largest car manufacturer. The highlight of the superbly prepared event for corporate clients was the Dakar special of the TGR Czech team \u2014 the Toyota Hilux GR T1+. Several dozen brave souls had the opportunity to sit in this unique vehicle and experience a small taste of off-road driving on a challenging terrain circuit with pilot Tom\u00e1\u0161 Ou\u0159edn\u00ed\u010dek.<\/p>\n\n\n\n<figure class=\"wp-block-gallery has-nested-images columns-default is-cropped wp-block-gallery-1 is-layout-flex wp-block-gallery-is-layout-flex\">\n<figure class=\"wp-block-image size-large\"><img loading=\"lazy\" decoding=\"async\" width=\"1000\" height=\"1000\" data-id=\"26004\" src=\"https:\/\/new.prim-hodinky.cz\/wp-content\/uploads\/2024\/04\/download-22-1000x1000-1.webp\" alt=\"\" class=\"wp-image-26004\" srcset=\"https:\/\/prim.cz\/wp-content\/uploads\/2024\/04\/download-22-1000x1000-1.webp 1000w, https:\/\/prim.cz\/wp-content\/uploads\/2024\/04\/download-22-1000x1000-1-300x300.webp 300w, https:\/\/prim.cz\/wp-content\/uploads\/2024\/04\/download-22-1000x1000-1-150x150.webp 150w, https:\/\/prim.cz\/wp-content\/uploads\/2024\/04\/download-22-1000x1000-1-768x768.webp 768w\" sizes=\"auto, (max-width: 1000px) 100vw, 1000px\" \/><\/figure>\n\n\n\n<figure class=\"wp-block-image size-large\"><img loading=\"lazy\" decoding=\"async\" width=\"1000\" height=\"1000\" data-id=\"26005\" src=\"https:\/\/new.prim-hodinky.cz\/wp-content\/uploads\/2024\/04\/download-12-1000x1000-1.webp\" alt=\"\" class=\"wp-image-26005\" srcset=\"https:\/\/prim.cz\/wp-content\/uploads\/2024\/04\/download-12-1000x1000-1.webp 1000w, https:\/\/prim.cz\/wp-content\/uploads\/2024\/04\/download-12-1000x1000-1-300x300.webp 300w, https:\/\/prim.cz\/wp-content\/uploads\/2024\/04\/download-12-1000x1000-1-150x150.webp 150w, https:\/\/prim.cz\/wp-content\/uploads\/2024\/04\/download-12-1000x1000-1-768x768.webp 768w\" sizes=\"auto, (max-width: 1000px) 100vw, 1000px\" \/><\/figure>\n\n\n\n<figure class=\"wp-block-image size-large\"><img loading=\"lazy\" decoding=\"async\" width=\"1000\" height=\"1000\" data-id=\"26006\" src=\"https:\/\/new.prim-hodinky.cz\/wp-content\/uploads\/2024\/04\/download-2-1000x1000-1.webp\" alt=\"\" class=\"wp-image-26006\" srcset=\"https:\/\/prim.cz\/wp-content\/uploads\/2024\/04\/download-2-1000x1000-1.webp 1000w, https:\/\/prim.cz\/wp-content\/uploads\/2024\/04\/download-2-1000x1000-1-300x300.webp 300w, https:\/\/prim.cz\/wp-content\/uploads\/2024\/04\/download-2-1000x1000-1-150x150.webp 150w, https:\/\/prim.cz\/wp-content\/uploads\/2024\/04\/download-2-1000x1000-1-768x768.webp 768w\" sizes=\"auto, (max-width: 1000px) 100vw, 1000px\" \/><\/figure>\n\n\n\n<figure class=\"wp-block-image size-large\"><img loading=\"lazy\" decoding=\"async\" width=\"1000\" height=\"1000\" data-id=\"26008\" src=\"https:\/\/new.prim-hodinky.cz\/wp-content\/uploads\/2024\/04\/download-3-1000x1000-1.webp\" alt=\"\" class=\"wp-image-26008\" srcset=\"https:\/\/prim.cz\/wp-content\/uploads\/2024\/04\/download-3-1000x1000-1.webp 1000w, https:\/\/prim.cz\/wp-content\/uploads\/2024\/04\/download-3-1000x1000-1-300x300.webp 300w, https:\/\/prim.cz\/wp-content\/uploads\/2024\/04\/download-3-1000x1000-1-150x150.webp 150w, https:\/\/prim.cz\/wp-content\/uploads\/2024\/04\/download-3-1000x1000-1-768x768.webp 768w\" sizes=\"auto, (max-width: 1000px) 100vw, 1000px\" \/><\/figure>\n\n\n\n<figure class=\"wp-block-image size-full\"><img loading=\"lazy\" decoding=\"async\" width=\"1000\" height=\"1000\" data-id=\"26007\" src=\"https:\/\/new.prim-hodinky.cz\/wp-content\/uploads\/2024\/04\/download-6-1000x1000-1.webp\" alt=\"\" class=\"wp-image-26007\" srcset=\"https:\/\/prim.cz\/wp-content\/uploads\/2024\/04\/download-6-1000x1000-1.webp 1000w, https:\/\/prim.cz\/wp-content\/uploads\/2024\/04\/download-6-1000x1000-1-300x300.webp 300w, https:\/\/prim.cz\/wp-content\/uploads\/2024\/04\/download-6-1000x1000-1-150x150.webp 150w, https:\/\/prim.cz\/wp-content\/uploads\/2024\/04\/download-6-1000x1000-1-768x768.webp 768w\" sizes=\"auto, (max-width: 1000px) 100vw, 1000px\" \/><\/figure>\n<\/figure>\n\n\n\n<p>&#8220;From many of my new co-drivers, I initially felt great respect and a bit of apprehension, which was replaced by enormous enthusiasm after reaching the finish of the rugged terrain circuit,&#8221; commented Tom\u00e1\u0161 Ou\u0159edn\u00ed\u010dek on the intense three days in Hradec. Guests enjoyed the beautiful sound of the Lexus V8 engine and the jumps and spectacular cornering. Visitors could enjoy a thorough inspection of the racing and support vehicles and hear fresh stories from the Dakar Rally. The older Dakar team car, the Toyota Land Cruiser, also attracted interest \u2014 it was piloted for two days by the legendary Martin Kolom\u00fd, who was later replaced by David K\u0159\u00edpal.<\/p>\n\n\n\n<figure class=\"wp-block-gallery has-nested-images columns-default is-cropped wp-block-gallery-2 is-layout-flex wp-block-gallery-is-layout-flex\">\n<figure class=\"wp-block-image size-large\"><img loading=\"lazy\" decoding=\"async\" width=\"1000\" height=\"1000\" data-id=\"26011\" src=\"https:\/\/new.prim-hodinky.cz\/wp-content\/uploads\/2024\/04\/download-9-1000x1000-1.webp\" alt=\"\" class=\"wp-image-26011\" srcset=\"https:\/\/prim.cz\/wp-content\/uploads\/2024\/04\/download-9-1000x1000-1.webp 1000w, https:\/\/prim.cz\/wp-content\/uploads\/2024\/04\/download-9-1000x1000-1-300x300.webp 300w, https:\/\/prim.cz\/wp-content\/uploads\/2024\/04\/download-9-1000x1000-1-150x150.webp 150w, https:\/\/prim.cz\/wp-content\/uploads\/2024\/04\/download-9-1000x1000-1-768x768.webp 768w\" sizes=\"auto, (max-width: 1000px) 100vw, 1000px\" \/><\/figure>\n\n\n\n<figure class=\"wp-block-image size-large\"><img loading=\"lazy\" decoding=\"async\" width=\"1000\" height=\"1000\" data-id=\"26012\" src=\"https:\/\/new.prim-hodinky.cz\/wp-content\/uploads\/2024\/04\/download-16-1000x1000-1.webp\" alt=\"\" class=\"wp-image-26012\" srcset=\"https:\/\/prim.cz\/wp-content\/uploads\/2024\/04\/download-16-1000x1000-1.webp 1000w, https:\/\/prim.cz\/wp-content\/uploads\/2024\/04\/download-16-1000x1000-1-300x300.webp 300w, https:\/\/prim.cz\/wp-content\/uploads\/2024\/04\/download-16-1000x1000-1-150x150.webp 150w, https:\/\/prim.cz\/wp-content\/uploads\/2024\/04\/download-16-1000x1000-1-768x768.webp 768w\" sizes=\"auto, (max-width: 1000px) 100vw, 1000px\" \/><\/figure>\n\n\n\n<figure class=\"wp-block-image size-large\"><img loading=\"lazy\" decoding=\"async\" width=\"1000\" height=\"1000\" data-id=\"26013\" src=\"https:\/\/new.prim-hodinky.cz\/wp-content\/uploads\/2024\/04\/download-17-1000x1000-1.webp\" alt=\"\" class=\"wp-image-26013\" srcset=\"https:\/\/prim.cz\/wp-content\/uploads\/2024\/04\/download-17-1000x1000-1.webp 1000w, https:\/\/prim.cz\/wp-content\/uploads\/2024\/04\/download-17-1000x1000-1-300x300.webp 300w, https:\/\/prim.cz\/wp-content\/uploads\/2024\/04\/download-17-1000x1000-1-150x150.webp 150w, https:\/\/prim.cz\/wp-content\/uploads\/2024\/04\/download-17-1000x1000-1-768x768.webp 768w\" sizes=\"auto, (max-width: 1000px) 100vw, 1000px\" \/><\/figure>\n\n\n\n<figure class=\"wp-block-image size-large\"><img loading=\"lazy\" decoding=\"async\" width=\"1000\" height=\"1000\" data-id=\"26014\" src=\"https:\/\/new.prim-hodinky.cz\/wp-content\/uploads\/2024\/04\/download-19-1000x1000-1.webp\" alt=\"\" class=\"wp-image-26014\" srcset=\"https:\/\/prim.cz\/wp-content\/uploads\/2024\/04\/download-19-1000x1000-1.webp 1000w, https:\/\/prim.cz\/wp-content\/uploads\/2024\/04\/download-19-1000x1000-1-300x300.webp 300w, https:\/\/prim.cz\/wp-content\/uploads\/2024\/04\/download-19-1000x1000-1-150x150.webp 150w, https:\/\/prim.cz\/wp-content\/uploads\/2024\/04\/download-19-1000x1000-1-768x768.webp 768w\" sizes=\"auto, (max-width: 1000px) 100vw, 1000px\" \/><\/figure>\n\n\n\n<figure class=\"wp-block-image size-large\"><img loading=\"lazy\" decoding=\"async\" width=\"1000\" height=\"1000\" data-id=\"26010\" src=\"https:\/\/new.prim-hodinky.cz\/wp-content\/uploads\/2024\/04\/download-1000x1000-1.webp\" alt=\"\" class=\"wp-image-26010\" srcset=\"https:\/\/prim.cz\/wp-content\/uploads\/2024\/04\/download-1000x1000-1.webp 1000w, https:\/\/prim.cz\/wp-content\/uploads\/2024\/04\/download-1000x1000-1-300x300.webp 300w, https:\/\/prim.cz\/wp-content\/uploads\/2024\/04\/download-1000x1000-1-150x150.webp 150w, https:\/\/prim.cz\/wp-content\/uploads\/2024\/04\/download-1000x1000-1-768x768.webp 768w\" sizes=\"auto, (max-width: 1000px) 100vw, 1000px\" \/><\/figure>\n<\/figure>\n\n\n\n<p>&#8220;<em>When we arrived and I saw more than 80 Toyota and Lexus vehicles on display, my jaw literally dropped. It was an absolutely unique event where you could test drive all the cars with all types of powertrains and view various modifications and conversions. I also got to sit in the latest Toyota Yaris Rally 2 by HS automobil. We held our breath as we enjoyed the daring aerobatic show by the phenomenal pilot Petr Kopfstein, who later also rode with me in the racing Hilux. We met a number of Olympic athletes and prominent personalities. I am happy that our team could contribute to the positive mood of the entire event, and on top of that, we gained many new Dakar fans.<\/em>&#8221; added pilot Tom\u00e1\u0161 Ou\u0159edn\u00ed\u010dek with a smile.<\/p>\n\n\n\n<p><strong>The Toyota Gazoo Racing Czech team is now looking forward to the next meetings with fans:<\/strong><\/p>\n\n\n\n<ul class=\"wp-block-list\">\n<li>27 \u2013 28 May in Humpolec, Czech Autocross Championship \u2014 <strong>you can win a co-ride<\/strong>.<\/li>\n\n\n\n<li>1 May \u2014 Air Show in N\u00e1m\u011b\u0161\u0165 \u2014 30,000 visitors expected<\/li>\n\n\n\n<li>4 \u2013 6 May \u2014 Z\u00e1meck\u00fd vrch, where the Toyota Hilux will be in action<br>!! you can win a co-ride !!<\/li>\n\n\n\n<li>11 May \u2014 Maj\u00e1les Brno<\/li>\n\n\n\n<li>31 May \u2013 2 June \u2014 Motorist Festival Legendy Praha<\/li>\n<\/ul>\n\n\n\n<figure class=\"wp-block-image size-full\"><img loading=\"lazy\" decoding=\"async\" width=\"1000\" height=\"1000\" src=\"https:\/\/new.prim-hodinky.cz\/wp-content\/uploads\/2024\/04\/download-27-1000x1000-1.jpg\" alt=\"\" class=\"wp-image-26015\" srcset=\"https:\/\/prim.cz\/wp-content\/uploads\/2024\/04\/download-27-1000x1000-1.jpg 1000w, https:\/\/prim.cz\/wp-content\/uploads\/2024\/04\/download-27-1000x1000-1-300x300.jpg 300w, https:\/\/prim.cz\/wp-content\/uploads\/2024\/04\/download-27-1000x1000-1-150x150.jpg 150w, https:\/\/prim.cz\/wp-content\/uploads\/2024\/04\/download-27-1000x1000-1-768x768.jpg 768w\" sizes=\"auto, (max-width: 1000px) 100vw, 1000px\" \/><\/figure>\n","protected":false},"featured_media":0,"template":"","meta":{"_acf_changed":false,"_link_to_original":""},"class_list":["post-44401","aktualita","type-aktualita","status-publish","hentry"],"acf":[],"yoast_head":"<!-- This site is optimized with the Yoast SEO plugin v26.9 - https:\/\/yoast.com\/product\/yoast-seo-wordpress\/ -->\n<title>TGR Czech at the Toyota and Lexus Festival - PRIM.cz - origin\u00e1ln\u00ed \u010desk\u00e9 p\u00e1nsk\u00e9, d\u00e1msk\u00e9, d\u011btsk\u00e9 hodinky a hodiny<\/title>\n<meta name=\"robots\" content=\"index, follow, max-snippet:-1, max-image-preview:large, max-video-preview:-1\" \/>\n<link rel=\"canonical\" href=\"https:\/\/prim.cz\/en\/aktualita\/tgr-czech-at-the-toyota-and-lexus-festival\/\" \/>\n<meta property=\"og:locale\" content=\"en_US\" \/>\n<meta property=\"og:type\" content=\"article\" \/>\n<meta property=\"og:title\" content=\"TGR Czech at the Toyota and Lexus Festival - PRIM.cz - origin\u00e1ln\u00ed \u010desk\u00e9 p\u00e1nsk\u00e9, d\u00e1msk\u00e9, d\u011btsk\u00e9 hodinky a hodiny\" \/>\n<meta property=\"og:description\" content=\"Strong gusts of wind, hail, light rain, heavy rain, calm, blue sky bathed in sunshine \u2014 in short, typical April weather did not spoil the great atmosphere of the first edition of the Toyota Lexus mobility festival. The polygon at the airport in Hradec Kr\u00e1lov\u00e9 hosted the biggest event of Toyota Czech Republic with an [&hellip;]\" \/>\n<meta property=\"og:url\" content=\"https:\/\/prim.cz\/en\/aktualita\/tgr-czech-at-the-toyota-and-lexus-festival\/\" \/>\n<meta property=\"og:site_name\" content=\"PRIM.cz - origin\u00e1ln\u00ed \u010desk\u00e9 p\u00e1nsk\u00e9, d\u00e1msk\u00e9, d\u011btsk\u00e9 hodinky a hodiny\" \/>\n<meta property=\"article:modified_time\" content=\"2026-03-16T12:07:04+00:00\" \/>\n<meta property=\"og:image\" content=\"https:\/\/prim.cz\/wp-content\/uploads\/2024\/04\/download-22-1000x1000-1.webp\" \/>\n\t<meta property=\"og:image:width\" content=\"1000\" \/>\n\t<meta property=\"og:image:height\" content=\"1000\" \/>\n\t<meta property=\"og:image:type\" content=\"image\/webp\" \/>\n<meta name=\"twitter:card\" content=\"summary_large_image\" \/>\n<meta name=\"twitter:label1\" content=\"Est. reading time\" \/>\n\t<meta name=\"twitter:data1\" content=\"2 minutes\" \/>\n<script type=\"application\/ld+json\" class=\"yoast-schema-graph\">{\"@context\":\"https:\/\/schema.org\",\"@graph\":[{\"@type\":\"WebPage\",\"@id\":\"https:\/\/prim.cz\/en\/aktualita\/tgr-czech-at-the-toyota-and-lexus-festival\/\",\"url\":\"https:\/\/prim.cz\/en\/aktualita\/tgr-czech-at-the-toyota-and-lexus-festival\/\",\"name\":\"TGR Czech at the Toyota and Lexus Festival - PRIM.cz - origin\u00e1ln\u00ed \u010desk\u00e9 p\u00e1nsk\u00e9, d\u00e1msk\u00e9, d\u011btsk\u00e9 hodinky a hodiny\",\"isPartOf\":{\"@id\":\"https:\/\/prim.cz\/en\/#website\"},\"primaryImageOfPage\":{\"@id\":\"https:\/\/prim.cz\/en\/aktualita\/tgr-czech-at-the-toyota-and-lexus-festival\/#primaryimage\"},\"image\":{\"@id\":\"https:\/\/prim.cz\/en\/aktualita\/tgr-czech-at-the-toyota-and-lexus-festival\/#primaryimage\"},\"thumbnailUrl\":\"https:\/\/new.prim-hodinky.cz\/wp-content\/uploads\/2024\/04\/download-22-1000x1000-1.webp\",\"datePublished\":\"2024-04-30T21:23:19+00:00\",\"dateModified\":\"2026-03-16T12:07:04+00:00\",\"breadcrumb\":{\"@id\":\"https:\/\/prim.cz\/en\/aktualita\/tgr-czech-at-the-toyota-and-lexus-festival\/#breadcrumb\"},\"inLanguage\":\"en-US\",\"potentialAction\":[{\"@type\":\"ReadAction\",\"target\":[\"https:\/\/prim.cz\/en\/aktualita\/tgr-czech-at-the-toyota-and-lexus-festival\/\"]}]},{\"@type\":\"ImageObject\",\"inLanguage\":\"en-US\",\"@id\":\"https:\/\/prim.cz\/en\/aktualita\/tgr-czech-at-the-toyota-and-lexus-festival\/#primaryimage\",\"url\":\"https:\/\/new.prim-hodinky.cz\/wp-content\/uploads\/2024\/04\/download-22-1000x1000-1.webp\",\"contentUrl\":\"https:\/\/new.prim-hodinky.cz\/wp-content\/uploads\/2024\/04\/download-22-1000x1000-1.webp\"},{\"@type\":\"BreadcrumbList\",\"@id\":\"https:\/\/prim.cz\/en\/aktualita\/tgr-czech-at-the-toyota-and-lexus-festival\/#breadcrumb\",\"itemListElement\":[{\"@type\":\"ListItem\",\"position\":1,\"name\":\"Dom\u016f\",\"item\":\"https:\/\/prim.cz\/en\/\"},{\"@type\":\"ListItem\",\"position\":2,\"name\":\"TGR Czech at the Toyota and Lexus Festival\"}]},{\"@type\":\"WebSite\",\"@id\":\"https:\/\/prim.cz\/en\/#website\",\"url\":\"https:\/\/prim.cz\/en\/\",\"name\":\"PRIM - origin\u00e1ln\u00ed \u010desk\u00e9 p\u00e1nsk\u00e9, d\u00e1msk\u00e9, d\u011btsk\u00e9 hodinky a hodiny\",\"description\":\"Nakupujte p\u0159\u00edmo u v\u00fdrobce! Origin\u00e1ln\u00ed eshop s kompletn\u00edm sortimentem \u010desk\u00fdch hodinek PRIM.\",\"alternateName\":\"prim.cz\",\"potentialAction\":[{\"@type\":\"SearchAction\",\"target\":{\"@type\":\"EntryPoint\",\"urlTemplate\":\"https:\/\/prim.cz\/en\/?s={search_term_string}\"},\"query-input\":{\"@type\":\"PropertyValueSpecification\",\"valueRequired\":true,\"valueName\":\"search_term_string\"}}],\"inLanguage\":\"en-US\"}]}<\/script>\n<!-- \/ Yoast SEO plugin. -->","yoast_head_json":{"title":"TGR Czech at the Toyota and Lexus Festival - PRIM.cz - origin\u00e1ln\u00ed \u010desk\u00e9 p\u00e1nsk\u00e9, d\u00e1msk\u00e9, d\u011btsk\u00e9 hodinky a hodiny","robots":{"index":"index","follow":"follow","max-snippet":"max-snippet:-1","max-image-preview":"max-image-preview:large","max-video-preview":"max-video-preview:-1"},"canonical":"https:\/\/prim.cz\/en\/aktualita\/tgr-czech-at-the-toyota-and-lexus-festival\/","og_locale":"en_US","og_type":"article","og_title":"TGR Czech at the Toyota and Lexus Festival - PRIM.cz - origin\u00e1ln\u00ed \u010desk\u00e9 p\u00e1nsk\u00e9, d\u00e1msk\u00e9, d\u011btsk\u00e9 hodinky a hodiny","og_description":"Strong gusts of wind, hail, light rain, heavy rain, calm, blue sky bathed in sunshine \u2014 in short, typical April weather did not spoil the great atmosphere of the first edition of the Toyota Lexus mobility festival. The polygon at the airport in Hradec Kr\u00e1lov\u00e9 hosted the biggest event of Toyota Czech Republic with an [&hellip;]","og_url":"https:\/\/prim.cz\/en\/aktualita\/tgr-czech-at-the-toyota-and-lexus-festival\/","og_site_name":"PRIM.cz - origin\u00e1ln\u00ed \u010desk\u00e9 p\u00e1nsk\u00e9, d\u00e1msk\u00e9, d\u011btsk\u00e9 hodinky a hodiny","article_modified_time":"2026-03-16T12:07:04+00:00","og_image":[{"width":1000,"height":1000,"url":"https:\/\/prim.cz\/wp-content\/uploads\/2024\/04\/download-22-1000x1000-1.webp","type":"image\/webp"}],"twitter_card":"summary_large_image","twitter_misc":{"Est. reading time":"2 minutes"},"schema":{"@context":"https:\/\/schema.org","@graph":[{"@type":"WebPage","@id":"https:\/\/prim.cz\/en\/aktualita\/tgr-czech-at-the-toyota-and-lexus-festival\/","url":"https:\/\/prim.cz\/en\/aktualita\/tgr-czech-at-the-toyota-and-lexus-festival\/","name":"TGR Czech at the Toyota and Lexus Festival - PRIM.cz - origin\u00e1ln\u00ed \u010desk\u00e9 p\u00e1nsk\u00e9, d\u00e1msk\u00e9, d\u011btsk\u00e9 hodinky a hodiny","isPartOf":{"@id":"https:\/\/prim.cz\/en\/#website"},"primaryImageOfPage":{"@id":"https:\/\/prim.cz\/en\/aktualita\/tgr-czech-at-the-toyota-and-lexus-festival\/#primaryimage"},"image":{"@id":"https:\/\/prim.cz\/en\/aktualita\/tgr-czech-at-the-toyota-and-lexus-festival\/#primaryimage"},"thumbnailUrl":"https:\/\/new.prim-hodinky.cz\/wp-content\/uploads\/2024\/04\/download-22-1000x1000-1.webp","datePublished":"2024-04-30T21:23:19+00:00","dateModified":"2026-03-16T12:07:04+00:00","breadcrumb":{"@id":"https:\/\/prim.cz\/en\/aktualita\/tgr-czech-at-the-toyota-and-lexus-festival\/#breadcrumb"},"inLanguage":"en-US","potentialAction":[{"@type":"ReadAction","target":["https:\/\/prim.cz\/en\/aktualita\/tgr-czech-at-the-toyota-and-lexus-festival\/"]}]},{"@type":"ImageObject","inLanguage":"en-US","@id":"https:\/\/prim.cz\/en\/aktualita\/tgr-czech-at-the-toyota-and-lexus-festival\/#primaryimage","url":"https:\/\/new.prim-hodinky.cz\/wp-content\/uploads\/2024\/04\/download-22-1000x1000-1.webp","contentUrl":"https:\/\/new.prim-hodinky.cz\/wp-content\/uploads\/2024\/04\/download-22-1000x1000-1.webp"},{"@type":"BreadcrumbList","@id":"https:\/\/prim.cz\/en\/aktualita\/tgr-czech-at-the-toyota-and-lexus-festival\/#breadcrumb","itemListElement":[{"@type":"ListItem","position":1,"name":"Dom\u016f","item":"https:\/\/prim.cz\/en\/"},{"@type":"ListItem","position":2,"name":"TGR Czech at the Toyota and Lexus Festival"}]},{"@type":"WebSite","@id":"https:\/\/prim.cz\/en\/#website","url":"https:\/\/prim.cz\/en\/","name":"PRIM - origin\u00e1ln\u00ed \u010desk\u00e9 p\u00e1nsk\u00e9, d\u00e1msk\u00e9, d\u011btsk\u00e9 hodinky a hodiny","description":"Nakupujte p\u0159\u00edmo u v\u00fdrobce! Origin\u00e1ln\u00ed eshop s kompletn\u00edm sortimentem \u010desk\u00fdch hodinek PRIM.","alternateName":"prim.cz","potentialAction":[{"@type":"SearchAction","target":{"@type":"EntryPoint","urlTemplate":"https:\/\/prim.cz\/en\/?s={search_term_string}"},"query-input":{"@type":"PropertyValueSpecification","valueRequired":true,"valueName":"search_term_string"}}],"inLanguage":"en-US"}]}},"wpml_current_locale":"en_US","wpml_translations":{"cs_CZ":{"locale":"cs_CZ","id":11500,"slug":"tgr-czech-na-festivalu-toyota-and-lexus","post_title":"TGR Czech na festivalu Toyota and Lexus","href":"https:\/\/prim.cz\/aktualita\/tgr-czech-na-festivalu-toyota-and-lexus\/"},"sk_SK":{"locale":"sk_SK","id":44416,"slug":"tgr-czech-na-festivale-toyota-and-lexus","post_title":"TGR Czech na festivale Toyota and Lexus","href":"https:\/\/prim.cz\/sk\/aktualita\/tgr-czech-na-festivale-toyota-and-lexus\/"},"pl_PL":{"locale":"pl_PL","id":44419,"slug":"tgr-czech-na-festiwalu-toyota-and-lexus","post_title":"TGR Czech na festiwalu Toyota and Lexus","href":"https:\/\/prim.cz\/pl\/aktualita\/tgr-czech-na-festiwalu-toyota-and-lexus\/"},"en_US":{"locale":"en_US","translation":"current"}},"_links":{"self":[{"href":"https:\/\/prim.cz\/en\/wp-json\/wp\/v2\/aktualita\/44401","targetHints":{"allow":["GET"]}}],"collection":[{"href":"https:\/\/prim.cz\/en\/wp-json\/wp\/v2\/aktualita"}],"about":[{"href":"https:\/\/prim.cz\/en\/wp-json\/wp\/v2\/types\/aktualita"}],"wp:attachment":[{"href":"https:\/\/prim.cz\/en\/wp-json\/wp\/v2\/media?parent=44401"}],"curies":[{"name":"wp","href":"https:\/\/api.w.org\/{rel}","templated":true}]}}