{"id":44065,"date":"2025-06-26T08:40:03","date_gmt":"2025-06-26T06:40:03","guid":{"rendered":"https:\/\/prim.cz\/aktualita\/prim-and-the-olympic-run-2025-thank-you-for-letting-us-be-part-of-it\/"},"modified":"2026-03-16T11:52:35","modified_gmt":"2026-03-16T10:52:35","slug":"prim-and-the-olympic-run-2025-thank-you-for-letting-us-be-part-of-it","status":"publish","type":"aktualita","link":"https:\/\/prim.cz\/en\/aktualita\/prim-and-the-olympic-run-2025-thank-you-for-letting-us-be-part-of-it\/","title":{"rendered":"PRIM and the Olympic Run 2025: Thank You for Letting Us Be Part of It"},"content":{"rendered":"\n<p>On Wednesday, June 18, 2025, people ran all across the Czech Republic \u2014 from school playgrounds to city parks \u2014 in the spirit of fair play, movement, and Olympic values. We are proud that, as the Czech brand PRIM, we could be part of this year&#8217;s&nbsp;<strong>Olympic Run<\/strong>, which brought tens of thousands of runners of all generations to sport.<\/p>\n\n\n\n<p><strong>75,917 runners<\/strong>, including over&nbsp;<strong>63,000 children from elementary schools<\/strong>, more than&nbsp;<strong>90 running venues<\/strong>&nbsp;across the country, and&nbsp;<strong>CZK 484,590 raised for the Czech Olympic Foundation<\/strong>&nbsp;\u2014 these numbers speak for themselves. We thank the organizers, volunteers, and everyone who created a unique atmosphere on race day, beautifully captured in the&nbsp;<a rel=\"noreferrer noopener\" href=\"https:\/\/www.ceskatelevize.cz\/porady\/17056425018-olympijsky-beh-2025\/\" target=\"_blank\">Czech Television Sport report<\/a>.<\/p>\n\n\n\n<p>The PRIM brand values what the Olympic Run represents \u2014 perseverance, honest work, and connecting generations. We are glad to stand alongside a project that genuinely motivates people to be active and spreads Olympic ideals.<\/p>\n\n\n\n<p>On June 23, when we celebrate&nbsp;<strong>International Olympic Day<\/strong>, we have one more reason to remember that every minute devoted to sport matters. Thank you for letting us be part of it.<\/p>\n\n\n\n<p>Learn more about the Olympic Run at&nbsp;<a rel=\"noreferrer noopener\" href=\"https:\/\/www.olympijskybeh.cz\/\" target=\"_blank\">www.olympijskybeh.cz<\/a><\/p>\n\n\n\n<figure class=\"wp-block-gallery has-nested-images columns-3 is-cropped wp-block-gallery-1 is-layout-flex wp-block-gallery-is-layout-flex\">\n<figure class=\"wp-block-image size-large\"><img loading=\"lazy\" decoding=\"async\" width=\"683\" height=\"1024\" data-id=\"33927\" src=\"https:\/\/prim.cz\/wp-content\/uploads\/2025\/06\/COV_foto_id_QG721SmmTGQAAAAAAAAkHw_intern_highlogo-683x1024.jpg\" alt=\"\" class=\"wp-image-33927\" srcset=\"https:\/\/prim.cz\/wp-content\/uploads\/2025\/06\/COV_foto_id_QG721SmmTGQAAAAAAAAkHw_intern_highlogo-683x1024.jpg 683w, https:\/\/prim.cz\/wp-content\/uploads\/2025\/06\/COV_foto_id_QG721SmmTGQAAAAAAAAkHw_intern_highlogo-200x300.jpg 200w, https:\/\/prim.cz\/wp-content\/uploads\/2025\/06\/COV_foto_id_QG721SmmTGQAAAAAAAAkHw_intern_highlogo-768x1152.jpg 768w, https:\/\/prim.cz\/wp-content\/uploads\/2025\/06\/COV_foto_id_QG721SmmTGQAAAAAAAAkHw_intern_highlogo-1024x1536.jpg 1024w, https:\/\/prim.cz\/wp-content\/uploads\/2025\/06\/COV_foto_id_QG721SmmTGQAAAAAAAAkHw_intern_highlogo-1366x2048.jpg 1366w, https:\/\/prim.cz\/wp-content\/uploads\/2025\/06\/COV_foto_id_QG721SmmTGQAAAAAAAAkHw_intern_highlogo-scaled.jpg 1707w\" sizes=\"auto, (max-width: 683px) 100vw, 683px\" \/><figcaption class=\"wp-element-caption\">Olympic Run Brno, Award ceremony for adult categories at 5 and 10 km<\/figcaption><\/figure>\n\n\n\n<figure class=\"wp-block-image size-large\"><img loading=\"lazy\" decoding=\"async\" width=\"1024\" height=\"683\" data-id=\"33924\" src=\"https:\/\/prim.cz\/wp-content\/uploads\/2025\/06\/COV_foto_id_QG721SmmTGQAAAAAAAAkIw_intern_highlogo-1024x683.jpg\" alt=\"\" class=\"wp-image-33924\" srcset=\"https:\/\/prim.cz\/wp-content\/uploads\/2025\/06\/COV_foto_id_QG721SmmTGQAAAAAAAAkIw_intern_highlogo-1024x683.jpg 1024w, https:\/\/prim.cz\/wp-content\/uploads\/2025\/06\/COV_foto_id_QG721SmmTGQAAAAAAAAkIw_intern_highlogo-300x200.jpg 300w, https:\/\/prim.cz\/wp-content\/uploads\/2025\/06\/COV_foto_id_QG721SmmTGQAAAAAAAAkIw_intern_highlogo-768x512.jpg 768w, https:\/\/prim.cz\/wp-content\/uploads\/2025\/06\/COV_foto_id_QG721SmmTGQAAAAAAAAkIw_intern_highlogo-1536x1025.jpg 1536w, https:\/\/prim.cz\/wp-content\/uploads\/2025\/06\/COV_foto_id_QG721SmmTGQAAAAAAAAkIw_intern_highlogo-2048x1366.jpg 2048w\" sizes=\"auto, (max-width: 1024px) 100vw, 1024px\" \/><figcaption class=\"wp-element-caption\">Olympic Run Brno, Award ceremony for adult categories at 5 and 10 km<\/figcaption><\/figure>\n\n\n\n<figure class=\"wp-block-image size-large\"><img loading=\"lazy\" decoding=\"async\" width=\"1024\" height=\"683\" data-id=\"33929\" src=\"https:\/\/prim.cz\/wp-content\/uploads\/2025\/06\/COV_foto_id_QG721SmmTGQAAAAAAAAj2w_intern_highlogo-1024x683.jpg\" alt=\"\" class=\"wp-image-33929\" srcset=\"https:\/\/prim.cz\/wp-content\/uploads\/2025\/06\/COV_foto_id_QG721SmmTGQAAAAAAAAj2w_intern_highlogo-1024x683.jpg 1024w, https:\/\/prim.cz\/wp-content\/uploads\/2025\/06\/COV_foto_id_QG721SmmTGQAAAAAAAAj2w_intern_highlogo-300x200.jpg 300w, https:\/\/prim.cz\/wp-content\/uploads\/2025\/06\/COV_foto_id_QG721SmmTGQAAAAAAAAj2w_intern_highlogo-768x512.jpg 768w, https:\/\/prim.cz\/wp-content\/uploads\/2025\/06\/COV_foto_id_QG721SmmTGQAAAAAAAAj2w_intern_highlogo-1536x1025.jpg 1536w, https:\/\/prim.cz\/wp-content\/uploads\/2025\/06\/COV_foto_id_QG721SmmTGQAAAAAAAAj2w_intern_highlogo-2048x1366.jpg 2048w\" sizes=\"auto, (max-width: 1024px) 100vw, 1024px\" \/><figcaption class=\"wp-element-caption\">Olympic Run Brno, Start of the main adult race at 5 and 10 km<\/figcaption><\/figure>\n\n\n\n<figure class=\"wp-block-image size-large\"><img loading=\"lazy\" decoding=\"async\" width=\"1024\" height=\"683\" data-id=\"33930\" src=\"https:\/\/prim.cz\/wp-content\/uploads\/2025\/06\/COV_foto_id_QG721SmmTGQAAAAAAAAkSA_intern_highlogo-1024x683.jpg\" alt=\"\" class=\"wp-image-33930\" srcset=\"https:\/\/prim.cz\/wp-content\/uploads\/2025\/06\/COV_foto_id_QG721SmmTGQAAAAAAAAkSA_intern_highlogo-1024x683.jpg 1024w, https:\/\/prim.cz\/wp-content\/uploads\/2025\/06\/COV_foto_id_QG721SmmTGQAAAAAAAAkSA_intern_highlogo-300x200.jpg 300w, https:\/\/prim.cz\/wp-content\/uploads\/2025\/06\/COV_foto_id_QG721SmmTGQAAAAAAAAkSA_intern_highlogo-768x512.jpg 768w, https:\/\/prim.cz\/wp-content\/uploads\/2025\/06\/COV_foto_id_QG721SmmTGQAAAAAAAAkSA_intern_highlogo-1536x1024.jpg 1536w, https:\/\/prim.cz\/wp-content\/uploads\/2025\/06\/COV_foto_id_QG721SmmTGQAAAAAAAAkSA_intern_highlogo-2048x1365.jpg 2048w\" sizes=\"auto, (max-width: 1024px) 100vw, 1024px\" \/><\/figure>\n\n\n\n<figure class=\"wp-block-image size-large\"><img loading=\"lazy\" decoding=\"async\" width=\"1024\" height=\"640\" data-id=\"33928\" src=\"https:\/\/prim.cz\/wp-content\/uploads\/2025\/06\/COV_foto_id_sOH3fkC9ThAAAAAAAAVBLQ_intern_highlogo-1024x640.jpg\" alt=\"\" class=\"wp-image-33928\" srcset=\"https:\/\/prim.cz\/wp-content\/uploads\/2025\/06\/COV_foto_id_sOH3fkC9ThAAAAAAAAVBLQ_intern_highlogo-1024x640.jpg 1024w, https:\/\/prim.cz\/wp-content\/uploads\/2025\/06\/COV_foto_id_sOH3fkC9ThAAAAAAAAVBLQ_intern_highlogo-300x188.jpg 300w, https:\/\/prim.cz\/wp-content\/uploads\/2025\/06\/COV_foto_id_sOH3fkC9ThAAAAAAAAVBLQ_intern_highlogo-768x480.jpg 768w, https:\/\/prim.cz\/wp-content\/uploads\/2025\/06\/COV_foto_id_sOH3fkC9ThAAAAAAAAVBLQ_intern_highlogo-1536x960.jpg 1536w, https:\/\/prim.cz\/wp-content\/uploads\/2025\/06\/COV_foto_id_sOH3fkC9ThAAAAAAAAVBLQ_intern_highlogo-2048x1280.jpg 2048w\" sizes=\"auto, (max-width: 1024px) 100vw, 1024px\" \/><\/figure>\n\n\n\n<figure class=\"wp-block-image size-large\"><img loading=\"lazy\" decoding=\"async\" width=\"1024\" height=\"683\" data-id=\"33925\" src=\"https:\/\/prim.cz\/wp-content\/uploads\/2025\/06\/COV_foto_id_sOH3fkC9ThAAAAAAAAVElA_intern_highlogo-1024x683.jpg\" alt=\"\" class=\"wp-image-33925\" srcset=\"https:\/\/prim.cz\/wp-content\/uploads\/2025\/06\/COV_foto_id_sOH3fkC9ThAAAAAAAAVElA_intern_highlogo-1024x683.jpg 1024w, https:\/\/prim.cz\/wp-content\/uploads\/2025\/06\/COV_foto_id_sOH3fkC9ThAAAAAAAAVElA_intern_highlogo-300x200.jpg 300w, https:\/\/prim.cz\/wp-content\/uploads\/2025\/06\/COV_foto_id_sOH3fkC9ThAAAAAAAAVElA_intern_highlogo-768x512.jpg 768w, https:\/\/prim.cz\/wp-content\/uploads\/2025\/06\/COV_foto_id_sOH3fkC9ThAAAAAAAAVElA_intern_highlogo-1536x1024.jpg 1536w, https:\/\/prim.cz\/wp-content\/uploads\/2025\/06\/COV_foto_id_sOH3fkC9ThAAAAAAAAVElA_intern_highlogo-2048x1365.jpg 2048w\" sizes=\"auto, (max-width: 1024px) 100vw, 1024px\" \/><\/figure>\n\n\n\n<figure class=\"wp-block-image size-large\"><img loading=\"lazy\" decoding=\"async\" width=\"1024\" height=\"683\" data-id=\"33926\" src=\"https:\/\/prim.cz\/wp-content\/uploads\/2025\/06\/COV_foto_id_sOH3fkC9ThAAAAAAAAU_IA_intern_highlogo-1024x683.jpg\" alt=\"\" class=\"wp-image-33926\" srcset=\"https:\/\/prim.cz\/wp-content\/uploads\/2025\/06\/COV_foto_id_sOH3fkC9ThAAAAAAAAU_IA_intern_highlogo-1024x683.jpg 1024w, https:\/\/prim.cz\/wp-content\/uploads\/2025\/06\/COV_foto_id_sOH3fkC9ThAAAAAAAAU_IA_intern_highlogo-300x200.jpg 300w, https:\/\/prim.cz\/wp-content\/uploads\/2025\/06\/COV_foto_id_sOH3fkC9ThAAAAAAAAU_IA_intern_highlogo-768x512.jpg 768w, https:\/\/prim.cz\/wp-content\/uploads\/2025\/06\/COV_foto_id_sOH3fkC9ThAAAAAAAAU_IA_intern_highlogo-1536x1024.jpg 1536w, https:\/\/prim.cz\/wp-content\/uploads\/2025\/06\/COV_foto_id_sOH3fkC9ThAAAAAAAAU_IA_intern_highlogo-2048x1365.jpg 2048w\" sizes=\"auto, (max-width: 1024px) 100vw, 1024px\" \/><\/figure>\n<\/figure>\n","protected":false},"featured_media":0,"template":"","meta":{"_acf_changed":false,"_link_to_original":""},"class_list":["post-44065","aktualita","type-aktualita","status-publish","hentry"],"acf":[],"yoast_head":"<!-- This site is optimized with the Yoast SEO plugin v26.9 - https:\/\/yoast.com\/product\/yoast-seo-wordpress\/ -->\n<title>PRIM and the Olympic Run 2025: Thank You for Letting Us Be Part of It - PRIM.cz - origin\u00e1ln\u00ed \u010desk\u00e9 p\u00e1nsk\u00e9, d\u00e1msk\u00e9, d\u011btsk\u00e9 hodinky a hodiny<\/title>\n<meta name=\"robots\" content=\"index, follow, max-snippet:-1, max-image-preview:large, max-video-preview:-1\" \/>\n<link rel=\"canonical\" href=\"https:\/\/prim.cz\/en\/aktualita\/prim-and-the-olympic-run-2025-thank-you-for-letting-us-be-part-of-it\/\" \/>\n<meta property=\"og:locale\" content=\"en_US\" \/>\n<meta property=\"og:type\" content=\"article\" \/>\n<meta property=\"og:title\" content=\"PRIM and the Olympic Run 2025: Thank You for Letting Us Be Part of It - PRIM.cz - origin\u00e1ln\u00ed \u010desk\u00e9 p\u00e1nsk\u00e9, d\u00e1msk\u00e9, d\u011btsk\u00e9 hodinky a hodiny\" \/>\n<meta property=\"og:description\" content=\"On Wednesday, June 18, 2025, people ran all across the Czech Republic \u2014 from school playgrounds to city parks \u2014 in the spirit of fair play, movement, and Olympic values. We are proud that, as the Czech brand PRIM, we could be part of this year&#8217;s&nbsp;Olympic Run, which brought tens of thousands of runners of [&hellip;]\" \/>\n<meta property=\"og:url\" content=\"https:\/\/prim.cz\/en\/aktualita\/prim-and-the-olympic-run-2025-thank-you-for-letting-us-be-part-of-it\/\" \/>\n<meta property=\"og:site_name\" content=\"PRIM.cz - origin\u00e1ln\u00ed \u010desk\u00e9 p\u00e1nsk\u00e9, d\u00e1msk\u00e9, d\u011btsk\u00e9 hodinky a hodiny\" \/>\n<meta property=\"article:modified_time\" content=\"2026-03-16T10:52:35+00:00\" \/>\n<meta property=\"og:image\" content=\"https:\/\/prim.cz\/wp-content\/uploads\/2025\/06\/COV_foto_id_QG721SmmTGQAAAAAAAAkHw_intern_highlogo-scaled.jpg\" \/>\n\t<meta property=\"og:image:width\" content=\"1707\" \/>\n\t<meta property=\"og:image:height\" content=\"2560\" \/>\n\t<meta property=\"og:image:type\" content=\"image\/jpeg\" \/>\n<meta name=\"twitter:card\" content=\"summary_large_image\" \/>\n<meta name=\"twitter:label1\" content=\"Est. reading time\" \/>\n\t<meta name=\"twitter:data1\" content=\"1 minute\" \/>\n<script type=\"application\/ld+json\" class=\"yoast-schema-graph\">{\"@context\":\"https:\/\/schema.org\",\"@graph\":[{\"@type\":\"WebPage\",\"@id\":\"https:\/\/prim.cz\/en\/aktualita\/prim-and-the-olympic-run-2025-thank-you-for-letting-us-be-part-of-it\/\",\"url\":\"https:\/\/prim.cz\/en\/aktualita\/prim-and-the-olympic-run-2025-thank-you-for-letting-us-be-part-of-it\/\",\"name\":\"PRIM and the Olympic Run 2025: Thank You for Letting Us Be Part of It - PRIM.cz - origin\u00e1ln\u00ed \u010desk\u00e9 p\u00e1nsk\u00e9, d\u00e1msk\u00e9, d\u011btsk\u00e9 hodinky a hodiny\",\"isPartOf\":{\"@id\":\"https:\/\/prim.cz\/en\/#website\"},\"primaryImageOfPage\":{\"@id\":\"https:\/\/prim.cz\/en\/aktualita\/prim-and-the-olympic-run-2025-thank-you-for-letting-us-be-part-of-it\/#primaryimage\"},\"image\":{\"@id\":\"https:\/\/prim.cz\/en\/aktualita\/prim-and-the-olympic-run-2025-thank-you-for-letting-us-be-part-of-it\/#primaryimage\"},\"thumbnailUrl\":\"https:\/\/prim.cz\/wp-content\/uploads\/2025\/06\/COV_foto_id_QG721SmmTGQAAAAAAAAkHw_intern_highlogo-683x1024.jpg\",\"datePublished\":\"2025-06-26T06:40:03+00:00\",\"dateModified\":\"2026-03-16T10:52:35+00:00\",\"breadcrumb\":{\"@id\":\"https:\/\/prim.cz\/en\/aktualita\/prim-and-the-olympic-run-2025-thank-you-for-letting-us-be-part-of-it\/#breadcrumb\"},\"inLanguage\":\"en-US\",\"potentialAction\":[{\"@type\":\"ReadAction\",\"target\":[\"https:\/\/prim.cz\/en\/aktualita\/prim-and-the-olympic-run-2025-thank-you-for-letting-us-be-part-of-it\/\"]}]},{\"@type\":\"ImageObject\",\"inLanguage\":\"en-US\",\"@id\":\"https:\/\/prim.cz\/en\/aktualita\/prim-and-the-olympic-run-2025-thank-you-for-letting-us-be-part-of-it\/#primaryimage\",\"url\":\"https:\/\/prim.cz\/wp-content\/uploads\/2025\/06\/COV_foto_id_QG721SmmTGQAAAAAAAAkHw_intern_highlogo-683x1024.jpg\",\"contentUrl\":\"https:\/\/prim.cz\/wp-content\/uploads\/2025\/06\/COV_foto_id_QG721SmmTGQAAAAAAAAkHw_intern_highlogo-683x1024.jpg\"},{\"@type\":\"BreadcrumbList\",\"@id\":\"https:\/\/prim.cz\/en\/aktualita\/prim-and-the-olympic-run-2025-thank-you-for-letting-us-be-part-of-it\/#breadcrumb\",\"itemListElement\":[{\"@type\":\"ListItem\",\"position\":1,\"name\":\"Dom\u016f\",\"item\":\"https:\/\/prim.cz\/en\/\"},{\"@type\":\"ListItem\",\"position\":2,\"name\":\"PRIM and the Olympic Run 2025: Thank You for Letting Us Be Part of It\"}]},{\"@type\":\"WebSite\",\"@id\":\"https:\/\/prim.cz\/en\/#website\",\"url\":\"https:\/\/prim.cz\/en\/\",\"name\":\"PRIM - origin\u00e1ln\u00ed \u010desk\u00e9 p\u00e1nsk\u00e9, d\u00e1msk\u00e9, d\u011btsk\u00e9 hodinky a hodiny\",\"description\":\"Nakupujte p\u0159\u00edmo u v\u00fdrobce! Origin\u00e1ln\u00ed eshop s kompletn\u00edm sortimentem \u010desk\u00fdch hodinek PRIM.\",\"alternateName\":\"prim.cz\",\"potentialAction\":[{\"@type\":\"SearchAction\",\"target\":{\"@type\":\"EntryPoint\",\"urlTemplate\":\"https:\/\/prim.cz\/en\/?s={search_term_string}\"},\"query-input\":{\"@type\":\"PropertyValueSpecification\",\"valueRequired\":true,\"valueName\":\"search_term_string\"}}],\"inLanguage\":\"en-US\"}]}<\/script>\n<!-- \/ Yoast SEO plugin. -->","yoast_head_json":{"title":"PRIM and the Olympic Run 2025: Thank You for Letting Us Be Part of It - PRIM.cz - origin\u00e1ln\u00ed \u010desk\u00e9 p\u00e1nsk\u00e9, d\u00e1msk\u00e9, d\u011btsk\u00e9 hodinky a hodiny","robots":{"index":"index","follow":"follow","max-snippet":"max-snippet:-1","max-image-preview":"max-image-preview:large","max-video-preview":"max-video-preview:-1"},"canonical":"https:\/\/prim.cz\/en\/aktualita\/prim-and-the-olympic-run-2025-thank-you-for-letting-us-be-part-of-it\/","og_locale":"en_US","og_type":"article","og_title":"PRIM and the Olympic Run 2025: Thank You for Letting Us Be Part of It - PRIM.cz - origin\u00e1ln\u00ed \u010desk\u00e9 p\u00e1nsk\u00e9, d\u00e1msk\u00e9, d\u011btsk\u00e9 hodinky a hodiny","og_description":"On Wednesday, June 18, 2025, people ran all across the Czech Republic \u2014 from school playgrounds to city parks \u2014 in the spirit of fair play, movement, and Olympic values. We are proud that, as the Czech brand PRIM, we could be part of this year&#8217;s&nbsp;Olympic Run, which brought tens of thousands of runners of [&hellip;]","og_url":"https:\/\/prim.cz\/en\/aktualita\/prim-and-the-olympic-run-2025-thank-you-for-letting-us-be-part-of-it\/","og_site_name":"PRIM.cz - origin\u00e1ln\u00ed \u010desk\u00e9 p\u00e1nsk\u00e9, d\u00e1msk\u00e9, d\u011btsk\u00e9 hodinky a hodiny","article_modified_time":"2026-03-16T10:52:35+00:00","og_image":[{"width":1707,"height":2560,"url":"https:\/\/prim.cz\/wp-content\/uploads\/2025\/06\/COV_foto_id_QG721SmmTGQAAAAAAAAkHw_intern_highlogo-scaled.jpg","type":"image\/jpeg"}],"twitter_card":"summary_large_image","twitter_misc":{"Est. reading time":"1 minute"},"schema":{"@context":"https:\/\/schema.org","@graph":[{"@type":"WebPage","@id":"https:\/\/prim.cz\/en\/aktualita\/prim-and-the-olympic-run-2025-thank-you-for-letting-us-be-part-of-it\/","url":"https:\/\/prim.cz\/en\/aktualita\/prim-and-the-olympic-run-2025-thank-you-for-letting-us-be-part-of-it\/","name":"PRIM and the Olympic Run 2025: Thank You for Letting Us Be Part of It - PRIM.cz - origin\u00e1ln\u00ed \u010desk\u00e9 p\u00e1nsk\u00e9, d\u00e1msk\u00e9, d\u011btsk\u00e9 hodinky a hodiny","isPartOf":{"@id":"https:\/\/prim.cz\/en\/#website"},"primaryImageOfPage":{"@id":"https:\/\/prim.cz\/en\/aktualita\/prim-and-the-olympic-run-2025-thank-you-for-letting-us-be-part-of-it\/#primaryimage"},"image":{"@id":"https:\/\/prim.cz\/en\/aktualita\/prim-and-the-olympic-run-2025-thank-you-for-letting-us-be-part-of-it\/#primaryimage"},"thumbnailUrl":"https:\/\/prim.cz\/wp-content\/uploads\/2025\/06\/COV_foto_id_QG721SmmTGQAAAAAAAAkHw_intern_highlogo-683x1024.jpg","datePublished":"2025-06-26T06:40:03+00:00","dateModified":"2026-03-16T10:52:35+00:00","breadcrumb":{"@id":"https:\/\/prim.cz\/en\/aktualita\/prim-and-the-olympic-run-2025-thank-you-for-letting-us-be-part-of-it\/#breadcrumb"},"inLanguage":"en-US","potentialAction":[{"@type":"ReadAction","target":["https:\/\/prim.cz\/en\/aktualita\/prim-and-the-olympic-run-2025-thank-you-for-letting-us-be-part-of-it\/"]}]},{"@type":"ImageObject","inLanguage":"en-US","@id":"https:\/\/prim.cz\/en\/aktualita\/prim-and-the-olympic-run-2025-thank-you-for-letting-us-be-part-of-it\/#primaryimage","url":"https:\/\/prim.cz\/wp-content\/uploads\/2025\/06\/COV_foto_id_QG721SmmTGQAAAAAAAAkHw_intern_highlogo-683x1024.jpg","contentUrl":"https:\/\/prim.cz\/wp-content\/uploads\/2025\/06\/COV_foto_id_QG721SmmTGQAAAAAAAAkHw_intern_highlogo-683x1024.jpg"},{"@type":"BreadcrumbList","@id":"https:\/\/prim.cz\/en\/aktualita\/prim-and-the-olympic-run-2025-thank-you-for-letting-us-be-part-of-it\/#breadcrumb","itemListElement":[{"@type":"ListItem","position":1,"name":"Dom\u016f","item":"https:\/\/prim.cz\/en\/"},{"@type":"ListItem","position":2,"name":"PRIM and the Olympic Run 2025: Thank You for Letting Us Be Part of It"}]},{"@type":"WebSite","@id":"https:\/\/prim.cz\/en\/#website","url":"https:\/\/prim.cz\/en\/","name":"PRIM - origin\u00e1ln\u00ed \u010desk\u00e9 p\u00e1nsk\u00e9, d\u00e1msk\u00e9, d\u011btsk\u00e9 hodinky a hodiny","description":"Nakupujte p\u0159\u00edmo u v\u00fdrobce! Origin\u00e1ln\u00ed eshop s kompletn\u00edm sortimentem \u010desk\u00fdch hodinek PRIM.","alternateName":"prim.cz","potentialAction":[{"@type":"SearchAction","target":{"@type":"EntryPoint","urlTemplate":"https:\/\/prim.cz\/en\/?s={search_term_string}"},"query-input":{"@type":"PropertyValueSpecification","valueRequired":true,"valueName":"search_term_string"}}],"inLanguage":"en-US"}]}},"wpml_current_locale":"en_US","wpml_translations":{"cs_CZ":{"locale":"cs_CZ","id":33933,"slug":"prim-a-olympijsky-beh-2025-dekujeme-ze-jsme-mohli-byt-soucasti","post_title":"PRIM a Olympijsk\u00fd b\u011bh 2025: D\u011bkujeme, \u017ee jsme mohli b\u00fdt sou\u010d\u00e1st\u00ed","href":"https:\/\/prim.cz\/aktualita\/prim-a-olympijsky-beh-2025-dekujeme-ze-jsme-mohli-byt-soucasti\/"},"sk_SK":{"locale":"sk_SK","id":44076,"slug":"prim-a-olympijsky-beh-2025-dakujeme-ze-sme-mohli-byt-sucastou","post_title":"PRIM a Olympijsk\u00fd beh 2025: \u010eakujeme, \u017ee sme mohli by\u0165 s\u00fa\u010das\u0165ou","href":"https:\/\/prim.cz\/sk\/aktualita\/prim-a-olympijsky-beh-2025-dakujeme-ze-sme-mohli-byt-sucastou\/"},"pl_PL":{"locale":"pl_PL","id":44084,"slug":"prim-i-bieg-olimpijski-2025-dziekujemy-ze-moglismy-byc-czescia","post_title":"PRIM i Bieg Olimpijski 2025: Dzi\u0119kujemy, \u017ce mogli\u015bmy by\u0107 cz\u0119\u015bci\u0105","href":"https:\/\/prim.cz\/pl\/aktualita\/prim-i-bieg-olimpijski-2025-dziekujemy-ze-moglismy-byc-czescia\/"},"en_US":{"locale":"en_US","translation":"current"}},"_links":{"self":[{"href":"https:\/\/prim.cz\/en\/wp-json\/wp\/v2\/aktualita\/44065","targetHints":{"allow":["GET"]}}],"collection":[{"href":"https:\/\/prim.cz\/en\/wp-json\/wp\/v2\/aktualita"}],"about":[{"href":"https:\/\/prim.cz\/en\/wp-json\/wp\/v2\/types\/aktualita"}],"wp:attachment":[{"href":"https:\/\/prim.cz\/en\/wp-json\/wp\/v2\/media?parent=44065"}],"curies":[{"name":"wp","href":"https:\/\/api.w.org\/{rel}","templated":true}]}}