{"id":44062,"date":"2025-02-07T08:20:08","date_gmt":"2025-02-07T07:20:08","guid":{"rendered":"https:\/\/prim.cz\/aktualita\/childrens-and-youth-olympics-2025\/"},"modified":"2026-03-16T11:52:42","modified_gmt":"2026-03-16T10:52:42","slug":"childrens-and-youth-olympics-2025","status":"publish","type":"aktualita","link":"https:\/\/prim.cz\/en\/aktualita\/childrens-and-youth-olympics-2025\/","title":{"rendered":"Children&#8217;s and Youth Olympics 2025"},"content":{"rendered":"\n<p>This year&#8217;s Children&#8217;s and Youth Olympics is taking place in our hometown of Fr\u00fddek-M\u00edstek. This makes us all the more honoured by our long-standing collaboration with the Czech Olympic Committee, thanks to which we were able to support this Olympics with watches from our collection. We presented watches to gold Olympian Mach\u00e1\u010d, with our President Petr Pavel present at the ceremony, as well as to South Bohemian hockey player Hru\u0161ka for his fair-play gesture!<\/p>\n\n\n\n<p>More information: <a href=\"https:\/\/www.instagram.com\/p\/DFlJQvbNhal\/?img_index=1\" target=\"_blank\" rel=\"noreferrer noopener\">https:\/\/www.instagram.com\/p\/DFlJQvbNhal\/?img_index=1<\/a><\/p>\n\n\n\n<p>We are glad that we too can be there at the birth of young promising Czech Olympians!<\/p>\n\n\n\n<p><\/p>\n","protected":false},"featured_media":0,"template":"","meta":{"_acf_changed":false,"_link_to_original":""},"class_list":["post-44062","aktualita","type-aktualita","status-publish","hentry"],"acf":[],"yoast_head":"<!-- This site is optimized with the Yoast SEO plugin v26.9 - https:\/\/yoast.com\/product\/yoast-seo-wordpress\/ -->\n<title>Children&#039;s and Youth Olympics 2025 - PRIM.cz - origin\u00e1ln\u00ed \u010desk\u00e9 p\u00e1nsk\u00e9, d\u00e1msk\u00e9, d\u011btsk\u00e9 hodinky a hodiny<\/title>\n<meta name=\"robots\" content=\"index, follow, max-snippet:-1, max-image-preview:large, max-video-preview:-1\" \/>\n<link rel=\"canonical\" href=\"https:\/\/prim.cz\/en\/aktualita\/childrens-and-youth-olympics-2025\/\" \/>\n<meta property=\"og:locale\" content=\"en_US\" \/>\n<meta property=\"og:type\" content=\"article\" \/>\n<meta property=\"og:title\" content=\"Children&#039;s and Youth Olympics 2025 - PRIM.cz - origin\u00e1ln\u00ed \u010desk\u00e9 p\u00e1nsk\u00e9, d\u00e1msk\u00e9, d\u011btsk\u00e9 hodinky a hodiny\" \/>\n<meta property=\"og:description\" content=\"This year&#8217;s Children&#8217;s and Youth Olympics is taking place in our hometown of Fr\u00fddek-M\u00edstek. This makes us all the more honoured by our long-standing collaboration with the Czech Olympic Committee, thanks to which we were able to support this Olympics with watches from our collection. We presented watches to gold Olympian Mach\u00e1\u010d, with our President [&hellip;]\" \/>\n<meta property=\"og:url\" content=\"https:\/\/prim.cz\/en\/aktualita\/childrens-and-youth-olympics-2025\/\" \/>\n<meta property=\"og:site_name\" content=\"PRIM.cz - origin\u00e1ln\u00ed \u010desk\u00e9 p\u00e1nsk\u00e9, d\u00e1msk\u00e9, d\u011btsk\u00e9 hodinky a hodiny\" \/>\n<meta property=\"article:modified_time\" content=\"2026-03-16T10:52:42+00:00\" \/>\n<meta name=\"twitter:card\" content=\"summary_large_image\" \/>\n<meta name=\"twitter:label1\" content=\"Est. reading time\" \/>\n\t<meta name=\"twitter:data1\" content=\"1 minute\" \/>\n<script type=\"application\/ld+json\" class=\"yoast-schema-graph\">{\"@context\":\"https:\/\/schema.org\",\"@graph\":[{\"@type\":\"WebPage\",\"@id\":\"https:\/\/prim.cz\/en\/aktualita\/childrens-and-youth-olympics-2025\/\",\"url\":\"https:\/\/prim.cz\/en\/aktualita\/childrens-and-youth-olympics-2025\/\",\"name\":\"Children's and Youth Olympics 2025 - PRIM.cz - origin\u00e1ln\u00ed \u010desk\u00e9 p\u00e1nsk\u00e9, d\u00e1msk\u00e9, d\u011btsk\u00e9 hodinky a hodiny\",\"isPartOf\":{\"@id\":\"https:\/\/prim.cz\/en\/#website\"},\"datePublished\":\"2025-02-07T07:20:08+00:00\",\"dateModified\":\"2026-03-16T10:52:42+00:00\",\"breadcrumb\":{\"@id\":\"https:\/\/prim.cz\/en\/aktualita\/childrens-and-youth-olympics-2025\/#breadcrumb\"},\"inLanguage\":\"en-US\",\"potentialAction\":[{\"@type\":\"ReadAction\",\"target\":[\"https:\/\/prim.cz\/en\/aktualita\/childrens-and-youth-olympics-2025\/\"]}]},{\"@type\":\"BreadcrumbList\",\"@id\":\"https:\/\/prim.cz\/en\/aktualita\/childrens-and-youth-olympics-2025\/#breadcrumb\",\"itemListElement\":[{\"@type\":\"ListItem\",\"position\":1,\"name\":\"Dom\u016f\",\"item\":\"https:\/\/prim.cz\/en\/\"},{\"@type\":\"ListItem\",\"position\":2,\"name\":\"Children&#8217;s and Youth Olympics 2025\"}]},{\"@type\":\"WebSite\",\"@id\":\"https:\/\/prim.cz\/en\/#website\",\"url\":\"https:\/\/prim.cz\/en\/\",\"name\":\"PRIM - origin\u00e1ln\u00ed \u010desk\u00e9 p\u00e1nsk\u00e9, d\u00e1msk\u00e9, d\u011btsk\u00e9 hodinky a hodiny\",\"description\":\"Nakupujte p\u0159\u00edmo u v\u00fdrobce! Origin\u00e1ln\u00ed eshop s kompletn\u00edm sortimentem \u010desk\u00fdch hodinek PRIM.\",\"alternateName\":\"prim.cz\",\"potentialAction\":[{\"@type\":\"SearchAction\",\"target\":{\"@type\":\"EntryPoint\",\"urlTemplate\":\"https:\/\/prim.cz\/en\/?s={search_term_string}\"},\"query-input\":{\"@type\":\"PropertyValueSpecification\",\"valueRequired\":true,\"valueName\":\"search_term_string\"}}],\"inLanguage\":\"en-US\"}]}<\/script>\n<!-- \/ Yoast SEO plugin. -->","yoast_head_json":{"title":"Children's and Youth Olympics 2025 - PRIM.cz - origin\u00e1ln\u00ed \u010desk\u00e9 p\u00e1nsk\u00e9, d\u00e1msk\u00e9, d\u011btsk\u00e9 hodinky a hodiny","robots":{"index":"index","follow":"follow","max-snippet":"max-snippet:-1","max-image-preview":"max-image-preview:large","max-video-preview":"max-video-preview:-1"},"canonical":"https:\/\/prim.cz\/en\/aktualita\/childrens-and-youth-olympics-2025\/","og_locale":"en_US","og_type":"article","og_title":"Children's and Youth Olympics 2025 - PRIM.cz - origin\u00e1ln\u00ed \u010desk\u00e9 p\u00e1nsk\u00e9, d\u00e1msk\u00e9, d\u011btsk\u00e9 hodinky a hodiny","og_description":"This year&#8217;s Children&#8217;s and Youth Olympics is taking place in our hometown of Fr\u00fddek-M\u00edstek. This makes us all the more honoured by our long-standing collaboration with the Czech Olympic Committee, thanks to which we were able to support this Olympics with watches from our collection. We presented watches to gold Olympian Mach\u00e1\u010d, with our President [&hellip;]","og_url":"https:\/\/prim.cz\/en\/aktualita\/childrens-and-youth-olympics-2025\/","og_site_name":"PRIM.cz - origin\u00e1ln\u00ed \u010desk\u00e9 p\u00e1nsk\u00e9, d\u00e1msk\u00e9, d\u011btsk\u00e9 hodinky a hodiny","article_modified_time":"2026-03-16T10:52:42+00:00","twitter_card":"summary_large_image","twitter_misc":{"Est. reading time":"1 minute"},"schema":{"@context":"https:\/\/schema.org","@graph":[{"@type":"WebPage","@id":"https:\/\/prim.cz\/en\/aktualita\/childrens-and-youth-olympics-2025\/","url":"https:\/\/prim.cz\/en\/aktualita\/childrens-and-youth-olympics-2025\/","name":"Children's and Youth Olympics 2025 - PRIM.cz - origin\u00e1ln\u00ed \u010desk\u00e9 p\u00e1nsk\u00e9, d\u00e1msk\u00e9, d\u011btsk\u00e9 hodinky a hodiny","isPartOf":{"@id":"https:\/\/prim.cz\/en\/#website"},"datePublished":"2025-02-07T07:20:08+00:00","dateModified":"2026-03-16T10:52:42+00:00","breadcrumb":{"@id":"https:\/\/prim.cz\/en\/aktualita\/childrens-and-youth-olympics-2025\/#breadcrumb"},"inLanguage":"en-US","potentialAction":[{"@type":"ReadAction","target":["https:\/\/prim.cz\/en\/aktualita\/childrens-and-youth-olympics-2025\/"]}]},{"@type":"BreadcrumbList","@id":"https:\/\/prim.cz\/en\/aktualita\/childrens-and-youth-olympics-2025\/#breadcrumb","itemListElement":[{"@type":"ListItem","position":1,"name":"Dom\u016f","item":"https:\/\/prim.cz\/en\/"},{"@type":"ListItem","position":2,"name":"Children&#8217;s and Youth Olympics 2025"}]},{"@type":"WebSite","@id":"https:\/\/prim.cz\/en\/#website","url":"https:\/\/prim.cz\/en\/","name":"PRIM - origin\u00e1ln\u00ed \u010desk\u00e9 p\u00e1nsk\u00e9, d\u00e1msk\u00e9, d\u011btsk\u00e9 hodinky a hodiny","description":"Nakupujte p\u0159\u00edmo u v\u00fdrobce! Origin\u00e1ln\u00ed eshop s kompletn\u00edm sortimentem \u010desk\u00fdch hodinek PRIM.","alternateName":"prim.cz","potentialAction":[{"@type":"SearchAction","target":{"@type":"EntryPoint","urlTemplate":"https:\/\/prim.cz\/en\/?s={search_term_string}"},"query-input":{"@type":"PropertyValueSpecification","valueRequired":true,"valueName":"search_term_string"}}],"inLanguage":"en-US"}]}},"wpml_current_locale":"en_US","wpml_translations":{"cs_CZ":{"locale":"cs_CZ","id":26986,"slug":"trener-roku-2024","post_title":"Olympi\u00e1da d\u011bt\u00ed a ml\u00e1de\u017ee 2025","href":"https:\/\/prim.cz\/aktualita\/trener-roku-2024\/"},"sk_SK":{"locale":"sk_SK","id":44066,"slug":"olympiada-deti-a-mladeze-2025-sk","post_title":"Olympi\u00e1da det\u00ed a ml\u00e1de\u017ee 2025","href":"https:\/\/prim.cz\/sk\/aktualita\/olympiada-deti-a-mladeze-2025-sk\/"},"pl_PL":{"locale":"pl_PL","id":44070,"slug":"olimpiada-dzieci-i-mlodziezy-2025","post_title":"Olimpiada Dzieci i M\u0142odzie\u017cy 2025","href":"https:\/\/prim.cz\/pl\/aktualita\/olimpiada-dzieci-i-mlodziezy-2025\/"},"en_US":{"locale":"en_US","translation":"current"}},"_links":{"self":[{"href":"https:\/\/prim.cz\/en\/wp-json\/wp\/v2\/aktualita\/44062","targetHints":{"allow":["GET"]}}],"collection":[{"href":"https:\/\/prim.cz\/en\/wp-json\/wp\/v2\/aktualita"}],"about":[{"href":"https:\/\/prim.cz\/en\/wp-json\/wp\/v2\/types\/aktualita"}],"wp:attachment":[{"href":"https:\/\/prim.cz\/en\/wp-json\/wp\/v2\/media?parent=44062"}],"curies":[{"name":"wp","href":"https:\/\/api.w.org\/{rel}","templated":true}]}}